{"id":2541,"date":"2017-09-19T08:38:20","date_gmt":"2017-09-19T06:38:20","guid":{"rendered":"https:\/\/pre.lavillarroel.cat\/ex\/\/germanes\/"},"modified":"2017-09-19T08:38:20","modified_gmt":"2017-09-19T06:38:20","slug":"germanes","status":"publish","type":"ex","link":"https:\/\/www.lavillarroel.cat\/ca\/ex\/germanes\/","title":{"rendered":"Germanes"},"content":{"rendered":"","protected":false},"excerpt":{"rendered":"","protected":false},"author":2,"featured_media":0,"comment_status":"closed","ping_status":"open","template":"","class_list":["post-2541","ex","type-ex","status-publish","hentry","season-2007-08"],"acf":{"txt_synopsis":"<p align=\"justify\">'Germanes, avui fa un any que el pare va morir'. <\/p>\n<p align=\"justify\">Aquest \u00e9s l'inici de <em>Les tres germanes<\/em> de Tx\u00e9khov.<br \/>Les meves germanes neixen el dia que enterren el pare. I tota la fam\u00edlia es reuneix a la casa que tenen al camp. Tres germanes que malgrat no somiar en Moscou&nbsp; tenen \u00e0nima russa, sempre a la recerca d'alguna cosa millor. Una mare molt mediterr\u00e0nia, un fill adolescent, un marit que \u00e9s exmarit i un aut\u00e8ntic pr\u00edncep blau. Una fam\u00edlia que s'amaga sota l'aparen\u00e7a d'una certa normalitat, per\u00f2 on tots els seus membres oculten els seus secrets i, fins i tot, alguna perversitat.<br \/><\/p>","main_buy_link":"#","main_buy_links":"","group_buy_link":"","show_language":"","show_duration":"","show_start_date":"20080307000000","show_end_date":"20080622000000","show_sort_date":"20080307000000","txt_custom_show_dates":"del 7 de mar\u00e7 al 22 de juny de 2008","show_disciplines":"","show_ultimes_funcions":false,"hide_tarifes_especials":false,"show_properament":false,"txt_additional_info":"","txt_present":"","show_season":[54],"txt_season":"[\"2007\/08\"]","txt_cycle":"","txt_claim":"","txt_cast_excerpt":"","txt_cast":"","txt_reviews":"<p>\u201cCarol L\u00f3pez sabe lo que se hace. P\u00f3nganse en sus manos y vean Germanes; me lo agradecer\u00e1n\u201d <strong>M. Ord\u00f3\u00f1ez, El Pa\u00eds<\/strong> <\/p>\n<p>\u201cAplaudiments enmig de la funci\u00f3\u201d <strong>T. Ferr\u00e9, El Punt<\/strong><\/p>\n<p>\u201c No hay resquicio al aburrimiento\u201d <strong>J.A. Benach, La Vanguardia<\/strong><\/p>\n<p>\u201c Personajes emblem\u00e1ticos\u201d <strong>M. J. Ragu\u00e9, El Mundo<\/strong><\/p>\n<p>\u201cComedia capaz de seducir al espectador\u201d <strong>S. Doria, ABC<\/strong><\/p>\n<p>\u201c C\u00f2ctel d\u2019emocions i sentiments que explica la manera d\u2019encarar la vida de molta gent\u201d <strong>G. P\u00e9rez de Olaguer, El Peri\u00f3dico<\/strong><\/p>\n<p>\u201c Carol L\u00f3pez ha tornat a fer diana\u201d <strong>F. Massip, Avui<\/strong><\/p>\n<p>\u201cGermanes habla de la vida, pero tambi\u00e9n de la muerte, de c\u00f3mo afrontarla con dignidad. Incluso con humor\u201d <strong>B. Barrena, El Pa\u00eds<\/strong><br \/><\/p>","hashtag":"","have_promo":"","slogan":"","id_exhibicio":560,"id_versio":375,"id_local":4,"txt_seo_desc":"","data_images":"[{\"localizer\":\"VERS_PDF_GIRES\",\"url\":\"media\/pressdoc\/3106B\/01_021_00003633\/Germanes_Fitxa_tecnica.pdf\",\"thumb_url\":\"\",\"title\":\"Germanes \/ Hermanas.\",\"description\":\"Fitxa t\u00e8cnica\",\"copyright\":\"\",\"order\":1},{\"localizer\":\"VERS_PDF_GIRES\",\"url\":\"media\/pressdoc\/3106A\/01_021_00002957\/Ficha_tecnica_Hermanas.pdf\",\"thumb_url\":\"\",\"title\":\"Germanes\/ Hermanas.\",\"description\":\"Ficha t\u00e9cnica\",\"copyright\":\"\",\"order\":2},{\"localizer\":\"VERS_PDF_GIRES\",\"url\":\"media\/pressdoc\/310C5\/01_021_00003988\/Dossier_de_premsa_Germanes.pdf\",\"thumb_url\":\"\",\"title\":\"Germanes\/ Hermanas.\",\"description\":\"Dossier de premsa\",\"copyright\":\"\",\"order\":3},{\"localizer\":\"VERS_PDF_GIRES\",\"url\":\"media\/pressdoc\/310C5\/01_021_00003989\/Dosier_de_prensa_Germanes.pdf\",\"thumb_url\":\"\",\"title\":\"Germanes\/ Hermanas.\",\"description\":\"Dosier de prensa\",\"copyright\":\"\",\"order\":4},{\"localizer\":\"V2SLIDE\",\"url\":\"media\/ftgalslide\/312BA\/01_076_00028247\/germ00.jpg\",\"thumb_url\":\"media\/ftgalslide\/312BA\/01_076_00028247\/germ00_thumb.jpg\",\"title\":\"Germanes\",\"description\":\" \",\"copyright\":\"\",\"order\":5},{\"localizer\":\"V2SLIDE\",\"url\":\"media\/ftgalslide\/312BA\/01_076_00028248\/germ01.jpg\",\"thumb_url\":\"media\/ftgalslide\/312BA\/01_076_00028248\/germ01_thumb.jpg\",\"title\":\"Germanes\",\"description\":\" \",\"copyright\":\"\",\"order\":6},{\"localizer\":\"V2SLIDE\",\"url\":\"media\/ftgalslide\/312BA\/01_076_00028249\/germ02.jpg\",\"thumb_url\":\"media\/ftgalslide\/312BA\/01_076_00028249\/germ02_thumb.jpg\",\"title\":\"Germanes\",\"description\":\" \",\"copyright\":\"\",\"order\":7},{\"localizer\":\"V2SLIDE\",\"url\":\"media\/ftgalslide\/312BA\/01_076_00028250\/germ03.jpg\",\"thumb_url\":\"media\/ftgalslide\/312BA\/01_076_00028250\/germ03_thumb.jpg\",\"title\":\"Germanes\",\"description\":\" \",\"copyright\":\"\",\"order\":8},{\"localizer\":\"V2SLIDE\",\"url\":\"media\/ftgalslide\/312BA\/01_076_00028251\/germ04.jpg\",\"thumb_url\":\"media\/ftgalslide\/312BA\/01_076_00028251\/germ04_thumb.jpg\",\"title\":\"Germanes\",\"description\":\" \",\"copyright\":\"\",\"order\":9},{\"localizer\":\"V2SLIDE\",\"url\":\"media\/ftgalslide\/312BA\/01_076_00028252\/germ06.jpg\",\"thumb_url\":\"media\/ftgalslide\/312BA\/01_076_00028252\/germ06_thumb.jpg\",\"title\":\"Germanes\",\"description\":\" \",\"copyright\":\"\",\"order\":10},{\"localizer\":\"V2SLIDE\",\"url\":\"media\/ftgalslide\/312BA\/01_076_00028253\/germ07.jpg\",\"thumb_url\":\"media\/ftgalslide\/312BA\/01_076_00028253\/germ07_thumb.jpg\",\"title\":\"Germanes\",\"description\":\" \",\"copyright\":\"\",\"order\":11},{\"localizer\":\"V2SLIDE\",\"url\":\"media\/ftgalslide\/312BA\/01_076_00028254\/germ05.jpg\",\"thumb_url\":\"media\/ftgalslide\/312BA\/01_076_00028254\/germ05_thumb.jpg\",\"title\":\"Germanes\",\"description\":\"  \",\"copyright\":\"\",\"order\":12},{\"localizer\":\"VERS_IMATGE_ESPECTACLE\",\"url\":\"media\/ftespect\/3106A\/01_020_00002938\/germanes_gal03.jpg\",\"thumb_url\":\"media\/ftespect\/3106A\/01_020_00002938\/germanes_gal03_thumb.jpg\",\"title\":\"Germanes\",\"description\":\"Germanes\",\"copyright\":\"Teresa Mir\u00f3\",\"order\":-1},{\"localizer\":\"VERS_PORTADA_ESPECTACLE\",\"url\":\"media\/obraport\/310CA\/01_014_00005607\/germanes_list.jpg\",\"thumb_url\":\"\",\"title\":\"Germanes\",\"description\":\"Germanes\",\"copyright\":\"\",\"order\":-1},{\"localizer\":\"VERS_IMATGE_ESPECTACLE\",\"url\":\"media\/ftespect\/3106A\/01_020_00002940\/germanes_gal05.jpg\",\"thumb_url\":\"media\/ftespect\/3106A\/01_020_00002940\/germanes_gal05_thumb.jpg\",\"title\":\"Germanes\",\"description\":\"Germanes\",\"copyright\":\"Teresa Mir\u00f3\",\"order\":-1},{\"localizer\":\"VERS_IMATGE_ESPECTACLE\",\"url\":\"media\/ftespect\/3106A\/01_020_00002941\/germanes_gal06.jpg\",\"thumb_url\":\"media\/ftespect\/3106A\/01_020_00002941\/germanes_gal06_thumb.jpg\",\"title\":\"Germanes\",\"description\":\"Germanes\",\"copyright\":\"Teresa Mir\u00f3\",\"order\":-1},{\"localizer\":\"VERS_IMATGE_ESPECTACLE\",\"url\":\"media\/ftespect\/3106A\/01_020_00002942\/germanes_gal07.jpg\",\"thumb_url\":\"media\/ftespect\/3106A\/01_020_00002942\/germanes_gal07_thumb.jpg\",\"title\":\"Germanes\",\"description\":\"Germanes\",\"copyright\":\"Teresa Mir\u00f3\",\"order\":-1},{\"localizer\":\"VERS_IMATGE_ESPECTACLE\",\"url\":\"media\/ftespect\/3106A\/01_020_00002937\/germanes_gal02.jpg\",\"thumb_url\":\"media\/ftespect\/3106A\/01_020_00002937\/germanes_gal02_thumb.jpg\",\"title\":\"Germanes\",\"description\":\"Germanes\",\"copyright\":\"Teresa Mir\u00f3\",\"order\":-1},{\"localizer\":\"VERS_IMATGE_ESPECTACLE\",\"url\":\"media\/ftespect\/3106A\/01_020_00002936\/germanes_gal01.jpg\",\"thumb_url\":\"media\/ftespect\/3106A\/01_020_00002936\/germanes_gal01_thumb.jpg\",\"title\":\"Germanes\",\"description\":\"Germanes\",\"copyright\":\"Teresa Mir\u00f3\",\"order\":-1},{\"localizer\":\"VERS_IMATGE_ESPECTACLE\",\"url\":\"media\/ftespect\/3106A\/01_020_00002939\/germanes_gal04.jpg\",\"thumb_url\":\"media\/ftespect\/3106A\/01_020_00002939\/germanes_gal04_thumb.jpg\",\"title\":\"Germanes\",\"description\":\"Germanes\",\"copyright\":\"Teresa Mir\u00f3\",\"order\":-1}]","material__texto_intro":"","data_material":null,"data_gallery":"","data_discounts":"[]","contract_is_open":false,"in_tour":false},"yoast_head":"<!-- This site is optimized with the Yoast SEO plugin v27.5 - https:\/\/yoast.com\/product\/yoast-seo-wordpress\/ -->\n<title>Germanes - La Villarroel<\/title>\n<meta name=\"robots\" content=\"index, follow, max-snippet:-1, max-image-preview:large, max-video-preview:-1\" \/>\n<link rel=\"canonical\" href=\"https:\/\/www.lavillarroel.cat\/ca\/ex\/germanes\/\" \/>\n<script type=\"application\/ld+json\" class=\"yoast-schema-graph\">{\"@context\":\"https:\\\/\\\/schema.org\",\"@graph\":[{\"@type\":\"WebPage\",\"@id\":\"https:\\\/\\\/www.lavillarroel.cat\\\/ca\\\/ex\\\/germanes\\\/\",\"url\":\"https:\\\/\\\/www.lavillarroel.cat\\\/ca\\\/ex\\\/germanes\\\/\",\"name\":\"Germanes - La Villarroel\",\"isPartOf\":{\"@id\":\"https:\\\/\\\/www.lavillarroel.cat\\\/ca\\\/#website\"},\"datePublished\":\"2017-09-19T06:38:20+00:00\",\"breadcrumb\":{\"@id\":\"https:\\\/\\\/www.lavillarroel.cat\\\/ca\\\/ex\\\/germanes\\\/#breadcrumb\"},\"inLanguage\":\"ca\",\"potentialAction\":[{\"@type\":\"ReadAction\",\"target\":[\"https:\\\/\\\/www.lavillarroel.cat\\\/ca\\\/ex\\\/germanes\\\/\"]}]},{\"@type\":\"BreadcrumbList\",\"@id\":\"https:\\\/\\\/www.lavillarroel.cat\\\/ca\\\/ex\\\/germanes\\\/#breadcrumb\",\"itemListElement\":[{\"@type\":\"ListItem\",\"position\":1,\"name\":\"Inici\",\"item\":\"https:\\\/\\\/www.lavillarroel.cat\\\/ca\\\/\"},{\"@type\":\"ListItem\",\"position\":2,\"name\":\"Espectacles\",\"item\":\"https:\\\/\\\/www.lavillarroel.cat\\\/ca\\\/ex\\\/\"},{\"@type\":\"ListItem\",\"position\":3,\"name\":\"Germanes\"}]},{\"@type\":\"WebSite\",\"@id\":\"https:\\\/\\\/www.lavillarroel.cat\\\/ca\\\/#website\",\"url\":\"https:\\\/\\\/www.lavillarroel.cat\\\/ca\\\/\",\"name\":\"La Villarroel\",\"description\":\"\",\"publisher\":{\"@id\":\"https:\\\/\\\/www.lavillarroel.cat\\\/ca\\\/#organization\"},\"potentialAction\":[{\"@type\":\"SearchAction\",\"target\":{\"@type\":\"EntryPoint\",\"urlTemplate\":\"https:\\\/\\\/www.lavillarroel.cat\\\/ca\\\/?s={search_term_string}\"},\"query-input\":{\"@type\":\"PropertyValueSpecification\",\"valueRequired\":true,\"valueName\":\"search_term_string\"}}],\"inLanguage\":\"ca\"},{\"@type\":\"Organization\",\"@id\":\"https:\\\/\\\/www.lavillarroel.cat\\\/ca\\\/#organization\",\"name\":\"La Villarroel\",\"url\":\"https:\\\/\\\/www.lavillarroel.cat\\\/ca\\\/\",\"logo\":{\"@type\":\"ImageObject\",\"inLanguage\":\"ca\",\"@id\":\"https:\\\/\\\/www.lavillarroel.cat\\\/ca\\\/#\\\/schema\\\/logo\\\/image\\\/\",\"url\":\"https:\\\/\\\/www.lavillarroel.cat\\\/wp-content\\\/uploads\\\/sites\\\/5\\\/2017\\\/09\\\/teatre-villaroel-logo.svg\",\"contentUrl\":\"https:\\\/\\\/www.lavillarroel.cat\\\/wp-content\\\/uploads\\\/sites\\\/5\\\/2017\\\/09\\\/teatre-villaroel-logo.svg\",\"width\":1,\"height\":1,\"caption\":\"La Villarroel\"},\"image\":{\"@id\":\"https:\\\/\\\/www.lavillarroel.cat\\\/ca\\\/#\\\/schema\\\/logo\\\/image\\\/\"},\"sameAs\":[\"http:\\\/\\\/www.facebook.com\\\/TeatreVillarroel\",\"https:\\\/\\\/x.com\\\/la_villarroel\",\"http:\\\/\\\/instagram.com\\\/la_villarroel\",\"http:\\\/\\\/www.youtube.com\\\/user\\\/LaVillarroel#p\\\/u\"]}]}<\/script>\n<!-- \/ Yoast SEO plugin. -->","yoast_head_json":{"title":"Germanes - La Villarroel","robots":{"index":"index","follow":"follow","max-snippet":"max-snippet:-1","max-image-preview":"max-image-preview:large","max-video-preview":"max-video-preview:-1"},"canonical":"https:\/\/www.lavillarroel.cat\/ca\/ex\/germanes\/","schema":{"@context":"https:\/\/schema.org","@graph":[{"@type":"WebPage","@id":"https:\/\/www.lavillarroel.cat\/ca\/ex\/germanes\/","url":"https:\/\/www.lavillarroel.cat\/ca\/ex\/germanes\/","name":"Germanes - La Villarroel","isPartOf":{"@id":"https:\/\/www.lavillarroel.cat\/ca\/#website"},"datePublished":"2017-09-19T06:38:20+00:00","breadcrumb":{"@id":"https:\/\/www.lavillarroel.cat\/ca\/ex\/germanes\/#breadcrumb"},"inLanguage":"ca","potentialAction":[{"@type":"ReadAction","target":["https:\/\/www.lavillarroel.cat\/ca\/ex\/germanes\/"]}]},{"@type":"BreadcrumbList","@id":"https:\/\/www.lavillarroel.cat\/ca\/ex\/germanes\/#breadcrumb","itemListElement":[{"@type":"ListItem","position":1,"name":"Inici","item":"https:\/\/www.lavillarroel.cat\/ca\/"},{"@type":"ListItem","position":2,"name":"Espectacles","item":"https:\/\/www.lavillarroel.cat\/ca\/ex\/"},{"@type":"ListItem","position":3,"name":"Germanes"}]},{"@type":"WebSite","@id":"https:\/\/www.lavillarroel.cat\/ca\/#website","url":"https:\/\/www.lavillarroel.cat\/ca\/","name":"La Villarroel","description":"","publisher":{"@id":"https:\/\/www.lavillarroel.cat\/ca\/#organization"},"potentialAction":[{"@type":"SearchAction","target":{"@type":"EntryPoint","urlTemplate":"https:\/\/www.lavillarroel.cat\/ca\/?s={search_term_string}"},"query-input":{"@type":"PropertyValueSpecification","valueRequired":true,"valueName":"search_term_string"}}],"inLanguage":"ca"},{"@type":"Organization","@id":"https:\/\/www.lavillarroel.cat\/ca\/#organization","name":"La Villarroel","url":"https:\/\/www.lavillarroel.cat\/ca\/","logo":{"@type":"ImageObject","inLanguage":"ca","@id":"https:\/\/www.lavillarroel.cat\/ca\/#\/schema\/logo\/image\/","url":"https:\/\/www.lavillarroel.cat\/wp-content\/uploads\/sites\/5\/2017\/09\/teatre-villaroel-logo.svg","contentUrl":"https:\/\/www.lavillarroel.cat\/wp-content\/uploads\/sites\/5\/2017\/09\/teatre-villaroel-logo.svg","width":1,"height":1,"caption":"La Villarroel"},"image":{"@id":"https:\/\/www.lavillarroel.cat\/ca\/#\/schema\/logo\/image\/"},"sameAs":["http:\/\/www.facebook.com\/TeatreVillarroel","https:\/\/x.com\/la_villarroel","http:\/\/instagram.com\/la_villarroel","http:\/\/www.youtube.com\/user\/LaVillarroel#p\/u"]}]}},"translations":[{"id":2541,"locale":"ca"},{"id":2746,"locale":"es"}],"_links":{"self":[{"href":"https:\/\/www.lavillarroel.cat\/ca\/wp-json\/wp\/v2\/ex\/2541","targetHints":{"allow":["GET"]}}],"collection":[{"href":"https:\/\/www.lavillarroel.cat\/ca\/wp-json\/wp\/v2\/ex"}],"about":[{"href":"https:\/\/www.lavillarroel.cat\/ca\/wp-json\/wp\/v2\/types\/ex"}],"author":[{"embeddable":true,"href":"https:\/\/www.lavillarroel.cat\/ca\/wp-json\/wp\/v2\/users\/2"}],"replies":[{"embeddable":true,"href":"https:\/\/www.lavillarroel.cat\/ca\/wp-json\/wp\/v2\/comments?post=2541"}],"acf:term":[{"embeddable":true,"taxonomy":"season","href":"https:\/\/www.lavillarroel.cat\/ca\/wp-json\/wp\/v2\/season\/54"}],"wp:attachment":[{"href":"https:\/\/www.lavillarroel.cat\/ca\/wp-json\/wp\/v2\/media?parent=2541"}],"curies":[{"name":"wp","href":"https:\/\/api.w.org\/{rel}","templated":true}]}}