{"id":2551,"date":"2017-09-19T08:38:28","date_gmt":"2017-09-19T06:38:28","guid":{"rendered":"https:\/\/pre.lavillarroel.cat\/ex\/\/el-messies\/"},"modified":"2017-09-19T08:38:28","modified_gmt":"2017-09-19T06:38:28","slug":"el-messies","status":"publish","type":"ex","link":"https:\/\/www.lavillarroel.cat\/ca\/ex\/el-messies\/","title":{"rendered":"El Messies"},"content":{"rendered":"","protected":false},"excerpt":{"rendered":"","protected":false},"author":2,"featured_media":0,"comment_status":"closed","ping_status":"open","template":"","class_list":["post-2551","ex","type-ex","status-publish","hentry","season-2009-10"],"acf":{"txt_synopsis":"<p align=\"justify\">Els components del Teatre Nacional de Reus, \u00e9s a dir... la companyia en ple d\u2019aquesta formidable instituci\u00f3, ens presenten una dissertaci\u00f3 en profunditat sobre la figura del Messies, fent servir les m\u00e9s imaginatives f\u00f3rmules teatrals i fent el p\u00fablic part\u00edcip d\u2019una experi\u00e8ncia m\u00edstica amb un \u00fanic objectiu: <em>partir-se la caixa de riure<\/em>. <br \/><br \/>O, dit d\u2019una altra manera, una poca-soltada teatral que porta als nostres escenaris la hilarant dramat\u00fargia de Patrick Barlow i l\u2019autodenominat <em>National Theater of Brent<\/em>, una formaci\u00f3 de teatre de l\u2019absurd angl\u00e8s, que des de fa quinze anys diverteix el p\u00fablic brit\u00e0nic en escenaris tan diversos com el <em>Fringe Festival<\/em> o el <em>National Theater<\/em>. <br \/><br \/>I, per traslladar-ho a casa nostra... qui millor que dos experimentats actors-clowns com Ferm\u00ed Fernandes i Toni Alb\u00e0. Juntament amb una cantant d\u2019\u00f2pera \u2013que donar\u00e0 el contrapunt l\u00edric\u2013, estaran dirigits per Roger Pe\u00f1a, que ja ha treballat diverses vegades la com\u00e8dia anglesa m\u00e9s actual. <br \/><br \/>Per l\u2019escenari \u2013tant efectiu com sorprenent\u2013 i gr\u00e0cies a un trepidant fregolisme, veureu desfilar la Verge Maria i Sant Josep, l\u2019arc\u00e0ngel Sant Gabriel, mercaders, pastors, centurions romans, Herodes, els Reis Mags, la mula i el bou, ases i camells i \u2013en general\u2013 tot D\u00e9u, incloent-hi D\u00e9u, \u00e9s clar. <br \/><br \/>Nom\u00e9s prometem una cosa: la hist\u00f2ria del Messies no canviar\u00e0 gaire, per\u00f2 us l\u2019explicarem com mai no haur\u00edeu pogut imaginar. <br \/><\/p>","main_buy_link":"#","main_buy_links":"","group_buy_link":"","show_language":"","show_duration":"","show_start_date":"20091008000000","show_end_date":"20091030000000","show_sort_date":"20091008000000","txt_custom_show_dates":"del 8 al 30 d'octubre de 2009","show_disciplines":"","show_ultimes_funcions":false,"hide_tarifes_especials":false,"show_properament":false,"txt_additional_info":"","txt_present":"","show_season":[56],"txt_season":"[\"2009\/10\"]","txt_cycle":"","txt_claim":"","txt_cast_excerpt":"","txt_cast":"","txt_reviews":"<p>\u201cAltament recomanada per a qualsevol que vulgui conjugar el verb riure en totes les seves variants\u201d. Mar Santacana. <strong>El Dem\u00e0<\/strong><\/p>\n<p>\u201cUna oportunidad para disfrutar de una sesi\u00f3n de humor e ingenio por dos grandes del humor catal\u00e1n que no se puede dejar pasar\u201d. Jorge Pisa. <strong>Indienauta<br \/><br \/><\/strong>\u201cL\u2019\u00e8xit de la f\u00f3rmula que \u201cEl Messies\u201d adopta en aquesta versi\u00f3 catalana rau en els seus int\u00e8rprets, en el paper de parella de clowns que fan, sense nas vermell esclar, per\u00f2 amb els mateixos c\u00e0nons que el rigor del pallasso exigeix\u201d. Andreu Sotorra. <strong>Clip de Teatre<\/strong><\/p>","hashtag":"","have_promo":"","slogan":"","id_exhibicio":582,"id_versio":461,"id_local":4,"txt_seo_desc":"","data_images":"[{\"localizer\":\"VERS_IMATGE_ESPECTACLE\",\"url\":\"media\/ftespect\/310CD\/01_020_00006992\/messies_gal01.jpg\",\"thumb_url\":\"media\/ftespect\/310CD\/01_020_00006992\/messies_gal01_thumb.jpg\",\"title\":\"El Messies\",\"description\":\"El Messies\",\"copyright\":\"Copyright Carles Fargas\",\"order\":1},{\"localizer\":\"VERS_IMATGE_ESPECTACLE\",\"url\":\"media\/ftespect\/310CD\/01_020_00006993\/messies_gal02.jpg\",\"thumb_url\":\"media\/ftespect\/310CD\/01_020_00006993\/messies_gal02_thumb.jpg\",\"title\":\"El Messies\",\"description\":\"El Messies\",\"copyright\":\"Copyright Carles Fargas\",\"order\":2},{\"localizer\":\"VERS_IMATGE_ESPECTACLE\",\"url\":\"media\/ftespect\/310CD\/01_020_00006994\/messies_gal03.jpg\",\"thumb_url\":\"media\/ftespect\/310CD\/01_020_00006994\/messies_gal03_thumb.jpg\",\"title\":\"El Messies\",\"description\":\"El Messies\",\"copyright\":\"Copyright Carles Fargas\",\"order\":3},{\"localizer\":\"VERS_IMATGE_ESPECTACLE\",\"url\":\"media\/ftespect\/310CD\/01_020_00007010\/messies_gal04.jpg\",\"thumb_url\":\"media\/ftespect\/310CD\/01_020_00007010\/messies_gal04_thumb.jpg\",\"title\":\"El Messies\",\"description\":\"El Messies\",\"copyright\":\"Carles Fargas\",\"order\":-1},{\"localizer\":\"VERS_PORTADA_TEATRE\",\"url\":\"media\/obraporttea\/310CD\/01_017_00007044\/portada_messies.jpg\",\"thumb_url\":\"\",\"title\":\"El Messies\",\"description\":\"El Messies\",\"copyright\":\"\",\"order\":-1},{\"localizer\":\"VERS_PORTADA_ESPECTACLE\",\"url\":\"media\/obraport\/310CD\/01_014_00007001\/elmessies_list.jpg\",\"thumb_url\":\"\",\"title\":\"El Messies\",\"description\":\"El Messies\",\"copyright\":\"\",\"order\":-1},{\"localizer\":\"VERS_IMATGE_ESPECTACLE\",\"url\":\"media\/ftespect\/310CD\/01_020_00007011\/messies_gal05.jpg\",\"thumb_url\":\"media\/ftespect\/310CD\/01_020_00007011\/messies_gal05_thumb.jpg\",\"title\":\"El Messies\",\"description\":\"El Messies\",\"copyright\":\"Carles Fargas\",\"order\":-1},{\"localizer\":\"VERS_IMATGE_ESPECTACLE\",\"url\":\"media\/ftespect\/310CD\/01_020_00007013\/messies_gal07.jpg\",\"thumb_url\":\"media\/ftespect\/310CD\/01_020_00007013\/messies_gal07_thumb.jpg\",\"title\":\"El Messies\",\"description\":\"El Messies\",\"copyright\":\"Carles Fargas\",\"order\":-1},{\"localizer\":\"VERS_IMATGE_ESPECTACLE\",\"url\":\"media\/ftespect\/310CD\/01_020_00007014\/messies_gal08.jpg\",\"thumb_url\":\"media\/ftespect\/310CD\/01_020_00007014\/messies_gal08_thumb.jpg\",\"title\":\"El Messies\",\"description\":\"El Messies\",\"copyright\":\"Carles Fargas\",\"order\":-1},{\"localizer\":\"VERS_IMATGE_ESPECTACLE\",\"url\":\"media\/ftespect\/310CD\/01_020_00007012\/messies_gal06.jpg\",\"thumb_url\":\"media\/ftespect\/310CD\/01_020_00007012\/messies_gal06_thumb.jpg\",\"title\":\"El Messies\",\"description\":\"El Messies\",\"copyright\":\"Carles Fargas\",\"order\":-1}]","material__texto_intro":"","data_material":null,"data_gallery":"","data_discounts":"[{\"InfoAddicional\":\"<p><strong>Tarifa especial:<\/strong> Majors de 65 anys, menors de 14 anys, Club Tr3sC i Carnet Jove.<\/p><p><strong>Descomptes per a grups i escoles<br \/><\/strong>Tel. 93 309 70 04<br \/><\/p>\",\"Url\":\"http:\/\/www.promentrada.com\",\"Codi\":\"0\",\"LogoUrl\":\"\"}]","contract_is_open":false,"in_tour":false},"yoast_head":"<!-- This site is optimized with the Yoast SEO plugin v27.4 - https:\/\/yoast.com\/product\/yoast-seo-wordpress\/ -->\n<title>El Messies - La Villarroel<\/title>\n<meta name=\"robots\" content=\"index, follow, max-snippet:-1, max-image-preview:large, max-video-preview:-1\" \/>\n<link rel=\"canonical\" href=\"https:\/\/www.lavillarroel.cat\/ca\/ex\/el-messies\/\" \/>\n<script type=\"application\/ld+json\" class=\"yoast-schema-graph\">{\"@context\":\"https:\\\/\\\/schema.org\",\"@graph\":[{\"@type\":\"WebPage\",\"@id\":\"https:\\\/\\\/www.lavillarroel.cat\\\/ca\\\/ex\\\/el-messies\\\/\",\"url\":\"https:\\\/\\\/www.lavillarroel.cat\\\/ca\\\/ex\\\/el-messies\\\/\",\"name\":\"El Messies - La Villarroel\",\"isPartOf\":{\"@id\":\"https:\\\/\\\/www.lavillarroel.cat\\\/ca\\\/#website\"},\"datePublished\":\"2017-09-19T06:38:28+00:00\",\"breadcrumb\":{\"@id\":\"https:\\\/\\\/www.lavillarroel.cat\\\/ca\\\/ex\\\/el-messies\\\/#breadcrumb\"},\"inLanguage\":\"ca\",\"potentialAction\":[{\"@type\":\"ReadAction\",\"target\":[\"https:\\\/\\\/www.lavillarroel.cat\\\/ca\\\/ex\\\/el-messies\\\/\"]}]},{\"@type\":\"BreadcrumbList\",\"@id\":\"https:\\\/\\\/www.lavillarroel.cat\\\/ca\\\/ex\\\/el-messies\\\/#breadcrumb\",\"itemListElement\":[{\"@type\":\"ListItem\",\"position\":1,\"name\":\"Inici\",\"item\":\"https:\\\/\\\/www.lavillarroel.cat\\\/ca\\\/\"},{\"@type\":\"ListItem\",\"position\":2,\"name\":\"Espectacles\",\"item\":\"https:\\\/\\\/www.lavillarroel.cat\\\/ca\\\/ex\\\/\"},{\"@type\":\"ListItem\",\"position\":3,\"name\":\"El Messies\"}]},{\"@type\":\"WebSite\",\"@id\":\"https:\\\/\\\/www.lavillarroel.cat\\\/ca\\\/#website\",\"url\":\"https:\\\/\\\/www.lavillarroel.cat\\\/ca\\\/\",\"name\":\"La Villarroel\",\"description\":\"\",\"publisher\":{\"@id\":\"https:\\\/\\\/www.lavillarroel.cat\\\/ca\\\/#organization\"},\"potentialAction\":[{\"@type\":\"SearchAction\",\"target\":{\"@type\":\"EntryPoint\",\"urlTemplate\":\"https:\\\/\\\/www.lavillarroel.cat\\\/ca\\\/?s={search_term_string}\"},\"query-input\":{\"@type\":\"PropertyValueSpecification\",\"valueRequired\":true,\"valueName\":\"search_term_string\"}}],\"inLanguage\":\"ca\"},{\"@type\":\"Organization\",\"@id\":\"https:\\\/\\\/www.lavillarroel.cat\\\/ca\\\/#organization\",\"name\":\"La Villarroel\",\"url\":\"https:\\\/\\\/www.lavillarroel.cat\\\/ca\\\/\",\"logo\":{\"@type\":\"ImageObject\",\"inLanguage\":\"ca\",\"@id\":\"https:\\\/\\\/www.lavillarroel.cat\\\/ca\\\/#\\\/schema\\\/logo\\\/image\\\/\",\"url\":\"https:\\\/\\\/www.lavillarroel.cat\\\/wp-content\\\/uploads\\\/sites\\\/5\\\/2017\\\/09\\\/teatre-villaroel-logo.svg\",\"contentUrl\":\"https:\\\/\\\/www.lavillarroel.cat\\\/wp-content\\\/uploads\\\/sites\\\/5\\\/2017\\\/09\\\/teatre-villaroel-logo.svg\",\"width\":1,\"height\":1,\"caption\":\"La Villarroel\"},\"image\":{\"@id\":\"https:\\\/\\\/www.lavillarroel.cat\\\/ca\\\/#\\\/schema\\\/logo\\\/image\\\/\"},\"sameAs\":[\"http:\\\/\\\/www.facebook.com\\\/TeatreVillarroel\",\"https:\\\/\\\/x.com\\\/la_villarroel\",\"http:\\\/\\\/instagram.com\\\/la_villarroel\",\"http:\\\/\\\/www.youtube.com\\\/user\\\/LaVillarroel#p\\\/u\"]}]}<\/script>\n<!-- \/ Yoast SEO plugin. -->","yoast_head_json":{"title":"El Messies - La Villarroel","robots":{"index":"index","follow":"follow","max-snippet":"max-snippet:-1","max-image-preview":"max-image-preview:large","max-video-preview":"max-video-preview:-1"},"canonical":"https:\/\/www.lavillarroel.cat\/ca\/ex\/el-messies\/","schema":{"@context":"https:\/\/schema.org","@graph":[{"@type":"WebPage","@id":"https:\/\/www.lavillarroel.cat\/ca\/ex\/el-messies\/","url":"https:\/\/www.lavillarroel.cat\/ca\/ex\/el-messies\/","name":"El Messies - La Villarroel","isPartOf":{"@id":"https:\/\/www.lavillarroel.cat\/ca\/#website"},"datePublished":"2017-09-19T06:38:28+00:00","breadcrumb":{"@id":"https:\/\/www.lavillarroel.cat\/ca\/ex\/el-messies\/#breadcrumb"},"inLanguage":"ca","potentialAction":[{"@type":"ReadAction","target":["https:\/\/www.lavillarroel.cat\/ca\/ex\/el-messies\/"]}]},{"@type":"BreadcrumbList","@id":"https:\/\/www.lavillarroel.cat\/ca\/ex\/el-messies\/#breadcrumb","itemListElement":[{"@type":"ListItem","position":1,"name":"Inici","item":"https:\/\/www.lavillarroel.cat\/ca\/"},{"@type":"ListItem","position":2,"name":"Espectacles","item":"https:\/\/www.lavillarroel.cat\/ca\/ex\/"},{"@type":"ListItem","position":3,"name":"El Messies"}]},{"@type":"WebSite","@id":"https:\/\/www.lavillarroel.cat\/ca\/#website","url":"https:\/\/www.lavillarroel.cat\/ca\/","name":"La Villarroel","description":"","publisher":{"@id":"https:\/\/www.lavillarroel.cat\/ca\/#organization"},"potentialAction":[{"@type":"SearchAction","target":{"@type":"EntryPoint","urlTemplate":"https:\/\/www.lavillarroel.cat\/ca\/?s={search_term_string}"},"query-input":{"@type":"PropertyValueSpecification","valueRequired":true,"valueName":"search_term_string"}}],"inLanguage":"ca"},{"@type":"Organization","@id":"https:\/\/www.lavillarroel.cat\/ca\/#organization","name":"La Villarroel","url":"https:\/\/www.lavillarroel.cat\/ca\/","logo":{"@type":"ImageObject","inLanguage":"ca","@id":"https:\/\/www.lavillarroel.cat\/ca\/#\/schema\/logo\/image\/","url":"https:\/\/www.lavillarroel.cat\/wp-content\/uploads\/sites\/5\/2017\/09\/teatre-villaroel-logo.svg","contentUrl":"https:\/\/www.lavillarroel.cat\/wp-content\/uploads\/sites\/5\/2017\/09\/teatre-villaroel-logo.svg","width":1,"height":1,"caption":"La Villarroel"},"image":{"@id":"https:\/\/www.lavillarroel.cat\/ca\/#\/schema\/logo\/image\/"},"sameAs":["http:\/\/www.facebook.com\/TeatreVillarroel","https:\/\/x.com\/la_villarroel","http:\/\/instagram.com\/la_villarroel","http:\/\/www.youtube.com\/user\/LaVillarroel#p\/u"]}]}},"translations":[{"id":2551,"locale":"ca"},{"id":2756,"locale":"es"}],"_links":{"self":[{"href":"https:\/\/www.lavillarroel.cat\/ca\/wp-json\/wp\/v2\/ex\/2551","targetHints":{"allow":["GET"]}}],"collection":[{"href":"https:\/\/www.lavillarroel.cat\/ca\/wp-json\/wp\/v2\/ex"}],"about":[{"href":"https:\/\/www.lavillarroel.cat\/ca\/wp-json\/wp\/v2\/types\/ex"}],"author":[{"embeddable":true,"href":"https:\/\/www.lavillarroel.cat\/ca\/wp-json\/wp\/v2\/users\/2"}],"replies":[{"embeddable":true,"href":"https:\/\/www.lavillarroel.cat\/ca\/wp-json\/wp\/v2\/comments?post=2551"}],"acf:term":[{"embeddable":true,"taxonomy":"season","href":"https:\/\/www.lavillarroel.cat\/ca\/wp-json\/wp\/v2\/season\/56"}],"wp:attachment":[{"href":"https:\/\/www.lavillarroel.cat\/ca\/wp-json\/wp\/v2\/media?parent=2551"}],"curies":[{"name":"wp","href":"https:\/\/api.w.org\/{rel}","templated":true}]}}