{"id":2569,"date":"2017-09-19T08:38:44","date_gmt":"2017-09-19T06:38:44","guid":{"rendered":"https:\/\/pre.lavillarroel.cat\/ex\/\/desclassificats\/"},"modified":"2017-09-19T08:38:44","modified_gmt":"2017-09-19T06:38:44","slug":"desclassificats","status":"publish","type":"ex","link":"https:\/\/www.lavillarroel.cat\/ca\/ex\/desclassificats\/","title":{"rendered":"Desclassificats"},"content":{"rendered":"","protected":false},"excerpt":{"rendered":"","protected":false},"author":2,"featured_media":0,"comment_status":"closed","ping_status":"open","template":"","class_list":["post-2569","ex","type-ex","status-publish","hentry","season-2010-11"],"acf":{"txt_synopsis":"<p align=\"justify\">La periodista m\u00e9s prestigiosa del pa\u00eds s\u2019enfronta a l\u2019entrevista m\u00e9s dif\u00edcil de la seva carrera: un cara a cara amb el President del Govern, presumptament implicat en un delicte aberrant. L\u2019astut Secretari de Premsa del President far\u00e0 tot el possible perqu\u00e8 l\u2019entrevistadora dubti fins i tot d\u2019ella mateixa. Sabrem finalment la veritat? <br \/><\/p>","main_buy_link":"#","main_buy_links":"","group_buy_link":"","show_language":"","show_duration":"","show_start_date":"20110312000000","show_end_date":"20110508000000","show_sort_date":"20110312000000","txt_custom_show_dates":"del 12 de mar\u00e7 al 8 de maig de 2011","show_disciplines":"","show_ultimes_funcions":false,"hide_tarifes_especials":false,"show_properament":false,"txt_additional_info":"","txt_present":"","show_season":[57],"txt_season":"[\"2010\/11\"]","txt_cycle":"","txt_claim":"","txt_cast_excerpt":"","txt_cast":"","txt_reviews":"<p align=\"justify\">\u201cAbel Folk se mueve magistralmente por un terreno que nos parece firme cuando en realidad es un fangal de arenas movedizas. Toni Sevilla, construye un presidente cre\u00edble. Emma Vilarasau cumple con el rol de mujer de armas tomar\u201d. <strong>Bego\u00f1a Barrena. El Pa\u00eds<\/strong> <\/p>\n<p align=\"justify\">\u201cMagn\u00edfica pe\u00e7a de teatre comercial destinada al gran p\u00fablic. Es confirma que Pere Riera \u00e9s un dels valors m\u00e9s preuats de la nova dramat\u00fargia catalana\u201d. <strong>Xavi Pardo. Butxaca<\/strong><\/p>\n<p align=\"justify\">\u201cEmma Vilarasau, Toni Sevilla y Abel Folk bordan sus personajes en la nueva propuesta del director y dramaturgo Pere Riera. Realiza una puesta en escena que respeta y potencia el trabajo de los int\u00e9rpretes. Los medios t\u00e9cnicos, art\u00edsticos y lo que se quiere contar alcanzan una considerable armon\u00eda, convirtiendo a Desclassificats en una propuesta notable\u201d. <strong>Antonio J. Navarro. Gu\u00eda del Ocio<\/strong> <\/p>\n<p align=\"justify\">\u201cText \u00e0gil que juga amb l\u2019espectador amb astuts girs argumentals. El p\u00fablic mant\u00e9 Desclassificats viu al vest\u00edbul, al carrer, al bar. Allarga el seu efecte en debats animats sobre l\u2019\u00e8tica i la versemblan\u00e7a de les situacions. \u00c9s l\u2019espectador l\u2019aut\u00e8ntic protagonista de Desclassificats\u201d. <strong>Juan Carlos Olivares. Time Out<\/strong><\/p>\n<p align=\"justify\">\u201cPere Riera presenta un artefacte de precisi\u00f3 que est\u00e0 cridat a ser un gran \u00e8xit. Una hist\u00f2ria ben contada, ritme vertigin\u00f3s i un cartell d\u2019upa s\u00f3n ingredients de pes perqu\u00e8 Desclassificats tingui una llarga vida esc\u00e8nica. Explosiu!\u201d <strong>Francesc Massip. Avui \/ El Punt<\/strong><\/p>\n<p align=\"justify\">\u201cPere Riera est\u00e1 dotado de un fino olfato para un buen teatro comercial. Desclassificats merece un lleno diario, por la materia prima de que est\u00e1 hecha y por su soberbia interpretaci\u00f3n. A tres bandas se produce la excelencia. Soberbio Abel Folk. Soberbio Toni Sevilla. Y admirable Emma Vilarasau, extraordinaria en su furia antimachista y en cada uno de sus estados de \u00e1nimo\u201d.<strong> Joan-Anton Benach. La Vanguardia<\/strong><\/p>\n<p align=\"justify\">\u201cDesclassificats brilla a La Villarroel impulsada per la precisa escriptura de Pere Riera i el treball actoral. Estem davant un dramaturg amb molt bona m\u00e0 per desenvolupar situacions que posen en conflicte els seus personatges. Riera t\u00e9 una escriptura \u00e0gil, precisa i que atrapa l\u2019espectador a l\u2019instant\u201d.<strong> Jos\u00e9 Carlos Sorribes. El Peri\u00f3dico de Catalunya<\/strong><\/p>\n<p align=\"justify\">\u201cDesclassificats ho t\u00e9 tot per convertir-se en un gran \u00e8xit. Pere Riera ha escrit una obra directa, un text prec\u00eds, i ha dirigit els tres int\u00e8rprets amb un pulcritud sorprenent\u201d.<strong> Santi Fondevila. ARA<br \/><\/strong><\/p>","hashtag":"","have_promo":"","slogan":"","id_exhibicio":640,"id_versio":504,"id_local":4,"txt_seo_desc":"","data_images":"[{\"localizer\":\"VERS_PDF_GIRES\",\"url\":\"media\/pressdoc\/3118F\/01_021_00013911\/Desclassificats_pag.pdf\",\"thumb_url\":\"\",\"title\":\"Desclassificats.\",\"description\":\"Dossier de premsa\",\"copyright\":\"\",\"order\":1},{\"localizer\":\"VERS_PDF_GIRES\",\"url\":\"media\/pressdoc\/3118F\/01_021_00013912\/ftdesclassificats.pdf\",\"thumb_url\":\"\",\"title\":\"Desclassificats.\",\"description\":\"Fitxa t\u00e8cnica\",\"copyright\":\"\",\"order\":2},{\"localizer\":\"VERS_IMATGE_ESPECTACLE\",\"url\":\"media\/ftespect\/3118F\/01_020_00013709\/gal06.jpg\",\"thumb_url\":\"media\/ftespect\/3118F\/01_020_00013709\/gal06_thumb.jpg\",\"title\":\"Desclassificats\",\"description\":\"Desclassificats\",\"copyright\":\"Copyright David Ruano\",\"order\":-1},{\"localizer\":\"VERS_IMATGE_ESPECTACLE\",\"url\":\"media\/ftespect\/3118F\/01_020_00013708\/gal05.jpg\",\"thumb_url\":\"media\/ftespect\/3118F\/01_020_00013708\/gal05_thumb.jpg\",\"title\":\"Desclassificats\",\"description\":\"Desclassificats\",\"copyright\":\"Copyright David Ruano\",\"order\":-1},{\"localizer\":\"VERS_IMATGE_ESPECTACLE\",\"url\":\"media\/ftespect\/3118F\/01_020_00013707\/gal04.jpg\",\"thumb_url\":\"media\/ftespect\/3118F\/01_020_00013707\/gal04_thumb.jpg\",\"title\":\"Desclassificats\",\"description\":\"Desclassificats\",\"copyright\":\"Copyright David Ruano\",\"order\":-1},{\"localizer\":\"VERS_IMATGE_ESPECTACLE\",\"url\":\"media\/ftespect\/3118F\/01_020_00013678\/gal02.jpg\",\"thumb_url\":\"media\/ftespect\/3118F\/01_020_00013678\/gal02_thumb.jpg\",\"title\":\"Desclassificats\",\"description\":\"Desclassificats\",\"copyright\":\"Copyright David Ruano\",\"order\":-1},{\"localizer\":\"VERS_PORTADA_ESPECTACLE\",\"url\":\"media\/obraport\/3118E\/01_014_00013230\/list2.jpg\",\"thumb_url\":\"\",\"title\":\"Desclassificats\",\"description\":\"Desclassificats\",\"copyright\":\"\",\"order\":-1},{\"localizer\":\"VERS_PORTADA_TEATRE\",\"url\":\"media\/obraporttea\/3118F\/01_017_00013539\/port2.jpg\",\"thumb_url\":\"\",\"title\":\"Desclassificats\",\"description\":\"Desclassificats\",\"copyright\":\"\",\"order\":-1},{\"localizer\":\"VERS_IMATGE_ESPECTACLE\",\"url\":\"media\/ftespect\/3118F\/01_020_00013710\/gal07.jpg\",\"thumb_url\":\"media\/ftespect\/3118F\/01_020_00013710\/gal07_thumb.jpg\",\"title\":\"Desclassificats\",\"description\":\"Desclassificats\",\"copyright\":\"Copyright David Ruano\",\"order\":-1},{\"localizer\":\"VERS_IMATGE_ESPECTACLE\",\"url\":\"media\/ftespect\/3118F\/01_020_00013711\/gal03.jpg\",\"thumb_url\":\"media\/ftespect\/3118F\/01_020_00013711\/gal03_thumb.jpg\",\"title\":\"Desclassificats\",\"description\":\"Desclassificats\",\"copyright\":\"Copyright David Ruano\",\"order\":-1},{\"localizer\":\"VERS_IMATGE_ESPECTACLE\",\"url\":\"media\/ftespect\/3118F\/01_020_00013679\/gal01.jpg\",\"thumb_url\":\"media\/ftespect\/3118F\/01_020_00013679\/gal01_thumb.jpg\",\"title\":\"Desclassificats\",\"description\":\"Desclassificats\",\"copyright\":\"Copyright David Ruano\",\"order\":-1}]","material__texto_intro":"","data_material":null,"data_gallery":"","data_discounts":"[{\"InfoAddicional\":\"<p><strong>Tarifa especial:<\/strong> Majors de 65 anys, menors de 14 anys, Club Tr3sC i Carnet Jove.<\/p><p><strong>Descomptes per a grups i escoles<br \/><\/strong>Tel. 93 309 70 04<br \/><\/p>\",\"Url\":\"http:\/\/www.promentrada.com\",\"Codi\":\"0\",\"LogoUrl\":\"\"},{\"InfoAddicional\":\"<p><strong>Descomptes per a particulars<br \/><\/strong>Tel. 93 309 70 04<br \/><\/p>\",\"Url\":\"http:\/\/vip.promentrada.com\",\"Codi\":\"0\",\"LogoUrl\":\"media\/fimage\/31389\/01_005_00038531\/logo_prome_vip_v_web.jpg\"}]","contract_is_open":false,"in_tour":false},"yoast_head":"<!-- This site is optimized with the Yoast SEO plugin v27.5 - https:\/\/yoast.com\/product\/yoast-seo-wordpress\/ -->\n<title>Desclassificats - La Villarroel<\/title>\n<meta name=\"robots\" content=\"index, follow, max-snippet:-1, max-image-preview:large, max-video-preview:-1\" \/>\n<link rel=\"canonical\" href=\"https:\/\/www.lavillarroel.cat\/ca\/ex\/desclassificats\/\" \/>\n<script type=\"application\/ld+json\" class=\"yoast-schema-graph\">{\"@context\":\"https:\\\/\\\/schema.org\",\"@graph\":[{\"@type\":\"WebPage\",\"@id\":\"https:\\\/\\\/www.lavillarroel.cat\\\/ca\\\/ex\\\/desclassificats\\\/\",\"url\":\"https:\\\/\\\/www.lavillarroel.cat\\\/ca\\\/ex\\\/desclassificats\\\/\",\"name\":\"Desclassificats - La Villarroel\",\"isPartOf\":{\"@id\":\"https:\\\/\\\/www.lavillarroel.cat\\\/ca\\\/#website\"},\"datePublished\":\"2017-09-19T06:38:44+00:00\",\"breadcrumb\":{\"@id\":\"https:\\\/\\\/www.lavillarroel.cat\\\/ca\\\/ex\\\/desclassificats\\\/#breadcrumb\"},\"inLanguage\":\"ca\",\"potentialAction\":[{\"@type\":\"ReadAction\",\"target\":[\"https:\\\/\\\/www.lavillarroel.cat\\\/ca\\\/ex\\\/desclassificats\\\/\"]}]},{\"@type\":\"BreadcrumbList\",\"@id\":\"https:\\\/\\\/www.lavillarroel.cat\\\/ca\\\/ex\\\/desclassificats\\\/#breadcrumb\",\"itemListElement\":[{\"@type\":\"ListItem\",\"position\":1,\"name\":\"Inici\",\"item\":\"https:\\\/\\\/www.lavillarroel.cat\\\/ca\\\/\"},{\"@type\":\"ListItem\",\"position\":2,\"name\":\"Espectacles\",\"item\":\"https:\\\/\\\/www.lavillarroel.cat\\\/ca\\\/ex\\\/\"},{\"@type\":\"ListItem\",\"position\":3,\"name\":\"Desclassificats\"}]},{\"@type\":\"WebSite\",\"@id\":\"https:\\\/\\\/www.lavillarroel.cat\\\/ca\\\/#website\",\"url\":\"https:\\\/\\\/www.lavillarroel.cat\\\/ca\\\/\",\"name\":\"La Villarroel\",\"description\":\"\",\"publisher\":{\"@id\":\"https:\\\/\\\/www.lavillarroel.cat\\\/ca\\\/#organization\"},\"potentialAction\":[{\"@type\":\"SearchAction\",\"target\":{\"@type\":\"EntryPoint\",\"urlTemplate\":\"https:\\\/\\\/www.lavillarroel.cat\\\/ca\\\/?s={search_term_string}\"},\"query-input\":{\"@type\":\"PropertyValueSpecification\",\"valueRequired\":true,\"valueName\":\"search_term_string\"}}],\"inLanguage\":\"ca\"},{\"@type\":\"Organization\",\"@id\":\"https:\\\/\\\/www.lavillarroel.cat\\\/ca\\\/#organization\",\"name\":\"La Villarroel\",\"url\":\"https:\\\/\\\/www.lavillarroel.cat\\\/ca\\\/\",\"logo\":{\"@type\":\"ImageObject\",\"inLanguage\":\"ca\",\"@id\":\"https:\\\/\\\/www.lavillarroel.cat\\\/ca\\\/#\\\/schema\\\/logo\\\/image\\\/\",\"url\":\"https:\\\/\\\/www.lavillarroel.cat\\\/wp-content\\\/uploads\\\/sites\\\/5\\\/2017\\\/09\\\/teatre-villaroel-logo.svg\",\"contentUrl\":\"https:\\\/\\\/www.lavillarroel.cat\\\/wp-content\\\/uploads\\\/sites\\\/5\\\/2017\\\/09\\\/teatre-villaroel-logo.svg\",\"width\":1,\"height\":1,\"caption\":\"La Villarroel\"},\"image\":{\"@id\":\"https:\\\/\\\/www.lavillarroel.cat\\\/ca\\\/#\\\/schema\\\/logo\\\/image\\\/\"},\"sameAs\":[\"http:\\\/\\\/www.facebook.com\\\/TeatreVillarroel\",\"https:\\\/\\\/x.com\\\/la_villarroel\",\"http:\\\/\\\/instagram.com\\\/la_villarroel\",\"http:\\\/\\\/www.youtube.com\\\/user\\\/LaVillarroel#p\\\/u\"]}]}<\/script>\n<!-- \/ Yoast SEO plugin. -->","yoast_head_json":{"title":"Desclassificats - La Villarroel","robots":{"index":"index","follow":"follow","max-snippet":"max-snippet:-1","max-image-preview":"max-image-preview:large","max-video-preview":"max-video-preview:-1"},"canonical":"https:\/\/www.lavillarroel.cat\/ca\/ex\/desclassificats\/","schema":{"@context":"https:\/\/schema.org","@graph":[{"@type":"WebPage","@id":"https:\/\/www.lavillarroel.cat\/ca\/ex\/desclassificats\/","url":"https:\/\/www.lavillarroel.cat\/ca\/ex\/desclassificats\/","name":"Desclassificats - La Villarroel","isPartOf":{"@id":"https:\/\/www.lavillarroel.cat\/ca\/#website"},"datePublished":"2017-09-19T06:38:44+00:00","breadcrumb":{"@id":"https:\/\/www.lavillarroel.cat\/ca\/ex\/desclassificats\/#breadcrumb"},"inLanguage":"ca","potentialAction":[{"@type":"ReadAction","target":["https:\/\/www.lavillarroel.cat\/ca\/ex\/desclassificats\/"]}]},{"@type":"BreadcrumbList","@id":"https:\/\/www.lavillarroel.cat\/ca\/ex\/desclassificats\/#breadcrumb","itemListElement":[{"@type":"ListItem","position":1,"name":"Inici","item":"https:\/\/www.lavillarroel.cat\/ca\/"},{"@type":"ListItem","position":2,"name":"Espectacles","item":"https:\/\/www.lavillarroel.cat\/ca\/ex\/"},{"@type":"ListItem","position":3,"name":"Desclassificats"}]},{"@type":"WebSite","@id":"https:\/\/www.lavillarroel.cat\/ca\/#website","url":"https:\/\/www.lavillarroel.cat\/ca\/","name":"La Villarroel","description":"","publisher":{"@id":"https:\/\/www.lavillarroel.cat\/ca\/#organization"},"potentialAction":[{"@type":"SearchAction","target":{"@type":"EntryPoint","urlTemplate":"https:\/\/www.lavillarroel.cat\/ca\/?s={search_term_string}"},"query-input":{"@type":"PropertyValueSpecification","valueRequired":true,"valueName":"search_term_string"}}],"inLanguage":"ca"},{"@type":"Organization","@id":"https:\/\/www.lavillarroel.cat\/ca\/#organization","name":"La Villarroel","url":"https:\/\/www.lavillarroel.cat\/ca\/","logo":{"@type":"ImageObject","inLanguage":"ca","@id":"https:\/\/www.lavillarroel.cat\/ca\/#\/schema\/logo\/image\/","url":"https:\/\/www.lavillarroel.cat\/wp-content\/uploads\/sites\/5\/2017\/09\/teatre-villaroel-logo.svg","contentUrl":"https:\/\/www.lavillarroel.cat\/wp-content\/uploads\/sites\/5\/2017\/09\/teatre-villaroel-logo.svg","width":1,"height":1,"caption":"La Villarroel"},"image":{"@id":"https:\/\/www.lavillarroel.cat\/ca\/#\/schema\/logo\/image\/"},"sameAs":["http:\/\/www.facebook.com\/TeatreVillarroel","https:\/\/x.com\/la_villarroel","http:\/\/instagram.com\/la_villarroel","http:\/\/www.youtube.com\/user\/LaVillarroel#p\/u"]}]}},"translations":[{"id":2569,"locale":"ca"},{"id":2774,"locale":"es"}],"_links":{"self":[{"href":"https:\/\/www.lavillarroel.cat\/ca\/wp-json\/wp\/v2\/ex\/2569","targetHints":{"allow":["GET"]}}],"collection":[{"href":"https:\/\/www.lavillarroel.cat\/ca\/wp-json\/wp\/v2\/ex"}],"about":[{"href":"https:\/\/www.lavillarroel.cat\/ca\/wp-json\/wp\/v2\/types\/ex"}],"author":[{"embeddable":true,"href":"https:\/\/www.lavillarroel.cat\/ca\/wp-json\/wp\/v2\/users\/2"}],"replies":[{"embeddable":true,"href":"https:\/\/www.lavillarroel.cat\/ca\/wp-json\/wp\/v2\/comments?post=2569"}],"acf:term":[{"embeddable":true,"taxonomy":"season","href":"https:\/\/www.lavillarroel.cat\/ca\/wp-json\/wp\/v2\/season\/57"}],"wp:attachment":[{"href":"https:\/\/www.lavillarroel.cat\/ca\/wp-json\/wp\/v2\/media?parent=2569"}],"curies":[{"name":"wp","href":"https:\/\/api.w.org\/{rel}","templated":true}]}}