{"id":2578,"date":"2017-09-19T08:38:51","date_gmt":"2017-09-19T06:38:51","guid":{"rendered":"https:\/\/pre.lavillarroel.cat\/ex\/\/res-no-tornara-a-ser-com-abans\/"},"modified":"2017-09-19T08:38:51","modified_gmt":"2017-09-19T06:38:51","slug":"res-no-tornara-a-ser-com-abans","status":"publish","type":"ex","link":"https:\/\/www.lavillarroel.cat\/ca\/ex\/res-no-tornara-a-ser-com-abans\/","title":{"rendered":"Res no tornar\u00e0 a ser com abans"},"content":{"rendered":"","protected":false},"excerpt":{"rendered":"","protected":false},"author":2,"featured_media":0,"comment_status":"closed","ping_status":"open","template":"","class_list":["post-2578","ex","type-ex","status-publish","hentry","season-2011-12"],"acf":{"txt_synopsis":"<p><em>\"Mi mente tiene un objetivo, s\u00f3lo me interesa eso: el amor y la falta de amor.\" &nbsp;(John Cassavetes)<\/em><\/p>\n<p>Un llit, un sof\u00e0, una taula i una banyera ens serveixen per parlar d\u2019una vida que podria ser la nostra per\u00f2 que no \u00e9s la nostra. <br \/>Quatre actors que parteixen d\u2019ells mateixos per\u00f2 que no s\u00f3n ells mateixos, per encarnar quatre personatges amb problemes que resolen amb altres problemes.<br \/>Un fals documental sobre dues parelles que es mostren tal com s\u00f3n, amb els seus desitjos i les seves contradiccions.<br \/>Un fil argumental per parlar de tot i de res: del que volem que passi i no passa, del que no desitgem i arriba, dels secrets que guardem, de la por de cr\u00e9ixer i tamb\u00e9, per qu\u00e8 no, d\u2019alguna tra\u00efci\u00f3. <strong>Carol L\u00f3pez<\/strong><br \/><\/p>","main_buy_link":"#","main_buy_links":"","group_buy_link":"","show_language":"","show_duration":"","show_start_date":"20120114000000","show_end_date":"20120401000000","show_sort_date":"20120114000000","txt_custom_show_dates":"del 14 de gener a l'1 d'abril de 2012","show_disciplines":"","show_ultimes_funcions":false,"hide_tarifes_especials":false,"show_properament":false,"txt_additional_info":"","txt_present":"","show_season":[58],"txt_season":"[\"2011\/12\"]","txt_cycle":"","txt_claim":"","txt_cast_excerpt":"<strong>DRAMAT\u00daRGIA I DIRECCI\u00d3:<\/strong> Carol L\u00f3pez","txt_cast":"<p><strong>DRAMAT\u00daRGIA I DIRECCI\u00d3:<\/strong> Carol L\u00f3pez<br \/><br \/><strong>REPARTIMENT: <br \/><\/strong>Dolo Beltr\u00e1n<br \/>Andr\u00e9s Herrera<br \/>Olalla Moreno<br \/>Andrew Tarbet<br \/><br \/>Amb la col\u00b7laboraci\u00f3 de Paul Berrondo<\/p>\n<p><strong>ESCENOGRAFIA:<\/strong> cube.bz.<br \/><strong>VESTUARI:<\/strong> Myriam Ib\u00e1\u00f1ez<br \/><strong>IL\u00b7LUMINACI\u00d3:<\/strong> Jaume Ventura<br \/><strong>SO:<\/strong> Damien Bazin<br \/><strong>MAQUILLATGE:<\/strong> Toni Santos<br \/><strong>PERRUQUERIA:<\/strong> Pelukim<br \/><strong>V\u00cdDEO:<\/strong> Focus Audiovisuals<\/p>\n<p><strong>PRODUCCI\u00d3:<\/strong> La Villarroel<br \/><\/p>","txt_reviews":"<p align=\"justify\">\u201cCarol L\u00f3pez es una creadora teatral brillante y con gran personalidad. Ha sabido imprimir a la sala un estilo joven, amable, siempre con calidad art\u00edstica y una sensibilidad capaz de conectar con el p\u00fablico. Historias contempor\u00e1neas con las que te puedas sentir identificado, autores vivos y directores con estilo propio. Res no tornar\u00e0 a ser com abans, por su \u00e9xito, podr\u00eda prolongarse hasta final de temporada. Todo es sutil, todo tiene ritmo, todo es delicado\u201d. <strong>M\u00aa Jos\u00e9 Ragu\u00e9. El Mundo<\/strong><\/p>\n<p align=\"justify\">\u201cUna tragicom\u00e8dia bell\u00edssima, vigorosa i l\u00facida, un drama humor\u00edstic que apel\u00b7la a les emocions, la intel\u00b7lig\u00e8ncia i la imaginaci\u00f3. L\u2019eleg\u00e0ncia \u00e9s tan duradora com la millor can\u00e7\u00f3 a ritme de guitarra ac\u00fastica\u201d. <strong>Jos\u00e9 Antonio Aguado. Diari de Terrassa<\/strong><\/p>\n<p align=\"justify\">\u201cPe\u00e7a acolorida amb llenguatge real, amb un humor l\u2019enginy del qual recorda Almod\u00f3var. Una mirada agredol\u00e7a al quarant\u00ed \u2018cool\u2019\u201d. <strong>Gabriel Almazan. El Triangle<\/strong><\/p>\n<p align=\"justify\">\u201cUna miniatura llena de gracias y encanto. Respira complicidad y un pulso constante en la direcci\u00f3n: escenas muy bien perfiladas, cortadas y montadas, con el ritmo y la ligereza como nortes. Carol L\u00f3pez integra con mucha habilidad los matices de la ternura y la melancol\u00eda, en la m\u00e1s pura esencia del \u201cboulevard\u201d franc\u00e9s.\u201d <strong>Marcos Ord\u00f3\u00f1ez. Babelia (El Pa\u00eds)<\/strong><\/p>\n<p align=\"justify\">\u201cExcel\u00b7lent com\u00e8dia. L\u2019obra m\u00e9s propera a l\u2019univers i la metodologia (Woody) Allen. Els personatges de Carol encara s\u00f3n capa\u00e7os de proporcionar-nos grans moments de diversi\u00f3, moments en qu\u00e8 tot sembla fluir com si res, per\u00f2 en qu\u00e8 pots recon\u00e8ixer f\u00e0cilment la m\u00e0 ferma d\u2019una notable dramaturga\u201d. <strong>Ram\u00f3n Oliver. Qu\u00e8 Fem? La Vanguardia<\/strong><\/p>\n<p align=\"justify\">\u201cBrillante retrato generacional. Tras L\u2019any que ve ser\u00e0 millor, La Villarroel encadena una pieza llamada a ir por la misma senda del triunfo. Di\u00e1logos afilados y muy trabajados en ese work in progress que define las creaciones de L\u00f3pez. Los int\u00e9rpretes responden con total entrega y complicidad, con una naturalidad que desarma.\u201d <strong>Jose Carlos Sorribes. El Peri\u00f3dico de Catalunya<\/strong><\/p>\n<p align=\"justify\">\u201cSiempre que veo una obra de Carol L\u00f3pez salgo del teatro m\u00e1s feliz que cuando entr\u00e9. Su mundo tiene algo poderoso que me seduce y me entusiasma. Disfrut\u00e9 mucho con todos los actores, pero Andr\u00e9s Herrera me parece apote\u00f3sico\u201d. <strong>Albert Espinosa. El Peri\u00f3dico de Catalunya<\/strong><\/p>\n<p align=\"justify\">\u201cCon Carol L\u00f3pez, La Villarroel parece haber encontrado la p\u00edldora para evadirnos de este presente de crisis. Una comedia elaborada con su personal m\u00e9todo creativo en la que actualiza sus retratos generacionales.\u201d <strong>Eduard Molner. Cultura\/s<\/strong><\/p>\n<p align=\"justify\">\u201cCarol L\u00f3pez serveix una com\u00e8dia, atrevida i tendra alhora, amb di\u00e0legs \u00e0gils i r\u00e8pliques enginyoses. Per\u00f2 sobretot ho fa amb valentia i honestedat. Els quatre int\u00e8rprets fan una feina impecable. El muntatge destil\u00b7la veritat.\u201d <strong>Xavi Pardo. Butxaca<\/strong><\/p>\n<p align=\"justify\">\u201cEl muntatge t\u00e9 el m\u00e8rit de ser enfocat amb tanta honestedat, sensibilitat i delicadesa que l\u2019espectador se sent emp\u00e8s a interioritzar els dubtes dels quatre protagonistes, fer-los seus i prendre partit. La Villarroel persevera en la seva ferma vocaci\u00f3 de donar sortida a la dramat\u00fargia catalana contempor\u00e0nia\u201d. <strong>Toni Mata. Regi\u00f3 7<\/strong><\/p>\n<p align=\"justify\">\"3 estrelles. Sobresurt la interpretaci\u00f3 directa, espont\u00e0nia i natural. Ben segur que despr\u00e9s de l\u2019\u00e8xit de L\u2019any que ve ser\u00e0 millor, aquesta Res no tornar\u00e0 a ser com abans assolir\u00e0 tamb\u00e9 l\u2019aplaudiment del p\u00fablic.\u201d <strong>Santi Fondevila. Time Out<\/strong><\/p>\n<p align=\"justify\">\"Todo muy de verdad. El gran acierto de Carol L\u00f3pez es que nos muestra tal cual las relaciones humanas, de manera descarnada y a la vez tierna y divertida. Se ha lanzado a la piscina en pelotas. Y hay que ser muy valiente para mostrar y desarrollar ese material con la honestidad con que lo hace ella y lograr que todo resulte tan natural y sincero. El trabajo de los cuatro int\u00e9rpretes es magn\u00edfico. La pareja compuesta por Dolo y Andr\u00e9s es especialmente entra\u00f1able. Olalla y Andrew los equilibran perfectamente\u201d. <strong>Bego\u00f1a Barrena. El Pa\u00eds<\/strong><\/p>\n<p align=\"justify\">\"Otro \u00e9xito garantizado. Excelente hechura del texto. Impecable interpretaci\u00f3n. Los progresos de Carol L\u00f3pez como directora no escapar\u00e1n ya de una gloriosa madurez profesional\". <strong>Joan-Ant\u00f3n Benach. La Vanguardia<\/strong><\/p>\n<p align=\"justify\">\"Res no tornar\u00e0 a ser com abans funciona per la frescor de di\u00e0legs, l\u2019equilibrat to agredol\u00e7 de les hist\u00f2ries, l\u2019eleg\u00e0ncia en les transicions entre escenes, la incorporaci\u00f3 del v\u00eddeo i la demolici\u00f3 puntual de la quarta paret, sense que cap de les idees i llic\u00e8ncies grinyoli.<br \/>Un exercici gaireb\u00e9 nu per imposar la m\u00e0xima naturalitat en un escenari\". <strong>Juan Carlos Olivares. ARA<\/strong><\/p>\n<p align=\"justify\">\"Carol L\u00f3pez es una de las dramaturgas m\u00e1s potentes de nuestra com\u00e8dia contempor\u00e1nea. Una \u201ccomedia con matices\u201d, un texto con frases ocurrentes. Sobresala la comicidad entra\u00f1able de Andr\u00e9s Herrera\". <strong>Sergi D\u00f2ria. ABC<\/strong><\/p>","hashtag":"","have_promo":"","slogan":"","id_exhibicio":709,"id_versio":553,"id_local":4,"txt_seo_desc":"","data_images":"[{\"localizer\":\"VERS_PORTADA_ESPECTACLE\",\"url\":\"media\/obraport\/311F1\/01_014_00018558\/list02.jpg\",\"thumb_url\":\"\",\"title\":\"Res no tornar\u00e0 a ser com abans\",\"description\":\"Res no tornar\u00e0 a ser com abans\",\"copyright\":\"\",\"order\":2},{\"localizer\":\"VERS_PORTADA_TEATRE\",\"url\":\"media\/obraporttea\/311F1\/01_017_00018579\/port.jpg\",\"thumb_url\":\"\",\"title\":\"Res no tornar\u00e0 a ser com abans\",\"description\":\"Res no tornar\u00e0 a ser com abans\",\"copyright\":\"\",\"order\":3},{\"localizer\":\"VERS_IMATGE_ESPECTACLE\",\"url\":\"media\/ftespect\/311F1\/01_020_00018776\/_D3A5224_web_01.jpg\",\"thumb_url\":\"media\/ftespect\/311F1\/01_020_00018776\/_D3A5224_web_01_thumb.jpg\",\"title\":\"Res no tornar\u00e0 a ser com abans\",\"description\":\"Res no tornar\u00e0 a ser com abans\",\"copyright\":\"Copyright David Ruano\",\"order\":4},{\"localizer\":\"VERS_IMATGE_ESPECTACLE\",\"url\":\"media\/ftespect\/311F1\/01_020_00018777\/_D3A5306_web_01.jpg\",\"thumb_url\":\"media\/ftespect\/311F1\/01_020_00018777\/_D3A5306_web_01_thumb.jpg\",\"title\":\"Res no tornar\u00e0 a ser com abans\",\"description\":\"Res no tornar\u00e0 a ser com abans\",\"copyright\":\"Copyright David Ruano\",\"order\":5},{\"localizer\":\"VERS_IMATGE_ESPECTACLE\",\"url\":\"media\/ftespect\/311F1\/01_020_00018778\/_D3A5386_web_01.jpg\",\"thumb_url\":\"media\/ftespect\/311F1\/01_020_00018778\/_D3A5386_web_01_thumb.jpg\",\"title\":\"Res no tornar\u00e0 a ser com abans\",\"description\":\"Res no tornar\u00e0 a ser com abans\",\"copyright\":\"Copyright David Ruano\",\"order\":6},{\"localizer\":\"VERS_IMATGE_ESPECTACLE\",\"url\":\"media\/ftespect\/311F1\/01_020_00018779\/_D3A5450_web_01.jpg\",\"thumb_url\":\"media\/ftespect\/311F1\/01_020_00018779\/_D3A5450_web_01_thumb.jpg\",\"title\":\"Res no tornar\u00e0 a ser com abans\",\"description\":\"Res no tornar\u00e0 a ser com abans\",\"copyright\":\"Copyright David Ruano\",\"order\":7},{\"localizer\":\"VERS_IMATGE_ESPECTACLE\",\"url\":\"media\/ftespect\/311F1\/01_020_00018780\/_D3A5477_web_01.jpg\",\"thumb_url\":\"media\/ftespect\/311F1\/01_020_00018780\/_D3A5477_web_01_thumb.jpg\",\"title\":\"Res no tornar\u00e0 a ser com abans\",\"description\":\"Res no tornar\u00e0 a ser com abans\",\"copyright\":\"Copyright David Ruano\",\"order\":8},{\"localizer\":\"VERS_IMATGE_ESPECTACLE\",\"url\":\"media\/ftespect\/311F1\/01_020_00018781\/_D3A5572_web_01.jpg\",\"thumb_url\":\"media\/ftespect\/311F1\/01_020_00018781\/_D3A5572_web_01_thumb.jpg\",\"title\":\"Res no tornar\u00e0 a ser com abans\",\"description\":\"Res no tornar\u00e0 a ser com abans\",\"copyright\":\"Copyright David Ruano\",\"order\":9},{\"localizer\":\"VERS_IMATGE_ESPECTACLE\",\"url\":\"media\/ftespect\/311F1\/01_020_00018782\/_D3B1728_web_02.jpg\",\"thumb_url\":\"media\/ftespect\/311F1\/01_020_00018782\/_D3B1728_web_02_thumb.jpg\",\"title\":\"Res no tornar\u00e0 a ser com abans\",\"description\":\"Res no tornar\u00e0 a ser com abans\",\"copyright\":\"Copyright David Ruano\",\"order\":10},{\"localizer\":\"VERS_PDF_GIRES\",\"url\":\"media\/pressdoc\/311F2\/01_021_00019214\/Dossier_premsa.pdf\",\"thumb_url\":\"\",\"title\":\"Res no tornar\u00e0 a ser com abans.\",\"description\":\"Dossier de premsa\",\"copyright\":\"\",\"order\":11}]","material__texto_intro":"","data_material":null,"data_gallery":"","data_discounts":"[{\"InfoAddicional\":\"<p><strong>Tarifa especial:<\/strong> Majors de 65 anys, menors de 14 anys, Club Tr3sC i Carnet Jove.<\/p><p><strong>Descomptes per a grups i escoles<br \/><\/strong>Tel. 93 309 70 04<br \/><\/p>\",\"Url\":\"http:\/\/www.promentrada.com\",\"Codi\":\"0\",\"LogoUrl\":\"\"},{\"InfoAddicional\":\"<p><strong>Descomptes per a particulars<br \/><\/strong>Tel. 93 309 70 04<br \/><\/p>\",\"Url\":\"http:\/\/vip.promentrada.com\",\"Codi\":\"0\",\"LogoUrl\":\"media\/fimage\/31389\/01_005_00038531\/logo_prome_vip_v_web.jpg\"}]","contract_is_open":false,"in_tour":false},"yoast_head":"<!-- This site is optimized with the Yoast SEO plugin v27.5 - https:\/\/yoast.com\/product\/yoast-seo-wordpress\/ -->\n<title>Res no tornar\u00e0 a ser com abans - La Villarroel<\/title>\n<meta name=\"robots\" content=\"index, follow, max-snippet:-1, max-image-preview:large, max-video-preview:-1\" \/>\n<link rel=\"canonical\" href=\"https:\/\/www.lavillarroel.cat\/ca\/ex\/res-no-tornara-a-ser-com-abans\/\" \/>\n<script type=\"application\/ld+json\" class=\"yoast-schema-graph\">{\"@context\":\"https:\\\/\\\/schema.org\",\"@graph\":[{\"@type\":\"WebPage\",\"@id\":\"https:\\\/\\\/www.lavillarroel.cat\\\/ca\\\/ex\\\/res-no-tornara-a-ser-com-abans\\\/\",\"url\":\"https:\\\/\\\/www.lavillarroel.cat\\\/ca\\\/ex\\\/res-no-tornara-a-ser-com-abans\\\/\",\"name\":\"Res no tornar\u00e0 a ser com abans - La Villarroel\",\"isPartOf\":{\"@id\":\"https:\\\/\\\/www.lavillarroel.cat\\\/ca\\\/#website\"},\"datePublished\":\"2017-09-19T06:38:51+00:00\",\"breadcrumb\":{\"@id\":\"https:\\\/\\\/www.lavillarroel.cat\\\/ca\\\/ex\\\/res-no-tornara-a-ser-com-abans\\\/#breadcrumb\"},\"inLanguage\":\"ca\",\"potentialAction\":[{\"@type\":\"ReadAction\",\"target\":[\"https:\\\/\\\/www.lavillarroel.cat\\\/ca\\\/ex\\\/res-no-tornara-a-ser-com-abans\\\/\"]}]},{\"@type\":\"BreadcrumbList\",\"@id\":\"https:\\\/\\\/www.lavillarroel.cat\\\/ca\\\/ex\\\/res-no-tornara-a-ser-com-abans\\\/#breadcrumb\",\"itemListElement\":[{\"@type\":\"ListItem\",\"position\":1,\"name\":\"Inici\",\"item\":\"https:\\\/\\\/www.lavillarroel.cat\\\/ca\\\/\"},{\"@type\":\"ListItem\",\"position\":2,\"name\":\"Espectacles\",\"item\":\"https:\\\/\\\/www.lavillarroel.cat\\\/ca\\\/ex\\\/\"},{\"@type\":\"ListItem\",\"position\":3,\"name\":\"Res no tornar\u00e0 a ser com abans\"}]},{\"@type\":\"WebSite\",\"@id\":\"https:\\\/\\\/www.lavillarroel.cat\\\/ca\\\/#website\",\"url\":\"https:\\\/\\\/www.lavillarroel.cat\\\/ca\\\/\",\"name\":\"La Villarroel\",\"description\":\"\",\"publisher\":{\"@id\":\"https:\\\/\\\/www.lavillarroel.cat\\\/ca\\\/#organization\"},\"potentialAction\":[{\"@type\":\"SearchAction\",\"target\":{\"@type\":\"EntryPoint\",\"urlTemplate\":\"https:\\\/\\\/www.lavillarroel.cat\\\/ca\\\/?s={search_term_string}\"},\"query-input\":{\"@type\":\"PropertyValueSpecification\",\"valueRequired\":true,\"valueName\":\"search_term_string\"}}],\"inLanguage\":\"ca\"},{\"@type\":\"Organization\",\"@id\":\"https:\\\/\\\/www.lavillarroel.cat\\\/ca\\\/#organization\",\"name\":\"La Villarroel\",\"url\":\"https:\\\/\\\/www.lavillarroel.cat\\\/ca\\\/\",\"logo\":{\"@type\":\"ImageObject\",\"inLanguage\":\"ca\",\"@id\":\"https:\\\/\\\/www.lavillarroel.cat\\\/ca\\\/#\\\/schema\\\/logo\\\/image\\\/\",\"url\":\"https:\\\/\\\/www.lavillarroel.cat\\\/wp-content\\\/uploads\\\/sites\\\/5\\\/2017\\\/09\\\/teatre-villaroel-logo.svg\",\"contentUrl\":\"https:\\\/\\\/www.lavillarroel.cat\\\/wp-content\\\/uploads\\\/sites\\\/5\\\/2017\\\/09\\\/teatre-villaroel-logo.svg\",\"width\":1,\"height\":1,\"caption\":\"La Villarroel\"},\"image\":{\"@id\":\"https:\\\/\\\/www.lavillarroel.cat\\\/ca\\\/#\\\/schema\\\/logo\\\/image\\\/\"},\"sameAs\":[\"http:\\\/\\\/www.facebook.com\\\/TeatreVillarroel\",\"https:\\\/\\\/x.com\\\/la_villarroel\",\"http:\\\/\\\/instagram.com\\\/la_villarroel\",\"http:\\\/\\\/www.youtube.com\\\/user\\\/LaVillarroel#p\\\/u\"]}]}<\/script>\n<!-- \/ Yoast SEO plugin. -->","yoast_head_json":{"title":"Res no tornar\u00e0 a ser com abans - La Villarroel","robots":{"index":"index","follow":"follow","max-snippet":"max-snippet:-1","max-image-preview":"max-image-preview:large","max-video-preview":"max-video-preview:-1"},"canonical":"https:\/\/www.lavillarroel.cat\/ca\/ex\/res-no-tornara-a-ser-com-abans\/","schema":{"@context":"https:\/\/schema.org","@graph":[{"@type":"WebPage","@id":"https:\/\/www.lavillarroel.cat\/ca\/ex\/res-no-tornara-a-ser-com-abans\/","url":"https:\/\/www.lavillarroel.cat\/ca\/ex\/res-no-tornara-a-ser-com-abans\/","name":"Res no tornar\u00e0 a ser com abans - La Villarroel","isPartOf":{"@id":"https:\/\/www.lavillarroel.cat\/ca\/#website"},"datePublished":"2017-09-19T06:38:51+00:00","breadcrumb":{"@id":"https:\/\/www.lavillarroel.cat\/ca\/ex\/res-no-tornara-a-ser-com-abans\/#breadcrumb"},"inLanguage":"ca","potentialAction":[{"@type":"ReadAction","target":["https:\/\/www.lavillarroel.cat\/ca\/ex\/res-no-tornara-a-ser-com-abans\/"]}]},{"@type":"BreadcrumbList","@id":"https:\/\/www.lavillarroel.cat\/ca\/ex\/res-no-tornara-a-ser-com-abans\/#breadcrumb","itemListElement":[{"@type":"ListItem","position":1,"name":"Inici","item":"https:\/\/www.lavillarroel.cat\/ca\/"},{"@type":"ListItem","position":2,"name":"Espectacles","item":"https:\/\/www.lavillarroel.cat\/ca\/ex\/"},{"@type":"ListItem","position":3,"name":"Res no tornar\u00e0 a ser com abans"}]},{"@type":"WebSite","@id":"https:\/\/www.lavillarroel.cat\/ca\/#website","url":"https:\/\/www.lavillarroel.cat\/ca\/","name":"La Villarroel","description":"","publisher":{"@id":"https:\/\/www.lavillarroel.cat\/ca\/#organization"},"potentialAction":[{"@type":"SearchAction","target":{"@type":"EntryPoint","urlTemplate":"https:\/\/www.lavillarroel.cat\/ca\/?s={search_term_string}"},"query-input":{"@type":"PropertyValueSpecification","valueRequired":true,"valueName":"search_term_string"}}],"inLanguage":"ca"},{"@type":"Organization","@id":"https:\/\/www.lavillarroel.cat\/ca\/#organization","name":"La Villarroel","url":"https:\/\/www.lavillarroel.cat\/ca\/","logo":{"@type":"ImageObject","inLanguage":"ca","@id":"https:\/\/www.lavillarroel.cat\/ca\/#\/schema\/logo\/image\/","url":"https:\/\/www.lavillarroel.cat\/wp-content\/uploads\/sites\/5\/2017\/09\/teatre-villaroel-logo.svg","contentUrl":"https:\/\/www.lavillarroel.cat\/wp-content\/uploads\/sites\/5\/2017\/09\/teatre-villaroel-logo.svg","width":1,"height":1,"caption":"La Villarroel"},"image":{"@id":"https:\/\/www.lavillarroel.cat\/ca\/#\/schema\/logo\/image\/"},"sameAs":["http:\/\/www.facebook.com\/TeatreVillarroel","https:\/\/x.com\/la_villarroel","http:\/\/instagram.com\/la_villarroel","http:\/\/www.youtube.com\/user\/LaVillarroel#p\/u"]}]}},"translations":[{"id":2578,"locale":"ca"},{"id":2783,"locale":"es"}],"_links":{"self":[{"href":"https:\/\/www.lavillarroel.cat\/ca\/wp-json\/wp\/v2\/ex\/2578","targetHints":{"allow":["GET"]}}],"collection":[{"href":"https:\/\/www.lavillarroel.cat\/ca\/wp-json\/wp\/v2\/ex"}],"about":[{"href":"https:\/\/www.lavillarroel.cat\/ca\/wp-json\/wp\/v2\/types\/ex"}],"author":[{"embeddable":true,"href":"https:\/\/www.lavillarroel.cat\/ca\/wp-json\/wp\/v2\/users\/2"}],"replies":[{"embeddable":true,"href":"https:\/\/www.lavillarroel.cat\/ca\/wp-json\/wp\/v2\/comments?post=2578"}],"acf:term":[{"embeddable":true,"taxonomy":"season","href":"https:\/\/www.lavillarroel.cat\/ca\/wp-json\/wp\/v2\/season\/58"}],"wp:attachment":[{"href":"https:\/\/www.lavillarroel.cat\/ca\/wp-json\/wp\/v2\/media?parent=2578"}],"curies":[{"name":"wp","href":"https:\/\/api.w.org\/{rel}","templated":true}]}}