{"id":2586,"date":"2017-09-19T08:38:58","date_gmt":"2017-09-19T06:38:58","guid":{"rendered":"https:\/\/pre.lavillarroel.cat\/ex\/\/teatro-para-pajaros\/"},"modified":"2017-09-19T08:38:58","modified_gmt":"2017-09-19T06:38:58","slug":"teatro-para-pajaros","status":"publish","type":"ex","link":"https:\/\/www.lavillarroel.cat\/ca\/ex\/teatro-para-pajaros\/","title":{"rendered":"Teatro para p\u00e1jaros"},"content":{"rendered":"","protected":false},"excerpt":{"rendered":"","protected":false},"author":2,"featured_media":0,"comment_status":"closed","ping_status":"open","template":"","class_list":["post-2586","ex","type-ex","status-publish","hentry","season-2012-13"],"acf":{"txt_synopsis":"<p align=\"justify\">Dos personatges parlen de la llibertat que hauria d\u2019existir en una parella, el desig de tots a una vida millor, no?...el que volem i finalment no fem per por a perdre...<\/p>\n<p align=\"justify\">\u00c9s una pe\u00e7a que gira en torn al m\u00f3n del teatre des de la perspectiva dels creadors, d\u2019aquells que necessiten de l\u2019altre per generar un treball digne, de les impossibilitats, de les frustracions, de la p\u00e8rdua de la dignitat i tamb\u00e9 de com poder sentir-se \u00edntegre.<\/p>\n<p align=\"justify\"><strong>Durada: 1 h 15 min (sense entreacte)<\/strong><\/p>","main_buy_link":"#","main_buy_links":"","group_buy_link":"","show_language":"","show_duration":"","show_start_date":"20120913000000","show_end_date":"20121007000000","show_sort_date":"20120913000000","txt_custom_show_dates":"del 13 de setembre al 7 d'octubre de 2012","show_disciplines":"","show_ultimes_funcions":false,"hide_tarifes_especials":false,"show_properament":false,"txt_additional_info":"","txt_present":"","show_season":[59],"txt_season":"[\"2012\/13\"]","txt_cycle":"","txt_claim":"No tot \u00e9s negre o blanc&nbsp;a la vida","txt_cast_excerpt":"","txt_cast":"","txt_reviews":"<p align=\"justify\">\"El Teatro que nos gusta\", \"Teatro en estado puro\", \"Si la subida del IVA obliga a ser a\u00fan m\u00e1s selectivos, ellos deber\u00edan llenar\" <strong>Bego\u00f1a Barrena. El Pa\u00eds<\/strong><\/p>\n<p align=\"justify\">\"Ocells fascinants\", \"Aquesta creaci\u00f3 de Veronese, suposa per La Villarroel una de les inauguracions de temporada m\u00e9s brillants des que Carol L\u00f3pez s\u2019encarrega de la direcci\u00f3 art\u00edstica\", \"Una meravella\" <strong>Joan Anton Benach. La Vanguardia<\/strong><\/p>\n<p align=\"justify\">\"\u00c9s magn\u00edfica, la manera d\u2019introduir qu\u00e8 passa a l\u2019exterior en l\u2019acci\u00f3\", \"La proposta mereix una visita, no els defraudar\u00e0\" <strong>Santi Fondevila. Time Out<\/strong><\/p>\n<p align=\"justify\">\u201cUn magistral caos organizado, s\u00f3lo al alcance de los grandes. Puro texto. No deje de hacer teatro se\u00f1or Veronese.\u201d <strong>Sergi Doria. ABC<\/strong><\/p>\n<p align=\"justify\">\u201cLos seis int\u00e9rpretes se entregan de una manera tan generosa como humilde, que desarma al espectador m\u00e1s fr\u00edo.\u201d&nbsp;<strong>Jos\u00e9 Carlos Sorribes. El Peri\u00f3dico<\/strong><\/p>\n<p align=\"justify\">&nbsp;<\/p>","hashtag":"","have_promo":"","slogan":"","id_exhibicio":776,"id_versio":600,"id_local":4,"txt_seo_desc":"","data_images":"[{\"localizer\":\"V2CARTELL\",\"url\":\"media\/ver\/cartell\/311F8\/01_079_00022125\/list3.jpg\",\"thumb_url\":\"media\/ver\/cartell\/311F8\/01_079_00022125\/list3_thumb.jpg\",\"title\":\"Teatro para p\u00e1jaros\",\"description\":\"Teatro para p\u00e1jaros\",\"copyright\":\"\",\"order\":3},{\"localizer\":\"V2PORTADA\",\"url\":\"media\/ver\/port\/311F9\/01_078_00022400\/PAJAROSWEB2.jpg\",\"thumb_url\":\"media\/ver\/port\/311F9\/01_078_00022400\/PAJAROSWEB2_thumb.jpg\",\"title\":\"Teatro para p\u00e1jaros\",\"description\":\"Teatro para p\u00e1jaros\",\"copyright\":\"\",\"order\":-1}]","material__texto_intro":"","data_material":null,"data_gallery":"","data_discounts":"[{\"InfoAddicional\":\"<p><strong>Tarifa especial:<\/strong> Targeta Rosa, Targeta Discapacitat, Club TR3SC i Carnet Jove.*<\/p><p><em>*Descomptes Targeta Rosa i Targeta Discapacitat nom\u00e9s aplicables comprant a taquilla <\/em><\/p><p><strong>Descomptes per a grups i escoles<br \/><\/strong><\/p>\",\"Url\":\"http:\/\/www.promentrada.com\",\"Codi\":\"0\",\"LogoUrl\":\"media\/fimage\/31389\/01_005_00038530\/logo_prome_nuevo_v_web.jpg\"},{\"InfoAddicional\":\"<p><strong>Descomptes per a particulars<br \/><\/strong><\/p>\",\"Url\":\"http:\/\/vip.promentrada.com\",\"Codi\":\"0\",\"LogoUrl\":\"media\/fimage\/31389\/01_005_00038559\/logo_prome_vip_v_web.jpg\"}]","contract_is_open":false,"in_tour":false},"yoast_head":"<!-- This site is optimized with the Yoast SEO plugin v27.4 - https:\/\/yoast.com\/product\/yoast-seo-wordpress\/ -->\n<title>Teatro para p\u00e1jaros - La Villarroel<\/title>\n<meta name=\"robots\" content=\"index, follow, max-snippet:-1, max-image-preview:large, max-video-preview:-1\" \/>\n<link rel=\"canonical\" href=\"https:\/\/www.lavillarroel.cat\/ca\/ex\/teatro-para-pajaros\/\" \/>\n<script type=\"application\/ld+json\" class=\"yoast-schema-graph\">{\"@context\":\"https:\\\/\\\/schema.org\",\"@graph\":[{\"@type\":\"WebPage\",\"@id\":\"https:\\\/\\\/www.lavillarroel.cat\\\/ca\\\/ex\\\/teatro-para-pajaros\\\/\",\"url\":\"https:\\\/\\\/www.lavillarroel.cat\\\/ca\\\/ex\\\/teatro-para-pajaros\\\/\",\"name\":\"Teatro para p\u00e1jaros - La Villarroel\",\"isPartOf\":{\"@id\":\"https:\\\/\\\/www.lavillarroel.cat\\\/ca\\\/#website\"},\"datePublished\":\"2017-09-19T06:38:58+00:00\",\"breadcrumb\":{\"@id\":\"https:\\\/\\\/www.lavillarroel.cat\\\/ca\\\/ex\\\/teatro-para-pajaros\\\/#breadcrumb\"},\"inLanguage\":\"ca\",\"potentialAction\":[{\"@type\":\"ReadAction\",\"target\":[\"https:\\\/\\\/www.lavillarroel.cat\\\/ca\\\/ex\\\/teatro-para-pajaros\\\/\"]}]},{\"@type\":\"BreadcrumbList\",\"@id\":\"https:\\\/\\\/www.lavillarroel.cat\\\/ca\\\/ex\\\/teatro-para-pajaros\\\/#breadcrumb\",\"itemListElement\":[{\"@type\":\"ListItem\",\"position\":1,\"name\":\"Inici\",\"item\":\"https:\\\/\\\/www.lavillarroel.cat\\\/ca\\\/\"},{\"@type\":\"ListItem\",\"position\":2,\"name\":\"Espectacles\",\"item\":\"https:\\\/\\\/www.lavillarroel.cat\\\/ca\\\/ex\\\/\"},{\"@type\":\"ListItem\",\"position\":3,\"name\":\"Teatro para p\u00e1jaros\"}]},{\"@type\":\"WebSite\",\"@id\":\"https:\\\/\\\/www.lavillarroel.cat\\\/ca\\\/#website\",\"url\":\"https:\\\/\\\/www.lavillarroel.cat\\\/ca\\\/\",\"name\":\"La Villarroel\",\"description\":\"\",\"publisher\":{\"@id\":\"https:\\\/\\\/www.lavillarroel.cat\\\/ca\\\/#organization\"},\"potentialAction\":[{\"@type\":\"SearchAction\",\"target\":{\"@type\":\"EntryPoint\",\"urlTemplate\":\"https:\\\/\\\/www.lavillarroel.cat\\\/ca\\\/?s={search_term_string}\"},\"query-input\":{\"@type\":\"PropertyValueSpecification\",\"valueRequired\":true,\"valueName\":\"search_term_string\"}}],\"inLanguage\":\"ca\"},{\"@type\":\"Organization\",\"@id\":\"https:\\\/\\\/www.lavillarroel.cat\\\/ca\\\/#organization\",\"name\":\"La Villarroel\",\"url\":\"https:\\\/\\\/www.lavillarroel.cat\\\/ca\\\/\",\"logo\":{\"@type\":\"ImageObject\",\"inLanguage\":\"ca\",\"@id\":\"https:\\\/\\\/www.lavillarroel.cat\\\/ca\\\/#\\\/schema\\\/logo\\\/image\\\/\",\"url\":\"https:\\\/\\\/www.lavillarroel.cat\\\/wp-content\\\/uploads\\\/sites\\\/5\\\/2017\\\/09\\\/teatre-villaroel-logo.svg\",\"contentUrl\":\"https:\\\/\\\/www.lavillarroel.cat\\\/wp-content\\\/uploads\\\/sites\\\/5\\\/2017\\\/09\\\/teatre-villaroel-logo.svg\",\"width\":1,\"height\":1,\"caption\":\"La Villarroel\"},\"image\":{\"@id\":\"https:\\\/\\\/www.lavillarroel.cat\\\/ca\\\/#\\\/schema\\\/logo\\\/image\\\/\"},\"sameAs\":[\"http:\\\/\\\/www.facebook.com\\\/TeatreVillarroel\",\"https:\\\/\\\/x.com\\\/la_villarroel\",\"http:\\\/\\\/instagram.com\\\/la_villarroel\",\"http:\\\/\\\/www.youtube.com\\\/user\\\/LaVillarroel#p\\\/u\"]}]}<\/script>\n<!-- \/ Yoast SEO plugin. -->","yoast_head_json":{"title":"Teatro para p\u00e1jaros - La Villarroel","robots":{"index":"index","follow":"follow","max-snippet":"max-snippet:-1","max-image-preview":"max-image-preview:large","max-video-preview":"max-video-preview:-1"},"canonical":"https:\/\/www.lavillarroel.cat\/ca\/ex\/teatro-para-pajaros\/","schema":{"@context":"https:\/\/schema.org","@graph":[{"@type":"WebPage","@id":"https:\/\/www.lavillarroel.cat\/ca\/ex\/teatro-para-pajaros\/","url":"https:\/\/www.lavillarroel.cat\/ca\/ex\/teatro-para-pajaros\/","name":"Teatro para p\u00e1jaros - La Villarroel","isPartOf":{"@id":"https:\/\/www.lavillarroel.cat\/ca\/#website"},"datePublished":"2017-09-19T06:38:58+00:00","breadcrumb":{"@id":"https:\/\/www.lavillarroel.cat\/ca\/ex\/teatro-para-pajaros\/#breadcrumb"},"inLanguage":"ca","potentialAction":[{"@type":"ReadAction","target":["https:\/\/www.lavillarroel.cat\/ca\/ex\/teatro-para-pajaros\/"]}]},{"@type":"BreadcrumbList","@id":"https:\/\/www.lavillarroel.cat\/ca\/ex\/teatro-para-pajaros\/#breadcrumb","itemListElement":[{"@type":"ListItem","position":1,"name":"Inici","item":"https:\/\/www.lavillarroel.cat\/ca\/"},{"@type":"ListItem","position":2,"name":"Espectacles","item":"https:\/\/www.lavillarroel.cat\/ca\/ex\/"},{"@type":"ListItem","position":3,"name":"Teatro para p\u00e1jaros"}]},{"@type":"WebSite","@id":"https:\/\/www.lavillarroel.cat\/ca\/#website","url":"https:\/\/www.lavillarroel.cat\/ca\/","name":"La Villarroel","description":"","publisher":{"@id":"https:\/\/www.lavillarroel.cat\/ca\/#organization"},"potentialAction":[{"@type":"SearchAction","target":{"@type":"EntryPoint","urlTemplate":"https:\/\/www.lavillarroel.cat\/ca\/?s={search_term_string}"},"query-input":{"@type":"PropertyValueSpecification","valueRequired":true,"valueName":"search_term_string"}}],"inLanguage":"ca"},{"@type":"Organization","@id":"https:\/\/www.lavillarroel.cat\/ca\/#organization","name":"La Villarroel","url":"https:\/\/www.lavillarroel.cat\/ca\/","logo":{"@type":"ImageObject","inLanguage":"ca","@id":"https:\/\/www.lavillarroel.cat\/ca\/#\/schema\/logo\/image\/","url":"https:\/\/www.lavillarroel.cat\/wp-content\/uploads\/sites\/5\/2017\/09\/teatre-villaroel-logo.svg","contentUrl":"https:\/\/www.lavillarroel.cat\/wp-content\/uploads\/sites\/5\/2017\/09\/teatre-villaroel-logo.svg","width":1,"height":1,"caption":"La Villarroel"},"image":{"@id":"https:\/\/www.lavillarroel.cat\/ca\/#\/schema\/logo\/image\/"},"sameAs":["http:\/\/www.facebook.com\/TeatreVillarroel","https:\/\/x.com\/la_villarroel","http:\/\/instagram.com\/la_villarroel","http:\/\/www.youtube.com\/user\/LaVillarroel#p\/u"]}]}},"translations":[{"id":2586,"locale":"ca"},{"id":2791,"locale":"es"}],"_links":{"self":[{"href":"https:\/\/www.lavillarroel.cat\/ca\/wp-json\/wp\/v2\/ex\/2586","targetHints":{"allow":["GET"]}}],"collection":[{"href":"https:\/\/www.lavillarroel.cat\/ca\/wp-json\/wp\/v2\/ex"}],"about":[{"href":"https:\/\/www.lavillarroel.cat\/ca\/wp-json\/wp\/v2\/types\/ex"}],"author":[{"embeddable":true,"href":"https:\/\/www.lavillarroel.cat\/ca\/wp-json\/wp\/v2\/users\/2"}],"replies":[{"embeddable":true,"href":"https:\/\/www.lavillarroel.cat\/ca\/wp-json\/wp\/v2\/comments?post=2586"}],"acf:term":[{"embeddable":true,"taxonomy":"season","href":"https:\/\/www.lavillarroel.cat\/ca\/wp-json\/wp\/v2\/season\/59"}],"wp:attachment":[{"href":"https:\/\/www.lavillarroel.cat\/ca\/wp-json\/wp\/v2\/media?parent=2586"}],"curies":[{"name":"wp","href":"https:\/\/api.w.org\/{rel}","templated":true}]}}