{"id":2595,"date":"2017-09-19T08:39:06","date_gmt":"2017-09-19T06:39:06","guid":{"rendered":"https:\/\/pre.lavillarroel.cat\/ex\/\/el-principi-darquimedes\/"},"modified":"2017-09-19T08:39:06","modified_gmt":"2017-09-19T06:39:06","slug":"el-principi-darquimedes","status":"publish","type":"ex","link":"https:\/\/www.lavillarroel.cat\/ca\/ex\/el-principi-darquimedes\/","title":{"rendered":"El Principi d&#8217;Arquimedes"},"content":{"rendered":"","protected":false},"excerpt":{"rendered":"","protected":false},"author":2,"featured_media":0,"comment_status":"closed","ping_status":"open","template":"","class_list":["post-2595","ex","type-ex","status-publish","hentry","season-2012-13"],"acf":{"txt_synopsis":"<p align=\"justify\">Ha arribat el dia que els \"Cavallets de mar\", el grup infantil de nataci\u00f3, comencin a nedar sense bombolla. Aquest moment crucial per als m\u00e9s petits de la piscina \u00e9s el desencadenant perqu\u00e8 surtin a la superf\u00edcie sospites, dubtes i temors. L\u2019Anna, la directora del club de nataci\u00f3, demana explicacions a en Jordi, l\u2019entrenador dels Cavallets, despr\u00e9s que alguns pares s\u2019hagin queixat de com el noi ha gestionat la negativa a llan\u00e7ar-se a l\u2019aigua d\u2019un dels nens, que no vol fer-ho perqu\u00e8 est\u00e0 espantat. En Jordi assegura que ha actuat amb tacte i que no l\u2019ha renyat ni espantat. El problema, per\u00f2, \u00e9s un altre: els pares veuen amb inquietud i preocupaci\u00f3 que, per tranquil\u00b7litzar-lo, l\u2019hagi abra\u00e7at i li hagi fet un pet\u00f3. <br \/><br \/>El Principi d\u2019Arquimedes \u00e9s una obra que obre interrogants sobre les pors contempor\u00e0nies, les relacions humanes, els prejudicis i la confian\u00e7a.<br \/><br \/><strong>Durada: 1 h 10 min (sense entreacte)<\/strong><\/p>","main_buy_link":"#","main_buy_links":"","group_buy_link":"","show_language":"","show_duration":"","show_start_date":"20130404000000","show_end_date":"20130505000000","show_sort_date":"20121120000000","txt_custom_show_dates":"del 4 d'abril al 5 de maig de 2013","show_disciplines":"","show_ultimes_funcions":false,"hide_tarifes_especials":false,"show_properament":false,"txt_additional_info":"","txt_present":"","show_season":[59],"txt_season":"[\"2012\/13\"]","txt_cycle":"","txt_claim":"La joia del Grec 2012 arriba a La Villarroel aquesta temporada","txt_cast_excerpt":"<p><strong>AUTOR I DIRECCI\u00d3:<\/strong> Josep Maria Mir\u00f3 i Coromina<\/p>","txt_cast":"<p><strong>AUTOR I DIRECCI\u00d3:<\/strong> Josep Maria Mir\u00f3 i Coromina<\/p>\n<p><strong>REPARTIMENT:<br \/><\/strong>Albert Ausell\u00e9 (H\u00e8ctor)<br \/>Roser Batalla (Anna)<br \/>Rub\u00e9n de Eguia (Jordi)<br \/>Santi Ricart (David)<\/p>\n<p><strong>ESCENOGRAFIA:<\/strong> Enric Planas<br \/><strong>VESTUARI:<\/strong> Albert Pascual<br \/><strong>IL\u00b7LUMINACI\u00d3:<\/strong> David Bofarull (aai)<br \/><strong>DISSENY DE SO:<\/strong> Damien Bazin<br \/><strong>CONSTRUCCI\u00d3 D'ESCENOGRAFIA:<\/strong> Pablo Paz i Guille G\u00f3ngora<br \/><strong>FOTOGRAFIA:<\/strong> David Ruano<br \/><strong>AJUDANT DE DIRECCI\u00d3:<\/strong> Xavier Pujolr\u00e0s<br \/><strong>ALUMNE EN PR\u00c0CTIQUES DE L'INSTITUT DEL TEATRE:<\/strong> Pura S\u00e1nchez<\/p>\n<p><strong>AGRA\u00cfMENTS:<\/strong> Aimar Risques i Piscines Bernat Picornell<\/p>\n<p><strong>COPRODUCCI\u00d3:<\/strong> Sala Beckett\/Obrador Internacional de Dramat\u00fargia, Grec 2012 Festival de Barcelona i Associaci\u00f3 Verins Esc\u00e8nics<\/p>\n<p>&nbsp;<\/p>","txt_reviews":"","hashtag":"","have_promo":"","slogan":"","id_exhibicio":791,"id_versio":613,"id_local":4,"txt_seo_desc":"","data_images":"[{\"localizer\":\"V2SLIDE\",\"url\":\"media\/ftgalslide\/31258\/01_076_00024658\/slide01.jpg\",\"thumb_url\":\"media\/ftgalslide\/31258\/01_076_00024658\/slide01_thumb.jpg\",\"title\":\"El Principi d'Arquimedes\",\"description\":\"Albert Ausell\u00e9, Roser Batalla, Rub\u00e9n de Eguia i Santi Ricart\",\"copyright\":\"http:\/\/www.youtube.com\/watch?v=7_7cVbh5lNQ\",\"order\":2},{\"localizer\":\"V2PORTADA\",\"url\":\"media\/ver\/port\/31256\/01_078_00024060\/port.jpg\",\"thumb_url\":\"media\/ver\/port\/31256\/01_078_00024060\/port_thumb.jpg\",\"title\":\"El principi d'Arquimedes\",\"description\":\"El principi d'Arquimedes\",\"copyright\":\"\",\"order\":3},{\"localizer\":\"V2SLIDE\",\"url\":\"media\/ftgalslide\/31256\/01_076_00024061\/slide01.jpg\",\"thumb_url\":\"media\/ftgalslide\/31256\/01_076_00024061\/slide01_thumb.jpg\",\"title\":\"El Principi d'Arquimedes\",\"description\":\"Albert Ausell\u00e9, Roser Batalla, Rub\u00e9n de Eguia i Santi Ricart\",\"copyright\":\"\",\"order\":4},{\"localizer\":\"V2SLIDE\",\"url\":\"media\/ftgalslide\/31256\/01_076_00024062\/slide02.jpg\",\"thumb_url\":\"media\/ftgalslide\/31256\/01_076_00024062\/slide02_thumb.jpg\",\"title\":\"El Principi d'Arquimedes\",\"description\":\"Albert Ausell\u00e9, Roser Batalla, Rub\u00e9n de Eguia i Santi Ricart\",\"copyright\":\"\",\"order\":5},{\"localizer\":\"V2SLIDE\",\"url\":\"media\/ftgalslide\/31256\/01_076_00024063\/slide03.jpg\",\"thumb_url\":\"media\/ftgalslide\/31256\/01_076_00024063\/slide03_thumb.jpg\",\"title\":\"El Principi d'Arquimedes\",\"description\":\"Albert Ausell\u00e9, Roser Batalla, Rub\u00e9n de Eguia i Santi Ricart\",\"copyright\":\"\",\"order\":6},{\"localizer\":\"V2SLIDE\",\"url\":\"media\/ftgalslide\/31256\/01_076_00024064\/slide04.jpg\",\"thumb_url\":\"media\/ftgalslide\/31256\/01_076_00024064\/slide04_thumb.jpg\",\"title\":\"El Principi d'Arquimedes\",\"description\":\"Albert Ausell\u00e9, Roser Batalla, Rub\u00e9n de Eguia i Santi Ricart\",\"copyright\":\"\",\"order\":7},{\"localizer\":\"V2SLIDE\",\"url\":\"media\/ftgalslide\/31256\/01_076_00024065\/slide05.jpg\",\"thumb_url\":\"media\/ftgalslide\/31256\/01_076_00024065\/slide05_thumb.jpg\",\"title\":\"El Principi d'Arquimedes\",\"description\":\"Albert Ausell\u00e9, Roser Batalla, Rub\u00e9n de Eguia i Santi Ricart\",\"copyright\":\"\",\"order\":8},{\"localizer\":\"V2SLIDE\",\"url\":\"media\/ftgalslide\/31256\/01_076_00024066\/slide06.jpg\",\"thumb_url\":\"media\/ftgalslide\/31256\/01_076_00024066\/slide06_thumb.jpg\",\"title\":\"El Principi d'Arquimedes\",\"description\":\"Albert Ausell\u00e9, Roser Batalla, Rub\u00e9n de Eguia i Santi Ricart\",\"copyright\":\"\",\"order\":9},{\"localizer\":\"VERS_IMATGE_ESPECTACLE\",\"url\":\"media\/ftespect\/31256\/01_020_00024067\/gal01.jpg\",\"thumb_url\":\"media\/ftespect\/31256\/01_020_00024067\/gal01_thumb.jpg\",\"title\":\"El Principi d'Arquimedes\",\"description\":\"El Principi d'Arquimedes\",\"copyright\":\"\",\"order\":10},{\"localizer\":\"VERS_IMATGE_ESPECTACLE\",\"url\":\"media\/ftespect\/31256\/01_020_00024068\/gal02.jpg\",\"thumb_url\":\"media\/ftespect\/31256\/01_020_00024068\/gal02_thumb.jpg\",\"title\":\"El Principi d'Arquimedes\",\"description\":\"El Principi d'Arquimedes\",\"copyright\":\"\",\"order\":11},{\"localizer\":\"VERS_IMATGE_ESPECTACLE\",\"url\":\"media\/ftespect\/31256\/01_020_00024071\/gal03.jpg\",\"thumb_url\":\"media\/ftespect\/31256\/01_020_00024071\/gal03_thumb.jpg\",\"title\":\"El Principi d'Arquimedes\",\"description\":\"El Principi d'Arquimedes\",\"copyright\":\"\",\"order\":12},{\"localizer\":\"VERS_IMATGE_ESPECTACLE\",\"url\":\"media\/ftespect\/31256\/01_020_00024072\/gal04.jpg\",\"thumb_url\":\"media\/ftespect\/31256\/01_020_00024072\/gal04_thumb.jpg\",\"title\":\"El Principi d'Arquimedes\",\"description\":\"El Principi d'Arquimedes\",\"copyright\":\"\",\"order\":13},{\"localizer\":\"VERS_IMATGE_ESPECTACLE\",\"url\":\"media\/ftespect\/31256\/01_020_00024073\/gal05.jpg\",\"thumb_url\":\"media\/ftespect\/31256\/01_020_00024073\/gal05_thumb.jpg\",\"title\":\"El Principi d'Arquimedes\",\"description\":\"El Principi d'Arquimedes\",\"copyright\":\"\",\"order\":14},{\"localizer\":\"VERS_IMATGE_ESPECTACLE\",\"url\":\"media\/ftespect\/31256\/01_020_00024074\/gal06.jpg\",\"thumb_url\":\"media\/ftespect\/31256\/01_020_00024074\/gal06_thumb.jpg\",\"title\":\"El Principi d'Arquimedes\",\"description\":\"El Principi d'Arquimedes\",\"copyright\":\"\",\"order\":15},{\"localizer\":\"V2CARTELL\",\"url\":\"media\/ver\/cartell\/31257\/01_079_00024560\/list4.jpg\",\"thumb_url\":\"media\/ver\/cartell\/31257\/01_079_00024560\/list4_thumb.jpg\",\"title\":\"El principi d'Arquimedes\",\"description\":\"El principi d'Arquimedes\",\"copyright\":\"\",\"order\":19}]","material__texto_intro":"","data_material":null,"data_gallery":"","data_discounts":"[{\"InfoAddicional\":\"<p><strong>Tarifa especial:<\/strong> Targeta Rosa, Targeta Discapacitat, Club TR3SC i Carnet Jove.*<\/p><p><em>*Descomptes Targeta Rosa i Targeta Discapacitat nom\u00e9s aplicables comprant a taquilla <\/em><\/p><p><strong>Descomptes per a grups i escoles<br \/><\/strong><\/p>\",\"Url\":\"http:\/\/www.promentrada.com\",\"Codi\":\"0\",\"LogoUrl\":\"media\/fimage\/31389\/01_005_00038530\/logo_prome_nuevo_v_web.jpg\"},{\"InfoAddicional\":\"<p><strong>Descomptes per a particulars<br \/><\/strong><\/p>\",\"Url\":\"http:\/\/vip.promentrada.com\",\"Codi\":\"0\",\"LogoUrl\":\"media\/fimage\/31389\/01_005_00038559\/logo_prome_vip_v_web.jpg\"}]","contract_is_open":false,"in_tour":false},"yoast_head":"<!-- This site is optimized with the Yoast SEO plugin v27.5 - https:\/\/yoast.com\/product\/yoast-seo-wordpress\/ -->\n<title>El Principi d&#039;Arquimedes - La Villarroel<\/title>\n<meta name=\"robots\" content=\"index, follow, max-snippet:-1, max-image-preview:large, max-video-preview:-1\" \/>\n<link rel=\"canonical\" href=\"https:\/\/www.lavillarroel.cat\/ca\/ex\/el-principi-darquimedes\/\" \/>\n<script type=\"application\/ld+json\" class=\"yoast-schema-graph\">{\"@context\":\"https:\\\/\\\/schema.org\",\"@graph\":[{\"@type\":\"WebPage\",\"@id\":\"https:\\\/\\\/www.lavillarroel.cat\\\/ca\\\/ex\\\/el-principi-darquimedes\\\/\",\"url\":\"https:\\\/\\\/www.lavillarroel.cat\\\/ca\\\/ex\\\/el-principi-darquimedes\\\/\",\"name\":\"El Principi d'Arquimedes - La Villarroel\",\"isPartOf\":{\"@id\":\"https:\\\/\\\/www.lavillarroel.cat\\\/ca\\\/#website\"},\"datePublished\":\"2017-09-19T06:39:06+00:00\",\"breadcrumb\":{\"@id\":\"https:\\\/\\\/www.lavillarroel.cat\\\/ca\\\/ex\\\/el-principi-darquimedes\\\/#breadcrumb\"},\"inLanguage\":\"ca\",\"potentialAction\":[{\"@type\":\"ReadAction\",\"target\":[\"https:\\\/\\\/www.lavillarroel.cat\\\/ca\\\/ex\\\/el-principi-darquimedes\\\/\"]}]},{\"@type\":\"BreadcrumbList\",\"@id\":\"https:\\\/\\\/www.lavillarroel.cat\\\/ca\\\/ex\\\/el-principi-darquimedes\\\/#breadcrumb\",\"itemListElement\":[{\"@type\":\"ListItem\",\"position\":1,\"name\":\"Inici\",\"item\":\"https:\\\/\\\/www.lavillarroel.cat\\\/ca\\\/\"},{\"@type\":\"ListItem\",\"position\":2,\"name\":\"Espectacles\",\"item\":\"https:\\\/\\\/www.lavillarroel.cat\\\/ca\\\/ex\\\/\"},{\"@type\":\"ListItem\",\"position\":3,\"name\":\"El Principi d&#8217;Arquimedes\"}]},{\"@type\":\"WebSite\",\"@id\":\"https:\\\/\\\/www.lavillarroel.cat\\\/ca\\\/#website\",\"url\":\"https:\\\/\\\/www.lavillarroel.cat\\\/ca\\\/\",\"name\":\"La Villarroel\",\"description\":\"\",\"publisher\":{\"@id\":\"https:\\\/\\\/www.lavillarroel.cat\\\/ca\\\/#organization\"},\"potentialAction\":[{\"@type\":\"SearchAction\",\"target\":{\"@type\":\"EntryPoint\",\"urlTemplate\":\"https:\\\/\\\/www.lavillarroel.cat\\\/ca\\\/?s={search_term_string}\"},\"query-input\":{\"@type\":\"PropertyValueSpecification\",\"valueRequired\":true,\"valueName\":\"search_term_string\"}}],\"inLanguage\":\"ca\"},{\"@type\":\"Organization\",\"@id\":\"https:\\\/\\\/www.lavillarroel.cat\\\/ca\\\/#organization\",\"name\":\"La Villarroel\",\"url\":\"https:\\\/\\\/www.lavillarroel.cat\\\/ca\\\/\",\"logo\":{\"@type\":\"ImageObject\",\"inLanguage\":\"ca\",\"@id\":\"https:\\\/\\\/www.lavillarroel.cat\\\/ca\\\/#\\\/schema\\\/logo\\\/image\\\/\",\"url\":\"https:\\\/\\\/www.lavillarroel.cat\\\/wp-content\\\/uploads\\\/sites\\\/5\\\/2017\\\/09\\\/teatre-villaroel-logo.svg\",\"contentUrl\":\"https:\\\/\\\/www.lavillarroel.cat\\\/wp-content\\\/uploads\\\/sites\\\/5\\\/2017\\\/09\\\/teatre-villaroel-logo.svg\",\"width\":1,\"height\":1,\"caption\":\"La Villarroel\"},\"image\":{\"@id\":\"https:\\\/\\\/www.lavillarroel.cat\\\/ca\\\/#\\\/schema\\\/logo\\\/image\\\/\"},\"sameAs\":[\"http:\\\/\\\/www.facebook.com\\\/TeatreVillarroel\",\"https:\\\/\\\/x.com\\\/la_villarroel\",\"http:\\\/\\\/instagram.com\\\/la_villarroel\",\"http:\\\/\\\/www.youtube.com\\\/user\\\/LaVillarroel#p\\\/u\"]}]}<\/script>\n<!-- \/ Yoast SEO plugin. -->","yoast_head_json":{"title":"El Principi d'Arquimedes - La Villarroel","robots":{"index":"index","follow":"follow","max-snippet":"max-snippet:-1","max-image-preview":"max-image-preview:large","max-video-preview":"max-video-preview:-1"},"canonical":"https:\/\/www.lavillarroel.cat\/ca\/ex\/el-principi-darquimedes\/","schema":{"@context":"https:\/\/schema.org","@graph":[{"@type":"WebPage","@id":"https:\/\/www.lavillarroel.cat\/ca\/ex\/el-principi-darquimedes\/","url":"https:\/\/www.lavillarroel.cat\/ca\/ex\/el-principi-darquimedes\/","name":"El Principi d'Arquimedes - La Villarroel","isPartOf":{"@id":"https:\/\/www.lavillarroel.cat\/ca\/#website"},"datePublished":"2017-09-19T06:39:06+00:00","breadcrumb":{"@id":"https:\/\/www.lavillarroel.cat\/ca\/ex\/el-principi-darquimedes\/#breadcrumb"},"inLanguage":"ca","potentialAction":[{"@type":"ReadAction","target":["https:\/\/www.lavillarroel.cat\/ca\/ex\/el-principi-darquimedes\/"]}]},{"@type":"BreadcrumbList","@id":"https:\/\/www.lavillarroel.cat\/ca\/ex\/el-principi-darquimedes\/#breadcrumb","itemListElement":[{"@type":"ListItem","position":1,"name":"Inici","item":"https:\/\/www.lavillarroel.cat\/ca\/"},{"@type":"ListItem","position":2,"name":"Espectacles","item":"https:\/\/www.lavillarroel.cat\/ca\/ex\/"},{"@type":"ListItem","position":3,"name":"El Principi d&#8217;Arquimedes"}]},{"@type":"WebSite","@id":"https:\/\/www.lavillarroel.cat\/ca\/#website","url":"https:\/\/www.lavillarroel.cat\/ca\/","name":"La Villarroel","description":"","publisher":{"@id":"https:\/\/www.lavillarroel.cat\/ca\/#organization"},"potentialAction":[{"@type":"SearchAction","target":{"@type":"EntryPoint","urlTemplate":"https:\/\/www.lavillarroel.cat\/ca\/?s={search_term_string}"},"query-input":{"@type":"PropertyValueSpecification","valueRequired":true,"valueName":"search_term_string"}}],"inLanguage":"ca"},{"@type":"Organization","@id":"https:\/\/www.lavillarroel.cat\/ca\/#organization","name":"La Villarroel","url":"https:\/\/www.lavillarroel.cat\/ca\/","logo":{"@type":"ImageObject","inLanguage":"ca","@id":"https:\/\/www.lavillarroel.cat\/ca\/#\/schema\/logo\/image\/","url":"https:\/\/www.lavillarroel.cat\/wp-content\/uploads\/sites\/5\/2017\/09\/teatre-villaroel-logo.svg","contentUrl":"https:\/\/www.lavillarroel.cat\/wp-content\/uploads\/sites\/5\/2017\/09\/teatre-villaroel-logo.svg","width":1,"height":1,"caption":"La Villarroel"},"image":{"@id":"https:\/\/www.lavillarroel.cat\/ca\/#\/schema\/logo\/image\/"},"sameAs":["http:\/\/www.facebook.com\/TeatreVillarroel","https:\/\/x.com\/la_villarroel","http:\/\/instagram.com\/la_villarroel","http:\/\/www.youtube.com\/user\/LaVillarroel#p\/u"]}]}},"translations":[{"id":2595,"locale":"ca"},{"id":2800,"locale":"es"}],"_links":{"self":[{"href":"https:\/\/www.lavillarroel.cat\/ca\/wp-json\/wp\/v2\/ex\/2595","targetHints":{"allow":["GET"]}}],"collection":[{"href":"https:\/\/www.lavillarroel.cat\/ca\/wp-json\/wp\/v2\/ex"}],"about":[{"href":"https:\/\/www.lavillarroel.cat\/ca\/wp-json\/wp\/v2\/types\/ex"}],"author":[{"embeddable":true,"href":"https:\/\/www.lavillarroel.cat\/ca\/wp-json\/wp\/v2\/users\/2"}],"replies":[{"embeddable":true,"href":"https:\/\/www.lavillarroel.cat\/ca\/wp-json\/wp\/v2\/comments?post=2595"}],"acf:term":[{"embeddable":true,"taxonomy":"season","href":"https:\/\/www.lavillarroel.cat\/ca\/wp-json\/wp\/v2\/season\/59"}],"wp:attachment":[{"href":"https:\/\/www.lavillarroel.cat\/ca\/wp-json\/wp\/v2\/media?parent=2595"}],"curies":[{"name":"wp","href":"https:\/\/api.w.org\/{rel}","templated":true}]}}