{"id":2630,"date":"2017-09-19T08:39:37","date_gmt":"2017-09-19T06:39:37","guid":{"rendered":"https:\/\/pre.lavillarroel.cat\/ex\/\/operacio-moldavia\/"},"modified":"2017-09-19T08:39:37","modified_gmt":"2017-09-19T06:39:37","slug":"operacio-moldavia","status":"publish","type":"ex","link":"https:\/\/www.lavillarroel.cat\/ca\/ex\/operacio-moldavia\/","title":{"rendered":"Operaci\u00f3 Mold\u00e0via"},"content":{"rendered":"","protected":false},"excerpt":{"rendered":"","protected":false},"author":2,"featured_media":0,"comment_status":"closed","ping_status":"open","template":"","class_list":["post-2630","ex","type-ex","status-publish","hentry","season-2014-15"],"acf":{"txt_synopsis":"<p align=\"justify\">Gardel, estafador i monologuista retirat, espera a les portes de la pres\u00f3 el seu exsoci Toni Lloren\u00e7, cantant i transformista arru\u00efnat, per dur a terme l\u2019estafa definitiva de la seva vida, aquella mateixa nit. El Toni rep sense entusiasme el seu antic company de cabaret que l\u2019ha enredat en una aventura on s\u2019haur\u00e0 de fer passar per un fam\u00f3s cantant retirat actuant en lloc seu. Una estafa com les que feien en els vells temps, nom\u00e9s que en aquesta ocasi\u00f3 tenen uns quants anys m\u00e9s i l\u2019actuaci\u00f3 \u00e9s a... Mold\u00e0via! Mentre esperen a l\u2019aeroport, els problemes del present i la incertesa del futur planegen damunt d\u2019ells tant com els avions que van i v\u00e9nen.<br \/><\/p>","main_buy_link":"#","main_buy_links":"","group_buy_link":"","show_language":"","show_duration":"","show_start_date":"20150602000000","show_end_date":"20150617000000","show_sort_date":"20141004000000","txt_custom_show_dates":"del 2 al 17 de juny de 2015","show_disciplines":"","show_ultimes_funcions":false,"hide_tarifes_especials":false,"show_properament":false,"txt_additional_info":"","txt_present":"","show_season":[61],"txt_season":"[\"2014\/15\"]","txt_cycle":"","txt_claim":"","txt_cast_excerpt":"<p><strong>AUTORS:<\/strong> Marta P\u00e9rez i Albert Ribalta <br \/><strong>DIRECCI\u00d3:<\/strong> Marta P\u00e9rez <\/p>","txt_cast":"<p><strong>AUTORS:<\/strong> Marta P\u00e9rez i Albert Ribalta <br \/><strong>DIRECCI\u00d3:<\/strong> Marta P\u00e9rez <\/p>\n<p><strong>REPARTIMENT: <br \/><\/strong>Xavi Mira (Toni) <br \/>Albert Ribalta (Gardel) <\/p>\n<p><strong>ESPAI ESC\u00c8NIC:<\/strong> Los Tigres <br \/><strong>VESTUARI:<\/strong> Mamen Duch <br \/><strong>IL\u00b7LUMINACI\u00d3:<\/strong> Carlos Lucena <br \/><strong>SO:<\/strong> Tarek Ryan <br \/><strong>PERRUQUERIA:<\/strong> Tito Monros <br \/><strong>FOTOGRAFIA:<\/strong> David Ruano <br \/><strong>DISSENY GR\u00c0FIC:<\/strong> Enric Jard\u00ed <br \/><strong>IL\u00b7LUSTRACI\u00d3:<\/strong> Pi Ortelano <br \/><strong>V\u00cdDEO:<\/strong> Dani Arregui <\/p>\n<p><strong>PRODUCCI\u00d3:<\/strong> T de Teatre i Los Tigres<\/p>","txt_reviews":"","hashtag":"","have_promo":"","slogan":"","id_exhibicio":1173,"id_versio":956,"id_local":4,"txt_seo_desc":"","data_images":"[{\"localizer\":\"V2CARTELL\",\"url\":\"media\/ver\/cartell\/31321\/01_079_00033733\/v01.jpg\",\"thumb_url\":\"media\/ver\/cartell\/31321\/01_079_00033733\/v01_thumb.jpg\",\"title\":\"Operaci\u00f3 Mold\u00e0via\",\"description\":\"Operaci\u00f3 Mold\u00e0via\",\"copyright\":\"\",\"order\":2},{\"localizer\":\"VERS_IMATGE_ESPECTACLE\",\"url\":\"media\/ftespect\/31321\/01_020_00033872\/gal01.jpg\",\"thumb_url\":\"media\/ftespect\/31321\/01_020_00033872\/gal01_thumb.jpg\",\"title\":\"Operaci\u00f3 Mold\u00e0via\",\"description\":\"Operaci\u00f3 Mold\u00e0via\",\"copyright\":\"\",\"order\":3},{\"localizer\":\"VERS_IMATGE_ESPECTACLE\",\"url\":\"media\/ftespect\/31321\/01_020_00033873\/gal02.jpg\",\"thumb_url\":\"media\/ftespect\/31321\/01_020_00033873\/gal02_thumb.jpg\",\"title\":\"Operaci\u00f3 Mold\u00e0via\",\"description\":\"Operaci\u00f3 Mold\u00e0via\",\"copyright\":\"\",\"order\":4},{\"localizer\":\"VERS_IMATGE_ESPECTACLE\",\"url\":\"media\/ftespect\/31321\/01_020_00033874\/gal03.jpg\",\"thumb_url\":\"media\/ftespect\/31321\/01_020_00033874\/gal03_thumb.jpg\",\"title\":\"Operaci\u00f3 Mold\u00e0via\",\"description\":\"Operaci\u00f3 Mold\u00e0via\",\"copyright\":\"\",\"order\":5},{\"localizer\":\"V2SLIDE\",\"url\":\"media\/ftgalslide\/31321\/01_076_00033875\/slide01.jpg\",\"thumb_url\":\"media\/ftgalslide\/31321\/01_076_00033875\/slide01_thumb.jpg\",\"title\":\"Operaci\u00f3 Mold\u00e0via\",\"description\":\"Xavi Mira i Albert Ribalta\",\"copyright\":\"\",\"order\":6},{\"localizer\":\"V2SLIDE\",\"url\":\"media\/ftgalslide\/31321\/01_076_00033876\/slide02.jpg\",\"thumb_url\":\"media\/ftgalslide\/31321\/01_076_00033876\/slide02_thumb.jpg\",\"title\":\"Operaci\u00f3 Mold\u00e0via\",\"description\":\"Xavi Mira i Albert Ribalta\",\"copyright\":\"\",\"order\":7},{\"localizer\":\"V2SLIDE\",\"url\":\"media\/ftgalslide\/31321\/01_076_00033877\/slide03.jpg\",\"thumb_url\":\"media\/ftgalslide\/31321\/01_076_00033877\/slide03_thumb.jpg\",\"title\":\"Operaci\u00f3 Mold\u00e0via\",\"description\":\"Xavi Mira i Albert Ribalta\",\"copyright\":\"\",\"order\":8},{\"localizer\":\"V2PORTADA\",\"url\":\"media\/ver\/port\/31321\/01_078_00033918\/offs_news_bannercito_moldavia.jpg\",\"thumb_url\":\"media\/ver\/port\/31321\/01_078_00033918\/offs_news_bannercito_moldavia_thumb.jpg\",\"title\":\"Operaci\u00f3 Mold\u00e0via\",\"description\":\"Operaci\u00f3 Mold\u00e0via\",\"copyright\":\"\",\"order\":9}]","material__texto_intro":"","data_material":null,"data_gallery":"","data_discounts":"[{\"InfoAddicional\":\"<p><strong>Tarifa especial:<\/strong> Targeta Rosa, Targeta Discapacitat, Club TR3SC i Carnet Jove.*<\/p><p><em>*Descomptes Targeta Rosa i Targeta Discapacitat nom\u00e9s aplicables comprant a taquilla <\/em><\/p><p><strong>Descomptes per a grups i escoles<br \/><\/strong><\/p>\",\"Url\":\"http:\/\/www.promentrada.com\",\"Codi\":\"0\",\"LogoUrl\":\"media\/fimage\/31389\/01_005_00038530\/logo_prome_nuevo_v_web.jpg\"},{\"InfoAddicional\":\"<p><strong>Descomptes per a particulars<br \/><\/strong><\/p>\",\"Url\":\"http:\/\/vip.promentrada.com\",\"Codi\":\"0\",\"LogoUrl\":\"media\/fimage\/31389\/01_005_00038559\/logo_prome_vip_v_web.jpg\"}]","contract_is_open":false,"in_tour":false},"yoast_head":"<!-- This site is optimized with the Yoast SEO plugin v27.5 - https:\/\/yoast.com\/product\/yoast-seo-wordpress\/ -->\n<title>Operaci\u00f3 Mold\u00e0via - La Villarroel<\/title>\n<meta name=\"robots\" content=\"index, follow, max-snippet:-1, max-image-preview:large, max-video-preview:-1\" \/>\n<link rel=\"canonical\" href=\"https:\/\/www.lavillarroel.cat\/ca\/ex\/operacio-moldavia\/\" \/>\n<script type=\"application\/ld+json\" class=\"yoast-schema-graph\">{\"@context\":\"https:\\\/\\\/schema.org\",\"@graph\":[{\"@type\":\"WebPage\",\"@id\":\"https:\\\/\\\/www.lavillarroel.cat\\\/ca\\\/ex\\\/operacio-moldavia\\\/\",\"url\":\"https:\\\/\\\/www.lavillarroel.cat\\\/ca\\\/ex\\\/operacio-moldavia\\\/\",\"name\":\"Operaci\u00f3 Mold\u00e0via - La Villarroel\",\"isPartOf\":{\"@id\":\"https:\\\/\\\/www.lavillarroel.cat\\\/ca\\\/#website\"},\"datePublished\":\"2017-09-19T06:39:37+00:00\",\"breadcrumb\":{\"@id\":\"https:\\\/\\\/www.lavillarroel.cat\\\/ca\\\/ex\\\/operacio-moldavia\\\/#breadcrumb\"},\"inLanguage\":\"ca\",\"potentialAction\":[{\"@type\":\"ReadAction\",\"target\":[\"https:\\\/\\\/www.lavillarroel.cat\\\/ca\\\/ex\\\/operacio-moldavia\\\/\"]}]},{\"@type\":\"BreadcrumbList\",\"@id\":\"https:\\\/\\\/www.lavillarroel.cat\\\/ca\\\/ex\\\/operacio-moldavia\\\/#breadcrumb\",\"itemListElement\":[{\"@type\":\"ListItem\",\"position\":1,\"name\":\"Inici\",\"item\":\"https:\\\/\\\/www.lavillarroel.cat\\\/ca\\\/\"},{\"@type\":\"ListItem\",\"position\":2,\"name\":\"Espectacles\",\"item\":\"https:\\\/\\\/www.lavillarroel.cat\\\/ca\\\/ex\\\/\"},{\"@type\":\"ListItem\",\"position\":3,\"name\":\"Operaci\u00f3 Mold\u00e0via\"}]},{\"@type\":\"WebSite\",\"@id\":\"https:\\\/\\\/www.lavillarroel.cat\\\/ca\\\/#website\",\"url\":\"https:\\\/\\\/www.lavillarroel.cat\\\/ca\\\/\",\"name\":\"La Villarroel\",\"description\":\"\",\"publisher\":{\"@id\":\"https:\\\/\\\/www.lavillarroel.cat\\\/ca\\\/#organization\"},\"potentialAction\":[{\"@type\":\"SearchAction\",\"target\":{\"@type\":\"EntryPoint\",\"urlTemplate\":\"https:\\\/\\\/www.lavillarroel.cat\\\/ca\\\/?s={search_term_string}\"},\"query-input\":{\"@type\":\"PropertyValueSpecification\",\"valueRequired\":true,\"valueName\":\"search_term_string\"}}],\"inLanguage\":\"ca\"},{\"@type\":\"Organization\",\"@id\":\"https:\\\/\\\/www.lavillarroel.cat\\\/ca\\\/#organization\",\"name\":\"La Villarroel\",\"url\":\"https:\\\/\\\/www.lavillarroel.cat\\\/ca\\\/\",\"logo\":{\"@type\":\"ImageObject\",\"inLanguage\":\"ca\",\"@id\":\"https:\\\/\\\/www.lavillarroel.cat\\\/ca\\\/#\\\/schema\\\/logo\\\/image\\\/\",\"url\":\"https:\\\/\\\/www.lavillarroel.cat\\\/wp-content\\\/uploads\\\/sites\\\/5\\\/2017\\\/09\\\/teatre-villaroel-logo.svg\",\"contentUrl\":\"https:\\\/\\\/www.lavillarroel.cat\\\/wp-content\\\/uploads\\\/sites\\\/5\\\/2017\\\/09\\\/teatre-villaroel-logo.svg\",\"width\":1,\"height\":1,\"caption\":\"La Villarroel\"},\"image\":{\"@id\":\"https:\\\/\\\/www.lavillarroel.cat\\\/ca\\\/#\\\/schema\\\/logo\\\/image\\\/\"},\"sameAs\":[\"http:\\\/\\\/www.facebook.com\\\/TeatreVillarroel\",\"https:\\\/\\\/x.com\\\/la_villarroel\",\"http:\\\/\\\/instagram.com\\\/la_villarroel\",\"http:\\\/\\\/www.youtube.com\\\/user\\\/LaVillarroel#p\\\/u\"]}]}<\/script>\n<!-- \/ Yoast SEO plugin. -->","yoast_head_json":{"title":"Operaci\u00f3 Mold\u00e0via - La Villarroel","robots":{"index":"index","follow":"follow","max-snippet":"max-snippet:-1","max-image-preview":"max-image-preview:large","max-video-preview":"max-video-preview:-1"},"canonical":"https:\/\/www.lavillarroel.cat\/ca\/ex\/operacio-moldavia\/","schema":{"@context":"https:\/\/schema.org","@graph":[{"@type":"WebPage","@id":"https:\/\/www.lavillarroel.cat\/ca\/ex\/operacio-moldavia\/","url":"https:\/\/www.lavillarroel.cat\/ca\/ex\/operacio-moldavia\/","name":"Operaci\u00f3 Mold\u00e0via - La Villarroel","isPartOf":{"@id":"https:\/\/www.lavillarroel.cat\/ca\/#website"},"datePublished":"2017-09-19T06:39:37+00:00","breadcrumb":{"@id":"https:\/\/www.lavillarroel.cat\/ca\/ex\/operacio-moldavia\/#breadcrumb"},"inLanguage":"ca","potentialAction":[{"@type":"ReadAction","target":["https:\/\/www.lavillarroel.cat\/ca\/ex\/operacio-moldavia\/"]}]},{"@type":"BreadcrumbList","@id":"https:\/\/www.lavillarroel.cat\/ca\/ex\/operacio-moldavia\/#breadcrumb","itemListElement":[{"@type":"ListItem","position":1,"name":"Inici","item":"https:\/\/www.lavillarroel.cat\/ca\/"},{"@type":"ListItem","position":2,"name":"Espectacles","item":"https:\/\/www.lavillarroel.cat\/ca\/ex\/"},{"@type":"ListItem","position":3,"name":"Operaci\u00f3 Mold\u00e0via"}]},{"@type":"WebSite","@id":"https:\/\/www.lavillarroel.cat\/ca\/#website","url":"https:\/\/www.lavillarroel.cat\/ca\/","name":"La Villarroel","description":"","publisher":{"@id":"https:\/\/www.lavillarroel.cat\/ca\/#organization"},"potentialAction":[{"@type":"SearchAction","target":{"@type":"EntryPoint","urlTemplate":"https:\/\/www.lavillarroel.cat\/ca\/?s={search_term_string}"},"query-input":{"@type":"PropertyValueSpecification","valueRequired":true,"valueName":"search_term_string"}}],"inLanguage":"ca"},{"@type":"Organization","@id":"https:\/\/www.lavillarroel.cat\/ca\/#organization","name":"La Villarroel","url":"https:\/\/www.lavillarroel.cat\/ca\/","logo":{"@type":"ImageObject","inLanguage":"ca","@id":"https:\/\/www.lavillarroel.cat\/ca\/#\/schema\/logo\/image\/","url":"https:\/\/www.lavillarroel.cat\/wp-content\/uploads\/sites\/5\/2017\/09\/teatre-villaroel-logo.svg","contentUrl":"https:\/\/www.lavillarroel.cat\/wp-content\/uploads\/sites\/5\/2017\/09\/teatre-villaroel-logo.svg","width":1,"height":1,"caption":"La Villarroel"},"image":{"@id":"https:\/\/www.lavillarroel.cat\/ca\/#\/schema\/logo\/image\/"},"sameAs":["http:\/\/www.facebook.com\/TeatreVillarroel","https:\/\/x.com\/la_villarroel","http:\/\/instagram.com\/la_villarroel","http:\/\/www.youtube.com\/user\/LaVillarroel#p\/u"]}]}},"translations":[{"id":2630,"locale":"ca"},{"id":2835,"locale":"es"}],"_links":{"self":[{"href":"https:\/\/www.lavillarroel.cat\/ca\/wp-json\/wp\/v2\/ex\/2630","targetHints":{"allow":["GET"]}}],"collection":[{"href":"https:\/\/www.lavillarroel.cat\/ca\/wp-json\/wp\/v2\/ex"}],"about":[{"href":"https:\/\/www.lavillarroel.cat\/ca\/wp-json\/wp\/v2\/types\/ex"}],"author":[{"embeddable":true,"href":"https:\/\/www.lavillarroel.cat\/ca\/wp-json\/wp\/v2\/users\/2"}],"replies":[{"embeddable":true,"href":"https:\/\/www.lavillarroel.cat\/ca\/wp-json\/wp\/v2\/comments?post=2630"}],"acf:term":[{"embeddable":true,"taxonomy":"season","href":"https:\/\/www.lavillarroel.cat\/ca\/wp-json\/wp\/v2\/season\/61"}],"wp:attachment":[{"href":"https:\/\/www.lavillarroel.cat\/ca\/wp-json\/wp\/v2\/media?parent=2630"}],"curies":[{"name":"wp","href":"https:\/\/api.w.org\/{rel}","templated":true}]}}