{"id":2643,"date":"2017-09-19T08:39:48","date_gmt":"2017-09-19T06:39:48","guid":{"rendered":"https:\/\/pre.lavillarroel.cat\/ex\/\/lehman-trilogy\/"},"modified":"2017-09-19T08:39:48","modified_gmt":"2017-09-19T06:39:48","slug":"lehman-trilogy","status":"publish","type":"ex","link":"https:\/\/www.lavillarroel.cat\/ca\/ex\/lehman-trilogy\/","title":{"rendered":"Lehman Trilogy"},"content":{"rendered":"","protected":false},"excerpt":{"rendered":"","protected":false},"author":2,"featured_media":0,"comment_status":"closed","ping_status":"open","template":"","class_list":["post-2643","ex","type-ex","status-publish","hentry","season-2015-16"],"acf":{"txt_synopsis":"<p align=\"justify\"><strong>Un \u00e8xit internacional que retrata la hist\u00f2ria de Lehman Brothers, el banc d'inversi\u00f3 nord-americ\u00e0 que va desencadenar la crisi econ\u00f2mica, \u00e8tica i social m\u00e9s greu dels \u00faltims 80 anys.<\/strong>&nbsp; <\/p>\n<p align=\"justify\"><strong><em>Lehman Trilogy<\/em><\/strong> explica la hist\u00f2ria de la companyia Lehman Brothers, des de l'arribada el 1844 a la ciutat de Nova York de Henry Lehman, un jueu alemany que buscava fortuna, fins a la caiguda del que era un dels bancs d'inversi\u00f3 m\u00e9s grans del moment, el 2008.&nbsp; L\u2019espectacle tra\u00e7a la vida de tres generacions Lehman, recorrent la hist\u00f2ria del capitalisme modern des de l'intercanvi de b\u00e9ns fins al deliri contemporani, d'ordinadors que compren i venen en fraccions de segon, passant per la mediaci\u00f3 comercial, la borsa o la globalitzaci\u00f3.<br \/><br \/>L\u2019espectacle fa \u00e8mfasi en la deshumanitzaci\u00f3 constant que afecta el m\u00f3n econ\u00f2mic i pol\u00edtic en nom de l'augment del benefici. El segle&nbsp;XX ha estat una cursa sense sentit cap a no se sap on, cada vegada m\u00e9s r\u00e0pida, amb menys regles i m\u00e9s desconnectada del m\u00f3n real i les seves estructures i necessitats. Una cursa que va desembocar en una crisi financera mundial i ha provocat una recessi\u00f3 de la qual encara en patim els efectes.<\/p>\n<p align=\"justify\"><strong>Durada aproximada:<\/strong> 2 hores i&nbsp;55 minuts amb entreacte.<br \/>Espectacle en catal\u00e0.<\/p>","main_buy_link":"","main_buy_links":"","group_buy_link":"","show_language":"","show_duration":"","show_start_date":"20160628000000","show_end_date":"20160731000000","show_sort_date":"20160628000000","txt_custom_show_dates":"del 28 de juny al 31 de juliol de 2016","show_disciplines":"","show_ultimes_funcions":false,"hide_tarifes_especials":false,"show_properament":false,"txt_additional_info":"","txt_present":"","show_season":[62],"txt_season":"[\"2015\/16\"]","txt_cycle":"","txt_claim":"","txt_cast_excerpt":"<p><strong>Autor:<\/strong>&nbsp;Stefano Massini <br \/><strong>Traducci\u00f3:<\/strong>&nbsp;Carles Fern\u00e1ndez Giua <br \/><strong>Direcci\u00f3:<\/strong>&nbsp;Roberto Romei<\/p>\n<p><strong>Repartiment:<\/strong> <br \/>Rub\u00e8n de Egu\u00eda - Robert<br \/>\u00d2scar Mu\u00f1oz - Emanuel<br \/>Santi Ricart - Henry <br \/>Jordi Rico - Mayer<br \/>Jacob Torres - Herbert<br \/>David Vert - Philip<br \/><br \/><br \/><br \/><\/p>","txt_cast":"<p><strong>Autor:<\/strong>&nbsp;Stefano Massini <br \/><strong>Traducci\u00f3:<\/strong>&nbsp;Carles Fern\u00e1ndez Giua <br \/><strong>Direcci\u00f3:<\/strong>&nbsp;Roberto Romei<\/p>\n<p><strong>Repartiment:<\/strong> <br \/>Rub\u00e8n de Egu\u00eda - Robert<br \/>\u00d2scar Mu\u00f1oz - Emanuel<br \/>Santi Ricart - Henry <br \/>Jordi Rico - Mayer<br \/>Jacob Torres - Herbert<br \/>David Vert - Philip&nbsp;<\/p>\n<p><strong>Escenografia i il\u00b7luminaci\u00f3:<\/strong>&nbsp;Roger Orra<br \/><strong>Vestuari:<\/strong>&nbsp;Marta Rafa<br \/><strong>Espai Sonor:<\/strong>&nbsp;Lucas Ariel&nbsp;<br \/><strong>Moviment esc\u00e8nic:<\/strong>&nbsp;Nuria Legarda&nbsp;&nbsp;<br \/><strong>Ajudant de direcci\u00f3:<\/strong>&nbsp;Anna Maria Ricart<br \/><strong>Direcci\u00f3 de producci\u00f3:<\/strong> Amparo Mart\u00ednez<br \/><strong>Cap de producci\u00f3:<\/strong>&nbsp;Maite Pijuan <br \/><strong>Producci\u00f3 executiva:<\/strong>&nbsp;Raquel Do\u00f1oro<br \/><strong>Responsable t\u00e9cnic:<\/strong>&nbsp;Txema Orriols<br \/><strong>Construcci\u00f3 Escenograf\u00eda:<\/strong>&nbsp;Estudi-Taller d\u2019escenografia Jorba-Mir\u00f3<br \/><br \/>Es una producci\u00f3 de La Villarroel\/Grec 2016, Festival de Barcelona<br \/><\/p>","txt_reviews":"","hashtag":"","have_promo":"","slogan":"","id_exhibicio":1326,"id_versio":1062,"id_local":4,"txt_seo_desc":"","data_images":"[{\"localizer\":\"V2CARTELLDISTRI\",\"url\":\"media\/cartell\/distrib\/31385\/01_082_00037144\/Lehman_Trilogy_162x231_dstri.jpg\",\"thumb_url\":\"media\/cartell\/distrib\/31385\/01_082_00037144\/Lehman_Trilogy_162x231_dstri_thumb.jpg\",\"title\":\"Lehman Trilogy\",\"description\":\"Lehman Trilogy\",\"copyright\":\"\",\"order\":12},{\"localizer\":\"V2PORTADA\",\"url\":\"media\/ver\/port\/31386\/01_078_00037351\/581x327_Trilogy_sin_teatro.jpg\",\"thumb_url\":\"media\/ver\/port\/31386\/01_078_00037351\/581x327_Trilogy_sin_teatro_thumb.jpg\",\"title\":\"Lehman Trilogy\",\"description\":\"Lehman Trilogy\",\"copyright\":\"\",\"order\":13},{\"localizer\":\"V2CARTELL\",\"url\":\"media\/ver\/cartell\/31386\/01_079_00037352\/405x579.jpg\",\"thumb_url\":\"media\/ver\/cartell\/31386\/01_079_00037352\/405x579_thumb.jpg\",\"title\":\"Lehman Trilogy\",\"description\":\"Lehman Trilogy\",\"copyright\":\"\",\"order\":14},{\"localizer\":\"V2SLIDE\",\"url\":\"media\/ftgalslide\/31386\/01_076_00037478\/pr_001_t_lehman_281.JPG\",\"thumb_url\":\"media\/ftgalslide\/31386\/01_076_00037478\/pr_001_t_lehman_281_thumb.jpg\",\"title\":\"Lehman Trilogy\",\"description\":\"La Villarroel\/Grec 2016, Festival de Barcelona\",\"copyright\":\"\",\"order\":15},{\"localizer\":\"V2SLIDE\",\"url\":\"media\/ftgalslide\/31386\/01_076_00037520\/pr_005_t_lehman_239.JPG\",\"thumb_url\":\"media\/ftgalslide\/31386\/01_076_00037520\/pr_005_t_lehman_239_thumb.jpg\",\"title\":\"Lehman Trilogy\",\"description\":\"La Villarroel\/Grec 2016, Festival de Barcelona\",\"copyright\":\"\",\"order\":16},{\"localizer\":\"V2SLIDE\",\"url\":\"media\/ftgalslide\/31386\/01_076_00037521\/pr_014_t_lehman_173.JPG\",\"thumb_url\":\"media\/ftgalslide\/31386\/01_076_00037521\/pr_014_t_lehman_173_thumb.jpg\",\"title\":\"Lehman Trilogy\",\"description\":\"La Villarroel\/Grec 2016, Festival de Barcelona\",\"copyright\":\"\",\"order\":17},{\"localizer\":\"V2SLIDE\",\"url\":\"media\/ftgalslide\/31386\/01_076_00037523\/pr_023_t_lehman_252.JPG\",\"thumb_url\":\"media\/ftgalslide\/31386\/01_076_00037523\/pr_023_t_lehman_252_thumb.jpg\",\"title\":\"Lehman Trilogy\",\"description\":\"La Villarroel\/Grec 2016, Festival de Barcelona\",\"copyright\":\"\",\"order\":18},{\"localizer\":\"V2SLIDE\",\"url\":\"media\/ftgalslide\/31386\/01_076_00037524\/pr_011_t_lehman_198.JPG\",\"thumb_url\":\"media\/ftgalslide\/31386\/01_076_00037524\/pr_011_t_lehman_198_thumb.jpg\",\"title\":\"Lehman Trilogy\",\"description\":\"La Villarroel\/Grec 2016, Festival de Barcelona\",\"copyright\":\"\",\"order\":19},{\"localizer\":\"V2SLIDE\",\"url\":\"media\/ftgalslide\/31386\/01_076_00037525\/pr_018_t_lehman_125.JPG\",\"thumb_url\":\"media\/ftgalslide\/31386\/01_076_00037525\/pr_018_t_lehman_125_thumb.jpg\",\"title\":\"Lehman Trilogy\",\"description\":\"La Villarroel\/Grec 2016, Festival de Barcelona\",\"copyright\":\"\",\"order\":20},{\"localizer\":\"VERS_IMATGE_ESPECTACLE\",\"url\":\"media\/ftespect\/31386\/01_020_00037530\/pr_001_t_lehman_281.jpg\",\"thumb_url\":\"media\/ftespect\/31386\/01_020_00037530\/pr_001_t_lehman_281_thumb.jpg\",\"title\":\"Lehman Trilogy\",\"description\":\"Lehman Trilogy\",\"copyright\":\"David Ruano\",\"order\":21},{\"localizer\":\"VERS_IMATGE_ESPECTACLE\",\"url\":\"media\/ftespect\/31386\/01_020_00037531\/pr_002_t_lehman_276.jpg\",\"thumb_url\":\"media\/ftespect\/31386\/01_020_00037531\/pr_002_t_lehman_276_thumb.jpg\",\"title\":\"Lehman Trilogy\",\"description\":\"Lehman Trilogy\",\"copyright\":\"David Ruano\",\"order\":22},{\"localizer\":\"VERS_IMATGE_ESPECTACLE\",\"url\":\"media\/ftespect\/31386\/01_020_00037532\/pr_003_t_lehman_272.jpg\",\"thumb_url\":\"media\/ftespect\/31386\/01_020_00037532\/pr_003_t_lehman_272_thumb.jpg\",\"title\":\"Lehman Trilogy\",\"description\":\"Lehman Trilogy\",\"copyright\":\"David Ruano\",\"order\":23},{\"localizer\":\"VERS_IMATGE_ESPECTACLE\",\"url\":\"media\/ftespect\/31386\/01_020_00037533\/pr_005_t_lehman_239.jpg\",\"thumb_url\":\"media\/ftespect\/31386\/01_020_00037533\/pr_005_t_lehman_239_thumb.jpg\",\"title\":\"Lehman Trilogy\",\"description\":\"Lehman Trilogy\",\"copyright\":\"David Ruano\",\"order\":24},{\"localizer\":\"VERS_IMATGE_ESPECTACLE\",\"url\":\"media\/ftespect\/31386\/01_020_00037535\/pr_011_t_lehman_198.jpg\",\"thumb_url\":\"media\/ftespect\/31386\/01_020_00037535\/pr_011_t_lehman_198_thumb.jpg\",\"title\":\"Lehman Trilogy\",\"description\":\"Lehman Trilogy\",\"copyright\":\"David Ruano\",\"order\":25},{\"localizer\":\"VERS_IMATGE_ESPECTACLE\",\"url\":\"media\/ftespect\/31386\/01_020_00037536\/pr_014_t_lehman_173.jpg\",\"thumb_url\":\"media\/ftespect\/31386\/01_020_00037536\/pr_014_t_lehman_173_thumb.jpg\",\"title\":\"Lehman Trilogy\",\"description\":\"Lehman Trilogy\",\"copyright\":\"David Ruano\",\"order\":26},{\"localizer\":\"VERS_IMATGE_ESPECTACLE\",\"url\":\"media\/ftespect\/31386\/01_020_00037537\/pr_015_t_lehman_166.jpg\",\"thumb_url\":\"media\/ftespect\/31386\/01_020_00037537\/pr_015_t_lehman_166_thumb.jpg\",\"title\":\"Lehman Trilogy\",\"description\":\"Lehman Trilogy\",\"copyright\":\"David Ruano\",\"order\":27},{\"localizer\":\"VERS_IMATGE_ESPECTACLE\",\"url\":\"media\/ftespect\/31386\/01_020_00037538\/pr_017_t_lehman_140.jpg\",\"thumb_url\":\"media\/ftespect\/31386\/01_020_00037538\/pr_017_t_lehman_140_thumb.jpg\",\"title\":\"Lehman Trilogy\",\"description\":\"Lehman Trilogy\",\"copyright\":\"David Ruano\",\"order\":28},{\"localizer\":\"VERS_IMATGE_ESPECTACLE\",\"url\":\"media\/ftespect\/31386\/01_020_00037539\/pr_018_t_lehman_125.jpg\",\"thumb_url\":\"media\/ftespect\/31386\/01_020_00037539\/pr_018_t_lehman_125_thumb.jpg\",\"title\":\"Lehman Trilogy\",\"description\":\"Lehman Trilogy\",\"copyright\":\"David Ruano\",\"order\":29},{\"localizer\":\"VERS_IMATGE_ESPECTACLE\",\"url\":\"media\/ftespect\/31386\/01_020_00037540\/pr_020_t_lehman_068.jpg\",\"thumb_url\":\"media\/ftespect\/31386\/01_020_00037540\/pr_020_t_lehman_068_thumb.jpg\",\"title\":\"Lehman Trilogy\",\"description\":\"Lehman Trilogy\",\"copyright\":\"David Ruano\",\"order\":30},{\"localizer\":\"VERS_IMATGE_ESPECTACLE\",\"url\":\"media\/ftespect\/31386\/01_020_00037541\/pr_021_t_lehman_046.jpg\",\"thumb_url\":\"media\/ftespect\/31386\/01_020_00037541\/pr_021_t_lehman_046_thumb.jpg\",\"title\":\"Lehman Trilogy\",\"description\":\"Lehman Trilogy\",\"copyright\":\"David Ruano\",\"order\":31},{\"localizer\":\"VERS_IMATGE_ESPECTACLE\",\"url\":\"media\/ftespect\/31386\/01_020_00037542\/pr_023_t_lehman_252.jpg\",\"thumb_url\":\"media\/ftespect\/31386\/01_020_00037542\/pr_023_t_lehman_252_thumb.jpg\",\"title\":\"Lehman Trilogy\",\"description\":\"Lehman Trilogy\",\"copyright\":\"David Ruano\",\"order\":32},{\"localizer\":\"VERS_IMATGE_ESPECTACLE\",\"url\":\"media\/ftespect\/31387\/01_020_00037939\/1_critica_lehman_trilogy_ara.jpg\",\"thumb_url\":\"media\/ftespect\/31387\/01_020_00037939\/1_critica_lehman_trilogy_ara_thumb.jpg\",\"title\":\"Santi Fondevila, Ara\",\"description\":\"Lehman Trilogy\",\"copyright\":\"\",\"order\":33},{\"localizer\":\"VERS_IMATGE_ESPECTACLE\",\"url\":\"media\/ftespect\/31387\/01_020_00037940\/1_critica_lehman_trilogy_la_vanguardia.jpg\",\"thumb_url\":\"media\/ftespect\/31387\/01_020_00037940\/1_critica_lehman_trilogy_la_vanguardia_thumb.jpg\",\"title\":\"Joan-Ant\u00f3n Benach, La Vanguardia\",\"description\":\"Lehman Trilogy\",\"copyright\":\"\",\"order\":34},{\"localizer\":\"VERS_IMATGE_ESPECTACLE\",\"url\":\"media\/ftespect\/31387\/01_020_00037941\/1_critica_lehman_trilogy_el_pais.jpg\",\"thumb_url\":\"media\/ftespect\/31387\/01_020_00037941\/1_critica_lehman_trilogy_el_pais_thumb.jpg\",\"title\":\"Juan Carlos Olivares, El Pa\u00eds\",\"description\":\"Lehman Trilogy\",\"copyright\":\"\",\"order\":35},{\"localizer\":\"VERS_IMATGE_ESPECTACLE\",\"url\":\"media\/ftespect\/31387\/01_020_00037942\/1_critica_lehman.jpg\",\"thumb_url\":\"media\/ftespect\/31387\/01_020_00037942\/1_critica_lehman_thumb.jpg\",\"title\":\"Jordi Bordes, El Punt Avui\",\"description\":\"Lehman Trilogy\",\"copyright\":\"\",\"order\":36},{\"localizer\":\"VERS_IMATGE_ESPECTACLE\",\"url\":\"media\/ftespect\/31387\/01_020_00037943\/20160713_ABC_critica_lehman.jpg\",\"thumb_url\":\"media\/ftespect\/31387\/01_020_00037943\/20160713_ABC_critica_lehman_thumb.jpg\",\"title\":\"Sergi Doria, ABC\",\"description\":\"Lehman Trilogy\",\"copyright\":\"\",\"order\":37}]","material__texto_intro":"","data_material":null,"data_gallery":"","data_discounts":"[{\"InfoAddicional\":\"<p><strong>Descomptes per a grups i escoles<br \/><\/strong><\/p>\",\"Url\":\"https:\/\/www.promentrada.com\/ca\/product\/{#CODI#}\",\"Codi\":\"VILL43\",\"LogoUrl\":\"media\/fimage\/31389\/01_005_00038530\/logo_prome_nuevo_v_web.jpg\",\"TitolBoto\":\"Descomptes per a grups i escoles\",\"Type\":\"discount\"},{\"InfoAddicional\":\"<p><strong>Descomptes per a particulars<br \/><\/strong><\/p>\",\"Url\":\"vip.promentrada.com\/ca\/product\/{#CODI#}\",\"Codi\":\"VILL43\",\"LogoUrl\":\"media\/fimage\/31389\/01_005_00038559\/logo_prome_vip_v_web.jpg\",\"TitolBoto\":\"Descomptes per a particulars\",\"Type\":\"discount\"}]","contract_is_open":false,"in_tour":false},"yoast_head":"<!-- This site is optimized with the Yoast SEO plugin v27.5 - https:\/\/yoast.com\/product\/yoast-seo-wordpress\/ -->\n<title>Lehman Trilogy - La Villarroel<\/title>\n<meta name=\"robots\" content=\"index, follow, max-snippet:-1, max-image-preview:large, max-video-preview:-1\" \/>\n<link rel=\"canonical\" href=\"https:\/\/www.lavillarroel.cat\/ca\/ex\/lehman-trilogy\/\" \/>\n<script type=\"application\/ld+json\" class=\"yoast-schema-graph\">{\"@context\":\"https:\\\/\\\/schema.org\",\"@graph\":[{\"@type\":\"WebPage\",\"@id\":\"https:\\\/\\\/www.lavillarroel.cat\\\/ca\\\/ex\\\/lehman-trilogy\\\/\",\"url\":\"https:\\\/\\\/www.lavillarroel.cat\\\/ca\\\/ex\\\/lehman-trilogy\\\/\",\"name\":\"Lehman Trilogy - La Villarroel\",\"isPartOf\":{\"@id\":\"https:\\\/\\\/www.lavillarroel.cat\\\/ca\\\/#website\"},\"datePublished\":\"2017-09-19T06:39:48+00:00\",\"breadcrumb\":{\"@id\":\"https:\\\/\\\/www.lavillarroel.cat\\\/ca\\\/ex\\\/lehman-trilogy\\\/#breadcrumb\"},\"inLanguage\":\"ca\",\"potentialAction\":[{\"@type\":\"ReadAction\",\"target\":[\"https:\\\/\\\/www.lavillarroel.cat\\\/ca\\\/ex\\\/lehman-trilogy\\\/\"]}]},{\"@type\":\"BreadcrumbList\",\"@id\":\"https:\\\/\\\/www.lavillarroel.cat\\\/ca\\\/ex\\\/lehman-trilogy\\\/#breadcrumb\",\"itemListElement\":[{\"@type\":\"ListItem\",\"position\":1,\"name\":\"Inici\",\"item\":\"https:\\\/\\\/www.lavillarroel.cat\\\/ca\\\/\"},{\"@type\":\"ListItem\",\"position\":2,\"name\":\"Espectacles\",\"item\":\"https:\\\/\\\/www.lavillarroel.cat\\\/ca\\\/ex\\\/\"},{\"@type\":\"ListItem\",\"position\":3,\"name\":\"Lehman Trilogy\"}]},{\"@type\":\"WebSite\",\"@id\":\"https:\\\/\\\/www.lavillarroel.cat\\\/ca\\\/#website\",\"url\":\"https:\\\/\\\/www.lavillarroel.cat\\\/ca\\\/\",\"name\":\"La Villarroel\",\"description\":\"\",\"publisher\":{\"@id\":\"https:\\\/\\\/www.lavillarroel.cat\\\/ca\\\/#organization\"},\"potentialAction\":[{\"@type\":\"SearchAction\",\"target\":{\"@type\":\"EntryPoint\",\"urlTemplate\":\"https:\\\/\\\/www.lavillarroel.cat\\\/ca\\\/?s={search_term_string}\"},\"query-input\":{\"@type\":\"PropertyValueSpecification\",\"valueRequired\":true,\"valueName\":\"search_term_string\"}}],\"inLanguage\":\"ca\"},{\"@type\":\"Organization\",\"@id\":\"https:\\\/\\\/www.lavillarroel.cat\\\/ca\\\/#organization\",\"name\":\"La Villarroel\",\"url\":\"https:\\\/\\\/www.lavillarroel.cat\\\/ca\\\/\",\"logo\":{\"@type\":\"ImageObject\",\"inLanguage\":\"ca\",\"@id\":\"https:\\\/\\\/www.lavillarroel.cat\\\/ca\\\/#\\\/schema\\\/logo\\\/image\\\/\",\"url\":\"https:\\\/\\\/www.lavillarroel.cat\\\/wp-content\\\/uploads\\\/sites\\\/5\\\/2017\\\/09\\\/teatre-villaroel-logo.svg\",\"contentUrl\":\"https:\\\/\\\/www.lavillarroel.cat\\\/wp-content\\\/uploads\\\/sites\\\/5\\\/2017\\\/09\\\/teatre-villaroel-logo.svg\",\"width\":1,\"height\":1,\"caption\":\"La Villarroel\"},\"image\":{\"@id\":\"https:\\\/\\\/www.lavillarroel.cat\\\/ca\\\/#\\\/schema\\\/logo\\\/image\\\/\"},\"sameAs\":[\"http:\\\/\\\/www.facebook.com\\\/TeatreVillarroel\",\"https:\\\/\\\/x.com\\\/la_villarroel\",\"http:\\\/\\\/instagram.com\\\/la_villarroel\",\"http:\\\/\\\/www.youtube.com\\\/user\\\/LaVillarroel#p\\\/u\"]}]}<\/script>\n<!-- \/ Yoast SEO plugin. -->","yoast_head_json":{"title":"Lehman Trilogy - La Villarroel","robots":{"index":"index","follow":"follow","max-snippet":"max-snippet:-1","max-image-preview":"max-image-preview:large","max-video-preview":"max-video-preview:-1"},"canonical":"https:\/\/www.lavillarroel.cat\/ca\/ex\/lehman-trilogy\/","schema":{"@context":"https:\/\/schema.org","@graph":[{"@type":"WebPage","@id":"https:\/\/www.lavillarroel.cat\/ca\/ex\/lehman-trilogy\/","url":"https:\/\/www.lavillarroel.cat\/ca\/ex\/lehman-trilogy\/","name":"Lehman Trilogy - La Villarroel","isPartOf":{"@id":"https:\/\/www.lavillarroel.cat\/ca\/#website"},"datePublished":"2017-09-19T06:39:48+00:00","breadcrumb":{"@id":"https:\/\/www.lavillarroel.cat\/ca\/ex\/lehman-trilogy\/#breadcrumb"},"inLanguage":"ca","potentialAction":[{"@type":"ReadAction","target":["https:\/\/www.lavillarroel.cat\/ca\/ex\/lehman-trilogy\/"]}]},{"@type":"BreadcrumbList","@id":"https:\/\/www.lavillarroel.cat\/ca\/ex\/lehman-trilogy\/#breadcrumb","itemListElement":[{"@type":"ListItem","position":1,"name":"Inici","item":"https:\/\/www.lavillarroel.cat\/ca\/"},{"@type":"ListItem","position":2,"name":"Espectacles","item":"https:\/\/www.lavillarroel.cat\/ca\/ex\/"},{"@type":"ListItem","position":3,"name":"Lehman Trilogy"}]},{"@type":"WebSite","@id":"https:\/\/www.lavillarroel.cat\/ca\/#website","url":"https:\/\/www.lavillarroel.cat\/ca\/","name":"La Villarroel","description":"","publisher":{"@id":"https:\/\/www.lavillarroel.cat\/ca\/#organization"},"potentialAction":[{"@type":"SearchAction","target":{"@type":"EntryPoint","urlTemplate":"https:\/\/www.lavillarroel.cat\/ca\/?s={search_term_string}"},"query-input":{"@type":"PropertyValueSpecification","valueRequired":true,"valueName":"search_term_string"}}],"inLanguage":"ca"},{"@type":"Organization","@id":"https:\/\/www.lavillarroel.cat\/ca\/#organization","name":"La Villarroel","url":"https:\/\/www.lavillarroel.cat\/ca\/","logo":{"@type":"ImageObject","inLanguage":"ca","@id":"https:\/\/www.lavillarroel.cat\/ca\/#\/schema\/logo\/image\/","url":"https:\/\/www.lavillarroel.cat\/wp-content\/uploads\/sites\/5\/2017\/09\/teatre-villaroel-logo.svg","contentUrl":"https:\/\/www.lavillarroel.cat\/wp-content\/uploads\/sites\/5\/2017\/09\/teatre-villaroel-logo.svg","width":1,"height":1,"caption":"La Villarroel"},"image":{"@id":"https:\/\/www.lavillarroel.cat\/ca\/#\/schema\/logo\/image\/"},"sameAs":["http:\/\/www.facebook.com\/TeatreVillarroel","https:\/\/x.com\/la_villarroel","http:\/\/instagram.com\/la_villarroel","http:\/\/www.youtube.com\/user\/LaVillarroel#p\/u"]}]}},"translations":[{"id":2643,"locale":"ca"},{"id":2848,"locale":"es"}],"_links":{"self":[{"href":"https:\/\/www.lavillarroel.cat\/ca\/wp-json\/wp\/v2\/ex\/2643","targetHints":{"allow":["GET"]}}],"collection":[{"href":"https:\/\/www.lavillarroel.cat\/ca\/wp-json\/wp\/v2\/ex"}],"about":[{"href":"https:\/\/www.lavillarroel.cat\/ca\/wp-json\/wp\/v2\/types\/ex"}],"author":[{"embeddable":true,"href":"https:\/\/www.lavillarroel.cat\/ca\/wp-json\/wp\/v2\/users\/2"}],"replies":[{"embeddable":true,"href":"https:\/\/www.lavillarroel.cat\/ca\/wp-json\/wp\/v2\/comments?post=2643"}],"acf:term":[{"embeddable":true,"taxonomy":"season","href":"https:\/\/www.lavillarroel.cat\/ca\/wp-json\/wp\/v2\/season\/62"}],"wp:attachment":[{"href":"https:\/\/www.lavillarroel.cat\/ca\/wp-json\/wp\/v2\/media?parent=2643"}],"curies":[{"name":"wp","href":"https:\/\/api.w.org\/{rel}","templated":true}]}}