{"id":2650,"date":"2017-09-19T08:39:55","date_gmt":"2017-09-19T06:39:55","guid":{"rendered":"https:\/\/pre.lavillarroel.cat\/ex\/\/els-tres-aniversaris\/"},"modified":"2017-09-19T08:39:55","modified_gmt":"2017-09-19T06:39:55","slug":"els-tres-aniversaris","status":"publish","type":"ex","link":"https:\/\/www.lavillarroel.cat\/ca\/ex\/els-tres-aniversaris\/","title":{"rendered":"Els tres aniversaris"},"content":{"rendered":"","protected":false},"excerpt":{"rendered":"","protected":false},"author":2,"featured_media":0,"comment_status":"closed","ping_status":"open","template":"","class_list":["post-2650","ex","type-ex","status-publish","hentry","season-2016-17"],"acf":{"txt_synopsis":"La Irina celebra el seu aniversari. Havia planejat una gran festa amb m\u00fasica, ball i molts convidats. Per\u00f2 la Irina s'avorreix. Els pocs convidats que han vingut estan asseguts a terra desganats i el seu germ\u00e0 Andrei ha vingut amb una nova parella, embarassada.<br \/><br \/>Les seves germanes tampoc contribueixen gaire a que s'estengui l'alegria: la Masha est\u00e0 atrapada en un matrimoni sense amor i flirteja amb Georg, l'\u00fanic amic casat de l\u2019Andrei. L'Olga \u00e9s l'\u00fanica dels quatre que treballa i ha de finan\u00e7ar tota la fam\u00edlia. L'her\u00e8ncia que van deixar els seus pares va ser malgastada fa temps i la casa familiar est\u00e0 molt deteriorada. <br \/><br \/>La festa d'aniversari fracassa tamb\u00e9 els dos anys seg\u00fcents a causa d'un nou embar\u00e0s, una aventura amorosa, intents de su\u00efcidi, deutes, manca de feina i perspectives vitals. I la solidaritat entre les tres germanes es posa a prova.<br \/><br \/>Els personatges de Kriecheldorf tenen una extrema capacitat anal\u00edtica, i aix\u00f2 els submergeix encara m\u00e9s en el dolor de saber-se fracassats en el terreny personal i social, i de veure reflectit el seu propi frac\u00e0s en el de l'altre. La decad\u00e8ncia de la casa dels germans representa aix\u00ed l'exterioritzaci\u00f3 d'aquest sentiment de ru\u00efna i degradaci\u00f3. \n<p align=\"center\">&nbsp;<\/p>\n<p align=\"center\"><a href=\"http:\/\/bit.ly\/LaTemporada16-17-GrupFocus\"><strong>Consulta la nostra revista de La Temporada 2016-2017 amb la programaci\u00f3 al detall de tots els teatres del Grup Focus<\/strong><\/a>&nbsp;<\/p>","main_buy_link":"","main_buy_links":"","group_buy_link":"","show_language":"","show_duration":"","show_start_date":"20170505000000","show_end_date":"20170611000000","show_sort_date":"20170505000000","txt_custom_show_dates":"del 5 de maig a l'11 de juny de 2017","show_disciplines":"","show_ultimes_funcions":false,"hide_tarifes_especials":false,"show_properament":false,"txt_additional_info":"","txt_present":"","show_season":[63],"txt_season":"[\"2016\/17\"]","txt_cycle":"","txt_claim":"","txt_cast_excerpt":"","txt_cast":"<p><strong>Autoria:<\/strong> Rebekka Kricheldorf <br \/><strong>Traducci\u00f3:<\/strong> Joan Negri\u00e9 <br \/><strong>Revisi\u00f3 text:<\/strong> Montse Sard\u00e0 <br \/><strong>Direcci\u00f3:<\/strong> Jordi Prat i Coll<\/p>\n<p><strong>Repartiment: <br \/><\/strong>Anna Alarc\u00f3n (Masha) <br \/>Rosa Boladeras (Irina)<br \/>Miranda Gas (Janine)<br \/>Joan Negri\u00e9 (Andrei)<br \/>Vict\u00f2ria Pag\u00e8s (Olga)<br \/>Albert Triola (Georg)<\/p>\n<p><strong>Disseny escenografia:<\/strong> Enric Planas<br \/><strong>Disseny de vestuari:<\/strong> Miriam Compte<br \/><strong>Disseny de llums:<\/strong> David Bofarull<br \/><strong>Disseny de so:<\/strong> Guillem Rodr\u00edguez i Joan Sol\u00e9 Mart\u00ed<br \/><strong>Disseny gr\u00e0fic i fotografies:<\/strong> Jordi Egea<br \/><strong>Confecci\u00f3 de vestuari:<\/strong> Nen\u00e9 Fern\u00e1ndez<br \/><strong>Ajud.de direcci\u00f3 i regidoria:<\/strong> Montse Tix\u00e9<\/p>\n<p><strong>Producci\u00f3:<\/strong> Eloi lsern i Paloma Arza<br \/><strong>Premsa:<\/strong> Maria Bravo<br \/><strong>Cap t\u00e8cnic:<\/strong> Ramon Beneito<\/p>\n<p><strong>Premsa La Villarroel:<\/strong> Marta Ferra i Anna Casasayas<br \/><strong>M\u00e0rqueting i comunicaci\u00f3:<\/strong> Publispec<br \/><strong>Cap t\u00e8cnic La Villarroel:<\/strong> Jaume Feixas<\/p>\n<p>Producci\u00f3 <strong>Sala Trono <\/strong>en coproducci\u00f3 amb <strong>La Villarroel<\/strong>, <strong>Teatres de Tarragona<\/strong>, <strong>Teatre Bartrina de Reus<\/strong> i <strong>Teatres de Valls<\/strong> i la col\u00b7laboraci\u00f3 <strong>Teatre de Salt<\/strong><br \/>Agra\u00efments <strong>Nau lvanow, Sala Beckett, Xavi Buxeda, Cristina Repullo <\/strong>i <strong>Espai Dol\u00e7<\/strong><br \/><em><br \/>La traducci\u00f3 ha estat possible gr\u00e0cies al suport de Goethe-Institut Barcelona.<\/em><\/p>\n<p><strong>Edat recomanada:<\/strong> Majors de&nbsp;7 anys.* <\/p>\n<p><em>*Aquesta recomanaci\u00f3 no impedeix l'acc\u00e9s a la sala.<\/em><\/p>","txt_reviews":"","hashtag":"","have_promo":"","slogan":"","id_exhibicio":1357,"id_versio":1114,"id_local":4,"txt_seo_desc":"","data_images":"[{\"localizer\":\"V2CARTELL\",\"url\":\"media\/ver\/cartell\/313E7\/01_079_00040413\/3Aniv_Canal_405x579_Mar17.jpg\",\"thumb_url\":\"media\/ver\/cartell\/313E7\/01_079_00040413\/3Aniv_Canal_405x579_Mar17_thumb.jpg\",\"title\":\"Els tres aniversaris\",\"description\":\"Els tres aniversaris\",\"copyright\":\"\",\"order\":9},{\"localizer\":\"V2SLIDE\",\"url\":\"media\/ftgalslide\/313E7\/01_076_00040414\/3Aniv_Imatge_AR.jpg\",\"thumb_url\":\"media\/ftgalslide\/313E7\/01_076_00040414\/3Aniv_Imatge_AR_thumb.jpg\",\"title\":\"Els tres aniversaris\",\"description\":\"La Villarroel\",\"copyright\":\"\",\"order\":10},{\"localizer\":\"V2SLIDE\",\"url\":\"media\/ftgalslide\/313E7\/01_076_00040415\/DSC_0102_AR.jpg\",\"thumb_url\":\"media\/ftgalslide\/313E7\/01_076_00040415\/DSC_0102_AR_thumb.jpg\",\"title\":\"Els tres aniversaris\",\"description\":\"La Villarroel\",\"copyright\":\"\",\"order\":11},{\"localizer\":\"V2SLIDE\",\"url\":\"media\/ftgalslide\/313E7\/01_076_00040416\/DSC_0156_2_AR.jpg\",\"thumb_url\":\"media\/ftgalslide\/313E7\/01_076_00040416\/DSC_0156_2_AR_thumb.jpg\",\"title\":\"Els tres aniversaris\",\"description\":\"La Villarroel\",\"copyright\":\"\",\"order\":12},{\"localizer\":\"V2SLIDE\",\"url\":\"media\/ftgalslide\/313E7\/01_076_00040417\/DSC_0161_AR.jpg\",\"thumb_url\":\"media\/ftgalslide\/313E7\/01_076_00040417\/DSC_0161_AR_thumb.jpg\",\"title\":\"Els tres aniversaris\",\"description\":\"La Villarroel\",\"copyright\":\"\",\"order\":13},{\"localizer\":\"V2SLIDE\",\"url\":\"media\/ftgalslide\/313E7\/01_076_00040418\/DSC_0178_AR.jpg\",\"thumb_url\":\"media\/ftgalslide\/313E7\/01_076_00040418\/DSC_0178_AR_thumb.jpg\",\"title\":\"Els tres aniversaris\",\"description\":\"La Villarroel\",\"copyright\":\"\",\"order\":14},{\"localizer\":\"V2SLIDE\",\"url\":\"media\/ftgalslide\/313E7\/01_076_00040419\/DSC_0229_AR.jpg\",\"thumb_url\":\"media\/ftgalslide\/313E7\/01_076_00040419\/DSC_0229_AR_thumb.jpg\",\"title\":\"Els tres aniversaris\",\"description\":\"La Villarroel\",\"copyright\":\"\",\"order\":15},{\"localizer\":\"V2SLIDE\",\"url\":\"media\/ftgalslide\/313E7\/01_076_00040420\/DSC_0242_AR.jpg\",\"thumb_url\":\"media\/ftgalslide\/313E7\/01_076_00040420\/DSC_0242_AR_thumb.jpg\",\"title\":\"Els tres aniversaris\",\"description\":\"La Villarroel\",\"copyright\":\"\",\"order\":16},{\"localizer\":\"V2SLIDE\",\"url\":\"media\/ftgalslide\/313E7\/01_076_00040421\/DSC_0252_AR.jpg\",\"thumb_url\":\"media\/ftgalslide\/313E7\/01_076_00040421\/DSC_0252_AR_thumb.jpg\",\"title\":\"Les tres germanes\",\"description\":\"La Villarroel\",\"copyright\":\"\",\"order\":17},{\"localizer\":\"V2SLIDE\",\"url\":\"media\/ftgalslide\/313E7\/01_076_00040422\/DSC_0279_AR.jpg\",\"thumb_url\":\"media\/ftgalslide\/313E7\/01_076_00040422\/DSC_0279_AR_thumb.jpg\",\"title\":\"Els tres aniversaris\",\"description\":\"La Villarroel\",\"copyright\":\"\",\"order\":18},{\"localizer\":\"V2SLIDE\",\"url\":\"media\/ftgalslide\/313E7\/01_076_00040423\/DSC_0304_AR.jpg\",\"thumb_url\":\"media\/ftgalslide\/313E7\/01_076_00040423\/DSC_0304_AR_thumb.jpg\",\"title\":\"Els tres aniversaris\",\"description\":\"La Villarroel\",\"copyright\":\"\",\"order\":19},{\"localizer\":\"V2SLIDE\",\"url\":\"media\/ftgalslide\/313E7\/01_076_00040424\/DSC_0321_AR.jpg\",\"thumb_url\":\"media\/ftgalslide\/313E7\/01_076_00040424\/DSC_0321_AR_thumb.jpg\",\"title\":\"Els tres aniversaris\",\"description\":\"La Villarroel\",\"copyright\":\"\",\"order\":20},{\"localizer\":\"V2SLIDE\",\"url\":\"media\/ftgalslide\/313E7\/01_076_00040425\/DSC_0335_AR.jpg\",\"thumb_url\":\"media\/ftgalslide\/313E7\/01_076_00040425\/DSC_0335_AR_thumb.jpg\",\"title\":\"Els tres aniversaris\",\"description\":\"La Villarroel\",\"copyright\":\"\",\"order\":21},{\"localizer\":\"V2SLIDE\",\"url\":\"media\/ftgalslide\/313E7\/01_076_00040426\/DSC_0338_AR.jpg\",\"thumb_url\":\"media\/ftgalslide\/313E7\/01_076_00040426\/DSC_0338_AR_thumb.jpg\",\"title\":\"Els tres aniversaris\",\"description\":\"La Villarroel\",\"copyright\":\"\",\"order\":22},{\"localizer\":\"V2SLIDE\",\"url\":\"media\/ftgalslide\/313E7\/01_076_00040427\/DSC_0361_AR.jpg\",\"thumb_url\":\"media\/ftgalslide\/313E7\/01_076_00040427\/DSC_0361_AR_thumb.jpg\",\"title\":\"Els tres aniversaris\",\"description\":\"La Villarroel\",\"copyright\":\"\",\"order\":23},{\"localizer\":\"VERS_IMATGE_ESPECTACLE\",\"url\":\"media\/ftespect\/313E7\/01_020_00040445\/3AnivImatgeAR.jpg\",\"thumb_url\":\"media\/ftespect\/313E7\/01_020_00040445\/3AnivImatgeAR_thumb.jpg\",\"title\":\"Els tres aniversaris\",\"description\":\"Els tres aniversaris\",\"copyright\":\"\",\"order\":24},{\"localizer\":\"VERS_IMATGE_ESPECTACLE\",\"url\":\"media\/ftespect\/313E7\/01_020_00040446\/DSC_0102_AR.jpg\",\"thumb_url\":\"media\/ftespect\/313E7\/01_020_00040446\/DSC_0102_AR_thumb.jpg\",\"title\":\"Els tres aniversaris\",\"description\":\"Els tres aniversaris\",\"copyright\":\"\",\"order\":25},{\"localizer\":\"VERS_IMATGE_ESPECTACLE\",\"url\":\"media\/ftespect\/313E7\/01_020_00040447\/DSC_0156_2_AR.jpg\",\"thumb_url\":\"media\/ftespect\/313E7\/01_020_00040447\/DSC_0156_2_AR_thumb.jpg\",\"title\":\"Els tres aniversaris\",\"description\":\"Els tres aniversaris\",\"copyright\":\"\",\"order\":26},{\"localizer\":\"VERS_IMATGE_ESPECTACLE\",\"url\":\"media\/ftespect\/313E7\/01_020_00040448\/DSC_0161_AR.jpg\",\"thumb_url\":\"media\/ftespect\/313E7\/01_020_00040448\/DSC_0161_AR_thumb.jpg\",\"title\":\"Els tres aniversaris\",\"description\":\"Els tres aniversaris\",\"copyright\":\"\",\"order\":27},{\"localizer\":\"VERS_IMATGE_ESPECTACLE\",\"url\":\"media\/ftespect\/313E7\/01_020_00040449\/DSC_0178_AR.jpg\",\"thumb_url\":\"media\/ftespect\/313E7\/01_020_00040449\/DSC_0178_AR_thumb.jpg\",\"title\":\"Els tres aniversaris\",\"description\":\"Els tres aniversaris\",\"copyright\":\"\",\"order\":28},{\"localizer\":\"VERS_IMATGE_ESPECTACLE\",\"url\":\"media\/ftespect\/313E7\/01_020_00040450\/DSC_0229_AR.jpg\",\"thumb_url\":\"media\/ftespect\/313E7\/01_020_00040450\/DSC_0229_AR_thumb.jpg\",\"title\":\"Els tres aniversaris\",\"description\":\"Els tres aniversaris\",\"copyright\":\"\",\"order\":29},{\"localizer\":\"VERS_IMATGE_ESPECTACLE\",\"url\":\"media\/ftespect\/313E7\/01_020_00040451\/DSC_0242_AR.jpg\",\"thumb_url\":\"media\/ftespect\/313E7\/01_020_00040451\/DSC_0242_AR_thumb.jpg\",\"title\":\"Els tres aniversaris\",\"description\":\"Els tres aniversaris\",\"copyright\":\"\",\"order\":30},{\"localizer\":\"VERS_IMATGE_ESPECTACLE\",\"url\":\"media\/ftespect\/313E7\/01_020_00040452\/DSC_0252_AR.jpg\",\"thumb_url\":\"media\/ftespect\/313E7\/01_020_00040452\/DSC_0252_AR_thumb.jpg\",\"title\":\"Els tres aniversaris\",\"description\":\"Els tres aniversaris\",\"copyright\":\"\",\"order\":31},{\"localizer\":\"VERS_IMATGE_ESPECTACLE\",\"url\":\"media\/ftespect\/313E7\/01_020_00040453\/DSC_0279AR.jpg\",\"thumb_url\":\"media\/ftespect\/313E7\/01_020_00040453\/DSC_0279AR_thumb.jpg\",\"title\":\"Els tres aniversaris\",\"description\":\"Els tres aniversaris\",\"copyright\":\"\",\"order\":32},{\"localizer\":\"VERS_IMATGE_ESPECTACLE\",\"url\":\"media\/ftespect\/313E7\/01_020_00040454\/DSC_0304_AR.jpg\",\"thumb_url\":\"media\/ftespect\/313E7\/01_020_00040454\/DSC_0304_AR_thumb.jpg\",\"title\":\"Els tres aniversaris\",\"description\":\"Els tres aniversaris\",\"copyright\":\"\",\"order\":33},{\"localizer\":\"VERS_IMATGE_ESPECTACLE\",\"url\":\"media\/ftespect\/313E7\/01_020_00040455\/DSC_0321_AR.jpg\",\"thumb_url\":\"media\/ftespect\/313E7\/01_020_00040455\/DSC_0321_AR_thumb.jpg\",\"title\":\"Els tres aniversaris\",\"description\":\"Els tres aniversaris\",\"copyright\":\"\",\"order\":34},{\"localizer\":\"VERS_IMATGE_ESPECTACLE\",\"url\":\"media\/ftespect\/313E7\/01_020_00040456\/DSC_0335_AR.jpg\",\"thumb_url\":\"media\/ftespect\/313E7\/01_020_00040456\/DSC_0335_AR_thumb.jpg\",\"title\":\"Els tres aniversaris\",\"description\":\"Els tres aniversaris\",\"copyright\":\"\",\"order\":35},{\"localizer\":\"VERS_IMATGE_ESPECTACLE\",\"url\":\"media\/ftespect\/313E7\/01_020_00040457\/DSC_0338_AR.jpg\",\"thumb_url\":\"media\/ftespect\/313E7\/01_020_00040457\/DSC_0338_AR_thumb.jpg\",\"title\":\"Els tres aniversaris\",\"description\":\"Els tres aniversaris\",\"copyright\":\"\",\"order\":36},{\"localizer\":\"VERS_IMATGE_ESPECTACLE\",\"url\":\"media\/ftespect\/313E7\/01_020_00040458\/DSC_0361_AR.jpg\",\"thumb_url\":\"media\/ftespect\/313E7\/01_020_00040458\/DSC_0361_AR_thumb.jpg\",\"title\":\"Els tres aniversaris\",\"description\":\"Els tres aniversaris\",\"copyright\":\"\",\"order\":37},{\"localizer\":\"V2SLIDE\",\"url\":\"media\/ftgalslide\/313E9\/01_076_00040925\/DSC_0074_MR.jpg\",\"thumb_url\":\"media\/ftgalslide\/313E9\/01_076_00040925\/DSC_0074_MR_thumb.jpg\",\"title\":\"Els tres aniversaris\",\"description\":\"La Villarroel\",\"copyright\":\"\",\"order\":38},{\"localizer\":\"V2SLIDE\",\"url\":\"media\/ftgalslide\/313E9\/01_076_00040926\/DSC_0104_MR.jpg\",\"thumb_url\":\"media\/ftgalslide\/313E9\/01_076_00040926\/DSC_0104_MR_thumb.jpg\",\"title\":\"Els tres aniversaris\",\"description\":\"La Villarroel\",\"copyright\":\"\",\"order\":39},{\"localizer\":\"V2SLIDE\",\"url\":\"media\/ftgalslide\/313E9\/01_076_00040927\/DSC_0392_MR.jpg\",\"thumb_url\":\"media\/ftgalslide\/313E9\/01_076_00040927\/DSC_0392_MR_thumb.jpg\",\"title\":\"Els tres aniversaris\",\"description\":\"La Villarroel\",\"copyright\":\"\",\"order\":40},{\"localizer\":\"V2SLIDE\",\"url\":\"media\/ftgalslide\/313E9\/01_076_00040928\/DSC_0402_MR.jpg\",\"thumb_url\":\"media\/ftgalslide\/313E9\/01_076_00040928\/DSC_0402_MR_thumb.jpg\",\"title\":\"Els tres aniversaris\",\"description\":\"La Villarroel\",\"copyright\":\"\",\"order\":41},{\"localizer\":\"V2SLIDE\",\"url\":\"media\/ftgalslide\/313E9\/01_076_00040929\/DSC_0504_MR.jpg\",\"thumb_url\":\"media\/ftgalslide\/313E9\/01_076_00040929\/DSC_0504_MR_thumb.jpg\",\"title\":\"Els tres aniversaris\",\"description\":\"La Villarroel\",\"copyright\":\"\",\"order\":42},{\"localizer\":\"V2SLIDE\",\"url\":\"media\/ftgalslide\/313E9\/01_076_00040930\/DSC_0576_MR.jpg\",\"thumb_url\":\"media\/ftgalslide\/313E9\/01_076_00040930\/DSC_0576_MR_thumb.jpg\",\"title\":\"Els tres aniversaris\",\"description\":\"La Villarroel\",\"copyright\":\"\",\"order\":43},{\"localizer\":\"V2SLIDE\",\"url\":\"media\/ftgalslide\/313E9\/01_076_00040931\/DSC_0748_MR.jpg\",\"thumb_url\":\"media\/ftgalslide\/313E9\/01_076_00040931\/DSC_0748_MR_thumb.jpg\",\"title\":\"Els tres aniversaris\",\"description\":\"La Villarroel\",\"copyright\":\"\",\"order\":44},{\"localizer\":\"V2SLIDE\",\"url\":\"media\/ftgalslide\/313E9\/01_076_00040932\/DSC_0882_MR.jpg\",\"thumb_url\":\"media\/ftgalslide\/313E9\/01_076_00040932\/DSC_0882_MR_thumb.jpg\",\"title\":\"Els tres aniversaris\",\"description\":\"La Villarroel\",\"copyright\":\"\",\"order\":45},{\"localizer\":\"V2SLIDE\",\"url\":\"media\/ftgalslide\/313E9\/01_076_00040933\/DSC_0945_MR.jpg\",\"thumb_url\":\"media\/ftgalslide\/313E9\/01_076_00040933\/DSC_0945_MR_thumb.jpg\",\"title\":\"Els tres aniversaris\",\"description\":\"La Villarroel\",\"copyright\":\"\",\"order\":46},{\"localizer\":\"V2SLIDE\",\"url\":\"media\/ftgalslide\/313E9\/01_076_00040934\/DSC_0063_MR.jpg\",\"thumb_url\":\"media\/ftgalslide\/313E9\/01_076_00040934\/DSC_0063_MR_thumb.jpg\",\"title\":\"Els tres aniversaris\",\"description\":\"La Villarroel\",\"copyright\":\"\",\"order\":47},{\"localizer\":\"VERS_IMATGE_ESPECTACLE\",\"url\":\"media\/ftespect\/313E9\/01_020_00040935\/DSC_0063_MR.jpg\",\"thumb_url\":\"media\/ftespect\/313E9\/01_020_00040935\/DSC_0063_MR_thumb.jpg\",\"title\":\"Els tres aniversaris\",\"description\":\"Els tres aniversaris\",\"copyright\":\"\",\"order\":48},{\"localizer\":\"VERS_IMATGE_ESPECTACLE\",\"url\":\"media\/ftespect\/313E9\/01_020_00040936\/DSC_0074_MR.jpg\",\"thumb_url\":\"media\/ftespect\/313E9\/01_020_00040936\/DSC_0074_MR_thumb.jpg\",\"title\":\"Els tres aniversaris\",\"description\":\"Els tres aniversaris\",\"copyright\":\"\",\"order\":49},{\"localizer\":\"VERS_IMATGE_ESPECTACLE\",\"url\":\"media\/ftespect\/313E9\/01_020_00040937\/DSC_0104_MR.jpg\",\"thumb_url\":\"media\/ftespect\/313E9\/01_020_00040937\/DSC_0104_MR_thumb.jpg\",\"title\":\"Els tres aniversaris\",\"description\":\"Els tres aniversaris\",\"copyright\":\"\",\"order\":50},{\"localizer\":\"VERS_IMATGE_ESPECTACLE\",\"url\":\"media\/ftespect\/313E9\/01_020_00040938\/DSC_0323_MR.jpg\",\"thumb_url\":\"media\/ftespect\/313E9\/01_020_00040938\/DSC_0323_MR_thumb.jpg\",\"title\":\"Els tres aniversaris\",\"description\":\"Els tres aniversaris\",\"copyright\":\"\",\"order\":51},{\"localizer\":\"VERS_IMATGE_ESPECTACLE\",\"url\":\"media\/ftespect\/313E9\/01_020_00040939\/DSC_0375_MR.jpg\",\"thumb_url\":\"media\/ftespect\/313E9\/01_020_00040939\/DSC_0375_MR_thumb.jpg\",\"title\":\"Els tres aniversaris\",\"description\":\"Els tres aniversaris\",\"copyright\":\"\",\"order\":52},{\"localizer\":\"VERS_IMATGE_ESPECTACLE\",\"url\":\"media\/ftespect\/313E9\/01_020_00040940\/DSC_0392_MR.jpg\",\"thumb_url\":\"media\/ftespect\/313E9\/01_020_00040940\/DSC_0392_MR_thumb.jpg\",\"title\":\"Els tres aniversaris\",\"description\":\"Els tres aniversaris\",\"copyright\":\"\",\"order\":53},{\"localizer\":\"VERS_IMATGE_ESPECTACLE\",\"url\":\"media\/ftespect\/313E9\/01_020_00040941\/DSC_0402_MR.jpg\",\"thumb_url\":\"media\/ftespect\/313E9\/01_020_00040941\/DSC_0402_MR_thumb.jpg\",\"title\":\"Els tres aniversaris\",\"description\":\"Els tres aniversaris\",\"copyright\":\"\",\"order\":54},{\"localizer\":\"VERS_IMATGE_ESPECTACLE\",\"url\":\"media\/ftespect\/313E9\/01_020_00040942\/DSC_0504_MR.jpg\",\"thumb_url\":\"media\/ftespect\/313E9\/01_020_00040942\/DSC_0504_MR_thumb.jpg\",\"title\":\"Els tres aniversaris\",\"description\":\"Els tres aniversaris\",\"copyright\":\"\",\"order\":55},{\"localizer\":\"VERS_IMATGE_ESPECTACLE\",\"url\":\"media\/ftespect\/313E9\/01_020_00040943\/DSC_0532_MR.jpg\",\"thumb_url\":\"media\/ftespect\/313E9\/01_020_00040943\/DSC_0532_MR_thumb.jpg\",\"title\":\"Els tres aniversaris\",\"description\":\"Els tres aniversaris\",\"copyright\":\"\",\"order\":56},{\"localizer\":\"VERS_IMATGE_ESPECTACLE\",\"url\":\"media\/ftespect\/313E9\/01_020_00040944\/DSC_0576_MR.jpg\",\"thumb_url\":\"media\/ftespect\/313E9\/01_020_00040944\/DSC_0576_MR_thumb.jpg\",\"title\":\"Els tres aniversaris\",\"description\":\"Els tres aniversaris\",\"copyright\":\"\",\"order\":57},{\"localizer\":\"VERS_IMATGE_ESPECTACLE\",\"url\":\"media\/ftespect\/313E9\/01_020_00040945\/DSC_0576_MR.jpg\",\"thumb_url\":\"media\/ftespect\/313E9\/01_020_00040945\/DSC_0576_MR_thumb.jpg\",\"title\":\"Els tres aniversaris\",\"description\":\"Els tres aniversaris\",\"copyright\":\"\",\"order\":58},{\"localizer\":\"VERS_IMATGE_ESPECTACLE\",\"url\":\"media\/ftespect\/313E9\/01_020_00040946\/DSC_0748_MR.jpg\",\"thumb_url\":\"media\/ftespect\/313E9\/01_020_00040946\/DSC_0748_MR_thumb.jpg\",\"title\":\"Els tres aniversaris\",\"description\":\"Els tres aniversaris\",\"copyright\":\"\",\"order\":59},{\"localizer\":\"VERS_IMATGE_ESPECTACLE\",\"url\":\"media\/ftespect\/313E9\/01_020_00040947\/DSC_0804_MR.jpg\",\"thumb_url\":\"media\/ftespect\/313E9\/01_020_00040947\/DSC_0804_MR_thumb.jpg\",\"title\":\"Els tres aniversaris\",\"description\":\"Els tres aniversaris\",\"copyright\":\"\",\"order\":60},{\"localizer\":\"VERS_IMATGE_ESPECTACLE\",\"url\":\"media\/ftespect\/313E9\/01_020_00040948\/DSC_0882_MR.jpg\",\"thumb_url\":\"media\/ftespect\/313E9\/01_020_00040948\/DSC_0882_MR_thumb.jpg\",\"title\":\"Els tres aniversaris\",\"description\":\"Els tres aniversaris\",\"copyright\":\"\",\"order\":61},{\"localizer\":\"VERS_IMATGE_ESPECTACLE\",\"url\":\"media\/ftespect\/313E9\/01_020_00040949\/DSC_0945_MR.jpg\",\"thumb_url\":\"media\/ftespect\/313E9\/01_020_00040949\/DSC_0945_MR_thumb.jpg\",\"title\":\"Els tres aniversaris\",\"description\":\"Els tres aniversaris\",\"copyright\":\"\",\"order\":62},{\"localizer\":\"VERS_IMATGE_ESPECTACLE\",\"url\":\"media\/ftespect\/313E9\/01_020_00040950\/DSC_0955_MR.jpg\",\"thumb_url\":\"media\/ftespect\/313E9\/01_020_00040950\/DSC_0955_MR_thumb.jpg\",\"title\":\"Els tres aniversaris\",\"description\":\"Els tres aniversaris\",\"copyright\":\"\",\"order\":63},{\"localizer\":\"V2PORTADA\",\"url\":\"media\/ver\/port\/313E9\/01_078_00040952\/3Aniv581x327May17_critiques.png\",\"thumb_url\":\"media\/ver\/port\/313E9\/01_078_00040952\/3Aniv581x327May17_critiques_thumb.jpg\",\"title\":\"Els tres aniversaris\",\"description\":\"Els tres aniversaris\",\"copyright\":\"\",\"order\":64},{\"localizer\":\"V3CARTELL\",\"url\":\"media\/ver\/cartell\/v3\/315E4\/01_085_00055246\/MicrosoftTeams-image_(2).png\",\"thumb_url\":\"media\/ver\/cartell\/v3\/315E4\/01_085_00055246\/MicrosoftTeams-image_(2)_thumb.jpg\",\"title\":\"Els tres aniversaris\",\"description\":\"els tres aniversaris\",\"copyright\":\"\",\"order\":65}]","material__texto_intro":"","data_material":null,"data_gallery":"","data_discounts":"[{\"InfoAddicional\":\"<p><strong>Descomptes per a grups i escoles<br \/><\/strong><\/p>\",\"Url\":\"https:\/\/www.promentrada.com\/ca\/product\/{#CODI#}\",\"Codi\":\"VILL47\",\"LogoUrl\":\"media\/fimage\/31389\/01_005_00038530\/logo_prome_nuevo_v_web.jpg\",\"TitolBoto\":\"Descomptes per a grups i escoles\",\"Type\":\"discount\"},{\"InfoAddicional\":\"<p><strong>Descomptes per a particulars<br \/><\/strong><\/p>\",\"Url\":\"vip.promentrada.com\/ca\/product\/{#CODI#}\",\"Codi\":\"VILL47\",\"LogoUrl\":\"media\/fimage\/31389\/01_005_00038559\/logo_prome_vip_v_web.jpg\",\"TitolBoto\":\"Descomptes per a particulars\",\"Type\":\"discount\"}]","contract_is_open":false,"in_tour":false},"yoast_head":"<!-- This site is optimized with the Yoast SEO plugin v27.5 - https:\/\/yoast.com\/product\/yoast-seo-wordpress\/ -->\n<title>Els tres aniversaris - La Villarroel<\/title>\n<meta name=\"robots\" content=\"index, follow, max-snippet:-1, max-image-preview:large, max-video-preview:-1\" \/>\n<link rel=\"canonical\" href=\"https:\/\/www.lavillarroel.cat\/ca\/ex\/els-tres-aniversaris\/\" \/>\n<script type=\"application\/ld+json\" class=\"yoast-schema-graph\">{\"@context\":\"https:\\\/\\\/schema.org\",\"@graph\":[{\"@type\":\"WebPage\",\"@id\":\"https:\\\/\\\/www.lavillarroel.cat\\\/ca\\\/ex\\\/els-tres-aniversaris\\\/\",\"url\":\"https:\\\/\\\/www.lavillarroel.cat\\\/ca\\\/ex\\\/els-tres-aniversaris\\\/\",\"name\":\"Els tres aniversaris - La Villarroel\",\"isPartOf\":{\"@id\":\"https:\\\/\\\/www.lavillarroel.cat\\\/ca\\\/#website\"},\"datePublished\":\"2017-09-19T06:39:55+00:00\",\"breadcrumb\":{\"@id\":\"https:\\\/\\\/www.lavillarroel.cat\\\/ca\\\/ex\\\/els-tres-aniversaris\\\/#breadcrumb\"},\"inLanguage\":\"ca\",\"potentialAction\":[{\"@type\":\"ReadAction\",\"target\":[\"https:\\\/\\\/www.lavillarroel.cat\\\/ca\\\/ex\\\/els-tres-aniversaris\\\/\"]}]},{\"@type\":\"BreadcrumbList\",\"@id\":\"https:\\\/\\\/www.lavillarroel.cat\\\/ca\\\/ex\\\/els-tres-aniversaris\\\/#breadcrumb\",\"itemListElement\":[{\"@type\":\"ListItem\",\"position\":1,\"name\":\"Inici\",\"item\":\"https:\\\/\\\/www.lavillarroel.cat\\\/ca\\\/\"},{\"@type\":\"ListItem\",\"position\":2,\"name\":\"Espectacles\",\"item\":\"https:\\\/\\\/www.lavillarroel.cat\\\/ca\\\/ex\\\/\"},{\"@type\":\"ListItem\",\"position\":3,\"name\":\"Els tres aniversaris\"}]},{\"@type\":\"WebSite\",\"@id\":\"https:\\\/\\\/www.lavillarroel.cat\\\/ca\\\/#website\",\"url\":\"https:\\\/\\\/www.lavillarroel.cat\\\/ca\\\/\",\"name\":\"La Villarroel\",\"description\":\"\",\"publisher\":{\"@id\":\"https:\\\/\\\/www.lavillarroel.cat\\\/ca\\\/#organization\"},\"potentialAction\":[{\"@type\":\"SearchAction\",\"target\":{\"@type\":\"EntryPoint\",\"urlTemplate\":\"https:\\\/\\\/www.lavillarroel.cat\\\/ca\\\/?s={search_term_string}\"},\"query-input\":{\"@type\":\"PropertyValueSpecification\",\"valueRequired\":true,\"valueName\":\"search_term_string\"}}],\"inLanguage\":\"ca\"},{\"@type\":\"Organization\",\"@id\":\"https:\\\/\\\/www.lavillarroel.cat\\\/ca\\\/#organization\",\"name\":\"La Villarroel\",\"url\":\"https:\\\/\\\/www.lavillarroel.cat\\\/ca\\\/\",\"logo\":{\"@type\":\"ImageObject\",\"inLanguage\":\"ca\",\"@id\":\"https:\\\/\\\/www.lavillarroel.cat\\\/ca\\\/#\\\/schema\\\/logo\\\/image\\\/\",\"url\":\"https:\\\/\\\/www.lavillarroel.cat\\\/wp-content\\\/uploads\\\/sites\\\/5\\\/2017\\\/09\\\/teatre-villaroel-logo.svg\",\"contentUrl\":\"https:\\\/\\\/www.lavillarroel.cat\\\/wp-content\\\/uploads\\\/sites\\\/5\\\/2017\\\/09\\\/teatre-villaroel-logo.svg\",\"width\":1,\"height\":1,\"caption\":\"La Villarroel\"},\"image\":{\"@id\":\"https:\\\/\\\/www.lavillarroel.cat\\\/ca\\\/#\\\/schema\\\/logo\\\/image\\\/\"},\"sameAs\":[\"http:\\\/\\\/www.facebook.com\\\/TeatreVillarroel\",\"https:\\\/\\\/x.com\\\/la_villarroel\",\"http:\\\/\\\/instagram.com\\\/la_villarroel\",\"http:\\\/\\\/www.youtube.com\\\/user\\\/LaVillarroel#p\\\/u\"]}]}<\/script>\n<!-- \/ Yoast SEO plugin. -->","yoast_head_json":{"title":"Els tres aniversaris - La Villarroel","robots":{"index":"index","follow":"follow","max-snippet":"max-snippet:-1","max-image-preview":"max-image-preview:large","max-video-preview":"max-video-preview:-1"},"canonical":"https:\/\/www.lavillarroel.cat\/ca\/ex\/els-tres-aniversaris\/","schema":{"@context":"https:\/\/schema.org","@graph":[{"@type":"WebPage","@id":"https:\/\/www.lavillarroel.cat\/ca\/ex\/els-tres-aniversaris\/","url":"https:\/\/www.lavillarroel.cat\/ca\/ex\/els-tres-aniversaris\/","name":"Els tres aniversaris - La Villarroel","isPartOf":{"@id":"https:\/\/www.lavillarroel.cat\/ca\/#website"},"datePublished":"2017-09-19T06:39:55+00:00","breadcrumb":{"@id":"https:\/\/www.lavillarroel.cat\/ca\/ex\/els-tres-aniversaris\/#breadcrumb"},"inLanguage":"ca","potentialAction":[{"@type":"ReadAction","target":["https:\/\/www.lavillarroel.cat\/ca\/ex\/els-tres-aniversaris\/"]}]},{"@type":"BreadcrumbList","@id":"https:\/\/www.lavillarroel.cat\/ca\/ex\/els-tres-aniversaris\/#breadcrumb","itemListElement":[{"@type":"ListItem","position":1,"name":"Inici","item":"https:\/\/www.lavillarroel.cat\/ca\/"},{"@type":"ListItem","position":2,"name":"Espectacles","item":"https:\/\/www.lavillarroel.cat\/ca\/ex\/"},{"@type":"ListItem","position":3,"name":"Els tres aniversaris"}]},{"@type":"WebSite","@id":"https:\/\/www.lavillarroel.cat\/ca\/#website","url":"https:\/\/www.lavillarroel.cat\/ca\/","name":"La Villarroel","description":"","publisher":{"@id":"https:\/\/www.lavillarroel.cat\/ca\/#organization"},"potentialAction":[{"@type":"SearchAction","target":{"@type":"EntryPoint","urlTemplate":"https:\/\/www.lavillarroel.cat\/ca\/?s={search_term_string}"},"query-input":{"@type":"PropertyValueSpecification","valueRequired":true,"valueName":"search_term_string"}}],"inLanguage":"ca"},{"@type":"Organization","@id":"https:\/\/www.lavillarroel.cat\/ca\/#organization","name":"La Villarroel","url":"https:\/\/www.lavillarroel.cat\/ca\/","logo":{"@type":"ImageObject","inLanguage":"ca","@id":"https:\/\/www.lavillarroel.cat\/ca\/#\/schema\/logo\/image\/","url":"https:\/\/www.lavillarroel.cat\/wp-content\/uploads\/sites\/5\/2017\/09\/teatre-villaroel-logo.svg","contentUrl":"https:\/\/www.lavillarroel.cat\/wp-content\/uploads\/sites\/5\/2017\/09\/teatre-villaroel-logo.svg","width":1,"height":1,"caption":"La Villarroel"},"image":{"@id":"https:\/\/www.lavillarroel.cat\/ca\/#\/schema\/logo\/image\/"},"sameAs":["http:\/\/www.facebook.com\/TeatreVillarroel","https:\/\/x.com\/la_villarroel","http:\/\/instagram.com\/la_villarroel","http:\/\/www.youtube.com\/user\/LaVillarroel#p\/u"]}]}},"translations":[{"id":2650,"locale":"ca"},{"id":2855,"locale":"es"}],"_links":{"self":[{"href":"https:\/\/www.lavillarroel.cat\/ca\/wp-json\/wp\/v2\/ex\/2650","targetHints":{"allow":["GET"]}}],"collection":[{"href":"https:\/\/www.lavillarroel.cat\/ca\/wp-json\/wp\/v2\/ex"}],"about":[{"href":"https:\/\/www.lavillarroel.cat\/ca\/wp-json\/wp\/v2\/types\/ex"}],"author":[{"embeddable":true,"href":"https:\/\/www.lavillarroel.cat\/ca\/wp-json\/wp\/v2\/users\/2"}],"replies":[{"embeddable":true,"href":"https:\/\/www.lavillarroel.cat\/ca\/wp-json\/wp\/v2\/comments?post=2650"}],"acf:term":[{"embeddable":true,"taxonomy":"season","href":"https:\/\/www.lavillarroel.cat\/ca\/wp-json\/wp\/v2\/season\/63"}],"wp:attachment":[{"href":"https:\/\/www.lavillarroel.cat\/ca\/wp-json\/wp\/v2\/media?parent=2650"}],"curies":[{"name":"wp","href":"https:\/\/api.w.org\/{rel}","templated":true}]}}