{"id":2651,"date":"2017-09-19T08:39:55","date_gmt":"2017-09-19T06:39:55","guid":{"rendered":"https:\/\/pre.lavillarroel.cat\/ex\/\/paraules-encadenades\/"},"modified":"2017-09-19T08:39:55","modified_gmt":"2017-09-19T06:39:55","slug":"paraules-encadenades","status":"publish","type":"ex","link":"https:\/\/www.lavillarroel.cat\/ca\/ex\/paraules-encadenades\/","title":{"rendered":"Paraules encadenades"},"content":{"rendered":"","protected":false},"excerpt":{"rendered":"","protected":false},"author":2,"featured_media":0,"comment_status":"closed","ping_status":"open","template":"","class_list":["post-2651","ex","type-ex","status-publish","hentry","season-2016-17"],"acf":{"txt_synopsis":"Un psic\u00f2pata, assass\u00ed en s\u00e8rie, despr\u00e9s de cometre els seus crims, enregistra en v\u00eddeo les seves sensacions. No sent cap remordiment pels seus actes. Ho explica detalladament a la seva \u201c\u00faltima\u201d v\u00edctima: una infermera i psic\u00f2loga que t\u00e9 segrestada i a la qual mostra fotografies de les v\u00edctimes. Ell li planteja jugar a un joc aparentment innocent: el de les paraules encadenades. A poc a poc, segrestador i segrestada van mostrant les seves cartes, la seva veritable hist\u00f2ria\u2026<br \/><br \/>Un dels primers textos de Jordi Galceran (1995) amb l\u2019enginy caracter\u00edstic d\u2019un dels dramaturgs m\u00e9s universals de casa nostra. Un <em>thriller <\/em>psicol\u00f2gic que ja es va estrenar el 98 amb gran \u00e8xit i que ara torna sota la batuta de Sergi Belbel amb Mima Riera i David Bag\u00e9s com a \u00fanics protagonistes.","main_buy_link":"#","main_buy_links":"","group_buy_link":"","show_language":"","show_duration":"","show_start_date":"20170627000000","show_end_date":"20170806000000","show_sort_date":"20170627000000","txt_custom_show_dates":"del 27 de juny al 6 d'agost de 2017","show_disciplines":"","show_ultimes_funcions":false,"hide_tarifes_especials":false,"show_properament":false,"txt_additional_info":"","txt_present":"","show_season":[63],"txt_season":"[\"2016\/17\"]","txt_cycle":"","txt_claim":"","txt_cast_excerpt":"","txt_cast":"<p>De Jordi Galceran <br \/><strong>Direcci\u00f3:<\/strong> Sergi Belbel <br \/><strong>Amb:<\/strong> David Bag\u00e9s i Mima Riera <\/p>\n<p><strong>Escenografia:<\/strong> Max Glaenzel <br \/><strong>Il\u00b7luminaci\u00f3:<\/strong> Kiko Planas <br \/><strong>Espai sonor:<\/strong> Jordi Bonet <br \/><strong>Audiovisuals:<\/strong> Oriol Paulo <\/p>\n<p><strong>Caracteritzaci\u00f3:<\/strong> Toni Santos <br \/><strong>Ajudant de direcci\u00f3:<\/strong> Antonio Calvo<br \/><strong>Regidoria:<\/strong> Ingrid Mar\u00edn <\/p>\n<p><strong>Producci\u00f3n executiva:<\/strong> \u00cdngrid Mar\u00edn <br \/><strong>Cap de producci\u00f3:<\/strong> Nati Sarri\u00e1<br \/><strong>Direcci\u00f3 de producci\u00f3:<\/strong> Josep Dom\u00e8nech&nbsp;&nbsp;<\/p>\n<p><strong>Durada:<\/strong> 1 hora i&nbsp;30 minuts&nbsp;<br \/><br \/>\u00c9s una producci\u00f3 de <strong>Bit\u00f2 <\/strong><\/p>","txt_reviews":"","hashtag":"","have_promo":"","slogan":"","id_exhibicio":1448,"id_versio":1200,"id_local":4,"txt_seo_desc":"","data_images":"[{\"localizer\":\"V2SLIDE\",\"url\":\"media\/ftgalslide\/313E9\/01_076_00040791\/EQUIP_ParaulesEncadenades_c_Bito_IvanMoreno.jpg\",\"thumb_url\":\"media\/ftgalslide\/313E9\/01_076_00040791\/EQUIP_ParaulesEncadenades_c_Bito_IvanMoreno_thumb.jpg\",\"title\":\"Paraules encadenades\",\"description\":\"Bit\u00f2 \",\"copyright\":\"\",\"order\":3},{\"localizer\":\"V2SLIDE\",\"url\":\"media\/ftgalslide\/313E9\/01_076_00040792\/Fotodefhoritzontal.jpg\",\"thumb_url\":\"media\/ftgalslide\/313E9\/01_076_00040792\/Fotodefhoritzontal_thumb.jpg\",\"title\":\"Paraules encadenades\",\"description\":\"Bit\u00f2 \",\"copyright\":\"\",\"order\":4},{\"localizer\":\"V2SLIDE\",\"url\":\"media\/ftgalslide\/313E9\/01_076_00040793\/Galceranhoritzontal.jpg\",\"thumb_url\":\"media\/ftgalslide\/313E9\/01_076_00040793\/Galceranhoritzontal_thumb.jpg\",\"title\":\"Jordi Galceran \",\"description\":\"Paraules encadenades \u00b7 Bit\u00f2 \",\"copyright\":\"\",\"order\":5},{\"localizer\":\"V2SLIDE\",\"url\":\"media\/ftgalslide\/313E9\/01_076_00040794\/Belbelhoritzontal.jpg\",\"thumb_url\":\"media\/ftgalslide\/313E9\/01_076_00040794\/Belbelhoritzontal_thumb.jpg\",\"title\":\"Sergi Belbel \",\"description\":\"Paraules encadenades \u00b7 Bit\u00f2 \",\"copyright\":\"\",\"order\":6},{\"localizer\":\"V2SLIDE\",\"url\":\"media\/ftgalslide\/313E9\/01_076_00040795\/Cantonadahoritzontal.jpg\",\"thumb_url\":\"media\/ftgalslide\/313E9\/01_076_00040795\/Cantonadahoritzontal_thumb.jpg\",\"title\":\"Paraules encadenades\",\"description\":\"Bit\u00f2 \",\"copyright\":\"\",\"order\":7},{\"localizer\":\"VERS_IMATGE_ESPECTACLE\",\"url\":\"media\/ftespect\/313E9\/01_020_00040798\/Fotodefhoritzontal.jpg\",\"thumb_url\":\"media\/ftespect\/313E9\/01_020_00040798\/Fotodefhoritzontal_thumb.jpg\",\"title\":\"Paraules encadenades\",\"description\":\"Paraules encadenades\",\"copyright\":\"\",\"order\":8},{\"localizer\":\"VERS_IMATGE_ESPECTACLE\",\"url\":\"media\/ftespect\/313E9\/01_020_00040799\/EQUIP_ParaulesEncadenades_c_Bito_IvanMoreno.jpg\",\"thumb_url\":\"media\/ftespect\/313E9\/01_020_00040799\/EQUIP_ParaulesEncadenades_c_Bito_IvanMoreno_thumb.jpg\",\"title\":\"Paraules encadenades\",\"description\":\"Paraules encadenades\",\"copyright\":\"\",\"order\":9},{\"localizer\":\"VERS_IMATGE_ESPECTACLE\",\"url\":\"media\/ftespect\/313E9\/01_020_00040800\/Autorshoritzontal.jpg\",\"thumb_url\":\"media\/ftespect\/313E9\/01_020_00040800\/Autorshoritzontal_thumb.jpg\",\"title\":\"Jordi Galceran i Sergi Belbel\",\"description\":\"Paraules encadenades\",\"copyright\":\"\",\"order\":10},{\"localizer\":\"VERS_IMATGE_ESPECTACLE\",\"url\":\"media\/ftespect\/313E9\/01_020_00040801\/Belbelhoritzontal.jpg\",\"thumb_url\":\"media\/ftespect\/313E9\/01_020_00040801\/Belbelhoritzontal_thumb.jpg\",\"title\":\"Sergi Belbel\",\"description\":\"Paraules encadenades\",\"copyright\":\"\",\"order\":11},{\"localizer\":\"VERS_IMATGE_ESPECTACLE\",\"url\":\"media\/ftespect\/313E9\/01_020_00040802\/Galceranhoritzontal.jpg\",\"thumb_url\":\"media\/ftespect\/313E9\/01_020_00040802\/Galceranhoritzontal_thumb.jpg\",\"title\":\"Jordi Galceran\",\"description\":\"Paraules encadenades\",\"copyright\":\"\",\"order\":12},{\"localizer\":\"VERS_IMATGE_ESPECTACLE\",\"url\":\"media\/ftespect\/313E9\/01_020_00040803\/Cantonadahoritzontal.jpg\",\"thumb_url\":\"media\/ftespect\/313E9\/01_020_00040803\/Cantonadahoritzontal_thumb.jpg\",\"title\":\"Paraules encadenades\",\"description\":\"Paraules encadenades\",\"copyright\":\"\",\"order\":13},{\"localizer\":\"V2PORTADA\",\"url\":\"media\/ver\/port\/313EC\/01_078_00041828\/nou_banner.jpg\",\"thumb_url\":\"media\/ver\/port\/313EC\/01_078_00041828\/nou_banner_thumb.jpg\",\"title\":\"Paraules encadenades\",\"description\":\"Paraules encadenades\",\"copyright\":\"\",\"order\":14},{\"localizer\":\"V2CARTELL\",\"url\":\"media\/ver\/cartell\/313E9\/01_079_00040814\/V02.jpg\",\"thumb_url\":\"media\/ver\/cartell\/313E9\/01_079_00040814\/V02_thumb.jpg\",\"title\":\"Paraules encadenades\",\"description\":\"Paraules encadenades\",\"copyright\":\"\",\"order\":15},{\"localizer\":\"V2PORTADA\",\"url\":\"media\/ver\/port\/313E9\/01_078_00040813\/H_PARAULES_02.jpg\",\"thumb_url\":\"media\/ver\/port\/313E9\/01_078_00040813\/H_PARAULES_02_thumb.jpg\",\"title\":\"Paraules encadenades\",\"description\":\"Paraules encadenades\",\"copyright\":\"\",\"order\":15},{\"localizer\":\"V2SLIDE\",\"url\":\"media\/ftgalslide\/313EA\/01_076_00041386\/ParaulesEncadenades_c_IvanMoreno_Bito17.jpg\",\"thumb_url\":\"media\/ftgalslide\/313EA\/01_076_00041386\/ParaulesEncadenades_c_IvanMoreno_Bito17_thumb.jpg\",\"title\":\"Paraules encadenades\",\"description\":\"Bit\u00f2\",\"copyright\":\"\",\"order\":16},{\"localizer\":\"V2PORTADA\",\"url\":\"media\/ver\/port\/313EB\/01_078_00041813\/581x327_Paraules.jpg\",\"thumb_url\":\"media\/ver\/port\/313EB\/01_078_00041813\/581x327_Paraules_thumb.jpg\",\"title\":\"Paraules encadenades\",\"description\":\"Paraules encadenades\",\"copyright\":\"\",\"order\":16},{\"localizer\":\"V2PORTADA\",\"url\":\"media\/ver\/port\/313EB\/01_078_00041820\/paraules_bona.jpg\",\"thumb_url\":\"media\/ver\/port\/313EB\/01_078_00041820\/paraules_bona_thumb.jpg\",\"title\":\"Paraules \",\"description\":\"Paraules \",\"copyright\":\"\",\"order\":17},{\"localizer\":\"V2SLIDE\",\"url\":\"media\/ftgalslide\/313EA\/01_076_00041387\/ParaulesEncadenades_c_IvanMoreno_Bito8.jpg\",\"thumb_url\":\"media\/ftgalslide\/313EA\/01_076_00041387\/ParaulesEncadenades_c_IvanMoreno_Bito8_thumb.jpg\",\"title\":\"Paraules encadenades\",\"description\":\"Bit\u00f2\",\"copyright\":\"\",\"order\":17},{\"localizer\":\"V2SLIDE\",\"url\":\"media\/ftgalslide\/313EA\/01_076_00041388\/ParaulesEncadenades_c_IvanMoreno_Bito7.jpg\",\"thumb_url\":\"media\/ftgalslide\/313EA\/01_076_00041388\/ParaulesEncadenades_c_IvanMoreno_Bito7_thumb.jpg\",\"title\":\"Paraules encadenades\",\"description\":\"Bit\u00f2\",\"copyright\":\"\",\"order\":18},{\"localizer\":\"V2SLIDE\",\"url\":\"media\/ftgalslide\/313EA\/01_076_00041389\/ParaulesEncadenades_c_IvanMoreno_Bito1.jpg\",\"thumb_url\":\"media\/ftgalslide\/313EA\/01_076_00041389\/ParaulesEncadenades_c_IvanMoreno_Bito1_thumb.jpg\",\"title\":\"Paraules encadenades\",\"description\":\"Bit\u00f2\",\"copyright\":\"\",\"order\":19},{\"localizer\":\"VERS_IMATGE_ESPECTACLE\",\"url\":\"media\/ftespect\/313EA\/01_020_00041390\/ParaulesEncadenades_c_IvanMoreno_Bito1.jpg\",\"thumb_url\":\"media\/ftespect\/313EA\/01_020_00041390\/ParaulesEncadenades_c_IvanMoreno_Bito1_thumb.jpg\",\"title\":\"Paraules encadenades\",\"description\":\"Paraules encadenades\",\"copyright\":\"\",\"order\":20},{\"localizer\":\"VERS_IMATGE_ESPECTACLE\",\"url\":\"media\/ftespect\/313EA\/01_020_00041391\/ParaulesEncadenades_c_IvanMoreno_Bito4.jpg\",\"thumb_url\":\"media\/ftespect\/313EA\/01_020_00041391\/ParaulesEncadenades_c_IvanMoreno_Bito4_thumb.jpg\",\"title\":\"Paraules encadenades\",\"description\":\"Paraules encadenades\",\"copyright\":\"\",\"order\":21},{\"localizer\":\"VERS_IMATGE_ESPECTACLE\",\"url\":\"media\/ftespect\/313EA\/01_020_00041392\/ParaulesEncadenades_c_IvanMoreno_Bito7.jpg\",\"thumb_url\":\"media\/ftespect\/313EA\/01_020_00041392\/ParaulesEncadenades_c_IvanMoreno_Bito7_thumb.jpg\",\"title\":\"Paraules encadenades\",\"description\":\"Paraules encadenades\",\"copyright\":\"\",\"order\":22},{\"localizer\":\"VERS_IMATGE_ESPECTACLE\",\"url\":\"media\/ftespect\/313EA\/01_020_00041393\/ParaulesEncadenades_c_IvanMoreno_Bito8.jpg\",\"thumb_url\":\"media\/ftespect\/313EA\/01_020_00041393\/ParaulesEncadenades_c_IvanMoreno_Bito8_thumb.jpg\",\"title\":\"Paraules encadenades\",\"description\":\"Paraules encadenades\",\"copyright\":\"\",\"order\":23},{\"localizer\":\"VERS_IMATGE_ESPECTACLE\",\"url\":\"media\/ftespect\/313EA\/01_020_00041394\/ParaulesEncadenades_c_IvanMoreno_Bito17.jpg\",\"thumb_url\":\"media\/ftespect\/313EA\/01_020_00041394\/ParaulesEncadenades_c_IvanMoreno_Bito17_thumb.jpg\",\"title\":\"Paraules encadenades\",\"description\":\"Paraules encadenades\",\"copyright\":\"\",\"order\":24}]","material__texto_intro":"","data_material":null,"data_gallery":"","data_discounts":"[{\"InfoAddicional\":\"<p><strong>Tarifa especial:<\/strong> Targeta Rosa, Targeta Discapacitat, Club TR3SC i Carnet Jove.*<\/p><p><em>*Descomptes Targeta Rosa i Targeta Discapacitat nom\u00e9s aplicables comprant a taquilla <\/em><\/p><p><strong>Descomptes per a grups i escoles<br \/><\/strong><\/p>\",\"Url\":\"http:\/\/www.promentrada.com\",\"Codi\":\"VILL53\",\"LogoUrl\":\"media\/fimage\/31389\/01_005_00038530\/logo_prome_nuevo_v_web.jpg\"},{\"InfoAddicional\":\"<p><strong>Descomptes per a particulars<br \/><\/strong><\/p>\",\"Url\":\"http:\/\/vip.promentrada.com\",\"Codi\":\"VILL53\",\"LogoUrl\":\"media\/fimage\/31389\/01_005_00038559\/logo_prome_vip_v_web.jpg\"}]","contract_is_open":false,"in_tour":false},"yoast_head":"<!-- This site is optimized with the Yoast SEO plugin v27.5 - https:\/\/yoast.com\/product\/yoast-seo-wordpress\/ -->\n<title>Paraules encadenades - La Villarroel<\/title>\n<meta name=\"robots\" content=\"index, follow, max-snippet:-1, max-image-preview:large, max-video-preview:-1\" \/>\n<link rel=\"canonical\" href=\"https:\/\/www.lavillarroel.cat\/ca\/ex\/paraules-encadenades\/\" \/>\n<script type=\"application\/ld+json\" class=\"yoast-schema-graph\">{\"@context\":\"https:\\\/\\\/schema.org\",\"@graph\":[{\"@type\":\"WebPage\",\"@id\":\"https:\\\/\\\/www.lavillarroel.cat\\\/ca\\\/ex\\\/paraules-encadenades\\\/\",\"url\":\"https:\\\/\\\/www.lavillarroel.cat\\\/ca\\\/ex\\\/paraules-encadenades\\\/\",\"name\":\"Paraules encadenades - La Villarroel\",\"isPartOf\":{\"@id\":\"https:\\\/\\\/www.lavillarroel.cat\\\/ca\\\/#website\"},\"datePublished\":\"2017-09-19T06:39:55+00:00\",\"breadcrumb\":{\"@id\":\"https:\\\/\\\/www.lavillarroel.cat\\\/ca\\\/ex\\\/paraules-encadenades\\\/#breadcrumb\"},\"inLanguage\":\"ca\",\"potentialAction\":[{\"@type\":\"ReadAction\",\"target\":[\"https:\\\/\\\/www.lavillarroel.cat\\\/ca\\\/ex\\\/paraules-encadenades\\\/\"]}]},{\"@type\":\"BreadcrumbList\",\"@id\":\"https:\\\/\\\/www.lavillarroel.cat\\\/ca\\\/ex\\\/paraules-encadenades\\\/#breadcrumb\",\"itemListElement\":[{\"@type\":\"ListItem\",\"position\":1,\"name\":\"Inici\",\"item\":\"https:\\\/\\\/www.lavillarroel.cat\\\/ca\\\/\"},{\"@type\":\"ListItem\",\"position\":2,\"name\":\"Espectacles\",\"item\":\"https:\\\/\\\/www.lavillarroel.cat\\\/ca\\\/ex\\\/\"},{\"@type\":\"ListItem\",\"position\":3,\"name\":\"Paraules encadenades\"}]},{\"@type\":\"WebSite\",\"@id\":\"https:\\\/\\\/www.lavillarroel.cat\\\/ca\\\/#website\",\"url\":\"https:\\\/\\\/www.lavillarroel.cat\\\/ca\\\/\",\"name\":\"La Villarroel\",\"description\":\"\",\"publisher\":{\"@id\":\"https:\\\/\\\/www.lavillarroel.cat\\\/ca\\\/#organization\"},\"potentialAction\":[{\"@type\":\"SearchAction\",\"target\":{\"@type\":\"EntryPoint\",\"urlTemplate\":\"https:\\\/\\\/www.lavillarroel.cat\\\/ca\\\/?s={search_term_string}\"},\"query-input\":{\"@type\":\"PropertyValueSpecification\",\"valueRequired\":true,\"valueName\":\"search_term_string\"}}],\"inLanguage\":\"ca\"},{\"@type\":\"Organization\",\"@id\":\"https:\\\/\\\/www.lavillarroel.cat\\\/ca\\\/#organization\",\"name\":\"La Villarroel\",\"url\":\"https:\\\/\\\/www.lavillarroel.cat\\\/ca\\\/\",\"logo\":{\"@type\":\"ImageObject\",\"inLanguage\":\"ca\",\"@id\":\"https:\\\/\\\/www.lavillarroel.cat\\\/ca\\\/#\\\/schema\\\/logo\\\/image\\\/\",\"url\":\"https:\\\/\\\/www.lavillarroel.cat\\\/wp-content\\\/uploads\\\/sites\\\/5\\\/2017\\\/09\\\/teatre-villaroel-logo.svg\",\"contentUrl\":\"https:\\\/\\\/www.lavillarroel.cat\\\/wp-content\\\/uploads\\\/sites\\\/5\\\/2017\\\/09\\\/teatre-villaroel-logo.svg\",\"width\":1,\"height\":1,\"caption\":\"La Villarroel\"},\"image\":{\"@id\":\"https:\\\/\\\/www.lavillarroel.cat\\\/ca\\\/#\\\/schema\\\/logo\\\/image\\\/\"},\"sameAs\":[\"http:\\\/\\\/www.facebook.com\\\/TeatreVillarroel\",\"https:\\\/\\\/x.com\\\/la_villarroel\",\"http:\\\/\\\/instagram.com\\\/la_villarroel\",\"http:\\\/\\\/www.youtube.com\\\/user\\\/LaVillarroel#p\\\/u\"]}]}<\/script>\n<!-- \/ Yoast SEO plugin. -->","yoast_head_json":{"title":"Paraules encadenades - La Villarroel","robots":{"index":"index","follow":"follow","max-snippet":"max-snippet:-1","max-image-preview":"max-image-preview:large","max-video-preview":"max-video-preview:-1"},"canonical":"https:\/\/www.lavillarroel.cat\/ca\/ex\/paraules-encadenades\/","schema":{"@context":"https:\/\/schema.org","@graph":[{"@type":"WebPage","@id":"https:\/\/www.lavillarroel.cat\/ca\/ex\/paraules-encadenades\/","url":"https:\/\/www.lavillarroel.cat\/ca\/ex\/paraules-encadenades\/","name":"Paraules encadenades - La Villarroel","isPartOf":{"@id":"https:\/\/www.lavillarroel.cat\/ca\/#website"},"datePublished":"2017-09-19T06:39:55+00:00","breadcrumb":{"@id":"https:\/\/www.lavillarroel.cat\/ca\/ex\/paraules-encadenades\/#breadcrumb"},"inLanguage":"ca","potentialAction":[{"@type":"ReadAction","target":["https:\/\/www.lavillarroel.cat\/ca\/ex\/paraules-encadenades\/"]}]},{"@type":"BreadcrumbList","@id":"https:\/\/www.lavillarroel.cat\/ca\/ex\/paraules-encadenades\/#breadcrumb","itemListElement":[{"@type":"ListItem","position":1,"name":"Inici","item":"https:\/\/www.lavillarroel.cat\/ca\/"},{"@type":"ListItem","position":2,"name":"Espectacles","item":"https:\/\/www.lavillarroel.cat\/ca\/ex\/"},{"@type":"ListItem","position":3,"name":"Paraules encadenades"}]},{"@type":"WebSite","@id":"https:\/\/www.lavillarroel.cat\/ca\/#website","url":"https:\/\/www.lavillarroel.cat\/ca\/","name":"La Villarroel","description":"","publisher":{"@id":"https:\/\/www.lavillarroel.cat\/ca\/#organization"},"potentialAction":[{"@type":"SearchAction","target":{"@type":"EntryPoint","urlTemplate":"https:\/\/www.lavillarroel.cat\/ca\/?s={search_term_string}"},"query-input":{"@type":"PropertyValueSpecification","valueRequired":true,"valueName":"search_term_string"}}],"inLanguage":"ca"},{"@type":"Organization","@id":"https:\/\/www.lavillarroel.cat\/ca\/#organization","name":"La Villarroel","url":"https:\/\/www.lavillarroel.cat\/ca\/","logo":{"@type":"ImageObject","inLanguage":"ca","@id":"https:\/\/www.lavillarroel.cat\/ca\/#\/schema\/logo\/image\/","url":"https:\/\/www.lavillarroel.cat\/wp-content\/uploads\/sites\/5\/2017\/09\/teatre-villaroel-logo.svg","contentUrl":"https:\/\/www.lavillarroel.cat\/wp-content\/uploads\/sites\/5\/2017\/09\/teatre-villaroel-logo.svg","width":1,"height":1,"caption":"La Villarroel"},"image":{"@id":"https:\/\/www.lavillarroel.cat\/ca\/#\/schema\/logo\/image\/"},"sameAs":["http:\/\/www.facebook.com\/TeatreVillarroel","https:\/\/x.com\/la_villarroel","http:\/\/instagram.com\/la_villarroel","http:\/\/www.youtube.com\/user\/LaVillarroel#p\/u"]}]}},"translations":[{"id":2651,"locale":"ca"},{"id":2856,"locale":"es"}],"_links":{"self":[{"href":"https:\/\/www.lavillarroel.cat\/ca\/wp-json\/wp\/v2\/ex\/2651","targetHints":{"allow":["GET"]}}],"collection":[{"href":"https:\/\/www.lavillarroel.cat\/ca\/wp-json\/wp\/v2\/ex"}],"about":[{"href":"https:\/\/www.lavillarroel.cat\/ca\/wp-json\/wp\/v2\/types\/ex"}],"author":[{"embeddable":true,"href":"https:\/\/www.lavillarroel.cat\/ca\/wp-json\/wp\/v2\/users\/2"}],"replies":[{"embeddable":true,"href":"https:\/\/www.lavillarroel.cat\/ca\/wp-json\/wp\/v2\/comments?post=2651"}],"acf:term":[{"embeddable":true,"taxonomy":"season","href":"https:\/\/www.lavillarroel.cat\/ca\/wp-json\/wp\/v2\/season\/63"}],"wp:attachment":[{"href":"https:\/\/www.lavillarroel.cat\/ca\/wp-json\/wp\/v2\/media?parent=2651"}],"curies":[{"name":"wp","href":"https:\/\/api.w.org\/{rel}","templated":true}]}}