{"id":2652,"date":"2017-09-19T08:39:56","date_gmt":"2017-09-19T06:39:56","guid":{"rendered":"https:\/\/pre.lavillarroel.cat\/ex\/\/sacrifici\/"},"modified":"2017-09-19T08:39:56","modified_gmt":"2017-09-19T06:39:56","slug":"sacrifici","status":"publish","type":"ex","link":"https:\/\/www.lavillarroel.cat\/ca\/ex\/sacrifici\/","title":{"rendered":"Sacrifici"},"content":{"rendered":"","protected":false},"excerpt":{"rendered":"","protected":false},"author":2,"featured_media":0,"comment_status":"closed","ping_status":"open","template":"","class_list":["post-2652","ex","type-ex","status-publish","hentry","season-2016-17"],"acf":{"txt_synopsis":"<p><em>On s\u00f3n els l\u00edmits entre l'amistat i l'amor? Tindreu material per reflexionar sobre aquest assumpte veient aquest muntatge, que explica la hist\u00f2ria d'un artista, el seu amic de tota la vida i una noia disposada a qualsevol cosa per triomfar.<\/em><br \/><br \/>En Nil, una jove promesa del m\u00f3n de la pintura, ha anat deixant de banda la seva carrera art\u00edstica per tal de poder tenir una feina remunerada i tirar endavant el projecte de vida en com\u00fa amb la Lara. Per\u00f2 el retorn d'en Marc, un amic del Nil i gran admirador de la seva obra, i l\u2019aparici\u00f3 de la Mia, una noia que fa de cambrera per\u00f2 que t\u00e9 vocaci\u00f3 de cantant de rock i est\u00e0 disposada a fer el que calgui per triomfar, provocaran un seguit de canvis en la vida del Nil que ell no podr\u00e0 controlar. <br \/><br \/>Una pe\u00e7a escrita i dirigida per Sergi Pompermayer, un autor teatral que ha escrit peces com <em>\u00c0ngels<\/em>, <em>Refugiats<\/em> i <em>Caf\u00e8<\/em>, entre d'altres, i que ha compaginat la seva feina com a dramaturg amb la de guionista per a s\u00e8ries de televisi\u00f3 que van de <em>Plats Bruts<\/em> a <em>Jet Lag<\/em>.<\/p>\n<p>&nbsp;<\/p>","main_buy_link":"#","main_buy_links":"","group_buy_link":"","show_language":"","show_duration":"","show_start_date":"20170705000000","show_end_date":"20170720000000","show_sort_date":"20170705000000","txt_custom_show_dates":"del 5 al 20 de juliol de 2017","show_disciplines":"","show_ultimes_funcions":false,"hide_tarifes_especials":false,"show_properament":false,"txt_additional_info":"","txt_present":"","show_season":[63],"txt_season":"[\"2016\/17\"]","txt_cycle":"","txt_claim":"","txt_cast_excerpt":"","txt_cast":"<p>Dramat\u00fargia i direcci\u00f3 <strong>Sergi Pompermayer<br \/><\/strong>Amb <strong>Eric Balb\u00e0s, Maria Hern\u00e1ndez, Mar Pawlowsky <\/strong>i <strong>Marc Ribera<\/strong><br \/>Escenografia <strong>Laura Clos \u201cClosca\u201d <\/strong>i <strong>Sergi Corbera<\/strong> <br \/>Vestuari <strong>Carlota Ricart Amen\u00f3s<\/strong><br \/>Il\u2022luminaci\u00f3 <strong>Marc Salicr\u00fa<\/strong><br \/>So i arranjaments <strong>M\u00fcrfila <br \/><\/strong>Audiovisuals <strong>Clara Mata, Gerard Vidal <\/strong>i <strong>M\u00fcrfila<\/strong><br \/>Ajudanta de direcci\u00f3 <strong>Anna Serrano <\/strong>i<strong> Clara Mata<\/strong><br \/>Ajudanta de producci\u00f3 <strong>Clara Mata<\/strong><br \/>Fotografia <strong>Cl\u00e0udia Serrahima<\/strong><br \/>Comissaria de l\u2019exposici\u00f3 <strong>Joana Mora<\/strong><br \/>Agra\u00efments <strong>N\u00faria Legarda, Xavi L\u00e1zaro, Anabel Labrador, A\u00efda Bellet, Joan Delgado, Pep Duran, Nina Pawlowsky, Felix Pons, Carmen Machi, Roger Vil\u00e0, Victor Ruiz, Mireia Aixal\u00e0, Cesc Calafell, Albert Roig <\/strong>i<strong> Laura Gil<br \/><\/strong>Artistes de l\u2019exposici\u00f3 <strong>Marta Cartu, Carme Morgendorffer, F\u00e8lix Pons, Anna III, Nina Pawlowsky, Carles Casta\u00f1o, Roger Vil\u00e0, Gil Gelpi<\/strong> i<strong> J\u00falia Canals<\/strong><br \/>Producci\u00f3 <strong>Mola produccions<\/strong> en coproducci\u00f3 amb <strong>El Eje<\/strong> i <strong>La Brutal<\/strong> <br \/>Amb la col\u00b7laboraci\u00f3 de <strong>La Villarroel<\/strong><\/p>\n<p><strong>Durada: <\/strong>1 hora i 20 minuts<br \/><br \/><\/p>","txt_reviews":"","hashtag":"","have_promo":"","slogan":"","id_exhibicio":1452,"id_versio":1206,"id_local":4,"txt_seo_desc":"","data_images":"[{\"localizer\":\"V2CARTELL\",\"url\":\"media\/ver\/cartell\/313E9\/01_079_00041080\/CARTELLFINALVersiodefinitiva.jpg\",\"thumb_url\":\"media\/ver\/cartell\/313E9\/01_079_00041080\/CARTELLFINALVersiodefinitiva_thumb.jpg\",\"title\":\"Sacrifici\",\"description\":\"Sacrifici\",\"copyright\":\"\",\"order\":5},{\"localizer\":\"V2PORTADA\",\"url\":\"media\/ver\/port\/313EA\/01_078_00041191\/h_nova_imatge_sense_grec.jpg\",\"thumb_url\":\"media\/ver\/port\/313EA\/01_078_00041191\/h_nova_imatge_sense_grec_thumb.jpg\",\"title\":\"Sacrifici\",\"description\":\"Sacrifici\",\"copyright\":\"\",\"order\":6},{\"localizer\":\"V2SLIDE\",\"url\":\"media\/ftgalslide\/313EA\/01_076_00041356\/Sacrifici_0161.jpg\",\"thumb_url\":\"media\/ftgalslide\/313EA\/01_076_00041356\/Sacrifici_0161_thumb.jpg\",\"title\":\"Sacrifici\",\"description\":\"Off La Villarroel\",\"copyright\":\"\",\"order\":7},{\"localizer\":\"V2SLIDE\",\"url\":\"media\/ftgalslide\/313EA\/01_076_00041358\/sacrifici2_0208.jpg\",\"thumb_url\":\"media\/ftgalslide\/313EA\/01_076_00041358\/sacrifici2_0208_thumb.jpg\",\"title\":\"Sacrifici\",\"description\":\"Off La Villarroel\",\"copyright\":\"\",\"order\":9},{\"localizer\":\"V2SLIDE\",\"url\":\"media\/ftgalslide\/313EA\/01_076_00041359\/sacrifici2_0081.jpg\",\"thumb_url\":\"media\/ftgalslide\/313EA\/01_076_00041359\/sacrifici2_0081_thumb.jpg\",\"title\":\"Sacrifici\",\"description\":\"Off La Villarroel\",\"copyright\":\"\",\"order\":10},{\"localizer\":\"V2SLIDE\",\"url\":\"media\/ftgalslide\/313EA\/01_076_00041363\/sacrifici2_0366.jpg\",\"thumb_url\":\"media\/ftgalslide\/313EA\/01_076_00041363\/sacrifici2_0366_thumb.jpg\",\"title\":\"Sacrifici\",\"description\":\"Off La Villarroel\",\"copyright\":\"\",\"order\":11},{\"localizer\":\"V2SLIDE\",\"url\":\"media\/ftgalslide\/313EB\/01_076_00041682\/juliol_0015.jpg\",\"thumb_url\":\"media\/ftgalslide\/313EB\/01_076_00041682\/juliol_0015_thumb.jpg\",\"title\":\"Sacrifici\",\"description\":\"Off La Villarroel\",\"copyright\":\"\",\"order\":12},{\"localizer\":\"V2SLIDE\",\"url\":\"media\/ftgalslide\/313EB\/01_076_00041683\/juliol_0041.jpg\",\"thumb_url\":\"media\/ftgalslide\/313EB\/01_076_00041683\/juliol_0041_thumb.jpg\",\"title\":\"Sacrifici\",\"description\":\"Off La Villarroel\",\"copyright\":\"\",\"order\":13},{\"localizer\":\"V2SLIDE\",\"url\":\"media\/ftgalslide\/313EB\/01_076_00041684\/juliol_0052.jpg\",\"thumb_url\":\"media\/ftgalslide\/313EB\/01_076_00041684\/juliol_0052_thumb.jpg\",\"title\":\"Sacrifici\",\"description\":\"Off La Villarroel\",\"copyright\":\"\",\"order\":14},{\"localizer\":\"V2SLIDE\",\"url\":\"media\/ftgalslide\/313EB\/01_076_00041685\/juliol_0082.jpg\",\"thumb_url\":\"media\/ftgalslide\/313EB\/01_076_00041685\/juliol_0082_thumb.jpg\",\"title\":\"Sacrifici\",\"description\":\"Off La Villarroel\",\"copyright\":\"\",\"order\":15},{\"localizer\":\"V2SLIDE\",\"url\":\"media\/ftgalslide\/313EB\/01_076_00041686\/juliol_0140.jpg\",\"thumb_url\":\"media\/ftgalslide\/313EB\/01_076_00041686\/juliol_0140_thumb.jpg\",\"title\":\"Sacrifici\",\"description\":\"Off La Villarroel\",\"copyright\":\"\",\"order\":16},{\"localizer\":\"V2SLIDE\",\"url\":\"media\/ftgalslide\/313EB\/01_076_00041687\/juliol_0169.jpg\",\"thumb_url\":\"media\/ftgalslide\/313EB\/01_076_00041687\/juliol_0169_thumb.jpg\",\"title\":\"Sacrifici\",\"description\":\"Off La Villarroel\",\"copyright\":\"\",\"order\":17},{\"localizer\":\"V2SLIDE\",\"url\":\"media\/ftgalslide\/313EB\/01_076_00041688\/juliol_0224.jpg\",\"thumb_url\":\"media\/ftgalslide\/313EB\/01_076_00041688\/juliol_0224_thumb.jpg\",\"title\":\"Sacrifici\",\"description\":\"Off La Villarroel\",\"copyright\":\"\",\"order\":18},{\"localizer\":\"V2SLIDE\",\"url\":\"media\/ftgalslide\/313EB\/01_076_00041689\/juliol_0236.jpg\",\"thumb_url\":\"media\/ftgalslide\/313EB\/01_076_00041689\/juliol_0236_thumb.jpg\",\"title\":\"Sacrifici\",\"description\":\"Off La Villarroel\",\"copyright\":\"\",\"order\":19},{\"localizer\":\"V2SLIDE\",\"url\":\"media\/ftgalslide\/313EB\/01_076_00041690\/juliol_0324.jpg\",\"thumb_url\":\"media\/ftgalslide\/313EB\/01_076_00041690\/juliol_0324_thumb.jpg\",\"title\":\"Sacrifici\",\"description\":\"Off La Villarroel\",\"copyright\":\"\",\"order\":20},{\"localizer\":\"V2SLIDE\",\"url\":\"media\/ftgalslide\/313EB\/01_076_00041691\/sacrifici_villa_0013.jpg\",\"thumb_url\":\"media\/ftgalslide\/313EB\/01_076_00041691\/sacrifici_villa_0013_thumb.jpg\",\"title\":\"Sacrifici\",\"description\":\"Off La Villarroel\",\"copyright\":\"\",\"order\":21}]","material__texto_intro":"","data_material":null,"data_gallery":"","data_discounts":"[{\"InfoAddicional\":\"<p><strong>Tarifa especial:<\/strong> Targeta Rosa, Targeta Discapacitat, Club TR3SC i Carnet Jove.*<\/p><p><em>*Descomptes Targeta Rosa i Targeta Discapacitat nom\u00e9s aplicables comprant a taquilla <\/em><\/p><p><strong>Descomptes per a grups i escoles<br \/><\/strong><\/p>\",\"Url\":\"http:\/\/www.promentrada.com\",\"Codi\":\"VILL54\",\"LogoUrl\":\"media\/fimage\/31389\/01_005_00038530\/logo_prome_nuevo_v_web.jpg\"},{\"InfoAddicional\":\"<p><strong>Descomptes per a particulars<br \/><\/strong><\/p>\",\"Url\":\"http:\/\/vip.promentrada.com\",\"Codi\":\"VILL54\",\"LogoUrl\":\"media\/fimage\/31389\/01_005_00038559\/logo_prome_vip_v_web.jpg\"}]","contract_is_open":false,"in_tour":false},"yoast_head":"<!-- This site is optimized with the Yoast SEO plugin v27.5 - https:\/\/yoast.com\/product\/yoast-seo-wordpress\/ -->\n<title>Sacrifici - La Villarroel<\/title>\n<meta name=\"robots\" content=\"index, follow, max-snippet:-1, max-image-preview:large, max-video-preview:-1\" \/>\n<link rel=\"canonical\" href=\"https:\/\/www.lavillarroel.cat\/ca\/ex\/sacrifici\/\" \/>\n<script type=\"application\/ld+json\" class=\"yoast-schema-graph\">{\"@context\":\"https:\\\/\\\/schema.org\",\"@graph\":[{\"@type\":\"WebPage\",\"@id\":\"https:\\\/\\\/www.lavillarroel.cat\\\/ca\\\/ex\\\/sacrifici\\\/\",\"url\":\"https:\\\/\\\/www.lavillarroel.cat\\\/ca\\\/ex\\\/sacrifici\\\/\",\"name\":\"Sacrifici - La Villarroel\",\"isPartOf\":{\"@id\":\"https:\\\/\\\/www.lavillarroel.cat\\\/ca\\\/#website\"},\"datePublished\":\"2017-09-19T06:39:56+00:00\",\"breadcrumb\":{\"@id\":\"https:\\\/\\\/www.lavillarroel.cat\\\/ca\\\/ex\\\/sacrifici\\\/#breadcrumb\"},\"inLanguage\":\"ca\",\"potentialAction\":[{\"@type\":\"ReadAction\",\"target\":[\"https:\\\/\\\/www.lavillarroel.cat\\\/ca\\\/ex\\\/sacrifici\\\/\"]}]},{\"@type\":\"BreadcrumbList\",\"@id\":\"https:\\\/\\\/www.lavillarroel.cat\\\/ca\\\/ex\\\/sacrifici\\\/#breadcrumb\",\"itemListElement\":[{\"@type\":\"ListItem\",\"position\":1,\"name\":\"Inici\",\"item\":\"https:\\\/\\\/www.lavillarroel.cat\\\/ca\\\/\"},{\"@type\":\"ListItem\",\"position\":2,\"name\":\"Espectacles\",\"item\":\"https:\\\/\\\/www.lavillarroel.cat\\\/ca\\\/ex\\\/\"},{\"@type\":\"ListItem\",\"position\":3,\"name\":\"Sacrifici\"}]},{\"@type\":\"WebSite\",\"@id\":\"https:\\\/\\\/www.lavillarroel.cat\\\/ca\\\/#website\",\"url\":\"https:\\\/\\\/www.lavillarroel.cat\\\/ca\\\/\",\"name\":\"La Villarroel\",\"description\":\"\",\"publisher\":{\"@id\":\"https:\\\/\\\/www.lavillarroel.cat\\\/ca\\\/#organization\"},\"potentialAction\":[{\"@type\":\"SearchAction\",\"target\":{\"@type\":\"EntryPoint\",\"urlTemplate\":\"https:\\\/\\\/www.lavillarroel.cat\\\/ca\\\/?s={search_term_string}\"},\"query-input\":{\"@type\":\"PropertyValueSpecification\",\"valueRequired\":true,\"valueName\":\"search_term_string\"}}],\"inLanguage\":\"ca\"},{\"@type\":\"Organization\",\"@id\":\"https:\\\/\\\/www.lavillarroel.cat\\\/ca\\\/#organization\",\"name\":\"La Villarroel\",\"url\":\"https:\\\/\\\/www.lavillarroel.cat\\\/ca\\\/\",\"logo\":{\"@type\":\"ImageObject\",\"inLanguage\":\"ca\",\"@id\":\"https:\\\/\\\/www.lavillarroel.cat\\\/ca\\\/#\\\/schema\\\/logo\\\/image\\\/\",\"url\":\"https:\\\/\\\/www.lavillarroel.cat\\\/wp-content\\\/uploads\\\/sites\\\/5\\\/2017\\\/09\\\/teatre-villaroel-logo.svg\",\"contentUrl\":\"https:\\\/\\\/www.lavillarroel.cat\\\/wp-content\\\/uploads\\\/sites\\\/5\\\/2017\\\/09\\\/teatre-villaroel-logo.svg\",\"width\":1,\"height\":1,\"caption\":\"La Villarroel\"},\"image\":{\"@id\":\"https:\\\/\\\/www.lavillarroel.cat\\\/ca\\\/#\\\/schema\\\/logo\\\/image\\\/\"},\"sameAs\":[\"http:\\\/\\\/www.facebook.com\\\/TeatreVillarroel\",\"https:\\\/\\\/x.com\\\/la_villarroel\",\"http:\\\/\\\/instagram.com\\\/la_villarroel\",\"http:\\\/\\\/www.youtube.com\\\/user\\\/LaVillarroel#p\\\/u\"]}]}<\/script>\n<!-- \/ Yoast SEO plugin. -->","yoast_head_json":{"title":"Sacrifici - La Villarroel","robots":{"index":"index","follow":"follow","max-snippet":"max-snippet:-1","max-image-preview":"max-image-preview:large","max-video-preview":"max-video-preview:-1"},"canonical":"https:\/\/www.lavillarroel.cat\/ca\/ex\/sacrifici\/","schema":{"@context":"https:\/\/schema.org","@graph":[{"@type":"WebPage","@id":"https:\/\/www.lavillarroel.cat\/ca\/ex\/sacrifici\/","url":"https:\/\/www.lavillarroel.cat\/ca\/ex\/sacrifici\/","name":"Sacrifici - La Villarroel","isPartOf":{"@id":"https:\/\/www.lavillarroel.cat\/ca\/#website"},"datePublished":"2017-09-19T06:39:56+00:00","breadcrumb":{"@id":"https:\/\/www.lavillarroel.cat\/ca\/ex\/sacrifici\/#breadcrumb"},"inLanguage":"ca","potentialAction":[{"@type":"ReadAction","target":["https:\/\/www.lavillarroel.cat\/ca\/ex\/sacrifici\/"]}]},{"@type":"BreadcrumbList","@id":"https:\/\/www.lavillarroel.cat\/ca\/ex\/sacrifici\/#breadcrumb","itemListElement":[{"@type":"ListItem","position":1,"name":"Inici","item":"https:\/\/www.lavillarroel.cat\/ca\/"},{"@type":"ListItem","position":2,"name":"Espectacles","item":"https:\/\/www.lavillarroel.cat\/ca\/ex\/"},{"@type":"ListItem","position":3,"name":"Sacrifici"}]},{"@type":"WebSite","@id":"https:\/\/www.lavillarroel.cat\/ca\/#website","url":"https:\/\/www.lavillarroel.cat\/ca\/","name":"La Villarroel","description":"","publisher":{"@id":"https:\/\/www.lavillarroel.cat\/ca\/#organization"},"potentialAction":[{"@type":"SearchAction","target":{"@type":"EntryPoint","urlTemplate":"https:\/\/www.lavillarroel.cat\/ca\/?s={search_term_string}"},"query-input":{"@type":"PropertyValueSpecification","valueRequired":true,"valueName":"search_term_string"}}],"inLanguage":"ca"},{"@type":"Organization","@id":"https:\/\/www.lavillarroel.cat\/ca\/#organization","name":"La Villarroel","url":"https:\/\/www.lavillarroel.cat\/ca\/","logo":{"@type":"ImageObject","inLanguage":"ca","@id":"https:\/\/www.lavillarroel.cat\/ca\/#\/schema\/logo\/image\/","url":"https:\/\/www.lavillarroel.cat\/wp-content\/uploads\/sites\/5\/2017\/09\/teatre-villaroel-logo.svg","contentUrl":"https:\/\/www.lavillarroel.cat\/wp-content\/uploads\/sites\/5\/2017\/09\/teatre-villaroel-logo.svg","width":1,"height":1,"caption":"La Villarroel"},"image":{"@id":"https:\/\/www.lavillarroel.cat\/ca\/#\/schema\/logo\/image\/"},"sameAs":["http:\/\/www.facebook.com\/TeatreVillarroel","https:\/\/x.com\/la_villarroel","http:\/\/instagram.com\/la_villarroel","http:\/\/www.youtube.com\/user\/LaVillarroel#p\/u"]}]}},"translations":[{"id":2652,"locale":"ca"},{"id":2857,"locale":"es"}],"_links":{"self":[{"href":"https:\/\/www.lavillarroel.cat\/ca\/wp-json\/wp\/v2\/ex\/2652","targetHints":{"allow":["GET"]}}],"collection":[{"href":"https:\/\/www.lavillarroel.cat\/ca\/wp-json\/wp\/v2\/ex"}],"about":[{"href":"https:\/\/www.lavillarroel.cat\/ca\/wp-json\/wp\/v2\/types\/ex"}],"author":[{"embeddable":true,"href":"https:\/\/www.lavillarroel.cat\/ca\/wp-json\/wp\/v2\/users\/2"}],"replies":[{"embeddable":true,"href":"https:\/\/www.lavillarroel.cat\/ca\/wp-json\/wp\/v2\/comments?post=2652"}],"acf:term":[{"embeddable":true,"taxonomy":"season","href":"https:\/\/www.lavillarroel.cat\/ca\/wp-json\/wp\/v2\/season\/63"}],"wp:attachment":[{"href":"https:\/\/www.lavillarroel.cat\/ca\/wp-json\/wp\/v2\/media?parent=2652"}],"curies":[{"name":"wp","href":"https:\/\/api.w.org\/{rel}","templated":true}]}}