{"id":2657,"date":"2017-09-19T08:40:02","date_gmt":"2017-09-19T06:40:02","guid":{"rendered":"https:\/\/pre.lavillarroel.cat\/ex\/\/fairfly\/"},"modified":"2017-09-19T08:40:02","modified_gmt":"2017-09-19T06:40:02","slug":"fairfly","status":"publish","type":"ex","link":"https:\/\/www.lavillarroel.cat\/ca\/ex\/fairfly\/","title":{"rendered":"Fairfly"},"content":{"rendered":"","protected":false},"excerpt":{"rendered":"","protected":false},"author":2,"featured_media":0,"comment_status":"closed","ping_status":"open","template":"","class_list":["post-2657","ex","type-ex","status-publish","hentry","season-2017-18"],"acf":{"txt_synopsis":"<p>Quatre amics intenten organitzar-se despr\u00e9s que l\u2019empresa d\u2019alimentaci\u00f3 infantil on treballen els comuniqui l\u2019obertura d\u2019un ERO. La primera idea \u00e9s lluitar per defensar els seus llocs de feina, \u00e9s clar. Per\u00f2 de quina manera? I de qu\u00e8 servir\u00e0? Realment val la pena lluitar per aquesta feina que tenen? No seria millor que ho deixessin estar i intentessin convertir en realitat aquella idea revolucionaria&nbsp; que van tenir uns anys enrere? \n<\/p><p align=\"center\"><br \/><a href=\"http:\/\/bit.ly\/LaTemporada-17-18-GrupFocus\"><strong>Consulta la nostra revista de La Temporada 2017-2018 amb la programaci\u00f3 al detall de tots els teatres del Grup Focus<\/strong><\/a>&nbsp;<\/p>","main_buy_link":"https:\/\/www.4tickets.es\/LaVillarroel\/public\/janto\/?Nivel=Evento&idEvento=VILL58&Idioma=CA","main_buy_links":"","group_buy_link":"","show_language":"Espectacle en catal\u00e0","show_duration":"80","show_start_date":"20180517000000","show_end_date":"20180617000000","show_sort_date":"20180517000000","txt_custom_show_dates":"fins al 17 de juny de 2018","show_disciplines":"","show_ultimes_funcions":false,"hide_tarifes_especials":false,"show_properament":false,"txt_additional_info":"<p><i class=\"fa fa-trophy fa-2x fa-fw\"><\/i>&nbsp;Premis Butaca 2017: Millor espectacle de petit format i Millor text (Joan Yago)\n<i class=\"fa fa-trophy fa-2x fa-fw\"><\/i>&nbsp;Premis de la Cr\u00edtica 2017: Millor espectacle de petit format<\/p>","txt_present":"","show_season":[64],"txt_season":"[\"2017\/18\"]","txt_cycle":"","txt_claim":"","txt_cast_excerpt":"","txt_cast":"<p>Dramat\u00fargia <strong>Joan Yago<br \/><\/strong>Direcci\u00f3 <strong>Israel Sol\u00e0<\/strong><\/p>\n<p>Int\u00e8rprets <strong>Queralt Casasayas, Xavi Franc\u00e9s, Aitor Galisteo-Rocher <\/strong>i <strong>Vanessa Segura<\/strong><br \/>Escenografia, vestuari i il\u00b7luminaci\u00f3 <strong>Albert Pascual<\/strong> <br \/>Can\u00e7\u00f3 Fairfly <strong>Ona Pla<\/strong> i<strong> Josep S\u00e1nchez-Rico<\/strong> <br \/>V\u00eddeo <strong>Moosemallow Crew<\/strong> <br \/>Disseny de l\u2019espai sonor <strong>Israel Sol\u00e0<\/strong> i <strong>Guillem Rodr\u00edguez<\/strong><br \/>Fotografies <strong>Anna F\u00e0brega<\/strong> <br \/>Disseny Gr\u00e0fic <strong>Albert Pascual<\/strong><\/p>\n<p>Producci\u00f3 executiva <strong>La Cal\u00f2rica<\/strong><\/p>\n<p>Cap t\u00e8cnic del teatre <strong>Jaume Freixas<\/strong><\/p>\n<p>M\u00e0rqueting <strong>Publispec<\/strong><br \/>Premsa <strong>Anna Casasayas<\/strong> i<strong> Clara M. Clavell<\/strong> <\/p>\n<p>Agra\u00efments<br \/><strong>Esther L\u00f3pez, Marc Rius, J\u00falia Truyol, Txell Aixendri, Mariola Dinar\u00e9s, Jordi&nbsp; Bast\u00e9, M\u00f2nica Terribas, Montse Belda<\/strong>.<br \/><br \/>Una coproducci\u00f3 de <strong>La Cal\u00f2rica<\/strong>, <strong>Teatre Tantarantana<\/strong> i <strong>El Cicl\u00f3<\/strong> <\/p>\n<p>Primera funci\u00f3 a La Villarroel el 17 de maig del 2018 <\/p>\n<p><br \/><br \/><\/p>","txt_reviews":"Marcos Ord\u00f3\u00f1ez|El Pa\u00eds|\"Estupenda y feroz cr\u00f3nica sobre la crisis y el mito del \"emprendedorismo\". Ah\u00ed hay un \u00e9xito.\" \nJuan Carlos Olivares|TimeOut Barcelona|\"Yago maneja a voluntat el temps, pilota al seu gust el viratge de com\u00e8dia i drama, i Israel Sol\u00e0 aconsegueix que quatre excel\u00b7lents int\u00e8rprets visquin amb intensitat totes les vicissituds que pateixen els personatges.\" \nSanti Fondevila|ARA|\"El text de Joan Yago, un dels dramaturgs m\u00e9s brillants del moment per com conjuga les q\u00fcestions p\u00fabliques i les privades, retrata amb una certa ironia el fenomen de l\u2019emprenedor a trav\u00e9s d\u2019uns personatges tan reals com entranyables.\"  \nAlba Cuenca|Masteatro|\"Israel Sol\u00e1 ofrece una milim\u00e9trica direcci\u00f3n en la que todos los movimientos est\u00e1n estudiados y cuidados para que los personajes roten y sean lo m\u00e1s visibles posible.\" \nAndreu Sotorra|Teatralnet|\"Una pe\u00e7a rodona, de llenguatge viu, atractiu i reflexiu a la vegada, apte per a un ampli ventall d'espectadors.\" \nMarc Sabater|Recomana|\"Fairfly \u00e9s el resultat d\u2019un text brillant i ajustat als actors que l\u2019executen, uns actors excel\u00b7lents i encaixats a la pe\u00e7a que interpreten.\"","hashtag":"Fairfly","have_promo":"","slogan":"","id_exhibicio":1498,"id_versio":1241,"id_local":4,"txt_seo_desc":"'Fairfly', una s\u00e0tira agredol\u00e7a sobre l\u2019emprenedoria de Joan Yago dirigida per Israel Sol\u00e0 a La Villarroel de Barcelona. Premis Butaca 2017 a Millor espectacle de petit format i Millor text. Premis de la Cr\u00edtica 2017 a Millor espectacle de petit format.","data_images":"[{\"localizer\":\"V3SLIDE\",\"url\":\"media\/ftgalslide\/v3\/3144D\/01_086_00044607\/fairflylavillarroelteatrebarcelona2.jpg\",\"thumb_url\":\"media\/ftgalslide\/v3\/3144D\/01_086_00044607\/fairflylavillarroelteatrebarcelona2_thumb.jpg\",\"title\":\"Fairfly\",\"description\":\"La Villarroel\",\"copyright\":\"https:\/\/youtu.be\/7SK-CAHac1c\",\"order\":1},{\"localizer\":\"V2SLIDE\",\"url\":\"media\/ftgalslide\/313ED\/01_076_00042237\/Promo_Fairfly_3_cAnna_Fabrega.jpg\",\"thumb_url\":\"media\/ftgalslide\/313ED\/01_076_00042237\/Promo_Fairfly_3_cAnna_Fabrega_thumb.jpg\",\"title\":\"Fairfly\",\"description\":\"La Villarroel\",\"copyright\":\"\",\"order\":4},{\"localizer\":\"VERS_IMATGE_ESPECTACLE\",\"url\":\"media\/ftespect\/313ED\/01_020_00042238\/Fairfly05cAnnaFabrega.jpg\",\"thumb_url\":\"media\/ftespect\/313ED\/01_020_00042238\/Fairfly05cAnnaFabrega_thumb.jpg\",\"title\":\"Fairfly\",\"description\":\"Fairfly\",\"copyright\":\"\",\"order\":5},{\"localizer\":\"VERS_IMATGE_ESPECTACLE\",\"url\":\"media\/ftespect\/313ED\/01_020_00042239\/PromoFairfly3cAnnaFabrega.jpg\",\"thumb_url\":\"media\/ftespect\/313ED\/01_020_00042239\/PromoFairfly3cAnnaFabrega_thumb.jpg\",\"title\":\"Fairfly\",\"description\":\"Fairfly\",\"copyright\":\"\",\"order\":6},{\"localizer\":\"V2PORTADA\",\"url\":\"media\/ver\/port\/313ED\/01_078_00042472\/h_y_v_03.jpg\",\"thumb_url\":\"media\/ver\/port\/313ED\/01_078_00042472\/h_y_v_03_thumb.jpg\",\"title\":\"Fairfly\",\"description\":\"Fairfly\",\"copyright\":\"\",\"order\":8},{\"localizer\":\"V2CARTELL\",\"url\":\"media\/ver\/cartell\/313ED\/01_079_00042473\/h_y_v_01.jpg\",\"thumb_url\":\"media\/ver\/cartell\/313ED\/01_079_00042473\/h_y_v_01_thumb.jpg\",\"title\":\"Fairfly\",\"description\":\"Fairfly\",\"copyright\":\"\",\"order\":9},{\"localizer\":\"V3CARTELL\",\"url\":\"media\/ver\/cartell\/v3\/31449\/01_085_00043661\/fairflylavillarroel.jpg\",\"thumb_url\":\"media\/ver\/cartell\/v3\/31449\/01_085_00043661\/fairflylavillarroel_thumb.jpg\",\"title\":\"Fairfly\",\"description\":\"La Villarroel\",\"copyright\":\"\",\"order\":14},{\"localizer\":\"V3SLIDE\",\"url\":\"media\/ftgalslide\/v3\/3144C\/01_086_00044425\/fairflylavillarroelteatrebarcelona4.jpg\",\"thumb_url\":\"media\/ftgalslide\/v3\/3144C\/01_086_00044425\/fairflylavillarroelteatrebarcelona4_thumb.jpg\",\"title\":\"Fairfly\",\"description\":\"La Villarroel\",\"copyright\":\"\",\"order\":15},{\"localizer\":\"V3SLIDE\",\"url\":\"media\/ftgalslide\/v3\/3144C\/01_086_00044426\/fairflylavillarroelteatrebarcelona5.jpg\",\"thumb_url\":\"media\/ftgalslide\/v3\/3144C\/01_086_00044426\/fairflylavillarroelteatrebarcelona5_thumb.jpg\",\"title\":\"Fairfly\",\"description\":\"La Villarroel\",\"copyright\":\"\",\"order\":16},{\"localizer\":\"V3SLIDE\",\"url\":\"media\/ftgalslide\/v3\/3144C\/01_086_00044427\/fairflylavillarroelteatrebarcelona6.jpg\",\"thumb_url\":\"media\/ftgalslide\/v3\/3144C\/01_086_00044427\/fairflylavillarroelteatrebarcelona6_thumb.jpg\",\"title\":\"Fairfly\",\"description\":\"La Villarroel\",\"copyright\":\"\",\"order\":17},{\"localizer\":\"V3SLIDE\",\"url\":\"media\/ftgalslide\/v3\/3144C\/01_086_00044428\/fairflylavillarroelteatrebarcelona7.jpg\",\"thumb_url\":\"media\/ftgalslide\/v3\/3144C\/01_086_00044428\/fairflylavillarroelteatrebarcelona7_thumb.jpg\",\"title\":\"Fairfly\",\"description\":\"La Villarroel\",\"copyright\":\"\",\"order\":18},{\"localizer\":\"V3SLIDE\",\"url\":\"media\/ftgalslide\/v3\/3144C\/01_086_00044429\/fairflylavillarroelteatrebarcelona8.jpg\",\"thumb_url\":\"media\/ftgalslide\/v3\/3144C\/01_086_00044429\/fairflylavillarroelteatrebarcelona8_thumb.jpg\",\"title\":\"Fairfly\",\"description\":\"La Villarroel\",\"copyright\":\"\",\"order\":19},{\"localizer\":\"V3SLIDE\",\"url\":\"media\/ftgalslide\/v3\/3144C\/01_086_00044430\/fairflylavillarroelteatrebarcelona9.jpg\",\"thumb_url\":\"media\/ftgalslide\/v3\/3144C\/01_086_00044430\/fairflylavillarroelteatrebarcelona9_thumb.jpg\",\"title\":\"Fairfly\",\"description\":\"La Villarroel\",\"copyright\":\"\",\"order\":20},{\"localizer\":\"V3SLIDE\",\"url\":\"media\/ftgalslide\/v3\/3144C\/01_086_00044431\/fairflylavillarroelteatrebarcelona10.jpg\",\"thumb_url\":\"media\/ftgalslide\/v3\/3144C\/01_086_00044431\/fairflylavillarroelteatrebarcelona10_thumb.jpg\",\"title\":\"Fairfly\",\"description\":\"La Villarroel\",\"copyright\":\"\",\"order\":21},{\"localizer\":\"V3SLIDE\",\"url\":\"media\/ftgalslide\/v3\/3144C\/01_086_00044432\/fairflylavillarroelteatrebarcelona.jpg\",\"thumb_url\":\"media\/ftgalslide\/v3\/3144C\/01_086_00044432\/fairflylavillarroelteatrebarcelona_thumb.jpg\",\"title\":\"Fairfly\",\"description\":\"La Villarroel\",\"copyright\":\"\",\"order\":22},{\"localizer\":\"V3SLIDE\",\"url\":\"media\/ftgalslide\/v3\/3144C\/01_086_00044433\/fairflylavillarroelteatrebarcelona1.jpg\",\"thumb_url\":\"media\/ftgalslide\/v3\/3144C\/01_086_00044433\/fairflylavillarroelteatrebarcelona1_thumb.jpg\",\"title\":\"Fairfly\",\"description\":\"La Villarroel\",\"copyright\":\"\",\"order\":23},{\"localizer\":\"V3PORTADAWIDE\",\"url\":\"media\/ver\/port\/v3wide\/3144E\/01_088_00044677\/0fairflylavillarroelteatrebarcelonaultimesfuncions.jpg\",\"thumb_url\":\"media\/ver\/port\/v3wide\/3144E\/01_088_00044677\/0fairflylavillarroelteatrebarcelonaultimesfuncions_thumb.jpg\",\"title\":\"Fairfly\",\"description\":\"La Villarroel\",\"copyright\":\"\",\"order\":28},{\"localizer\":\"V3PORTADA\",\"url\":\"media\/ver\/port\/v3\/3144E\/01_084_00044678\/1fairflylavillarroelteatrebarcelonaultimesfuncions.jpg\",\"thumb_url\":\"media\/ver\/port\/v3\/3144E\/01_084_00044678\/1fairflylavillarroelteatrebarcelonaultimesfuncions_thumb.jpg\",\"title\":\"Fairfly\",\"description\":\"La Villarroel\",\"copyright\":\"\",\"order\":29}]","material__texto_intro":"","data_material":null,"data_gallery":"","data_discounts":"[{\"InfoAddicional\":\"<p><strong>Descomptes per a grups i escoles<br \/><\/strong><\/p>\",\"Url\":\"https:\/\/www.promentrada.com\/ca\/catalog\/\",\"Codi\":\"VILL58\",\"LogoUrl\":\"media\/fimage\/31389\/01_005_00038530\/logo_prome_nuevo_v_web.jpg\",\"TitolBoto\":\"Descomptes per a grups i escoles\",\"Type\":\"discount\"},{\"InfoAddicional\":\"<p><strong>Descomptes per a particulars<br \/><\/strong><\/p>\",\"Url\":\"http:\/\/vip.promentrada.com\",\"Codi\":\"VILL58\",\"LogoUrl\":\"media\/fimage\/31389\/01_005_00038559\/logo_prome_vip_v_web.jpg\",\"TitolBoto\":\"Descomptes per a particulars\",\"Type\":\"discount\"}]","contract_is_open":false,"in_tour":false},"yoast_head":"<!-- This site is optimized with the Yoast SEO plugin v27.4 - https:\/\/yoast.com\/product\/yoast-seo-wordpress\/ -->\n<title>Fairfly - La Villarroel<\/title>\n<meta name=\"robots\" content=\"index, follow, max-snippet:-1, max-image-preview:large, max-video-preview:-1\" \/>\n<link rel=\"canonical\" href=\"https:\/\/www.lavillarroel.cat\/ca\/ex\/fairfly\/\" \/>\n<script type=\"application\/ld+json\" class=\"yoast-schema-graph\">{\"@context\":\"https:\\\/\\\/schema.org\",\"@graph\":[{\"@type\":\"WebPage\",\"@id\":\"https:\\\/\\\/www.lavillarroel.cat\\\/ca\\\/ex\\\/fairfly\\\/\",\"url\":\"https:\\\/\\\/www.lavillarroel.cat\\\/ca\\\/ex\\\/fairfly\\\/\",\"name\":\"Fairfly - La Villarroel\",\"isPartOf\":{\"@id\":\"https:\\\/\\\/www.lavillarroel.cat\\\/ca\\\/#website\"},\"datePublished\":\"2017-09-19T06:40:02+00:00\",\"breadcrumb\":{\"@id\":\"https:\\\/\\\/www.lavillarroel.cat\\\/ca\\\/ex\\\/fairfly\\\/#breadcrumb\"},\"inLanguage\":\"ca\",\"potentialAction\":[{\"@type\":\"ReadAction\",\"target\":[\"https:\\\/\\\/www.lavillarroel.cat\\\/ca\\\/ex\\\/fairfly\\\/\"]}]},{\"@type\":\"BreadcrumbList\",\"@id\":\"https:\\\/\\\/www.lavillarroel.cat\\\/ca\\\/ex\\\/fairfly\\\/#breadcrumb\",\"itemListElement\":[{\"@type\":\"ListItem\",\"position\":1,\"name\":\"Inici\",\"item\":\"https:\\\/\\\/www.lavillarroel.cat\\\/ca\\\/\"},{\"@type\":\"ListItem\",\"position\":2,\"name\":\"Espectacles\",\"item\":\"https:\\\/\\\/www.lavillarroel.cat\\\/ca\\\/ex\\\/\"},{\"@type\":\"ListItem\",\"position\":3,\"name\":\"Fairfly\"}]},{\"@type\":\"WebSite\",\"@id\":\"https:\\\/\\\/www.lavillarroel.cat\\\/ca\\\/#website\",\"url\":\"https:\\\/\\\/www.lavillarroel.cat\\\/ca\\\/\",\"name\":\"La Villarroel\",\"description\":\"\",\"publisher\":{\"@id\":\"https:\\\/\\\/www.lavillarroel.cat\\\/ca\\\/#organization\"},\"potentialAction\":[{\"@type\":\"SearchAction\",\"target\":{\"@type\":\"EntryPoint\",\"urlTemplate\":\"https:\\\/\\\/www.lavillarroel.cat\\\/ca\\\/?s={search_term_string}\"},\"query-input\":{\"@type\":\"PropertyValueSpecification\",\"valueRequired\":true,\"valueName\":\"search_term_string\"}}],\"inLanguage\":\"ca\"},{\"@type\":\"Organization\",\"@id\":\"https:\\\/\\\/www.lavillarroel.cat\\\/ca\\\/#organization\",\"name\":\"La Villarroel\",\"url\":\"https:\\\/\\\/www.lavillarroel.cat\\\/ca\\\/\",\"logo\":{\"@type\":\"ImageObject\",\"inLanguage\":\"ca\",\"@id\":\"https:\\\/\\\/www.lavillarroel.cat\\\/ca\\\/#\\\/schema\\\/logo\\\/image\\\/\",\"url\":\"https:\\\/\\\/www.lavillarroel.cat\\\/wp-content\\\/uploads\\\/sites\\\/5\\\/2017\\\/09\\\/teatre-villaroel-logo.svg\",\"contentUrl\":\"https:\\\/\\\/www.lavillarroel.cat\\\/wp-content\\\/uploads\\\/sites\\\/5\\\/2017\\\/09\\\/teatre-villaroel-logo.svg\",\"width\":1,\"height\":1,\"caption\":\"La Villarroel\"},\"image\":{\"@id\":\"https:\\\/\\\/www.lavillarroel.cat\\\/ca\\\/#\\\/schema\\\/logo\\\/image\\\/\"},\"sameAs\":[\"http:\\\/\\\/www.facebook.com\\\/TeatreVillarroel\",\"https:\\\/\\\/x.com\\\/la_villarroel\",\"http:\\\/\\\/instagram.com\\\/la_villarroel\",\"http:\\\/\\\/www.youtube.com\\\/user\\\/LaVillarroel#p\\\/u\"]}]}<\/script>\n<!-- \/ Yoast SEO plugin. -->","yoast_head_json":{"title":"Fairfly - La Villarroel","robots":{"index":"index","follow":"follow","max-snippet":"max-snippet:-1","max-image-preview":"max-image-preview:large","max-video-preview":"max-video-preview:-1"},"canonical":"https:\/\/www.lavillarroel.cat\/ca\/ex\/fairfly\/","schema":{"@context":"https:\/\/schema.org","@graph":[{"@type":"WebPage","@id":"https:\/\/www.lavillarroel.cat\/ca\/ex\/fairfly\/","url":"https:\/\/www.lavillarroel.cat\/ca\/ex\/fairfly\/","name":"Fairfly - La Villarroel","isPartOf":{"@id":"https:\/\/www.lavillarroel.cat\/ca\/#website"},"datePublished":"2017-09-19T06:40:02+00:00","breadcrumb":{"@id":"https:\/\/www.lavillarroel.cat\/ca\/ex\/fairfly\/#breadcrumb"},"inLanguage":"ca","potentialAction":[{"@type":"ReadAction","target":["https:\/\/www.lavillarroel.cat\/ca\/ex\/fairfly\/"]}]},{"@type":"BreadcrumbList","@id":"https:\/\/www.lavillarroel.cat\/ca\/ex\/fairfly\/#breadcrumb","itemListElement":[{"@type":"ListItem","position":1,"name":"Inici","item":"https:\/\/www.lavillarroel.cat\/ca\/"},{"@type":"ListItem","position":2,"name":"Espectacles","item":"https:\/\/www.lavillarroel.cat\/ca\/ex\/"},{"@type":"ListItem","position":3,"name":"Fairfly"}]},{"@type":"WebSite","@id":"https:\/\/www.lavillarroel.cat\/ca\/#website","url":"https:\/\/www.lavillarroel.cat\/ca\/","name":"La Villarroel","description":"","publisher":{"@id":"https:\/\/www.lavillarroel.cat\/ca\/#organization"},"potentialAction":[{"@type":"SearchAction","target":{"@type":"EntryPoint","urlTemplate":"https:\/\/www.lavillarroel.cat\/ca\/?s={search_term_string}"},"query-input":{"@type":"PropertyValueSpecification","valueRequired":true,"valueName":"search_term_string"}}],"inLanguage":"ca"},{"@type":"Organization","@id":"https:\/\/www.lavillarroel.cat\/ca\/#organization","name":"La Villarroel","url":"https:\/\/www.lavillarroel.cat\/ca\/","logo":{"@type":"ImageObject","inLanguage":"ca","@id":"https:\/\/www.lavillarroel.cat\/ca\/#\/schema\/logo\/image\/","url":"https:\/\/www.lavillarroel.cat\/wp-content\/uploads\/sites\/5\/2017\/09\/teatre-villaroel-logo.svg","contentUrl":"https:\/\/www.lavillarroel.cat\/wp-content\/uploads\/sites\/5\/2017\/09\/teatre-villaroel-logo.svg","width":1,"height":1,"caption":"La Villarroel"},"image":{"@id":"https:\/\/www.lavillarroel.cat\/ca\/#\/schema\/logo\/image\/"},"sameAs":["http:\/\/www.facebook.com\/TeatreVillarroel","https:\/\/x.com\/la_villarroel","http:\/\/instagram.com\/la_villarroel","http:\/\/www.youtube.com\/user\/LaVillarroel#p\/u"]}]}},"translations":[{"id":2657,"locale":"ca"},{"id":2862,"locale":"es"}],"_links":{"self":[{"href":"https:\/\/www.lavillarroel.cat\/ca\/wp-json\/wp\/v2\/ex\/2657","targetHints":{"allow":["GET"]}}],"collection":[{"href":"https:\/\/www.lavillarroel.cat\/ca\/wp-json\/wp\/v2\/ex"}],"about":[{"href":"https:\/\/www.lavillarroel.cat\/ca\/wp-json\/wp\/v2\/types\/ex"}],"author":[{"embeddable":true,"href":"https:\/\/www.lavillarroel.cat\/ca\/wp-json\/wp\/v2\/users\/2"}],"replies":[{"embeddable":true,"href":"https:\/\/www.lavillarroel.cat\/ca\/wp-json\/wp\/v2\/comments?post=2657"}],"acf:term":[{"embeddable":true,"taxonomy":"season","href":"https:\/\/www.lavillarroel.cat\/ca\/wp-json\/wp\/v2\/season\/64"}],"wp:attachment":[{"href":"https:\/\/www.lavillarroel.cat\/ca\/wp-json\/wp\/v2\/media?parent=2657"}],"curies":[{"name":"wp","href":"https:\/\/api.w.org\/{rel}","templated":true}]}}