{"id":2676,"date":"2019-04-11T10:15:00","date_gmt":"2019-04-11T08:15:00","guid":{"rendered":"https:\/\/pre.lavillarroel.cat\/ex\/\/un-dia-qualsevol\/"},"modified":"2019-04-11T10:15:00","modified_gmt":"2019-04-11T08:15:00","slug":"un-dia-qualsevol","status":"publish","type":"ex","link":"https:\/\/www.lavillarroel.cat\/ca\/ex\/un-dia-qualsevol\/","title":{"rendered":"Un dia qualsevol"},"content":{"rendered":"","protected":false},"excerpt":{"rendered":"","protected":false},"author":2,"featured_media":0,"comment_status":"closed","ping_status":"open","template":"","class_list":["post-2676","ex","type-ex","status-publish","hentry","season-2018-19"],"acf":{"txt_synopsis":"<p>T\u00e9 setanta-set anys i es diu Marta. O, com a m\u00ednim, aix\u00ed li han dit fins ara. Per\u00f2 ella sempre s\u2019ha volgut dir Solange. Aprofitant que el seu marit s'acaba de morir i ha hagut de traslladar-se a la resid\u00e8ncia Bon Rep\u00f2s, ha decidit canviar-se el nom. <br \/>Solange \u00e9s molt m\u00e9s elegant. <br \/>A la resid\u00e8ncia, hi coneixer\u00e0 l\u2019Ernest i el Mateu. Dos avis que malauradament s\u2019han acostumat a avorrir-se i discutir passad\u00eds amunt, passad\u00eds avall. <br \/>La influ\u00e8ncia de la Solange i les seves ganes de viure en l\u2019apatia dels dos amics acabar\u00e0 provocant un munt de situacions absurdes i divertides que complicaran i de quina manera, la vida de la Rosa, la directora de la resid\u00e8ncia. <br \/>Com diu un dels personatges: \u201c<em>la vida \u00e9s massa curta per viure nom\u00e9s cent anys<\/em>\u201d.<\/p>","main_buy_link":"","main_buy_links":"","group_buy_link":"","show_language":"Espectacle en catal\u00e0","show_duration":"80","show_start_date":"20190710000000","show_end_date":"20190728000000","show_sort_date":"20190710000000","txt_custom_show_dates":"del 10 al 28 de juliol de 2019","show_disciplines":"","show_ultimes_funcions":false,"hide_tarifes_especials":false,"show_properament":false,"txt_additional_info":"","txt_present":"","show_season":[65],"txt_season":"[\"2018\/19\"]","txt_cycle":"","txt_claim":"","txt_cast_excerpt":"","txt_cast":"<p>Autor i director : <strong>Oriol Tarras\u00f3n<\/strong> <br \/>Direcci\u00f3 esc\u00e8nica:<strong> Mart\u00ed Torras Mayneris<\/strong><\/p>\n<p>Amb: <strong>Annabel Castan, Imma Colomer, Pep Ferrer, Quimet Pla<\/strong><\/p>\n<p>Escenografia i vestuari: <strong>Joana Mart\u00ed<\/strong><br \/>Il\u00b7luminaci\u00f3: <strong>I\u00f1aki Garz<br \/><\/strong>So i concepci\u00f3 sonora: <strong>Jordi Agut <\/strong>i <strong>Jaume Verg\u00e9<\/strong><br \/>Caracteritzaci\u00f3:<strong> Txus Gonz\u00e1lez<br \/><\/strong>Moviment: <strong>Sebastian Garcia Ferro<br \/><\/strong>Ajudant de direcci\u00f3:<strong> Omar Ba\u00f1on<\/strong><\/p>\n<p>V\u00eddeo: <strong>Joan Gast\u00f3<\/strong><br \/>Disseny gr\u00e0fic: <strong>Assad Kassab<\/strong><br \/>Fotografia: <strong>David Tarras\u00f3n<br \/><\/strong>Xarxes Socials: <strong>Estel Ibars<br \/><\/strong>Gesti\u00f3 cultural: <strong>Eduard Arderiu<\/strong><br \/>Productor associat: <strong>Quim Folguera<\/strong> <br \/>Producci\u00f3 executiva: <strong>Rau\u0308l Perales<\/strong><\/p>\n<p>Cap t\u00e8cnic del teatre: <strong>Jaume Feixas<\/strong><\/p>\n<p>Premsa: <strong>Cosmica<br \/><\/strong>M\u00e0rqueting i comunicaci\u00f3: <strong>Publispec<br \/><\/strong><br \/>Producci\u00f3:&nbsp;<strong>Les Antonietes<\/strong> i<strong> Grec 2019 Festival de Barcelona<\/strong> i <strong>OHM productions<br \/><\/strong><br \/>Amb la col\u00b7laboraci\u00f3 de <strong>La Villarroel, La Caldera Les Corts, Escola Superior d\u2019Art Dram\u00e0tic E\u00f2lia, Institut del Teatre de Barcelona, Medusa Cultura.<br \/><\/strong>Amb el suport del <strong>Departament de Cultura de la Generalitat de Catalunya<\/strong><br \/><\/p>","txt_reviews":"Toni Polo|El Pa\u00eds|\"El texto es \u00e1gil, divertido e ir\u00f3nico.\"\nSanti Fondevila|Ara|\"Un sorprenent t\u00edtol.\"","hashtag":"undiaqualsevol","have_promo":"","slogan":"","id_exhibicio":1655,"id_versio":1362,"id_local":4,"txt_seo_desc":"Un dia qualsevol de Les Antonietes Teatre i dirigida per Oriol Tarrason a La Villarroel de Barcelona dins el marc del Grec 2019 Festival de Barcelona.","data_images":"[{\"localizer\":\"V3SLIDE\",\"url\":\"media\/ftgalslide\/v3\/314B2\/01_086_00048476\/un-dia-qualsevol-teatre-la-villarroel-barcelona.jpg\",\"thumb_url\":\"media\/ftgalslide\/v3\/314B2\/01_086_00048476\/un-dia-qualsevol-teatre-la-villarroel-barcelona_thumb.jpg\",\"title\":\"Un dia qualsevol - La Villarroel\",\"description\":\"un dia qualsevol teatre la villarroel barcelona\",\"copyright\":\"https:\/\/youtu.be\/n_DEBbRonH4\",\"order\":1},{\"localizer\":\"V3SLIDE\",\"url\":\"media\/ftgalslide\/v3\/314B1\/01_086_00048067\/imagen_limpia_1600_x_900_pix.jpg\",\"thumb_url\":\"media\/ftgalslide\/v3\/314B1\/01_086_00048067\/imagen_limpia_1600_x_900_pix_thumb.jpg\",\"title\":\"Un dia qualsevol - La Villarroel\",\"description\":\"un dia qualsevol teatre la villarroel barcelona\",\"copyright\":\"\",\"order\":2},{\"localizer\":\"V3SLIDE\",\"url\":\"media\/ftgalslide\/v3\/314B1\/01_086_00047904\/un-dia-qualsevol-teatre-la-villarroel-barcelona-3.jpg\",\"thumb_url\":\"media\/ftgalslide\/v3\/314B1\/01_086_00047904\/un-dia-qualsevol-teatre-la-villarroel-barcelona-3_thumb.jpg\",\"title\":\"Un dia qualsevol - La Villarroel\",\"description\":\"un dia qualsevol teatre la villarroel barcelona\",\"copyright\":\"\",\"order\":6},{\"localizer\":\"V3SLIDE\",\"url\":\"media\/ftgalslide\/v3\/314B1\/01_086_00047905\/un-dia-qualsevol-teatre-la-villarroel-barcelona.jpg\",\"thumb_url\":\"media\/ftgalslide\/v3\/314B1\/01_086_00047905\/un-dia-qualsevol-teatre-la-villarroel-barcelona_thumb.jpg\",\"title\":\"Un dia qualsevol - La Villarroel\",\"description\":\"un dia qualsevol teatre la villarroel barcelona\",\"copyright\":\"\",\"order\":7},{\"localizer\":\"V3SLIDE\",\"url\":\"media\/ftgalslide\/v3\/314B1\/01_086_00047906\/un-dia-qualsevol-teatre-la-villarroel-barcelona-2.jpg\",\"thumb_url\":\"media\/ftgalslide\/v3\/314B1\/01_086_00047906\/un-dia-qualsevol-teatre-la-villarroel-barcelona-2_thumb.jpg\",\"title\":\"Un dia qualsevol - La Villarroel\",\"description\":\"un dia qualsevol teatre la villarroel barcelona\",\"copyright\":\"\",\"order\":8},{\"localizer\":\"V3SLIDE\",\"url\":\"media\/ftgalslide\/v3\/314B1\/01_086_00047907\/un-dia-qualsevol-teatre-la-villarroel-barcelona-4.jpg\",\"thumb_url\":\"media\/ftgalslide\/v3\/314B1\/01_086_00047907\/un-dia-qualsevol-teatre-la-villarroel-barcelona-4_thumb.jpg\",\"title\":\"Un dia qualsevol - La Villarroel\",\"description\":\"un dia qualsevol teatre la villarroel barcelona\",\"copyright\":\"\",\"order\":9},{\"localizer\":\"V3SLIDE\",\"url\":\"media\/ftgalslide\/v3\/314B1\/01_086_00047908\/un-dia-qualsevol-teatre-la-villarroel-barcelona-5.jpg\",\"thumb_url\":\"media\/ftgalslide\/v3\/314B1\/01_086_00047908\/un-dia-qualsevol-teatre-la-villarroel-barcelona-5_thumb.jpg\",\"title\":\"Un dia qualsevol - La Villarroel\",\"description\":\"un dia qualsevol teatre la villarroel barcelona\",\"copyright\":\"\",\"order\":10},{\"localizer\":\"V3PORTADAWIDE\",\"url\":\"media\/ver\/port\/v3wide\/314B3\/01_088_00048667\/0-un-dia-qualsevol-la-villarroel-teatre-barcelona.jpg\",\"thumb_url\":\"media\/ver\/port\/v3wide\/314B3\/01_088_00048667\/0-un-dia-qualsevol-la-villarroel-teatre-barcelona_thumb.jpg\",\"title\":\"Un dia qualsevol - La Villarroel\",\"description\":\"un dia qualsevol teatre la villarroel barcelona\",\"copyright\":\"\",\"order\":18},{\"localizer\":\"V2CARTELL\",\"url\":\"media\/ver\/cartell\/314B3\/01_079_00048695\/cartellweb-un-dia-qualsevol-la-villarroel-teatre-barcelona.jpg\",\"thumb_url\":\"media\/ver\/cartell\/314B3\/01_079_00048695\/cartellweb-un-dia-qualsevol-la-villarroel-teatre-barcelona_thumb.jpg\",\"title\":\"Un dia qualsevol\",\"description\":\"Un dia qualsevol\",\"copyright\":\"\",\"order\":19},{\"localizer\":\"V3SLIDE\",\"url\":\"media\/ftgalslide\/v3\/314B3\/01_086_00048705\/un-dia-qualsevol-la-villarroel-5.jpg\",\"thumb_url\":\"media\/ftgalslide\/v3\/314B3\/01_086_00048705\/un-dia-qualsevol-la-villarroel-5_thumb.jpg\",\"title\":\"Un dia qualsevol - La Villarroel\",\"description\":\"un dia qualsevol teatre la villarroel barcelona\",\"copyright\":\"\",\"order\":20},{\"localizer\":\"V3SLIDE\",\"url\":\"media\/ftgalslide\/v3\/314B3\/01_086_00048706\/un-dia-qualsevol-la-villarroel-1.jpg\",\"thumb_url\":\"media\/ftgalslide\/v3\/314B3\/01_086_00048706\/un-dia-qualsevol-la-villarroel-1_thumb.jpg\",\"title\":\"Un dia qualsevol - La Villarroel\",\"description\":\"un dia qualsevol teatre la villarroel barcelona\",\"copyright\":\"\",\"order\":21},{\"localizer\":\"V3SLIDE\",\"url\":\"media\/ftgalslide\/v3\/314B3\/01_086_00048707\/un-dia-qualsevol-la-villarroel-4.jpg\",\"thumb_url\":\"media\/ftgalslide\/v3\/314B3\/01_086_00048707\/un-dia-qualsevol-la-villarroel-4_thumb.jpg\",\"title\":\"Un dia qualsevol - La Villarroel\",\"description\":\"un dia qualsevol teatre la villarroel barcelona\",\"copyright\":\"\",\"order\":22},{\"localizer\":\"V3SLIDE\",\"url\":\"media\/ftgalslide\/v3\/314B3\/01_086_00048708\/un-dia-qualsevol-la-villarroel-2.jpg\",\"thumb_url\":\"media\/ftgalslide\/v3\/314B3\/01_086_00048708\/un-dia-qualsevol-la-villarroel-2_thumb.jpg\",\"title\":\"Un dia qualsevol - La Villarroel\",\"description\":\"un dia qualsevol teatre la villarroel barcelona\",\"copyright\":\"\",\"order\":23},{\"localizer\":\"V3CARTELL\",\"url\":\"media\/ver\/cartell\/v3\/314B4\/01_085_00048963\/cartellweb-un-dia-qualsevol-la-villarroel-teatre-barcelona.jpg\",\"thumb_url\":\"media\/ver\/cartell\/v3\/314B4\/01_085_00048963\/cartellweb-un-dia-qualsevol-la-villarroel-teatre-barcelona_thumb.jpg\",\"title\":\"Un dia qualsevol - La Villarroel\",\"description\":\"un dia qualsevol teatre la villarroel barcelona\",\"copyright\":\"\",\"order\":28},{\"localizer\":\"V3PORTADA\",\"url\":\"media\/ver\/port\/v3\/31515\/01_084_00050509\/1-un-dia-qualsevol-la-villarroel-teatre-barcelona-18.jpg\",\"thumb_url\":\"media\/ver\/port\/v3\/31515\/01_084_00050509\/1-un-dia-qualsevol-la-villarroel-teatre-barcelona-18_thumb.jpg\",\"title\":\"Un dia qualsevol - La Villarroel\",\"description\":\"un dia qualsevol al teatre la villarroel de barcelona\",\"copyright\":\"\",\"order\":32}]","material__texto_intro":"","data_material":null,"data_gallery":"","data_discounts":"[{\"InfoAddicional\":\"<p><strong>Descomptes per a grups i escoles<br \/><\/strong><\/p>\",\"Url\":\"https:\/\/www.promentrada.com\/ca\/product\/{#CODI#}\",\"Codi\":\"VILL80\",\"LogoUrl\":\"media\/fimage\/31389\/01_005_00038530\/logo_prome_nuevo_v_web.jpg\",\"TitolBoto\":\"Descomptes per a grups i escoles\",\"Type\":\"discount\"},{\"InfoAddicional\":\"<p><strong>Descomptes per a particulars<br \/><\/strong><\/p>\",\"Url\":\"vip.promentrada.com\/ca\/product\/{#CODI#}\",\"Codi\":\"VILL80\",\"LogoUrl\":\"media\/fimage\/31389\/01_005_00038559\/logo_prome_vip_v_web.jpg\",\"TitolBoto\":\"Descomptes per a particulars\",\"Type\":\"discount\"}]","contract_is_open":false,"in_tour":false},"yoast_head":"<!-- This site is optimized with the Yoast SEO plugin v27.5 - https:\/\/yoast.com\/product\/yoast-seo-wordpress\/ -->\n<title>Un dia qualsevol - La Villarroel<\/title>\n<meta name=\"robots\" content=\"index, follow, max-snippet:-1, max-image-preview:large, max-video-preview:-1\" \/>\n<link rel=\"canonical\" href=\"https:\/\/www.lavillarroel.cat\/ca\/ex\/un-dia-qualsevol\/\" \/>\n<script type=\"application\/ld+json\" class=\"yoast-schema-graph\">{\"@context\":\"https:\\\/\\\/schema.org\",\"@graph\":[{\"@type\":\"WebPage\",\"@id\":\"https:\\\/\\\/www.lavillarroel.cat\\\/ca\\\/ex\\\/un-dia-qualsevol\\\/\",\"url\":\"https:\\\/\\\/www.lavillarroel.cat\\\/ca\\\/ex\\\/un-dia-qualsevol\\\/\",\"name\":\"Un dia qualsevol - La Villarroel\",\"isPartOf\":{\"@id\":\"https:\\\/\\\/www.lavillarroel.cat\\\/ca\\\/#website\"},\"datePublished\":\"2019-04-11T08:15:00+00:00\",\"breadcrumb\":{\"@id\":\"https:\\\/\\\/www.lavillarroel.cat\\\/ca\\\/ex\\\/un-dia-qualsevol\\\/#breadcrumb\"},\"inLanguage\":\"ca\",\"potentialAction\":[{\"@type\":\"ReadAction\",\"target\":[\"https:\\\/\\\/www.lavillarroel.cat\\\/ca\\\/ex\\\/un-dia-qualsevol\\\/\"]}]},{\"@type\":\"BreadcrumbList\",\"@id\":\"https:\\\/\\\/www.lavillarroel.cat\\\/ca\\\/ex\\\/un-dia-qualsevol\\\/#breadcrumb\",\"itemListElement\":[{\"@type\":\"ListItem\",\"position\":1,\"name\":\"Inici\",\"item\":\"https:\\\/\\\/www.lavillarroel.cat\\\/ca\\\/\"},{\"@type\":\"ListItem\",\"position\":2,\"name\":\"Espectacles\",\"item\":\"https:\\\/\\\/www.lavillarroel.cat\\\/ca\\\/ex\\\/\"},{\"@type\":\"ListItem\",\"position\":3,\"name\":\"Un dia qualsevol\"}]},{\"@type\":\"WebSite\",\"@id\":\"https:\\\/\\\/www.lavillarroel.cat\\\/ca\\\/#website\",\"url\":\"https:\\\/\\\/www.lavillarroel.cat\\\/ca\\\/\",\"name\":\"La Villarroel\",\"description\":\"\",\"publisher\":{\"@id\":\"https:\\\/\\\/www.lavillarroel.cat\\\/ca\\\/#organization\"},\"potentialAction\":[{\"@type\":\"SearchAction\",\"target\":{\"@type\":\"EntryPoint\",\"urlTemplate\":\"https:\\\/\\\/www.lavillarroel.cat\\\/ca\\\/?s={search_term_string}\"},\"query-input\":{\"@type\":\"PropertyValueSpecification\",\"valueRequired\":true,\"valueName\":\"search_term_string\"}}],\"inLanguage\":\"ca\"},{\"@type\":\"Organization\",\"@id\":\"https:\\\/\\\/www.lavillarroel.cat\\\/ca\\\/#organization\",\"name\":\"La Villarroel\",\"url\":\"https:\\\/\\\/www.lavillarroel.cat\\\/ca\\\/\",\"logo\":{\"@type\":\"ImageObject\",\"inLanguage\":\"ca\",\"@id\":\"https:\\\/\\\/www.lavillarroel.cat\\\/ca\\\/#\\\/schema\\\/logo\\\/image\\\/\",\"url\":\"https:\\\/\\\/www.lavillarroel.cat\\\/wp-content\\\/uploads\\\/sites\\\/5\\\/2017\\\/09\\\/teatre-villaroel-logo.svg\",\"contentUrl\":\"https:\\\/\\\/www.lavillarroel.cat\\\/wp-content\\\/uploads\\\/sites\\\/5\\\/2017\\\/09\\\/teatre-villaroel-logo.svg\",\"width\":1,\"height\":1,\"caption\":\"La Villarroel\"},\"image\":{\"@id\":\"https:\\\/\\\/www.lavillarroel.cat\\\/ca\\\/#\\\/schema\\\/logo\\\/image\\\/\"},\"sameAs\":[\"http:\\\/\\\/www.facebook.com\\\/TeatreVillarroel\",\"https:\\\/\\\/x.com\\\/la_villarroel\",\"http:\\\/\\\/instagram.com\\\/la_villarroel\",\"http:\\\/\\\/www.youtube.com\\\/user\\\/LaVillarroel#p\\\/u\"]}]}<\/script>\n<!-- \/ Yoast SEO plugin. -->","yoast_head_json":{"title":"Un dia qualsevol - La Villarroel","robots":{"index":"index","follow":"follow","max-snippet":"max-snippet:-1","max-image-preview":"max-image-preview:large","max-video-preview":"max-video-preview:-1"},"canonical":"https:\/\/www.lavillarroel.cat\/ca\/ex\/un-dia-qualsevol\/","schema":{"@context":"https:\/\/schema.org","@graph":[{"@type":"WebPage","@id":"https:\/\/www.lavillarroel.cat\/ca\/ex\/un-dia-qualsevol\/","url":"https:\/\/www.lavillarroel.cat\/ca\/ex\/un-dia-qualsevol\/","name":"Un dia qualsevol - La Villarroel","isPartOf":{"@id":"https:\/\/www.lavillarroel.cat\/ca\/#website"},"datePublished":"2019-04-11T08:15:00+00:00","breadcrumb":{"@id":"https:\/\/www.lavillarroel.cat\/ca\/ex\/un-dia-qualsevol\/#breadcrumb"},"inLanguage":"ca","potentialAction":[{"@type":"ReadAction","target":["https:\/\/www.lavillarroel.cat\/ca\/ex\/un-dia-qualsevol\/"]}]},{"@type":"BreadcrumbList","@id":"https:\/\/www.lavillarroel.cat\/ca\/ex\/un-dia-qualsevol\/#breadcrumb","itemListElement":[{"@type":"ListItem","position":1,"name":"Inici","item":"https:\/\/www.lavillarroel.cat\/ca\/"},{"@type":"ListItem","position":2,"name":"Espectacles","item":"https:\/\/www.lavillarroel.cat\/ca\/ex\/"},{"@type":"ListItem","position":3,"name":"Un dia qualsevol"}]},{"@type":"WebSite","@id":"https:\/\/www.lavillarroel.cat\/ca\/#website","url":"https:\/\/www.lavillarroel.cat\/ca\/","name":"La Villarroel","description":"","publisher":{"@id":"https:\/\/www.lavillarroel.cat\/ca\/#organization"},"potentialAction":[{"@type":"SearchAction","target":{"@type":"EntryPoint","urlTemplate":"https:\/\/www.lavillarroel.cat\/ca\/?s={search_term_string}"},"query-input":{"@type":"PropertyValueSpecification","valueRequired":true,"valueName":"search_term_string"}}],"inLanguage":"ca"},{"@type":"Organization","@id":"https:\/\/www.lavillarroel.cat\/ca\/#organization","name":"La Villarroel","url":"https:\/\/www.lavillarroel.cat\/ca\/","logo":{"@type":"ImageObject","inLanguage":"ca","@id":"https:\/\/www.lavillarroel.cat\/ca\/#\/schema\/logo\/image\/","url":"https:\/\/www.lavillarroel.cat\/wp-content\/uploads\/sites\/5\/2017\/09\/teatre-villaroel-logo.svg","contentUrl":"https:\/\/www.lavillarroel.cat\/wp-content\/uploads\/sites\/5\/2017\/09\/teatre-villaroel-logo.svg","width":1,"height":1,"caption":"La Villarroel"},"image":{"@id":"https:\/\/www.lavillarroel.cat\/ca\/#\/schema\/logo\/image\/"},"sameAs":["http:\/\/www.facebook.com\/TeatreVillarroel","https:\/\/x.com\/la_villarroel","http:\/\/instagram.com\/la_villarroel","http:\/\/www.youtube.com\/user\/LaVillarroel#p\/u"]}]}},"translations":[{"id":2676,"locale":"ca"},{"id":2881,"locale":"es"}],"_links":{"self":[{"href":"https:\/\/www.lavillarroel.cat\/ca\/wp-json\/wp\/v2\/ex\/2676","targetHints":{"allow":["GET"]}}],"collection":[{"href":"https:\/\/www.lavillarroel.cat\/ca\/wp-json\/wp\/v2\/ex"}],"about":[{"href":"https:\/\/www.lavillarroel.cat\/ca\/wp-json\/wp\/v2\/types\/ex"}],"author":[{"embeddable":true,"href":"https:\/\/www.lavillarroel.cat\/ca\/wp-json\/wp\/v2\/users\/2"}],"replies":[{"embeddable":true,"href":"https:\/\/www.lavillarroel.cat\/ca\/wp-json\/wp\/v2\/comments?post=2676"}],"acf:term":[{"embeddable":true,"taxonomy":"season","href":"https:\/\/www.lavillarroel.cat\/ca\/wp-json\/wp\/v2\/season\/65"}],"wp:attachment":[{"href":"https:\/\/www.lavillarroel.cat\/ca\/wp-json\/wp\/v2\/media?parent=2676"}],"curies":[{"name":"wp","href":"https:\/\/api.w.org\/{rel}","templated":true}]}}