{"id":2681,"date":"2019-08-22T11:42:48","date_gmt":"2019-08-22T09:42:48","guid":{"rendered":"https:\/\/pre.lavillarroel.cat\/ex\/\/una-historia-real\/"},"modified":"2019-08-22T11:42:48","modified_gmt":"2019-08-22T09:42:48","slug":"una-historia-real","status":"publish","type":"ex","link":"https:\/\/www.lavillarroel.cat\/ca\/ex\/una-historia-real\/","title":{"rendered":"Una hist\u00f2ria real"},"content":{"rendered":"","protected":false},"excerpt":{"rendered":"","protected":false},"author":2,"featured_media":0,"comment_status":"closed","ping_status":"open","template":"","class_list":["post-2681","ex","type-ex","status-publish","hentry","season-2019-20"],"acf":{"txt_synopsis":"<p>Gestionar un dol no \u00e9s gens f\u00e0cil. Per\u00f2 fer net \u00e9s una necessitat, una ter\u00e0pia beneficiosa per a l\u2019\u00e0nima per poder tirar endavant. Cada persona troba la seva manera de portar-la a terme, alguns ho aconsegueixen sols i d\u2019altres necessiten una petita ajuda externa. Per\u00f2 qu\u00e8 passa quan els buits emocionals i educatius fan que un jove busqui refugi desesperadament? Qu\u00e8 pot portar un jove de fam\u00edlia progressista a coquetejar amb l\u2019ultra dreta supremacista? \u00c9s la por? La solitud? O la manca de referents s\u00f2lids?<br \/><br \/>Un adolescent que se sent desemparat i incompr\u00e8s. Un pare absorbit per la seva professi\u00f3. Un dol per gestionar. Una novel\u00b7la pendent de ser publicada. Una butaca atrotinada, plena de records, al bell mig del menjador. Un secret que pot acabar amb tot. I a l\u2019exterior, el m\u00f3n no sembla anar millor: el discurs de la por agafa for\u00e7a, les esquerdes del pensament progressista s\u00f3n cada vegada m\u00e9s grans, l\u2019individualisme ferotge impera. La clau \u00e9s la superviv\u00e8ncia.<br \/><\/p>","main_buy_link":"","main_buy_links":"","group_buy_link":"","show_language":"Espectacle en catal\u00e0","show_duration":"90","show_start_date":"20191026000000","show_end_date":"20191229000000","show_sort_date":"20191026000000","txt_custom_show_dates":"del 26 d'octubre al 29 de desembre de 2019","show_disciplines":"","show_ultimes_funcions":false,"hide_tarifes_especials":false,"show_properament":false,"txt_additional_info":"<p><i class=\"fa fa-info fa-2x fa-fw\"><\/i>&nbsp;28 de novembre: xerrada postfunci\u00f3 amb la companyia d'<strong><em>Una hist\u00f2ria real<\/em><\/strong>. Aquesta activitat s\u2019emmarca en l\u2019itinerari \u201cMent Oberta\u201d de <strong>Travessia Recomana<\/strong>. <a href=\"https:\/\/www.4tickets.es\/LaVillarroel\/public\/janto\/main.php?Nivel=DetalleAforo&idSesion=0000000000153193&Idioma=CA\"><strong>Compra la teva entrada<\/strong><\/a><\/p>","txt_present":"","show_season":[66],"txt_season":"[\"2019\/20\"]","txt_cycle":"","txt_claim":"Un adolescent que se sent desemparat i incompr\u00e8s. Un pare absorbit per la seva professi\u00f3. Un dol per gestionar. Una novel\u00b7la pendent de ser publicada. Una butaca atrotinada, plena de records, al bell mig del menjador. Un secret que pot acabar amb tot.","txt_cast_excerpt":"","txt_cast":"<p>Autor i director:<strong> Pau Mir\u00f3<br \/><br \/><\/strong>Amb: <strong>Julio Manrique<\/strong>, <strong>Laura Conejero<\/strong>, <strong>Mireia Aixal\u00e0 <\/strong>i <strong>Nil Cardoner<br \/><br \/><\/strong>Escenografia:<strong> Enric Planas<br \/><\/strong>Vestuari: <strong>Berta Riera<br \/><\/strong>Il\u00b7luminaci\u00f3:<strong> Jaume Ventura<br \/><\/strong>Espai sonor: <strong>Marta Folch<br \/><\/strong>Caracteritzaci\u00f3: <strong>Alicia Machin<\/strong><strong><br \/><br \/><\/strong>Direcci\u00f3 de producci\u00f3: <strong>Maite Pijuan<br \/><\/strong>Cap de producci\u00f3:<strong> Marina Vilardell<br \/><\/strong>Producci\u00f3 executiva:<strong> Maria Muntan\u00e9<br \/><\/strong>Direcci\u00f3 d\u2019oficina t\u00e8cnica: <strong>Moi Cuenca<br \/><\/strong><br \/>Ajudanta de direcci\u00f3:<strong> Tilda Espluga<br \/><\/strong>Regidor:<strong> Rub\u00e8n Homar<br \/><\/strong>Cap t\u00e8cnic del teatre: <strong>Jaume Feixas<br \/><br \/><\/strong>Construcci\u00f3 de l'escenografia:<strong> Taller d'Escenografia Castells<br \/><\/strong>Comunicaci\u00f3:&nbsp;<strong>L\u00eddia&nbsp;Gim\u00e9nez&nbsp;<\/strong>i<strong> Albert L\u00f3pez<br \/><\/strong>M\u00e0rqueting: <strong>Publispec<br \/><\/strong>Disseny gr\u00e0fic: <strong>Santi&Kco<br \/><\/strong>Reportatge Fotogr\u00e0fic:<strong> David Ruano<br \/><br \/><\/strong>Producci\u00f3:<strong> La Villarroel<\/strong>, <strong>Verteatro<\/strong> i <strong>Bit\u00f2<\/strong><\/p>","txt_reviews":"Marcos Ord\u00f3\u00f1ez|El Pa\u00eds|\"Pau Mir\u00f3 se luce de nuevo en <i>Una hist\u00f2ria real<\/i>. Deber\u00eda girar por toda  Espa\u00f1a. El reparto es fenomenal, medid\u00edsimo y muy bien dirigido.\" \nSanti Fondevila|Ara|\"Una de les obres m\u00e9s ambicioses de Pau Mir\u00f3. Mesurada, prec\u00edsa i emotiva.\"\nJordi Bordes|El Punt Avui|\u201cEl thriller mant\u00e9 l\u2019atenci\u00f3 del p\u00fablic des del primer instant.\u201d\nJos\u00e9 Carlos Sorribes|El Peri\u00f3dico|\u201cJulio Manrique interpreta amb resoluci\u00f3 i aplom el personatge de l\u2019escriptor.\u201d","hashtag":"UnaHist\u00f2riaReal","have_promo":"","slogan":"","id_exhibicio":1703,"id_versio":1388,"id_local":4,"txt_seo_desc":"Una hist\u00f2ria real, amb Julio Manrique i Laura Conejero, sota la direcci\u00f3 de Pau Mir\u00f3 al teatre La Villarroel de Barcelona.","data_images":"[{\"localizer\":\"V3SLIDEDISTRI\",\"url\":\"media\/ftgalslide\/v3\/3151A\/01_086_00050805\/una-historia-real-v3slide.jpg\",\"thumb_url\":\"media\/ftgalslide\/v3\/3151A\/01_086_00050805\/una-historia-real-v3slide_thumb.jpg\",\"title\":\"Una hist\u00f2ria real\",\"description\":\"Una hist\u00f2ria real\",\"copyright\":\"\",\"order\":1},{\"localizer\":\"V3SLIDE\",\"url\":\"media\/ftgalslide\/v3\/314B4\/01_086_00049013\/un-historia-real.jpg\",\"thumb_url\":\"media\/ftgalslide\/v3\/314B4\/01_086_00049013\/un-historia-real_thumb.jpg\",\"title\":\"Una hist\u00f2ria real - La Villarroel\",\"description\":\"una historia real teatre la villarroel barcelona\",\"copyright\":\"\",\"order\":4},{\"localizer\":\"V3SLIDE\",\"url\":\"media\/ftgalslide\/v3\/314B4\/01_086_00049004\/una-historia-real-teatre-la-villarroel-barcelona.jpg\",\"thumb_url\":\"media\/ftgalslide\/v3\/314B4\/01_086_00049004\/una-historia-real-teatre-la-villarroel-barcelona_thumb.jpg\",\"title\":\"Una hist\u00f2ria real - La Villarroel\",\"description\":\"una hist\u00f2ria real teatre la villarroel barcelona\",\"copyright\":\"\",\"order\":6},{\"localizer\":\"V2SLIDE\",\"url\":\"media\/ftgalslide\/314B4\/01_076_00049016\/un-historia-real.jpg\",\"thumb_url\":\"media\/ftgalslide\/314B4\/01_076_00049016\/un-historia-real_thumb.jpg\",\"title\":\"Una hist\u00f2ria real - La Villarroel \",\"description\":\"una historia real la villarroel barcelona\",\"copyright\":\"\",\"order\":9},{\"localizer\":\"V3CARTELL\",\"url\":\"media\/ver\/cartell\/v3\/314B6\/01_085_00049442\/Cartellweb-una-historia-real-la-villarroel-teatre-barcelona.jpg\",\"thumb_url\":\"media\/ver\/cartell\/v3\/314B6\/01_085_00049442\/Cartellweb-una-historia-real-la-villarroel-teatre-barcelona_thumb.jpg\",\"title\":\"Una hist\u00f2ria real - La Villarroel\",\"description\":\"una historia real la villarroel en barcelona\",\"copyright\":\"\",\"order\":12},{\"localizer\":\"V3SLIDE\",\"url\":\"media\/ftgalslide\/v3\/314B6\/01_086_00049597\/una-historia-real-teatre-la-villarroel-barcelona.jpg\",\"thumb_url\":\"media\/ftgalslide\/v3\/314B6\/01_086_00049597\/una-historia-real-teatre-la-villarroel-barcelona_thumb.jpg\",\"title\":\"Una hist\u00f2ria real - La Villarroel\",\"description\":\"una hist\u00f2ria real teatre la villarroel barcelona\",\"copyright\":\"\",\"order\":17},{\"localizer\":\"V3SLIDE\",\"url\":\"media\/ftgalslide\/v3\/314B6\/01_086_00049598\/una-historia-real-teatre-la-villarroel-barcelona1.jpg\",\"thumb_url\":\"media\/ftgalslide\/v3\/314B6\/01_086_00049598\/una-historia-real-teatre-la-villarroel-barcelona1_thumb.jpg\",\"title\":\"Una hist\u00f2ria real - La Villarroel\",\"description\":\"una hist\u00f2ria real teatre la villarroel barcelona\",\"copyright\":\"\",\"order\":18},{\"localizer\":\"V3SLIDE\",\"url\":\"media\/ftgalslide\/v3\/314B6\/01_086_00049599\/una-historia-real-teatre-la-villarroel-barcelona2.jpg\",\"thumb_url\":\"media\/ftgalslide\/v3\/314B6\/01_086_00049599\/una-historia-real-teatre-la-villarroel-barcelona2_thumb.jpg\",\"title\":\"Una hist\u00f2ria real - La Villarroel\",\"description\":\"una hist\u00f2ria real teatre la villarroel barcelona\",\"copyright\":\"\",\"order\":19},{\"localizer\":\"V2CARTELL\",\"url\":\"media\/ver\/cartell\/314B6\/01_079_00049698\/cartellweb-una-historia-real-la-villarroel-teatre-barcelona.jpg\",\"thumb_url\":\"media\/ver\/cartell\/314B6\/01_079_00049698\/cartellweb-una-historia-real-la-villarroel-teatre-barcelona_thumb.jpg\",\"title\":\"Una Hist\u00f2ria Real - La Villarroel\",\"description\":\"una historia real al teatre de la villarroel de barcelona\",\"copyright\":\"\",\"order\":22},{\"localizer\":\"V3SLIDEDISTRI\",\"url\":\"media\/ftgalslide\/v3\/314B8\/01_086_00049956\/t_real_002_f_010.JPG\",\"thumb_url\":\"media\/ftgalslide\/v3\/314B8\/01_086_00049956\/t_real_002_f_010_thumb.jpg\",\"title\":\"Una hist\u00f2ria real\",\"description\":\"Una hist\u00f2ria real\",\"copyright\":\"\",\"order\":44},{\"localizer\":\"V3SLIDEDISTRI\",\"url\":\"media\/ftgalslide\/v3\/314B8\/01_086_00049957\/t_real_006_f_045.JPG\",\"thumb_url\":\"media\/ftgalslide\/v3\/314B8\/01_086_00049957\/t_real_006_f_045_thumb.jpg\",\"title\":\"Una hist\u00f2ria real\",\"description\":\"Una hist\u00f2ria real\",\"copyright\":\"\",\"order\":45},{\"localizer\":\"V3SLIDEDISTRI\",\"url\":\"media\/ftgalslide\/v3\/314B8\/01_086_00049958\/t_real_014_f_030.JPG\",\"thumb_url\":\"media\/ftgalslide\/v3\/314B8\/01_086_00049958\/t_real_014_f_030_thumb.jpg\",\"title\":\"Una hist\u00f2ria real\",\"description\":\"Una hist\u00f2ria real\",\"copyright\":\"\",\"order\":46},{\"localizer\":\"V3PORTADA\",\"url\":\"media\/ver\/port\/v3\/314B8\/01_084_00049998\/1-una-historia-real-la-villarroel-teatre-barcelona-ultimes-setmanes.jpg\",\"thumb_url\":\"media\/ver\/port\/v3\/314B8\/01_084_00049998\/1-una-historia-real-la-villarroel-teatre-barcelona-ultimes-setmanes_thumb.jpg\",\"title\":\"Una hist\u00f2ria real - La Villarroel\",\"description\":\"una historia real al teatre la villarroel de barcelona\",\"copyright\":\"\",\"order\":50},{\"localizer\":\"V3PORTADAWIDE\",\"url\":\"media\/ver\/port\/v3wide\/314B8\/01_088_00050055\/0-una-historia-real-la-villarroel-teatre-barcelona-ultimes-funcions-regala.jpg\",\"thumb_url\":\"media\/ver\/port\/v3wide\/314B8\/01_088_00050055\/0-una-historia-real-la-villarroel-teatre-barcelona-ultimes-funcions-regala_thumb.jpg\",\"title\":\"Una hist\u00f2ria real - La Villarroel\",\"description\":\"una hist\u00f2ria real teatre la villarroel barcelona\",\"copyright\":\"\",\"order\":51},{\"localizer\":\"V3CARTELLDISTRI\",\"url\":\"media\/ver\/cartell\/v3\/31513\/01_085_00050451\/cartell-bolos-a3-722x1030.jpg\",\"thumb_url\":\"media\/ver\/cartell\/v3\/31513\/01_085_00050451\/cartell-bolos-a3-722x1030_thumb.jpg\",\"title\":\"Una hist\u00f2ria real - Focus Distribuci\u00f3\",\"description\":\"una historia real a focus distribucio gires\",\"copyright\":\"\",\"order\":54},{\"localizer\":\"V2CARTELLDISTRI\",\"url\":\"media\/cartell\/distrib\/31513\/01_082_00050452\/cartell-bolos-a3-722x1030.jpg\",\"thumb_url\":\"media\/cartell\/distrib\/31513\/01_082_00050452\/cartell-bolos-a3-722x1030_thumb.jpg\",\"title\":\"Una hist\u00f2ria real - Focus Distribuci\u00f3\",\"description\":\"una historia real a focus distribucio gires\",\"copyright\":\"\",\"order\":55}]","material__texto_intro":"","data_material":null,"data_gallery":"","data_discounts":"[{\"InfoAddicional\":\"<p><strong>Descomptes per a particulars<br \/><\/strong><\/p>\",\"Url\":\"vip.promentrada.com\/ca\/product\/{#CODI#}\",\"Codi\":\"https:\/\/vip.promentrada.com\/ca\/product\/3370\",\"LogoUrl\":\"media\/fimage\/31389\/01_005_00038559\/logo_prome_vip_v_web.jpg\",\"TitolBoto\":\"Descomptes per a particulars\",\"Type\":\"discount\"},{\"InfoAddicional\":\"<p><strong>Descomptes per a grups i escoles<br \/><\/strong><\/p>\",\"Url\":\"https:\/\/www.promentrada.com\/ca\/product\/{#CODI#}\",\"Codi\":\"https:\/\/www.promentrada.com\/ca\/product\/3370\",\"LogoUrl\":\"media\/fimage\/31389\/01_005_00038530\/logo_prome_nuevo_v_web.jpg\",\"TitolBoto\":\"Descomptes per a grups i escoles\",\"Type\":\"discount\"}]","contract_is_open":false,"in_tour":false},"yoast_head":"<!-- This site is optimized with the Yoast SEO plugin v27.5 - https:\/\/yoast.com\/product\/yoast-seo-wordpress\/ -->\n<title>Una hist\u00f2ria real - La Villarroel<\/title>\n<meta name=\"robots\" content=\"index, follow, max-snippet:-1, max-image-preview:large, max-video-preview:-1\" \/>\n<link rel=\"canonical\" href=\"https:\/\/www.lavillarroel.cat\/ca\/ex\/una-historia-real\/\" \/>\n<script type=\"application\/ld+json\" class=\"yoast-schema-graph\">{\"@context\":\"https:\\\/\\\/schema.org\",\"@graph\":[{\"@type\":\"WebPage\",\"@id\":\"https:\\\/\\\/www.lavillarroel.cat\\\/ca\\\/ex\\\/una-historia-real\\\/\",\"url\":\"https:\\\/\\\/www.lavillarroel.cat\\\/ca\\\/ex\\\/una-historia-real\\\/\",\"name\":\"Una hist\u00f2ria real - La Villarroel\",\"isPartOf\":{\"@id\":\"https:\\\/\\\/www.lavillarroel.cat\\\/ca\\\/#website\"},\"datePublished\":\"2019-08-22T09:42:48+00:00\",\"breadcrumb\":{\"@id\":\"https:\\\/\\\/www.lavillarroel.cat\\\/ca\\\/ex\\\/una-historia-real\\\/#breadcrumb\"},\"inLanguage\":\"ca\",\"potentialAction\":[{\"@type\":\"ReadAction\",\"target\":[\"https:\\\/\\\/www.lavillarroel.cat\\\/ca\\\/ex\\\/una-historia-real\\\/\"]}]},{\"@type\":\"BreadcrumbList\",\"@id\":\"https:\\\/\\\/www.lavillarroel.cat\\\/ca\\\/ex\\\/una-historia-real\\\/#breadcrumb\",\"itemListElement\":[{\"@type\":\"ListItem\",\"position\":1,\"name\":\"Inici\",\"item\":\"https:\\\/\\\/www.lavillarroel.cat\\\/ca\\\/\"},{\"@type\":\"ListItem\",\"position\":2,\"name\":\"Espectacles\",\"item\":\"https:\\\/\\\/www.lavillarroel.cat\\\/ca\\\/ex\\\/\"},{\"@type\":\"ListItem\",\"position\":3,\"name\":\"Una hist\u00f2ria real\"}]},{\"@type\":\"WebSite\",\"@id\":\"https:\\\/\\\/www.lavillarroel.cat\\\/ca\\\/#website\",\"url\":\"https:\\\/\\\/www.lavillarroel.cat\\\/ca\\\/\",\"name\":\"La Villarroel\",\"description\":\"\",\"publisher\":{\"@id\":\"https:\\\/\\\/www.lavillarroel.cat\\\/ca\\\/#organization\"},\"potentialAction\":[{\"@type\":\"SearchAction\",\"target\":{\"@type\":\"EntryPoint\",\"urlTemplate\":\"https:\\\/\\\/www.lavillarroel.cat\\\/ca\\\/?s={search_term_string}\"},\"query-input\":{\"@type\":\"PropertyValueSpecification\",\"valueRequired\":true,\"valueName\":\"search_term_string\"}}],\"inLanguage\":\"ca\"},{\"@type\":\"Organization\",\"@id\":\"https:\\\/\\\/www.lavillarroel.cat\\\/ca\\\/#organization\",\"name\":\"La Villarroel\",\"url\":\"https:\\\/\\\/www.lavillarroel.cat\\\/ca\\\/\",\"logo\":{\"@type\":\"ImageObject\",\"inLanguage\":\"ca\",\"@id\":\"https:\\\/\\\/www.lavillarroel.cat\\\/ca\\\/#\\\/schema\\\/logo\\\/image\\\/\",\"url\":\"https:\\\/\\\/www.lavillarroel.cat\\\/wp-content\\\/uploads\\\/sites\\\/5\\\/2017\\\/09\\\/teatre-villaroel-logo.svg\",\"contentUrl\":\"https:\\\/\\\/www.lavillarroel.cat\\\/wp-content\\\/uploads\\\/sites\\\/5\\\/2017\\\/09\\\/teatre-villaroel-logo.svg\",\"width\":1,\"height\":1,\"caption\":\"La Villarroel\"},\"image\":{\"@id\":\"https:\\\/\\\/www.lavillarroel.cat\\\/ca\\\/#\\\/schema\\\/logo\\\/image\\\/\"},\"sameAs\":[\"http:\\\/\\\/www.facebook.com\\\/TeatreVillarroel\",\"https:\\\/\\\/x.com\\\/la_villarroel\",\"http:\\\/\\\/instagram.com\\\/la_villarroel\",\"http:\\\/\\\/www.youtube.com\\\/user\\\/LaVillarroel#p\\\/u\"]}]}<\/script>\n<!-- \/ Yoast SEO plugin. -->","yoast_head_json":{"title":"Una hist\u00f2ria real - La Villarroel","robots":{"index":"index","follow":"follow","max-snippet":"max-snippet:-1","max-image-preview":"max-image-preview:large","max-video-preview":"max-video-preview:-1"},"canonical":"https:\/\/www.lavillarroel.cat\/ca\/ex\/una-historia-real\/","schema":{"@context":"https:\/\/schema.org","@graph":[{"@type":"WebPage","@id":"https:\/\/www.lavillarroel.cat\/ca\/ex\/una-historia-real\/","url":"https:\/\/www.lavillarroel.cat\/ca\/ex\/una-historia-real\/","name":"Una hist\u00f2ria real - La Villarroel","isPartOf":{"@id":"https:\/\/www.lavillarroel.cat\/ca\/#website"},"datePublished":"2019-08-22T09:42:48+00:00","breadcrumb":{"@id":"https:\/\/www.lavillarroel.cat\/ca\/ex\/una-historia-real\/#breadcrumb"},"inLanguage":"ca","potentialAction":[{"@type":"ReadAction","target":["https:\/\/www.lavillarroel.cat\/ca\/ex\/una-historia-real\/"]}]},{"@type":"BreadcrumbList","@id":"https:\/\/www.lavillarroel.cat\/ca\/ex\/una-historia-real\/#breadcrumb","itemListElement":[{"@type":"ListItem","position":1,"name":"Inici","item":"https:\/\/www.lavillarroel.cat\/ca\/"},{"@type":"ListItem","position":2,"name":"Espectacles","item":"https:\/\/www.lavillarroel.cat\/ca\/ex\/"},{"@type":"ListItem","position":3,"name":"Una hist\u00f2ria real"}]},{"@type":"WebSite","@id":"https:\/\/www.lavillarroel.cat\/ca\/#website","url":"https:\/\/www.lavillarroel.cat\/ca\/","name":"La Villarroel","description":"","publisher":{"@id":"https:\/\/www.lavillarroel.cat\/ca\/#organization"},"potentialAction":[{"@type":"SearchAction","target":{"@type":"EntryPoint","urlTemplate":"https:\/\/www.lavillarroel.cat\/ca\/?s={search_term_string}"},"query-input":{"@type":"PropertyValueSpecification","valueRequired":true,"valueName":"search_term_string"}}],"inLanguage":"ca"},{"@type":"Organization","@id":"https:\/\/www.lavillarroel.cat\/ca\/#organization","name":"La Villarroel","url":"https:\/\/www.lavillarroel.cat\/ca\/","logo":{"@type":"ImageObject","inLanguage":"ca","@id":"https:\/\/www.lavillarroel.cat\/ca\/#\/schema\/logo\/image\/","url":"https:\/\/www.lavillarroel.cat\/wp-content\/uploads\/sites\/5\/2017\/09\/teatre-villaroel-logo.svg","contentUrl":"https:\/\/www.lavillarroel.cat\/wp-content\/uploads\/sites\/5\/2017\/09\/teatre-villaroel-logo.svg","width":1,"height":1,"caption":"La Villarroel"},"image":{"@id":"https:\/\/www.lavillarroel.cat\/ca\/#\/schema\/logo\/image\/"},"sameAs":["http:\/\/www.facebook.com\/TeatreVillarroel","https:\/\/x.com\/la_villarroel","http:\/\/instagram.com\/la_villarroel","http:\/\/www.youtube.com\/user\/LaVillarroel#p\/u"]}]}},"translations":[{"id":2681,"locale":"ca"},{"id":2886,"locale":"es"}],"_links":{"self":[{"href":"https:\/\/www.lavillarroel.cat\/ca\/wp-json\/wp\/v2\/ex\/2681","targetHints":{"allow":["GET"]}}],"collection":[{"href":"https:\/\/www.lavillarroel.cat\/ca\/wp-json\/wp\/v2\/ex"}],"about":[{"href":"https:\/\/www.lavillarroel.cat\/ca\/wp-json\/wp\/v2\/types\/ex"}],"author":[{"embeddable":true,"href":"https:\/\/www.lavillarroel.cat\/ca\/wp-json\/wp\/v2\/users\/2"}],"replies":[{"embeddable":true,"href":"https:\/\/www.lavillarroel.cat\/ca\/wp-json\/wp\/v2\/comments?post=2681"}],"acf:term":[{"embeddable":true,"taxonomy":"season","href":"https:\/\/www.lavillarroel.cat\/ca\/wp-json\/wp\/v2\/season\/66"}],"wp:attachment":[{"href":"https:\/\/www.lavillarroel.cat\/ca\/wp-json\/wp\/v2\/media?parent=2681"}],"curies":[{"name":"wp","href":"https:\/\/api.w.org\/{rel}","templated":true}]}}