{"id":3533,"date":"2023-11-21T12:51:55","date_gmt":"2023-11-21T11:51:55","guid":{"rendered":"https:\/\/www.lavillarroel.cat\/ex\/dirrrty-boys\/"},"modified":"2025-01-20T09:16:38","modified_gmt":"2025-01-20T08:16:38","slug":"dirrrty-boys-2023-2024","status":"publish","type":"ex","link":"https:\/\/www.lavillarroel.cat\/ca\/ex\/dirrrty-boys-2023-2024\/","title":{"rendered":"Dirrrty Boys"},"content":{"rendered":"","protected":false},"excerpt":{"rendered":"","protected":false},"author":2,"featured_media":0,"comment_status":"closed","ping_status":"closed","template":"","class_list":["post-3533","ex","type-ex","status-publish","hentry","season-2023-24"],"acf":{"txt_synopsis":"<p><strong>El multipremiat true crime teatral torna a Barcelona per tercera temporada!<\/strong> <\/p>\r\n<p>Un true crime teatral que parla de les segones oportunitats.<\/p>\r\n<p>L\u2019any 1993, a Liverpool, dos nens de deu anys van segrestar i matar brutalment a un de dos. Convertit en un dels casos m\u00e9s medi\u00e0tics de l\u2019\u00e8poca, on els assassins van ser jutjats com a adults, s\u2019ha anat allargant en el temps, generant not\u00edcies, moltes d\u2019elles amb poca credibilitat, per\u00f2 tamb\u00e9 una novel\u00b7la, una pel\u00b7l\u00edcula, una s\u00e8rie de televisi\u00f3, una can\u00e7\u00f3 pop i molt\u00edssims documentals truculents.&nbsp; <\/p>\r\n<p>Ara la companyia Las Bestias repr\u00e8n el cas i fa un treball d\u2019investigaci\u00f3 profund sobre les conseq\u00fc\u00e8ncies dels actes, imaginant com deu ser la vida dels assassins fins al present, pendents de les not\u00edcies per, si cal, afegir una nova escena quan l\u2019actualitat ho requereix-hi. <br \/><br \/>XXIX Premis Butaca 2023: <br \/>-Millor muntatge de petit format <br \/>-Millor text: Gerard Guix <br \/>-Millor actor revelaci\u00f3: Mart\u00ed Cordero <br \/>-Millor disseny de llums: Paula Costas <br \/>-Nominaci\u00f3 a la millor direcci\u00f3: \u00c0gata Casanovas <br \/>-Nominaci\u00f3 al millor actor revelaci\u00f3: Sergi Espina <\/p>\r\n<p>VI Premis Teatre Barcelona 2023: <br \/>-Premi especial Teatre Barcelona&nbsp; <br \/>-Nominaci\u00f3 al millor espectacle de proximitat <br \/>-Nominaci\u00f3 al premi revelaci\u00f3: Mart\u00ed Cordero i Sergi Espina ex aequo <\/p>\r\n<p>Premis de la Cr\u00edtica 2023: <br \/>-Nominaci\u00f3 al premi revelaci\u00f3: Mart\u00ed Cordero i Sergi Espina ex aequo <\/p>","main_buy_link":"","main_buy_links":"","group_buy_link":"","show_language":"Espectacle en catal\u00e0  ","show_duration":"90","show_start_date":"20240427000000","show_end_date":"20240526000000","show_sort_date":"20240427000000","txt_custom_show_dates":"del 27 d'abril al 26 de maig de 2024 ","show_disciplines":"11","show_ultimes_funcions":true,"hide_tarifes_especials":true,"show_properament":false,"txt_additional_info":"<ul>\r\n<li>Recomanat a partir de 12 anys \r\n<\/li><li><strong>Aquest espectacle utilitza llum estrobosc\u00f2pica<\/strong>&nbsp; \r\n<\/li><li>Dilluns 24 de febrer es far\u00e0 un col\u00b7loqui post funci\u00f3 amb la companyia. El moderar\u00e0 <span data-teams=\"true\">Marc Balcells, crimin\u00f2leg i professor de la UOC<\/span><\/li><\/ul>\r\n<p>&nbsp;<\/p>","txt_present":"","show_season":[95],"txt_season":"[\"2023\/24\"]","txt_cycle":"Off La Villarroel","txt_claim":"Aquesta \u00e9s la hist\u00f2ria d\u2019en Jon i en Robert, dos nens de deu anys que, un dia de febrer de 1993.","txt_cast_excerpt":"","txt_cast":"<p>Dramat\u00fargia: <strong>Gerard Guix<\/strong><br \/>Direcci\u00f3: <strong>\u00c0gata Casanovas<\/strong><\/p>\r\n<p>Int\u00e8rprets: <strong>Llu\u00eds Catal\u00e0 i Sergi Espina<\/strong><\/p>\r\n<p>Escenografia: <strong>Anna Tantull<\/strong><br \/>Il\u00b7luminaci\u00f3: <strong>Paula Costas<\/strong><br \/>Espai sonor: <strong>Gerard Guix<\/strong><br \/>Moviment: <strong>Davo Mar\u00edn<\/strong><\/p>\r\n<p>Producci\u00f3: <strong>Las Bestias<\/strong><br \/>Producci\u00f3 delegada: <strong>EM+P \/ Daria Nicolau<\/strong><br \/>Auxiliar de producci\u00f3: <strong>Xavier Biel<\/strong><\/p>\r\n<p>Cap t\u00e8cnica del teatre: <strong>Marta P\u00e9rez<\/strong><br \/>M\u00e0rqueting i comunicaci\u00f3: <strong>La Villarroel<\/strong><\/p>\r\n<p>Premsa de la companyia: <strong>Fernando Solla<\/strong><br \/>Construcci\u00f3 de l\u2019escenografia: <strong>Juanjo Balsera<\/strong><br \/>Fotografia: <strong>Paula Costas i J\u00falia S\u00e0bat<\/strong><br \/>Fotografia del cartell: <strong>Alba Gibert<\/strong><br \/>Disseny gr\u00e0fic: <strong>\u00c0gata Casanovas<\/strong><\/p>\r\n<p>Distribuci\u00f3: <strong>Tot Produccions \/ Cristina Ferrer<\/strong><br \/>Cap t\u00e8cnica: <strong>Paula Costas<\/strong><br \/>T\u00e8cnics de gira: <strong>Clara Mart\u00edn i David Pacheco<\/strong><br \/>Producci\u00f3 de gira: <strong>\u00c0gata Casanovas<\/strong><br \/>Auxiliar de producci\u00f3 de gira:<strong> Sergi Espina<\/strong><\/p>\r\n<p>Resid\u00e8ncia art\u00edstica a la <strong>Sala Melmac <\/strong><\/p>\r\n<p>Sala d\u2019assaig a <strong>Aules \u00b7 Arts Esc\u00e8niques <\/strong><\/p>\r\n<p>Agra\u00efments: <strong>Antic Bors\u00ed, Carlight, Xavi Costas, Bego\u00f1a I\u00f1urria, Daria Nicolau, Raimon Ferrer i Pilar Albaladejo, Montse Rodr\u00edguez Clusella, Stasik Biel i Daniel Angl\u00e8s<\/strong> <\/p>","txt_reviews":"Santi Fondevila|Diari ARA|\"Els actors mostren unes capacitats interpretatives, a m\u00e9s d\u2019una excel\u00b7lent direcci\u00f3 digna d\u2019elogi que els pot obrir molts portes.\"\r\nOriol Osan|N\u00favol|\"Guix firma una dramat\u00fargia quir\u00fargica: precisa i detallada.\"\r\nAndreu Rami|Teatre Barcelona|\"L'emoci\u00f3 i l'energia desbordant (fins i tot aclaparadora) dels dos actors va a favor del joc de rebutjos i empaties a la que la direcci\u00f3 d'Agata Casanovas treu el m\u00e0xim rendiment.\"","hashtag":"DirrrtyBoys","have_promo":"","slogan":"","id_exhibicio":2089,"id_versio":1658,"id_local":4,"txt_seo_desc":"Dirrrty Boys, un espectacle de Las Bestian en La Villarroel de Barcelona","data_images":"[{\"localizer\":\"V4PORTADAWIDE\",\"url\":\"media\/ver\/port\/wide\/v4\/316AB\/01_091_00058526\/Portada-0-dirrrty-boys-off-villarroel.jpg\",\"thumb_url\":\"\",\"title\":\"Dirrrty Boys - La Villarroel\",\"description\":\"dirrrty boys a la villarroel\",\"copyright\":\"\",\"order\":18},{\"localizer\":\"V4PORTADAWIDEMOBILE\",\"url\":\"media\/ver\/port\/wide\/mobile\/v4\/316AB\/01_092_00058527\/Portada-mobile-dirrrty-boys-off-villarroel.jpg\",\"thumb_url\":\"\",\"title\":\"Dirrrty Boys - La Villarroel\",\"description\":\"dirrrty boys a la villarroel\",\"copyright\":\"\",\"order\":19},{\"localizer\":\"V4CARTELL\",\"url\":\"media\/ver\/cartell\/v4\/316AB\/01_089_00058528\/Cartell-web-dirrrty-boys-off-villarroel.jpg\",\"thumb_url\":\"\",\"title\":\"Dirrrty Boys - La Villarroel\",\"description\":\"dirrrty boys a la villarroel\",\"copyright\":\"\",\"order\":20},{\"localizer\":\"V4PORTADA\",\"url\":\"media\/ver\/port\/v4\/316AB\/01_090_00058529\/Portada-1-dirrrty-boys-off-villarroel.jpg\",\"thumb_url\":\"\",\"title\":\"Dirrrty Boys - La Villarroel\",\"description\":\"dirrrty boys a la villarroel\",\"copyright\":\"\",\"order\":21},{\"localizer\":\"V3SLIDE\",\"url\":\"media\/ftgalslide\/v3\/316AB\/01_086_00058530\/Dirrrty-Boys-_-Teatre-Akademia-_-00025.jpg\",\"thumb_url\":\"media\/ftgalslide\/v3\/316AB\/01_086_00058530\/Dirrrty-Boys-_-Teatre-Akademia-_-00025_thumb.jpg\",\"title\":\"Dirrrty Boys - La Villarroel\",\"description\":\"dirrrty boys en el teatre la villarroel de barcelona\",\"copyright\":\"https:\/\/youtu.be\/w1uK-64D49I\",\"order\":22},{\"localizer\":\"V3SLIDE\",\"url\":\"media\/ftgalslide\/v3\/316AB\/01_086_00058531\/Dirrrty_Boys_La_Villarroel_LAC_1205.jpg\",\"thumb_url\":\"media\/ftgalslide\/v3\/316AB\/01_086_00058531\/Dirrrty_Boys_La_Villarroel_LAC_1205_thumb.jpg\",\"title\":\"Dirrrty Boys - La Villarroel\",\"description\":\"dirrrty boys en el teatre la villarroel de barcelona\",\"copyright\":\"\",\"order\":23},{\"localizer\":\"V3SLIDE\",\"url\":\"media\/ftgalslide\/v3\/316AB\/01_086_00058532\/image00002_c_JuliaSabat.jpg\",\"thumb_url\":\"media\/ftgalslide\/v3\/316AB\/01_086_00058532\/image00002_c_JuliaSabat_thumb.jpg\",\"title\":\"Dirrrty Boys - La Villarroel\",\"description\":\"dirrrty boys en el teatre la villarroel de barcelona\",\"copyright\":\"\",\"order\":24},{\"localizer\":\"V3SLIDE\",\"url\":\"media\/ftgalslide\/v3\/316AB\/01_086_00058533\/Dirrrty_Boys_La_Villarroel_LAC_1115.jpg\",\"thumb_url\":\"media\/ftgalslide\/v3\/316AB\/01_086_00058533\/Dirrrty_Boys_La_Villarroel_LAC_1115_thumb.jpg\",\"title\":\"Dirrrty Boys - La Villarroel\",\"description\":\"dirrrty boys en el teatre la villarroel de barcelona\",\"copyright\":\"\",\"order\":25}]","material__texto_intro":"","data_material":null,"data_gallery":"","data_discounts":"[]","contract_is_open":false,"in_tour":false},"yoast_head":"<!-- This site is optimized with the Yoast SEO plugin v27.5 - https:\/\/yoast.com\/product\/yoast-seo-wordpress\/ -->\n<title>Dirrrty Boys - La Villarroel<\/title>\n<meta name=\"robots\" content=\"index, follow, max-snippet:-1, max-image-preview:large, max-video-preview:-1\" \/>\n<link rel=\"canonical\" href=\"https:\/\/www.lavillarroel.cat\/ca\/ex\/dirrrty-boys-2023-2024\/\" \/>\n<script type=\"application\/ld+json\" class=\"yoast-schema-graph\">{\"@context\":\"https:\\\/\\\/schema.org\",\"@graph\":[{\"@type\":\"WebPage\",\"@id\":\"https:\\\/\\\/www.lavillarroel.cat\\\/ca\\\/ex\\\/dirrrty-boys-2023-2024\\\/\",\"url\":\"https:\\\/\\\/www.lavillarroel.cat\\\/ca\\\/ex\\\/dirrrty-boys-2023-2024\\\/\",\"name\":\"Dirrrty Boys - La Villarroel\",\"isPartOf\":{\"@id\":\"https:\\\/\\\/www.lavillarroel.cat\\\/ca\\\/#website\"},\"datePublished\":\"2023-11-21T11:51:55+00:00\",\"dateModified\":\"2025-01-20T08:16:38+00:00\",\"breadcrumb\":{\"@id\":\"https:\\\/\\\/www.lavillarroel.cat\\\/ca\\\/ex\\\/dirrrty-boys-2023-2024\\\/#breadcrumb\"},\"inLanguage\":\"ca\",\"potentialAction\":[{\"@type\":\"ReadAction\",\"target\":[\"https:\\\/\\\/www.lavillarroel.cat\\\/ca\\\/ex\\\/dirrrty-boys-2023-2024\\\/\"]}]},{\"@type\":\"BreadcrumbList\",\"@id\":\"https:\\\/\\\/www.lavillarroel.cat\\\/ca\\\/ex\\\/dirrrty-boys-2023-2024\\\/#breadcrumb\",\"itemListElement\":[{\"@type\":\"ListItem\",\"position\":1,\"name\":\"Inici\",\"item\":\"https:\\\/\\\/www.lavillarroel.cat\\\/ca\\\/\"},{\"@type\":\"ListItem\",\"position\":2,\"name\":\"Espectacles\",\"item\":\"https:\\\/\\\/www.lavillarroel.cat\\\/ca\\\/ex\\\/\"},{\"@type\":\"ListItem\",\"position\":3,\"name\":\"Dirrrty Boys\"}]},{\"@type\":\"WebSite\",\"@id\":\"https:\\\/\\\/www.lavillarroel.cat\\\/ca\\\/#website\",\"url\":\"https:\\\/\\\/www.lavillarroel.cat\\\/ca\\\/\",\"name\":\"La Villarroel\",\"description\":\"\",\"publisher\":{\"@id\":\"https:\\\/\\\/www.lavillarroel.cat\\\/ca\\\/#organization\"},\"potentialAction\":[{\"@type\":\"SearchAction\",\"target\":{\"@type\":\"EntryPoint\",\"urlTemplate\":\"https:\\\/\\\/www.lavillarroel.cat\\\/ca\\\/?s={search_term_string}\"},\"query-input\":{\"@type\":\"PropertyValueSpecification\",\"valueRequired\":true,\"valueName\":\"search_term_string\"}}],\"inLanguage\":\"ca\"},{\"@type\":\"Organization\",\"@id\":\"https:\\\/\\\/www.lavillarroel.cat\\\/ca\\\/#organization\",\"name\":\"La Villarroel\",\"url\":\"https:\\\/\\\/www.lavillarroel.cat\\\/ca\\\/\",\"logo\":{\"@type\":\"ImageObject\",\"inLanguage\":\"ca\",\"@id\":\"https:\\\/\\\/www.lavillarroel.cat\\\/ca\\\/#\\\/schema\\\/logo\\\/image\\\/\",\"url\":\"https:\\\/\\\/www.lavillarroel.cat\\\/wp-content\\\/uploads\\\/sites\\\/5\\\/2017\\\/09\\\/teatre-villaroel-logo.svg\",\"contentUrl\":\"https:\\\/\\\/www.lavillarroel.cat\\\/wp-content\\\/uploads\\\/sites\\\/5\\\/2017\\\/09\\\/teatre-villaroel-logo.svg\",\"width\":1,\"height\":1,\"caption\":\"La Villarroel\"},\"image\":{\"@id\":\"https:\\\/\\\/www.lavillarroel.cat\\\/ca\\\/#\\\/schema\\\/logo\\\/image\\\/\"},\"sameAs\":[\"http:\\\/\\\/www.facebook.com\\\/TeatreVillarroel\",\"https:\\\/\\\/x.com\\\/la_villarroel\",\"http:\\\/\\\/instagram.com\\\/la_villarroel\",\"http:\\\/\\\/www.youtube.com\\\/user\\\/LaVillarroel#p\\\/u\"]}]}<\/script>\n<!-- \/ Yoast SEO plugin. -->","yoast_head_json":{"title":"Dirrrty Boys - La Villarroel","robots":{"index":"index","follow":"follow","max-snippet":"max-snippet:-1","max-image-preview":"max-image-preview:large","max-video-preview":"max-video-preview:-1"},"canonical":"https:\/\/www.lavillarroel.cat\/ca\/ex\/dirrrty-boys-2023-2024\/","schema":{"@context":"https:\/\/schema.org","@graph":[{"@type":"WebPage","@id":"https:\/\/www.lavillarroel.cat\/ca\/ex\/dirrrty-boys-2023-2024\/","url":"https:\/\/www.lavillarroel.cat\/ca\/ex\/dirrrty-boys-2023-2024\/","name":"Dirrrty Boys - La Villarroel","isPartOf":{"@id":"https:\/\/www.lavillarroel.cat\/ca\/#website"},"datePublished":"2023-11-21T11:51:55+00:00","dateModified":"2025-01-20T08:16:38+00:00","breadcrumb":{"@id":"https:\/\/www.lavillarroel.cat\/ca\/ex\/dirrrty-boys-2023-2024\/#breadcrumb"},"inLanguage":"ca","potentialAction":[{"@type":"ReadAction","target":["https:\/\/www.lavillarroel.cat\/ca\/ex\/dirrrty-boys-2023-2024\/"]}]},{"@type":"BreadcrumbList","@id":"https:\/\/www.lavillarroel.cat\/ca\/ex\/dirrrty-boys-2023-2024\/#breadcrumb","itemListElement":[{"@type":"ListItem","position":1,"name":"Inici","item":"https:\/\/www.lavillarroel.cat\/ca\/"},{"@type":"ListItem","position":2,"name":"Espectacles","item":"https:\/\/www.lavillarroel.cat\/ca\/ex\/"},{"@type":"ListItem","position":3,"name":"Dirrrty Boys"}]},{"@type":"WebSite","@id":"https:\/\/www.lavillarroel.cat\/ca\/#website","url":"https:\/\/www.lavillarroel.cat\/ca\/","name":"La Villarroel","description":"","publisher":{"@id":"https:\/\/www.lavillarroel.cat\/ca\/#organization"},"potentialAction":[{"@type":"SearchAction","target":{"@type":"EntryPoint","urlTemplate":"https:\/\/www.lavillarroel.cat\/ca\/?s={search_term_string}"},"query-input":{"@type":"PropertyValueSpecification","valueRequired":true,"valueName":"search_term_string"}}],"inLanguage":"ca"},{"@type":"Organization","@id":"https:\/\/www.lavillarroel.cat\/ca\/#organization","name":"La Villarroel","url":"https:\/\/www.lavillarroel.cat\/ca\/","logo":{"@type":"ImageObject","inLanguage":"ca","@id":"https:\/\/www.lavillarroel.cat\/ca\/#\/schema\/logo\/image\/","url":"https:\/\/www.lavillarroel.cat\/wp-content\/uploads\/sites\/5\/2017\/09\/teatre-villaroel-logo.svg","contentUrl":"https:\/\/www.lavillarroel.cat\/wp-content\/uploads\/sites\/5\/2017\/09\/teatre-villaroel-logo.svg","width":1,"height":1,"caption":"La Villarroel"},"image":{"@id":"https:\/\/www.lavillarroel.cat\/ca\/#\/schema\/logo\/image\/"},"sameAs":["http:\/\/www.facebook.com\/TeatreVillarroel","https:\/\/x.com\/la_villarroel","http:\/\/instagram.com\/la_villarroel","http:\/\/www.youtube.com\/user\/LaVillarroel#p\/u"]}]}},"translations":[{"id":3533,"locale":"ca"},{"id":3534,"locale":"es"}],"_links":{"self":[{"href":"https:\/\/www.lavillarroel.cat\/ca\/wp-json\/wp\/v2\/ex\/3533","targetHints":{"allow":["GET"]}}],"collection":[{"href":"https:\/\/www.lavillarroel.cat\/ca\/wp-json\/wp\/v2\/ex"}],"about":[{"href":"https:\/\/www.lavillarroel.cat\/ca\/wp-json\/wp\/v2\/types\/ex"}],"author":[{"embeddable":true,"href":"https:\/\/www.lavillarroel.cat\/ca\/wp-json\/wp\/v2\/users\/2"}],"replies":[{"embeddable":true,"href":"https:\/\/www.lavillarroel.cat\/ca\/wp-json\/wp\/v2\/comments?post=3533"}],"acf:term":[{"embeddable":true,"taxonomy":"season","href":"https:\/\/www.lavillarroel.cat\/ca\/wp-json\/wp\/v2\/season\/95"}],"wp:attachment":[{"href":"https:\/\/www.lavillarroel.cat\/ca\/wp-json\/wp\/v2\/media?parent=3533"}],"curies":[{"name":"wp","href":"https:\/\/api.w.org\/{rel}","templated":true}]}}