{"id":3797,"date":"2024-07-31T09:35:20","date_gmt":"2024-07-31T07:35:20","guid":{"rendered":"https:\/\/www.lavillarroel.cat\/ex\/les-mans-2\/"},"modified":"2024-09-12T09:38:46","modified_gmt":"2024-09-12T07:38:46","slug":"les-mans","status":"publish","type":"ex","link":"https:\/\/www.lavillarroel.cat\/ca\/ex\/les-mans\/","title":{"rendered":"Les mans"},"content":{"rendered":"","protected":false},"excerpt":{"rendered":"","protected":false},"author":2,"featured_media":0,"comment_status":"closed","ping_status":"closed","template":"","class_list":["post-3797","ex","type-ex","status-publish","hentry","season-2024-25"],"acf":{"txt_synopsis":"<p><strong>Aquesta \u00e9s una hist\u00f2ria d\u2019amor imperfecta que exposa una dif\u00edcil pregunta: posaries en joc la teva vida sentimental per salvar el teu projecte somiat?&nbsp;<br \/><br \/><\/strong>La Paula i l\u2019Isaac viuen apartats en una casa enmig de boscos i muntanyes. Ella est\u00e0 a punt de rodar la seva primera pel\u00b7l\u00edcula, que ser\u00e0 protagonitzada per ell, despr\u00e9s d\u2019haver estat retirat temporalment de l\u2019ofici per problemes de salut mental.&nbsp; <\/p>\r\n<p>La producci\u00f3 ja comen\u00e7a a caminar i la parella ho viu amb una barreja d\u2019entusiasme i vertigen. <\/p>\r\n<p>Per\u00f2 els primers dies d\u2019assajos previs a la filmaci\u00f3, es fa evident el que la Paula, secretament, intu\u00efa: l\u2019Isaac no pot participar en la pel\u00b7l\u00edcula; \u00e9s un perill per ell i pel mateix rodatge. El seu paper, basat en la seva persona i la seva dif\u00edcil experi\u00e8ncia, l\u2019haur\u00e0 de fer un altre actor. <\/p>","main_buy_link":"https:\/\/proticketing.com\/lavillarroel\/ca_ES\/entradas\/evento\/35432","main_buy_links":"[\"https:\/\/proticketing.com\/lavillarroel\/ca_ES\/entradas\/evento\/35432\"]","group_buy_link":"","show_language":"Espectacle en catal\u00e0 ","show_duration":"90","show_start_date":"20240903000000","show_end_date":"20240922000000","show_sort_date":"20240903000000","txt_custom_show_dates":"fins al 22 de setembre de 2024 ","show_disciplines":"11","show_ultimes_funcions":true,"hide_tarifes_especials":false,"show_properament":false,"txt_additional_info":"<ul>\r\n<li><i class=\"fa fa-info fa-2x fa-fw\"><\/i>Recomanat a partir de 16 anys <\/li>\r\n<ul style=\"LIST-STYLE-TYPE: disc; BOX-SIZING: border-box; FONT-SIZE: 16px; FONT-FAMILY: Raleway; WHITE-SPACE: normal; WORD-SPACING: 0px; LIST-STYLE-POSITION: outside; TEXT-TRANSFORM: none; FONT-WEIGHT: 400; COLOR: rgb(0,0,0); PADDING-BOTTOM: 0px; FONT-STYLE: normal; PADDING-TOP: 0px; PADDING-LEFT: 0px; ORPHANS: 2; WIDOWS: 2; MARGIN: 0px 0px 1px; LETTER-SPACING: normal; LINE-HEIGHT: 1.6; PADDING-RIGHT: 0px; BACKGROUND-COLOR: rgb(255,255,255); TEXT-INDENT: 0px; font-variant-ligatures: normal; font-variant-caps: normal; -webkit-text-stroke-width: 0px; text-decoration-thickness: initial; text-decoration-style: initial; text-decoration-color: initial\">\r\n<li style=\"PADDING-BOTTOM: 0px; PADDING-TOP: 0px; PADDING-LEFT: 0px; MARGIN: 0px; PADDING-RIGHT: 0px\">*Funci\u00f3 accessible: <span><span class=\"ui-provider a b c d e f g h i j k l m n o p q r s t u v w x y z ab ac ae af ag ah ai aj ak\" dir=\"ltr\">20 de setembre&nbsp;a les 20h<\/span><\/span>.&nbsp;La funci\u00f3 comptar\u00e0 amb:<br \/>\u00b7 Audiodescripci\u00f3<br \/>\u00b7 Subtitulat<br \/>\u00b7 So amplificat<\/li><\/ul><\/ul>\r\n<p style=\"PADDING-BOTTOM: 0px; PADDING-TOP: 0px; PADDING-LEFT: 0px; MARGIN: 0px; PADDING-RIGHT: 0px\">*Visi\u00f3 \u00f2ptima del subtitulat, a partir de la 6 fila de platea cap enrere, zona central i dreta.<br \/><\/p>","txt_present":"","show_season":[99],"txt_season":"[\"2024\/25\"]","txt_cycle":"","txt_claim":"Aquesta \u00e9s una historia d\u2019amor imperfecta que exposa una dif\u00edcil pregunta: posaries en joc la teva vida sentimental per salvar el teu projecte somiat? ","txt_cast_excerpt":"","txt_cast":"<p>Autoria:<strong> Ll\u00e0tzer Garcia <br \/><\/strong>Direcci\u00f3:&nbsp;<strong> S\u00edlvia Munt <\/strong><\/p>\r\n<p>Int\u00e8rprets&nbsp; <br \/><strong>Raquel Ferri - <\/strong>Paula <br \/><strong>Ernest Villegas - <\/strong>Isaac <\/p>\r\n<p>Vestuari: <strong>Carlota Ricart <br \/><\/strong>Il\u00b7luminaci\u00f3:&nbsp;<strong> Ignasi Camprodon <br \/><\/strong>M\u00fasica original i audioescena:<strong> Orestes Gas <\/strong><\/p>\r\n<p>Direcci\u00f3 de producci\u00f3:&nbsp;<strong> Bit\u00f2 <br \/><\/strong>Producci\u00f3 executiva: <strong>Andrea Cuevas <br \/><\/strong>Coordinaci\u00f3 t\u00e8cnica:<strong> AP7 Projectes T\u00e8cnics S.L. <\/strong><\/p>\r\n<p>Ajudantia de direcci\u00f3: <strong>Tilda Espluga&nbsp; <br \/><\/strong>Regidoria: <strong>Bibiana Guzm\u00e1n <br \/><\/strong>T\u00e8cnic de llums: <strong>Enric Alarc\u00f3n <br \/><\/strong>T\u00e8cnic de so:<strong> Roger \u00c1balos <br \/><\/strong>Maquin\u00e0ria:<strong> Koko (Llu\u00eds Nadal) <br \/><\/strong>Cap t\u00e8cnica del teatre: <strong>Marta P\u00e9rez <\/strong><\/p>\r\n<p>Construcci\u00f3 de l\u2019escenografia: <strong>Taller d'Escenografia Castells <br \/><\/strong>Confecci\u00f3 del vestuari: <strong>Taller Goretti Puente <\/strong><\/p>\r\n<p>M\u00e0rqueting i comunicaci\u00f3: <strong>La Villarroel <\/strong><\/p>\r\n<p>Agra\u00efments: <strong>Ariadna Dot i V\u00edctor Peralta <\/strong><\/p>\r\n<p>Distribuci\u00f3: <strong>Elena Blanco <\/strong><\/p>\r\n<p>\u00c9s una coproducci\u00f3 de <strong>Bit\u00f2 i Grec 2024 Festival de Barcelona <\/strong><\/p>","txt_reviews":"Santi Fondevila|Diari ARA|\u201cUn magn\u00edfic drama realista que excel\u00b7leix en els di\u00e0legs amb dos fant\u00e0stics int\u00e8rprets sota l'atenta i acurada direcci\u00f3 de S\u00edlvia Munt\u201d\r\nJuan Carlos Olivares|La Vanguardia|\u201cUn estudi torrencial sobre les complexes interioritats de les relacions de parella, amb una interpretaci\u00f3 espectacularment intensa\u201d\r\nDiana Limones|En Platea|\u201cUna bomba emocional. Ernest Villegas i Raquel Ferri son dos colossos a l\u2019escenari\u201d","hashtag":"LesMans","have_promo":"","slogan":"","id_exhibicio":2171,"id_versio":1694,"id_local":4,"txt_seo_desc":"Les mans espectacle del festival grec","data_images":"[{\"localizer\":\"V3SLIDE\",\"url\":\"media\/ftgalslide\/v3\/316A7\/01_086_00058071\/341A0425.jpg\",\"thumb_url\":\"media\/ftgalslide\/v3\/316A7\/01_086_00058071\/341A0425_thumb.jpg\",\"title\":\"Les Mans a La Villarroel de Barcelona\",\"description\":\"les mans a la villarroel de barcelona\",\"copyright\":\"https:\/\/youtu.be\/IdTnMqpEB6U\",\"order\":7},{\"localizer\":\"V3SLIDE\",\"url\":\"media\/ftgalslide\/v3\/316A7\/01_086_00058072\/341A0102.jpg\",\"thumb_url\":\"media\/ftgalslide\/v3\/316A7\/01_086_00058072\/341A0102_thumb.jpg\",\"title\":\"Les Mans a La Villarroel de Barcelona\",\"description\":\"les mans a la villarroel de barcelona\",\"copyright\":\"\",\"order\":8},{\"localizer\":\"V3SLIDE\",\"url\":\"media\/ftgalslide\/v3\/316A7\/01_086_00058073\/341A0192.jpg\",\"thumb_url\":\"media\/ftgalslide\/v3\/316A7\/01_086_00058073\/341A0192_thumb.jpg\",\"title\":\"Les Mans a La Villarroel de Barcelona\",\"description\":\"les mans a la villarroel de barcelona\",\"copyright\":\"\",\"order\":9},{\"localizer\":\"V4PORTADA\",\"url\":\"media\/ver\/port\/v4\/316A7\/01_090_00058165\/Portada-1-les-mans-villarroel.jpg\",\"thumb_url\":\"\",\"title\":\"Les Mans - La Villarroel \",\"description\":\"les mans a la villarroel de barcelona\",\"copyright\":\"\",\"order\":10},{\"localizer\":\"V4CARTELL\",\"url\":\"media\/ver\/cartell\/v4\/316A8\/01_089_00058171\/Cartell-web-les-mans-villarroel.jpg\",\"thumb_url\":\"\",\"title\":\"Les mans - La villarroel\",\"description\":\"les mans a la villarroe\",\"copyright\":\"\",\"order\":11},{\"localizer\":\"V4PORTADAWIDE\",\"url\":\"media\/ver\/port\/wide\/v4\/316A9\/01_091_00058373\/Portada-0-Les-Mans_V3_UF.jpg\",\"thumb_url\":\"\",\"title\":\"Les mans - \u00faltimes funcions\",\"description\":\"les mans ultimes funcions\",\"copyright\":\"\",\"order\":18}]","material__texto_intro":"","data_material":null,"data_gallery":"","data_discounts":"[]","contract_is_open":false,"in_tour":false},"yoast_head":"<!-- This site is optimized with the Yoast SEO plugin v27.5 - https:\/\/yoast.com\/product\/yoast-seo-wordpress\/ -->\n<title>Les mans - La Villarroel<\/title>\n<meta name=\"robots\" content=\"index, follow, max-snippet:-1, max-image-preview:large, max-video-preview:-1\" \/>\n<link rel=\"canonical\" href=\"https:\/\/www.lavillarroel.cat\/ca\/ex\/les-mans\/\" \/>\n<script type=\"application\/ld+json\" class=\"yoast-schema-graph\">{\"@context\":\"https:\\\/\\\/schema.org\",\"@graph\":[{\"@type\":\"WebPage\",\"@id\":\"https:\\\/\\\/www.lavillarroel.cat\\\/ca\\\/ex\\\/les-mans\\\/\",\"url\":\"https:\\\/\\\/www.lavillarroel.cat\\\/ca\\\/ex\\\/les-mans\\\/\",\"name\":\"Les mans - La Villarroel\",\"isPartOf\":{\"@id\":\"https:\\\/\\\/www.lavillarroel.cat\\\/ca\\\/#website\"},\"datePublished\":\"2024-07-31T07:35:20+00:00\",\"dateModified\":\"2024-09-12T07:38:46+00:00\",\"breadcrumb\":{\"@id\":\"https:\\\/\\\/www.lavillarroel.cat\\\/ca\\\/ex\\\/les-mans\\\/#breadcrumb\"},\"inLanguage\":\"ca\",\"potentialAction\":[{\"@type\":\"ReadAction\",\"target\":[\"https:\\\/\\\/www.lavillarroel.cat\\\/ca\\\/ex\\\/les-mans\\\/\"]}]},{\"@type\":\"BreadcrumbList\",\"@id\":\"https:\\\/\\\/www.lavillarroel.cat\\\/ca\\\/ex\\\/les-mans\\\/#breadcrumb\",\"itemListElement\":[{\"@type\":\"ListItem\",\"position\":1,\"name\":\"Inici\",\"item\":\"https:\\\/\\\/www.lavillarroel.cat\\\/ca\\\/\"},{\"@type\":\"ListItem\",\"position\":2,\"name\":\"Espectacles\",\"item\":\"https:\\\/\\\/www.lavillarroel.cat\\\/ca\\\/ex\\\/\"},{\"@type\":\"ListItem\",\"position\":3,\"name\":\"Les mans\"}]},{\"@type\":\"WebSite\",\"@id\":\"https:\\\/\\\/www.lavillarroel.cat\\\/ca\\\/#website\",\"url\":\"https:\\\/\\\/www.lavillarroel.cat\\\/ca\\\/\",\"name\":\"La Villarroel\",\"description\":\"\",\"publisher\":{\"@id\":\"https:\\\/\\\/www.lavillarroel.cat\\\/ca\\\/#organization\"},\"potentialAction\":[{\"@type\":\"SearchAction\",\"target\":{\"@type\":\"EntryPoint\",\"urlTemplate\":\"https:\\\/\\\/www.lavillarroel.cat\\\/ca\\\/?s={search_term_string}\"},\"query-input\":{\"@type\":\"PropertyValueSpecification\",\"valueRequired\":true,\"valueName\":\"search_term_string\"}}],\"inLanguage\":\"ca\"},{\"@type\":\"Organization\",\"@id\":\"https:\\\/\\\/www.lavillarroel.cat\\\/ca\\\/#organization\",\"name\":\"La Villarroel\",\"url\":\"https:\\\/\\\/www.lavillarroel.cat\\\/ca\\\/\",\"logo\":{\"@type\":\"ImageObject\",\"inLanguage\":\"ca\",\"@id\":\"https:\\\/\\\/www.lavillarroel.cat\\\/ca\\\/#\\\/schema\\\/logo\\\/image\\\/\",\"url\":\"https:\\\/\\\/www.lavillarroel.cat\\\/wp-content\\\/uploads\\\/sites\\\/5\\\/2017\\\/09\\\/teatre-villaroel-logo.svg\",\"contentUrl\":\"https:\\\/\\\/www.lavillarroel.cat\\\/wp-content\\\/uploads\\\/sites\\\/5\\\/2017\\\/09\\\/teatre-villaroel-logo.svg\",\"width\":1,\"height\":1,\"caption\":\"La Villarroel\"},\"image\":{\"@id\":\"https:\\\/\\\/www.lavillarroel.cat\\\/ca\\\/#\\\/schema\\\/logo\\\/image\\\/\"},\"sameAs\":[\"http:\\\/\\\/www.facebook.com\\\/TeatreVillarroel\",\"https:\\\/\\\/x.com\\\/la_villarroel\",\"http:\\\/\\\/instagram.com\\\/la_villarroel\",\"http:\\\/\\\/www.youtube.com\\\/user\\\/LaVillarroel#p\\\/u\"]}]}<\/script>\n<!-- \/ Yoast SEO plugin. -->","yoast_head_json":{"title":"Les mans - La Villarroel","robots":{"index":"index","follow":"follow","max-snippet":"max-snippet:-1","max-image-preview":"max-image-preview:large","max-video-preview":"max-video-preview:-1"},"canonical":"https:\/\/www.lavillarroel.cat\/ca\/ex\/les-mans\/","schema":{"@context":"https:\/\/schema.org","@graph":[{"@type":"WebPage","@id":"https:\/\/www.lavillarroel.cat\/ca\/ex\/les-mans\/","url":"https:\/\/www.lavillarroel.cat\/ca\/ex\/les-mans\/","name":"Les mans - La Villarroel","isPartOf":{"@id":"https:\/\/www.lavillarroel.cat\/ca\/#website"},"datePublished":"2024-07-31T07:35:20+00:00","dateModified":"2024-09-12T07:38:46+00:00","breadcrumb":{"@id":"https:\/\/www.lavillarroel.cat\/ca\/ex\/les-mans\/#breadcrumb"},"inLanguage":"ca","potentialAction":[{"@type":"ReadAction","target":["https:\/\/www.lavillarroel.cat\/ca\/ex\/les-mans\/"]}]},{"@type":"BreadcrumbList","@id":"https:\/\/www.lavillarroel.cat\/ca\/ex\/les-mans\/#breadcrumb","itemListElement":[{"@type":"ListItem","position":1,"name":"Inici","item":"https:\/\/www.lavillarroel.cat\/ca\/"},{"@type":"ListItem","position":2,"name":"Espectacles","item":"https:\/\/www.lavillarroel.cat\/ca\/ex\/"},{"@type":"ListItem","position":3,"name":"Les mans"}]},{"@type":"WebSite","@id":"https:\/\/www.lavillarroel.cat\/ca\/#website","url":"https:\/\/www.lavillarroel.cat\/ca\/","name":"La Villarroel","description":"","publisher":{"@id":"https:\/\/www.lavillarroel.cat\/ca\/#organization"},"potentialAction":[{"@type":"SearchAction","target":{"@type":"EntryPoint","urlTemplate":"https:\/\/www.lavillarroel.cat\/ca\/?s={search_term_string}"},"query-input":{"@type":"PropertyValueSpecification","valueRequired":true,"valueName":"search_term_string"}}],"inLanguage":"ca"},{"@type":"Organization","@id":"https:\/\/www.lavillarroel.cat\/ca\/#organization","name":"La Villarroel","url":"https:\/\/www.lavillarroel.cat\/ca\/","logo":{"@type":"ImageObject","inLanguage":"ca","@id":"https:\/\/www.lavillarroel.cat\/ca\/#\/schema\/logo\/image\/","url":"https:\/\/www.lavillarroel.cat\/wp-content\/uploads\/sites\/5\/2017\/09\/teatre-villaroel-logo.svg","contentUrl":"https:\/\/www.lavillarroel.cat\/wp-content\/uploads\/sites\/5\/2017\/09\/teatre-villaroel-logo.svg","width":1,"height":1,"caption":"La Villarroel"},"image":{"@id":"https:\/\/www.lavillarroel.cat\/ca\/#\/schema\/logo\/image\/"},"sameAs":["http:\/\/www.facebook.com\/TeatreVillarroel","https:\/\/x.com\/la_villarroel","http:\/\/instagram.com\/la_villarroel","http:\/\/www.youtube.com\/user\/LaVillarroel#p\/u"]}]}},"translations":[{"id":3797,"locale":"ca"},{"id":3798,"locale":"es"}],"_links":{"self":[{"href":"https:\/\/www.lavillarroel.cat\/ca\/wp-json\/wp\/v2\/ex\/3797","targetHints":{"allow":["GET"]}}],"collection":[{"href":"https:\/\/www.lavillarroel.cat\/ca\/wp-json\/wp\/v2\/ex"}],"about":[{"href":"https:\/\/www.lavillarroel.cat\/ca\/wp-json\/wp\/v2\/types\/ex"}],"author":[{"embeddable":true,"href":"https:\/\/www.lavillarroel.cat\/ca\/wp-json\/wp\/v2\/users\/2"}],"replies":[{"embeddable":true,"href":"https:\/\/www.lavillarroel.cat\/ca\/wp-json\/wp\/v2\/comments?post=3797"}],"acf:term":[{"embeddable":true,"taxonomy":"season","href":"https:\/\/www.lavillarroel.cat\/ca\/wp-json\/wp\/v2\/season\/99"}],"wp:attachment":[{"href":"https:\/\/www.lavillarroel.cat\/ca\/wp-json\/wp\/v2\/media?parent=3797"}],"curies":[{"name":"wp","href":"https:\/\/api.w.org\/{rel}","templated":true}]}}