{"id":3840,"date":"2024-09-04T15:08:39","date_gmt":"2024-09-04T13:08:39","guid":{"rendered":"https:\/\/www.lavillarroel.cat\/ex\/pols-de-diamant-rbls\/"},"modified":"2024-11-18T16:58:27","modified_gmt":"2024-11-18T15:58:27","slug":"pols-de-diamant-rbls","status":"publish","type":"ex","link":"https:\/\/www.lavillarroel.cat\/ca\/ex\/pols-de-diamant-rbls\/","title":{"rendered":"Pols de diamant &#8211; RBLS"},"content":{"rendered":"","protected":false},"excerpt":{"rendered":"","protected":false},"author":2,"featured_media":0,"comment_status":"closed","ping_status":"closed","template":"","class_list":["post-3840","ex","type-ex","status-publish","hentry","season-2024-25"],"acf":{"txt_synopsis":"<p><strong>I si la veritat fos molt m\u00e9s perillosa que la mentida?<\/strong><\/p>\r\n<p>Quan en Dani denuncia haver estat v\u00edctima d'una brutal agressi\u00f3 LGTBI-f\u00f2bica, la seva hist\u00f2ria es torna viral a nivell nacional. Les xarxes bullen, ocupa portades de diari i tert\u00falies televisives, i fins i tot fa que els m\u00e0xims dirigents pol\u00edtics s'hi manifestin. No obstant, hi ha alguna cosa del seu testimoni que sembla no conv\u00e8ncer els investigadors del cas i, sobretot, l'opini\u00f3 p\u00fablica. S'ho ha inventat tot? I en cas de ser aix\u00ed, qu\u00e8 li ha portat a fer-ho? Pot una presumpta den\u00fancia falsa desacreditar el patiment de tot un col\u00b7lectiu? <br \/>Estigma i linxament medi\u00e0tic van de la m\u00e0 en aquesta pe\u00e7a basada en un cas real.<\/p>","main_buy_link":"https:\/\/proticketing.com\/lavillarroel\/ca_ES\/entradas\/evento\/39493","main_buy_links":"[\"https:\/\/proticketing.com\/lavillarroel\/ca_ES\/entradas\/evento\/39493\"]","group_buy_link":"","show_language":"Espectacle en catal\u00e0  ","show_duration":"80","show_start_date":"20241116000000","show_end_date":"20241117000000","show_sort_date":"20241116000000","txt_custom_show_dates":"del 16 al 17 de novembre de 2024 ","show_disciplines":"11","show_ultimes_funcions":true,"hide_tarifes_especials":false,"show_properament":false,"txt_additional_info":"Recomanat a partir de 16 anys  ","txt_present":"","show_season":[99],"txt_season":"[\"2024\/25\"]","txt_cycle":"RBLS Festival Teatre Jove","txt_claim":"Quan en Dani denuncia haver estat v\u00edctima d'una brutal agressi\u00f3 LGTBI-f\u00f2bica","txt_cast_excerpt":"","txt_cast":"<p>Autoria: <strong>Pau Coya<\/strong> <br \/>Direcci\u00f3: <strong>Nelson Valente <br \/><\/strong>&nbsp; <br \/>Int\u00e8rprets&nbsp; <br \/><strong>Dafnis Balduz<\/strong>&nbsp;- Aleix <br \/><strong>Albert Salazar<\/strong>&nbsp;- Dani <\/p>\r\n<p>Escenografia i vestuari: <strong>Paula Font <br \/><\/strong>Il\u00b7luminaci\u00f3: <strong>Daniel Gener<\/strong> <br \/>Espai sonor: <strong>Roger Blasco<\/strong> <br \/>V\u00eddeo creaci\u00f3: <strong>Jofre Blesa <br \/><\/strong>Moviment: <strong>Bea Verg\u00e9s <\/strong><\/p>\r\n<p>Direcci\u00f3 de producci\u00f3: <strong>Jofre Blesa i Ramon Godino <br \/><\/strong>Cap de producci\u00f3: <strong>Ramon Godino <br \/><\/strong>Producci\u00f3 executiva: <strong>Jofre Blesa <br \/><\/strong>Productor: <strong>Apunta Teatre <br \/><\/strong>Direcci\u00f3 t\u00e8cnica: <strong>Daniel Gener <\/strong><\/p>\r\n<p>Ajudantia de direcci\u00f3: <strong>Elna Roca&nbsp; <br \/><\/strong>T\u00e8cnic de llums: <strong>Duna Climent <br \/><\/strong>Cap t\u00e8cnica del teatre: <strong>Marta P\u00e9rez <\/strong><\/p>\r\n<p>Construcci\u00f3 de l\u2019escenografia: <strong>Nuno Arts i Samuel H. Ram\u00edrez <\/strong><\/p>\r\n<p>M\u00e0rqueting i comunicaci\u00f3 del teatre: <strong>La Villarroel <br \/><\/strong>M\u00e0rqueting i comunicaci\u00f3 de la companyia: <strong>Rafaela Rivas <br \/><\/strong>Reportatge fotogr\u00e0fic i disseny d\u2019imatge: <strong>Sergi Panizo <br \/><\/strong>Disseny gr\u00e0fic: <strong>Daniel Ballesteros <\/strong><\/p>\r\n<p>Agra\u00efments: <strong>La Federica, Casal LAMBDA i Observatori contra l\u2019homof\u00f2bia<\/strong> <\/p>\r\n<p>Amb el suport de: <strong>Generalitat de Catalunya \u2013 ICEC Institut Catal\u00e0 de les Empreses Culturals, i Ajuntament de Barcelona \u2013 ICUB Institut de Cultura de Barcelona <\/strong><\/p>\r\n<p>Distribuci\u00f3: <strong>Jordi Pujal <\/strong><\/p>\r\n<p>\u00c9s una producci\u00f3 <strong>d\u2019Apunta Teatre <\/strong><\/p>","txt_reviews":"","hashtag":"PolsdeDiamant","have_promo":"","slogan":"","id_exhibicio":2207,"id_versio":1748,"id_local":4,"txt_seo_desc":"","data_images":"[{\"localizer\":\"V4PORTADAWIDE\",\"url\":\"media\/ver\/port\/wide\/v4\/316A9\/01_091_00058332\/Portada-0-pols-de-diamant-off-villarroel_RBLS.jpg\",\"thumb_url\":\"\",\"title\":\"Pols de diamant - RBLS\",\"description\":\"pols de diamant rebels\",\"copyright\":\"\",\"order\":1},{\"localizer\":\"V4PORTADAWIDEMOBILE\",\"url\":\"media\/ver\/port\/wide\/mobile\/v4\/316A9\/01_092_00058333\/Portada-mobile-pols-de-diamant-off-villarroel_RBLS.jpg\",\"thumb_url\":\"\",\"title\":\"Pols de diamant - RBLS  \",\"description\":\"pols de diamant rebels\",\"copyright\":\"\",\"order\":2},{\"localizer\":\"V4PORTADA\",\"url\":\"media\/ver\/port\/v4\/316A9\/01_090_00058334\/Portada-1-pols-de-diamant-off-villarroel_RBLS.jpg\",\"thumb_url\":\"\",\"title\":\"Pols de diamant - RBLS  \",\"description\":\"pols de diamant rebels\",\"copyright\":\"\",\"order\":3},{\"localizer\":\"V4CARTELL\",\"url\":\"media\/ver\/cartell\/v4\/316A9\/01_089_00058335\/Cartell-web-pols-de-diamant-off-villarroel_RBLS.jpg\",\"thumb_url\":\"\",\"title\":\"Pols de diamant - RBLS  \",\"description\":\"pols de diamant rebels\",\"copyright\":\"\",\"order\":4},{\"localizer\":\"V3SLIDE\",\"url\":\"media\/ftgalslide\/v3\/316AA\/01_086_00058470\/www-sergipanizo-cat_231017_versus_pols-diamant-e_090.jpg\",\"thumb_url\":\"media\/ftgalslide\/v3\/316AA\/01_086_00058470\/www-sergipanizo-cat_231017_versus_pols-diamant-e_090_thumb.jpg\",\"title\":\"Pols de Diamant - La Villarroel\",\"description\":\"pols de diamant a la villarroel\",\"copyright\":\"https:\/\/youtu.be\/YXQ9rhFCs3E\",\"order\":5},{\"localizer\":\"V3SLIDE\",\"url\":\"media\/ftgalslide\/v3\/316AA\/01_086_00058471\/www-sergipanizo-cat_231017_versus_pols-diamant-e_074.jpg\",\"thumb_url\":\"media\/ftgalslide\/v3\/316AA\/01_086_00058471\/www-sergipanizo-cat_231017_versus_pols-diamant-e_074_thumb.jpg\",\"title\":\"Pols de diamant - La Villarroel\",\"description\":\"pols de diamant a la villarroel\",\"copyright\":\"\",\"order\":6},{\"localizer\":\"V3SLIDE\",\"url\":\"media\/ftgalslide\/v3\/316AA\/01_086_00058472\/www-sergipanizo-cat_231017_versus_pols-diamant-e_120.jpg\",\"thumb_url\":\"media\/ftgalslide\/v3\/316AA\/01_086_00058472\/www-sergipanizo-cat_231017_versus_pols-diamant-e_120_thumb.jpg\",\"title\":\"Pols de diamant - La Villarroel\",\"description\":\"pols de diamant a la villarroel\",\"copyright\":\"\",\"order\":7}]","material__texto_intro":"","data_material":null,"data_gallery":"","data_discounts":"[]","contract_is_open":false,"in_tour":false},"yoast_head":"<!-- This site is optimized with the Yoast SEO plugin v27.5 - https:\/\/yoast.com\/product\/yoast-seo-wordpress\/ -->\n<title>Pols de diamant - RBLS - La Villarroel<\/title>\n<meta name=\"robots\" content=\"index, follow, max-snippet:-1, max-image-preview:large, max-video-preview:-1\" \/>\n<link rel=\"canonical\" href=\"https:\/\/www.lavillarroel.cat\/ca\/ex\/pols-de-diamant-rbls\/\" \/>\n<script type=\"application\/ld+json\" class=\"yoast-schema-graph\">{\"@context\":\"https:\\\/\\\/schema.org\",\"@graph\":[{\"@type\":\"WebPage\",\"@id\":\"https:\\\/\\\/www.lavillarroel.cat\\\/ca\\\/ex\\\/pols-de-diamant-rbls\\\/\",\"url\":\"https:\\\/\\\/www.lavillarroel.cat\\\/ca\\\/ex\\\/pols-de-diamant-rbls\\\/\",\"name\":\"Pols de diamant - RBLS - La Villarroel\",\"isPartOf\":{\"@id\":\"https:\\\/\\\/www.lavillarroel.cat\\\/ca\\\/#website\"},\"datePublished\":\"2024-09-04T13:08:39+00:00\",\"dateModified\":\"2024-11-18T15:58:27+00:00\",\"breadcrumb\":{\"@id\":\"https:\\\/\\\/www.lavillarroel.cat\\\/ca\\\/ex\\\/pols-de-diamant-rbls\\\/#breadcrumb\"},\"inLanguage\":\"ca\",\"potentialAction\":[{\"@type\":\"ReadAction\",\"target\":[\"https:\\\/\\\/www.lavillarroel.cat\\\/ca\\\/ex\\\/pols-de-diamant-rbls\\\/\"]}]},{\"@type\":\"BreadcrumbList\",\"@id\":\"https:\\\/\\\/www.lavillarroel.cat\\\/ca\\\/ex\\\/pols-de-diamant-rbls\\\/#breadcrumb\",\"itemListElement\":[{\"@type\":\"ListItem\",\"position\":1,\"name\":\"Inici\",\"item\":\"https:\\\/\\\/www.lavillarroel.cat\\\/ca\\\/\"},{\"@type\":\"ListItem\",\"position\":2,\"name\":\"Espectacles\",\"item\":\"https:\\\/\\\/www.lavillarroel.cat\\\/ca\\\/ex\\\/\"},{\"@type\":\"ListItem\",\"position\":3,\"name\":\"Pols de diamant &#8211; RBLS\"}]},{\"@type\":\"WebSite\",\"@id\":\"https:\\\/\\\/www.lavillarroel.cat\\\/ca\\\/#website\",\"url\":\"https:\\\/\\\/www.lavillarroel.cat\\\/ca\\\/\",\"name\":\"La Villarroel\",\"description\":\"\",\"publisher\":{\"@id\":\"https:\\\/\\\/www.lavillarroel.cat\\\/ca\\\/#organization\"},\"potentialAction\":[{\"@type\":\"SearchAction\",\"target\":{\"@type\":\"EntryPoint\",\"urlTemplate\":\"https:\\\/\\\/www.lavillarroel.cat\\\/ca\\\/?s={search_term_string}\"},\"query-input\":{\"@type\":\"PropertyValueSpecification\",\"valueRequired\":true,\"valueName\":\"search_term_string\"}}],\"inLanguage\":\"ca\"},{\"@type\":\"Organization\",\"@id\":\"https:\\\/\\\/www.lavillarroel.cat\\\/ca\\\/#organization\",\"name\":\"La Villarroel\",\"url\":\"https:\\\/\\\/www.lavillarroel.cat\\\/ca\\\/\",\"logo\":{\"@type\":\"ImageObject\",\"inLanguage\":\"ca\",\"@id\":\"https:\\\/\\\/www.lavillarroel.cat\\\/ca\\\/#\\\/schema\\\/logo\\\/image\\\/\",\"url\":\"https:\\\/\\\/www.lavillarroel.cat\\\/wp-content\\\/uploads\\\/sites\\\/5\\\/2017\\\/09\\\/teatre-villaroel-logo.svg\",\"contentUrl\":\"https:\\\/\\\/www.lavillarroel.cat\\\/wp-content\\\/uploads\\\/sites\\\/5\\\/2017\\\/09\\\/teatre-villaroel-logo.svg\",\"width\":1,\"height\":1,\"caption\":\"La Villarroel\"},\"image\":{\"@id\":\"https:\\\/\\\/www.lavillarroel.cat\\\/ca\\\/#\\\/schema\\\/logo\\\/image\\\/\"},\"sameAs\":[\"http:\\\/\\\/www.facebook.com\\\/TeatreVillarroel\",\"https:\\\/\\\/x.com\\\/la_villarroel\",\"http:\\\/\\\/instagram.com\\\/la_villarroel\",\"http:\\\/\\\/www.youtube.com\\\/user\\\/LaVillarroel#p\\\/u\"]}]}<\/script>\n<!-- \/ Yoast SEO plugin. -->","yoast_head_json":{"title":"Pols de diamant - RBLS - La Villarroel","robots":{"index":"index","follow":"follow","max-snippet":"max-snippet:-1","max-image-preview":"max-image-preview:large","max-video-preview":"max-video-preview:-1"},"canonical":"https:\/\/www.lavillarroel.cat\/ca\/ex\/pols-de-diamant-rbls\/","schema":{"@context":"https:\/\/schema.org","@graph":[{"@type":"WebPage","@id":"https:\/\/www.lavillarroel.cat\/ca\/ex\/pols-de-diamant-rbls\/","url":"https:\/\/www.lavillarroel.cat\/ca\/ex\/pols-de-diamant-rbls\/","name":"Pols de diamant - RBLS - La Villarroel","isPartOf":{"@id":"https:\/\/www.lavillarroel.cat\/ca\/#website"},"datePublished":"2024-09-04T13:08:39+00:00","dateModified":"2024-11-18T15:58:27+00:00","breadcrumb":{"@id":"https:\/\/www.lavillarroel.cat\/ca\/ex\/pols-de-diamant-rbls\/#breadcrumb"},"inLanguage":"ca","potentialAction":[{"@type":"ReadAction","target":["https:\/\/www.lavillarroel.cat\/ca\/ex\/pols-de-diamant-rbls\/"]}]},{"@type":"BreadcrumbList","@id":"https:\/\/www.lavillarroel.cat\/ca\/ex\/pols-de-diamant-rbls\/#breadcrumb","itemListElement":[{"@type":"ListItem","position":1,"name":"Inici","item":"https:\/\/www.lavillarroel.cat\/ca\/"},{"@type":"ListItem","position":2,"name":"Espectacles","item":"https:\/\/www.lavillarroel.cat\/ca\/ex\/"},{"@type":"ListItem","position":3,"name":"Pols de diamant &#8211; RBLS"}]},{"@type":"WebSite","@id":"https:\/\/www.lavillarroel.cat\/ca\/#website","url":"https:\/\/www.lavillarroel.cat\/ca\/","name":"La Villarroel","description":"","publisher":{"@id":"https:\/\/www.lavillarroel.cat\/ca\/#organization"},"potentialAction":[{"@type":"SearchAction","target":{"@type":"EntryPoint","urlTemplate":"https:\/\/www.lavillarroel.cat\/ca\/?s={search_term_string}"},"query-input":{"@type":"PropertyValueSpecification","valueRequired":true,"valueName":"search_term_string"}}],"inLanguage":"ca"},{"@type":"Organization","@id":"https:\/\/www.lavillarroel.cat\/ca\/#organization","name":"La Villarroel","url":"https:\/\/www.lavillarroel.cat\/ca\/","logo":{"@type":"ImageObject","inLanguage":"ca","@id":"https:\/\/www.lavillarroel.cat\/ca\/#\/schema\/logo\/image\/","url":"https:\/\/www.lavillarroel.cat\/wp-content\/uploads\/sites\/5\/2017\/09\/teatre-villaroel-logo.svg","contentUrl":"https:\/\/www.lavillarroel.cat\/wp-content\/uploads\/sites\/5\/2017\/09\/teatre-villaroel-logo.svg","width":1,"height":1,"caption":"La Villarroel"},"image":{"@id":"https:\/\/www.lavillarroel.cat\/ca\/#\/schema\/logo\/image\/"},"sameAs":["http:\/\/www.facebook.com\/TeatreVillarroel","https:\/\/x.com\/la_villarroel","http:\/\/instagram.com\/la_villarroel","http:\/\/www.youtube.com\/user\/LaVillarroel#p\/u"]}]}},"translations":[{"id":3840,"locale":"ca"},{"id":3841,"locale":"es"}],"_links":{"self":[{"href":"https:\/\/www.lavillarroel.cat\/ca\/wp-json\/wp\/v2\/ex\/3840","targetHints":{"allow":["GET"]}}],"collection":[{"href":"https:\/\/www.lavillarroel.cat\/ca\/wp-json\/wp\/v2\/ex"}],"about":[{"href":"https:\/\/www.lavillarroel.cat\/ca\/wp-json\/wp\/v2\/types\/ex"}],"author":[{"embeddable":true,"href":"https:\/\/www.lavillarroel.cat\/ca\/wp-json\/wp\/v2\/users\/2"}],"replies":[{"embeddable":true,"href":"https:\/\/www.lavillarroel.cat\/ca\/wp-json\/wp\/v2\/comments?post=3840"}],"acf:term":[{"embeddable":true,"taxonomy":"season","href":"https:\/\/www.lavillarroel.cat\/ca\/wp-json\/wp\/v2\/season\/99"}],"wp:attachment":[{"href":"https:\/\/www.lavillarroel.cat\/ca\/wp-json\/wp\/v2\/media?parent=3840"}],"curies":[{"name":"wp","href":"https:\/\/api.w.org\/{rel}","templated":true}]}}