{"id":4097,"date":"2025-07-23T14:34:55","date_gmt":"2025-07-23T12:34:55","guid":{"rendered":"https:\/\/www.lavillarroel.cat\/ex\/hombre-por-necesidad\/"},"modified":"2025-09-29T16:03:08","modified_gmt":"2025-09-29T14:03:08","slug":"hombre-por-necesidad","status":"publish","type":"ex","link":"https:\/\/www.lavillarroel.cat\/ca\/ex\/hombre-por-necesidad\/","title":{"rendered":"Hombre por necesidad"},"content":{"rendered":"","protected":false},"excerpt":{"rendered":"","protected":false},"author":2,"featured_media":0,"comment_status":"closed","ping_status":"closed","template":"","class_list":["post-4097","ex","type-ex","status-publish","hentry","season-2025-26"],"acf":{"txt_synopsis":"<p><strong>Una dona acorralada per la guerra.<br \/>Una decisi\u00f3 que determinar\u00e0 la seva identitat.<\/strong><\/p>\r\n<p>Totes les crisis colpegen els m\u00e9s vulnerables: els pobres, els treballadors, i entre ells \u2014com ja hem viscut tots i totes\u2014 les crisis tenen com a imatge el rostre d\u2019una dona. Ella Gericke \u00e9s una d\u2019elles. Queda v\u00eddua despr\u00e9s d\u2019un any de matrimoni i, sense feina ni mitjans de subsist\u00e8ncia, es veu obligada a adoptar la identitat del seu marit, Max Gericke, i a substituir-lo a la f\u00e0brica com a operador de toro mec\u00e0nic.<\/p>\r\n<p>Aix\u00ed, disfressada d\u2019home, viur\u00e0 l\u2019ascens al poder de Hitler i els desastres de la guerra.<br \/>La fi del conflicte b\u00e8l\u00b7lic alleuja certes dificultats, per\u00f2 no l\u2019allibera ni de l\u2019atur ni de la fam. Ella\/Max Gericke recorda alguns moments del seu dur trajecte, que va viure amb energia i esperit de superaci\u00f3, com una supervivent extraordin\u00e0ria, tal com solen fer les dones.<br \/>Aquesta hist\u00f2ria real d\u2019Ella Gericke no nom\u00e9s va inspirar Brecht, que la va immortalitzar en una de les seves novel\u00b7les, sin\u00f3 que tamb\u00e9 fou la font d\u2019inspiraci\u00f3 de Manfred Karge, qui es va encarregar de rescatar-la per al teatre a trav\u00e9s d\u2019aquest mon\u00f2leg fragmentat titulat Jacke wie Hose.<br \/><\/p>","main_buy_link":"https:\/\/tickets.oneboxtds.com\/lavillarroel\/events\/47160?hl=ca-ES","main_buy_links":"[\"https:\/\/tickets.oneboxtds.com\/lavillarroel\/events\/47160?hl=ca-ES\"]","group_buy_link":"https:\/\/www.promentrada.com\/ca\/programacio\/c\/1755-hombre-por-necesidad-grups.html","show_language":"Espectacle en castell\u00e0","show_duration":"70","show_start_date":"20250929000000","show_end_date":"20251012000000","show_sort_date":"20250929000000","txt_custom_show_dates":"del 29 de setembre al 12 d'octubre de 2025 ","show_disciplines":"11","show_ultimes_funcions":false,"hide_tarifes_especials":false,"show_properament":false,"txt_additional_info":"Recomanat a partir de 12 anys.","txt_present":"","show_season":[101],"txt_season":"[\"2025\/26\"]","txt_cycle":"Off La Villarroel","txt_claim":"Una dona acorralada per la guerra.","txt_cast_excerpt":"","txt_cast":"<p>T\u00edtol original: <strong>Jacke wie Hose<br \/><\/strong>Autoria: <strong>Manfred Karge<br \/><\/strong>Traducci\u00f3:<strong> Teresa Rosell <\/strong><br \/>Direcci\u00f3 i dramat\u00fargia: <strong>Eva Redondo<\/strong><br \/>&nbsp;<br \/>Int\u00e8rprets:<br \/><strong>Gabriela Flores<\/strong> - Ella <br \/>&nbsp;<br \/>Escenografia:&nbsp; <strong>Alejandra G. Requeijo<br \/><\/strong>Vestuari: <strong>Elda Noriega<\/strong><br \/>Il\u00b7luminaci\u00f3:&nbsp; <strong>David Picazo<br \/><\/strong>Espai sonor:&nbsp; <strong>Jordi Collet<\/strong><br \/>Moviment:&nbsp; <strong>Ferran Carvajal<br \/><\/strong>Caracteritzaci\u00f3:&nbsp; <strong>Elda Noriega<\/strong><br \/>Fotos i v\u00eddeos: <strong>Susana Mart\u00edn<\/strong><br \/>&nbsp;<br \/>Direcci\u00f3 de producci\u00f3:&nbsp; <strong>Kike G\u00f3mez<\/strong><br \/>Producci\u00f3 executiva: <strong>FEI (Factoria Esc\u00e8nica Internacional) <br \/><\/strong>Direcci\u00f3 t\u00e8cnica: <strong>Leticia L. Karamaza<\/strong><br \/>&nbsp;<br \/>Ajudantia de direcci\u00f3: <strong>Cotu Afonso<\/strong><br \/>T\u00e8cnic de llums i so: <strong>Leticia L. Karamazana<\/strong>&nbsp;<\/p>\r\n<p>Confecci\u00f3 del vestuari: <strong>Elda Noriega<\/strong><br \/>&nbsp;<br \/>M\u00e0rqueting i comunicaci\u00f3:&nbsp; <strong>La Villarroel <br \/><\/strong>Reportatge fotogr\u00e0fic:&nbsp; <strong>Susana Mart\u00edn<\/strong><br \/>&nbsp;&nbsp;&nbsp;<br \/>Col\u00b7laboradors: <strong>INAEM i Avance Producciones Teatrales SL<br \/><\/strong>&nbsp;<br \/>Agra\u00efments:&nbsp;<strong>Teresa Rosell, C.C. Pilar Mir\u00f3 de Vallecas i Teatro del Barrio. <\/strong><br \/>&nbsp;<br \/>Amb el suport de: <strong>Goethe Institut<\/strong><br \/>&nbsp;<br \/>Distribuci\u00f3:&nbsp;<strong> Kike G\u00f3mez (<\/strong><a href=\"mailto:kikegomez.produ@gmail.com\"><strong>kikegomez.produ@gmail.com<\/strong><\/a><strong>)<br \/><\/strong>&nbsp;<br \/>\u00c9s una producci\u00f3 de <strong>FEI (Factoria Esc\u00e8nica Internacional)<\/strong><br \/><\/p>","txt_reviews":"Javier Vallejo|El Pa\u00eds|\u201cUn espectacle commovedor\u201d\r\nDiego Da Costa|Cinema Gavia|\u201cUn repte interpretatiu d\u2019alt nivell\u201d\r\nJaime de los Santos|El Confidencial|\u201cMolt m\u00e9s que un text teatral\u201d","hashtag":"HombrePorNecesidad","have_promo":"","slogan":"","id_exhibicio":2286,"id_versio":1802,"id_local":4,"txt_seo_desc":"","data_images":"[{\"localizer\":\"V4PORTADAWIDE\",\"url\":\"media\/ver\/port\/wide\/v4\/3170B\/01_091_00059028\/1-Portada_0_2880x1260.jpg\",\"thumb_url\":\"\",\"title\":\"Hombre por necesidad - La Villarroel\",\"description\":\"hombre por necesidad a la villarroel\",\"copyright\":\"\",\"order\":1},{\"localizer\":\"V4PORTADAWIDEMOBILE\",\"url\":\"media\/ver\/port\/wide\/mobile\/v4\/3170B\/01_092_00059029\/3-Portada_Mobile_828x1800.jpg\",\"thumb_url\":\"\",\"title\":\"Hombre por necesidad - La Villarroel\",\"description\":\"hombre por necesidad a la villarroel\",\"copyright\":\"\",\"order\":2},{\"localizer\":\"V4CARTELL\",\"url\":\"media\/ver\/cartell\/v4\/3170B\/01_089_00059030\/4-Cartell_web_720x1100.jpg\",\"thumb_url\":\"\",\"title\":\"Hombre por necesidad - La Villarroel\",\"description\":\"hombre por necesidad a la villarroel\",\"copyright\":\"\",\"order\":3},{\"localizer\":\"V4PORTADA\",\"url\":\"media\/ver\/port\/v4\/3170B\/01_090_00059031\/2-Portada_1_760x760.jpg\",\"thumb_url\":\"\",\"title\":\"Hombre por necesidad - La Villarroel\",\"description\":\"hombre por necesidad a la villarroel\",\"copyright\":\"\",\"order\":4},{\"localizer\":\"V3SLIDE\",\"url\":\"media\/ftgalslide\/v3\/3170B\/01_086_00059049\/Disseny_sense_titol_(6).jpg\",\"thumb_url\":\"media\/ftgalslide\/v3\/3170B\/01_086_00059049\/Disseny_sense_titol_(6)_thumb.jpg\",\"title\":\"Hombre por necesidad - La Villarroel\",\"description\":\"hombre por necesidad a la villarroel\",\"copyright\":\"https:\/\/youtu.be\/W2TSCnrBwZU\",\"order\":5},{\"localizer\":\"V3SLIDE\",\"url\":\"media\/ftgalslide\/v3\/3170B\/01_086_00059050\/Disseny_sense_titol_(7).jpg\",\"thumb_url\":\"media\/ftgalslide\/v3\/3170B\/01_086_00059050\/Disseny_sense_titol_(7)_thumb.jpg\",\"title\":\"Hombre por necesidad - La Villarroel\",\"description\":\"hombre por necesidad a la villarroel\",\"copyright\":\"\",\"order\":6},{\"localizer\":\"V3SLIDE\",\"url\":\"media\/ftgalslide\/v3\/3170B\/01_086_00059051\/Disseny_sense_titol_(8).jpg\",\"thumb_url\":\"media\/ftgalslide\/v3\/3170B\/01_086_00059051\/Disseny_sense_titol_(8)_thumb.jpg\",\"title\":\"Hombre por necesidad - La Villarroel\",\"description\":\"hombre por necesidad a la villarroel\",\"copyright\":\"\",\"order\":7}]","material__texto_intro":"","data_material":null,"data_gallery":"","data_discounts":"[]","contract_is_open":false,"in_tour":false},"yoast_head":"<!-- This site is optimized with the Yoast SEO plugin v27.4 - https:\/\/yoast.com\/product\/yoast-seo-wordpress\/ -->\n<title>Hombre por necesidad - La Villarroel<\/title>\n<meta name=\"robots\" content=\"index, follow, max-snippet:-1, max-image-preview:large, max-video-preview:-1\" \/>\n<link rel=\"canonical\" href=\"https:\/\/www.lavillarroel.cat\/ca\/ex\/hombre-por-necesidad\/\" \/>\n<script type=\"application\/ld+json\" class=\"yoast-schema-graph\">{\"@context\":\"https:\\\/\\\/schema.org\",\"@graph\":[{\"@type\":\"WebPage\",\"@id\":\"https:\\\/\\\/www.lavillarroel.cat\\\/ca\\\/ex\\\/hombre-por-necesidad\\\/\",\"url\":\"https:\\\/\\\/www.lavillarroel.cat\\\/ca\\\/ex\\\/hombre-por-necesidad\\\/\",\"name\":\"Hombre por necesidad - La Villarroel\",\"isPartOf\":{\"@id\":\"https:\\\/\\\/www.lavillarroel.cat\\\/ca\\\/#website\"},\"datePublished\":\"2025-07-23T12:34:55+00:00\",\"dateModified\":\"2025-09-29T14:03:08+00:00\",\"breadcrumb\":{\"@id\":\"https:\\\/\\\/www.lavillarroel.cat\\\/ca\\\/ex\\\/hombre-por-necesidad\\\/#breadcrumb\"},\"inLanguage\":\"ca\",\"potentialAction\":[{\"@type\":\"ReadAction\",\"target\":[\"https:\\\/\\\/www.lavillarroel.cat\\\/ca\\\/ex\\\/hombre-por-necesidad\\\/\"]}]},{\"@type\":\"BreadcrumbList\",\"@id\":\"https:\\\/\\\/www.lavillarroel.cat\\\/ca\\\/ex\\\/hombre-por-necesidad\\\/#breadcrumb\",\"itemListElement\":[{\"@type\":\"ListItem\",\"position\":1,\"name\":\"Inici\",\"item\":\"https:\\\/\\\/www.lavillarroel.cat\\\/ca\\\/\"},{\"@type\":\"ListItem\",\"position\":2,\"name\":\"Espectacles\",\"item\":\"https:\\\/\\\/www.lavillarroel.cat\\\/ca\\\/ex\\\/\"},{\"@type\":\"ListItem\",\"position\":3,\"name\":\"Hombre por necesidad\"}]},{\"@type\":\"WebSite\",\"@id\":\"https:\\\/\\\/www.lavillarroel.cat\\\/ca\\\/#website\",\"url\":\"https:\\\/\\\/www.lavillarroel.cat\\\/ca\\\/\",\"name\":\"La Villarroel\",\"description\":\"\",\"publisher\":{\"@id\":\"https:\\\/\\\/www.lavillarroel.cat\\\/ca\\\/#organization\"},\"potentialAction\":[{\"@type\":\"SearchAction\",\"target\":{\"@type\":\"EntryPoint\",\"urlTemplate\":\"https:\\\/\\\/www.lavillarroel.cat\\\/ca\\\/?s={search_term_string}\"},\"query-input\":{\"@type\":\"PropertyValueSpecification\",\"valueRequired\":true,\"valueName\":\"search_term_string\"}}],\"inLanguage\":\"ca\"},{\"@type\":\"Organization\",\"@id\":\"https:\\\/\\\/www.lavillarroel.cat\\\/ca\\\/#organization\",\"name\":\"La Villarroel\",\"url\":\"https:\\\/\\\/www.lavillarroel.cat\\\/ca\\\/\",\"logo\":{\"@type\":\"ImageObject\",\"inLanguage\":\"ca\",\"@id\":\"https:\\\/\\\/www.lavillarroel.cat\\\/ca\\\/#\\\/schema\\\/logo\\\/image\\\/\",\"url\":\"https:\\\/\\\/www.lavillarroel.cat\\\/wp-content\\\/uploads\\\/sites\\\/5\\\/2017\\\/09\\\/teatre-villaroel-logo.svg\",\"contentUrl\":\"https:\\\/\\\/www.lavillarroel.cat\\\/wp-content\\\/uploads\\\/sites\\\/5\\\/2017\\\/09\\\/teatre-villaroel-logo.svg\",\"width\":1,\"height\":1,\"caption\":\"La Villarroel\"},\"image\":{\"@id\":\"https:\\\/\\\/www.lavillarroel.cat\\\/ca\\\/#\\\/schema\\\/logo\\\/image\\\/\"},\"sameAs\":[\"http:\\\/\\\/www.facebook.com\\\/TeatreVillarroel\",\"https:\\\/\\\/x.com\\\/la_villarroel\",\"http:\\\/\\\/instagram.com\\\/la_villarroel\",\"http:\\\/\\\/www.youtube.com\\\/user\\\/LaVillarroel#p\\\/u\"]}]}<\/script>\n<!-- \/ Yoast SEO plugin. -->","yoast_head_json":{"title":"Hombre por necesidad - La Villarroel","robots":{"index":"index","follow":"follow","max-snippet":"max-snippet:-1","max-image-preview":"max-image-preview:large","max-video-preview":"max-video-preview:-1"},"canonical":"https:\/\/www.lavillarroel.cat\/ca\/ex\/hombre-por-necesidad\/","schema":{"@context":"https:\/\/schema.org","@graph":[{"@type":"WebPage","@id":"https:\/\/www.lavillarroel.cat\/ca\/ex\/hombre-por-necesidad\/","url":"https:\/\/www.lavillarroel.cat\/ca\/ex\/hombre-por-necesidad\/","name":"Hombre por necesidad - La Villarroel","isPartOf":{"@id":"https:\/\/www.lavillarroel.cat\/ca\/#website"},"datePublished":"2025-07-23T12:34:55+00:00","dateModified":"2025-09-29T14:03:08+00:00","breadcrumb":{"@id":"https:\/\/www.lavillarroel.cat\/ca\/ex\/hombre-por-necesidad\/#breadcrumb"},"inLanguage":"ca","potentialAction":[{"@type":"ReadAction","target":["https:\/\/www.lavillarroel.cat\/ca\/ex\/hombre-por-necesidad\/"]}]},{"@type":"BreadcrumbList","@id":"https:\/\/www.lavillarroel.cat\/ca\/ex\/hombre-por-necesidad\/#breadcrumb","itemListElement":[{"@type":"ListItem","position":1,"name":"Inici","item":"https:\/\/www.lavillarroel.cat\/ca\/"},{"@type":"ListItem","position":2,"name":"Espectacles","item":"https:\/\/www.lavillarroel.cat\/ca\/ex\/"},{"@type":"ListItem","position":3,"name":"Hombre por necesidad"}]},{"@type":"WebSite","@id":"https:\/\/www.lavillarroel.cat\/ca\/#website","url":"https:\/\/www.lavillarroel.cat\/ca\/","name":"La Villarroel","description":"","publisher":{"@id":"https:\/\/www.lavillarroel.cat\/ca\/#organization"},"potentialAction":[{"@type":"SearchAction","target":{"@type":"EntryPoint","urlTemplate":"https:\/\/www.lavillarroel.cat\/ca\/?s={search_term_string}"},"query-input":{"@type":"PropertyValueSpecification","valueRequired":true,"valueName":"search_term_string"}}],"inLanguage":"ca"},{"@type":"Organization","@id":"https:\/\/www.lavillarroel.cat\/ca\/#organization","name":"La Villarroel","url":"https:\/\/www.lavillarroel.cat\/ca\/","logo":{"@type":"ImageObject","inLanguage":"ca","@id":"https:\/\/www.lavillarroel.cat\/ca\/#\/schema\/logo\/image\/","url":"https:\/\/www.lavillarroel.cat\/wp-content\/uploads\/sites\/5\/2017\/09\/teatre-villaroel-logo.svg","contentUrl":"https:\/\/www.lavillarroel.cat\/wp-content\/uploads\/sites\/5\/2017\/09\/teatre-villaroel-logo.svg","width":1,"height":1,"caption":"La Villarroel"},"image":{"@id":"https:\/\/www.lavillarroel.cat\/ca\/#\/schema\/logo\/image\/"},"sameAs":["http:\/\/www.facebook.com\/TeatreVillarroel","https:\/\/x.com\/la_villarroel","http:\/\/instagram.com\/la_villarroel","http:\/\/www.youtube.com\/user\/LaVillarroel#p\/u"]}]}},"translations":[{"id":4097,"locale":"ca"},{"id":4098,"locale":"es"}],"_links":{"self":[{"href":"https:\/\/www.lavillarroel.cat\/ca\/wp-json\/wp\/v2\/ex\/4097","targetHints":{"allow":["GET"]}}],"collection":[{"href":"https:\/\/www.lavillarroel.cat\/ca\/wp-json\/wp\/v2\/ex"}],"about":[{"href":"https:\/\/www.lavillarroel.cat\/ca\/wp-json\/wp\/v2\/types\/ex"}],"author":[{"embeddable":true,"href":"https:\/\/www.lavillarroel.cat\/ca\/wp-json\/wp\/v2\/users\/2"}],"replies":[{"embeddable":true,"href":"https:\/\/www.lavillarroel.cat\/ca\/wp-json\/wp\/v2\/comments?post=4097"}],"acf:term":[{"embeddable":true,"taxonomy":"season","href":"https:\/\/www.lavillarroel.cat\/ca\/wp-json\/wp\/v2\/season\/101"}],"wp:attachment":[{"href":"https:\/\/www.lavillarroel.cat\/ca\/wp-json\/wp\/v2\/media?parent=4097"}],"curies":[{"name":"wp","href":"https:\/\/api.w.org\/{rel}","templated":true}]}}