{"id":4172,"date":"2025-09-04T16:42:15","date_gmt":"2025-09-04T14:42:15","guid":{"rendered":"https:\/\/www.lavillarroel.cat\/ex\/els-fills\/"},"modified":"2026-03-23T11:49:27","modified_gmt":"2026-03-23T10:49:27","slug":"els-fills","status":"publish","type":"ex","link":"https:\/\/www.lavillarroel.cat\/ca\/ex\/els-fills\/","title":{"rendered":"Els Fills"},"content":{"rendered":"","protected":false},"excerpt":{"rendered":"","protected":false},"author":2,"featured_media":0,"comment_status":"closed","ping_status":"closed","template":"","class_list":["post-4172","ex","type-ex","status-publish","hentry","season-2025-26"],"acf":{"txt_synopsis":"<p><strong>Quin m\u00f3n volem deixar a les generacions futures? Una inquietant hist\u00f2ria sobre la nostra responsabilitat individual i col\u00b7lectiva.<\/strong> <\/p>\r\n<p>La Hazel (Ar\u00e1nega) i en Robin (Boixaderas) s\u00f3n una parella de cient\u00edfics nuclears retirats que viuen junts en una casa de camp, a\u00efllada de la resta del m\u00f3n. Des d\u2019all\u00ed, observen els efectes d\u2019un recent accident a la central on treballaven quan es presenta, de manera inesperada, la Rose (Vilarasau), una antiga companya de feina de la qual feia uns 30 anys que no n\u2019havien tingut not\u00edcies. Aquesta visita, que es revela gens casual, desencadena una s\u00e8rie de tensions i revelacions. Sota l\u2019ombra de la radiaci\u00f3, secrets i culpes sortiran a la superf\u00edcie mentre decideixen qui ha de sacrificar-se per l\u2019avenir.  <\/p>\r\n<p>Lucy Kirkwood ens presenta un drama \u00edntim i punyent sobre el deute generacional, la responsabilitat \u00e8tica i el m\u00f3n que deixarem als nostres fills.  <br \/>Perqu\u00e8 tots som responsables d\u2019all\u00f2 que vindr\u00e0.  <br \/>I tots tenim el poder de reescriure el futur. <\/p>\r\n<p><strong>Millor Obra als Writers\u2019 Guild Awards del Regne Unit de 2018 <br \/>Nominada a 2 premis Tony el 2018<\/strong> <\/p>","main_buy_link":"https:\/\/tickets.oneboxtds.com\/lavillarroel\/events\/47946?hl=ca-ES","main_buy_links":"[\"https:\/\/tickets.oneboxtds.com\/lavillarroel\/events\/47946?hl=ca-ES\"]","group_buy_link":"https:\/\/www.promentrada.com\/ca\/programacio\/c\/1817-els-fills-grups.html","show_language":"Espectacle en catal\u00e0","show_duration":"90","show_start_date":"20260207000000","show_end_date":"20260329000000","show_sort_date":"20260207000000","txt_custom_show_dates":"","show_disciplines":"11","show_ultimes_funcions":false,"hide_tarifes_especials":false,"show_properament":false,"txt_additional_info":"<p>Recomanat a partir de 14 anys <\/p><p><\/p>","txt_present":"","show_season":[101],"txt_season":"[\"2025\/26\"]","txt_cycle":"","txt_claim":"","txt_cast_excerpt":"","txt_cast":"<p>Autoria: <strong>Lucy Kirkwood<br><\/strong>Traducci\u00f3: <strong>Cristina Genebat<br><\/strong>Direcci\u00f3:  <strong>David Selvas<\/strong> <\/p><p> <\/p><p>Int\u00e8rprets <br><strong>Emma Vilarasau<\/strong>\u00a0- Rose <br><strong>Merc\u00e8 Ar\u00e1nega<\/strong>\u00a0- Hazel  <br><strong>Jordi Boixaderas <\/strong>-<strong>\u00a0<\/strong>Robin                     <\/p><p> <\/p><p>Escenografia:  <strong>Josep Igl\u00e9sias<\/strong> <br>Vestuari: <strong>Maria Armengol<\/strong> <br>Ambientaci\u00f3 vestuari: <strong>Marta Pell<br><\/strong>Caracteritzaci\u00f3: <strong>Noelia L\u00f3pez<br><\/strong>Il\u00b7luminaci\u00f3:  <strong>David Bofarull<br><\/strong>So:  <strong>Lucas Ariel Vallejos<br><\/strong>Meritori de so: <strong>Roc de Lanuza Alesan<\/strong> <\/p><p>Coreografia: <strong>Ana P\u00e9rez <\/strong><\/p><p>Direcci\u00f3 t\u00e8cnica: <strong>Enric Alarc\u00f3n<\/strong> <\/p><p> <\/p><p>Ajudant de direcci\u00f3: <strong>Carla Vilar\u00f3 <br><\/strong>Regidora: <strong>Marc Lucchetti Berraondo<br><\/strong>Cap t\u00e8cnic del teatre:  <strong>Andr\u00e9s Piza <\/strong><\/p><p>Construcci\u00f3 de l&#39;escenografia: <strong>Tallers Castells, Jorba-Mir\u00f3 i Pilar Albadalejo  <\/strong><\/p><p>V\u00eddeo promocional: <strong>Mar Orfila <br><\/strong>M\u00e0rqueting i comunicaci\u00f3:  <strong>La Villarroel<\/strong> <br>Fotos escena i xxss:  <strong>Marc Mampel<\/strong> <br>Imatge cartell: <strong>Marta Mas<\/strong> <br>Disseny gr\u00e0fic: <strong>Queralt Guinart<\/strong> <\/p><p>  <\/p><p>  <\/p><p> <\/p><p> <\/p><p>Amb el suport de <strong>l&#39;ICEC (Institut Catal\u00e0 de les Ind\u00fastries Culturals) <\/strong><\/p><p> <\/p><p>Distribuci\u00f3:  <strong>Teresa Par\u00e9s (<a href=\"mailto:teresapares@labrutal.com\" rel=\"noopener noreferrer\" target=\"_blank\">teresapares@labrutal.com<\/a>) <\/strong><\/p><p> <\/p><p>\u00c9s una producci\u00f3 de <strong>La Brutal<\/strong>  <\/p>","txt_reviews":"","hashtag":"ElsFills","have_promo":"","slogan":"","id_exhibicio":2311,"id_versio":1805,"id_local":4,"txt_seo_desc":"Els fills a La Villarroel de Barcelona","data_images":"[{\"localizer\":\"V3SLIDE\",\"url\":\"media\/ftgalslide\/v3\/3170C\/01_086_00059112\/BZ3A6666.jpg\",\"thumb_url\":\"media\/ftgalslide\/v3\/3170C\/01_086_00059112\/BZ3A6666.jpg\",\"title\":\"Els Fills - La Villarroel - Barcelona\",\"description\":\"els fills a la villarroel de barcelona\",\"copyright\":\"\",\"order\":4},{\"localizer\":\"V3SLIDE\",\"url\":\"media\/ftgalslide\/v3\/3170C\/01_086_00059113\/BZ3A6579.jpg\",\"thumb_url\":\"media\/ftgalslide\/v3\/3170C\/01_086_00059113\/BZ3A6579.jpg\",\"title\":\"Els Fills - La Villarroel - Barcelona\",\"description\":\"els fills a la villarroel de barcelona\",\"copyright\":\"\",\"order\":5},{\"localizer\":\"V3SLIDE\",\"url\":\"media\/ftgalslide\/v3\/3170C\/01_086_00059114\/BZ3A6569.jpg\",\"thumb_url\":\"media\/ftgalslide\/v3\/3170C\/01_086_00059114\/BZ3A6569.jpg\",\"title\":\"Els Fills - La Villarroel - Barcelona\",\"description\":\"els fills a la villarroel de barcelona\",\"copyright\":\"\",\"order\":6},{\"localizer\":\"V3SLIDE\",\"url\":\"media\/ftgalslide\/v3\/3170C\/01_086_00059115\/BZ3A6479.jpg\",\"thumb_url\":\"media\/ftgalslide\/v3\/3170C\/01_086_00059115\/BZ3A6479.jpg\",\"title\":\"Els Fills - La Villarroel - Barcelona\",\"description\":\"els fills a la villarroel de barcelona\",\"copyright\":\"https:\/\/youtu.be\/5n1MzCZWjwU\",\"order\":7},{\"localizer\":\"V4CARTELL\",\"url\":\"media\/ver\/cartell\/v4\/3170F\/01_089_00059417\/CARTELL_WEB_ELSFILLS.jpg\",\"thumb_url\":\"media\/ver\/cartell\/v4\/3170F\/01_089_00059417\/CARTELL_WEB_ELSFILLS.jpg\",\"title\":\"Els fills - La Villarroel\",\"description\":\"els fills a la villarroel\",\"copyright\":\"\",\"order\":10},{\"localizer\":\"V4PORTADA\",\"url\":\"media\/ver\/port\/v4\/2026\/03\/1caea2f1-78ca-404b-b591-01a541e112de.jpg\",\"thumb_url\":\"media\/ver\/port\/v4\/2026\/03\/1caea2f1-78ca-404b-b591-01a541e112de.jpg\",\"title\":\"Els fills - La Villarroel\",\"description\":\"els fills a la villarroel\",\"copyright\":\"\",\"order\":9},{\"localizer\":\"V4PORTADAWIDE\",\"url\":\"media\/ver\/port\/wide\/v4\/2026\/03\/30c6f0d3-ac6e-441b-a804-b2f31ea3b61b.jpg\",\"thumb_url\":\"media\/ver\/port\/wide\/v4\/2026\/03\/30c6f0d3-ac6e-441b-a804-b2f31ea3b61b.jpg\",\"title\":\"Els fills - La Villarroel\",\"description\":\"els fills a la villarroel\",\"copyright\":\"\",\"order\":8},{\"localizer\":\"V4PORTADAWIDEMOBILE\",\"url\":\"media\/ver\/port\/wide\/mobile\/v4\/2026\/03\/431aed0e-5083-4b99-9985-2e5a5c6ec4ba.png\",\"thumb_url\":\"media\/ver\/port\/wide\/mobile\/v4\/2026\/03\/431aed0e-5083-4b99-9985-2e5a5c6ec4ba.png\",\"title\":\"Els fills - La Villarroel\",\"description\":\"els fills a la villarroel\",\"copyright\":\"\",\"order\":11}]","material__texto_intro":"","data_material":null,"data_gallery":"","data_discounts":"[]","contract_is_open":false,"in_tour":false},"yoast_head":"<!-- This site is optimized with the Yoast SEO plugin v27.4 - https:\/\/yoast.com\/product\/yoast-seo-wordpress\/ -->\n<title>Els Fills - La Villarroel<\/title>\n<meta name=\"robots\" content=\"index, follow, max-snippet:-1, max-image-preview:large, max-video-preview:-1\" \/>\n<link rel=\"canonical\" href=\"https:\/\/www.lavillarroel.cat\/ca\/ex\/els-fills\/\" \/>\n<script type=\"application\/ld+json\" class=\"yoast-schema-graph\">{\"@context\":\"https:\\\/\\\/schema.org\",\"@graph\":[{\"@type\":\"WebPage\",\"@id\":\"https:\\\/\\\/www.lavillarroel.cat\\\/ca\\\/ex\\\/els-fills\\\/\",\"url\":\"https:\\\/\\\/www.lavillarroel.cat\\\/ca\\\/ex\\\/els-fills\\\/\",\"name\":\"Els Fills - La Villarroel\",\"isPartOf\":{\"@id\":\"https:\\\/\\\/www.lavillarroel.cat\\\/ca\\\/#website\"},\"datePublished\":\"2025-09-04T14:42:15+00:00\",\"dateModified\":\"2026-03-23T10:49:27+00:00\",\"breadcrumb\":{\"@id\":\"https:\\\/\\\/www.lavillarroel.cat\\\/ca\\\/ex\\\/els-fills\\\/#breadcrumb\"},\"inLanguage\":\"ca\",\"potentialAction\":[{\"@type\":\"ReadAction\",\"target\":[\"https:\\\/\\\/www.lavillarroel.cat\\\/ca\\\/ex\\\/els-fills\\\/\"]}]},{\"@type\":\"BreadcrumbList\",\"@id\":\"https:\\\/\\\/www.lavillarroel.cat\\\/ca\\\/ex\\\/els-fills\\\/#breadcrumb\",\"itemListElement\":[{\"@type\":\"ListItem\",\"position\":1,\"name\":\"Inici\",\"item\":\"https:\\\/\\\/www.lavillarroel.cat\\\/ca\\\/\"},{\"@type\":\"ListItem\",\"position\":2,\"name\":\"Espectacles\",\"item\":\"https:\\\/\\\/www.lavillarroel.cat\\\/ca\\\/ex\\\/\"},{\"@type\":\"ListItem\",\"position\":3,\"name\":\"Els Fills\"}]},{\"@type\":\"WebSite\",\"@id\":\"https:\\\/\\\/www.lavillarroel.cat\\\/ca\\\/#website\",\"url\":\"https:\\\/\\\/www.lavillarroel.cat\\\/ca\\\/\",\"name\":\"La Villarroel\",\"description\":\"\",\"publisher\":{\"@id\":\"https:\\\/\\\/www.lavillarroel.cat\\\/ca\\\/#organization\"},\"potentialAction\":[{\"@type\":\"SearchAction\",\"target\":{\"@type\":\"EntryPoint\",\"urlTemplate\":\"https:\\\/\\\/www.lavillarroel.cat\\\/ca\\\/?s={search_term_string}\"},\"query-input\":{\"@type\":\"PropertyValueSpecification\",\"valueRequired\":true,\"valueName\":\"search_term_string\"}}],\"inLanguage\":\"ca\"},{\"@type\":\"Organization\",\"@id\":\"https:\\\/\\\/www.lavillarroel.cat\\\/ca\\\/#organization\",\"name\":\"La Villarroel\",\"url\":\"https:\\\/\\\/www.lavillarroel.cat\\\/ca\\\/\",\"logo\":{\"@type\":\"ImageObject\",\"inLanguage\":\"ca\",\"@id\":\"https:\\\/\\\/www.lavillarroel.cat\\\/ca\\\/#\\\/schema\\\/logo\\\/image\\\/\",\"url\":\"https:\\\/\\\/www.lavillarroel.cat\\\/wp-content\\\/uploads\\\/sites\\\/5\\\/2017\\\/09\\\/teatre-villaroel-logo.svg\",\"contentUrl\":\"https:\\\/\\\/www.lavillarroel.cat\\\/wp-content\\\/uploads\\\/sites\\\/5\\\/2017\\\/09\\\/teatre-villaroel-logo.svg\",\"width\":1,\"height\":1,\"caption\":\"La Villarroel\"},\"image\":{\"@id\":\"https:\\\/\\\/www.lavillarroel.cat\\\/ca\\\/#\\\/schema\\\/logo\\\/image\\\/\"},\"sameAs\":[\"http:\\\/\\\/www.facebook.com\\\/TeatreVillarroel\",\"https:\\\/\\\/x.com\\\/la_villarroel\",\"http:\\\/\\\/instagram.com\\\/la_villarroel\",\"http:\\\/\\\/www.youtube.com\\\/user\\\/LaVillarroel#p\\\/u\"]}]}<\/script>\n<!-- \/ Yoast SEO plugin. -->","yoast_head_json":{"title":"Els Fills - La Villarroel","robots":{"index":"index","follow":"follow","max-snippet":"max-snippet:-1","max-image-preview":"max-image-preview:large","max-video-preview":"max-video-preview:-1"},"canonical":"https:\/\/www.lavillarroel.cat\/ca\/ex\/els-fills\/","schema":{"@context":"https:\/\/schema.org","@graph":[{"@type":"WebPage","@id":"https:\/\/www.lavillarroel.cat\/ca\/ex\/els-fills\/","url":"https:\/\/www.lavillarroel.cat\/ca\/ex\/els-fills\/","name":"Els Fills - La Villarroel","isPartOf":{"@id":"https:\/\/www.lavillarroel.cat\/ca\/#website"},"datePublished":"2025-09-04T14:42:15+00:00","dateModified":"2026-03-23T10:49:27+00:00","breadcrumb":{"@id":"https:\/\/www.lavillarroel.cat\/ca\/ex\/els-fills\/#breadcrumb"},"inLanguage":"ca","potentialAction":[{"@type":"ReadAction","target":["https:\/\/www.lavillarroel.cat\/ca\/ex\/els-fills\/"]}]},{"@type":"BreadcrumbList","@id":"https:\/\/www.lavillarroel.cat\/ca\/ex\/els-fills\/#breadcrumb","itemListElement":[{"@type":"ListItem","position":1,"name":"Inici","item":"https:\/\/www.lavillarroel.cat\/ca\/"},{"@type":"ListItem","position":2,"name":"Espectacles","item":"https:\/\/www.lavillarroel.cat\/ca\/ex\/"},{"@type":"ListItem","position":3,"name":"Els Fills"}]},{"@type":"WebSite","@id":"https:\/\/www.lavillarroel.cat\/ca\/#website","url":"https:\/\/www.lavillarroel.cat\/ca\/","name":"La Villarroel","description":"","publisher":{"@id":"https:\/\/www.lavillarroel.cat\/ca\/#organization"},"potentialAction":[{"@type":"SearchAction","target":{"@type":"EntryPoint","urlTemplate":"https:\/\/www.lavillarroel.cat\/ca\/?s={search_term_string}"},"query-input":{"@type":"PropertyValueSpecification","valueRequired":true,"valueName":"search_term_string"}}],"inLanguage":"ca"},{"@type":"Organization","@id":"https:\/\/www.lavillarroel.cat\/ca\/#organization","name":"La Villarroel","url":"https:\/\/www.lavillarroel.cat\/ca\/","logo":{"@type":"ImageObject","inLanguage":"ca","@id":"https:\/\/www.lavillarroel.cat\/ca\/#\/schema\/logo\/image\/","url":"https:\/\/www.lavillarroel.cat\/wp-content\/uploads\/sites\/5\/2017\/09\/teatre-villaroel-logo.svg","contentUrl":"https:\/\/www.lavillarroel.cat\/wp-content\/uploads\/sites\/5\/2017\/09\/teatre-villaroel-logo.svg","width":1,"height":1,"caption":"La Villarroel"},"image":{"@id":"https:\/\/www.lavillarroel.cat\/ca\/#\/schema\/logo\/image\/"},"sameAs":["http:\/\/www.facebook.com\/TeatreVillarroel","https:\/\/x.com\/la_villarroel","http:\/\/instagram.com\/la_villarroel","http:\/\/www.youtube.com\/user\/LaVillarroel#p\/u"]}]}},"translations":[{"id":4172,"locale":"ca"},{"id":4173,"locale":"es"}],"_links":{"self":[{"href":"https:\/\/www.lavillarroel.cat\/ca\/wp-json\/wp\/v2\/ex\/4172","targetHints":{"allow":["GET"]}}],"collection":[{"href":"https:\/\/www.lavillarroel.cat\/ca\/wp-json\/wp\/v2\/ex"}],"about":[{"href":"https:\/\/www.lavillarroel.cat\/ca\/wp-json\/wp\/v2\/types\/ex"}],"author":[{"embeddable":true,"href":"https:\/\/www.lavillarroel.cat\/ca\/wp-json\/wp\/v2\/users\/2"}],"replies":[{"embeddable":true,"href":"https:\/\/www.lavillarroel.cat\/ca\/wp-json\/wp\/v2\/comments?post=4172"}],"acf:term":[{"embeddable":true,"taxonomy":"season","href":"https:\/\/www.lavillarroel.cat\/ca\/wp-json\/wp\/v2\/season\/101"}],"wp:attachment":[{"href":"https:\/\/www.lavillarroel.cat\/ca\/wp-json\/wp\/v2\/media?parent=4172"}],"curies":[{"name":"wp","href":"https:\/\/api.w.org\/{rel}","templated":true}]}}