{"id":4176,"date":"2025-09-04T16:44:02","date_gmt":"2025-09-04T14:44:02","guid":{"rendered":"https:\/\/www.lavillarroel.cat\/ex\/mal-de-coracon\/"},"modified":"2026-04-01T13:51:43","modified_gmt":"2026-04-01T11:51:43","slug":"mal-de-coracon","status":"publish","type":"ex","link":"https:\/\/www.lavillarroel.cat\/ca\/ex\/mal-de-coracon\/","title":{"rendered":"MAL DE CORA\u00c7ON"},"content":{"rendered":"","protected":false},"excerpt":{"rendered":"","protected":false},"author":2,"featured_media":0,"comment_status":"closed","ping_status":"closed","template":"","class_list":["post-4176","ex","type-ex","status-publish","hentry","season-2025-26"],"acf":{"txt_synopsis":"<p><strong>Misteri, humor i m\u00edstica<\/strong><\/p>\r\n<p><em>Mal de cora\u00e7on<\/em>\u202f\u00e9s una de les maneres amb qu\u00e8 Santa Teresa anomena la seva malaltia. No se sap amb certesa qu\u00e8 patia exactament, per\u00f2 el que s\u00ed que \u00e9s evident \u00e9s que la seva relaci\u00f3 amb el dolor era forta i intensa. <br \/> <br \/>A la nostra obra, tres personatges ag\u00f2nics i mig alcoholitzats, que pateixen algun dolor a l\u2019\u00e0nima, es troben en un bar. Un espai que, com el convent, reuneix gent que d\u2019alguna manera necessita fugir de la quotidianitat. \u00c0nimes assedegades, fidels al lloc que habiten, que poden tenir visions, si no m\u00edstiques, com a m\u00ednim distorsionades. <br \/> <br \/>Una cambrera, que en realitat \u00e9s actriu, prepara un c\u00e0sting per a un musical sobre Santa Teresa; un enamorat ressentit i mig paranoic que creu que la seva parella l\u2019ha deixat per D\u00e9u, i un professor de filosofia moribund i fracassat que desitja ser redimit. Antiherois sense rumb que no troben el seu lloc al m\u00f3n. Fora, un diluvi ha aturat la ciutat.<\/p>","main_buy_link":"https:\/\/tickets.oneboxtds.com\/lavillarroel\/events\/47998?hl=ca-ES","main_buy_links":"[\"https:\/\/tickets.oneboxtds.com\/lavillarroel\/events\/47998?hl=ca-ES\"]","group_buy_link":"https:\/\/www.promentrada.com\/ca\/programacio\/c\/1833-mal-de-coracon-grups.html","show_language":"Espectacle en catal\u00e0 i castell\u00e0","show_duration":"90","show_start_date":"20260521000000","show_end_date":"20260621000000","show_sort_date":"20260521000000","txt_custom_show_dates":"","show_disciplines":"11","show_ultimes_funcions":false,"hide_tarifes_especials":false,"show_properament":false,"txt_additional_info":"Recomanat a partir de 16 anys","txt_present":"","show_season":[101],"txt_season":"[\"2025\/26\"]","txt_cycle":"","txt_claim":"Misteri, humor i m\u00edstica","txt_cast_excerpt":"","txt_cast":"<p>Autoria: <strong>Victoria Szpunberg <br><\/strong>Direcci\u00f3: <strong>Andrea Jim\u00e9nez<\/strong><\/p><p><br>Int\u00e8rprets <br><strong>J\u00falia Barcel\u00f3<\/strong> -Maria <br><strong>Pol L\u00f3pez<\/strong>-Professor <br><strong>Pau Vinyals-<\/strong>Enamorat<\/p><p><br>Escenografia: <strong>Judit Colomer Mascar\u00f3 <br><\/strong>Vestuari: <strong>Adriana Parra <br><\/strong>Il\u00b7luminaci\u00f3: <strong>Conchita Pons <\/strong> <br>Espai sonor: <strong> Lucas Ariel Vallejo <br><\/strong>Moviment: <strong>Amaya Galeote <\/strong><\/p><p><br>Direcci\u00f3 de producci\u00f3: <strong>J\u00falia Molins <br><\/strong>Producci\u00f3 executiva: <strong>Maria G. Rovell\u00f3 <br><\/strong>Direcci\u00f3 t\u00e8cnica: <strong>Oriol Ib\u00e1\u00f1ez<\/strong><\/p><p><br>Ajudantia de direcci\u00f3: <strong>Rita Molina Vallicrosa <br><\/strong>Ajudantia d&#39;escenografia: <strong>Idoia Costa <br><\/strong>Cap t\u00e8cnic del teatre: <strong>Andr\u00e9s Piza<\/strong> <\/p><p><br>Alumnes en pr\u00e0ctiques:<strong> John Correa <\/strong><\/p><p><br>M\u00e0rqueting i comunicaci\u00f3:<strong> J\u00falia Barcel\u00f3 <br><\/strong>M\u00e0rqueting i comunicaci\u00f3 del teatre: <strong>La Villarroel  <br><\/strong>Reportatge fotogr\u00e0fic:<strong> Caterina Barjau <\/strong><\/p><p><br>Agra\u00efments: <strong>Maria Lurdes de las Carmelitas Descalzas del carrer Immaculada, Maria Manonelles, Mariona Giner, Ingrid Guardiola, Sabina Witt, Margarita Witt, Marc Rosich i Mar G\u00f3mez Glenz <\/strong><\/p><p><br>Distribuci\u00f3: <strong>J\u00falia Sim\u00f3 \u00bf Cassandra Projectes art\u00edstics <\/strong><\/p><p><br>\u00c9s una producci\u00f3 de <strong>Companyia Solit\u00e0ria i Teatre Nacional de Catalunya <\/strong><\/p>","txt_reviews":"Norman Mars\u00e0|En Platea| \u201cUnes interpretacions excel\u00b7lents\u201d \r\nAna Prieto Nadal|N\u00favol| \u201cEl trio actoral, del tot formidable, porta el joc esc\u00e8nic fins a les \u00faltimes conseq\u00fc\u00e8ncies\u201d \r\nManuel P\u00e9rez i Mu\u00f1oz|El Peri\u00f3dico|\u201cL\u2019energia i la imaginaci\u00f3 desfermades de la direcci\u00f3 d\u2019Andrea Jim\u00e9nez, i l\u2019entrega dels tres int\u00e8rprets, desborden els l\u00edmits de l\u2019escenari.\u201d","hashtag":"Maldecora\u00e7on","have_promo":"","slogan":"","id_exhibicio":2327,"id_versio":1816,"id_local":4,"txt_seo_desc":"Mal de cora\u00e7on a La Villarroel del Barcelona","data_images":"[{\"localizer\":\"V3SLIDE\",\"url\":\"media\/ftgalslide\/v3\/2026\/03\/60ef72e1-674d-4726-be58-d5a9a06cc038.jpg\",\"thumb_url\":\"media\/ftgalslide\/v3\/2026\/03\/60ef72e1-674d-4726-be58-d5a9a06cc038.jpg\",\"title\":\"Mal de cora\u00e7on a La Villarroel de Barcelona\",\"description\":\"<p>Mal&nbsp;de&nbsp;cora\u00e7on&nbsp;a&nbsp;La&nbsp;Villarroel&nbsp;de&nbsp;Barcelona<\/p>\",\"copyright\":\"\",\"order\":1},{\"localizer\":\"V3SLIDE\",\"url\":\"media\/ftgalslide\/v3\/2026\/03\/cef53ba2-def2-4880-a181-cbc96692311f.jpg\",\"thumb_url\":\"media\/ftgalslide\/v3\/2026\/03\/cef53ba2-def2-4880-a181-cbc96692311f.jpg\",\"title\":\"Mal de cora\u00e7on a La Villarroel de Barcelona\",\"description\":\"<p>Mal&nbsp;de&nbsp;cora\u00e7on&nbsp;a&nbsp;La&nbsp;Villarroel&nbsp;de&nbsp;Barcelona<\/p>\",\"copyright\":\"\",\"order\":2},{\"localizer\":\"V3SLIDE\",\"url\":\"media\/ftgalslide\/v3\/2026\/03\/527a51f3-4a3c-4c78-aecc-0acd2e462917.jpg\",\"thumb_url\":\"media\/ftgalslide\/v3\/2026\/03\/527a51f3-4a3c-4c78-aecc-0acd2e462917.jpg\",\"title\":\"Mal de cora\u00e7on a La Villarroel de Barcelona\",\"description\":\"<p>Mal&nbsp;de&nbsp;cora\u00e7on&nbsp;a&nbsp;La&nbsp;Villarroel&nbsp;de&nbsp;Barcelona<\/p>\",\"copyright\":\"\",\"order\":3},{\"localizer\":\"V4CARTELL\",\"url\":\"media\/ver\/cartell\/v4\/3170D\/01_089_00059184\/CARTELL_WEB_maldecoraso.jpg\",\"thumb_url\":\"media\/ver\/cartell\/v4\/3170D\/01_089_00059184\/CARTELL_WEB_maldecoraso.jpg\",\"title\":\"Mal de cora\u00e7on -  La Villarroel - Barcelona\",\"description\":\"mal de corazon a la villarroel de barcelona\",\"copyright\":\"\",\"order\":3},{\"localizer\":\"V4PORTADA\",\"url\":\"media\/ver\/port\/v4\/2026\/03\/e426e1b8-8d60-4b8a-8c34-fdf0ee9f8041.jpg\",\"thumb_url\":\"media\/ver\/port\/v4\/2026\/03\/e426e1b8-8d60-4b8a-8c34-fdf0ee9f8041.jpg\",\"title\":\"Mal de cora\u00e7on -  La Villarroel - Barcelona\",\"description\":\"mal de corazon a la villarroel de barcelona\",\"copyright\":\"\",\"order\":2},{\"localizer\":\"V4PORTADAMOBILE\",\"url\":\"media\/ver\/portmob\/v4\/3170D\/01_093_00059185\/PORTADA_MOBILE_maldecoraso.jpg\",\"thumb_url\":\"media\/ver\/portmob\/v4\/3170D\/01_093_00059185\/PORTADA_MOBILE_maldecoraso.jpg\",\"title\":\"Mal de cora\u00e7on -  La Villarroel - Barcelona\",\"description\":\"mal de corazon a la villarroel de barcelona\",\"copyright\":\"\",\"order\":4},{\"localizer\":\"V4PORTADAWIDE\",\"url\":\"media\/ver\/port\/wide\/v4\/2026\/03\/76bb6b6b-90cb-496c-aa57-ac82f39bd8d6.jpg\",\"thumb_url\":\"media\/ver\/port\/wide\/v4\/2026\/03\/76bb6b6b-90cb-496c-aa57-ac82f39bd8d6.jpg\",\"title\":\"Mal de cora\u00e7on -  La Villarroel - Barcelona\",\"description\":\"mal de corazon a la villarroel de barcelona\",\"copyright\":\"\",\"order\":1},{\"localizer\":\"V4PORTADAWIDEMOBILE\",\"url\":\"media\/ver\/port\/wide\/mobile\/v4\/2026\/03\/c606bf61-1491-4970-b5d6-60f1339a4fee.jpg\",\"thumb_url\":\"media\/ver\/port\/wide\/mobile\/v4\/2026\/03\/c606bf61-1491-4970-b5d6-60f1339a4fee.jpg\",\"title\":\"Mal de cora\u00e7on  - La Villarroel\",\"description\":\"<p>mal&nbsp;de&nbsp;cora\u00e7on&nbsp;a&nbsp;la&nbsp;villarroel<\/p>\",\"copyright\":\"\",\"order\":0}]","material__texto_intro":"","data_material":null,"data_gallery":"","data_discounts":"[]","contract_is_open":false,"in_tour":false},"yoast_head":"<!-- This site is optimized with the Yoast SEO plugin v27.4 - https:\/\/yoast.com\/product\/yoast-seo-wordpress\/ -->\n<title>MAL DE CORA\u00c7ON - La Villarroel<\/title>\n<meta name=\"robots\" content=\"index, follow, max-snippet:-1, max-image-preview:large, max-video-preview:-1\" \/>\n<link rel=\"canonical\" href=\"https:\/\/www.lavillarroel.cat\/ca\/ex\/mal-de-coracon\/\" \/>\n<script type=\"application\/ld+json\" class=\"yoast-schema-graph\">{\"@context\":\"https:\\\/\\\/schema.org\",\"@graph\":[{\"@type\":\"WebPage\",\"@id\":\"https:\\\/\\\/www.lavillarroel.cat\\\/ca\\\/ex\\\/mal-de-coracon\\\/\",\"url\":\"https:\\\/\\\/www.lavillarroel.cat\\\/ca\\\/ex\\\/mal-de-coracon\\\/\",\"name\":\"MAL DE CORA\u00c7ON - La Villarroel\",\"isPartOf\":{\"@id\":\"https:\\\/\\\/www.lavillarroel.cat\\\/ca\\\/#website\"},\"datePublished\":\"2025-09-04T14:44:02+00:00\",\"dateModified\":\"2026-04-01T11:51:43+00:00\",\"breadcrumb\":{\"@id\":\"https:\\\/\\\/www.lavillarroel.cat\\\/ca\\\/ex\\\/mal-de-coracon\\\/#breadcrumb\"},\"inLanguage\":\"ca\",\"potentialAction\":[{\"@type\":\"ReadAction\",\"target\":[\"https:\\\/\\\/www.lavillarroel.cat\\\/ca\\\/ex\\\/mal-de-coracon\\\/\"]}]},{\"@type\":\"BreadcrumbList\",\"@id\":\"https:\\\/\\\/www.lavillarroel.cat\\\/ca\\\/ex\\\/mal-de-coracon\\\/#breadcrumb\",\"itemListElement\":[{\"@type\":\"ListItem\",\"position\":1,\"name\":\"Inici\",\"item\":\"https:\\\/\\\/www.lavillarroel.cat\\\/ca\\\/\"},{\"@type\":\"ListItem\",\"position\":2,\"name\":\"Espectacles\",\"item\":\"https:\\\/\\\/www.lavillarroel.cat\\\/ca\\\/ex\\\/\"},{\"@type\":\"ListItem\",\"position\":3,\"name\":\"MAL DE CORA\u00c7ON\"}]},{\"@type\":\"WebSite\",\"@id\":\"https:\\\/\\\/www.lavillarroel.cat\\\/ca\\\/#website\",\"url\":\"https:\\\/\\\/www.lavillarroel.cat\\\/ca\\\/\",\"name\":\"La Villarroel\",\"description\":\"\",\"publisher\":{\"@id\":\"https:\\\/\\\/www.lavillarroel.cat\\\/ca\\\/#organization\"},\"potentialAction\":[{\"@type\":\"SearchAction\",\"target\":{\"@type\":\"EntryPoint\",\"urlTemplate\":\"https:\\\/\\\/www.lavillarroel.cat\\\/ca\\\/?s={search_term_string}\"},\"query-input\":{\"@type\":\"PropertyValueSpecification\",\"valueRequired\":true,\"valueName\":\"search_term_string\"}}],\"inLanguage\":\"ca\"},{\"@type\":\"Organization\",\"@id\":\"https:\\\/\\\/www.lavillarroel.cat\\\/ca\\\/#organization\",\"name\":\"La Villarroel\",\"url\":\"https:\\\/\\\/www.lavillarroel.cat\\\/ca\\\/\",\"logo\":{\"@type\":\"ImageObject\",\"inLanguage\":\"ca\",\"@id\":\"https:\\\/\\\/www.lavillarroel.cat\\\/ca\\\/#\\\/schema\\\/logo\\\/image\\\/\",\"url\":\"https:\\\/\\\/www.lavillarroel.cat\\\/wp-content\\\/uploads\\\/sites\\\/5\\\/2017\\\/09\\\/teatre-villaroel-logo.svg\",\"contentUrl\":\"https:\\\/\\\/www.lavillarroel.cat\\\/wp-content\\\/uploads\\\/sites\\\/5\\\/2017\\\/09\\\/teatre-villaroel-logo.svg\",\"width\":1,\"height\":1,\"caption\":\"La Villarroel\"},\"image\":{\"@id\":\"https:\\\/\\\/www.lavillarroel.cat\\\/ca\\\/#\\\/schema\\\/logo\\\/image\\\/\"},\"sameAs\":[\"http:\\\/\\\/www.facebook.com\\\/TeatreVillarroel\",\"https:\\\/\\\/x.com\\\/la_villarroel\",\"http:\\\/\\\/instagram.com\\\/la_villarroel\",\"http:\\\/\\\/www.youtube.com\\\/user\\\/LaVillarroel#p\\\/u\"]}]}<\/script>\n<!-- \/ Yoast SEO plugin. -->","yoast_head_json":{"title":"MAL DE CORA\u00c7ON - La Villarroel","robots":{"index":"index","follow":"follow","max-snippet":"max-snippet:-1","max-image-preview":"max-image-preview:large","max-video-preview":"max-video-preview:-1"},"canonical":"https:\/\/www.lavillarroel.cat\/ca\/ex\/mal-de-coracon\/","schema":{"@context":"https:\/\/schema.org","@graph":[{"@type":"WebPage","@id":"https:\/\/www.lavillarroel.cat\/ca\/ex\/mal-de-coracon\/","url":"https:\/\/www.lavillarroel.cat\/ca\/ex\/mal-de-coracon\/","name":"MAL DE CORA\u00c7ON - La Villarroel","isPartOf":{"@id":"https:\/\/www.lavillarroel.cat\/ca\/#website"},"datePublished":"2025-09-04T14:44:02+00:00","dateModified":"2026-04-01T11:51:43+00:00","breadcrumb":{"@id":"https:\/\/www.lavillarroel.cat\/ca\/ex\/mal-de-coracon\/#breadcrumb"},"inLanguage":"ca","potentialAction":[{"@type":"ReadAction","target":["https:\/\/www.lavillarroel.cat\/ca\/ex\/mal-de-coracon\/"]}]},{"@type":"BreadcrumbList","@id":"https:\/\/www.lavillarroel.cat\/ca\/ex\/mal-de-coracon\/#breadcrumb","itemListElement":[{"@type":"ListItem","position":1,"name":"Inici","item":"https:\/\/www.lavillarroel.cat\/ca\/"},{"@type":"ListItem","position":2,"name":"Espectacles","item":"https:\/\/www.lavillarroel.cat\/ca\/ex\/"},{"@type":"ListItem","position":3,"name":"MAL DE CORA\u00c7ON"}]},{"@type":"WebSite","@id":"https:\/\/www.lavillarroel.cat\/ca\/#website","url":"https:\/\/www.lavillarroel.cat\/ca\/","name":"La Villarroel","description":"","publisher":{"@id":"https:\/\/www.lavillarroel.cat\/ca\/#organization"},"potentialAction":[{"@type":"SearchAction","target":{"@type":"EntryPoint","urlTemplate":"https:\/\/www.lavillarroel.cat\/ca\/?s={search_term_string}"},"query-input":{"@type":"PropertyValueSpecification","valueRequired":true,"valueName":"search_term_string"}}],"inLanguage":"ca"},{"@type":"Organization","@id":"https:\/\/www.lavillarroel.cat\/ca\/#organization","name":"La Villarroel","url":"https:\/\/www.lavillarroel.cat\/ca\/","logo":{"@type":"ImageObject","inLanguage":"ca","@id":"https:\/\/www.lavillarroel.cat\/ca\/#\/schema\/logo\/image\/","url":"https:\/\/www.lavillarroel.cat\/wp-content\/uploads\/sites\/5\/2017\/09\/teatre-villaroel-logo.svg","contentUrl":"https:\/\/www.lavillarroel.cat\/wp-content\/uploads\/sites\/5\/2017\/09\/teatre-villaroel-logo.svg","width":1,"height":1,"caption":"La Villarroel"},"image":{"@id":"https:\/\/www.lavillarroel.cat\/ca\/#\/schema\/logo\/image\/"},"sameAs":["http:\/\/www.facebook.com\/TeatreVillarroel","https:\/\/x.com\/la_villarroel","http:\/\/instagram.com\/la_villarroel","http:\/\/www.youtube.com\/user\/LaVillarroel#p\/u"]}]}},"translations":[{"id":4176,"locale":"ca"},{"id":4177,"locale":"es"}],"_links":{"self":[{"href":"https:\/\/www.lavillarroel.cat\/ca\/wp-json\/wp\/v2\/ex\/4176","targetHints":{"allow":["GET"]}}],"collection":[{"href":"https:\/\/www.lavillarroel.cat\/ca\/wp-json\/wp\/v2\/ex"}],"about":[{"href":"https:\/\/www.lavillarroel.cat\/ca\/wp-json\/wp\/v2\/types\/ex"}],"author":[{"embeddable":true,"href":"https:\/\/www.lavillarroel.cat\/ca\/wp-json\/wp\/v2\/users\/2"}],"replies":[{"embeddable":true,"href":"https:\/\/www.lavillarroel.cat\/ca\/wp-json\/wp\/v2\/comments?post=4176"}],"acf:term":[{"embeddable":true,"taxonomy":"season","href":"https:\/\/www.lavillarroel.cat\/ca\/wp-json\/wp\/v2\/season\/101"}],"wp:attachment":[{"href":"https:\/\/www.lavillarroel.cat\/ca\/wp-json\/wp\/v2\/media?parent=4176"}],"curies":[{"name":"wp","href":"https:\/\/api.w.org\/{rel}","templated":true}]}}