{"id":4196,"date":"2025-09-08T17:42:01","date_gmt":"2025-09-08T15:42:01","guid":{"rendered":"https:\/\/www.lavillarroel.cat\/ex\/dama-dictadura\/"},"modified":"2025-10-14T11:12:25","modified_gmt":"2025-10-14T09:12:25","slug":"dama-dictadura","status":"publish","type":"ex","link":"https:\/\/www.lavillarroel.cat\/ca\/ex\/dama-dictadura\/","title":{"rendered":"Dama dictadura"},"content":{"rendered":"","protected":false},"excerpt":{"rendered":"","protected":false},"author":2,"featured_media":0,"comment_status":"closed","ping_status":"closed","template":"","class_list":["post-4196","ex","type-ex","status-publish","hentry","season-2025-26"],"acf":{"txt_synopsis":"<p><strong>Un retrat de Carmen Polo a partir de l\u2019est\u00e8tica de la m\u00edtica revista \u00a1HOLA!.<\/strong> <\/p>\r\n<p>Carmen Polo, la dona de Francisco Franco. La perfecta excusa per parlar sobre l\u2019her\u00e8ncia que ens ha deixat la moral franquista en aquest pa\u00eds, i sobretot per parlar de les caceres; les caceres de Carmen als seus collarets, la cacera de Franco a Carmen, les caceres que organitzen les classes altes i les caceres de l\u2019ultradreta a persones vulnerables. Tot un recorregut i un punt de vista molt subjectiu del que podria ser o podria haver estat. <\/p>\r\n<p>Cinema live, postals, fotografies, material d\u2019arxiu, m\u00fasica, performance... Dama dictadura \u00e9s un joc esc\u00e8nic que salta de la realitat a la ficci\u00f3, de la hist\u00f2ria oficial al deliri, per mostrar l\u2019her\u00e8ncia feixista que ens va deixar la dictadura franquista. 50 anys despr\u00e9s de la mort del dictador, la seva dona surt de cacera. Deixa\u2019t sorprendre!<br \/><\/p>","main_buy_link":"https:\/\/tickets.oneboxtds.com\/lavillarroel\/events\/48143?hl=ca-ES","main_buy_links":"[\"https:\/\/tickets.oneboxtds.com\/lavillarroel\/events\/48143?hl=ca-ES\"]","group_buy_link":"","show_language":"Espectacle en catal\u00e0","show_duration":"75","show_start_date":"20251104000000","show_end_date":"20251104000000","show_sort_date":"20251104000000","txt_custom_show_dates":"el 4 de novembre de 2025 ","show_disciplines":"11","show_ultimes_funcions":false,"hide_tarifes_especials":false,"show_properament":false,"txt_additional_info":"Recomanat a partir de 14 anys.","txt_present":"","show_season":[101],"txt_season":"[\"2025\/26\"]","txt_cycle":"RBLS","txt_claim":"Un retrat de Carmen Polo a partir de l\u2019est\u00e8tica de la m\u00edtica revista \u00a1HOLA!. ","txt_cast_excerpt":"","txt_cast":"<p>Creaci\u00f3: <strong>Hermanas Picohueso <br \/><\/strong>Direcci\u00f3 i dramat\u00fargia:<strong> Lluki Portas<\/strong> <br \/>&nbsp;<br \/>Int\u00e8rprets: <br \/><strong>Josep Orfila<\/strong>- Carmen Polo <br \/><strong>Lluki Portas<\/strong>- Franco <\/p>\r\n<p>Escenografia i vestuari: <strong>Josep Orfila<\/strong><br \/>Il\u00b7luminaci\u00f3:&nbsp; <strong>Gal\u00b7la Peire Camps<\/strong><br \/>Espai sonor : <strong>Mon Joan Tiquat<\/strong> <br \/>V\u00eddeo creaci\u00f3 : <strong>Marc Homar<\/strong> <br \/>Caracteritzaci\u00f3: <strong>Josep Orfila<\/strong><\/p>\r\n<p>Direcci\u00f3 de producci\u00f3: <strong>Gal\u00b7la Peire<\/strong> <br \/>Producci\u00f3 executiva: <strong>Aina Juanet<\/strong><br \/>Direcci\u00f3 i coordinaci\u00f3 t\u00e8cnica: <strong>Marc Homar<\/strong><br \/>&nbsp;<br \/>Assessoria de dramat\u00fargia: <strong>Catalina Florit i Andr\u00e9s Lima<\/strong><br \/>T\u00e8cnic de llums i de so: <strong>Marc Homar<br \/><\/strong>Cap t\u00e8cnica del teatre:&nbsp; <strong>Marta P\u00e9rez<\/strong> <br \/>&nbsp; <br \/>Confecci\u00f3 del vestuari: <strong>Ant\u00f2nia Camia<\/strong><\/p>\r\n<p>Alumnes en pr\u00e0ctiques: <strong>Marina Salas Burguer<\/strong><br \/>&nbsp;<br \/>M\u00e0rqueting i comunicaci\u00f3:<strong> Cinti a de Luis i Gypsy Nel\u00b7lo<\/strong>&nbsp; <br \/>M\u00e0rqueting i comunicaci\u00f3 del teatre:<strong> La Villarroel<\/strong><br \/>Reportatge fotogr\u00e0fic: <strong>Joan Porcel<\/strong> <br \/>Disseny gr\u00e0fic: <strong>Diego Ingold<\/strong>&nbsp;<br \/>&nbsp;<br \/>Col\u00b7laboradors: <strong>La Nau Ivanow, el Teatre Principal d\u2019Inca, el Teatre Sa Societat de Calvia\u0300, el Teatre d\u2019Arta\u0300 i l'Espai el TUB.<\/strong><\/p>\r\n<p>Agra\u00efments: <strong>Neus Tur, Neus Sunyer, Eudalt Daltabuit, Miquel Ramos, Jaume Nieto, Margalida Miguel-G\u00f3mara, Currusca Collado, Lu\u00eds Bar\u00f3, Kake Portas, Adela Torras Morel, Tiago Rama, Cristina Barald\u00e9s, \u00c0ngels Queralt, Luc\u00eda S\u00e1nchez, Cristina Bugallo, F\u00e0tima Riera, Toni Gomila, Carme Amengual, Catalina Caldentey, Miquel \u00c0ngel Ray\u00f3 i Rafel Fiol.<\/strong><\/p>\r\n<p>Amb el suport del <strong>Consell de Mallorca i el Departament de Cultura de la Generalitat de Catalunya.<\/strong><br \/>&nbsp;<br \/>Distribuci\u00f3:<strong> Cinti a de Luis i Gypsy Nel\u00b7lo&nbsp; <\/strong><br \/>&nbsp;<br \/>\u00c9s una coproducci\u00f3 de <strong>Hermanas Picohueso amb el Teatre Principal de Palma <br \/><\/strong>&nbsp;<br \/><\/p>","txt_reviews":"Judit Mart\u00ednez Gili|Crit Cultural|\u201cL\u2019espectacle est\u00e0 farcit de propostes molt agudes i dispositius divertid\u00edssims que requereixen una complexitat t\u00e8cnica admirable\u201d\r\nGuillermo Mart\u00ednez|P\u00fablico|\u201cUn relat just i mesurat que no enterboleix la t\u00f2nica humor\u00edstica que s\u2019eleva al llarg de l\u2019obra.\u201d\r\nMart\u00ed Figueras|N\u00favol|\u201cExplica el nostre passat amb humor negre sense deixar d\u2019intercalar la veritat hist\u00f2rica, la den\u00fancia directa.\u201d","hashtag":"DamaDictadura","have_promo":"","slogan":"","id_exhibicio":2337,"id_versio":1826,"id_local":4,"txt_seo_desc":"","data_images":"[{\"localizer\":\"V4PORTADAWIDE\",\"url\":\"media\/ver\/port\/wide\/v4\/3170D\/01_091_00059244\/PORTADA_0_DamaDictadu.jpg\",\"thumb_url\":\"\",\"title\":\"Dama dictadura - La Villarroel\",\"description\":\"dama dictadura a la villarroel\",\"copyright\":\"\",\"order\":1},{\"localizer\":\"V4PORTADA\",\"url\":\"media\/ver\/port\/v4\/3170D\/01_090_00059245\/PORTADA_1_DamaDictadu.jpg\",\"thumb_url\":\"\",\"title\":\"Dama dictadura - La Villarroel\",\"description\":\"dama dictadura a la villarroel\",\"copyright\":\"\",\"order\":2},{\"localizer\":\"V4PORTADAWIDEMOBILE\",\"url\":\"media\/ver\/port\/wide\/mobile\/v4\/3170D\/01_092_00059246\/PORTADA_MOBILE_DamaDictadu.jpg\",\"thumb_url\":\"\",\"title\":\"Dama dictadura - La Villarroel\",\"description\":\"dama dictadura a la villarroel\",\"copyright\":\"\",\"order\":3},{\"localizer\":\"V4CARTELL\",\"url\":\"media\/ver\/cartell\/v4\/3170D\/01_089_00059247\/CARTELL_WEB_DamaDictadu.jpg\",\"thumb_url\":\"\",\"title\":\"Dama dictadura - La Villarroel\",\"description\":\"dama dictadura a la villarroel\",\"copyright\":\"\",\"order\":4},{\"localizer\":\"V3SLIDE\",\"url\":\"media\/ftgalslide\/v3\/3170D\/01_086_00059248\/Disseny_sense_titol_(38).jpg\",\"thumb_url\":\"media\/ftgalslide\/v3\/3170D\/01_086_00059248\/Disseny_sense_titol_(38)_thumb.jpg\",\"title\":\"Dama dictadura - La Villarroel\",\"description\":\"dama dictadura a la villarroel\",\"copyright\":\"\",\"order\":5},{\"localizer\":\"V3SLIDE\",\"url\":\"media\/ftgalslide\/v3\/3170D\/01_086_00059249\/Disseny_sense_titol_(40).jpg\",\"thumb_url\":\"media\/ftgalslide\/v3\/3170D\/01_086_00059249\/Disseny_sense_titol_(40)_thumb.jpg\",\"title\":\"Dama dictadura - La Villarroel\",\"description\":\"dama dictadura a la villarroel\",\"copyright\":\"\",\"order\":6},{\"localizer\":\"V3SLIDE\",\"url\":\"media\/ftgalslide\/v3\/3170D\/01_086_00059250\/Disseny_sense_titol_(39).jpg\",\"thumb_url\":\"media\/ftgalslide\/v3\/3170D\/01_086_00059250\/Disseny_sense_titol_(39)_thumb.jpg\",\"title\":\"Dama dictadura - La Villarroel\",\"description\":\"dama dictadura a la villarroel\",\"copyright\":\"\",\"order\":7}]","material__texto_intro":"","data_material":null,"data_gallery":"","data_discounts":"[]","contract_is_open":false,"in_tour":false},"yoast_head":"<!-- This site is optimized with the Yoast SEO plugin v27.5 - https:\/\/yoast.com\/product\/yoast-seo-wordpress\/ -->\n<title>Dama dictadura - La Villarroel<\/title>\n<meta name=\"robots\" content=\"index, follow, max-snippet:-1, max-image-preview:large, max-video-preview:-1\" \/>\n<link rel=\"canonical\" href=\"https:\/\/www.lavillarroel.cat\/ca\/ex\/dama-dictadura\/\" \/>\n<script type=\"application\/ld+json\" class=\"yoast-schema-graph\">{\"@context\":\"https:\\\/\\\/schema.org\",\"@graph\":[{\"@type\":\"WebPage\",\"@id\":\"https:\\\/\\\/www.lavillarroel.cat\\\/ca\\\/ex\\\/dama-dictadura\\\/\",\"url\":\"https:\\\/\\\/www.lavillarroel.cat\\\/ca\\\/ex\\\/dama-dictadura\\\/\",\"name\":\"Dama dictadura - La Villarroel\",\"isPartOf\":{\"@id\":\"https:\\\/\\\/www.lavillarroel.cat\\\/ca\\\/#website\"},\"datePublished\":\"2025-09-08T15:42:01+00:00\",\"dateModified\":\"2025-10-14T09:12:25+00:00\",\"breadcrumb\":{\"@id\":\"https:\\\/\\\/www.lavillarroel.cat\\\/ca\\\/ex\\\/dama-dictadura\\\/#breadcrumb\"},\"inLanguage\":\"ca\",\"potentialAction\":[{\"@type\":\"ReadAction\",\"target\":[\"https:\\\/\\\/www.lavillarroel.cat\\\/ca\\\/ex\\\/dama-dictadura\\\/\"]}]},{\"@type\":\"BreadcrumbList\",\"@id\":\"https:\\\/\\\/www.lavillarroel.cat\\\/ca\\\/ex\\\/dama-dictadura\\\/#breadcrumb\",\"itemListElement\":[{\"@type\":\"ListItem\",\"position\":1,\"name\":\"Inici\",\"item\":\"https:\\\/\\\/www.lavillarroel.cat\\\/ca\\\/\"},{\"@type\":\"ListItem\",\"position\":2,\"name\":\"Espectacles\",\"item\":\"https:\\\/\\\/www.lavillarroel.cat\\\/ca\\\/ex\\\/\"},{\"@type\":\"ListItem\",\"position\":3,\"name\":\"Dama dictadura\"}]},{\"@type\":\"WebSite\",\"@id\":\"https:\\\/\\\/www.lavillarroel.cat\\\/ca\\\/#website\",\"url\":\"https:\\\/\\\/www.lavillarroel.cat\\\/ca\\\/\",\"name\":\"La Villarroel\",\"description\":\"\",\"publisher\":{\"@id\":\"https:\\\/\\\/www.lavillarroel.cat\\\/ca\\\/#organization\"},\"potentialAction\":[{\"@type\":\"SearchAction\",\"target\":{\"@type\":\"EntryPoint\",\"urlTemplate\":\"https:\\\/\\\/www.lavillarroel.cat\\\/ca\\\/?s={search_term_string}\"},\"query-input\":{\"@type\":\"PropertyValueSpecification\",\"valueRequired\":true,\"valueName\":\"search_term_string\"}}],\"inLanguage\":\"ca\"},{\"@type\":\"Organization\",\"@id\":\"https:\\\/\\\/www.lavillarroel.cat\\\/ca\\\/#organization\",\"name\":\"La Villarroel\",\"url\":\"https:\\\/\\\/www.lavillarroel.cat\\\/ca\\\/\",\"logo\":{\"@type\":\"ImageObject\",\"inLanguage\":\"ca\",\"@id\":\"https:\\\/\\\/www.lavillarroel.cat\\\/ca\\\/#\\\/schema\\\/logo\\\/image\\\/\",\"url\":\"https:\\\/\\\/www.lavillarroel.cat\\\/wp-content\\\/uploads\\\/sites\\\/5\\\/2017\\\/09\\\/teatre-villaroel-logo.svg\",\"contentUrl\":\"https:\\\/\\\/www.lavillarroel.cat\\\/wp-content\\\/uploads\\\/sites\\\/5\\\/2017\\\/09\\\/teatre-villaroel-logo.svg\",\"width\":1,\"height\":1,\"caption\":\"La Villarroel\"},\"image\":{\"@id\":\"https:\\\/\\\/www.lavillarroel.cat\\\/ca\\\/#\\\/schema\\\/logo\\\/image\\\/\"},\"sameAs\":[\"http:\\\/\\\/www.facebook.com\\\/TeatreVillarroel\",\"https:\\\/\\\/x.com\\\/la_villarroel\",\"http:\\\/\\\/instagram.com\\\/la_villarroel\",\"http:\\\/\\\/www.youtube.com\\\/user\\\/LaVillarroel#p\\\/u\"]}]}<\/script>\n<!-- \/ Yoast SEO plugin. -->","yoast_head_json":{"title":"Dama dictadura - La Villarroel","robots":{"index":"index","follow":"follow","max-snippet":"max-snippet:-1","max-image-preview":"max-image-preview:large","max-video-preview":"max-video-preview:-1"},"canonical":"https:\/\/www.lavillarroel.cat\/ca\/ex\/dama-dictadura\/","schema":{"@context":"https:\/\/schema.org","@graph":[{"@type":"WebPage","@id":"https:\/\/www.lavillarroel.cat\/ca\/ex\/dama-dictadura\/","url":"https:\/\/www.lavillarroel.cat\/ca\/ex\/dama-dictadura\/","name":"Dama dictadura - La Villarroel","isPartOf":{"@id":"https:\/\/www.lavillarroel.cat\/ca\/#website"},"datePublished":"2025-09-08T15:42:01+00:00","dateModified":"2025-10-14T09:12:25+00:00","breadcrumb":{"@id":"https:\/\/www.lavillarroel.cat\/ca\/ex\/dama-dictadura\/#breadcrumb"},"inLanguage":"ca","potentialAction":[{"@type":"ReadAction","target":["https:\/\/www.lavillarroel.cat\/ca\/ex\/dama-dictadura\/"]}]},{"@type":"BreadcrumbList","@id":"https:\/\/www.lavillarroel.cat\/ca\/ex\/dama-dictadura\/#breadcrumb","itemListElement":[{"@type":"ListItem","position":1,"name":"Inici","item":"https:\/\/www.lavillarroel.cat\/ca\/"},{"@type":"ListItem","position":2,"name":"Espectacles","item":"https:\/\/www.lavillarroel.cat\/ca\/ex\/"},{"@type":"ListItem","position":3,"name":"Dama dictadura"}]},{"@type":"WebSite","@id":"https:\/\/www.lavillarroel.cat\/ca\/#website","url":"https:\/\/www.lavillarroel.cat\/ca\/","name":"La Villarroel","description":"","publisher":{"@id":"https:\/\/www.lavillarroel.cat\/ca\/#organization"},"potentialAction":[{"@type":"SearchAction","target":{"@type":"EntryPoint","urlTemplate":"https:\/\/www.lavillarroel.cat\/ca\/?s={search_term_string}"},"query-input":{"@type":"PropertyValueSpecification","valueRequired":true,"valueName":"search_term_string"}}],"inLanguage":"ca"},{"@type":"Organization","@id":"https:\/\/www.lavillarroel.cat\/ca\/#organization","name":"La Villarroel","url":"https:\/\/www.lavillarroel.cat\/ca\/","logo":{"@type":"ImageObject","inLanguage":"ca","@id":"https:\/\/www.lavillarroel.cat\/ca\/#\/schema\/logo\/image\/","url":"https:\/\/www.lavillarroel.cat\/wp-content\/uploads\/sites\/5\/2017\/09\/teatre-villaroel-logo.svg","contentUrl":"https:\/\/www.lavillarroel.cat\/wp-content\/uploads\/sites\/5\/2017\/09\/teatre-villaroel-logo.svg","width":1,"height":1,"caption":"La Villarroel"},"image":{"@id":"https:\/\/www.lavillarroel.cat\/ca\/#\/schema\/logo\/image\/"},"sameAs":["http:\/\/www.facebook.com\/TeatreVillarroel","https:\/\/x.com\/la_villarroel","http:\/\/instagram.com\/la_villarroel","http:\/\/www.youtube.com\/user\/LaVillarroel#p\/u"]}]}},"translations":[{"id":4196,"locale":"ca"},{"id":4197,"locale":"es"}],"_links":{"self":[{"href":"https:\/\/www.lavillarroel.cat\/ca\/wp-json\/wp\/v2\/ex\/4196","targetHints":{"allow":["GET"]}}],"collection":[{"href":"https:\/\/www.lavillarroel.cat\/ca\/wp-json\/wp\/v2\/ex"}],"about":[{"href":"https:\/\/www.lavillarroel.cat\/ca\/wp-json\/wp\/v2\/types\/ex"}],"author":[{"embeddable":true,"href":"https:\/\/www.lavillarroel.cat\/ca\/wp-json\/wp\/v2\/users\/2"}],"replies":[{"embeddable":true,"href":"https:\/\/www.lavillarroel.cat\/ca\/wp-json\/wp\/v2\/comments?post=4196"}],"acf:term":[{"embeddable":true,"taxonomy":"season","href":"https:\/\/www.lavillarroel.cat\/ca\/wp-json\/wp\/v2\/season\/101"}],"wp:attachment":[{"href":"https:\/\/www.lavillarroel.cat\/ca\/wp-json\/wp\/v2\/media?parent=4196"}],"curies":[{"name":"wp","href":"https:\/\/api.w.org\/{rel}","templated":true}]}}