{"id":4202,"date":"2025-09-18T15:33:54","date_gmt":"2025-09-18T13:33:54","guid":{"rendered":"https:\/\/www.lavillarroel.cat\/ex\/les-coses-excepcionals\/"},"modified":"2025-11-25T09:41:35","modified_gmt":"2025-11-25T08:41:35","slug":"les-coses-excepcionals","status":"publish","type":"ex","link":"https:\/\/www.lavillarroel.cat\/ca\/ex\/les-coses-excepcionals\/","title":{"rendered":"Les coses excepcionals"},"content":{"rendered":"","protected":false},"excerpt":{"rendered":"","protected":false},"author":2,"featured_media":0,"comment_status":"closed","ping_status":"closed","template":"","class_list":["post-4202","ex","type-ex","status-publish","hentry","season-2025-26"],"acf":{"txt_synopsis":"<p><strong>Una com\u00e8dia lluminosa sobre les crisis personals.<\/strong> <\/p>\r\n<p>Tens sis anys. La mare \u00e9s a l\u2019hospital. El pare diu que ha fet \u201calguna cosa est\u00fapida.\u201d Li costa ser feli\u00e7.<br \/>Aix\u00ed que comences a fer una llista de les coses excepcionals d\u2019aquest m\u00f3n. Cadascuna de les coses que fan que la vida valgui la pena.<br \/>1- El gelat<br \/>2- Les pel\u00b7lis de Kung-Fu<br \/>3- Cremar coses<br \/>4- Riure tan fort que et surti llet pel nas.<br \/>5- Les grues de les obres<br \/>6- Jo<br \/>La deixes al seu coix\u00ed. Saps que l\u2019ha llegit perqu\u00e8 t\u2019ha corregit l\u2019ortografia. La llista&nbsp; no triga en tenir vida propia.<br \/>Les Coses Exepcionals \u00e9s una com\u00e8dia sobre la depressi\u00f3 i sobre all\u00f2 que estem disposats a fer per aquells que estimem.<br \/>Tradu\u00efda al catal\u00e0 com \u2018Les Coses Excepcionals\u2019, \u2018Every Brilliant Thing\u2019 es va estrenar al Fringe Festival de Ludlow l\u2019any 2013, d\u2019en\u00e7\u00e0 ha girat pel Regne Unit, Edimburg, Nova York, Austr\u00e0lia (al Perth International Festival i a Melbourne, Wellington, Nova Zelanda i Carolina del sud)<br \/>Lyn Gardner va descriure l\u2019espectacle com \u201cuna de les obres m\u00e9s divertides que veureu mai sobre la depressi\u00f3\u201d a la cr\u00edtica que va fer per a The Guardian.<br \/>(*) L\u2019espectacle requereix la participaci\u00f3 del p\u00fablic <\/p>","main_buy_link":"","main_buy_links":"","group_buy_link":"","show_language":"Espectacle en catal\u00e0","show_duration":"70","show_start_date":"20251109000000","show_end_date":"20251109000000","show_sort_date":"20251109000000","txt_custom_show_dates":"el 9 de novembre de 2025 ","show_disciplines":"11","show_ultimes_funcions":false,"hide_tarifes_especials":false,"show_properament":false,"txt_additional_info":"","txt_present":"","show_season":[101],"txt_season":"[\"2025\/26\"]","txt_cycle":"RBLS","txt_claim":"Una comedia luminosa sobre las crisis personales. <br \/>","txt_cast_excerpt":"","txt_cast":"<p>T\u00edtol Original: <strong>Every Brilliant Thing<br \/><\/strong>Autoria: <strong>Duncan Macmillan<\/strong> <br \/>Traducci\u00f3: <strong>Adriana Nadal <\/strong><br \/>Direcci\u00f3: <strong>Sixto Paz Produccions<\/strong> <br \/><br \/>Int\u00e8rpret: <strong>Pau Roca<\/strong> <br \/>&nbsp;<br \/>Escenografia: <strong>Paula Bosch<\/strong> <br \/>Il\u00b7luminaci\u00f3:&nbsp; <strong>Ignasi Bosch\/Guillem Gelabert <br \/><\/strong>&nbsp;<br \/>Producci\u00f3:&nbsp; <strong>Adriana Nadal i Pol Cornudella<\/strong> <\/p>\r\n<p>Cap t\u00e8cnica del teatre: <strong>Marta P\u00e9rez<\/strong> <br \/>&nbsp;<br \/>M\u00e0rqueting i comunicaci\u00f3: <strong>La Villarroel<\/strong> <br \/>Xarxes: <strong>Eladi Bonastre <br \/><\/strong>Disseny imatge: <strong>Kiku Pi\u00f1ol <\/strong><br \/>Disseny gr\u00e0fic: <strong>Edu Buch<\/strong>&nbsp;<br \/>&nbsp;<br \/>Distribuci\u00f3: <strong>Anita L\u00fcscher&nbsp; (<\/strong><a href=\"mailto:aluscher@mediterraneagira.com\"><strong>aluscher@mediterraneagira.com<\/strong><\/a><strong>)<\/strong> <br \/>&nbsp;<br \/>\u00c9s una producci\u00f3 de <strong>Sixto Paz Produccions<\/strong> <br \/><\/p>","txt_reviews":"Andreu Gomila|TIME OUT|\"Excepcional.|\r\nMarcos Ord\u00f3\u00f1ez|EL PA\u00cdS|\"Comedia brillante y optimista... Funci\u00f3n con el coraz\u00f3n en la mano que atrapa.\"\r\nAida Pallar\u00e9s|EL PERI\u00d3DICO|\"Una experi\u00e8ncia col\u00b7lectiva y transformadora.\"","hashtag":"LesCosesExcepcionals","have_promo":"","slogan":"","id_exhibicio":2340,"id_versio":1776,"id_local":4,"txt_seo_desc":"","data_images":"[{\"localizer\":\"V3CARTELL\",\"url\":\"media\/ver\/cartell\/v3\/31708\/01_085_00058803\/Cartell_722_x_1030px_(1).jpg\",\"thumb_url\":\"media\/ver\/cartell\/v3\/31708\/01_085_00058803\/Cartell_722_x_1030px_(1)_thumb.jpg\",\"title\":\"Les coses expecionals - Mediterranea\",\"description\":\"les coses exepcions mediterrabea\",\"copyright\":\"\",\"order\":5},{\"localizer\":\"V4PORTADAWIDE\",\"url\":\"media\/ver\/port\/wide\/v4\/3170D\/01_091_00059263\/1-Portada_0_2880x1260.jpg\",\"thumb_url\":\"\",\"title\":\"Les coses excepcionals - La Villarroel\",\"description\":\"les coses excepcionals a la villarroel\",\"copyright\":\"\",\"order\":7},{\"localizer\":\"V4PORTADAWIDEMOBILE\",\"url\":\"media\/ver\/port\/wide\/mobile\/v4\/3170D\/01_092_00059264\/3-Portada_Mobile_828x1800.jpg\",\"thumb_url\":\"\",\"title\":\"Les coses excepcionals - La Villarroel\",\"description\":\"les coses excepcionals a la villarroel\",\"copyright\":\"\",\"order\":8},{\"localizer\":\"V4PORTADA\",\"url\":\"media\/ver\/port\/v4\/3170D\/01_090_00059265\/2-Portada_1_760x760.jpg\",\"thumb_url\":\"\",\"title\":\"Les coses excepcionals - La Villarroel\",\"description\":\"les coses excepcionals a la villarroel\",\"copyright\":\"\",\"order\":9},{\"localizer\":\"V3CARTELL\",\"url\":\"media\/ver\/cartell\/v3\/3170E\/01_085_00059329\/MEDITERRANEA_CARTELLS.png\",\"thumb_url\":\"media\/ver\/cartell\/v3\/3170E\/01_085_00059329\/MEDITERRANEA_CARTELLS_thumb.jpg\",\"title\":\"Les coses excepcionals - Mediterranea\",\"description\":\"les coses excepcionals mediterranea\",\"copyright\":\"\",\"order\":10},{\"localizer\":\"V3SLIDEDISTRI\",\"url\":\"media\/ftgalslide\/v3\/3170E\/01_086_00059330\/MEDITERRANEA_FOTO_HORITZONTAL.png\",\"thumb_url\":\"media\/ftgalslide\/v3\/3170E\/01_086_00059330\/MEDITERRANEA_FOTO_HORITZONTAL_thumb.jpg\",\"title\":\"Les coses excepcionals - Mediterranea\",\"description\":\"les coses excepcionals mediterranea\",\"copyright\":\"\",\"order\":11}]","material__texto_intro":"","data_material":null,"data_gallery":"","data_discounts":"[]","contract_is_open":true,"in_tour":false},"yoast_head":"<!-- This site is optimized with the Yoast SEO plugin v27.5 - https:\/\/yoast.com\/product\/yoast-seo-wordpress\/ -->\n<title>Les coses excepcionals - La Villarroel<\/title>\n<meta name=\"robots\" content=\"index, follow, max-snippet:-1, max-image-preview:large, max-video-preview:-1\" \/>\n<link rel=\"canonical\" href=\"https:\/\/www.lavillarroel.cat\/ca\/ex\/les-coses-excepcionals\/\" \/>\n<script type=\"application\/ld+json\" class=\"yoast-schema-graph\">{\"@context\":\"https:\\\/\\\/schema.org\",\"@graph\":[{\"@type\":\"WebPage\",\"@id\":\"https:\\\/\\\/www.lavillarroel.cat\\\/ca\\\/ex\\\/les-coses-excepcionals\\\/\",\"url\":\"https:\\\/\\\/www.lavillarroel.cat\\\/ca\\\/ex\\\/les-coses-excepcionals\\\/\",\"name\":\"Les coses excepcionals - La Villarroel\",\"isPartOf\":{\"@id\":\"https:\\\/\\\/www.lavillarroel.cat\\\/ca\\\/#website\"},\"datePublished\":\"2025-09-18T13:33:54+00:00\",\"dateModified\":\"2025-11-25T08:41:35+00:00\",\"breadcrumb\":{\"@id\":\"https:\\\/\\\/www.lavillarroel.cat\\\/ca\\\/ex\\\/les-coses-excepcionals\\\/#breadcrumb\"},\"inLanguage\":\"ca\",\"potentialAction\":[{\"@type\":\"ReadAction\",\"target\":[\"https:\\\/\\\/www.lavillarroel.cat\\\/ca\\\/ex\\\/les-coses-excepcionals\\\/\"]}]},{\"@type\":\"BreadcrumbList\",\"@id\":\"https:\\\/\\\/www.lavillarroel.cat\\\/ca\\\/ex\\\/les-coses-excepcionals\\\/#breadcrumb\",\"itemListElement\":[{\"@type\":\"ListItem\",\"position\":1,\"name\":\"Inici\",\"item\":\"https:\\\/\\\/www.lavillarroel.cat\\\/ca\\\/\"},{\"@type\":\"ListItem\",\"position\":2,\"name\":\"Espectacles\",\"item\":\"https:\\\/\\\/www.lavillarroel.cat\\\/ca\\\/ex\\\/\"},{\"@type\":\"ListItem\",\"position\":3,\"name\":\"Les coses excepcionals\"}]},{\"@type\":\"WebSite\",\"@id\":\"https:\\\/\\\/www.lavillarroel.cat\\\/ca\\\/#website\",\"url\":\"https:\\\/\\\/www.lavillarroel.cat\\\/ca\\\/\",\"name\":\"La Villarroel\",\"description\":\"\",\"publisher\":{\"@id\":\"https:\\\/\\\/www.lavillarroel.cat\\\/ca\\\/#organization\"},\"potentialAction\":[{\"@type\":\"SearchAction\",\"target\":{\"@type\":\"EntryPoint\",\"urlTemplate\":\"https:\\\/\\\/www.lavillarroel.cat\\\/ca\\\/?s={search_term_string}\"},\"query-input\":{\"@type\":\"PropertyValueSpecification\",\"valueRequired\":true,\"valueName\":\"search_term_string\"}}],\"inLanguage\":\"ca\"},{\"@type\":\"Organization\",\"@id\":\"https:\\\/\\\/www.lavillarroel.cat\\\/ca\\\/#organization\",\"name\":\"La Villarroel\",\"url\":\"https:\\\/\\\/www.lavillarroel.cat\\\/ca\\\/\",\"logo\":{\"@type\":\"ImageObject\",\"inLanguage\":\"ca\",\"@id\":\"https:\\\/\\\/www.lavillarroel.cat\\\/ca\\\/#\\\/schema\\\/logo\\\/image\\\/\",\"url\":\"https:\\\/\\\/www.lavillarroel.cat\\\/wp-content\\\/uploads\\\/sites\\\/5\\\/2017\\\/09\\\/teatre-villaroel-logo.svg\",\"contentUrl\":\"https:\\\/\\\/www.lavillarroel.cat\\\/wp-content\\\/uploads\\\/sites\\\/5\\\/2017\\\/09\\\/teatre-villaroel-logo.svg\",\"width\":1,\"height\":1,\"caption\":\"La Villarroel\"},\"image\":{\"@id\":\"https:\\\/\\\/www.lavillarroel.cat\\\/ca\\\/#\\\/schema\\\/logo\\\/image\\\/\"},\"sameAs\":[\"http:\\\/\\\/www.facebook.com\\\/TeatreVillarroel\",\"https:\\\/\\\/x.com\\\/la_villarroel\",\"http:\\\/\\\/instagram.com\\\/la_villarroel\",\"http:\\\/\\\/www.youtube.com\\\/user\\\/LaVillarroel#p\\\/u\"]}]}<\/script>\n<!-- \/ Yoast SEO plugin. -->","yoast_head_json":{"title":"Les coses excepcionals - La Villarroel","robots":{"index":"index","follow":"follow","max-snippet":"max-snippet:-1","max-image-preview":"max-image-preview:large","max-video-preview":"max-video-preview:-1"},"canonical":"https:\/\/www.lavillarroel.cat\/ca\/ex\/les-coses-excepcionals\/","schema":{"@context":"https:\/\/schema.org","@graph":[{"@type":"WebPage","@id":"https:\/\/www.lavillarroel.cat\/ca\/ex\/les-coses-excepcionals\/","url":"https:\/\/www.lavillarroel.cat\/ca\/ex\/les-coses-excepcionals\/","name":"Les coses excepcionals - La Villarroel","isPartOf":{"@id":"https:\/\/www.lavillarroel.cat\/ca\/#website"},"datePublished":"2025-09-18T13:33:54+00:00","dateModified":"2025-11-25T08:41:35+00:00","breadcrumb":{"@id":"https:\/\/www.lavillarroel.cat\/ca\/ex\/les-coses-excepcionals\/#breadcrumb"},"inLanguage":"ca","potentialAction":[{"@type":"ReadAction","target":["https:\/\/www.lavillarroel.cat\/ca\/ex\/les-coses-excepcionals\/"]}]},{"@type":"BreadcrumbList","@id":"https:\/\/www.lavillarroel.cat\/ca\/ex\/les-coses-excepcionals\/#breadcrumb","itemListElement":[{"@type":"ListItem","position":1,"name":"Inici","item":"https:\/\/www.lavillarroel.cat\/ca\/"},{"@type":"ListItem","position":2,"name":"Espectacles","item":"https:\/\/www.lavillarroel.cat\/ca\/ex\/"},{"@type":"ListItem","position":3,"name":"Les coses excepcionals"}]},{"@type":"WebSite","@id":"https:\/\/www.lavillarroel.cat\/ca\/#website","url":"https:\/\/www.lavillarroel.cat\/ca\/","name":"La Villarroel","description":"","publisher":{"@id":"https:\/\/www.lavillarroel.cat\/ca\/#organization"},"potentialAction":[{"@type":"SearchAction","target":{"@type":"EntryPoint","urlTemplate":"https:\/\/www.lavillarroel.cat\/ca\/?s={search_term_string}"},"query-input":{"@type":"PropertyValueSpecification","valueRequired":true,"valueName":"search_term_string"}}],"inLanguage":"ca"},{"@type":"Organization","@id":"https:\/\/www.lavillarroel.cat\/ca\/#organization","name":"La Villarroel","url":"https:\/\/www.lavillarroel.cat\/ca\/","logo":{"@type":"ImageObject","inLanguage":"ca","@id":"https:\/\/www.lavillarroel.cat\/ca\/#\/schema\/logo\/image\/","url":"https:\/\/www.lavillarroel.cat\/wp-content\/uploads\/sites\/5\/2017\/09\/teatre-villaroel-logo.svg","contentUrl":"https:\/\/www.lavillarroel.cat\/wp-content\/uploads\/sites\/5\/2017\/09\/teatre-villaroel-logo.svg","width":1,"height":1,"caption":"La Villarroel"},"image":{"@id":"https:\/\/www.lavillarroel.cat\/ca\/#\/schema\/logo\/image\/"},"sameAs":["http:\/\/www.facebook.com\/TeatreVillarroel","https:\/\/x.com\/la_villarroel","http:\/\/instagram.com\/la_villarroel","http:\/\/www.youtube.com\/user\/LaVillarroel#p\/u"]}]}},"translations":[{"id":4202,"locale":"ca"},{"id":4203,"locale":"es"}],"_links":{"self":[{"href":"https:\/\/www.lavillarroel.cat\/ca\/wp-json\/wp\/v2\/ex\/4202","targetHints":{"allow":["GET"]}}],"collection":[{"href":"https:\/\/www.lavillarroel.cat\/ca\/wp-json\/wp\/v2\/ex"}],"about":[{"href":"https:\/\/www.lavillarroel.cat\/ca\/wp-json\/wp\/v2\/types\/ex"}],"author":[{"embeddable":true,"href":"https:\/\/www.lavillarroel.cat\/ca\/wp-json\/wp\/v2\/users\/2"}],"replies":[{"embeddable":true,"href":"https:\/\/www.lavillarroel.cat\/ca\/wp-json\/wp\/v2\/comments?post=4202"}],"acf:term":[{"embeddable":true,"taxonomy":"season","href":"https:\/\/www.lavillarroel.cat\/ca\/wp-json\/wp\/v2\/season\/101"}],"wp:attachment":[{"href":"https:\/\/www.lavillarroel.cat\/ca\/wp-json\/wp\/v2\/media?parent=4202"}],"curies":[{"name":"wp","href":"https:\/\/api.w.org\/{rel}","templated":true}]}}