{"id":4440,"date":"2026-09-03T16:11:51","date_gmt":"2026-09-03T14:11:51","guid":{"rendered":"https:\/\/www.lavillarroel.cat\/ex\/you-say-tomato\/"},"modified":"2026-09-03T17:28:50","modified_gmt":"2026-09-03T15:28:50","slug":"you-say-tomato","status":"publish","type":"ex","link":"https:\/\/www.lavillarroel.cat\/ca\/ex\/you-say-tomato\/","title":{"rendered":"You say tomato"},"content":{"rendered":"","protected":false},"excerpt":{"rendered":"","protected":false},"author":2,"featured_media":0,"comment_status":"closed","ping_status":"closed","template":"","class_list":["post-4440","ex","type-ex","status-publish","hentry","season-2026-27"],"acf":{"txt_synopsis":"<p><strong>Una com\u00e8dia sobre els somnis no complerts i la banda sonora de les nostres vides  <\/strong> <\/p><p class=\"ql-align-justify\" align=\"justify\">Ros\u00f3 i Santi, una parella que fa 15 anys que comparteix vida i projecte musical, arriben als 37 anys q\u00fcestionant-se el sentit de tot el que han sacrificat per un somni que mai no s&#39;ha fet realitat. Despr\u00e9s d&#39;anys de ren\u00fancies i esfor\u00e7os, es plantegen deixar-ho amb un \u00faltim concert. Per\u00f2... deixar la m\u00fasica o deixar la relaci\u00f3?  <br><\/p>","main_buy_link":"https:\/\/tickets.oneboxtds.com\/lavillarroel\/events\/58919?hl=ca-ES  ","main_buy_links":"[\"https:\/\/tickets.oneboxtds.com\/lavillarroel\/events\/58919?hl=ca-ES  \"]","group_buy_link":" https:\/\/www.promentrada.com\/ca\/programacio\/c\/2159-you-say-tomato-grups.html","show_language":"Espectacle en catal\u00e0  ","show_duration":"70","show_start_date":"20270220000000","show_end_date":"20270313000000","show_sort_date":"20270220000000","txt_custom_show_dates":"","show_disciplines":"7","show_ultimes_funcions":false,"hide_tarifes_especials":false,"show_properament":false,"txt_additional_info":"<p>Recomanat per <strong>a totes les edats<\/strong> <\/p>","txt_present":"","show_season":[105],"txt_season":"[\"2026\/27\"]","txt_cycle":"","txt_claim":"I si ara, simplement, ho deix\u00e9ssim estar? Hem travessat el pa\u00eds en cotxe innumerables vegades, hem actuat en locals ru\u00efnosos, hem mantingut llargues i pesades converses amb empresaris indesitjables i ens hem deixat la pell en cada concert; hem renunciat a amics, a aficions i a estones d'oci, hem regalat les nostres vacances, les nostres hores de son, hem deixat de viatjar; ho hem donat literalment tot per aconseguir el nostre somni. Per\u00f2 avui tenim 40 anys i a poc a poc comencem a donar-nos compte de que la vida que hav\u00edem somiat no t\u00e9 res a veure amb aquesta. Llavors, per qu\u00e8 no ho deixem aqu\u00ed? Simplement. Per qu\u00e8 no ens acomiadem amb un \u00faltim gran concert i ho deixem aqu\u00ed?","txt_cast_excerpt":"","txt_cast":"<p>Autoria: <strong>Joan Yago<\/strong>  <\/p><p> <\/p><p>Direcci\u00f3 i dramat\u00fargia: <strong>Joan Maria Segura<\/strong> <br>Coreografia: <strong>Joan Maria Segura Bernadas<\/strong> <br>Direcci\u00f3 musical i arranjaments: <strong>Xavier Mestres<\/strong> <br>Disseny d&#39;espai i vestuari: <strong>Albert Pascual<\/strong> <br>Disseny de llums: <strong>Marc Salicr\u00fa<\/strong>  <\/p><p> <\/p><p>Int\u00e8rprets: <strong>Anna Moliner i Joan Negri\u00e9<\/strong>  <\/p><p> <\/p><p>Producci\u00f3 executiva: <strong>Joan Negri\u00e9<\/strong> <br>Productor: <strong>Eloi Isern<\/strong> <br>Producci\u00f3 en gira: <strong>Manel Torres<\/strong> <br>Ger\u00e8ncia: <strong>Manel Torres<\/strong>  <\/p><p> <\/p><p>Ajudantia de vestuari: <strong>Paloma Arza<\/strong> <br>Assessorament de caracteritzaci\u00f3: <strong>\u00c0ngels Salinas<\/strong> <br>Responsable t\u00e8cnic: <strong>Ramon Beneito<\/strong> <br>Cap t\u00e8cnic del teatre: <strong>Andr\u00e9s Piza<\/strong>  <\/p><p> <\/p><p>Premsa: <strong>Laia Mar\u00edn<\/strong> <br>M\u00e0rqueting i comunicaci\u00f3 del teatre: <strong>La Villarroel <br><\/strong>Disseny gr\u00e0fic i fotografies: <strong>Jordi Egea<\/strong> <strong>i Albert Ru\u00e9<\/strong> <\/p><p><strong> <\/strong> <\/p><p> <\/p><p> <\/p><p>Agra\u00efments: <strong>N\u00faria Cartany\u00e0, Raimon Borrell, Mediaframe TV, Estudios de grabaci\u00f3n La Rulot y Carme Negri\u00e9<\/strong> <\/p><p> <\/p><p>Distribuci\u00f3: <strong>Mar Puig<\/strong>  <\/p><p> <\/p><p>\u00c9s una producci\u00f3 de <strong>Sala Trono amb la col\u00b7laboraci\u00f3 de Sala Muntaner<\/strong> <\/p>","txt_reviews":"","hashtag":"YouSayTomato","have_promo":"","slogan":"","id_exhibicio":2416,"id_versio":1537,"id_local":4,"txt_seo_desc":"Anna Molin\u00e9 i Joan Negri\u00e9 presenten al Teatre Condal de Barcelona l'espectacle You Say Tomato, una obra de Joan Yago dirigida per Joan Maria Segura.","data_images":"[{\"localizer\":\"V3SLIDE\",\"url\":\"media\/ftgalslide\/v3\/315DF\/01_086_00054309\/IMG_0961.JPG\",\"thumb_url\":\"media\/ftgalslide\/v3\/315DF\/01_086_00054309\/IMG_0961_thumb.jpg\",\"title\":\"You Say Tomato - Teatre Condal\",\"description\":\"you say tomato al teatre condal de barcelona\",\"copyright\":\"\",\"order\":5},{\"localizer\":\"V3SLIDE\",\"url\":\"media\/ftgalslide\/v3\/3163D\/01_086_00055589\/DSC_1916_2.jpg\",\"thumb_url\":\"media\/ftgalslide\/v3\/3163D\/01_086_00055589\/DSC_1916_2_thumb.jpg\",\"title\":\"You say tomato - Teatre Condal\",\"description\":\"you say tomato al teatre condal de barcelona\",\"copyright\":\"\",\"order\":8},{\"localizer\":\"V4CARTELL\",\"url\":\"media\/ver\/cartell\/v4\/2026\/08\/338249ed-d1ae-43cd-9e96-b9c7f5c04840.jpg\",\"thumb_url\":\"media\/ver\/cartell\/v4\/2026\/08\/4559c8dc-27a1-45db-9eba-0be8bb3a0a82.jpg\",\"title\":\"You say tomato - La Villarroel\",\"description\":\"<p>you&nbsp;say&nbsp;tomato&nbsp;a&nbsp;la&nbsp;villarroel<\/p>\",\"copyright\":\"\",\"order\":0},{\"localizer\":\"V4PORTADA\",\"url\":\"media\/ver\/port\/v4\/2026\/08\/81531f82-a1cf-4cc4-a47a-a22aab76e1bb.jpg\",\"thumb_url\":\"media\/ver\/port\/v4\/2026\/08\/2a561137-5967-4d09-9c79-68ad4dfc24f7.jpg\",\"title\":\"You say tomato - La Villarroel\",\"description\":\"<p>you&nbsp;say&nbsp;tomato&nbsp;a&nbsp;la&nbsp;villarroel<\/p>\",\"copyright\":\"\",\"order\":0},{\"localizer\":\"V4PORTADAWIDE\",\"url\":\"media\/ver\/port\/wide\/v4\/2026\/08\/e9c2b5f2-18cb-4148-a63d-a3eec2b7af75.jpg\",\"thumb_url\":\"media\/ver\/port\/wide\/v4\/2026\/08\/3eb237bc-608d-431b-b911-2e25326b51df.jpg\",\"title\":\"You say tomato - La Villarroel\",\"description\":\"<p>you&nbsp;say&nbsp;tomato&nbsp;a&nbsp;la&nbsp;villarroel<\/p>\",\"copyright\":\"\",\"order\":0},{\"localizer\":\"V4PORTADAWIDEMOBILE\",\"url\":\"media\/ver\/port\/wide\/mobile\/v4\/2026\/08\/b270874c-f6c3-4540-b9e3-d0154045ca72.jpg\",\"thumb_url\":\"media\/ver\/port\/wide\/mobile\/v4\/2026\/08\/b0adced0-355e-4474-bfdf-a0c1b35da7bb.jpg\",\"title\":\"You say tomato - La Villarroel\",\"description\":\"<p>you&nbsp;say&nbsp;tomato&nbsp;a&nbsp;la&nbsp;villarroel<\/p>\",\"copyright\":\"\",\"order\":0}]","material__texto_intro":"","data_material":null,"data_gallery":"","data_discounts":"[]","contract_is_open":false,"in_tour":false},"yoast_head":"<!-- This site is optimized with the Yoast SEO plugin v28.4 - https:\/\/yoast.com\/product\/yoast-seo-wordpress\/ -->\n<title>You say tomato - La Villarroel<\/title>\n<meta name=\"robots\" content=\"index, follow, max-snippet:-1, max-image-preview:large, max-video-preview:-1\" \/>\n<link rel=\"canonical\" href=\"https:\/\/www.lavillarroel.cat\/ca\/ex\/you-say-tomato\/\" \/>\n<script type=\"application\/ld+json\" class=\"yoast-schema-graph\">{\"@context\":\"https:\\\/\\\/schema.org\",\"@graph\":[{\"@type\":\"WebPage\",\"@id\":\"https:\\\/\\\/www.lavillarroel.cat\\\/ca\\\/ex\\\/you-say-tomato\\\/\",\"url\":\"https:\\\/\\\/www.lavillarroel.cat\\\/ca\\\/ex\\\/you-say-tomato\\\/\",\"name\":\"You say tomato - La Villarroel\",\"isPartOf\":{\"@id\":\"https:\\\/\\\/www.lavillarroel.cat\\\/ca\\\/#website\"},\"datePublished\":\"2026-09-03T14:11:51+00:00\",\"dateModified\":\"2026-09-03T15:28:50+00:00\",\"breadcrumb\":{\"@id\":\"https:\\\/\\\/www.lavillarroel.cat\\\/ca\\\/ex\\\/you-say-tomato\\\/#breadcrumb\"},\"inLanguage\":\"ca\",\"potentialAction\":[{\"@type\":\"ReadAction\",\"target\":[\"https:\\\/\\\/www.lavillarroel.cat\\\/ca\\\/ex\\\/you-say-tomato\\\/\"]}]},{\"@type\":\"BreadcrumbList\",\"@id\":\"https:\\\/\\\/www.lavillarroel.cat\\\/ca\\\/ex\\\/you-say-tomato\\\/#breadcrumb\",\"itemListElement\":[{\"@type\":\"ListItem\",\"position\":1,\"name\":\"Inici\",\"item\":\"https:\\\/\\\/www.lavillarroel.cat\\\/ca\\\/\"},{\"@type\":\"ListItem\",\"position\":2,\"name\":\"Espectacles\",\"item\":\"https:\\\/\\\/www.lavillarroel.cat\\\/ca\\\/ex\\\/\"},{\"@type\":\"ListItem\",\"position\":3,\"name\":\"You say tomato\"}]},{\"@type\":\"WebSite\",\"@id\":\"https:\\\/\\\/www.lavillarroel.cat\\\/ca\\\/#website\",\"url\":\"https:\\\/\\\/www.lavillarroel.cat\\\/ca\\\/\",\"name\":\"La Villarroel\",\"description\":\"\",\"publisher\":{\"@id\":\"https:\\\/\\\/www.lavillarroel.cat\\\/ca\\\/#organization\"},\"potentialAction\":[{\"@type\":\"SearchAction\",\"target\":{\"@type\":\"EntryPoint\",\"urlTemplate\":\"https:\\\/\\\/www.lavillarroel.cat\\\/ca\\\/?s={search_term_string}\"},\"query-input\":{\"@type\":\"PropertyValueSpecification\",\"valueRequired\":true,\"valueName\":\"search_term_string\"}}],\"inLanguage\":\"ca\"},{\"@type\":\"Organization\",\"@id\":\"https:\\\/\\\/www.lavillarroel.cat\\\/ca\\\/#organization\",\"name\":\"La Villarroel\",\"url\":\"https:\\\/\\\/www.lavillarroel.cat\\\/ca\\\/\",\"logo\":{\"@type\":\"ImageObject\",\"inLanguage\":\"ca\",\"@id\":\"https:\\\/\\\/www.lavillarroel.cat\\\/ca\\\/#\\\/schema\\\/logo\\\/image\\\/\",\"url\":\"https:\\\/\\\/www.lavillarroel.cat\\\/wp-content\\\/uploads\\\/sites\\\/5\\\/2017\\\/09\\\/teatre-villaroel-logo.svg\",\"contentUrl\":\"https:\\\/\\\/www.lavillarroel.cat\\\/wp-content\\\/uploads\\\/sites\\\/5\\\/2017\\\/09\\\/teatre-villaroel-logo.svg\",\"width\":1,\"height\":1,\"caption\":\"La Villarroel\"},\"image\":{\"@id\":\"https:\\\/\\\/www.lavillarroel.cat\\\/ca\\\/#\\\/schema\\\/logo\\\/image\\\/\"},\"sameAs\":[\"http:\\\/\\\/www.facebook.com\\\/TeatreVillarroel\",\"https:\\\/\\\/x.com\\\/la_villarroel\",\"http:\\\/\\\/instagram.com\\\/la_villarroel\",\"http:\\\/\\\/www.youtube.com\\\/user\\\/LaVillarroel#p\\\/u\"]}]}<\/script>\n<!-- \/ Yoast SEO plugin. -->","yoast_head_json":{"title":"You say tomato - La Villarroel","robots":{"index":"index","follow":"follow","max-snippet":"max-snippet:-1","max-image-preview":"max-image-preview:large","max-video-preview":"max-video-preview:-1"},"canonical":"https:\/\/www.lavillarroel.cat\/ca\/ex\/you-say-tomato\/","schema":{"@context":"https:\/\/schema.org","@graph":[{"@type":"WebPage","@id":"https:\/\/www.lavillarroel.cat\/ca\/ex\/you-say-tomato\/","url":"https:\/\/www.lavillarroel.cat\/ca\/ex\/you-say-tomato\/","name":"You say tomato - La Villarroel","isPartOf":{"@id":"https:\/\/www.lavillarroel.cat\/ca\/#website"},"datePublished":"2026-09-03T14:11:51+00:00","dateModified":"2026-09-03T15:28:50+00:00","breadcrumb":{"@id":"https:\/\/www.lavillarroel.cat\/ca\/ex\/you-say-tomato\/#breadcrumb"},"inLanguage":"ca","potentialAction":[{"@type":"ReadAction","target":["https:\/\/www.lavillarroel.cat\/ca\/ex\/you-say-tomato\/"]}]},{"@type":"BreadcrumbList","@id":"https:\/\/www.lavillarroel.cat\/ca\/ex\/you-say-tomato\/#breadcrumb","itemListElement":[{"@type":"ListItem","position":1,"name":"Inici","item":"https:\/\/www.lavillarroel.cat\/ca\/"},{"@type":"ListItem","position":2,"name":"Espectacles","item":"https:\/\/www.lavillarroel.cat\/ca\/ex\/"},{"@type":"ListItem","position":3,"name":"You say tomato"}]},{"@type":"WebSite","@id":"https:\/\/www.lavillarroel.cat\/ca\/#website","url":"https:\/\/www.lavillarroel.cat\/ca\/","name":"La Villarroel","description":"","publisher":{"@id":"https:\/\/www.lavillarroel.cat\/ca\/#organization"},"potentialAction":[{"@type":"SearchAction","target":{"@type":"EntryPoint","urlTemplate":"https:\/\/www.lavillarroel.cat\/ca\/?s={search_term_string}"},"query-input":{"@type":"PropertyValueSpecification","valueRequired":true,"valueName":"search_term_string"}}],"inLanguage":"ca"},{"@type":"Organization","@id":"https:\/\/www.lavillarroel.cat\/ca\/#organization","name":"La Villarroel","url":"https:\/\/www.lavillarroel.cat\/ca\/","logo":{"@type":"ImageObject","inLanguage":"ca","@id":"https:\/\/www.lavillarroel.cat\/ca\/#\/schema\/logo\/image\/","url":"https:\/\/www.lavillarroel.cat\/wp-content\/uploads\/sites\/5\/2017\/09\/teatre-villaroel-logo.svg","contentUrl":"https:\/\/www.lavillarroel.cat\/wp-content\/uploads\/sites\/5\/2017\/09\/teatre-villaroel-logo.svg","width":1,"height":1,"caption":"La Villarroel"},"image":{"@id":"https:\/\/www.lavillarroel.cat\/ca\/#\/schema\/logo\/image\/"},"sameAs":["http:\/\/www.facebook.com\/TeatreVillarroel","https:\/\/x.com\/la_villarroel","http:\/\/instagram.com\/la_villarroel","http:\/\/www.youtube.com\/user\/LaVillarroel#p\/u"]}]}},"translations":[{"id":4440,"locale":"ca"},{"id":4441,"locale":"es"}],"_links":{"self":[{"href":"https:\/\/www.lavillarroel.cat\/ca\/wp-json\/wp\/v2\/ex\/4440","targetHints":{"allow":["GET"]}}],"collection":[{"href":"https:\/\/www.lavillarroel.cat\/ca\/wp-json\/wp\/v2\/ex"}],"about":[{"href":"https:\/\/www.lavillarroel.cat\/ca\/wp-json\/wp\/v2\/types\/ex"}],"author":[{"embeddable":true,"href":"https:\/\/www.lavillarroel.cat\/ca\/wp-json\/wp\/v2\/users\/2"}],"replies":[{"embeddable":true,"href":"https:\/\/www.lavillarroel.cat\/ca\/wp-json\/wp\/v2\/comments?post=4440"}],"acf:term":[{"embeddable":true,"taxonomy":"season","href":"https:\/\/www.lavillarroel.cat\/ca\/wp-json\/wp\/v2\/season\/105"}],"wp:attachment":[{"href":"https:\/\/www.lavillarroel.cat\/ca\/wp-json\/wp\/v2\/media?parent=4440"}],"curies":[{"name":"wp","href":"https:\/\/api.w.org\/{rel}","templated":true}]}}