{"id":4448,"date":"2026-09-03T16:21:12","date_gmt":"2026-09-03T14:21:12","guid":{"rendered":"https:\/\/www.lavillarroel.cat\/ex\/nadale\/"},"modified":"2026-09-03T17:30:12","modified_gmt":"2026-09-03T15:30:12","slug":"nadales","status":"publish","type":"ex","link":"https:\/\/www.lavillarroel.cat\/ca\/ex\/nadales\/","title":{"rendered":"Nadales"},"content":{"rendered":"","protected":false},"excerpt":{"rendered":"","protected":false},"author":2,"featured_media":0,"comment_status":"closed","ping_status":"closed","template":"","class_list":["post-4448","ex","type-ex","status-publish","hentry","season-2026-27"],"acf":{"txt_synopsis":"<p><strong>Un espectacle nadalenc diferent i absolutament immersiu per veure les festes i la tradici\u00f3 des d&#39;una perspectiva nova i esbojarrada.<\/strong> <\/p><p class=\"ql-align-justify\" align=\"justify\"> <\/p><p class=\"ql-align-justify\" align=\"justify\">Un brasiler, un escoc\u00e8s i un alemany formen part del grup d&#39;expatstorets (els pastorets dels expats) que condueix l&#39;Iban Vaentrant, un director d&#39;escena en hores baixes. Els excompanys de l&#39;Iban, amb qui la relaci\u00f3 est\u00e0 enrarida des que no tenen feina, tamb\u00e9 passen per un mal moment. D&#39;un costat, en Josep Perals, un poeta de prestigi, avui dia fa xerrades i confer\u00e8ncies, per\u00f2 li ha sorgit una disl\u00e8xia amb la parla que sembla irrefrenable. De l&#39;altre, el director musical Carles Bocaterrosa es dedica a pilotar corals de barri mentre mira de contenir la seva vehem\u00e8ncia. Els personatges assisteixen a un centre de musicoter\u00e0pia de dubtosa autenticitat per provar de superar els seus sotracs, i tenen l&#39;esperan\u00e7a posada en el concurs del pessebre de la Pla\u00e7a Sant Jaume per revertir la situaci\u00f3. <\/p><p><\/p>","main_buy_link":"https:\/\/tickets.oneboxtds.com\/lavillarroel\/events\/58861?hl=ca-ES","main_buy_links":"[\"https:\/\/tickets.oneboxtds.com\/lavillarroel\/events\/58861?hl=ca-ES\"]","group_buy_link":"https:\/\/www.promentrada.com\/ca\/programacio\/c\/2162-nadales-grups.html","show_language":"Espectacle en catal\u00e0  ","show_duration":"90","show_start_date":"20261212000000","show_end_date":"20270104000000","show_sort_date":"20261212000000","txt_custom_show_dates":"","show_disciplines":"11","show_ultimes_funcions":false,"hide_tarifes_especials":false,"show_properament":false,"txt_additional_info":"<p>Recomanat per <strong>tots els p\u00fablics<\/strong>   <\/p>","txt_present":"","show_season":[105],"txt_season":"[\"2026\/27\"]","txt_cycle":"Off La Villarroel","txt_claim":"","txt_cast_excerpt":"","txt_cast":"<p>Idea original: <strong>Iban Beltran<\/strong> <br>Dramat\u00fargia: <strong>Carles Pedragosa<\/strong> <br>Poemes i confer\u00e8ncies:<strong> Josep Pedrals <\/strong> <\/p><p> <\/p><p>  <\/p><p>Creaci\u00f3 i interpretaci\u00f3: <strong>Iban Beltran, Carles Pedragosa i Josep Pedrals<\/strong>  <\/p><p>Vestuari i atrezzo: <strong>Camille Latron<\/strong> <br>Il\u00b7luminaci\u00f3 i so: <strong>Maria Sistac<\/strong> <br>V\u00eddeo: <strong>Asimetric Films<\/strong>  <\/p><p>  <\/p><p>Producci\u00f3 executiva: <strong>Helena Font Barbero i Marc Permanyer Conde<\/strong>  <\/p><p>  <\/p><p>Col\u00b7laboraci\u00f3 de direcci\u00f3: <strong>Jordi Oriol<\/strong> <br>Assessorament de moviment: <strong>Anna P\u00e9rez<\/strong> <br>Cap t\u00e8cnic Indi Gest: <strong>Albert Glas<\/strong> <br>Cap t\u00e8cnic del teatre: <strong>Andr\u00e9s Piza<\/strong>  <\/p><p>    <\/p><p>M\u00e0rqueting i comunicaci\u00f3: <strong>La Villarroel<\/strong> <br>Fotografia: <strong>C\u00e9sar Font<\/strong> <br>Administraci\u00f3: <strong>Manon Almellones Descharrois<\/strong>  <\/p><p>   <\/p><p>Agra\u00efments: <strong>La Brutal, \u00c0lex Permanyer<\/strong>  <\/p><p>  <\/p><p>Amb el suport de: <strong>Institut Catal\u00e0 d&#39;Empreses Culturals<\/strong>   <\/p><p>  <\/p><p>  <\/p><p>\u00c9s una producci\u00f3 d&#39;<strong>Indi Gest<\/strong> <\/p>","txt_reviews":"","hashtag":"Nadales\t","have_promo":"","slogan":"","id_exhibicio":2425,"id_versio":1890,"id_local":4,"txt_seo_desc":"Nadales a La Villarroel de Barcelona","data_images":"[{\"localizer\":\"V3SLIDE\",\"url\":\"media\/ftgalslide\/v3\/2026\/09\/2700cb7e-3d53-4450-849b-d12d7fda1526.jpg\",\"thumb_url\":\"media\/ftgalslide\/v3\/2026\/09\/3dc284cf-0af8-4ed1-bbcd-c2e1e137edc2.jpg\",\"title\":\"Nadales a La Villarroel de Barcelona\",\"description\":\"<p>Nadales&nbsp;a&nbsp;La&nbsp;Villarroel&nbsp;de&nbsp;Barcelona<\/p>\",\"copyright\":\"\",\"order\":1},{\"localizer\":\"V3SLIDE\",\"url\":\"media\/ftgalslide\/v3\/2026\/09\/3ab72415-c076-4c84-9a7f-4cc8af5f85fd.jpg\",\"thumb_url\":\"media\/ftgalslide\/v3\/2026\/09\/1e34307f-28fd-4bb9-b83f-ab44ca8df2cf.jpg\",\"title\":\"Nadales a La Villarroel de Barcelona\",\"description\":\"<p>Nadales&nbsp;a&nbsp;La&nbsp;Villarroel&nbsp;de&nbsp;Barcelona<\/p>\",\"copyright\":\"\",\"order\":1},{\"localizer\":\"V3SLIDE\",\"url\":\"media\/ftgalslide\/v3\/2026\/09\/6b54fa99-a82c-46e3-b622-9fe1bf197808.jpg\",\"thumb_url\":\"media\/ftgalslide\/v3\/2026\/09\/e41bcc22-b695-479b-a9ff-a7733b17a550.jpg\",\"title\":\"Nadales a La Villarroel de Barcelona\",\"description\":\"<p>Nadales&nbsp;a&nbsp;La&nbsp;Villarroel&nbsp;de&nbsp;Barcelona<\/p>\",\"copyright\":\"\",\"order\":2},{\"localizer\":\"V3SLIDE\",\"url\":\"media\/ftgalslide\/v3\/2026\/09\/4ba74091-6ad7-44e0-82dd-d2c3e37a067b.jpg\",\"thumb_url\":\"media\/ftgalslide\/v3\/2026\/09\/c3e05479-1601-4992-84a4-f5902db865fe.jpg\",\"title\":\"Nadales a La Villarroel de Barcelona\",\"description\":\"<p>Nadales&nbsp;a&nbsp;La&nbsp;Villarroel&nbsp;de&nbsp;Barcelona<\/p>\",\"copyright\":\"\",\"order\":2},{\"localizer\":\"V3SLIDE\",\"url\":\"media\/ftgalslide\/v3\/2026\/09\/ded8c39b-d572-405c-a166-96d377ca49cb.jpg\",\"thumb_url\":\"media\/ftgalslide\/v3\/2026\/09\/5061ac09-00aa-4159-95dc-d6d36ad4260b.jpg\",\"title\":\"Nadales a La Villarroel de Barcelona\",\"description\":\"<p>Nadales&nbsp;a&nbsp;La&nbsp;Villarroel&nbsp;de&nbsp;Barcelona<\/p>\",\"copyright\":\"\",\"order\":3},{\"localizer\":\"V4CARTELL\",\"url\":\"media\/ver\/cartell\/v4\/2026\/09\/bbe7f0ea-b438-474d-bd4c-3d40bf9ddd2c.jpg\",\"thumb_url\":\"media\/ver\/cartell\/v4\/2026\/09\/866e7823-9e60-4100-bcbc-a0a136590c42.jpg\",\"title\":\"Nadales a La Villarroel de Barcelona\",\"description\":\"<p>Nadales&nbsp;a&nbsp;La&nbsp;Villarroel&nbsp;de&nbsp;Barcelona<\/p>\",\"copyright\":\"\",\"order\":0},{\"localizer\":\"V4PORTADA\",\"url\":\"media\/ver\/port\/v4\/2026\/09\/51cd0d5c-3b3a-4a4b-882c-77fcb3864f2f.jpg\",\"thumb_url\":\"media\/ver\/port\/v4\/2026\/09\/8092b9ed-6f6f-4eb7-8c1f-28ad165dbb21.jpg\",\"title\":\"Nadales a La Villarroel de Barcelona\",\"description\":\"<p>Nadales&nbsp;a&nbsp;La&nbsp;Villarroel&nbsp;de&nbsp;Barcelona<\/p>\",\"copyright\":\"\",\"order\":0},{\"localizer\":\"V4PORTADAWIDE\",\"url\":\"media\/ver\/port\/wide\/v4\/2026\/09\/45cbb63d-d32c-4ed4-9d7c-d5a7f3a38710.jpg\",\"thumb_url\":\"media\/ver\/port\/wide\/v4\/2026\/09\/2e62bfa8-0b10-4054-842d-3c088c8de7b4.jpg\",\"title\":\"Nadales a La Villarroel de Barcelona\",\"description\":\"<p>Nadales&nbsp;a&nbsp;La&nbsp;Villarroel&nbsp;de&nbsp;Barcelona<\/p>\",\"copyright\":\"\",\"order\":0},{\"localizer\":\"V4PORTADAWIDEMOBILE\",\"url\":\"media\/ver\/port\/wide\/mobile\/v4\/2026\/09\/f3a4dd79-4898-4dd6-a28a-3e686f1e3679.jpg\",\"thumb_url\":\"media\/ver\/port\/wide\/mobile\/v4\/2026\/09\/79e5197b-30f5-47ea-974e-94e003c19193.jpg\",\"title\":\"Nadales a La Villarroel de Barcelona\",\"description\":\"<p>Nadales&nbsp;a&nbsp;La&nbsp;Villarroel&nbsp;de&nbsp;Barcelona<\/p>\",\"copyright\":\"\",\"order\":0}]","material__texto_intro":"","data_material":null,"data_gallery":"","data_discounts":"[]","contract_is_open":false,"in_tour":false},"yoast_head":"<!-- This site is optimized with the Yoast SEO plugin v28.4 - https:\/\/yoast.com\/product\/yoast-seo-wordpress\/ -->\n<title>Nadales - La Villarroel<\/title>\n<meta name=\"robots\" content=\"index, follow, max-snippet:-1, max-image-preview:large, max-video-preview:-1\" \/>\n<link rel=\"canonical\" href=\"https:\/\/www.lavillarroel.cat\/ca\/ex\/nadales\/\" \/>\n<script type=\"application\/ld+json\" class=\"yoast-schema-graph\">{\"@context\":\"https:\\\/\\\/schema.org\",\"@graph\":[{\"@type\":\"WebPage\",\"@id\":\"https:\\\/\\\/www.lavillarroel.cat\\\/ca\\\/ex\\\/nadales\\\/\",\"url\":\"https:\\\/\\\/www.lavillarroel.cat\\\/ca\\\/ex\\\/nadales\\\/\",\"name\":\"Nadales - La Villarroel\",\"isPartOf\":{\"@id\":\"https:\\\/\\\/www.lavillarroel.cat\\\/ca\\\/#website\"},\"datePublished\":\"2026-09-03T14:21:12+00:00\",\"dateModified\":\"2026-09-03T15:30:12+00:00\",\"breadcrumb\":{\"@id\":\"https:\\\/\\\/www.lavillarroel.cat\\\/ca\\\/ex\\\/nadales\\\/#breadcrumb\"},\"inLanguage\":\"ca\",\"potentialAction\":[{\"@type\":\"ReadAction\",\"target\":[\"https:\\\/\\\/www.lavillarroel.cat\\\/ca\\\/ex\\\/nadales\\\/\"]}]},{\"@type\":\"BreadcrumbList\",\"@id\":\"https:\\\/\\\/www.lavillarroel.cat\\\/ca\\\/ex\\\/nadales\\\/#breadcrumb\",\"itemListElement\":[{\"@type\":\"ListItem\",\"position\":1,\"name\":\"Inici\",\"item\":\"https:\\\/\\\/www.lavillarroel.cat\\\/ca\\\/\"},{\"@type\":\"ListItem\",\"position\":2,\"name\":\"Espectacles\",\"item\":\"https:\\\/\\\/www.lavillarroel.cat\\\/ca\\\/ex\\\/\"},{\"@type\":\"ListItem\",\"position\":3,\"name\":\"Nadales\"}]},{\"@type\":\"WebSite\",\"@id\":\"https:\\\/\\\/www.lavillarroel.cat\\\/ca\\\/#website\",\"url\":\"https:\\\/\\\/www.lavillarroel.cat\\\/ca\\\/\",\"name\":\"La Villarroel\",\"description\":\"\",\"publisher\":{\"@id\":\"https:\\\/\\\/www.lavillarroel.cat\\\/ca\\\/#organization\"},\"potentialAction\":[{\"@type\":\"SearchAction\",\"target\":{\"@type\":\"EntryPoint\",\"urlTemplate\":\"https:\\\/\\\/www.lavillarroel.cat\\\/ca\\\/?s={search_term_string}\"},\"query-input\":{\"@type\":\"PropertyValueSpecification\",\"valueRequired\":true,\"valueName\":\"search_term_string\"}}],\"inLanguage\":\"ca\"},{\"@type\":\"Organization\",\"@id\":\"https:\\\/\\\/www.lavillarroel.cat\\\/ca\\\/#organization\",\"name\":\"La Villarroel\",\"url\":\"https:\\\/\\\/www.lavillarroel.cat\\\/ca\\\/\",\"logo\":{\"@type\":\"ImageObject\",\"inLanguage\":\"ca\",\"@id\":\"https:\\\/\\\/www.lavillarroel.cat\\\/ca\\\/#\\\/schema\\\/logo\\\/image\\\/\",\"url\":\"https:\\\/\\\/www.lavillarroel.cat\\\/wp-content\\\/uploads\\\/sites\\\/5\\\/2017\\\/09\\\/teatre-villaroel-logo.svg\",\"contentUrl\":\"https:\\\/\\\/www.lavillarroel.cat\\\/wp-content\\\/uploads\\\/sites\\\/5\\\/2017\\\/09\\\/teatre-villaroel-logo.svg\",\"width\":1,\"height\":1,\"caption\":\"La Villarroel\"},\"image\":{\"@id\":\"https:\\\/\\\/www.lavillarroel.cat\\\/ca\\\/#\\\/schema\\\/logo\\\/image\\\/\"},\"sameAs\":[\"http:\\\/\\\/www.facebook.com\\\/TeatreVillarroel\",\"https:\\\/\\\/x.com\\\/la_villarroel\",\"http:\\\/\\\/instagram.com\\\/la_villarroel\",\"http:\\\/\\\/www.youtube.com\\\/user\\\/LaVillarroel#p\\\/u\"]}]}<\/script>\n<!-- \/ Yoast SEO plugin. -->","yoast_head_json":{"title":"Nadales - La Villarroel","robots":{"index":"index","follow":"follow","max-snippet":"max-snippet:-1","max-image-preview":"max-image-preview:large","max-video-preview":"max-video-preview:-1"},"canonical":"https:\/\/www.lavillarroel.cat\/ca\/ex\/nadales\/","schema":{"@context":"https:\/\/schema.org","@graph":[{"@type":"WebPage","@id":"https:\/\/www.lavillarroel.cat\/ca\/ex\/nadales\/","url":"https:\/\/www.lavillarroel.cat\/ca\/ex\/nadales\/","name":"Nadales - La Villarroel","isPartOf":{"@id":"https:\/\/www.lavillarroel.cat\/ca\/#website"},"datePublished":"2026-09-03T14:21:12+00:00","dateModified":"2026-09-03T15:30:12+00:00","breadcrumb":{"@id":"https:\/\/www.lavillarroel.cat\/ca\/ex\/nadales\/#breadcrumb"},"inLanguage":"ca","potentialAction":[{"@type":"ReadAction","target":["https:\/\/www.lavillarroel.cat\/ca\/ex\/nadales\/"]}]},{"@type":"BreadcrumbList","@id":"https:\/\/www.lavillarroel.cat\/ca\/ex\/nadales\/#breadcrumb","itemListElement":[{"@type":"ListItem","position":1,"name":"Inici","item":"https:\/\/www.lavillarroel.cat\/ca\/"},{"@type":"ListItem","position":2,"name":"Espectacles","item":"https:\/\/www.lavillarroel.cat\/ca\/ex\/"},{"@type":"ListItem","position":3,"name":"Nadales"}]},{"@type":"WebSite","@id":"https:\/\/www.lavillarroel.cat\/ca\/#website","url":"https:\/\/www.lavillarroel.cat\/ca\/","name":"La Villarroel","description":"","publisher":{"@id":"https:\/\/www.lavillarroel.cat\/ca\/#organization"},"potentialAction":[{"@type":"SearchAction","target":{"@type":"EntryPoint","urlTemplate":"https:\/\/www.lavillarroel.cat\/ca\/?s={search_term_string}"},"query-input":{"@type":"PropertyValueSpecification","valueRequired":true,"valueName":"search_term_string"}}],"inLanguage":"ca"},{"@type":"Organization","@id":"https:\/\/www.lavillarroel.cat\/ca\/#organization","name":"La Villarroel","url":"https:\/\/www.lavillarroel.cat\/ca\/","logo":{"@type":"ImageObject","inLanguage":"ca","@id":"https:\/\/www.lavillarroel.cat\/ca\/#\/schema\/logo\/image\/","url":"https:\/\/www.lavillarroel.cat\/wp-content\/uploads\/sites\/5\/2017\/09\/teatre-villaroel-logo.svg","contentUrl":"https:\/\/www.lavillarroel.cat\/wp-content\/uploads\/sites\/5\/2017\/09\/teatre-villaroel-logo.svg","width":1,"height":1,"caption":"La Villarroel"},"image":{"@id":"https:\/\/www.lavillarroel.cat\/ca\/#\/schema\/logo\/image\/"},"sameAs":["http:\/\/www.facebook.com\/TeatreVillarroel","https:\/\/x.com\/la_villarroel","http:\/\/instagram.com\/la_villarroel","http:\/\/www.youtube.com\/user\/LaVillarroel#p\/u"]}]}},"translations":[{"id":4448,"locale":"ca"},{"id":4449,"locale":"es"}],"_links":{"self":[{"href":"https:\/\/www.lavillarroel.cat\/ca\/wp-json\/wp\/v2\/ex\/4448","targetHints":{"allow":["GET"]}}],"collection":[{"href":"https:\/\/www.lavillarroel.cat\/ca\/wp-json\/wp\/v2\/ex"}],"about":[{"href":"https:\/\/www.lavillarroel.cat\/ca\/wp-json\/wp\/v2\/types\/ex"}],"author":[{"embeddable":true,"href":"https:\/\/www.lavillarroel.cat\/ca\/wp-json\/wp\/v2\/users\/2"}],"replies":[{"embeddable":true,"href":"https:\/\/www.lavillarroel.cat\/ca\/wp-json\/wp\/v2\/comments?post=4448"}],"acf:term":[{"embeddable":true,"taxonomy":"season","href":"https:\/\/www.lavillarroel.cat\/ca\/wp-json\/wp\/v2\/season\/105"}],"wp:attachment":[{"href":"https:\/\/www.lavillarroel.cat\/ca\/wp-json\/wp\/v2\/media?parent=4448"}],"curies":[{"name":"wp","href":"https:\/\/api.w.org\/{rel}","templated":true}]}}