{"id":22,"date":"2017-09-19T08:49:01","date_gmt":"2017-09-19T07:49:01","guid":{"rendered":"http:\/\/www.lavillarroel.cat\/?page_id=22"},"modified":"2026-03-26T18:00:15","modified_gmt":"2026-03-26T17:00:15","slug":"el-teatre","status":"publish","type":"page","link":"https:\/\/www.lavillarroel.cat\/ca\/el-teatre\/","title":{"rendered":"El teatre"},"content":{"rendered":"\n<div class=\"wp-block-cover alignfull is-light has-custom-content-position is-position-bottom-left hero hero_01\" style=\"min-height:500px;aspect-ratio:unset;\"><img loading=\"lazy\" decoding=\"async\" width=\"2048\" height=\"1363\" class=\"wp-block-cover__image-background wp-image-3982\" alt=\"\" src=\"https:\/\/www.lavillarroel.cat\/wp-content\/uploads\/sites\/5\/2025\/02\/01_La-Villaroel_\u00a9StudioRuano_240606-6390_w.jpg\" style=\"object-position:49% 43%\" data-object-fit=\"cover\" data-object-position=\"49% 43%\" srcset=\"https:\/\/www.lavillarroel.cat\/wp-content\/uploads\/sites\/5\/2025\/02\/01_La-Villaroel_\u00a9StudioRuano_240606-6390_w.jpg 2048w, https:\/\/www.lavillarroel.cat\/wp-content\/uploads\/sites\/5\/2025\/02\/01_La-Villaroel_\u00a9StudioRuano_240606-6390_w-300x200.jpg 300w, https:\/\/www.lavillarroel.cat\/wp-content\/uploads\/sites\/5\/2025\/02\/01_La-Villaroel_\u00a9StudioRuano_240606-6390_w-1124x748.jpg 1124w, https:\/\/www.lavillarroel.cat\/wp-content\/uploads\/sites\/5\/2025\/02\/01_La-Villaroel_\u00a9StudioRuano_240606-6390_w-800x532.jpg 800w, https:\/\/www.lavillarroel.cat\/wp-content\/uploads\/sites\/5\/2025\/02\/01_La-Villaroel_\u00a9StudioRuano_240606-6390_w-1536x1022.jpg 1536w, https:\/\/www.lavillarroel.cat\/wp-content\/uploads\/sites\/5\/2025\/02\/01_La-Villaroel_\u00a9StudioRuano_240606-6390_w-1500x998.jpg 1500w\" sizes=\"auto, (max-width: 2048px) 100vw, 2048px\" \/><span aria-hidden=\"true\" class=\"wp-block-cover__background has-background-dim-40 has-background-dim wp-block-cover__gradient-background has-background-gradient has-diagonal-secondary-gradient-gradient-background\" style=\"background-color:#a69084\"><\/span><div class=\"wp-block-cover__inner-container is-layout-flow wp-block-cover-is-layout-flow\"><h1 style=\"text-transform:uppercase;\" class=\"has-text-align-center wp-block-post-title has-text-color has-background-color has-huge-font-size\">El teatre<\/h1><\/div><\/div>\n\n\n\n<div class=\"internal-nav-container\">\n\n<div data-sticky-container class=\" internal-nav \">  \n        <div class=\"sticky\" data-sticky data-top-anchor=\"intro:top\" data-btm-anchor=\"footer:bottom:bottom\" data-sticky-on=\"small\" data-margin-top=\"5\">\n\n\n\n<div id=\"internal-nav-block_89605d8986f3216dc04a650e1a1e706c\" class=\"row expanded\">\n  <div class=\"columns \">          \n\n                <nav class=\"internal-nav right hide-on-init\" role=\"complementary\"><ul class=\"menu\" data-magellan data-offset=\"140\"><li class=\"menu-text\"><svg class=\"icon tiny\" viewBox=\"0 0 60 60\"><use xlink:href=\"#arrow-down-45\"><\/use><\/svg>                        <\/li><li><a href=\"#historia\">Hist\u00f2ria<\/a><\/li><li><a href=\"#direccio\">Direcci\u00f3 art\u00edstica<\/a><\/li><li><a href=\"#consell\">Consell de p\u00fablics<\/a><\/li><li><a href=\"#espais\">Espais<\/a><\/li><li><a href=\"#oficina\">Oficina t\u00e9cnica<\/a><\/li><li><a href=\"#patrocinadors\">Patrocinadors<\/a><\/li><li><a href=\"#accessibilitat\">Accesibilitat<\/a><\/li><li><a href=\"#sostenibilitat\">Sostenibilitat<\/a><\/li><li><a href=\"#contacte\">Contacte<\/a><\/li><button id=\"internal-nav_close\" class=\"show-for-small-only\"><svg class=\"icon small white\" viewBox=\"0 0 60 60\"><use xlink:href=\"#chevron-down\"><\/use><\/svg><\/button><\/ul><\/nav>                \n            \n        \n  \n\n<\/div>\n<\/div>\n\n  <\/div> <!-- sticky -->\n<\/div> <!-- data-sticky-container -->\n\n<\/div> <!-- internal-nav-container -->\n\n\n<div id=\"intro\" class=\"wp-block-group is-content-justification-center is-nowrap is-layout-flex wp-container-core-group-is-layout-23441af8 wp-block-group-is-layout-flex\"><\/div>\n\n\n\n<div id=\"historia\" class=\"wp-block-group block-section is-layout-constrained wp-container-core-group-is-layout-9da16794 wp-block-group-is-layout-constrained\">\n<h2 class=\"wp-block-heading has-primary-color has-text-color has-xx-large-font-size\" style=\"text-transform:uppercase\">Hist\u00f2ria<\/h2>\n\n\n\n<p>Fundada l\u2019any 1972 en un intent de crear un teatre proper a la classe obrera,&nbsp;<strong>La Villarroel<\/strong>&nbsp;sempre s\u2019ha distingit per la seva vitalitat i pel seu comprom\u00eds social. El 2005, el Grup Focus assumeix la responsabilitat de gesti\u00f3 i programaci\u00f3 del teatre a tots els nivells, i encarrega la direcci\u00f3 art\u00edstica al director argent\u00ed Javier Daulte. Del 2010 i fins al 2012 \u00e9s la dramaturga Carol L\u00f3pez qui agafa les regnes de la direcci\u00f3 art\u00edstica de&nbsp;<strong>La Villarroel<\/strong>. A inicis de 2013 dona el relleu a Borja Sitj\u00e0, i el 2014 \u00e9s Tania Brenlle l\u2019encarregada de portar la direcci\u00f3 art\u00edstica de la sala. El 2016 rep el premi a la Millor Sala dels Premis de la Cr\u00edtica.<\/p>\n\n\n\n<p>Des de la seva creaci\u00f3 s\u2019han estrenat m\u00e9s de dos-cents cinquanta espectacles, la gran majoria en catal\u00e0 i d\u2019autors i autores catalans, vint-i-una obres de producci\u00f3 estrangera i m\u00e9s de cinquanta-cinc recitals de can\u00e7\u00f3. Espectacles, companyies i int\u00e8rprets com Ovidi Montllor, Pi de la Serra, Luis Pastor,&nbsp;Companyia El\u00e8ctrica Dharma, Carlos Cano, Amancio Prada, Faemino y Cansado, Charo L\u00f3pez, Miguel Gila, Carles Alberola, Karra Elejalde, Manuel Galiana, Emma Vilarasau, Vicky Pe\u00f1a, Rafael \u00c1lvarez \u201cEl Brujo\u201d, Dagoll Dagom, Tricicle, La Cuadra de Sevilla, Raimon, Juanjo Puigcorb\u00e9, Laia Marull o Clara Segura, s\u00f3n exemples d\u2019una llarga llista.<\/p>\n\n\n\n<p>Sota la gesti\u00f3 del Grup Focus,&nbsp;<strong>La Villarroel<\/strong>&nbsp;s\u2019ha convertit en finestra per a la dramat\u00fargia contempor\u00e0nia, el teatre d\u2019autor viu, i en especial, l\u2019autoria catalana.<\/p>\n\n\n\n<p><strong>La Villarroel<\/strong>&nbsp;rep el suport de les seg\u00fcents institucions: Generalitat de Catalunya (Departament de Cultura), ICEC (Institut Catal\u00e0 de les Empreses Culturals), Ajuntament de Barcelona (Institut de Cultura), INAEM (Gobierno de Espa\u00f1a, Ministerio de Cultura), Uni\u00f3 Europea (Fons Europeu Next Generation; Plan de Recuperaci\u00f3n, Transformaci\u00f3n y Resiliencia), Next Generation Catalunya.<\/p>\n<\/div>\n\n\n\n<div id=\"direccio\" class=\"wp-block-group block-section is-layout-constrained wp-container-core-group-is-layout-9da16794 wp-block-group-is-layout-constrained\">\n<h2 class=\"wp-block-heading has-primary-color has-text-color has-xx-large-font-size\" style=\"text-transform:uppercase\">Direcci\u00f3 art\u00edstica<\/h2>\n\n\n\n<div class=\"wp-block-columns is-layout-flex wp-container-core-columns-is-layout-28f84493 wp-block-columns-is-layout-flex\">\n<div class=\"wp-block-column is-layout-flow wp-block-column-is-layout-flow\" style=\"flex-basis:33.33%\">\n<h2 class=\"wp-block-heading has-x-large-font-size\" style=\"text-transform:uppercase\"><strong>Tania Brenlle<\/strong><\/h2>\n\n\n\n<p class=\"has-medium-font-size\">Directora art\u00edstica<\/p>\n<\/div>\n\n\n\n<div class=\"wp-block-column is-layout-flow wp-block-column-is-layout-flow\" style=\"flex-basis:66.66%\">\n<figure class=\"wp-block-gallery has-nested-images columns-default is-cropped wp-block-gallery-1 is-layout-flex wp-block-gallery-is-layout-flex\">\n<figure class=\"wp-block-image size-full\"><img loading=\"lazy\" decoding=\"async\" width=\"781\" height=\"500\" data-id=\"3182\" src=\"https:\/\/www.lavillarroel.cat\/wp-content\/uploads\/sites\/5\/2023\/05\/tania-brenlle-directora-la-villarroel-teatre-barcelona-1.jpg\" alt=\"\" class=\"wp-image-3182\" srcset=\"https:\/\/www.lavillarroel.cat\/wp-content\/uploads\/sites\/5\/2023\/05\/tania-brenlle-directora-la-villarroel-teatre-barcelona-1.jpg 781w, https:\/\/www.lavillarroel.cat\/wp-content\/uploads\/sites\/5\/2023\/05\/tania-brenlle-directora-la-villarroel-teatre-barcelona-1-300x192.jpg 300w\" sizes=\"auto, (max-width: 781px) 100vw, 781px\" \/><\/figure>\n<\/figure>\n<\/div>\n<\/div>\n\n\n\n<div class=\"wp-block-columns is-layout-flex wp-container-core-columns-is-layout-0c0b91ec wp-block-columns-is-layout-flex\">\n<div class=\"wp-block-column is-layout-flow wp-block-column-is-layout-flow\">\n<p>Destaca la seva traject\u00f2ria internacional al capdavant de les produccions executives del Teatre Romea en l\u2019\u00e8poca de Calixto Bieito (<em>La vida es sue\u00f1o<\/em>,&nbsp;<em>La \u00f3pera de cuatro cuartos<\/em>,&nbsp;<em>Peer Gynt<\/em>,&nbsp;<em>Plataforma<\/em>,&nbsp;<em>Tirant lo Blanc<\/em>\u2026).<\/p>\n\n\n\n<p>Tamb\u00e9 la seva tasca com a productora executiva en diferents festivals internacionals com el Festival Internacional d\u2019Edimburg, Cervantino de Guanajuato de M\u00e8xic, Festival Internacional de Bergen, Oslo, Par\u00eds, H\u00e8lsinki, Caracas, Bogot\u00e0, etc. i dels festivals espanyols, com ara el Festival Internacional de Teatro Cl\u00e1sico de M\u00e9rida.<\/p>\n\n\n\n<p><\/p>\n<\/div>\n\n\n\n<div class=\"wp-block-column is-layout-flow wp-block-column-is-layout-flow\">\n<p>\u00c9s professora del m\u00e0ster de Gesti\u00f3 Cultural en la Universitat de Val\u00e8ncia.<\/p>\n<\/div>\n<\/div>\n<\/div>\n\n\n\n<div id=\"consell\" class=\"wp-block-group block-section is-layout-constrained wp-block-group-is-layout-constrained\">\n<h2 class=\"wp-block-heading has-primary-color has-text-color has-xx-large-font-size\" style=\"text-transform:uppercase\">consell de p\u00fablics<\/h2>\n\n\n\n<div class=\"wp-block-columns is-layout-flex wp-container-core-columns-is-layout-28f84493 wp-block-columns-is-layout-flex\">\n<div class=\"wp-block-column is-layout-flow wp-block-column-is-layout-flow\">\n<p>Durant la temporada 2023-24, hem posat en marxa el Consell de P\u00fablics de La Villarroel, integrat per espectadores i espectadors actius que participen volunt\u00e0riament del dia a dia de la nostra sala, amb ganes d\u2019aportar idees, visions i opinions, d\u2019ambaixadors i de col\u00b7laborar en la seva din\u00e0mica.<\/p>\n\n\n\n<p>\u00c9s la translaci\u00f3 a La Villarroel del principal objectiu del <a href=\"https:\/\/www.congresespectadorsbcn.org\/\">Congr\u00e9s d\u2019Espectadors<\/a>: donar veu als p\u00fablics i con\u00e8ixer de prop els seus desitjos.<\/p>\n\n\n\n<p>El Consell de P\u00fablics est\u00e0 integrat per 6 espectadors del teatre i per T\u00e0nia Brenlle, directora art\u00edstica de La Villarroel.&nbsp; Vols con\u00e8ixer qui s\u00f3n els espectadors que en formen part del Consell de P\u00fablics? Aqu\u00ed els tens: <a href=\"https:\/\/www.focus.cat\/espectador\/albert-arevalo\/\" target=\"_blank\" rel=\"noreferrer noopener\">Albert Ar\u00e9valo<\/a>, <a href=\"https:\/\/www.focus.cat\/espectador\/merce-bach\/\" target=\"_blank\" rel=\"noreferrer noopener\">Merc\u00e8 Bach<\/a>, <a href=\"https:\/\/www.focus.cat\/espectador\/mari-carmen-gallarda\/\" target=\"_blank\" rel=\"noreferrer noopener\">Mari Carmen Gallarda<\/a>, <a href=\"https:\/\/www.focus.cat\/espectador\/pilar-garcia-cutillas\/\" target=\"_blank\" rel=\"noreferrer noopener\">Pilar Garc\u00eda Cutillas<\/a>, <a href=\"https:\/\/www.focus.cat\/espectador\/roser-gisbert\/\" target=\"_blank\" rel=\"noreferrer noopener\">Roser Gisbert<\/a> i <a href=\"https:\/\/www.focus.cat\/espectador\/ainhoa-moran\/\" target=\"_blank\" rel=\"noreferrer noopener\">Ainhoa Moran<\/a>.<\/p>\n<\/div>\n\n\n\n<div class=\"wp-block-column is-layout-flow wp-block-column-is-layout-flow\">\n<figure class=\"wp-block-image size-large\"><img loading=\"lazy\" decoding=\"async\" width=\"1124\" height=\"506\" src=\"https:\/\/www.lavillarroel.cat\/wp-content\/uploads\/sites\/5\/2025\/08\/bimb-1124x506.jpg\" alt=\"\" class=\"wp-image-4120\" srcset=\"https:\/\/www.lavillarroel.cat\/wp-content\/uploads\/sites\/5\/2025\/08\/bimb-1124x506.jpg 1124w, https:\/\/www.lavillarroel.cat\/wp-content\/uploads\/sites\/5\/2025\/08\/bimb-300x135.jpg 300w, https:\/\/www.lavillarroel.cat\/wp-content\/uploads\/sites\/5\/2025\/08\/bimb-800x360.jpg 800w, https:\/\/www.lavillarroel.cat\/wp-content\/uploads\/sites\/5\/2025\/08\/bimb-1536x691.jpg 1536w, https:\/\/www.lavillarroel.cat\/wp-content\/uploads\/sites\/5\/2025\/08\/bimb-1500x675.jpg 1500w, https:\/\/www.lavillarroel.cat\/wp-content\/uploads\/sites\/5\/2025\/08\/bimb.jpg 1600w\" sizes=\"auto, (max-width: 1124px) 100vw, 1124px\" \/><\/figure>\n<\/div>\n<\/div>\n<\/div>\n\n\n\n<div id=\"espais\" class=\"wp-block-group block-section is-layout-constrained wp-container-core-group-is-layout-9da16794 wp-block-group-is-layout-constrained\">\n<h2 class=\"wp-block-heading has-primary-color has-text-color has-xx-large-font-size\" style=\"text-transform:uppercase\">Espais<\/h2>\n\n\n\n<div class=\"wp-block-group is-content-justification-left is-layout-constrained wp-container-core-group-is-layout-0e0a5664 wp-block-group-is-layout-constrained\">\n<p class=\"has-medium-font-size\">Les portes de La Villarroel estan obertes al desenvolupament d\u2019esdeveniments empresarials, culturals o promocionals que busquin un entorn singular i amb valor afegit.<\/p>\n\n\n\n<div class=\"wp-block-group alignfull no-mobile-lateral-padding is-layout-flow wp-container-core-group-is-layout-b3ce9772 wp-block-group-is-layout-flow\" style=\"padding-top:0;padding-right:0;padding-bottom:0;padding-left:0\">\n<div class=\"wp-block-media-text alignwide has-media-on-the-right is-stacked-on-mobile is-vertically-aligned-center\" style=\"grid-template-columns:auto 49%\"><div class=\"wp-block-media-text__content\">\n<h2 class=\"wp-block-heading has-large-font-size\" id=\"fusce-porttitor-a-mi-at-suscipit-facilisis-dolo\"><strong>Caracter\u00edstiques<\/strong><\/h2>\n\n\n\n<p><strong>Aforament<\/strong><br>Grada A : 252 butaques<br>Grada B: 155 butaques<br><br><strong>Relaci\u00f3 p\u00fablic\/escena<\/strong><br>Escenari central<\/p>\n\n\n\n<p><strong>\u00daltima reforma<\/strong><br>Any 1987<\/p>\n\n\n\n<p><strong>Arquitecte<\/strong><br>Gilbert L\u00f3pez Atalaya<\/p>\n<\/div><figure class=\"wp-block-media-text__media\"><img loading=\"lazy\" decoding=\"async\" width=\"741\" height=\"418\" src=\"https:\/\/www.lavillarroel.cat\/wp-content\/uploads\/sites\/5\/2023\/05\/la-villarroel-teatre-barcelona-2-2.jpg\" alt=\"\" class=\"wp-image-3185 size-full\" srcset=\"https:\/\/www.lavillarroel.cat\/wp-content\/uploads\/sites\/5\/2023\/05\/la-villarroel-teatre-barcelona-2-2.jpg 741w, https:\/\/www.lavillarroel.cat\/wp-content\/uploads\/sites\/5\/2023\/05\/la-villarroel-teatre-barcelona-2-2-300x169.jpg 300w\" sizes=\"auto, (max-width: 741px) 100vw, 741px\" \/><\/figure><\/div>\n\n\n\n<div class=\"wp-block-media-text alignwide is-stacked-on-mobile is-vertically-aligned-center\" style=\"grid-template-columns:49% auto\"><figure class=\"wp-block-media-text__media\"><img loading=\"lazy\" decoding=\"async\" width=\"741\" height=\"444\" src=\"https:\/\/www.lavillarroel.cat\/wp-content\/uploads\/sites\/5\/2023\/05\/la-villarroel-teatre-barcelona-3-1.jpg\" alt=\"\" class=\"wp-image-3187 size-full\" srcset=\"https:\/\/www.lavillarroel.cat\/wp-content\/uploads\/sites\/5\/2023\/05\/la-villarroel-teatre-barcelona-3-1.jpg 741w, https:\/\/www.lavillarroel.cat\/wp-content\/uploads\/sites\/5\/2023\/05\/la-villarroel-teatre-barcelona-3-1-300x180.jpg 300w\" sizes=\"auto, (max-width: 741px) 100vw, 741px\" \/><\/figure><div class=\"wp-block-media-text__content\">\n<h2 class=\"wp-block-heading has-large-font-size\" id=\"fusce-porttitor-a-mi-at-suscipit-facilisis-dolo\"><strong>Dimensions de la sala<\/strong><\/h2>\n\n\n\n<p>Ample m\u00e0xim: 14,5m<br><br>Fons des de boca: 18,5m<br><br>Al\u00e7ada m\u00e0xim: 6,6<\/p>\n\n\n\n<h2 class=\"wp-block-heading has-large-font-size\" id=\"fusce-porttitor-a-mi-at-suscipit-facilisis-dolo\"><strong>Lloguer de l&#8217;espai<\/strong><\/h2>\n\n\n\n<p>Per a rebre m\u00e9s informaci\u00f3 sobre les caracter\u00edstiques de l\u2019espai, la disponibilitat de dates i les tarifes de lloguer podeu contactar amb:<\/p>\n\n\n\n<p><strong>Irene Hern\u00e1ndez<\/strong><br><a href=\"mailto:ihernandez@focus.cat\">ihernandez@focus.cat<\/a><br>Tel. 93 309 75 38<\/p>\n<\/div><\/div>\n\n\n\n<div class=\"wp-block-media-text alignwide has-media-on-the-right is-stacked-on-mobile is-vertically-aligned-center\" style=\"grid-template-columns:auto 49%\"><div class=\"wp-block-media-text__content\">\n<h2 class=\"wp-block-heading has-large-font-size\" id=\"fusce-porttitor-a-mi-at-suscipit-facilisis-dolo\"><strong>Serveis<\/strong><\/h2>\n\n\n\n<p><strong>Cafeteria<\/strong><\/p>\n\n\n\n<p>La Villarroel disposa&nbsp;de servei de cafeteria amb acc\u00e9s directe des del vest\u00edbul del teatre. La cafeteria estar\u00e0 oberta des d&#8217;una hora abans del comen\u00e7ament de la representaci\u00f3 fins a l&#8217;inici de l&#8217;espectacle.<\/p>\n<\/div><figure class=\"wp-block-media-text__media\"><img loading=\"lazy\" decoding=\"async\" width=\"741\" height=\"369\" src=\"https:\/\/www.lavillarroel.cat\/wp-content\/uploads\/sites\/5\/2023\/05\/LA-VILLA-Imagen9-1.png\" alt=\"\" class=\"wp-image-3190 size-full\" srcset=\"https:\/\/www.lavillarroel.cat\/wp-content\/uploads\/sites\/5\/2023\/05\/LA-VILLA-Imagen9-1.png 741w, https:\/\/www.lavillarroel.cat\/wp-content\/uploads\/sites\/5\/2023\/05\/LA-VILLA-Imagen9-1-300x149.png 300w\" sizes=\"auto, (max-width: 741px) 100vw, 741px\" \/><\/figure><\/div>\n<\/div>\n<\/div>\n<\/div>\n\n\n\n<div id=\"oficina\" class=\"wp-block-group block-section is-layout-constrained wp-container-core-group-is-layout-9da16794 wp-block-group-is-layout-constrained\">\n<h2 class=\"wp-block-heading has-primary-color has-text-color has-xx-large-font-size\" style=\"text-transform:uppercase\">Oficina t\u00c8cnica<\/h2>\n\n\n\n<div class=\"wp-block-columns is-layout-flex wp-container-core-columns-is-layout-c4788e2e wp-block-columns-is-layout-flex\">\n<div class=\"wp-block-column is-layout-flow wp-block-column-is-layout-flow\">\n<p class=\"has-medium-font-size\">Si necessiteu informaci\u00f3 sobre les caracter\u00edstiques t\u00e8cniques de La Villarroel podeu posar-vos en contacte amb l\u2019oficina t\u00e8cnica:<\/p>\n\n\n\n<div class=\"wp-block-group is-vertical is-layout-flex wp-container-core-group-is-layout-187baabe wp-block-group-is-layout-flex\">\n\n<a href=\"tel:934511234\" target=\"_self\" id=\"button-block_e8916bc01477350312f619a9489bedb1\" class=\"button black default hollow add-icon-on-left\">\n93 451 12 34<svg class=\"icon\" viewBox=\"0 0 60 60\"><use xlink:href=\"#phone\"><\/use><\/svg>\n\n<\/a>\n\n\n\n<a href=\"https:\/\/www.lavillarroel.cat\/wp-content\/uploads\/sites\/5\/2025\/10\/VILLARROEL_dossier-tecnic-2025-CAT.pdf\" target=\"_self\" id=\"button-block_19f70dccbcd6da3ab20bb2d8ee33c2ea\" class=\"button black default default add-icon-on-left\">\nDescarregar fitxa t\u00e8cnica<svg class=\"icon\" viewBox=\"0 0 60 60\"><use xlink:href=\"#download\"><\/use><\/svg>\n\n<\/a><\/div>\n<\/div>\n\n\n\n<div class=\"wp-block-column is-layout-flow wp-block-column-is-layout-flow\">\n<div class=\"wp-block-group is-layout-constrained wp-container-core-group-is-layout-7fca5b48 wp-block-group-is-layout-constrained\">\n<h3 class=\"wp-block-heading\">Director de l\u2019oficina t\u00e8cnica<\/h3>\n\n\n\n<p>Moi Cuenca<br><a href=\"mailto:mcuenca@focus.cat\">mcuenca@focus.cat<\/a><br>Tel. 93 309 75 38<\/p>\n<\/div>\n\n\n\n<div class=\"wp-block-group is-layout-constrained wp-container-core-group-is-layout-7fca5b48 wp-block-group-is-layout-constrained\">\n<h3 class=\"wp-block-heading\">Cap t\u00e8cnic del teatre<\/h3>\n\n\n\n<p>Andr\u00e9s Piza<br><a href=\"tecnicvillarroel@lavillarroel.cat\">tecnicvillarroel@lavillarroel.cat&nbsp;<\/a><\/p>\n<\/div>\n\n\n\n<div class=\"wp-block-group is-layout-constrained wp-container-core-group-is-layout-7fca5b48 wp-block-group-is-layout-constrained\">\n<h3 class=\"wp-block-heading\"><\/h3>\n<\/div>\n<\/div>\n<\/div>\n<\/div>\n\n\n\n<div id=\"patrocinadors\" class=\"wp-block-group block-section is-layout-flow wp-block-group-is-layout-flow\">\n<h2 class=\"wp-block-heading has-primary-color has-text-color has-xx-large-font-size\" style=\"text-transform:uppercase\">Patrocinadors<\/h2>\n\n\n\n<h3 class=\"wp-block-heading\">FORMEU PART D\u2019UNA EMPRESA COMPROMESA AMB LA CULTURA?<\/h3>\n\n\n\n<p>La Villarroel ofereix la possibilitat de patrocinar el conjunt de la seva programaci\u00f3 anual o algun dels seus espectacles de manera individualitzada.<\/p>\n\n\n\n<p>D\u2019aquesta manera, les empreses poden associar la seva imatge corporativa a la traject\u00f2ria del teatre i alhora gaudir d\u2019un ampli programa de contraprestacions.<br>Per a m\u00e9s informaci\u00f3 i elaboraci\u00f3 d\u2019una proposta adequada a les vostres necessitats us podeu posar en contacte amb:<\/p>\n\n\n\n<p><strong>Fabyan Salvador<\/strong><br><a href=\"mailto:fsalvador@grupfocus.cat\">fsalvador@grupfocus.cat<\/a><br>Tel. 93 309 75 38<\/p>\n\n\n\n<h4 class=\"wp-block-heading\">Patrocinador principal<\/h4>\n\n\n\n<div id=\"logos-block_688608643c2bd5495c82ee2d308d9ac8\" class=\"logos\">\n\n <div class=\"logos-clientes clearfix\">\n       \n            <div class=\"row align-left \">\n                                                              <a href=\"https:\/\/www.estrelladamm.com\/\" target=\"_blank\" class=\"no-external-link\">\n                                  <div class=\"logo-container\">\n                   \n                    <div class=\"caption\"><\/div>\n                    <img decoding=\"async\" class=\"\" src=\"https:\/\/www.lavillarroel.cat\/wp-content\/uploads\/sites\/5\/2025\/08\/Manual_Estrella_page-0010-300x129.png\" alt=\"\">\n                <\/div>\n                                         <\/a>\n                                               <\/div>\n        \n    <\/div>\n    \n<\/div>\n\n\n<h4 class=\"wp-block-heading\">Empreses patrocinadores<\/h4>\n\n\n\n<div id=\"logos-block_c969866f714cc363b9cff846286c9794\" class=\"logos\">\n\n <div class=\"logos-clientes clearfix\">\n       \n            <div class=\"row align-left \">\n                                                              <a href=\"https:\/\/www.halconviajes.com\/\" target=\"_blank\" class=\"no-external-link\">\n                                  <div class=\"logo-container\">\n                   \n                    <div class=\"caption\"><\/div>\n                    <img decoding=\"async\" class=\"\" src=\"https:\/\/www.lavillarroel.cat\/wp-content\/uploads\/sites\/5\/2025\/08\/HV_bn_horizontal_cat-01-300x128.jpg\" alt=\"\">\n                <\/div>\n                                         <\/a>\n                                                                                 <a href=\"https:\/\/docat.cat\/es\/inicio\/\" target=\"_blank\" class=\"no-external-link\">\n                                  <div class=\"logo-container\">\n                   \n                    <div class=\"caption\"><\/div>\n                    <img decoding=\"async\" class=\"\" src=\"https:\/\/www.lavillarroel.cat\/wp-content\/uploads\/sites\/5\/2021\/09\/logo-DO-PNG-vector-300x117-1.png\" alt=\"\">\n                <\/div>\n                                         <\/a>\n                                                                                 <a href=\"https:\/\/www.rowenta.es\/\" target=\"_blank\" class=\"no-external-link\">\n                                  <div class=\"logo-container\">\n                   \n                    <div class=\"caption\"><\/div>\n                    <img decoding=\"async\" class=\"\" src=\"https:\/\/www.lavillarroel.cat\/wp-content\/uploads\/sites\/5\/2023\/11\/rowenta-1-logo-png-transparentyi-300x56.png\" alt=\"\">\n                <\/div>\n                                         <\/a>\n                                                                                 <a href=\"https:\/\/www.coca-cola.com\/es\/es\" target=\"_blank\" class=\"no-external-link\">\n                                  <div class=\"logo-container\">\n                   \n                    <div class=\"caption\"><\/div>\n                    <img decoding=\"async\" class=\"\" src=\"https:\/\/www.lavillarroel.cat\/wp-content\/uploads\/sites\/5\/2021\/09\/cocacola-REF-300x109-1.png\" alt=\"\">\n                <\/div>\n                                         <\/a>\n                                               <\/div>\n        \n    <\/div>\n    \n<\/div>\n\n\n<h4 class=\"wp-block-heading\">Mitj\u00e0 de comunicaci\u00f3 oficial<\/h4>\n\n\n\n<div id=\"logos-block_13a2afa2add18fdbbb4ab44a759a3a62\" class=\"logos\">\n\n <div class=\"logos-clientes clearfix\">\n       \n            <div class=\"row align-left \">\n                                                              <a href=\"https:\/\/www.elperiodico.com\/\" target=\"_blank\" class=\"no-external-link\">\n                                  <div class=\"logo-container\">\n                   \n                    <div class=\"caption\"><\/div>\n                    <img decoding=\"async\" class=\"\" src=\"https:\/\/www.lavillarroel.cat\/wp-content\/uploads\/sites\/5\/2023\/11\/ELPERIODICO-LOGOTIPO-P-vermell_page-0001-300x84.png\" alt=\"\">\n                <\/div>\n                                         <\/a>\n                                               <\/div>\n        \n    <\/div>\n    \n<\/div>\n\n\n<h4 class=\"wp-block-heading\">Partner tecnol\u00f2gic<\/h4>\n\n\n\n<div id=\"logos-block_3790c2415ec76a27c6d49700053c07a3\" class=\"logos\">\n\n <div class=\"logos-clientes clearfix\">\n       \n            <div class=\"row align-left \">\n                                                              <a href=\"https:\/\/www.telefonica.es\/es\/\" target=\"_blank\" class=\"no-external-link\">\n                                  <div class=\"logo-container\">\n                   \n                    <div class=\"caption\"><\/div>\n                    <img decoding=\"async\" class=\"\" src=\"https:\/\/www.lavillarroel.cat\/wp-content\/uploads\/sites\/5\/2025\/08\/descarga-300x72.png\" alt=\"\">\n                <\/div>\n                                         <\/a>\n                                               <\/div>\n        \n    <\/div>\n    \n<\/div>\n\n\n<h4 class=\"wp-block-heading\">Amb la col\u00b7laboraci\u00f3 de<\/h4>\n\n\n\n<div id=\"logos-block_32be62d643e251e4c77c15903ca03552\" class=\"logos\">\n\n <div class=\"logos-clientes clearfix\">\n       \n            <div class=\"row align-left \">\n                                                              <a href=\"https:\/\/www.montibello.com\/esp\/\" target=\"_blank\" class=\"no-external-link\">\n                                  <div class=\"logo-container\">\n                   \n                    <div class=\"caption\"><\/div>\n                    <img decoding=\"async\" class=\"\" src=\"https:\/\/www.lavillarroel.cat\/wp-content\/uploads\/sites\/5\/2021\/09\/montibello.png\" alt=\"\">\n                <\/div>\n                                         <\/a>\n                                                                                 <a href=\"https:\/\/mikakus.com\/?\" target=\"_blank\" class=\"no-external-link\">\n                                  <div class=\"logo-container\">\n                   \n                    <div class=\"caption\"><\/div>\n                    <img decoding=\"async\" class=\"\" src=\"https:\/\/www.lavillarroel.cat\/wp-content\/uploads\/sites\/5\/2024\/02\/Mikakus_Barcelona_logo-bk_150x@2x.png\" alt=\"\">\n                <\/div>\n                                         <\/a>\n                                                                                 <a href=\"https:\/\/www.puntoblanco.com\/\" target=\"_blank\" class=\"no-external-link\">\n                                  <div class=\"logo-container\">\n                   \n                    <div class=\"caption\"><\/div>\n                    <img decoding=\"async\" class=\"\" src=\"https:\/\/www.lavillarroel.cat\/wp-content\/uploads\/sites\/5\/2021\/09\/punto-blanco.jpg\" alt=\"\">\n                <\/div>\n                                         <\/a>\n                                                                                 <a href=\"https:\/\/colors-up.com\/\" target=\"_blank\" class=\"no-external-link\">\n                                  <div class=\"logo-container\">\n                   \n                    <div class=\"caption\"><\/div>\n                    <img decoding=\"async\" class=\"\" src=\"https:\/\/www.lavillarroel.cat\/wp-content\/uploads\/sites\/5\/2025\/08\/images.png\" alt=\"\">\n                <\/div>\n                                         <\/a>\n                                                                                 <a href=\"https:\/\/teatroaccesible.com\/ca\/\" target=\"_blank\" class=\"no-external-link\">\n                                  <div class=\"logo-container\">\n                   \n                    <div class=\"caption\"><\/div>\n                    <img decoding=\"async\" class=\"\" src=\"https:\/\/www.lavillarroel.cat\/wp-content\/uploads\/sites\/5\/2023\/04\/LogoCompletoTA-300x90-1.png\" alt=\"\">\n                <\/div>\n                                         <\/a>\n                                                                                 <a href=\"https:\/\/www.renfe.com\/es\/es\" target=\"_blank\" class=\"no-external-link\">\n                                  <div class=\"logo-container\">\n                   \n                    <div class=\"caption\"><\/div>\n                    <img decoding=\"async\" class=\"\" src=\"https:\/\/www.lavillarroel.cat\/wp-content\/uploads\/sites\/5\/2023\/04\/thumbnail_Logo-Renfe_R_2425-300x113-1.png\" alt=\"\">\n                <\/div>\n                                         <\/a>\n                                               <\/div>\n        \n    <\/div>\n    \n<\/div>\n\n\n<h4 class=\"wp-block-heading\">Institucions<\/h4>\n\n\n\n<div id=\"logos-block_234180d1c5b6e0684aac2fe59d28a08d\" class=\"logos instituciones\">\n\n <div class=\"logos-clientes clearfix\">\n       \n            <div class=\"row align-left \">\n                                                      <div class=\"logo-container\">\n                   \n                    <div class=\"caption\"><\/div>\n                    <img decoding=\"async\" class=\"\" src=\"https:\/\/www.lavillarroel.cat\/wp-content\/uploads\/sites\/5\/2025\/02\/icec-300x54.png\" alt=\"\">\n                <\/div>\n                                                                       <div class=\"logo-container\">\n                   \n                    <div class=\"caption\"><\/div>\n                    <img decoding=\"async\" class=\"\" src=\"https:\/\/www.lavillarroel.cat\/wp-content\/uploads\/sites\/5\/2025\/02\/gencat_color-300x98.png\" alt=\"\">\n                <\/div>\n                                                                       <div class=\"logo-container\">\n                   \n                    <div class=\"caption\"><\/div>\n                    <img decoding=\"async\" class=\"\" src=\"https:\/\/www.lavillarroel.cat\/wp-content\/uploads\/sites\/5\/2023\/04\/ajuntament-de-barcelona-limes_reduides-15_rgb-770x288-1-300x112.png\" alt=\"\">\n                <\/div>\n                                                                       <div class=\"logo-container\">\n                   \n                    <div class=\"caption\"><\/div>\n                    <img decoding=\"async\" class=\"\" src=\"https:\/\/www.lavillarroel.cat\/wp-content\/uploads\/sites\/5\/2023\/05\/institut-ramon-llull.jpg\" alt=\"\">\n                <\/div>\n                                                                       <div class=\"logo-container\">\n                   \n                    <div class=\"caption\"><\/div>\n                    <img decoding=\"async\" class=\"\" src=\"https:\/\/www.lavillarroel.cat\/wp-content\/uploads\/sites\/5\/2023\/10\/Sin-titulo-1.png\" alt=\"\">\n                <\/div>\n                                                                       <div class=\"logo-container\">\n                   \n                    <div class=\"caption\"><\/div>\n                    <img decoding=\"async\" class=\"\" src=\"https:\/\/www.lavillarroel.cat\/wp-content\/uploads\/sites\/5\/2023\/11\/INAEM-02-CAJETIN-ROJO-2-300x53.png\" alt=\"\">\n                <\/div>\n                                                                       <div class=\"logo-container\">\n                   \n                    <div class=\"caption\"><\/div>\n                    <img decoding=\"async\" class=\"\" src=\"https:\/\/www.lavillarroel.cat\/wp-content\/uploads\/sites\/5\/2023\/10\/Logo-PRTR-dos-lineas_COLOR-300x169.png\" alt=\"\">\n                <\/div>\n                                                                       <div class=\"logo-container\">\n                   \n                    <div class=\"caption\"><\/div>\n                    <img decoding=\"async\" class=\"\" src=\"https:\/\/www.lavillarroel.cat\/wp-content\/uploads\/sites\/5\/2025\/04\/thumbnail_image002.png\" alt=\"\">\n                <\/div>\n                                             <\/div>\n        \n    <\/div>\n    \n<\/div><\/div>\n\n\n\n<div id=\"accessibilitat\" class=\"wp-block-group block-section is-content-justification-left is-layout-constrained wp-container-core-group-is-layout-41eec817 wp-block-group-is-layout-constrained\">\n<h2 class=\"wp-block-heading has-primary-color has-text-color has-xx-large-font-size\" style=\"text-transform:uppercase\">Accessibilitat<\/h2>\n\n\n\n<div class=\"wp-block-group is-nowrap is-layout-flex wp-container-core-group-is-layout-6c531013 wp-block-group-is-layout-flex\">\n\n<div class=\"icon-circle black solid default\">\n<svg class=\"icon\" viewBox=\"0 0 60 60\"><use xlink:href=\"#accessible\"><\/use><\/svg><\/div>\n\n\n\n<h3 class=\"wp-block-heading\">Atenci\u00f3 especial i accessos per a persones amb mobilitat redu\u00efda<\/h3>\n<\/div>\n\n\n\n<p>Accessos i banys adaptats per a persones amb mobilitat redu\u00efda.<br>Per a comprar un seient de movilitat redu\u00efda, si us plau truquin a la taquilla del teatre i efectu\u00efn la reserva. El mateix dia de la funci\u00f3 la podran pagar fins a mitja hora abans de l\u2019inici.<\/p>\n\n\n\n<div class=\"wp-block-group is-nowrap is-layout-flex wp-container-core-group-is-layout-6c531013 wp-block-group-is-layout-flex\">\n\n<div class=\"icon-circle black solid default\">\n<svg class=\"icon\" viewBox=\"0 0 60 60\"><use xlink:href=\"#hearing\"><\/use><\/svg><\/div>\n\n\n\n<h3 class=\"wp-block-heading\">Atenci\u00f3 especial per a persones amb diversitats auditives<\/h3>\n<\/div>\n\n\n\n<p>El teatre compta amb l\u2019instal\u00b7laci\u00f3 d\u2019un bucle magn\u00e8tic que permet millorar l\u2019experi\u00e8ncia a les persones amb disminuci\u00f3 auditiva.<br>El personal de sala els proporcionar\u00e0 el servei i qualsevol informaci\u00f3 complement\u00e0ria que necessiteu.<\/p>\n\n\n\n<div class=\"wp-block-group is-nowrap is-layout-flex wp-container-core-group-is-layout-6c531013 wp-block-group-is-layout-flex\">\n\n<div class=\"icon-circle black solid default\">\n<svg class=\"icon\" viewBox=\"0 0 60 60\"><use xlink:href=\"#closed-captioning\"><\/use><\/svg><\/div>\n\n\n\n<h3 class=\"wp-block-heading\"><strong>Servei de subtitulaci\u00f3<\/strong><\/h3>\n<\/div>\n\n\n\n<p>Aquest servei s&#8217;ofereix per al p\u00fablic amb dificultats greus d&#8217;audici\u00f3&nbsp;i\/o&nbsp;per poder subtitular en catal\u00e0 espectacles en un altre idioma. El p\u00fablic podr\u00e0 seguir la funci\u00f3 sense perdre l&#8217;argument i l&#8217;acci\u00f3.<br>El personal de sala els proporcionar\u00e0 qualsevol informaci\u00f3 complement\u00e0ria que necessitin.<br>Aquest sistema de subtitulaci\u00f3 en directe s&#8217;ofereix en funcions concretes de la temporada i s&#8217;anuncien a la programaci\u00f3.<\/p>\n\n\n\n<div class=\"wp-block-group is-nowrap is-layout-flex wp-container-core-group-is-layout-6c531013 wp-block-group-is-layout-flex\">\n\n<div class=\"icon-circle black solid default\">\n<svg class=\"icon\" viewBox=\"0 0 60 60\"><use xlink:href=\"#audio-description\"><\/use><\/svg><\/div>\n\n\n\n<h3 class=\"wp-block-heading\"><strong>Servei d\u2019audiodescripci\u00f3<\/strong><\/h3>\n<\/div>\n\n\n\n<p>El teatre far\u00e0 un seguit de funcions de cada espectacle amb l&#8217;adaptaci\u00f3 d&#8217;audiodescripci\u00f3.<br>Aquest sistema d&#8217;audiodescripci\u00f3 en directe s&#8217;ofereix en funcions concretes de la temporada i s&#8217;anuncien a la programaci\u00f3.<\/p>\n\n\n\n<p><br><\/p>\n<\/div>\n\n\n\n<div id=\"sostenibilitat\" class=\"wp-block-group block-section is-layout-constrained wp-container-core-group-is-layout-346627ba wp-block-group-is-layout-constrained\">\n<h2 class=\"wp-block-heading has-primary-color has-text-color has-xx-large-font-size\" style=\"text-transform:uppercase\"><strong>SOSTENIBILITAT<\/strong><\/h2>\n\n\n\n<p>A La Villarroel estem compromesos amb la protecci\u00f3 del medi ambient. Descarrega\u2019t m\u00e9s informaci\u00f3 sobre el Distintiu de garantia de qualitat ambiental per con\u00e8ixer les pr\u00e0ctiques sostenibles que hem implantat, i descobreix com pots unir-te per promoure un futur m\u00e9s verd.<\/p>\n\n\n\n<div class=\"wp-block-group is-vertical is-layout-flex wp-container-core-group-is-layout-fe9cc265 wp-block-group-is-layout-flex\">\n<div class=\"wp-block-columns is-layout-flex wp-container-core-columns-is-layout-28f84493 wp-block-columns-is-layout-flex\">\n<div class=\"wp-block-column is-layout-flow wp-block-column-is-layout-flow\">\n<figure class=\"wp-block-image size-full is-resized\"><img decoding=\"async\" src=\"https:\/\/www.teatrecondal.cat\/wp-content\/uploads\/sites\/3\/2024\/08\/Dgqa_Horitzontal_CAT_COLOR-1.jpg\" alt=\"\" class=\"wp-image-5102\" style=\"width:380px;height:auto\" \/><\/figure>\n<\/div>\n<\/div>\n\n\n\n\n<a href=\"https:\/\/www.lavillarroel.cat\/wp-content\/uploads\/sites\/5\/2024\/03\/Inf-Distintiu-ambiental-amb-explicacio-Villarroel.pdf\" target=\"_self\" id=\"button-block_85370832f06ce20edab5faaddf484145\" class=\"button black default default add-icon-on-left\">\nBones pr\u00e0ctiques de sostenibilitat<svg class=\"icon\" viewBox=\"0 0 60 60\"><use xlink:href=\"#download\"><\/use><\/svg>\n\n<\/a>\n\n\n\n<a href=\"https:\/\/www.lavillarroel.cat\/wp-content\/uploads\/sites\/5\/2024\/09\/Certificat-Villarroel.pdf\" target=\"_self\" id=\"button-block_6b17085b28c4fa6ebd31b2f68c470327\" class=\"button default default default add-icon-on-left\">\nDistintiu de garantia de qualitat ambiental<svg class=\"icon\" viewBox=\"0 0 60 60\"><use xlink:href=\"#download\"><\/use><\/svg>\n\n<\/a><\/div>\n<\/div>\n\n\n\n<div id=\"contacte\" class=\"wp-block-group block-section is-layout-constrained wp-container-core-group-is-layout-9da16794 wp-block-group-is-layout-constrained\">\n<h2 class=\"wp-block-heading has-primary-color has-text-color has-xx-large-font-size\" style=\"text-transform:uppercase\">Contacte<\/h2>\n\n\n\n<div class=\"wp-block-group is-layout-constrained wp-container-core-group-is-layout-9da16794 wp-block-group-is-layout-constrained\">\n<h3 class=\"wp-block-heading has-x-large-font-size\" style=\"text-transform:uppercase\">Com arribar<\/h3>\n\n\n\n<div class=\"wp-block-columns is-layout-flex wp-container-core-columns-is-layout-c4788e2e wp-block-columns-is-layout-flex\">\n<div class=\"wp-block-column is-layout-flow wp-block-column-is-layout-flow\">\n<p class=\"has-medium-font-size\">C\/ Villarroel, 87<br>08011 Barcelona<\/p>\n\n\n\n<div class=\"wp-block-group is-vertical is-layout-flex wp-container-core-group-is-layout-187baabe wp-block-group-is-layout-flex\">\n\n<a href=\"https:\/\/goo.gl\/maps\/e5fihrttFukbJWwf8\" target=\"_self\" id=\"button-block_01d4effb26a96edf00b7235bfd097c7a\" class=\"button black default clear add-icon-on-left\">\nveure mapa<svg class=\"icon\" viewBox=\"0 0 60 60\"><use xlink:href=\"#location\"><\/use><\/svg>\n\n<\/a><\/div>\n<\/div>\n\n\n\n<div class=\"wp-block-column is-layout-flow wp-block-column-is-layout-flow\">\n<div class=\"wp-block-group is-layout-constrained wp-container-core-group-is-layout-e0082cf6 wp-block-group-is-layout-constrained\">\n<h3 class=\"wp-block-heading\">Metro<\/h3>\n\n\n\n<p>L1 Urgell<br>L5 Hospital Cl\u00ednic<\/p>\n<\/div>\n\n\n\n<div class=\"wp-block-group is-layout-constrained wp-container-core-group-is-layout-e0082cf6 wp-block-group-is-layout-constrained\">\n<h3 class=\"wp-block-heading\">Bus<\/h3>\n\n\n\n<p>59, V11, H12, 121<\/p>\n<\/div>\n\n\n\n<div class=\"wp-block-group is-layout-constrained wp-container-core-group-is-layout-e0082cf6 wp-block-group-is-layout-constrained\">\n<h3 class=\"wp-block-heading\">Nit Bus<\/h3>\n\n\n\n<p>N1, N2, N12, N13, N14, N15, N16, N17, N18, N28<\/p>\n<\/div>\n\n\n\n<div class=\"wp-block-group is-layout-constrained wp-container-core-group-is-layout-e0082cf6 wp-block-group-is-layout-constrained\"><\/div>\n\n\n\n<div class=\"wp-block-group is-layout-constrained wp-container-core-group-is-layout-e0082cf6 wp-block-group-is-layout-constrained\"><\/div>\n<\/div>\n\n\n\n<div class=\"wp-block-column is-layout-flow wp-block-column-is-layout-flow\">\n<h3 class=\"wp-block-heading\">Aparcaments<\/h3>\n\n\n\n<p><strong>Villarroel<\/strong><br>C\/ Villarroel, 60<\/p>\n\n\n\n<p><strong>P\u00e0rking Cerdanya<\/strong><br>C\/ Casanova, 66 <br>Passatge Valeri Serra, 21<\/p>\n<\/div>\n<\/div>\n<\/div>\n\n\n\n<div class=\"wp-block-group is-layout-constrained wp-container-core-group-is-layout-9da16794 wp-block-group-is-layout-constrained\">\n<h3 class=\"wp-block-heading has-x-large-font-size\" style=\"text-transform:uppercase\">Departaments<\/h3>\n\n\n\n<div class=\"wp-block-columns is-layout-flex wp-container-core-columns-is-layout-c4788e2e wp-block-columns-is-layout-flex\">\n<div class=\"wp-block-column is-layout-flow wp-block-column-is-layout-flow\"><\/div>\n\n\n\n<div class=\"wp-block-column is-layout-flow wp-block-column-is-layout-flow\">\n<div class=\"wp-block-group is-layout-constrained wp-container-core-group-is-layout-e0082cf6 wp-block-group-is-layout-constrained\">\n<h3 class=\"wp-block-heading\">Informaci\u00f3 general<\/h3>\n\n\n\n<p><strong>Taquilla<\/strong> (horari de tarda): 93 451 12 34<br><a href=\"mailto:taquilla@lavillarroel.cat\"><a href=\"mailto:taquilla@lavillarroel.cat\">taquilla@lavillarroel.cat<\/a><\/a><\/p>\n\n\n\n<p>Obertes de <strong>dimarts a divendres<\/strong> de 17:30 h, quan hi hagi funci\u00f3, fins a l\u2019hora d\u2019inici de l\u2019espectacle.<br><strong>Dissabtes i diumenges<\/strong>, a partir de les 16:30 h fins a l\u2019hora d\u2019inici de l\u2019espectacle.<br><strong>Horari d\u2019atenci\u00f3 telef\u00f2nica<\/strong>: a la tarda, els dies de funci\u00f3.<br>* <em>Les entrades comprades a taquilla tamb\u00e9 inclouen despeses de gesti\u00f3<\/em>.<\/p>\n<\/div>\n\n\n\n<div class=\"wp-block-group is-layout-constrained wp-container-core-group-is-layout-e0082cf6 wp-block-group-is-layout-constrained\">\n<h3 class=\"wp-block-heading\">Cap de sala<\/h3>\n\n\n\n<p>Eloi Alberola<\/p>\n<\/div>\n\n\n\n<div class=\"wp-block-group is-layout-constrained wp-container-core-group-is-layout-e0082cf6 wp-block-group-is-layout-constrained\">\n<h3 class=\"wp-block-heading\">Serveis a empreses<\/h3>\n\n\n\n<p>Irene Hern\u00e1ndez<br><a href=\"mailto:ihernandez@focus.cat\">ihernandez@focus.cat<\/a><br>Tel. 93 309 75 38<\/p>\n<\/div>\n<\/div>\n\n\n\n<div class=\"wp-block-column is-layout-flow wp-block-column-is-layout-flow\">\n<div class=\"wp-block-group is-layout-constrained wp-container-core-group-is-layout-e0082cf6 wp-block-group-is-layout-constrained\">\n<h3 class=\"wp-block-heading\">Departament de premsa<\/h3>\n\n\n\n<p><a href=\"mailto:premsa@focus.cat\">premsa@focus.cat<\/a><br>Tel. 93 309 75 38<\/p>\n\n\n\n\n<a href=\"https:\/\/www.focus.cat\/teatre\/#premsa\" target=\"_self\" id=\"button-block_19128c74075a909ac149963587524cc4\" class=\"button black small default\">\nSala de Premsa\n\n<\/a><\/div>\n\n\n\n<div class=\"wp-block-group is-layout-constrained wp-container-core-group-is-layout-e0082cf6 wp-block-group-is-layout-constrained\">\n<h3 class=\"wp-block-heading\">Villarroel internacional<\/h3>\n\n\n\n<p><a href=\"mailto:international@focus.cat\">international@focus.cat<\/a><br>Tel. +34 93 309 75 38<\/p>\n<\/div>\n<\/div>\n<\/div>\n<\/div>\n<\/div>\n","protected":false},"excerpt":{"rendered":"<p>Hist\u00f2ria Fundada l\u2019any 1972 en un intent de crear un teatre proper a la classe obrera,&nbsp;La Villarroel&nbsp;sempre s\u2019ha distingit per la seva vitalitat i pel seu comprom\u00eds social. El 2005, el Grup Focus assumeix la responsabilitat de gesti\u00f3 i programaci\u00f3 del teatre a tots els nivells, i encarrega la direcci\u00f3 art\u00edstica al director argent\u00ed Javier<a class=\"excerpt-read-more\" href=\"https:\/\/www.lavillarroel.cat\/ca\/el-teatre\/\" title=\"LlegeixEl teatre\"> &#8230; Llegeix m\u00e9s<\/a><\/p>\n","protected":false},"author":1,"featured_media":0,"parent":0,"menu_order":0,"comment_status":"closed","ping_status":"closed","template":"","meta":{"_acf_changed":false,"footnotes":""},"class_list":["post-22","page","type-page","status-publish","hentry"],"acf":{"page_description":""},"yoast_head":"<!-- This site is optimized with the Yoast SEO plugin v27.5 - https:\/\/yoast.com\/product\/yoast-seo-wordpress\/ -->\n<title>El teatre - La Villarroel<\/title>\n<meta name=\"robots\" content=\"index, follow, max-snippet:-1, max-image-preview:large, max-video-preview:-1\" \/>\n<link rel=\"canonical\" href=\"https:\/\/www.lavillarroel.cat\/ca\/el-teatre\/\" \/>\n<meta name=\"twitter:label1\" content=\"Temps estimat de lectura\" \/>\n\t<meta name=\"twitter:data1\" content=\"8 minuts\" \/>\n<script type=\"application\/ld+json\" class=\"yoast-schema-graph\">{\"@context\":\"https:\\\/\\\/schema.org\",\"@graph\":[{\"@type\":\"WebPage\",\"@id\":\"https:\\\/\\\/www.lavillarroel.cat\\\/ca\\\/el-teatre\\\/\",\"url\":\"https:\\\/\\\/www.lavillarroel.cat\\\/ca\\\/el-teatre\\\/\",\"name\":\"El teatre - La Villarroel\",\"isPartOf\":{\"@id\":\"https:\\\/\\\/www.lavillarroel.cat\\\/ca\\\/#website\"},\"primaryImageOfPage\":{\"@id\":\"https:\\\/\\\/www.lavillarroel.cat\\\/ca\\\/el-teatre\\\/#primaryimage\"},\"image\":{\"@id\":\"https:\\\/\\\/www.lavillarroel.cat\\\/ca\\\/el-teatre\\\/#primaryimage\"},\"thumbnailUrl\":\"https:\\\/\\\/www.lavillarroel.cat\\\/wp-content\\\/uploads\\\/sites\\\/5\\\/2023\\\/05\\\/tania-brenlle-directora-la-villarroel-teatre-barcelona-1.jpg\",\"datePublished\":\"2017-09-19T07:49:01+00:00\",\"dateModified\":\"2026-03-26T17:00:15+00:00\",\"breadcrumb\":{\"@id\":\"https:\\\/\\\/www.lavillarroel.cat\\\/ca\\\/el-teatre\\\/#breadcrumb\"},\"inLanguage\":\"ca\",\"potentialAction\":[{\"@type\":\"ReadAction\",\"target\":[\"https:\\\/\\\/www.lavillarroel.cat\\\/ca\\\/el-teatre\\\/\"]}]},{\"@type\":\"ImageObject\",\"inLanguage\":\"ca\",\"@id\":\"https:\\\/\\\/www.lavillarroel.cat\\\/ca\\\/el-teatre\\\/#primaryimage\",\"url\":\"https:\\\/\\\/www.lavillarroel.cat\\\/wp-content\\\/uploads\\\/sites\\\/5\\\/2023\\\/05\\\/tania-brenlle-directora-la-villarroel-teatre-barcelona-1.jpg\",\"contentUrl\":\"https:\\\/\\\/www.lavillarroel.cat\\\/wp-content\\\/uploads\\\/sites\\\/5\\\/2023\\\/05\\\/tania-brenlle-directora-la-villarroel-teatre-barcelona-1.jpg\"},{\"@type\":\"BreadcrumbList\",\"@id\":\"https:\\\/\\\/www.lavillarroel.cat\\\/ca\\\/el-teatre\\\/#breadcrumb\",\"itemListElement\":[{\"@type\":\"ListItem\",\"position\":1,\"name\":\"Inici\",\"item\":\"https:\\\/\\\/www.lavillarroel.cat\\\/ca\\\/\"},{\"@type\":\"ListItem\",\"position\":2,\"name\":\"El teatre\"}]},{\"@type\":\"WebSite\",\"@id\":\"https:\\\/\\\/www.lavillarroel.cat\\\/ca\\\/#website\",\"url\":\"https:\\\/\\\/www.lavillarroel.cat\\\/ca\\\/\",\"name\":\"La Villarroel\",\"description\":\"\",\"publisher\":{\"@id\":\"https:\\\/\\\/www.lavillarroel.cat\\\/ca\\\/#organization\"},\"potentialAction\":[{\"@type\":\"SearchAction\",\"target\":{\"@type\":\"EntryPoint\",\"urlTemplate\":\"https:\\\/\\\/www.lavillarroel.cat\\\/ca\\\/?s={search_term_string}\"},\"query-input\":{\"@type\":\"PropertyValueSpecification\",\"valueRequired\":true,\"valueName\":\"search_term_string\"}}],\"inLanguage\":\"ca\"},{\"@type\":\"Organization\",\"@id\":\"https:\\\/\\\/www.lavillarroel.cat\\\/ca\\\/#organization\",\"name\":\"La Villarroel\",\"url\":\"https:\\\/\\\/www.lavillarroel.cat\\\/ca\\\/\",\"logo\":{\"@type\":\"ImageObject\",\"inLanguage\":\"ca\",\"@id\":\"https:\\\/\\\/www.lavillarroel.cat\\\/ca\\\/#\\\/schema\\\/logo\\\/image\\\/\",\"url\":\"https:\\\/\\\/www.lavillarroel.cat\\\/wp-content\\\/uploads\\\/sites\\\/5\\\/2017\\\/09\\\/teatre-villaroel-logo.svg\",\"contentUrl\":\"https:\\\/\\\/www.lavillarroel.cat\\\/wp-content\\\/uploads\\\/sites\\\/5\\\/2017\\\/09\\\/teatre-villaroel-logo.svg\",\"width\":1,\"height\":1,\"caption\":\"La Villarroel\"},\"image\":{\"@id\":\"https:\\\/\\\/www.lavillarroel.cat\\\/ca\\\/#\\\/schema\\\/logo\\\/image\\\/\"},\"sameAs\":[\"http:\\\/\\\/www.facebook.com\\\/TeatreVillarroel\",\"https:\\\/\\\/x.com\\\/la_villarroel\",\"http:\\\/\\\/instagram.com\\\/la_villarroel\",\"http:\\\/\\\/www.youtube.com\\\/user\\\/LaVillarroel#p\\\/u\"]}]}<\/script>\n<!-- \/ Yoast SEO plugin. -->","yoast_head_json":{"title":"El teatre - La Villarroel","robots":{"index":"index","follow":"follow","max-snippet":"max-snippet:-1","max-image-preview":"max-image-preview:large","max-video-preview":"max-video-preview:-1"},"canonical":"https:\/\/www.lavillarroel.cat\/ca\/el-teatre\/","twitter_misc":{"Temps estimat de lectura":"8 minuts"},"schema":{"@context":"https:\/\/schema.org","@graph":[{"@type":"WebPage","@id":"https:\/\/www.lavillarroel.cat\/ca\/el-teatre\/","url":"https:\/\/www.lavillarroel.cat\/ca\/el-teatre\/","name":"El teatre - La Villarroel","isPartOf":{"@id":"https:\/\/www.lavillarroel.cat\/ca\/#website"},"primaryImageOfPage":{"@id":"https:\/\/www.lavillarroel.cat\/ca\/el-teatre\/#primaryimage"},"image":{"@id":"https:\/\/www.lavillarroel.cat\/ca\/el-teatre\/#primaryimage"},"thumbnailUrl":"https:\/\/www.lavillarroel.cat\/wp-content\/uploads\/sites\/5\/2023\/05\/tania-brenlle-directora-la-villarroel-teatre-barcelona-1.jpg","datePublished":"2017-09-19T07:49:01+00:00","dateModified":"2026-03-26T17:00:15+00:00","breadcrumb":{"@id":"https:\/\/www.lavillarroel.cat\/ca\/el-teatre\/#breadcrumb"},"inLanguage":"ca","potentialAction":[{"@type":"ReadAction","target":["https:\/\/www.lavillarroel.cat\/ca\/el-teatre\/"]}]},{"@type":"ImageObject","inLanguage":"ca","@id":"https:\/\/www.lavillarroel.cat\/ca\/el-teatre\/#primaryimage","url":"https:\/\/www.lavillarroel.cat\/wp-content\/uploads\/sites\/5\/2023\/05\/tania-brenlle-directora-la-villarroel-teatre-barcelona-1.jpg","contentUrl":"https:\/\/www.lavillarroel.cat\/wp-content\/uploads\/sites\/5\/2023\/05\/tania-brenlle-directora-la-villarroel-teatre-barcelona-1.jpg"},{"@type":"BreadcrumbList","@id":"https:\/\/www.lavillarroel.cat\/ca\/el-teatre\/#breadcrumb","itemListElement":[{"@type":"ListItem","position":1,"name":"Inici","item":"https:\/\/www.lavillarroel.cat\/ca\/"},{"@type":"ListItem","position":2,"name":"El teatre"}]},{"@type":"WebSite","@id":"https:\/\/www.lavillarroel.cat\/ca\/#website","url":"https:\/\/www.lavillarroel.cat\/ca\/","name":"La Villarroel","description":"","publisher":{"@id":"https:\/\/www.lavillarroel.cat\/ca\/#organization"},"potentialAction":[{"@type":"SearchAction","target":{"@type":"EntryPoint","urlTemplate":"https:\/\/www.lavillarroel.cat\/ca\/?s={search_term_string}"},"query-input":{"@type":"PropertyValueSpecification","valueRequired":true,"valueName":"search_term_string"}}],"inLanguage":"ca"},{"@type":"Organization","@id":"https:\/\/www.lavillarroel.cat\/ca\/#organization","name":"La Villarroel","url":"https:\/\/www.lavillarroel.cat\/ca\/","logo":{"@type":"ImageObject","inLanguage":"ca","@id":"https:\/\/www.lavillarroel.cat\/ca\/#\/schema\/logo\/image\/","url":"https:\/\/www.lavillarroel.cat\/wp-content\/uploads\/sites\/5\/2017\/09\/teatre-villaroel-logo.svg","contentUrl":"https:\/\/www.lavillarroel.cat\/wp-content\/uploads\/sites\/5\/2017\/09\/teatre-villaroel-logo.svg","width":1,"height":1,"caption":"La Villarroel"},"image":{"@id":"https:\/\/www.lavillarroel.cat\/ca\/#\/schema\/logo\/image\/"},"sameAs":["http:\/\/www.facebook.com\/TeatreVillarroel","https:\/\/x.com\/la_villarroel","http:\/\/instagram.com\/la_villarroel","http:\/\/www.youtube.com\/user\/LaVillarroel#p\/u"]}]}},"_links":{"self":[{"href":"https:\/\/www.lavillarroel.cat\/ca\/wp-json\/wp\/v2\/pages\/22","targetHints":{"allow":["GET"]}}],"collection":[{"href":"https:\/\/www.lavillarroel.cat\/ca\/wp-json\/wp\/v2\/pages"}],"about":[{"href":"https:\/\/www.lavillarroel.cat\/ca\/wp-json\/wp\/v2\/types\/page"}],"author":[{"embeddable":true,"href":"https:\/\/www.lavillarroel.cat\/ca\/wp-json\/wp\/v2\/users\/1"}],"replies":[{"embeddable":true,"href":"https:\/\/www.lavillarroel.cat\/ca\/wp-json\/wp\/v2\/comments?post=22"}],"version-history":[{"count":0,"href":"https:\/\/www.lavillarroel.cat\/ca\/wp-json\/wp\/v2\/pages\/22\/revisions"}],"wp:attachment":[{"href":"https:\/\/www.lavillarroel.cat\/ca\/wp-json\/wp\/v2\/media?parent=22"}],"curies":[{"name":"wp","href":"https:\/\/api.w.org\/{rel}","templated":true}]}}