{"id":2846,"date":"2017-09-19T08:39:47","date_gmt":"2017-09-19T06:39:47","guid":{"rendered":"https:\/\/pre.lavillarroel.cat\/ex\/\/la-llista\/"},"modified":"2017-09-19T08:39:47","modified_gmt":"2017-09-19T06:39:47","slug":"la-llista","status":"publish","type":"ex","link":"https:\/\/www.lavillarroel.cat\/es\/ex\/la-llista\/","title":{"rendered":"La llista"},"content":{"rendered":"","protected":false},"excerpt":{"rendered":"","protected":false},"author":2,"featured_media":0,"comment_status":"closed","ping_status":"closed","template":"","class_list":["post-2846","ex","type-ex","status-publish","hentry","season-2015-16"],"acf":{"txt_synopsis":"<p>Obra para una actriz. Una mujer que esquiva la vida. Frases cortas, que nos descubren su mundo interior, configuran la trama y nos ayudan a descubrir la vida de Ella y el porqu\u00e9 de su remordimiento. Un texto de alcance universal en el que se refleja una sociedad cada vez m\u00e1s alejada de las cosas esenciales, perdida en las obligaciones cotidianas y desconectada de los hechos m\u00e1s sencillos. Una posibilidad de cambio. Un relato en formato de lista.<\/p>\n<p>Espect\u00e1culo en catal\u00e1n.<\/p>\n<p><strong>Duraci\u00f3n:<\/strong> 1 hora&nbsp;y 10 minutos.<\/p>","main_buy_link":"#","main_buy_links":"","group_buy_link":"","show_language":"","show_duration":"","show_start_date":"20160413000000","show_end_date":"20160501000000","show_sort_date":"20160318000000","txt_custom_show_dates":"del 13 de abril al 1 de mayo de 2016","show_disciplines":"","show_ultimes_funcions":false,"hide_tarifes_especials":false,"show_properament":false,"txt_additional_info":"","txt_present":"","show_season":[87],"txt_season":"[\"2015\/16\"]","txt_cycle":"","txt_claim":"","txt_cast_excerpt":"de Jennifer Tremblay<br \/><strong>Direcci\u00f3n: <\/strong>Allegra Fulton <br \/><strong>Int\u00e9rprete:<\/strong> Laia Marull <br \/><strong>Traducci\u00f3n:<\/strong> Cristina Genebat","txt_cast":"<p><strong>La llista <br \/><\/strong>de Jennifer Tremblay<br \/><strong>Direcci\u00f3n:<\/strong> Allegra Fulton <br \/><strong>Int\u00e9rprete:<\/strong> Laia Marull <br \/><strong>Traducci\u00f3n:<\/strong> Cristina Genebat<br \/><strong>Escenograf\u00eda y vestuario:<\/strong> Jose Novoa <br \/><strong>Caracterizaci\u00f3n:<\/strong> Paula Ayuso <br \/><strong>Iluminaci\u00f3n:<\/strong> Mingo Albir<br \/><strong>V\u00eddeo:<\/strong> Ramon Balagu\u00e9 y Kitiara Ferran (Minifilms) <br \/><strong>Espacio sonoro:<\/strong> Mar Orfila <br \/><strong>Ayudante de direcci\u00f3n:<\/strong> Mia Esteve<br \/><strong>Jefe t\u00e9cnico:<\/strong> Arnau Planchart<br \/><strong>Realizaci\u00f3n de vestuario:<\/strong> Goretti <br \/><br \/>Coproducci\u00f3n:&nbsp;<strong>La Brutal <\/strong>y<strong> Teatre Lliure<\/strong>&nbsp;<br \/>Con el&nbsp;apoyo del <strong>Departament de Cultura de la Generalitat.<br \/>Agradecimientos: <\/strong>Anna Guix, Mar\u00eda Jes\u00fas Bronchal, Isa Casanellas, Jennifer Tremblay, Kelly Thornton, Denyse Karn, Gloria Montero, David Fulton, Miguel Fulton, Rhys Fulton-Doyle, Andrew Tarbet, Cl\u00e0udia Costa y Cia. Les llibert\u00e0ries.<\/p>\n<p><strong>Espect\u00e1culo en catal\u00e1n.<br \/>Duraci\u00f3n aproximada:<\/strong> 1 hora y 10 minutos (sin pausa)<\/p>","txt_reviews":"<p>\u201cLa llista de Jennifer Tremblay (\u00b7\u00b7\u00b7) \u00e9s la poesia de la quotidianitat d\u2019una dona americana. El text, premiat el 2008 al Canad\u00e0, t\u00e9 una qualitat liter\u00e0ria important. \u00c9s un cl\u00e0ssic sobre la situaci\u00f3 de la dona normal de classe mitjana. Allegra Fulton, que la va interpretar al Canad\u00e0, ens ensenya avui una posada en escena potent i molt cuidada que mima la m\u00fasica, les imatges projectades i el moviment subtil de la protagonista. Laia Marull, que per fi torna als nostres escenaris, fa una gran interpretaci\u00f3 de moviment, veu i expressivitat de gran subtilesa i alhora de molta for\u00e7a. \u00c9s un espectacle brillant d\u2019una gran perfecci\u00f3.\u201d<br \/><strong>Maria Jos\u00e9 Ragu\u00e9<\/strong> (El Mundo) <br \/><br \/>\u201c\u00c9s un treball fren\u00e8tic que Laia Marull executa amb bones maneres i una gestualitat espl\u00e8ndida, dirigida minuciosament per Allegra Fulton.\u201d<br \/><strong>Joan-Anton Benach<\/strong> (La Vanguardia)<br \/><br \/>\u201cEl repte de La llista \u00e9s, sobretot, formal. El text s\u00f3n frases curtes, estil talment una llista, per\u00f2 amb molts viaranys, i \u2018una hist\u00f2ria bastant tremenda\u2019.\u201d<br \/><strong>Andreu Gomila<\/strong> (Time Out)<br \/><br \/>\u201cAllegra Fluton (\u00b7\u00b7\u00b7) recrea amb Laia Marull tota la for\u00e7a i la intenci\u00f3 de la vitalitat del personatge extreta de la pr\u00f2pia experi\u00e8ncia sobre l\u2019escenari sense deixar que es perdin els moments po\u00e8tics que el text cont\u00e9 i que marquen, en setanta minuts, lleugers canvis de rumb en el discurs. (\u00b7\u00b7\u00b7) Laia Marull no es limita a posar-se en la pell de la dona de La Llista, perqu\u00e8 no es tracta de \u2018dir\u2019 nom\u00e9s el text, sin\u00f3 que vesteix cadascuna de les accions amb un moviment que omple de dinamisme el risc de l\u2019aspror que t\u00e9 al seu abast sobre el quadril\u00e0ter blanc: s\u2019enfila a la taula, s\u2019hi ajup a sota, s\u2019est\u00e9n a terra, s\u2019asseu sobre la taula amb els peus a la cadira, s\u2019avan\u00e7a cap als espectadors, a vegades els interroga, marca alguns silencis... (\u00b7\u00b7\u00b7) Vet aqu\u00ed que el personatge de Laia Marull podria reflectir amb una \u00fanica imatge el que mil paraules buides de bons prop\u00f2sits de conciliaci\u00f3 familiar i laboral no han sabut encara resoldre.\u201d<br \/><strong>Andreu Sotorra<\/strong> (Clip de teatre)<br \/><br \/>\u201cEscarit, calculat, prec\u00eds i po\u00e8tic, un mon\u00f2leg d\u2019una gran riquesa.\u201d<br \/><strong>Rue Frontenac<\/strong><br \/><\/p><br \/>","hashtag":"","have_promo":"","slogan":"","id_exhibicio":1316,"id_versio":1078,"id_local":4,"txt_seo_desc":"","data_images":"[{\"localizer\":\"V2SLIDE\",\"url\":\"media\/ftgalslide\/31384\/01_076_00036843\/LA_LLISTA_ESCENA_1190_ALTA.jpg\",\"thumb_url\":\"media\/ftgalslide\/31384\/01_076_00036843\/LA_LLISTA_ESCENA_1190_ALTA_thumb.jpg\",\"title\":\"La llista\",\"description\":\"La Villarroel\",\"copyright\":\"https:\/\/www.youtube.com\/watch?v=nm7kf06oJ7U\",\"order\":1},{\"localizer\":\"V2SLIDE\",\"url\":\"media\/ftgalslide\/31383\/01_076_00036659\/LA_LLISTA_ESCENA_1190_ALTA.jpg\",\"thumb_url\":\"media\/ftgalslide\/31383\/01_076_00036659\/LA_LLISTA_ESCENA_1190_ALTA_thumb.jpg\",\"title\":\"La llista\",\"description\":\"Felipe Mena\",\"copyright\":\"Felipe Mena\",\"order\":1},{\"localizer\":\"V2SLIDE\",\"url\":\"media\/ftgalslide\/31383\/01_076_00036658\/LA_LLISTA_ESCENA_1269_ALTA.jpg\",\"thumb_url\":\"media\/ftgalslide\/31383\/01_076_00036658\/LA_LLISTA_ESCENA_1269_ALTA_thumb.jpg\",\"title\":\"La llista\",\"description\":\"Felipe Mena\",\"copyright\":\"Felipe Mena\",\"order\":3},{\"localizer\":\"V2SLIDE\",\"url\":\"media\/ftgalslide\/31383\/01_076_00036660\/LA_LLISTA_ESCENA_1455_ALTA.jpg\",\"thumb_url\":\"media\/ftgalslide\/31383\/01_076_00036660\/LA_LLISTA_ESCENA_1455_ALTA_thumb.jpg\",\"title\":\"La llista\",\"description\":\"Felipe Mena\",\"copyright\":\"Felipe Mena\",\"order\":5},{\"localizer\":\"V2SLIDE\",\"url\":\"media\/ftgalslide\/31383\/01_076_00036661\/LA_LLISTA_ESCENA_2463_ALTA.jpg\",\"thumb_url\":\"media\/ftgalslide\/31383\/01_076_00036661\/LA_LLISTA_ESCENA_2463_ALTA_thumb.jpg\",\"title\":\"La llista\",\"description\":\"Felipe Mena\",\"copyright\":\"Felipe Mena\",\"order\":6},{\"localizer\":\"VERS_IMATGE_ESPECTACLE\",\"url\":\"media\/ftespect\/31383\/01_020_00036662\/LA_LLISTA_ESCENA_1190_ALTA.jpg\",\"thumb_url\":\"media\/ftespect\/31383\/01_020_00036662\/LA_LLISTA_ESCENA_1190_ALTA_thumb.jpg\",\"title\":\"Felipe Mena\",\"description\":\"La llista\",\"copyright\":\"Felipe Mena\",\"order\":7},{\"localizer\":\"VERS_IMATGE_ESPECTACLE\",\"url\":\"media\/ftespect\/31383\/01_020_00036663\/LA_LLISTA_ESCENA_1269_ALTA.jpg\",\"thumb_url\":\"media\/ftespect\/31383\/01_020_00036663\/LA_LLISTA_ESCENA_1269_ALTA_thumb.jpg\",\"title\":\"Felipe Mena\",\"description\":\"La llista\",\"copyright\":\"Felipe Mena\",\"order\":8},{\"localizer\":\"VERS_IMATGE_ESPECTACLE\",\"url\":\"media\/ftespect\/31383\/01_020_00036664\/LA_LLISTA_ESCENA_1325_ALTA.jpg\",\"thumb_url\":\"media\/ftespect\/31383\/01_020_00036664\/LA_LLISTA_ESCENA_1325_ALTA_thumb.jpg\",\"title\":\"Felipe Mena\",\"description\":\"La llista\",\"copyright\":\"Felipe Mena\",\"order\":9},{\"localizer\":\"VERS_IMATGE_ESPECTACLE\",\"url\":\"media\/ftespect\/31383\/01_020_00036665\/LA_LLISTA_ESCENA_1455_ALTA.jpg\",\"thumb_url\":\"media\/ftespect\/31383\/01_020_00036665\/LA_LLISTA_ESCENA_1455_ALTA_thumb.jpg\",\"title\":\"Felipe Mena\",\"description\":\"La llista\",\"copyright\":\"Felipe Mena\",\"order\":10},{\"localizer\":\"VERS_IMATGE_ESPECTACLE\",\"url\":\"media\/ftespect\/31383\/01_020_00036666\/LA_LLISTA_ESCENA_1464_ALTA.jpg\",\"thumb_url\":\"media\/ftespect\/31383\/01_020_00036666\/LA_LLISTA_ESCENA_1464_ALTA_thumb.jpg\",\"title\":\"Felipe Mena\",\"description\":\"La llista\",\"copyright\":\"Felipe Mena\",\"order\":11},{\"localizer\":\"VERS_IMATGE_ESPECTACLE\",\"url\":\"media\/ftespect\/31383\/01_020_00036667\/LA_LLISTA_ESCENA_1608_ALTA.jpg\",\"thumb_url\":\"media\/ftespect\/31383\/01_020_00036667\/LA_LLISTA_ESCENA_1608_ALTA_thumb.jpg\",\"title\":\"Felipe Mena\",\"description\":\"La llista\",\"copyright\":\"Felipe Mena\",\"order\":12},{\"localizer\":\"VERS_IMATGE_ESPECTACLE\",\"url\":\"media\/ftespect\/31383\/01_020_00036668\/LA_LLISTA_ESCENA_2002_ALTA.jpg\",\"thumb_url\":\"media\/ftespect\/31383\/01_020_00036668\/LA_LLISTA_ESCENA_2002_ALTA_thumb.jpg\",\"title\":\"Felipe Mena\",\"description\":\"La llista\",\"copyright\":\"Felipe Mena\",\"order\":13},{\"localizer\":\"VERS_IMATGE_ESPECTACLE\",\"url\":\"media\/ftespect\/31383\/01_020_00036669\/LA_LLISTA_ESCENA_2248_ALTA.jpg\",\"thumb_url\":\"media\/ftespect\/31383\/01_020_00036669\/LA_LLISTA_ESCENA_2248_ALTA_thumb.jpg\",\"title\":\"Felipe Mena\",\"description\":\"La llista\",\"copyright\":\"Felipe Mena\",\"order\":14},{\"localizer\":\"VERS_IMATGE_ESPECTACLE\",\"url\":\"media\/ftespect\/31383\/01_020_00036670\/LA_LLISTA_ESCENA_2406_ALTA.jpg\",\"thumb_url\":\"media\/ftespect\/31383\/01_020_00036670\/LA_LLISTA_ESCENA_2406_ALTA_thumb.jpg\",\"title\":\"Felipe Mena\",\"description\":\"La llista\",\"copyright\":\"Felipe Mena\",\"order\":15},{\"localizer\":\"VERS_IMATGE_ESPECTACLE\",\"url\":\"media\/ftespect\/31383\/01_020_00036671\/LA_LLISTA_ESCENA_2463_ALTA.jpg\",\"thumb_url\":\"media\/ftespect\/31383\/01_020_00036671\/LA_LLISTA_ESCENA_2463_ALTA_thumb.jpg\",\"title\":\"Felipe Mena\",\"description\":\"La llista\",\"copyright\":\"Felipe Mena\",\"order\":16},{\"localizer\":\"VERS_IMATGE_ESPECTACLE\",\"url\":\"media\/ftespect\/31383\/01_020_00036672\/LA_LLISTA_ESCENA_2604_ALTA.jpg\",\"thumb_url\":\"media\/ftespect\/31383\/01_020_00036672\/LA_LLISTA_ESCENA_2604_ALTA_thumb.jpg\",\"title\":\"Felipe Mena\",\"description\":\"La llista\",\"copyright\":\"Felipe Mena\",\"order\":17},{\"localizer\":\"VERS_IMATGE_ESPECTACLE\",\"url\":\"media\/ftespect\/31383\/01_020_00036673\/LA_LLISTA_ESCENA_2680_web.jpg\",\"thumb_url\":\"media\/ftespect\/31383\/01_020_00036673\/LA_LLISTA_ESCENA_2680_web_thumb.jpg\",\"title\":\"Felipe Mena\",\"description\":\"La llista\",\"copyright\":\"Felipe Mena\",\"order\":18},{\"localizer\":\"V2PORTADA\",\"url\":\"media\/ver\/port\/31383\/01_078_00036727\/581x327_201.jpg\",\"thumb_url\":\"media\/ver\/port\/31383\/01_078_00036727\/581x327_201_thumb.jpg\",\"title\":\"La llista\",\"description\":\"La llista\",\"copyright\":\"\",\"order\":19},{\"localizer\":\"V2CARTELL\",\"url\":\"media\/ver\/cartell\/31383\/01_079_00036728\/405x57901.jpg\",\"thumb_url\":\"media\/ver\/cartell\/31383\/01_079_00036728\/405x57901_thumb.jpg\",\"title\":\"La llista\",\"description\":\"La llista\",\"copyright\":\"\",\"order\":20}]","material__texto_intro":"","data_material":null,"data_gallery":"","data_discounts":"[{\"InfoAddicional\":\"<p><strong>Tarifa especial:<\/strong> Tarjeta Rosa, Tarjeta Discapacidad, Club TR3SC&nbsp;y Carnet Jove.*<\/p><p><em>*Descuentos Tarjeta Rosa y Tarjeta Discapacidad s\u00f3lo aplicables comprando en taquilla <\/em><\/p><p><strong>Descuentos para grupos y escuelas<br \/><\/strong><\/p>\",\"Url\":\"http:\/\/www.promentrada.com\",\"Codi\":\"VILL44\",\"LogoUrl\":\"media\/fimage\/31389\/01_005_00038530\/logo_prome_nuevo_v_web.jpg\"},{\"InfoAddicional\":\"<p><strong>Descuentos para particulares<br \/><\/strong><\/p>\",\"Url\":\"http:\/\/vip.promentrada.com\",\"Codi\":\"VILL44\",\"LogoUrl\":\"media\/fimage\/31389\/01_005_00038559\/logo_prome_vip_v_web.jpg\"}]","contract_is_open":false,"in_tour":false},"yoast_head":"<!-- This site is optimized with the Yoast SEO plugin v27.5 - https:\/\/yoast.com\/product\/yoast-seo-wordpress\/ -->\n<title>La llista - La Villarroel<\/title>\n<meta name=\"robots\" content=\"index, follow, max-snippet:-1, max-image-preview:large, max-video-preview:-1\" \/>\n<link rel=\"canonical\" href=\"https:\/\/www.lavillarroel.cat\/es\/ex\/la-llista\/\" \/>\n<script type=\"application\/ld+json\" class=\"yoast-schema-graph\">{\"@context\":\"https:\\\/\\\/schema.org\",\"@graph\":[{\"@type\":\"WebPage\",\"@id\":\"https:\\\/\\\/www.lavillarroel.cat\\\/es\\\/ex\\\/la-llista\\\/\",\"url\":\"https:\\\/\\\/www.lavillarroel.cat\\\/es\\\/ex\\\/la-llista\\\/\",\"name\":\"La llista - La Villarroel\",\"isPartOf\":{\"@id\":\"https:\\\/\\\/www.lavillarroel.cat\\\/es\\\/#website\"},\"datePublished\":\"2017-09-19T06:39:47+00:00\",\"breadcrumb\":{\"@id\":\"https:\\\/\\\/www.lavillarroel.cat\\\/es\\\/ex\\\/la-llista\\\/#breadcrumb\"},\"inLanguage\":\"es\",\"potentialAction\":[{\"@type\":\"ReadAction\",\"target\":[\"https:\\\/\\\/www.lavillarroel.cat\\\/es\\\/ex\\\/la-llista\\\/\"]}]},{\"@type\":\"BreadcrumbList\",\"@id\":\"https:\\\/\\\/www.lavillarroel.cat\\\/es\\\/ex\\\/la-llista\\\/#breadcrumb\",\"itemListElement\":[{\"@type\":\"ListItem\",\"position\":1,\"name\":\"Inici\",\"item\":\"https:\\\/\\\/www.lavillarroel.cat\\\/es\\\/\"},{\"@type\":\"ListItem\",\"position\":2,\"name\":\"Espectacles\",\"item\":\"https:\\\/\\\/www.lavillarroel.cat\\\/es\\\/ex\\\/\"},{\"@type\":\"ListItem\",\"position\":3,\"name\":\"La llista\"}]},{\"@type\":\"WebSite\",\"@id\":\"https:\\\/\\\/www.lavillarroel.cat\\\/es\\\/#website\",\"url\":\"https:\\\/\\\/www.lavillarroel.cat\\\/es\\\/\",\"name\":\"La Villarroel\",\"description\":\"\",\"publisher\":{\"@id\":\"https:\\\/\\\/www.lavillarroel.cat\\\/es\\\/#organization\"},\"potentialAction\":[{\"@type\":\"SearchAction\",\"target\":{\"@type\":\"EntryPoint\",\"urlTemplate\":\"https:\\\/\\\/www.lavillarroel.cat\\\/es\\\/?s={search_term_string}\"},\"query-input\":{\"@type\":\"PropertyValueSpecification\",\"valueRequired\":true,\"valueName\":\"search_term_string\"}}],\"inLanguage\":\"es\"},{\"@type\":\"Organization\",\"@id\":\"https:\\\/\\\/www.lavillarroel.cat\\\/es\\\/#organization\",\"name\":\"La Villarroel\",\"url\":\"https:\\\/\\\/www.lavillarroel.cat\\\/es\\\/\",\"logo\":{\"@type\":\"ImageObject\",\"inLanguage\":\"es\",\"@id\":\"https:\\\/\\\/www.lavillarroel.cat\\\/es\\\/#\\\/schema\\\/logo\\\/image\\\/\",\"url\":\"https:\\\/\\\/www.lavillarroel.cat\\\/wp-content\\\/uploads\\\/sites\\\/5\\\/2017\\\/09\\\/teatre-villaroel-logo.svg\",\"contentUrl\":\"https:\\\/\\\/www.lavillarroel.cat\\\/wp-content\\\/uploads\\\/sites\\\/5\\\/2017\\\/09\\\/teatre-villaroel-logo.svg\",\"width\":1,\"height\":1,\"caption\":\"La Villarroel\"},\"image\":{\"@id\":\"https:\\\/\\\/www.lavillarroel.cat\\\/es\\\/#\\\/schema\\\/logo\\\/image\\\/\"},\"sameAs\":[\"http:\\\/\\\/www.facebook.com\\\/TeatreVillarroel\",\"https:\\\/\\\/x.com\\\/la_villarroel\",\"http:\\\/\\\/instagram.com\\\/la_villarroel\",\"http:\\\/\\\/www.youtube.com\\\/user\\\/LaVillarroel#p\\\/u\"]}]}<\/script>\n<!-- \/ Yoast SEO plugin. -->","yoast_head_json":{"title":"La llista - La Villarroel","robots":{"index":"index","follow":"follow","max-snippet":"max-snippet:-1","max-image-preview":"max-image-preview:large","max-video-preview":"max-video-preview:-1"},"canonical":"https:\/\/www.lavillarroel.cat\/es\/ex\/la-llista\/","schema":{"@context":"https:\/\/schema.org","@graph":[{"@type":"WebPage","@id":"https:\/\/www.lavillarroel.cat\/es\/ex\/la-llista\/","url":"https:\/\/www.lavillarroel.cat\/es\/ex\/la-llista\/","name":"La llista - La Villarroel","isPartOf":{"@id":"https:\/\/www.lavillarroel.cat\/es\/#website"},"datePublished":"2017-09-19T06:39:47+00:00","breadcrumb":{"@id":"https:\/\/www.lavillarroel.cat\/es\/ex\/la-llista\/#breadcrumb"},"inLanguage":"es","potentialAction":[{"@type":"ReadAction","target":["https:\/\/www.lavillarroel.cat\/es\/ex\/la-llista\/"]}]},{"@type":"BreadcrumbList","@id":"https:\/\/www.lavillarroel.cat\/es\/ex\/la-llista\/#breadcrumb","itemListElement":[{"@type":"ListItem","position":1,"name":"Inici","item":"https:\/\/www.lavillarroel.cat\/es\/"},{"@type":"ListItem","position":2,"name":"Espectacles","item":"https:\/\/www.lavillarroel.cat\/es\/ex\/"},{"@type":"ListItem","position":3,"name":"La llista"}]},{"@type":"WebSite","@id":"https:\/\/www.lavillarroel.cat\/es\/#website","url":"https:\/\/www.lavillarroel.cat\/es\/","name":"La Villarroel","description":"","publisher":{"@id":"https:\/\/www.lavillarroel.cat\/es\/#organization"},"potentialAction":[{"@type":"SearchAction","target":{"@type":"EntryPoint","urlTemplate":"https:\/\/www.lavillarroel.cat\/es\/?s={search_term_string}"},"query-input":{"@type":"PropertyValueSpecification","valueRequired":true,"valueName":"search_term_string"}}],"inLanguage":"es"},{"@type":"Organization","@id":"https:\/\/www.lavillarroel.cat\/es\/#organization","name":"La Villarroel","url":"https:\/\/www.lavillarroel.cat\/es\/","logo":{"@type":"ImageObject","inLanguage":"es","@id":"https:\/\/www.lavillarroel.cat\/es\/#\/schema\/logo\/image\/","url":"https:\/\/www.lavillarroel.cat\/wp-content\/uploads\/sites\/5\/2017\/09\/teatre-villaroel-logo.svg","contentUrl":"https:\/\/www.lavillarroel.cat\/wp-content\/uploads\/sites\/5\/2017\/09\/teatre-villaroel-logo.svg","width":1,"height":1,"caption":"La Villarroel"},"image":{"@id":"https:\/\/www.lavillarroel.cat\/es\/#\/schema\/logo\/image\/"},"sameAs":["http:\/\/www.facebook.com\/TeatreVillarroel","https:\/\/x.com\/la_villarroel","http:\/\/instagram.com\/la_villarroel","http:\/\/www.youtube.com\/user\/LaVillarroel#p\/u"]}]}},"translations":[{"id":2641,"locale":"ca"},{"id":2846,"locale":"es"}],"_links":{"self":[{"href":"https:\/\/www.lavillarroel.cat\/es\/wp-json\/wp\/v2\/ex\/2846","targetHints":{"allow":["GET"]}}],"collection":[{"href":"https:\/\/www.lavillarroel.cat\/es\/wp-json\/wp\/v2\/ex"}],"about":[{"href":"https:\/\/www.lavillarroel.cat\/es\/wp-json\/wp\/v2\/types\/ex"}],"author":[{"embeddable":true,"href":"https:\/\/www.lavillarroel.cat\/es\/wp-json\/wp\/v2\/users\/2"}],"replies":[{"embeddable":true,"href":"https:\/\/www.lavillarroel.cat\/es\/wp-json\/wp\/v2\/comments?post=2846"}],"acf:term":[{"embeddable":true,"taxonomy":"season","href":"https:\/\/www.lavillarroel.cat\/es\/wp-json\/wp\/v2\/season\/87"}],"wp:attachment":[{"href":"https:\/\/www.lavillarroel.cat\/es\/wp-json\/wp\/v2\/media?parent=2846"}],"curies":[{"name":"wp","href":"https:\/\/api.w.org\/{rel}","templated":true}]}}