{"id":2848,"date":"2017-09-19T08:39:49","date_gmt":"2017-09-19T06:39:49","guid":{"rendered":"https:\/\/pre.lavillarroel.cat\/ex\/\/lehman-trilogy\/"},"modified":"2017-09-19T08:39:49","modified_gmt":"2017-09-19T06:39:49","slug":"lehman-trilogy","status":"publish","type":"ex","link":"https:\/\/www.lavillarroel.cat\/es\/ex\/lehman-trilogy\/","title":{"rendered":"Lehman Trilogy"},"content":{"rendered":"","protected":false},"excerpt":{"rendered":"","protected":false},"author":2,"featured_media":0,"comment_status":"closed","ping_status":"closed","template":"","class_list":["post-2848","ex","type-ex","status-publish","hentry","season-2015-16"],"acf":{"txt_synopsis":"<p align=\"justify\"><strong>Un \u00e9xito internacional que retrata la historia de Lehman Brothers, el banco de inversi\u00f3n estadounidense que desencaden\u00f3 la crisis econ\u00f3mica, \u00e9tica y social m\u00e1s grave de los \u00faltimos 80 a\u00f1os.<br \/><br \/><em>Lehman Trilogy<\/em><\/strong>&nbsp;cuenta la historia de Lehman Brothers, desde la llegada en 1844 en la ciudad de Nueva York de Henry Lehman, un jud\u00edo alem\u00e1n que buscaba fortuna, hasta la ca\u00edda del que era uno de los bancos de inversi\u00f3n m\u00e1s grandes del momento, en 2008. El espect\u00e1culo traza la vida de tres generaciones Lehman, recorriendo la historia del capitalismo moderno desde el intercambio de bienes hasta el delirio contempor\u00e1neo, de ordenadores que compran y venden en fracciones de segundo, pasando por la mediaci\u00f3n comercial, la bolsa o la globalizaci\u00f3n.<br \/><br \/>El espect\u00e1culo hace \u00e9nfasis en la deshumanizaci\u00f3n constante que afecta al mundo econ\u00f3mico y pol\u00edtico en nombre del aumento del beneficio. El siglo XX ha sido una carrera sin sentido hacia no se sabe d\u00f3nde, cada vez m\u00e1s r\u00e1pida, con menos reglas y m\u00e1s desconectada del mundo real y sus estructuras y necesidades. Una carrera que desemboc\u00f3 en una crisis financiera mundial y ha provocado una recesi\u00f3n de la que todav\u00eda sufrimos los efectos.<\/p>\n<p align=\"justify\"><strong>Duraci\u00f3n aproximada:<\/strong> 2 horas y&nbsp;55 minutos con entreacto.<br \/>Espect\u00e1culo en catal\u00e1n.<br \/><br \/><\/p>\n<p align=\"justify\"><br \/>&nbsp;<\/p>","main_buy_link":"","main_buy_links":"","group_buy_link":"","show_language":"","show_duration":"","show_start_date":"20160628000000","show_end_date":"20160731000000","show_sort_date":"20160628000000","txt_custom_show_dates":"del 28 de junio al 31 de julio de 2016","show_disciplines":"","show_ultimes_funcions":false,"hide_tarifes_especials":false,"show_properament":false,"txt_additional_info":"","txt_present":"","show_season":[87],"txt_season":"[\"2015\/16\"]","txt_cycle":"","txt_claim":"","txt_cast_excerpt":"<p><strong>Autor:<\/strong>&nbsp;Stefano Massini <br \/><strong>Traducci\u00f3n:<\/strong>&nbsp;Carles Fern\u00e1ndez Giua <br \/><strong>Direcci\u00f3n:<\/strong>&nbsp;Roberto Romei<\/p>\n<p><strong>Reparto:<\/strong> <br \/>Rub\u00e8n de Egu\u00eda - Robert<br \/>\u00d2scar Mu\u00f1oz - Emanuel<br \/>Santi Ricart - Henry <br \/>Jordi Rico - Mayer<br \/>Jacob Torres - Herbert<br \/>David Vert - Philip<\/p>","txt_cast":"<p><strong>Autor:<\/strong>&nbsp;Stefano Massini <br \/><strong>Traducci\u00f3n:<\/strong>&nbsp;Carles Fern\u00e1ndez Giua <br \/><strong>Direcci\u00f3n:<\/strong>&nbsp;Roberto Romei<\/p>\n<p><strong>Reparto:<\/strong> <br \/>Rub\u00e8n de Egu\u00eda - Robert<br \/>\u00d2scar Mu\u00f1oz - Emanuel<br \/>Santi Ricart - Henry <br \/>Jordi Rico - Mayer<br \/>Jacob Torres - Herbert<br \/>David Vert - Philip<\/p>\n<p><strong>Escenograf\u00eda&nbsp;e iluminaci\u00f3n:<\/strong>&nbsp;Roger Orra<br \/><strong>Vestuario:<\/strong>&nbsp;Marta Rafa<br \/><strong>Espacio Sonoro:<\/strong>&nbsp;Lucas Ariel&nbsp;<br \/><strong>Movimiento esc\u00e9nico:<\/strong>&nbsp;Nuria Legarda&nbsp;&nbsp;<br \/><strong>Ayudante de direcci\u00f3n:<\/strong>&nbsp;Anna Maria Ricart<br \/><strong>Direcci\u00f3n de producci\u00f3n:<\/strong> Amparo Mart\u00ednez<br \/><strong>Jefe&nbsp;de producci\u00f3n:<\/strong>&nbsp;Maite Pijuan <br \/><strong>Producci\u00f3n ejecutiva:<\/strong>&nbsp;Raquel Do\u00f1oro<br \/><strong>Responsable t\u00e9cnico:<\/strong>&nbsp;Txema Orriols<br \/><strong>Construcci\u00f3n Escenograf\u00eda:<\/strong>&nbsp;Estudi-Taller d\u2019escenografia Jorba-Mir\u00f3<br \/><br \/>Es una producci\u00f3n de La Villarroel\/Grec 2016, Festival de Barcelona<\/p>","txt_reviews":"","hashtag":"","have_promo":"","slogan":"","id_exhibicio":1326,"id_versio":1062,"id_local":4,"txt_seo_desc":"","data_images":"[{\"localizer\":\"V2CARTELLDISTRI\",\"url\":\"media\/cartell\/distrib\/31385\/01_082_00037144\/Lehman_Trilogy_162x231_dstri.jpg\",\"thumb_url\":\"media\/cartell\/distrib\/31385\/01_082_00037144\/Lehman_Trilogy_162x231_dstri_thumb.jpg\",\"title\":\"Lehman Trilogy\",\"description\":\"Lehman Trilogy\",\"copyright\":\"\",\"order\":12},{\"localizer\":\"V2PORTADA\",\"url\":\"media\/ver\/port\/31386\/01_078_00037351\/581x327_Trilogy_sin_teatro.jpg\",\"thumb_url\":\"media\/ver\/port\/31386\/01_078_00037351\/581x327_Trilogy_sin_teatro_thumb.jpg\",\"title\":\"Lehman Trilogy\",\"description\":\"Lehman Trilogy\",\"copyright\":\"\",\"order\":13},{\"localizer\":\"V2CARTELL\",\"url\":\"media\/ver\/cartell\/31386\/01_079_00037352\/405x579.jpg\",\"thumb_url\":\"media\/ver\/cartell\/31386\/01_079_00037352\/405x579_thumb.jpg\",\"title\":\"Lehman Trilogy\",\"description\":\"Lehman Trilogy\",\"copyright\":\"\",\"order\":14},{\"localizer\":\"V2SLIDE\",\"url\":\"media\/ftgalslide\/31386\/01_076_00037478\/pr_001_t_lehman_281.JPG\",\"thumb_url\":\"media\/ftgalslide\/31386\/01_076_00037478\/pr_001_t_lehman_281_thumb.jpg\",\"title\":\"Lehman Trilogy\",\"description\":\"La Villarroel\/Grec 2016, Festival de Barcelona\",\"copyright\":\"\",\"order\":15},{\"localizer\":\"V2SLIDE\",\"url\":\"media\/ftgalslide\/31386\/01_076_00037520\/pr_005_t_lehman_239.JPG\",\"thumb_url\":\"media\/ftgalslide\/31386\/01_076_00037520\/pr_005_t_lehman_239_thumb.jpg\",\"title\":\"Lehman Trilogy\",\"description\":\"La Villarroel\/Grec 2016, Festival de Barcelona\",\"copyright\":\"\",\"order\":16},{\"localizer\":\"V2SLIDE\",\"url\":\"media\/ftgalslide\/31386\/01_076_00037521\/pr_014_t_lehman_173.JPG\",\"thumb_url\":\"media\/ftgalslide\/31386\/01_076_00037521\/pr_014_t_lehman_173_thumb.jpg\",\"title\":\"Lehman Trilogy\",\"description\":\"La Villarroel\/Grec 2016, Festival de Barcelona\",\"copyright\":\"\",\"order\":17},{\"localizer\":\"V2SLIDE\",\"url\":\"media\/ftgalslide\/31386\/01_076_00037523\/pr_023_t_lehman_252.JPG\",\"thumb_url\":\"media\/ftgalslide\/31386\/01_076_00037523\/pr_023_t_lehman_252_thumb.jpg\",\"title\":\"Lehman Trilogy\",\"description\":\"La Villarroel\/Grec 2016, Festival de Barcelona\",\"copyright\":\"\",\"order\":18},{\"localizer\":\"V2SLIDE\",\"url\":\"media\/ftgalslide\/31386\/01_076_00037524\/pr_011_t_lehman_198.JPG\",\"thumb_url\":\"media\/ftgalslide\/31386\/01_076_00037524\/pr_011_t_lehman_198_thumb.jpg\",\"title\":\"Lehman Trilogy\",\"description\":\"La Villarroel\/Grec 2016, Festival de Barcelona\",\"copyright\":\"\",\"order\":19},{\"localizer\":\"V2SLIDE\",\"url\":\"media\/ftgalslide\/31386\/01_076_00037525\/pr_018_t_lehman_125.JPG\",\"thumb_url\":\"media\/ftgalslide\/31386\/01_076_00037525\/pr_018_t_lehman_125_thumb.jpg\",\"title\":\"Lehman Trilogy\",\"description\":\"La Villarroel\/Grec 2016, Festival de Barcelona\",\"copyright\":\"\",\"order\":20},{\"localizer\":\"VERS_IMATGE_ESPECTACLE\",\"url\":\"media\/ftespect\/31386\/01_020_00037530\/pr_001_t_lehman_281.jpg\",\"thumb_url\":\"media\/ftespect\/31386\/01_020_00037530\/pr_001_t_lehman_281_thumb.jpg\",\"title\":\"Lehman Trilogy\",\"description\":\"Lehman Trilogy\",\"copyright\":\"David Ruano\",\"order\":21},{\"localizer\":\"VERS_IMATGE_ESPECTACLE\",\"url\":\"media\/ftespect\/31386\/01_020_00037531\/pr_002_t_lehman_276.jpg\",\"thumb_url\":\"media\/ftespect\/31386\/01_020_00037531\/pr_002_t_lehman_276_thumb.jpg\",\"title\":\"Lehman Trilogy\",\"description\":\"Lehman Trilogy\",\"copyright\":\"David Ruano\",\"order\":22},{\"localizer\":\"VERS_IMATGE_ESPECTACLE\",\"url\":\"media\/ftespect\/31386\/01_020_00037532\/pr_003_t_lehman_272.jpg\",\"thumb_url\":\"media\/ftespect\/31386\/01_020_00037532\/pr_003_t_lehman_272_thumb.jpg\",\"title\":\"Lehman Trilogy\",\"description\":\"Lehman Trilogy\",\"copyright\":\"David Ruano\",\"order\":23},{\"localizer\":\"VERS_IMATGE_ESPECTACLE\",\"url\":\"media\/ftespect\/31386\/01_020_00037533\/pr_005_t_lehman_239.jpg\",\"thumb_url\":\"media\/ftespect\/31386\/01_020_00037533\/pr_005_t_lehman_239_thumb.jpg\",\"title\":\"Lehman Trilogy\",\"description\":\"Lehman Trilogy\",\"copyright\":\"David Ruano\",\"order\":24},{\"localizer\":\"VERS_IMATGE_ESPECTACLE\",\"url\":\"media\/ftespect\/31386\/01_020_00037535\/pr_011_t_lehman_198.jpg\",\"thumb_url\":\"media\/ftespect\/31386\/01_020_00037535\/pr_011_t_lehman_198_thumb.jpg\",\"title\":\"Lehman Trilogy\",\"description\":\"Lehman Trilogy\",\"copyright\":\"David Ruano\",\"order\":25},{\"localizer\":\"VERS_IMATGE_ESPECTACLE\",\"url\":\"media\/ftespect\/31386\/01_020_00037536\/pr_014_t_lehman_173.jpg\",\"thumb_url\":\"media\/ftespect\/31386\/01_020_00037536\/pr_014_t_lehman_173_thumb.jpg\",\"title\":\"Lehman Trilogy\",\"description\":\"Lehman Trilogy\",\"copyright\":\"David Ruano\",\"order\":26},{\"localizer\":\"VERS_IMATGE_ESPECTACLE\",\"url\":\"media\/ftespect\/31386\/01_020_00037537\/pr_015_t_lehman_166.jpg\",\"thumb_url\":\"media\/ftespect\/31386\/01_020_00037537\/pr_015_t_lehman_166_thumb.jpg\",\"title\":\"Lehman Trilogy\",\"description\":\"Lehman Trilogy\",\"copyright\":\"David Ruano\",\"order\":27},{\"localizer\":\"VERS_IMATGE_ESPECTACLE\",\"url\":\"media\/ftespect\/31386\/01_020_00037538\/pr_017_t_lehman_140.jpg\",\"thumb_url\":\"media\/ftespect\/31386\/01_020_00037538\/pr_017_t_lehman_140_thumb.jpg\",\"title\":\"Lehman Trilogy\",\"description\":\"Lehman Trilogy\",\"copyright\":\"David Ruano\",\"order\":28},{\"localizer\":\"VERS_IMATGE_ESPECTACLE\",\"url\":\"media\/ftespect\/31386\/01_020_00037539\/pr_018_t_lehman_125.jpg\",\"thumb_url\":\"media\/ftespect\/31386\/01_020_00037539\/pr_018_t_lehman_125_thumb.jpg\",\"title\":\"Lehman Trilogy\",\"description\":\"Lehman Trilogy\",\"copyright\":\"David Ruano\",\"order\":29},{\"localizer\":\"VERS_IMATGE_ESPECTACLE\",\"url\":\"media\/ftespect\/31386\/01_020_00037540\/pr_020_t_lehman_068.jpg\",\"thumb_url\":\"media\/ftespect\/31386\/01_020_00037540\/pr_020_t_lehman_068_thumb.jpg\",\"title\":\"Lehman Trilogy\",\"description\":\"Lehman Trilogy\",\"copyright\":\"David Ruano\",\"order\":30},{\"localizer\":\"VERS_IMATGE_ESPECTACLE\",\"url\":\"media\/ftespect\/31386\/01_020_00037541\/pr_021_t_lehman_046.jpg\",\"thumb_url\":\"media\/ftespect\/31386\/01_020_00037541\/pr_021_t_lehman_046_thumb.jpg\",\"title\":\"Lehman Trilogy\",\"description\":\"Lehman Trilogy\",\"copyright\":\"David Ruano\",\"order\":31},{\"localizer\":\"VERS_IMATGE_ESPECTACLE\",\"url\":\"media\/ftespect\/31386\/01_020_00037542\/pr_023_t_lehman_252.jpg\",\"thumb_url\":\"media\/ftespect\/31386\/01_020_00037542\/pr_023_t_lehman_252_thumb.jpg\",\"title\":\"Lehman Trilogy\",\"description\":\"Lehman Trilogy\",\"copyright\":\"David Ruano\",\"order\":32},{\"localizer\":\"VERS_IMATGE_ESPECTACLE\",\"url\":\"media\/ftespect\/31387\/01_020_00037939\/1_critica_lehman_trilogy_ara.jpg\",\"thumb_url\":\"media\/ftespect\/31387\/01_020_00037939\/1_critica_lehman_trilogy_ara_thumb.jpg\",\"title\":\"Santi Fondevila, Ara\",\"description\":\"Lehman Trilogy\",\"copyright\":\"\",\"order\":33},{\"localizer\":\"VERS_IMATGE_ESPECTACLE\",\"url\":\"media\/ftespect\/31387\/01_020_00037940\/1_critica_lehman_trilogy_la_vanguardia.jpg\",\"thumb_url\":\"media\/ftespect\/31387\/01_020_00037940\/1_critica_lehman_trilogy_la_vanguardia_thumb.jpg\",\"title\":\"Joan-Ant\u00f3n Benach, La Vanguardia\",\"description\":\"Lehman Trilogy\",\"copyright\":\"\",\"order\":34},{\"localizer\":\"VERS_IMATGE_ESPECTACLE\",\"url\":\"media\/ftespect\/31387\/01_020_00037941\/1_critica_lehman_trilogy_el_pais.jpg\",\"thumb_url\":\"media\/ftespect\/31387\/01_020_00037941\/1_critica_lehman_trilogy_el_pais_thumb.jpg\",\"title\":\"Juan Carlos Olivares, El Pa\u00eds\",\"description\":\"Lehman Trilogy\",\"copyright\":\"\",\"order\":35},{\"localizer\":\"VERS_IMATGE_ESPECTACLE\",\"url\":\"media\/ftespect\/31387\/01_020_00037942\/1_critica_lehman.jpg\",\"thumb_url\":\"media\/ftespect\/31387\/01_020_00037942\/1_critica_lehman_thumb.jpg\",\"title\":\"Jordi Bordes, El Punt Avui\",\"description\":\"Lehman Trilogy\",\"copyright\":\"\",\"order\":36},{\"localizer\":\"VERS_IMATGE_ESPECTACLE\",\"url\":\"media\/ftespect\/31387\/01_020_00037943\/20160713_ABC_critica_lehman.jpg\",\"thumb_url\":\"media\/ftespect\/31387\/01_020_00037943\/20160713_ABC_critica_lehman_thumb.jpg\",\"title\":\"Sergi Doria, ABC\",\"description\":\"Lehman Trilogy\",\"copyright\":\"\",\"order\":37}]","material__texto_intro":"","data_material":null,"data_gallery":"","data_discounts":"[{\"InfoAddicional\":\"<p><strong>Descuentos para grupos y escuelas<br \/><\/strong><\/p>\",\"Url\":\"https:\/\/www.promentrada.com\/es\/product\/{#CODI#}\",\"Codi\":\"VILL43\",\"LogoUrl\":\"media\/fimage\/31389\/01_005_00038530\/logo_prome_nuevo_v_web.jpg\",\"TitolBoto\":\"Descuentos para grupos y escuelas\",\"Type\":\"discount\"},{\"InfoAddicional\":\"<p><strong>Descuentos para particulares<br \/><\/strong><\/p>\",\"Url\":\"vip.promentrada.com\/es\/product\/{#CODI#}\",\"Codi\":\"VILL43\",\"LogoUrl\":\"media\/fimage\/31389\/01_005_00038559\/logo_prome_vip_v_web.jpg\",\"TitolBoto\":\"Descuentos para particulares\",\"Type\":\"discount\"}]","contract_is_open":false,"in_tour":false},"yoast_head":"<!-- This site is optimized with the Yoast SEO plugin v27.5 - https:\/\/yoast.com\/product\/yoast-seo-wordpress\/ -->\n<title>Lehman Trilogy - La Villarroel<\/title>\n<meta name=\"robots\" content=\"index, follow, max-snippet:-1, max-image-preview:large, max-video-preview:-1\" \/>\n<link rel=\"canonical\" href=\"https:\/\/www.lavillarroel.cat\/es\/ex\/lehman-trilogy\/\" \/>\n<script type=\"application\/ld+json\" class=\"yoast-schema-graph\">{\"@context\":\"https:\\\/\\\/schema.org\",\"@graph\":[{\"@type\":\"WebPage\",\"@id\":\"https:\\\/\\\/www.lavillarroel.cat\\\/es\\\/ex\\\/lehman-trilogy\\\/\",\"url\":\"https:\\\/\\\/www.lavillarroel.cat\\\/es\\\/ex\\\/lehman-trilogy\\\/\",\"name\":\"Lehman Trilogy - La Villarroel\",\"isPartOf\":{\"@id\":\"https:\\\/\\\/www.lavillarroel.cat\\\/es\\\/#website\"},\"datePublished\":\"2017-09-19T06:39:49+00:00\",\"breadcrumb\":{\"@id\":\"https:\\\/\\\/www.lavillarroel.cat\\\/es\\\/ex\\\/lehman-trilogy\\\/#breadcrumb\"},\"inLanguage\":\"es\",\"potentialAction\":[{\"@type\":\"ReadAction\",\"target\":[\"https:\\\/\\\/www.lavillarroel.cat\\\/es\\\/ex\\\/lehman-trilogy\\\/\"]}]},{\"@type\":\"BreadcrumbList\",\"@id\":\"https:\\\/\\\/www.lavillarroel.cat\\\/es\\\/ex\\\/lehman-trilogy\\\/#breadcrumb\",\"itemListElement\":[{\"@type\":\"ListItem\",\"position\":1,\"name\":\"Inici\",\"item\":\"https:\\\/\\\/www.lavillarroel.cat\\\/es\\\/\"},{\"@type\":\"ListItem\",\"position\":2,\"name\":\"Espectacles\",\"item\":\"https:\\\/\\\/www.lavillarroel.cat\\\/es\\\/ex\\\/\"},{\"@type\":\"ListItem\",\"position\":3,\"name\":\"Lehman Trilogy\"}]},{\"@type\":\"WebSite\",\"@id\":\"https:\\\/\\\/www.lavillarroel.cat\\\/es\\\/#website\",\"url\":\"https:\\\/\\\/www.lavillarroel.cat\\\/es\\\/\",\"name\":\"La Villarroel\",\"description\":\"\",\"publisher\":{\"@id\":\"https:\\\/\\\/www.lavillarroel.cat\\\/es\\\/#organization\"},\"potentialAction\":[{\"@type\":\"SearchAction\",\"target\":{\"@type\":\"EntryPoint\",\"urlTemplate\":\"https:\\\/\\\/www.lavillarroel.cat\\\/es\\\/?s={search_term_string}\"},\"query-input\":{\"@type\":\"PropertyValueSpecification\",\"valueRequired\":true,\"valueName\":\"search_term_string\"}}],\"inLanguage\":\"es\"},{\"@type\":\"Organization\",\"@id\":\"https:\\\/\\\/www.lavillarroel.cat\\\/es\\\/#organization\",\"name\":\"La Villarroel\",\"url\":\"https:\\\/\\\/www.lavillarroel.cat\\\/es\\\/\",\"logo\":{\"@type\":\"ImageObject\",\"inLanguage\":\"es\",\"@id\":\"https:\\\/\\\/www.lavillarroel.cat\\\/es\\\/#\\\/schema\\\/logo\\\/image\\\/\",\"url\":\"https:\\\/\\\/www.lavillarroel.cat\\\/wp-content\\\/uploads\\\/sites\\\/5\\\/2017\\\/09\\\/teatre-villaroel-logo.svg\",\"contentUrl\":\"https:\\\/\\\/www.lavillarroel.cat\\\/wp-content\\\/uploads\\\/sites\\\/5\\\/2017\\\/09\\\/teatre-villaroel-logo.svg\",\"width\":1,\"height\":1,\"caption\":\"La Villarroel\"},\"image\":{\"@id\":\"https:\\\/\\\/www.lavillarroel.cat\\\/es\\\/#\\\/schema\\\/logo\\\/image\\\/\"},\"sameAs\":[\"http:\\\/\\\/www.facebook.com\\\/TeatreVillarroel\",\"https:\\\/\\\/x.com\\\/la_villarroel\",\"http:\\\/\\\/instagram.com\\\/la_villarroel\",\"http:\\\/\\\/www.youtube.com\\\/user\\\/LaVillarroel#p\\\/u\"]}]}<\/script>\n<!-- \/ Yoast SEO plugin. -->","yoast_head_json":{"title":"Lehman Trilogy - La Villarroel","robots":{"index":"index","follow":"follow","max-snippet":"max-snippet:-1","max-image-preview":"max-image-preview:large","max-video-preview":"max-video-preview:-1"},"canonical":"https:\/\/www.lavillarroel.cat\/es\/ex\/lehman-trilogy\/","schema":{"@context":"https:\/\/schema.org","@graph":[{"@type":"WebPage","@id":"https:\/\/www.lavillarroel.cat\/es\/ex\/lehman-trilogy\/","url":"https:\/\/www.lavillarroel.cat\/es\/ex\/lehman-trilogy\/","name":"Lehman Trilogy - La Villarroel","isPartOf":{"@id":"https:\/\/www.lavillarroel.cat\/es\/#website"},"datePublished":"2017-09-19T06:39:49+00:00","breadcrumb":{"@id":"https:\/\/www.lavillarroel.cat\/es\/ex\/lehman-trilogy\/#breadcrumb"},"inLanguage":"es","potentialAction":[{"@type":"ReadAction","target":["https:\/\/www.lavillarroel.cat\/es\/ex\/lehman-trilogy\/"]}]},{"@type":"BreadcrumbList","@id":"https:\/\/www.lavillarroel.cat\/es\/ex\/lehman-trilogy\/#breadcrumb","itemListElement":[{"@type":"ListItem","position":1,"name":"Inici","item":"https:\/\/www.lavillarroel.cat\/es\/"},{"@type":"ListItem","position":2,"name":"Espectacles","item":"https:\/\/www.lavillarroel.cat\/es\/ex\/"},{"@type":"ListItem","position":3,"name":"Lehman Trilogy"}]},{"@type":"WebSite","@id":"https:\/\/www.lavillarroel.cat\/es\/#website","url":"https:\/\/www.lavillarroel.cat\/es\/","name":"La Villarroel","description":"","publisher":{"@id":"https:\/\/www.lavillarroel.cat\/es\/#organization"},"potentialAction":[{"@type":"SearchAction","target":{"@type":"EntryPoint","urlTemplate":"https:\/\/www.lavillarroel.cat\/es\/?s={search_term_string}"},"query-input":{"@type":"PropertyValueSpecification","valueRequired":true,"valueName":"search_term_string"}}],"inLanguage":"es"},{"@type":"Organization","@id":"https:\/\/www.lavillarroel.cat\/es\/#organization","name":"La Villarroel","url":"https:\/\/www.lavillarroel.cat\/es\/","logo":{"@type":"ImageObject","inLanguage":"es","@id":"https:\/\/www.lavillarroel.cat\/es\/#\/schema\/logo\/image\/","url":"https:\/\/www.lavillarroel.cat\/wp-content\/uploads\/sites\/5\/2017\/09\/teatre-villaroel-logo.svg","contentUrl":"https:\/\/www.lavillarroel.cat\/wp-content\/uploads\/sites\/5\/2017\/09\/teatre-villaroel-logo.svg","width":1,"height":1,"caption":"La Villarroel"},"image":{"@id":"https:\/\/www.lavillarroel.cat\/es\/#\/schema\/logo\/image\/"},"sameAs":["http:\/\/www.facebook.com\/TeatreVillarroel","https:\/\/x.com\/la_villarroel","http:\/\/instagram.com\/la_villarroel","http:\/\/www.youtube.com\/user\/LaVillarroel#p\/u"]}]}},"translations":[{"id":2643,"locale":"ca"},{"id":2848,"locale":"es"}],"_links":{"self":[{"href":"https:\/\/www.lavillarroel.cat\/es\/wp-json\/wp\/v2\/ex\/2848","targetHints":{"allow":["GET"]}}],"collection":[{"href":"https:\/\/www.lavillarroel.cat\/es\/wp-json\/wp\/v2\/ex"}],"about":[{"href":"https:\/\/www.lavillarroel.cat\/es\/wp-json\/wp\/v2\/types\/ex"}],"author":[{"embeddable":true,"href":"https:\/\/www.lavillarroel.cat\/es\/wp-json\/wp\/v2\/users\/2"}],"replies":[{"embeddable":true,"href":"https:\/\/www.lavillarroel.cat\/es\/wp-json\/wp\/v2\/comments?post=2848"}],"acf:term":[{"embeddable":true,"taxonomy":"season","href":"https:\/\/www.lavillarroel.cat\/es\/wp-json\/wp\/v2\/season\/87"}],"wp:attachment":[{"href":"https:\/\/www.lavillarroel.cat\/es\/wp-json\/wp\/v2\/media?parent=2848"}],"curies":[{"name":"wp","href":"https:\/\/api.w.org\/{rel}","templated":true}]}}