{"id":2850,"date":"2017-09-19T08:39:51","date_gmt":"2017-09-19T06:39:51","guid":{"rendered":"https:\/\/pre.lavillarroel.cat\/ex\/\/llegue-para-irme\/"},"modified":"2017-09-19T08:39:51","modified_gmt":"2017-09-19T06:39:51","slug":"llegue-para-irme","status":"publish","type":"ex","link":"https:\/\/www.lavillarroel.cat\/es\/ex\/llegue-para-irme\/","title":{"rendered":"Llegu\u00e9 para irme"},"content":{"rendered":"","protected":false},"excerpt":{"rendered":"","protected":false},"author":2,"featured_media":0,"comment_status":"closed","ping_status":"closed","template":"","class_list":["post-2850","ex","type-ex","status-publish","hentry","season-2016-17"],"acf":{"txt_synopsis":"<p>Tragicomedia on\u00edrica que trata el estr\u00e9s que vivimos en estos tiempos modernos. Es la historia de un hombre que anda sin rumbo; un clown que, si lo examinamos de cerca revela lo tr\u00e1gico de nuestra actual modernidad. Correr, partir, viajar, jam\u00e1s descansar, no tener tiempo para pensar. Estar en un permanente estr\u00e9s de viaje sin poder disfrutar de \u00e9l. Descender de un avi\u00f3n para coger un tren, coger un taxi para llegar a casa agotado. Ver el correo, escuchar mensajes, vaciar el congelador, intentar dormir, y r\u00e1pidamente irse. Estar eternamente deslocalizado. En el cansancio de la noche percibir el fantasma del padre muerto, sentir a su amor perdido, ver c\u00f3mo pasa el tiempo. S\u00ed, nuestra cotidianidad es vertiginosa, \u00a1pero tambi\u00e9n c\u00f3mica! <\/p>\n<p>&nbsp;<\/p>\n<p align=\"center\"><a href=\"http:\/\/bit.ly\/LaTemporada16-17-GrupFocus\"><strong>Consulta nuestra revista de La Temporada 2016-2017 con la programaci\u00f3n al detalle de todos los teatros del Grup Focus<\/strong><\/a>&nbsp;<\/p>","main_buy_link":"#","main_buy_links":"","group_buy_link":"","show_language":"","show_duration":"","show_start_date":"20160918000000","show_end_date":"20161016000000","show_sort_date":"20170612000000","txt_custom_show_dates":"del 18 de septiembre al 16 de octubre de 2016","show_disciplines":"","show_ultimes_funcions":false,"hide_tarifes_especials":false,"show_properament":false,"txt_additional_info":"","txt_present":"","show_season":[88],"txt_season":"[\"2016\/17\"]","txt_cycle":"","txt_claim":"","txt_cast_excerpt":"","txt_cast":"<strong>DIRECCI\u00d3N:<\/strong> Alain Gautr\u00e9 y Gabriel Cham\u00e9 Buend\u00eda<br \/><strong>CON:<\/strong> Gabriel Cham\u00e9 Buend\u00eda<br \/><strong>PRODUCCI\u00d3N:<\/strong> Mika Project con la col\u00b7laboraci\u00f3n de La Villarroel<br \/><br \/><strong>Idioma:<\/strong> castellano<br \/><strong>Duraci\u00f3n:<\/strong> 1 h 10 minutos","txt_reviews":"\u201cUna nueva visi\u00f3n del universo del clown\u201d \u2013 <em>El Pa\u00eds<br \/><\/em>\u201cUn desaf\u00edo audaz al teatro actual\u201d \u2013 <em>El Mundo<\/em>","hashtag":"","have_promo":"","slogan":"","id_exhibicio":1361,"id_versio":1117,"id_local":4,"txt_seo_desc":"","data_images":"[{\"localizer\":\"V2SLIDE\",\"url\":\"media\/ftgalslide\/31388\/01_076_00038123\/Llegue_para_irme_1_CHAME.jpg\",\"thumb_url\":\"media\/ftgalslide\/31388\/01_076_00038123\/Llegue_para_irme_1_CHAME_thumb.jpg\",\"title\":\"Llegu\u00e9 para irme\",\"description\":\"Off La Villarroel\",\"copyright\":\"\",\"order\":3},{\"localizer\":\"V2SLIDE\",\"url\":\"media\/ftgalslide\/31388\/01_076_00038124\/Llegue_para_irme_5_CHAME.jpg\",\"thumb_url\":\"media\/ftgalslide\/31388\/01_076_00038124\/Llegue_para_irme_5_CHAME_thumb.jpg\",\"title\":\"Llegu\u00e9 para irme\",\"description\":\"Off La Villarroel\",\"copyright\":\"\",\"order\":4},{\"localizer\":\"VERS_IMATGE_ESPECTACLE\",\"url\":\"media\/ftespect\/31388\/01_020_00038125\/Llegue_para_irme_1_CHAME.jpg\",\"thumb_url\":\"media\/ftespect\/31388\/01_020_00038125\/Llegue_para_irme_1_CHAME_thumb.jpg\",\"title\":\"Llegu\u00e9 para irme\",\"description\":\"Llegu\u00e9 para irme\",\"copyright\":\"\",\"order\":5},{\"localizer\":\"VERS_IMATGE_ESPECTACLE\",\"url\":\"media\/ftespect\/31388\/01_020_00038126\/Llegue_para_irme_2_CHAME.jpg\",\"thumb_url\":\"media\/ftespect\/31388\/01_020_00038126\/Llegue_para_irme_2_CHAME_thumb.jpg\",\"title\":\"Llegu\u00e9 para irme\",\"description\":\"Llegu\u00e9 para irme\",\"copyright\":\"\",\"order\":6},{\"localizer\":\"VERS_IMATGE_ESPECTACLE\",\"url\":\"media\/ftespect\/31388\/01_020_00038127\/Llegue_para_irme_3_CHAME.jpg\",\"thumb_url\":\"media\/ftespect\/31388\/01_020_00038127\/Llegue_para_irme_3_CHAME_thumb.jpg\",\"title\":\"Llegu\u00e9 para irme\",\"description\":\"Llegu\u00e9 para irme\",\"copyright\":\"\",\"order\":7},{\"localizer\":\"VERS_IMATGE_ESPECTACLE\",\"url\":\"media\/ftespect\/31388\/01_020_00038128\/Llegue_para_irme_4_CHAME.jpg\",\"thumb_url\":\"media\/ftespect\/31388\/01_020_00038128\/Llegue_para_irme_4_CHAME_thumb.jpg\",\"title\":\"Llegu\u00e9 para irme\",\"description\":\"Llegu\u00e9 para irme\",\"copyright\":\"\",\"order\":8},{\"localizer\":\"VERS_IMATGE_ESPECTACLE\",\"url\":\"media\/ftespect\/31388\/01_020_00038129\/Llegue_para_irme_5_CHAME.jpg\",\"thumb_url\":\"media\/ftespect\/31388\/01_020_00038129\/Llegue_para_irme_5_CHAME_thumb.jpg\",\"title\":\"Llegu\u00e9 para irme\",\"description\":\"Llegu\u00e9 para irme\",\"copyright\":\"\",\"order\":9},{\"localizer\":\"VERS_IMATGE_ESPECTACLE\",\"url\":\"media\/ftespect\/31388\/01_020_00038130\/Llegue_para_irme_6_CHAME.jpg\",\"thumb_url\":\"media\/ftespect\/31388\/01_020_00038130\/Llegue_para_irme_6_CHAME_thumb.jpg\",\"title\":\"Llegu\u00e9 para irme\",\"description\":\"Llegu\u00e9 para irme\",\"copyright\":\"\",\"order\":10},{\"localizer\":\"VERS_IMATGE_ESPECTACLE\",\"url\":\"media\/ftespect\/31388\/01_020_00038131\/Llegue_para_irme_7_CHAME.jpg\",\"thumb_url\":\"media\/ftespect\/31388\/01_020_00038131\/Llegue_para_irme_7_CHAME_thumb.jpg\",\"title\":\"Llegu\u00e9 para irme\",\"description\":\"Llegu\u00e9 para irme\",\"copyright\":\"\",\"order\":11},{\"localizer\":\"VERS_IMATGE_ESPECTACLE\",\"url\":\"media\/ftespect\/31388\/01_020_00038132\/Llegue_para_irme_8_CHAME.jpg\",\"thumb_url\":\"media\/ftespect\/31388\/01_020_00038132\/Llegue_para_irme_8_CHAME_thumb.jpg\",\"title\":\"Llegu\u00e9 para irme\",\"description\":\"Llegu\u00e9 para irme\",\"copyright\":\"\",\"order\":12},{\"localizer\":\"VERS_IMATGE_ESPECTACLE\",\"url\":\"media\/ftespect\/31388\/01_020_00038133\/Llegue_para_irme_9_CHAME.jpg\",\"thumb_url\":\"media\/ftespect\/31388\/01_020_00038133\/Llegue_para_irme_9_CHAME_thumb.jpg\",\"title\":\"Llegu\u00e9 para irme\",\"description\":\"Llegu\u00e9 para irme\",\"copyright\":\"\",\"order\":13},{\"localizer\":\"VERS_IMATGE_ESPECTACLE\",\"url\":\"media\/ftespect\/31388\/01_020_00038134\/Llegue_para_irme_10_CHAME.jpg\",\"thumb_url\":\"media\/ftespect\/31388\/01_020_00038134\/Llegue_para_irme_10_CHAME_thumb.jpg\",\"title\":\"Llegu\u00e9 para irme\",\"description\":\"Llegu\u00e9 para irme\",\"copyright\":\"\",\"order\":14},{\"localizer\":\"VERS_IMATGE_ESPECTACLE\",\"url\":\"media\/ftespect\/31388\/01_020_00038135\/Llegue_para_irme_12_CHAME.jpg\",\"thumb_url\":\"media\/ftespect\/31388\/01_020_00038135\/Llegue_para_irme_12_CHAME_thumb.jpg\",\"title\":\"Llegu\u00e9 para irme\",\"description\":\"Llegu\u00e9 para irme\",\"copyright\":\"\",\"order\":15},{\"localizer\":\"V2SLIDE\",\"url\":\"media\/ftgalslide\/31388\/01_076_00038136\/Llegue_para_irme_12_CHAME.jpg\",\"thumb_url\":\"media\/ftgalslide\/31388\/01_076_00038136\/Llegue_para_irme_12_CHAME_thumb.jpg\",\"title\":\"Llegu\u00e9 para irme\",\"description\":\"Off La Villarroel\",\"copyright\":\"\",\"order\":16},{\"localizer\":\"V2PORTADA\",\"url\":\"media\/ver\/port\/31389\/01_078_00038298\/581x327_Llegue.jpg\",\"thumb_url\":\"media\/ver\/port\/31389\/01_078_00038298\/581x327_Llegue_thumb.jpg\",\"title\":\"Llegu\u00e9 para irme\",\"description\":\"Llegu\u00e9 para irme\",\"copyright\":\"\",\"order\":17},{\"localizer\":\"V2CARTELL\",\"url\":\"media\/ver\/cartell\/31389\/01_079_00038299\/405x579_Llegue.jpg\",\"thumb_url\":\"media\/ver\/cartell\/31389\/01_079_00038299\/405x579_Llegue_thumb.jpg\",\"title\":\"Llegu\u00e9 para irme\",\"description\":\"Llegu\u00e9 para irme\",\"copyright\":\"\",\"order\":18},{\"localizer\":\"V2SLIDE\",\"url\":\"media\/ftgalslide\/31389\/01_076_00038511\/Llegue_para_irme_6_CHAME.jpg\",\"thumb_url\":\"media\/ftgalslide\/31389\/01_076_00038511\/Llegue_para_irme_6_CHAME_thumb.jpg\",\"title\":\"Llegu\u00e9 para irme\",\"description\":\"Off La Villarroel\",\"copyright\":\"\",\"order\":19},{\"localizer\":\"V2PORTADA\",\"url\":\"media\/ver\/port\/31389\/01_078_00038512\/Llegue_para_irme_2_CHAME.jpg\",\"thumb_url\":\"media\/ver\/port\/31389\/01_078_00038512\/Llegue_para_irme_2_CHAME_thumb.jpg\",\"title\":\"Llegu\u00e9 para irme\",\"description\":\"Off La Villarroel\",\"copyright\":\"\",\"order\":20},{\"localizer\":\"V2SLIDE\",\"url\":\"media\/ftgalslide\/31389\/01_076_00038513\/Llegue_para_irme_8_CHAME.jpg\",\"thumb_url\":\"media\/ftgalslide\/31389\/01_076_00038513\/Llegue_para_irme_8_CHAME_thumb.jpg\",\"title\":\"Llegu\u00e9 para irme\",\"description\":\"Off La Villarroel\",\"copyright\":\"\",\"order\":21},{\"localizer\":\"V2SLIDE\",\"url\":\"media\/ftgalslide\/31389\/01_076_00038514\/Llegue_para_irme_2_CHAME.jpg\",\"thumb_url\":\"media\/ftgalslide\/31389\/01_076_00038514\/Llegue_para_irme_2_CHAME_thumb.jpg\",\"title\":\"Llegu\u00e9 para irme\",\"description\":\"Off La Villarroel\",\"copyright\":\"\",\"order\":22}]","material__texto_intro":"","data_material":null,"data_gallery":"","data_discounts":"[{\"InfoAddicional\":\"<p><strong>Tarifa especial:<\/strong> Tarjeta Rosa, Tarjeta Discapacidad, Club TR3SC&nbsp;y Carnet Jove.*<\/p><p><em>*Descuentos Tarjeta Rosa y Tarjeta Discapacidad s\u00f3lo aplicables comprando en taquilla <\/em><\/p><p><strong>Descuentos para grupos y escuelas<br \/><\/strong><\/p>\",\"Url\":\"http:\/\/www.promentrada.com\",\"Codi\":\"VILL51\",\"LogoUrl\":\"media\/fimage\/31389\/01_005_00038530\/logo_prome_nuevo_v_web.jpg\"},{\"InfoAddicional\":\"<p><strong>Descuentos para particulares<br \/><\/strong><\/p>\",\"Url\":\"http:\/\/vip.promentrada.com\",\"Codi\":\"VILL51\",\"LogoUrl\":\"media\/fimage\/31389\/01_005_00038559\/logo_prome_vip_v_web.jpg\"}]","contract_is_open":false,"in_tour":false},"yoast_head":"<!-- This site is optimized with the Yoast SEO plugin v27.5 - https:\/\/yoast.com\/product\/yoast-seo-wordpress\/ -->\n<title>Llegu\u00e9 para irme - La Villarroel<\/title>\n<meta name=\"robots\" content=\"index, follow, max-snippet:-1, max-image-preview:large, max-video-preview:-1\" \/>\n<link rel=\"canonical\" href=\"https:\/\/www.lavillarroel.cat\/es\/ex\/llegue-para-irme\/\" \/>\n<script type=\"application\/ld+json\" class=\"yoast-schema-graph\">{\"@context\":\"https:\\\/\\\/schema.org\",\"@graph\":[{\"@type\":\"WebPage\",\"@id\":\"https:\\\/\\\/www.lavillarroel.cat\\\/es\\\/ex\\\/llegue-para-irme\\\/\",\"url\":\"https:\\\/\\\/www.lavillarroel.cat\\\/es\\\/ex\\\/llegue-para-irme\\\/\",\"name\":\"Llegu\u00e9 para irme - La Villarroel\",\"isPartOf\":{\"@id\":\"https:\\\/\\\/www.lavillarroel.cat\\\/es\\\/#website\"},\"datePublished\":\"2017-09-19T06:39:51+00:00\",\"breadcrumb\":{\"@id\":\"https:\\\/\\\/www.lavillarroel.cat\\\/es\\\/ex\\\/llegue-para-irme\\\/#breadcrumb\"},\"inLanguage\":\"es\",\"potentialAction\":[{\"@type\":\"ReadAction\",\"target\":[\"https:\\\/\\\/www.lavillarroel.cat\\\/es\\\/ex\\\/llegue-para-irme\\\/\"]}]},{\"@type\":\"BreadcrumbList\",\"@id\":\"https:\\\/\\\/www.lavillarroel.cat\\\/es\\\/ex\\\/llegue-para-irme\\\/#breadcrumb\",\"itemListElement\":[{\"@type\":\"ListItem\",\"position\":1,\"name\":\"Inici\",\"item\":\"https:\\\/\\\/www.lavillarroel.cat\\\/es\\\/\"},{\"@type\":\"ListItem\",\"position\":2,\"name\":\"Espectacles\",\"item\":\"https:\\\/\\\/www.lavillarroel.cat\\\/es\\\/ex\\\/\"},{\"@type\":\"ListItem\",\"position\":3,\"name\":\"Llegu\u00e9 para irme\"}]},{\"@type\":\"WebSite\",\"@id\":\"https:\\\/\\\/www.lavillarroel.cat\\\/es\\\/#website\",\"url\":\"https:\\\/\\\/www.lavillarroel.cat\\\/es\\\/\",\"name\":\"La Villarroel\",\"description\":\"\",\"publisher\":{\"@id\":\"https:\\\/\\\/www.lavillarroel.cat\\\/es\\\/#organization\"},\"potentialAction\":[{\"@type\":\"SearchAction\",\"target\":{\"@type\":\"EntryPoint\",\"urlTemplate\":\"https:\\\/\\\/www.lavillarroel.cat\\\/es\\\/?s={search_term_string}\"},\"query-input\":{\"@type\":\"PropertyValueSpecification\",\"valueRequired\":true,\"valueName\":\"search_term_string\"}}],\"inLanguage\":\"es\"},{\"@type\":\"Organization\",\"@id\":\"https:\\\/\\\/www.lavillarroel.cat\\\/es\\\/#organization\",\"name\":\"La Villarroel\",\"url\":\"https:\\\/\\\/www.lavillarroel.cat\\\/es\\\/\",\"logo\":{\"@type\":\"ImageObject\",\"inLanguage\":\"es\",\"@id\":\"https:\\\/\\\/www.lavillarroel.cat\\\/es\\\/#\\\/schema\\\/logo\\\/image\\\/\",\"url\":\"https:\\\/\\\/www.lavillarroel.cat\\\/wp-content\\\/uploads\\\/sites\\\/5\\\/2017\\\/09\\\/teatre-villaroel-logo.svg\",\"contentUrl\":\"https:\\\/\\\/www.lavillarroel.cat\\\/wp-content\\\/uploads\\\/sites\\\/5\\\/2017\\\/09\\\/teatre-villaroel-logo.svg\",\"width\":1,\"height\":1,\"caption\":\"La Villarroel\"},\"image\":{\"@id\":\"https:\\\/\\\/www.lavillarroel.cat\\\/es\\\/#\\\/schema\\\/logo\\\/image\\\/\"},\"sameAs\":[\"http:\\\/\\\/www.facebook.com\\\/TeatreVillarroel\",\"https:\\\/\\\/x.com\\\/la_villarroel\",\"http:\\\/\\\/instagram.com\\\/la_villarroel\",\"http:\\\/\\\/www.youtube.com\\\/user\\\/LaVillarroel#p\\\/u\"]}]}<\/script>\n<!-- \/ Yoast SEO plugin. -->","yoast_head_json":{"title":"Llegu\u00e9 para irme - La Villarroel","robots":{"index":"index","follow":"follow","max-snippet":"max-snippet:-1","max-image-preview":"max-image-preview:large","max-video-preview":"max-video-preview:-1"},"canonical":"https:\/\/www.lavillarroel.cat\/es\/ex\/llegue-para-irme\/","schema":{"@context":"https:\/\/schema.org","@graph":[{"@type":"WebPage","@id":"https:\/\/www.lavillarroel.cat\/es\/ex\/llegue-para-irme\/","url":"https:\/\/www.lavillarroel.cat\/es\/ex\/llegue-para-irme\/","name":"Llegu\u00e9 para irme - La Villarroel","isPartOf":{"@id":"https:\/\/www.lavillarroel.cat\/es\/#website"},"datePublished":"2017-09-19T06:39:51+00:00","breadcrumb":{"@id":"https:\/\/www.lavillarroel.cat\/es\/ex\/llegue-para-irme\/#breadcrumb"},"inLanguage":"es","potentialAction":[{"@type":"ReadAction","target":["https:\/\/www.lavillarroel.cat\/es\/ex\/llegue-para-irme\/"]}]},{"@type":"BreadcrumbList","@id":"https:\/\/www.lavillarroel.cat\/es\/ex\/llegue-para-irme\/#breadcrumb","itemListElement":[{"@type":"ListItem","position":1,"name":"Inici","item":"https:\/\/www.lavillarroel.cat\/es\/"},{"@type":"ListItem","position":2,"name":"Espectacles","item":"https:\/\/www.lavillarroel.cat\/es\/ex\/"},{"@type":"ListItem","position":3,"name":"Llegu\u00e9 para irme"}]},{"@type":"WebSite","@id":"https:\/\/www.lavillarroel.cat\/es\/#website","url":"https:\/\/www.lavillarroel.cat\/es\/","name":"La Villarroel","description":"","publisher":{"@id":"https:\/\/www.lavillarroel.cat\/es\/#organization"},"potentialAction":[{"@type":"SearchAction","target":{"@type":"EntryPoint","urlTemplate":"https:\/\/www.lavillarroel.cat\/es\/?s={search_term_string}"},"query-input":{"@type":"PropertyValueSpecification","valueRequired":true,"valueName":"search_term_string"}}],"inLanguage":"es"},{"@type":"Organization","@id":"https:\/\/www.lavillarroel.cat\/es\/#organization","name":"La Villarroel","url":"https:\/\/www.lavillarroel.cat\/es\/","logo":{"@type":"ImageObject","inLanguage":"es","@id":"https:\/\/www.lavillarroel.cat\/es\/#\/schema\/logo\/image\/","url":"https:\/\/www.lavillarroel.cat\/wp-content\/uploads\/sites\/5\/2017\/09\/teatre-villaroel-logo.svg","contentUrl":"https:\/\/www.lavillarroel.cat\/wp-content\/uploads\/sites\/5\/2017\/09\/teatre-villaroel-logo.svg","width":1,"height":1,"caption":"La Villarroel"},"image":{"@id":"https:\/\/www.lavillarroel.cat\/es\/#\/schema\/logo\/image\/"},"sameAs":["http:\/\/www.facebook.com\/TeatreVillarroel","https:\/\/x.com\/la_villarroel","http:\/\/instagram.com\/la_villarroel","http:\/\/www.youtube.com\/user\/LaVillarroel#p\/u"]}]}},"translations":[{"id":2645,"locale":"ca"},{"id":2850,"locale":"es"}],"_links":{"self":[{"href":"https:\/\/www.lavillarroel.cat\/es\/wp-json\/wp\/v2\/ex\/2850","targetHints":{"allow":["GET"]}}],"collection":[{"href":"https:\/\/www.lavillarroel.cat\/es\/wp-json\/wp\/v2\/ex"}],"about":[{"href":"https:\/\/www.lavillarroel.cat\/es\/wp-json\/wp\/v2\/types\/ex"}],"author":[{"embeddable":true,"href":"https:\/\/www.lavillarroel.cat\/es\/wp-json\/wp\/v2\/users\/2"}],"replies":[{"embeddable":true,"href":"https:\/\/www.lavillarroel.cat\/es\/wp-json\/wp\/v2\/comments?post=2850"}],"acf:term":[{"embeddable":true,"taxonomy":"season","href":"https:\/\/www.lavillarroel.cat\/es\/wp-json\/wp\/v2\/season\/88"}],"wp:attachment":[{"href":"https:\/\/www.lavillarroel.cat\/es\/wp-json\/wp\/v2\/media?parent=2850"}],"curies":[{"name":"wp","href":"https:\/\/api.w.org\/{rel}","templated":true}]}}