{"id":2862,"date":"2017-09-19T08:40:02","date_gmt":"2017-09-19T06:40:02","guid":{"rendered":"https:\/\/pre.lavillarroel.cat\/ex\/\/fairfly\/"},"modified":"2017-09-19T08:40:02","modified_gmt":"2017-09-19T06:40:02","slug":"fairfly","status":"publish","type":"ex","link":"https:\/\/www.lavillarroel.cat\/es\/ex\/fairfly\/","title":{"rendered":"Fairfly"},"content":{"rendered":"","protected":false},"excerpt":{"rendered":"","protected":false},"author":2,"featured_media":0,"comment_status":"closed","ping_status":"closed","template":"","class_list":["post-2862","ex","type-ex","status-publish","hentry","season-2017-18"],"acf":{"txt_synopsis":"<p>Cuatro amigos intentan organizarse despu\u00e9s de que la empresa de alimentaci\u00f3n infantil donde trabajan les comunique la apertura de un ERE. La primera idea es luchar para defender sus puestos de trabajo, claro. \u00bfPero de qu\u00e9 manera? \u00bfY de qu\u00e9 servir\u00e1? \u00bfRealmente vale la pena luchar por este trabajo que tienen? \u00bfNo ser\u00eda mejor que lo dejaran e intentaran convertir en realidad esa idea revolucionaria que tuvieron unos a\u00f1os atr\u00e1s? \n<\/p><p align=\"center\"><br \/><a href=\"http:\/\/bit.ly\/LaTemporada-17-18-GrupFocus\"><strong>Consulta nuestra revista de La Temporada 2017-2018 con la programaci\u00f3n al detalle de todos los teatros del Grup Focus<\/strong><\/a>&nbsp;<\/p>","main_buy_link":"https:\/\/www.4tickets.es\/LaVillarroel\/public\/janto\/?Nivel=Evento&idEvento=VILL58&Idioma=ES","main_buy_links":"","group_buy_link":"","show_language":"Espect\u00e1culo en catal\u00e1n","show_duration":"80","show_start_date":"20180517000000","show_end_date":"20180617000000","show_sort_date":"20180517000000","txt_custom_show_dates":"hasta el 17 de junio de 2018","show_disciplines":"","show_ultimes_funcions":false,"hide_tarifes_especials":false,"show_properament":false,"txt_additional_info":"<p><i class=\"fa fa-trophy fa-2x fa-fw\"><\/i>&nbsp;Premis Butaca 2017: Mejor espect\u00e1culo de peque\u00f1o formato y Mejor texto (Joan Yago)\n<i class=\"fa fa-trophy fa-2x fa-fw\"><\/i>&nbsp;Premis de la Cr\u00edtica 2017: Mejor espect\u00e1culo de peque\u00f1o formato<\/p>","txt_present":"","show_season":[89],"txt_season":"[\"2017\/18\"]","txt_cycle":"","txt_claim":"","txt_cast_excerpt":"","txt_cast":"<p>Dramaturgia <strong>Joan Yago<br \/><\/strong>Direcci\u00f3n <strong>Israel Sol\u00e0<\/strong><\/p>\n<p>Int\u00e9rpretes <strong>Queralt Casasayas, Xavi Franc\u00e9s, Aitor Galisteo-Rocher&nbsp;<\/strong>y <strong>Vanessa Segura<\/strong><br \/>Escenograf\u00eda, vestuario&nbsp;e iluminaci\u00f3n <strong>Albert Pascual<\/strong> <br \/>Canci\u00f3n Fairfly <strong>Ona Pla<\/strong>&nbsp;y<strong> Josep S\u00e1nchez-Rico<\/strong> <br \/>V\u00eddeo <strong>Moosemallow Crew<\/strong> <br \/>Dise\u00f1o del espacio&nbsp;sonoro <strong>Israel Sol\u00e0<\/strong> y <strong>Guillem Rodr\u00edguez<\/strong><br \/>Fotograf\u00edas <strong>Anna F\u00e0brega<\/strong> <br \/>Dise\u00f1o Gr\u00e1fico <strong>Albert Pascual<\/strong><\/p>\n<p>Producci\u00f3n ejecutiva <strong>La Cal\u00f2rica<\/strong><\/p>\n<p>Jefe&nbsp;t\u00e9cnico del teatro <strong>Jaume Freixas<\/strong><\/p>\n<p>Marketing <strong>Publispec<\/strong><br \/>Prensa <strong>Anna Casasayas<\/strong>&nbsp;y<strong> Clara M. Clavell<\/strong> <\/p>\n<p>Agradecimientos<br \/><strong>Esther L\u00f3pez, Marc Rius, J\u00falia Truyol, Txell Aixendri, Mariola Dinar\u00e9s, Jordi&nbsp; Bast\u00e9, M\u00f2nica Terribas, Montse Belda<\/strong>.<\/p>\n<p>Una coproducci\u00f3n de <strong>La Cal\u00f2rica<\/strong>, <strong>Teatre Tantarantana<\/strong>&nbsp;y <strong>El Cicl\u00f3<\/strong> <\/p>\n<p>Primera funci\u00f3n&nbsp;en La Villarroel el 17 de mayo de&nbsp;2018 <\/p>","txt_reviews":"Marcos Ord\u00f3\u00f1ez|El Pa\u00eds|\"Estupenda y feroz cr\u00f3nica sobre la crisis y el mito del \"emprendedorismo\". Ah\u00ed hay un \u00e9xito.\" \nJuan Carlos Olivares|TimeOut Barcelona|\"Yago maneja a voluntat el temps, pilota al seu gust el viratge de com\u00e8dia i drama, i Israel Sol\u00e0 aconsegueix que quatre excel\u00b7lents int\u00e8rprets visquin amb intensitat totes les vicissituds que pateixen els personatges.\" \nSanti Fondevila|ARA|\"El text de Joan Yago, un dels dramaturgs m\u00e9s brillants del moment per com conjuga les q\u00fcestions p\u00fabliques i les privades, retrata amb una certa ironia el fenomen de l\u2019emprenedor a trav\u00e9s d\u2019uns personatges tan reals com entranyables.\"  \nAlba Cuenca|Masteatro|\"Israel Sol\u00e1 ofrece una milim\u00e9trica direcci\u00f3n en la que todos los movimientos est\u00e1n estudiados y cuidados para que los personajes roten y sean lo m\u00e1s visibles posible.\" \nAndreu Sotorra|Teatralnet|\"Una pe\u00e7a rodona, de llenguatge viu, atractiu i reflexiu a la vegada, apte per a un ampli ventall d'espectadors.\" \nMarc Sabater|Recomana|\"Fairfly \u00e9s el resultat d\u2019un text brillant i ajustat als actors que l\u2019executen, uns actors excel\u00b7lents i encaixats a la pe\u00e7a que interpreten.\"","hashtag":"Fairfly","have_promo":"","slogan":"","id_exhibicio":1498,"id_versio":1241,"id_local":4,"txt_seo_desc":"'Fairfly', una s\u00e1tira agridulce sobre la emprendedur\u00eda de Joan Yago dirigida por Israel Sol\u00e0 en La Villarroel de Barcelona. Premis Butaca 2017 en Mejor espect\u00e1culo de peque\u00f1o formato y Mejor texto. Premis de la Cr\u00edtica 2017 a Mejor espect\u00e1culo de peque\u00f1o formato.","data_images":"[{\"localizer\":\"V3SLIDE\",\"url\":\"media\/ftgalslide\/v3\/3144D\/01_086_00044607\/fairflylavillarroelteatrebarcelona2.jpg\",\"thumb_url\":\"media\/ftgalslide\/v3\/3144D\/01_086_00044607\/fairflylavillarroelteatrebarcelona2_thumb.jpg\",\"title\":\"Fairfly\",\"description\":\"La Villarroel\",\"copyright\":\"https:\/\/youtu.be\/7SK-CAHac1c\",\"order\":1},{\"localizer\":\"V2SLIDE\",\"url\":\"media\/ftgalslide\/313ED\/01_076_00042237\/Promo_Fairfly_3_cAnna_Fabrega.jpg\",\"thumb_url\":\"media\/ftgalslide\/313ED\/01_076_00042237\/Promo_Fairfly_3_cAnna_Fabrega_thumb.jpg\",\"title\":\"Fairfly\",\"description\":\"La Villarroel\",\"copyright\":\"\",\"order\":4},{\"localizer\":\"VERS_IMATGE_ESPECTACLE\",\"url\":\"media\/ftespect\/313ED\/01_020_00042238\/Fairfly05cAnnaFabrega.jpg\",\"thumb_url\":\"media\/ftespect\/313ED\/01_020_00042238\/Fairfly05cAnnaFabrega_thumb.jpg\",\"title\":\"Fairfly\",\"description\":\"Fairfly\",\"copyright\":\"\",\"order\":5},{\"localizer\":\"VERS_IMATGE_ESPECTACLE\",\"url\":\"media\/ftespect\/313ED\/01_020_00042239\/PromoFairfly3cAnnaFabrega.jpg\",\"thumb_url\":\"media\/ftespect\/313ED\/01_020_00042239\/PromoFairfly3cAnnaFabrega_thumb.jpg\",\"title\":\"Fairfly\",\"description\":\"Fairfly\",\"copyright\":\"\",\"order\":6},{\"localizer\":\"V2PORTADA\",\"url\":\"media\/ver\/port\/313ED\/01_078_00042472\/h_y_v_03.jpg\",\"thumb_url\":\"media\/ver\/port\/313ED\/01_078_00042472\/h_y_v_03_thumb.jpg\",\"title\":\"Fairfly\",\"description\":\"Fairfly\",\"copyright\":\"\",\"order\":8},{\"localizer\":\"V2CARTELL\",\"url\":\"media\/ver\/cartell\/313ED\/01_079_00042473\/h_y_v_01.jpg\",\"thumb_url\":\"media\/ver\/cartell\/313ED\/01_079_00042473\/h_y_v_01_thumb.jpg\",\"title\":\"Fairfly\",\"description\":\"Fairfly\",\"copyright\":\"\",\"order\":9},{\"localizer\":\"V3CARTELL\",\"url\":\"media\/ver\/cartell\/v3\/31449\/01_085_00043661\/fairflylavillarroel.jpg\",\"thumb_url\":\"media\/ver\/cartell\/v3\/31449\/01_085_00043661\/fairflylavillarroel_thumb.jpg\",\"title\":\"Fairfly\",\"description\":\"La Villarroel\",\"copyright\":\"\",\"order\":14},{\"localizer\":\"V3SLIDE\",\"url\":\"media\/ftgalslide\/v3\/3144C\/01_086_00044425\/fairflylavillarroelteatrebarcelona4.jpg\",\"thumb_url\":\"media\/ftgalslide\/v3\/3144C\/01_086_00044425\/fairflylavillarroelteatrebarcelona4_thumb.jpg\",\"title\":\"Fairfly\",\"description\":\"La Villarroel\",\"copyright\":\"\",\"order\":15},{\"localizer\":\"V3SLIDE\",\"url\":\"media\/ftgalslide\/v3\/3144C\/01_086_00044426\/fairflylavillarroelteatrebarcelona5.jpg\",\"thumb_url\":\"media\/ftgalslide\/v3\/3144C\/01_086_00044426\/fairflylavillarroelteatrebarcelona5_thumb.jpg\",\"title\":\"Fairfly\",\"description\":\"La Villarroel\",\"copyright\":\"\",\"order\":16},{\"localizer\":\"V3SLIDE\",\"url\":\"media\/ftgalslide\/v3\/3144C\/01_086_00044427\/fairflylavillarroelteatrebarcelona6.jpg\",\"thumb_url\":\"media\/ftgalslide\/v3\/3144C\/01_086_00044427\/fairflylavillarroelteatrebarcelona6_thumb.jpg\",\"title\":\"Fairfly\",\"description\":\"La Villarroel\",\"copyright\":\"\",\"order\":17},{\"localizer\":\"V3SLIDE\",\"url\":\"media\/ftgalslide\/v3\/3144C\/01_086_00044428\/fairflylavillarroelteatrebarcelona7.jpg\",\"thumb_url\":\"media\/ftgalslide\/v3\/3144C\/01_086_00044428\/fairflylavillarroelteatrebarcelona7_thumb.jpg\",\"title\":\"Fairfly\",\"description\":\"La Villarroel\",\"copyright\":\"\",\"order\":18},{\"localizer\":\"V3SLIDE\",\"url\":\"media\/ftgalslide\/v3\/3144C\/01_086_00044429\/fairflylavillarroelteatrebarcelona8.jpg\",\"thumb_url\":\"media\/ftgalslide\/v3\/3144C\/01_086_00044429\/fairflylavillarroelteatrebarcelona8_thumb.jpg\",\"title\":\"Fairfly\",\"description\":\"La Villarroel\",\"copyright\":\"\",\"order\":19},{\"localizer\":\"V3SLIDE\",\"url\":\"media\/ftgalslide\/v3\/3144C\/01_086_00044430\/fairflylavillarroelteatrebarcelona9.jpg\",\"thumb_url\":\"media\/ftgalslide\/v3\/3144C\/01_086_00044430\/fairflylavillarroelteatrebarcelona9_thumb.jpg\",\"title\":\"Fairfly\",\"description\":\"La Villarroel\",\"copyright\":\"\",\"order\":20},{\"localizer\":\"V3SLIDE\",\"url\":\"media\/ftgalslide\/v3\/3144C\/01_086_00044431\/fairflylavillarroelteatrebarcelona10.jpg\",\"thumb_url\":\"media\/ftgalslide\/v3\/3144C\/01_086_00044431\/fairflylavillarroelteatrebarcelona10_thumb.jpg\",\"title\":\"Fairfly\",\"description\":\"La Villarroel\",\"copyright\":\"\",\"order\":21},{\"localizer\":\"V3SLIDE\",\"url\":\"media\/ftgalslide\/v3\/3144C\/01_086_00044432\/fairflylavillarroelteatrebarcelona.jpg\",\"thumb_url\":\"media\/ftgalslide\/v3\/3144C\/01_086_00044432\/fairflylavillarroelteatrebarcelona_thumb.jpg\",\"title\":\"Fairfly\",\"description\":\"La Villarroel\",\"copyright\":\"\",\"order\":22},{\"localizer\":\"V3SLIDE\",\"url\":\"media\/ftgalslide\/v3\/3144C\/01_086_00044433\/fairflylavillarroelteatrebarcelona1.jpg\",\"thumb_url\":\"media\/ftgalslide\/v3\/3144C\/01_086_00044433\/fairflylavillarroelteatrebarcelona1_thumb.jpg\",\"title\":\"Fairfly\",\"description\":\"La Villarroel\",\"copyright\":\"\",\"order\":23},{\"localizer\":\"V3PORTADAWIDE\",\"url\":\"media\/ver\/port\/v3wide\/3144E\/01_088_00044677\/0fairflylavillarroelteatrebarcelonaultimesfuncions.jpg\",\"thumb_url\":\"media\/ver\/port\/v3wide\/3144E\/01_088_00044677\/0fairflylavillarroelteatrebarcelonaultimesfuncions_thumb.jpg\",\"title\":\"Fairfly\",\"description\":\"La Villarroel\",\"copyright\":\"\",\"order\":28},{\"localizer\":\"V3PORTADA\",\"url\":\"media\/ver\/port\/v3\/3144E\/01_084_00044678\/1fairflylavillarroelteatrebarcelonaultimesfuncions.jpg\",\"thumb_url\":\"media\/ver\/port\/v3\/3144E\/01_084_00044678\/1fairflylavillarroelteatrebarcelonaultimesfuncions_thumb.jpg\",\"title\":\"Fairfly\",\"description\":\"La Villarroel\",\"copyright\":\"\",\"order\":29}]","material__texto_intro":"","data_material":null,"data_gallery":"","data_discounts":"[{\"InfoAddicional\":\"<p><strong>Descuentos para grupos y escuelas<br \/><\/strong><\/p>\",\"Url\":\"https:\/\/www.promentrada.com\/es\/catalog\/\",\"Codi\":\"VILL58\",\"LogoUrl\":\"media\/fimage\/31389\/01_005_00038530\/logo_prome_nuevo_v_web.jpg\",\"TitolBoto\":\"Descuentos para grupos y escuelas\",\"Type\":\"discount\"},{\"InfoAddicional\":\"<p><strong>Descuentos para particulares<br \/><\/strong><\/p>\",\"Url\":\"http:\/\/vip.promentrada.com\",\"Codi\":\"VILL58\",\"LogoUrl\":\"media\/fimage\/31389\/01_005_00038559\/logo_prome_vip_v_web.jpg\",\"TitolBoto\":\"Descuentos para particulares\",\"Type\":\"discount\"}]","contract_is_open":false,"in_tour":false},"yoast_head":"<!-- This site is optimized with the Yoast SEO plugin v27.4 - https:\/\/yoast.com\/product\/yoast-seo-wordpress\/ -->\n<title>Fairfly - La Villarroel<\/title>\n<meta name=\"robots\" content=\"index, follow, max-snippet:-1, max-image-preview:large, max-video-preview:-1\" \/>\n<link rel=\"canonical\" href=\"https:\/\/www.lavillarroel.cat\/es\/ex\/fairfly\/\" \/>\n<script type=\"application\/ld+json\" class=\"yoast-schema-graph\">{\"@context\":\"https:\\\/\\\/schema.org\",\"@graph\":[{\"@type\":\"WebPage\",\"@id\":\"https:\\\/\\\/www.lavillarroel.cat\\\/es\\\/ex\\\/fairfly\\\/\",\"url\":\"https:\\\/\\\/www.lavillarroel.cat\\\/es\\\/ex\\\/fairfly\\\/\",\"name\":\"Fairfly - La Villarroel\",\"isPartOf\":{\"@id\":\"https:\\\/\\\/www.lavillarroel.cat\\\/es\\\/#website\"},\"datePublished\":\"2017-09-19T06:40:02+00:00\",\"breadcrumb\":{\"@id\":\"https:\\\/\\\/www.lavillarroel.cat\\\/es\\\/ex\\\/fairfly\\\/#breadcrumb\"},\"inLanguage\":\"es\",\"potentialAction\":[{\"@type\":\"ReadAction\",\"target\":[\"https:\\\/\\\/www.lavillarroel.cat\\\/es\\\/ex\\\/fairfly\\\/\"]}]},{\"@type\":\"BreadcrumbList\",\"@id\":\"https:\\\/\\\/www.lavillarroel.cat\\\/es\\\/ex\\\/fairfly\\\/#breadcrumb\",\"itemListElement\":[{\"@type\":\"ListItem\",\"position\":1,\"name\":\"Inici\",\"item\":\"https:\\\/\\\/www.lavillarroel.cat\\\/es\\\/\"},{\"@type\":\"ListItem\",\"position\":2,\"name\":\"Espectacles\",\"item\":\"https:\\\/\\\/www.lavillarroel.cat\\\/es\\\/ex\\\/\"},{\"@type\":\"ListItem\",\"position\":3,\"name\":\"Fairfly\"}]},{\"@type\":\"WebSite\",\"@id\":\"https:\\\/\\\/www.lavillarroel.cat\\\/es\\\/#website\",\"url\":\"https:\\\/\\\/www.lavillarroel.cat\\\/es\\\/\",\"name\":\"La Villarroel\",\"description\":\"\",\"publisher\":{\"@id\":\"https:\\\/\\\/www.lavillarroel.cat\\\/es\\\/#organization\"},\"potentialAction\":[{\"@type\":\"SearchAction\",\"target\":{\"@type\":\"EntryPoint\",\"urlTemplate\":\"https:\\\/\\\/www.lavillarroel.cat\\\/es\\\/?s={search_term_string}\"},\"query-input\":{\"@type\":\"PropertyValueSpecification\",\"valueRequired\":true,\"valueName\":\"search_term_string\"}}],\"inLanguage\":\"es\"},{\"@type\":\"Organization\",\"@id\":\"https:\\\/\\\/www.lavillarroel.cat\\\/es\\\/#organization\",\"name\":\"La Villarroel\",\"url\":\"https:\\\/\\\/www.lavillarroel.cat\\\/es\\\/\",\"logo\":{\"@type\":\"ImageObject\",\"inLanguage\":\"es\",\"@id\":\"https:\\\/\\\/www.lavillarroel.cat\\\/es\\\/#\\\/schema\\\/logo\\\/image\\\/\",\"url\":\"https:\\\/\\\/www.lavillarroel.cat\\\/wp-content\\\/uploads\\\/sites\\\/5\\\/2017\\\/09\\\/teatre-villaroel-logo.svg\",\"contentUrl\":\"https:\\\/\\\/www.lavillarroel.cat\\\/wp-content\\\/uploads\\\/sites\\\/5\\\/2017\\\/09\\\/teatre-villaroel-logo.svg\",\"width\":1,\"height\":1,\"caption\":\"La Villarroel\"},\"image\":{\"@id\":\"https:\\\/\\\/www.lavillarroel.cat\\\/es\\\/#\\\/schema\\\/logo\\\/image\\\/\"},\"sameAs\":[\"http:\\\/\\\/www.facebook.com\\\/TeatreVillarroel\",\"https:\\\/\\\/x.com\\\/la_villarroel\",\"http:\\\/\\\/instagram.com\\\/la_villarroel\",\"http:\\\/\\\/www.youtube.com\\\/user\\\/LaVillarroel#p\\\/u\"]}]}<\/script>\n<!-- \/ Yoast SEO plugin. -->","yoast_head_json":{"title":"Fairfly - La Villarroel","robots":{"index":"index","follow":"follow","max-snippet":"max-snippet:-1","max-image-preview":"max-image-preview:large","max-video-preview":"max-video-preview:-1"},"canonical":"https:\/\/www.lavillarroel.cat\/es\/ex\/fairfly\/","schema":{"@context":"https:\/\/schema.org","@graph":[{"@type":"WebPage","@id":"https:\/\/www.lavillarroel.cat\/es\/ex\/fairfly\/","url":"https:\/\/www.lavillarroel.cat\/es\/ex\/fairfly\/","name":"Fairfly - La Villarroel","isPartOf":{"@id":"https:\/\/www.lavillarroel.cat\/es\/#website"},"datePublished":"2017-09-19T06:40:02+00:00","breadcrumb":{"@id":"https:\/\/www.lavillarroel.cat\/es\/ex\/fairfly\/#breadcrumb"},"inLanguage":"es","potentialAction":[{"@type":"ReadAction","target":["https:\/\/www.lavillarroel.cat\/es\/ex\/fairfly\/"]}]},{"@type":"BreadcrumbList","@id":"https:\/\/www.lavillarroel.cat\/es\/ex\/fairfly\/#breadcrumb","itemListElement":[{"@type":"ListItem","position":1,"name":"Inici","item":"https:\/\/www.lavillarroel.cat\/es\/"},{"@type":"ListItem","position":2,"name":"Espectacles","item":"https:\/\/www.lavillarroel.cat\/es\/ex\/"},{"@type":"ListItem","position":3,"name":"Fairfly"}]},{"@type":"WebSite","@id":"https:\/\/www.lavillarroel.cat\/es\/#website","url":"https:\/\/www.lavillarroel.cat\/es\/","name":"La Villarroel","description":"","publisher":{"@id":"https:\/\/www.lavillarroel.cat\/es\/#organization"},"potentialAction":[{"@type":"SearchAction","target":{"@type":"EntryPoint","urlTemplate":"https:\/\/www.lavillarroel.cat\/es\/?s={search_term_string}"},"query-input":{"@type":"PropertyValueSpecification","valueRequired":true,"valueName":"search_term_string"}}],"inLanguage":"es"},{"@type":"Organization","@id":"https:\/\/www.lavillarroel.cat\/es\/#organization","name":"La Villarroel","url":"https:\/\/www.lavillarroel.cat\/es\/","logo":{"@type":"ImageObject","inLanguage":"es","@id":"https:\/\/www.lavillarroel.cat\/es\/#\/schema\/logo\/image\/","url":"https:\/\/www.lavillarroel.cat\/wp-content\/uploads\/sites\/5\/2017\/09\/teatre-villaroel-logo.svg","contentUrl":"https:\/\/www.lavillarroel.cat\/wp-content\/uploads\/sites\/5\/2017\/09\/teatre-villaroel-logo.svg","width":1,"height":1,"caption":"La Villarroel"},"image":{"@id":"https:\/\/www.lavillarroel.cat\/es\/#\/schema\/logo\/image\/"},"sameAs":["http:\/\/www.facebook.com\/TeatreVillarroel","https:\/\/x.com\/la_villarroel","http:\/\/instagram.com\/la_villarroel","http:\/\/www.youtube.com\/user\/LaVillarroel#p\/u"]}]}},"translations":[{"id":2657,"locale":"ca"},{"id":2862,"locale":"es"}],"_links":{"self":[{"href":"https:\/\/www.lavillarroel.cat\/es\/wp-json\/wp\/v2\/ex\/2862","targetHints":{"allow":["GET"]}}],"collection":[{"href":"https:\/\/www.lavillarroel.cat\/es\/wp-json\/wp\/v2\/ex"}],"about":[{"href":"https:\/\/www.lavillarroel.cat\/es\/wp-json\/wp\/v2\/types\/ex"}],"author":[{"embeddable":true,"href":"https:\/\/www.lavillarroel.cat\/es\/wp-json\/wp\/v2\/users\/2"}],"replies":[{"embeddable":true,"href":"https:\/\/www.lavillarroel.cat\/es\/wp-json\/wp\/v2\/comments?post=2862"}],"acf:term":[{"embeddable":true,"taxonomy":"season","href":"https:\/\/www.lavillarroel.cat\/es\/wp-json\/wp\/v2\/season\/89"}],"wp:attachment":[{"href":"https:\/\/www.lavillarroel.cat\/es\/wp-json\/wp\/v2\/media?parent=2862"}],"curies":[{"name":"wp","href":"https:\/\/api.w.org\/{rel}","templated":true}]}}