{"id":2868,"date":"2018-04-18T08:15:12","date_gmt":"2018-04-18T06:15:12","guid":{"rendered":"https:\/\/pre.lavillarroel.cat\/ex\/\/la-calavera-de-connemara-2\/"},"modified":"2018-04-18T08:15:12","modified_gmt":"2018-04-18T06:15:12","slug":"la-calavera-de-connemara-2","status":"publish","type":"ex","link":"https:\/\/www.lavillarroel.cat\/es\/ex\/la-calavera-de-connemara-2\/","title":{"rendered":"La calavera de Connemara"},"content":{"rendered":"","protected":false},"excerpt":{"rendered":"","protected":false},"author":2,"featured_media":0,"comment_status":"closed","ping_status":"closed","template":"","class_list":["post-2868","ex","type-ex","status-publish","hentry","season-2018-19"],"acf":{"txt_synopsis":"<p>Estamos en el oeste de Irlanda, en Connemara, una comarca rural, verde y todav\u00eda salvaje, a principios de los a\u00f1os noventa.<br \/>El solitario y misterioso Mick Dowd parece tener una vida muy anodina, sus actividades parecen limitarse a beber poiteen y cotillear cada noche con su vecina adicta al bingo, la anciana Maryjohnny, y a recibir la visita de vez en cuando de Thomas, un polic\u00eda local con \u00ednfulas de convertirse alg\u00fan d\u00eda en un detective triunfador como su admirado Colombo. Ojal\u00e1 todav\u00eda tuviera a su lado su difunta esposa, Oona, ella era el amor de su vida y no pasa d\u00eda que Mick no la eche de menos.<br \/>Durante unos pocos d\u00edas, cada oto\u00f1o, la aburrida existencia de Mick toma un aspecto algo m\u00e1s siniestro: Es el encargado de desenterrar los cad\u00e1veres que ya llevan m\u00e1s de siete a\u00f1os de descanso en el cementerio local. Es una ocupaci\u00f3n macabra, pero alguien la tiene que hacer, por el bien del buen funcionamiento social. Hay que hacer espacio para los muertos reci\u00e9n llegados.<br \/>Pero este a\u00f1o no ser\u00e1 como los dem\u00e1s. Ha llegado el momento de exhumar los restos de Oona. Y los rumores que lo acusan de haber sido el culpable voluntario de su muerte vuelven a aparecer entre el vecindario, incluso en los que \u00e9l consideraba sus amigos.<br \/>Por si fuera poco, por primera vez estar\u00e1 obligado a trabajar con compa\u00f1\u00eda, y tendr\u00e1 el peor de los ayudantes posibles, el joven M\u00e1irt\u00edn, el bala perdida del pueblo, que guarda m\u00e1s golpes escondidos de los que parece.<\/p>\n<p>Bienvenidos a <em>La calavera de Connemara<\/em>, una comedia negra de amor y huesos.<\/p>\n<p><strong>Iv\u00e1n Morales<\/strong><\/p>","main_buy_link":"","main_buy_links":"","group_buy_link":"","show_language":"Espect\u00e1culo en catal\u00e1n","show_duration":"95","show_start_date":"20180912000000","show_end_date":"20181028000000","show_sort_date":"20180723000000","txt_custom_show_dates":"del 12 de septiembre al 28 de octubre de 2018","show_disciplines":"","show_ultimes_funcions":false,"hide_tarifes_especials":false,"show_properament":false,"txt_additional_info":"","txt_present":"","show_season":[90],"txt_season":"[\"2018\/19\"]","txt_cycle":"","txt_claim":"","txt_cast_excerpt":"","txt_cast":"<p>Autor <strong>Martin McDonagh<\/strong><br \/>Traducci\u00f3n y Adaptaci\u00f3n <strong>Pau Gener<\/strong> sobre idea de <strong>Iv\u00e1n Morales<\/strong><br \/>Direcci\u00f3n <strong>Iv\u00e1n Morales<\/strong><\/p>\n<p>Reparto<br \/>Mick Dowd&nbsp; <strong>Pol L\u00f3pez<br \/><\/strong>Maryjohnny Rafferty <strong>Marta Mill\u00e0<\/strong>&nbsp; <br \/>Thomas Hanlon <strong>Xavi S\u00e1ez<\/strong><br \/>Mairtin Hanlon&nbsp;&nbsp;<strong>Ferran Vilajosana<br \/><\/strong><br \/>Escenograf\u00eda <strong>Marc Salicr\u00fa<br \/><\/strong>Vestuario <strong>M\u00edriam Compte<\/strong><br \/>Iluminaci\u00f3n <strong>Sylvia Kuchinow<\/strong><br \/>Composici\u00f3n del espacio sonoro <strong>Pau Matas<\/strong><br \/>Caracterizaci\u00f3n <strong>Toni Santos<\/strong><br \/>Movimiento <strong>David Climent - Los Corderos<\/strong><br \/>Ayudante de direcci\u00f3n <strong>Anna Maria Ricart<\/strong><\/p>\n<p>Jefa de producci\u00f3n <strong>Maite Pijuan<\/strong><br \/>Producci\u00f3n ejecutiva <strong>Raquel Do\u00f1oro<\/strong><br \/>Responsable t\u00e9cnico <strong>Moi Cuenca<\/strong> <br \/>Ayudantes de producci\u00f3n: <strong>Maria Muntan\u00e9, Ainoha Bernaola<\/strong> <br \/>Regidor\u00eda: <strong>Jana Morey<\/strong><\/p>\n<p>Estudiante en pr\u00e1cticas de vestuario: <strong>David Valero<\/strong><br \/>Estudiane en pr\u00e1cticas de regidor\u00eda:<strong> Andrea Vilches<\/strong><\/p>\n<p>Jefe t\u00e9cnico del teatro <strong>Jaume Feixas<\/strong><br \/>Construcci\u00f3n escenograf\u00eda <strong>Germans \u00d3scar y Carles Hern\u00e1ndez Pol (Ou i Xarli), Laura Galofr\u00e9 <\/strong>y<strong> Raquel Ibort<\/strong><br \/>Escultura calaveras <strong>David Abrodos<\/strong><\/p>\n<p>Prensa <strong>Anna Casasayas<\/strong> y<strong> Clara M. Clavell<\/strong><br \/>Marketing y comunicaci\u00f3n <strong>Publispec<br \/><\/strong>Reportaje Fotogr\u00e1fico <strong>David Ruano<br \/><\/strong>Dise\u00f1o Gr\u00e1fico <strong>Santi&Kco<br \/><\/strong><br \/>Agradecimientos: <strong>Anna Alarc\u00f3n, Sandra Moncl\u00fas, Roc Jou, Irene Escolar, Aina Tur<\/strong><\/p>\n<p>Es una producci\u00f3n de <strong>La Villarroel<\/strong><\/p>\n<p>Primera representaci\u00f3n en La Villarroel el 15 de setiembre de 2017.<\/p>","txt_reviews":"Marcos Ord\u00f3\u00f1ez|El Pa\u00eds|\"Una joya (negr\u00edsima) de cabo a rabo\" \nMar\u00eda Jos\u00e9 Ragu\u00e9|El Mundo|\"Un gran espect\u00e1culo que nos desborda y nos conmueve\" \nJuan Carlos Olivares|El Pa\u00eds|\"Enorme L\u00f3pez\"","hashtag":"LaCalaveraDeConnemara","have_promo":"","slogan":"","id_exhibicio":1541,"id_versio":1203,"id_local":4,"txt_seo_desc":"Una comedia negra con el sello de Martin McDonagh, dirigida por Iv\u00e1n Morales y protagonizada por Pol L\u00f3pez en La Villarroel de Barcelona.","data_images":"[{\"localizer\":\"V3SLIDE\",\"url\":\"media\/ftgalslide\/v3\/31451\/01_086_00045853\/lacalaveradeconnemaralavillarroelteatrebarcelona26.jpg\",\"thumb_url\":\"media\/ftgalslide\/v3\/31451\/01_086_00045853\/lacalaveradeconnemaralavillarroelteatrebarcelona26_thumb.jpg\",\"title\":\"la calavera de connemara\",\"description\":\"la calavera de connemara la villarroel teatre barcelona\",\"copyright\":\"https:\/\/www.youtube.com\/watch?v=VoacmiXM7_k&feature=youtu.be\",\"order\":1},{\"localizer\":\"V2CARTELLDISTRI\",\"url\":\"media\/cartell\/distrib\/313EA\/01_082_00041401\/162X231CALAVERAgirav2.jpg\",\"thumb_url\":\"media\/cartell\/distrib\/313EA\/01_082_00041401\/162X231CALAVERAgirav2_thumb.jpg\",\"title\":\"La calavera de Connemara\",\"description\":\"La calavera de Connemara\",\"copyright\":\"\",\"order\":5},{\"localizer\":\"V2SLIDE\",\"url\":\"media\/ftgalslide\/313EC\/01_076_00042108\/i_calavera_v08_OK.JPG\",\"thumb_url\":\"media\/ftgalslide\/313EC\/01_076_00042108\/i_calavera_v08_OK_thumb.jpg\",\"title\":\"La calavera de Connemara\",\"description\":\"La Villarroel\",\"copyright\":\"\",\"order\":100},{\"localizer\":\"V2SLIDE\",\"url\":\"media\/ftgalslide\/313ED\/01_076_00042360\/t_cal_007.JPG\",\"thumb_url\":\"media\/ftgalslide\/313ED\/01_076_00042360\/t_cal_007_thumb.jpg\",\"title\":\"La calavera de Connemara\",\"description\":\"La Villarroel\",\"copyright\":\"\",\"order\":101},{\"localizer\":\"V2SLIDE\",\"url\":\"media\/ftgalslide\/313ED\/01_076_00042361\/t_cal_012.JPG\",\"thumb_url\":\"media\/ftgalslide\/313ED\/01_076_00042361\/t_cal_012_thumb.jpg\",\"title\":\"La calavera de Connemara\",\"description\":\"La Villarroel\",\"copyright\":\"\",\"order\":102},{\"localizer\":\"V2SLIDE\",\"url\":\"media\/ftgalslide\/313ED\/01_076_00042362\/t_cal_008.JPG\",\"thumb_url\":\"media\/ftgalslide\/313ED\/01_076_00042362\/t_cal_008_thumb.jpg\",\"title\":\"La calavera de Connemara\",\"description\":\"La Villarroel\",\"copyright\":\"\",\"order\":103},{\"localizer\":\"V2SLIDE\",\"url\":\"media\/ftgalslide\/313ED\/01_076_00042363\/t_cal_046.JPG\",\"thumb_url\":\"media\/ftgalslide\/313ED\/01_076_00042363\/t_cal_046_thumb.jpg\",\"title\":\"La calavera de Connemara\",\"description\":\"La Villarroel\",\"copyright\":\"\",\"order\":104},{\"localizer\":\"V2SLIDE\",\"url\":\"media\/ftgalslide\/313ED\/01_076_00042364\/t_cal_027.JPG\",\"thumb_url\":\"media\/ftgalslide\/313ED\/01_076_00042364\/t_cal_027_thumb.jpg\",\"title\":\"La calavera de Connemara\",\"description\":\"La Villarroel\",\"copyright\":\"\",\"order\":105},{\"localizer\":\"V2SLIDE\",\"url\":\"media\/ftgalslide\/313ED\/01_076_00042365\/t_cal_031.JPG\",\"thumb_url\":\"media\/ftgalslide\/313ED\/01_076_00042365\/t_cal_031_thumb.jpg\",\"title\":\"La calavera de Connemara\",\"description\":\"La Villarroel\",\"copyright\":\"\",\"order\":106},{\"localizer\":\"V2SLIDE\",\"url\":\"media\/ftgalslide\/313ED\/01_076_00042366\/t_cal_053.JPG\",\"thumb_url\":\"media\/ftgalslide\/313ED\/01_076_00042366\/t_cal_053_thumb.jpg\",\"title\":\"La calavera de Connemara\",\"description\":\"La Villarroel\",\"copyright\":\"\",\"order\":107},{\"localizer\":\"V2SLIDE\",\"url\":\"media\/ftgalslide\/313ED\/01_076_00042367\/t_cal_050.JPG\",\"thumb_url\":\"media\/ftgalslide\/313ED\/01_076_00042367\/t_cal_050_thumb.jpg\",\"title\":\"La calavera de Connemara\",\"description\":\"La Villarroel\",\"copyright\":\"\",\"order\":108},{\"localizer\":\"V2SLIDE\",\"url\":\"media\/ftgalslide\/313ED\/01_076_00042368\/t_cal_015.JPG\",\"thumb_url\":\"media\/ftgalslide\/313ED\/01_076_00042368\/t_cal_015_thumb.jpg\",\"title\":\"La calavera de Connemara\",\"description\":\"La Villarroel\",\"copyright\":\"\",\"order\":109},{\"localizer\":\"V2SLIDE\",\"url\":\"media\/ftgalslide\/313ED\/01_076_00042369\/t_cal_070.JPG\",\"thumb_url\":\"media\/ftgalslide\/313ED\/01_076_00042369\/t_cal_070_thumb.jpg\",\"title\":\"La calavera de Connemara\",\"description\":\"La Villarroel\",\"copyright\":\"\",\"order\":110},{\"localizer\":\"V2SLIDE\",\"url\":\"media\/ftgalslide\/313ED\/01_076_00042370\/t_cal_115.JPG\",\"thumb_url\":\"media\/ftgalslide\/313ED\/01_076_00042370\/t_cal_115_thumb.jpg\",\"title\":\"La calavera de Connemara\",\"description\":\"La Villarroel\",\"copyright\":\"\",\"order\":111},{\"localizer\":\"VERS_IMATGE_ESPECTACLE\",\"url\":\"media\/ftespect\/313ED\/01_020_00042371\/t_cal_007.jpg\",\"thumb_url\":\"media\/ftespect\/313ED\/01_020_00042371\/t_cal_007_thumb.jpg\",\"title\":\"La calavera de Connemara\",\"description\":\"La calavera de Connemara\",\"copyright\":\"\",\"order\":112},{\"localizer\":\"VERS_IMATGE_ESPECTACLE\",\"url\":\"media\/ftespect\/313ED\/01_020_00042372\/t_cal_008.jpg\",\"thumb_url\":\"media\/ftespect\/313ED\/01_020_00042372\/t_cal_008_thumb.jpg\",\"title\":\"La calavera de Connemara\",\"description\":\"La calavera de Connemara\",\"copyright\":\"\",\"order\":113},{\"localizer\":\"VERS_IMATGE_ESPECTACLE\",\"url\":\"media\/ftespect\/313ED\/01_020_00042373\/t_cal_010.jpg\",\"thumb_url\":\"media\/ftespect\/313ED\/01_020_00042373\/t_cal_010_thumb.jpg\",\"title\":\"La calavera de Connemara\",\"description\":\"La calavera de Connemara\",\"copyright\":\"\",\"order\":114},{\"localizer\":\"VERS_IMATGE_ESPECTACLE\",\"url\":\"media\/ftespect\/313ED\/01_020_00042374\/t_cal_012.jpg\",\"thumb_url\":\"media\/ftespect\/313ED\/01_020_00042374\/t_cal_012_thumb.jpg\",\"title\":\"La calavera de Connemara\",\"description\":\"La calavera de Connemara\",\"copyright\":\"\",\"order\":115},{\"localizer\":\"VERS_IMATGE_ESPECTACLE\",\"url\":\"media\/ftespect\/313ED\/01_020_00042375\/t_cal_015.jpg\",\"thumb_url\":\"media\/ftespect\/313ED\/01_020_00042375\/t_cal_015_thumb.jpg\",\"title\":\"La calavera de Connemara\",\"description\":\"La calavera de Connemara\",\"copyright\":\"\",\"order\":116},{\"localizer\":\"VERS_IMATGE_ESPECTACLE\",\"url\":\"media\/ftespect\/313ED\/01_020_00042376\/t_cal_027.jpg\",\"thumb_url\":\"media\/ftespect\/313ED\/01_020_00042376\/t_cal_027_thumb.jpg\",\"title\":\"La calavera de Connemara\",\"description\":\"La calavera de Connemara\",\"copyright\":\"\",\"order\":117},{\"localizer\":\"VERS_IMATGE_ESPECTACLE\",\"url\":\"media\/ftespect\/313ED\/01_020_00042377\/t_cal_031.jpg\",\"thumb_url\":\"media\/ftespect\/313ED\/01_020_00042377\/t_cal_031_thumb.jpg\",\"title\":\"La calavera de Connemara\",\"description\":\"La calavera de Connemara\",\"copyright\":\"\",\"order\":118},{\"localizer\":\"VERS_IMATGE_ESPECTACLE\",\"url\":\"media\/ftespect\/313ED\/01_020_00042378\/t_cal_037.jpg\",\"thumb_url\":\"media\/ftespect\/313ED\/01_020_00042378\/t_cal_037_thumb.jpg\",\"title\":\"La calavera de Connemara\",\"description\":\"La calavera de Connemara\",\"copyright\":\"\",\"order\":119},{\"localizer\":\"VERS_IMATGE_ESPECTACLE\",\"url\":\"media\/ftespect\/313ED\/01_020_00042379\/t_cal_046.jpg\",\"thumb_url\":\"media\/ftespect\/313ED\/01_020_00042379\/t_cal_046_thumb.jpg\",\"title\":\"La calavera de Connemara\",\"description\":\"La calavera de Connemara\",\"copyright\":\"\",\"order\":120},{\"localizer\":\"VERS_IMATGE_ESPECTACLE\",\"url\":\"media\/ftespect\/313ED\/01_020_00042380\/t_cal_050.jpg\",\"thumb_url\":\"media\/ftespect\/313ED\/01_020_00042380\/t_cal_050_thumb.jpg\",\"title\":\"La calavera de Connemara\",\"description\":\"La calavera de Connemara\",\"copyright\":\"\",\"order\":121},{\"localizer\":\"VERS_IMATGE_ESPECTACLE\",\"url\":\"media\/ftespect\/313ED\/01_020_00042381\/t_cal_053.jpg\",\"thumb_url\":\"media\/ftespect\/313ED\/01_020_00042381\/t_cal_053_thumb.jpg\",\"title\":\"La calavera de Connemara\",\"description\":\"La calavera de Connemara\",\"copyright\":\"\",\"order\":122},{\"localizer\":\"VERS_IMATGE_ESPECTACLE\",\"url\":\"media\/ftespect\/313ED\/01_020_00042382\/t_cal_056.jpg\",\"thumb_url\":\"media\/ftespect\/313ED\/01_020_00042382\/t_cal_056_thumb.jpg\",\"title\":\"La calavera de Connemara\",\"description\":\"La calavera de Connemara\",\"copyright\":\"\",\"order\":123},{\"localizer\":\"VERS_IMATGE_ESPECTACLE\",\"url\":\"media\/ftespect\/313ED\/01_020_00042383\/t_cal_062.jpg\",\"thumb_url\":\"media\/ftespect\/313ED\/01_020_00042383\/t_cal_062_thumb.jpg\",\"title\":\"La calavera de Connemara\",\"description\":\"La calavera de Connemara\",\"copyright\":\"\",\"order\":124},{\"localizer\":\"VERS_IMATGE_ESPECTACLE\",\"url\":\"media\/ftespect\/313ED\/01_020_00042384\/t_cal_070.jpg\",\"thumb_url\":\"media\/ftespect\/313ED\/01_020_00042384\/t_cal_070_thumb.jpg\",\"title\":\"La calavera de Connemara\",\"description\":\"La calavera de Connemara\",\"copyright\":\"\",\"order\":125},{\"localizer\":\"VERS_IMATGE_ESPECTACLE\",\"url\":\"media\/ftespect\/313ED\/01_020_00042385\/t_cal_078.jpg\",\"thumb_url\":\"media\/ftespect\/313ED\/01_020_00042385\/t_cal_078_thumb.jpg\",\"title\":\"La calavera de Connemara\",\"description\":\"La calavera de Connemara\",\"copyright\":\"\",\"order\":126},{\"localizer\":\"VERS_IMATGE_ESPECTACLE\",\"url\":\"media\/ftespect\/313ED\/01_020_00042386\/t_cal_092.jpg\",\"thumb_url\":\"media\/ftespect\/313ED\/01_020_00042386\/t_cal_092_thumb.jpg\",\"title\":\"La calavera de Connemara\",\"description\":\"La calavera de Connemara\",\"copyright\":\"\",\"order\":127},{\"localizer\":\"VERS_IMATGE_ESPECTACLE\",\"url\":\"media\/ftespect\/313ED\/01_020_00042387\/t_cal_099.jpg\",\"thumb_url\":\"media\/ftespect\/313ED\/01_020_00042387\/t_cal_099_thumb.jpg\",\"title\":\"La calavera de Connemara\",\"description\":\"La calavera de Connemara\",\"copyright\":\"\",\"order\":128},{\"localizer\":\"VERS_IMATGE_ESPECTACLE\",\"url\":\"media\/ftespect\/313ED\/01_020_00042388\/t_cal_115.jpg\",\"thumb_url\":\"media\/ftespect\/313ED\/01_020_00042388\/t_cal_115_thumb.jpg\",\"title\":\"La calavera de Connemara\",\"description\":\"La calavera de Connemara\",\"copyright\":\"\",\"order\":129},{\"localizer\":\"V2PORTADA\",\"url\":\"media\/ver\/port\/313EF\/01_078_00042921\/calavera_581x327_v5.jpg\",\"thumb_url\":\"media\/ver\/port\/313EF\/01_078_00042921\/calavera_581x327_v5_thumb.jpg\",\"title\":\"Connemara\",\"description\":\"Connemara\",\"copyright\":\"\",\"order\":153},{\"localizer\":\"V3PORTADAWIDE\",\"url\":\"media\/ver\/port\/v3wide\/31450\/01_088_00045716\/0lacalaveradeconnemaralavillarroelteatrebarcelona.jpg\",\"thumb_url\":\"media\/ver\/port\/v3wide\/31450\/01_088_00045716\/0lacalaveradeconnemaralavillarroelteatrebarcelona_thumb.jpg\",\"title\":\"la calavera de connemara\",\"description\":\"la calavera de connemara la villarroel teatre barcelona\",\"copyright\":\"\",\"order\":194},{\"localizer\":\"V3CARTELL\",\"url\":\"media\/ver\/cartell\/v3\/31450\/01_085_00045717\/cartellweblacalaveradeconnemaralavillarroelteatrebarcelona.jpg\",\"thumb_url\":\"media\/ver\/cartell\/v3\/31450\/01_085_00045717\/cartellweblacalaveradeconnemaralavillarroelteatrebarcelona_thumb.jpg\",\"title\":\"la calavera de connemara\",\"description\":\"la calavera de connemara la villarroel teatre barcelona\",\"copyright\":\"\",\"order\":195},{\"localizer\":\"V2CARTELL\",\"url\":\"media\/ver\/cartell\/31451\/01_079_00045939\/cartellweblacalaveradeconnemaralavillarroelteatrebarcelona.jpg\",\"thumb_url\":\"media\/ver\/cartell\/31451\/01_079_00045939\/cartellweblacalaveradeconnemaralavillarroelteatrebarcelona_thumb.jpg\",\"title\":\"la calavera de connemara \",\"description\":\"la calavera de connemara la villarroel teatre barcelona\",\"copyright\":\"\",\"order\":197},{\"localizer\":\"V3SLIDE\",\"url\":\"media\/ftgalslide\/v3\/31451\/01_086_00045982\/la-calavera-de-connemara-la-villarroel-teatre-barcelona-2.jpg\",\"thumb_url\":\"media\/ftgalslide\/v3\/31451\/01_086_00045982\/la-calavera-de-connemara-la-villarroel-teatre-barcelona-2_thumb.jpg\",\"title\":\"la calavera de connemara\",\"description\":\"la calavera de connemara la villarroel teatre barcelona\",\"copyright\":\"\",\"order\":198},{\"localizer\":\"V3SLIDE\",\"url\":\"media\/ftgalslide\/v3\/31451\/01_086_00045983\/la-calavera-de-connemara-la-villarroel-teatre-barcelona-3.jpg\",\"thumb_url\":\"media\/ftgalslide\/v3\/31451\/01_086_00045983\/la-calavera-de-connemara-la-villarroel-teatre-barcelona-3_thumb.jpg\",\"title\":\"la calavera de connemara\",\"description\":\"la calavera de connemara la villarroel teatre barcelona\",\"copyright\":\"\",\"order\":199},{\"localizer\":\"V3SLIDE\",\"url\":\"media\/ftgalslide\/v3\/31451\/01_086_00045984\/la-calavera-de-connemara-la-villarroel-teatre-barcelona-4.jpg\",\"thumb_url\":\"media\/ftgalslide\/v3\/31451\/01_086_00045984\/la-calavera-de-connemara-la-villarroel-teatre-barcelona-4_thumb.jpg\",\"title\":\"la calavera de connemara \",\"description\":\"la calavera de connemara la villarroel teatre barcelona\",\"copyright\":\"\",\"order\":200},{\"localizer\":\"V3SLIDE\",\"url\":\"media\/ftgalslide\/v3\/31451\/01_086_00045985\/la-calavera-de-connemara-la-villarroel-teatre-barcelona-5.jpg\",\"thumb_url\":\"media\/ftgalslide\/v3\/31451\/01_086_00045985\/la-calavera-de-connemara-la-villarroel-teatre-barcelona-5_thumb.jpg\",\"title\":\"la calavera de connemara\",\"description\":\"la calavera de connemara la villarroel teatre barcelona\",\"copyright\":\"\",\"order\":201},{\"localizer\":\"V3SLIDE\",\"url\":\"media\/ftgalslide\/v3\/31451\/01_086_00045986\/la-calavera-de-connemara-la-villarroel-teatre-barcelona-6.jpg\",\"thumb_url\":\"media\/ftgalslide\/v3\/31451\/01_086_00045986\/la-calavera-de-connemara-la-villarroel-teatre-barcelona-6_thumb.jpg\",\"title\":\"la calavera de connemara \",\"description\":\"la calavera de connemara la villarroel teatre barcelona\",\"copyright\":\"\",\"order\":202},{\"localizer\":\"V3SLIDE\",\"url\":\"media\/ftgalslide\/v3\/31451\/01_086_00045987\/la-calavera-de-connemara-la-villarroel-teatre-barcelona-7.jpg\",\"thumb_url\":\"media\/ftgalslide\/v3\/31451\/01_086_00045987\/la-calavera-de-connemara-la-villarroel-teatre-barcelona-7_thumb.jpg\",\"title\":\"la calavera de connemara \",\"description\":\"la calavera de connemara la villarroel teatre barcelona\",\"copyright\":\"\",\"order\":203},{\"localizer\":\"V3SLIDE\",\"url\":\"media\/ftgalslide\/v3\/31451\/01_086_00045988\/la-calavera-de-connemara-la-villarroel-teatre-barcelona-9.jpg\",\"thumb_url\":\"media\/ftgalslide\/v3\/31451\/01_086_00045988\/la-calavera-de-connemara-la-villarroel-teatre-barcelona-9_thumb.jpg\",\"title\":\"la calavera de connemara\",\"description\":\"la calavera de connemara la villarroel teatre barcelona\",\"copyright\":\"\",\"order\":204},{\"localizer\":\"V3SLIDE\",\"url\":\"media\/ftgalslide\/v3\/31451\/01_086_00045989\/la-calavera-de-connemara-la-villarroel-teatre-barcelona-10.jpg\",\"thumb_url\":\"media\/ftgalslide\/v3\/31451\/01_086_00045989\/la-calavera-de-connemara-la-villarroel-teatre-barcelona-10_thumb.jpg\",\"title\":\"la calavera de connemara \",\"description\":\"la calavera de connemara la villarroel teatre barcelona\",\"copyright\":\"\",\"order\":205},{\"localizer\":\"V3SLIDE\",\"url\":\"media\/ftgalslide\/v3\/31451\/01_086_00045990\/la-calavera-de-connemara-la-villarroel-teatre-barcelona-11.jpg\",\"thumb_url\":\"media\/ftgalslide\/v3\/31451\/01_086_00045990\/la-calavera-de-connemara-la-villarroel-teatre-barcelona-11_thumb.jpg\",\"title\":\"la calavera de connemara\",\"description\":\"la calavera de connemara la villarroel teatre barcelona\",\"copyright\":\"\",\"order\":206},{\"localizer\":\"V3SLIDE\",\"url\":\"media\/ftgalslide\/v3\/31451\/01_086_00045991\/la-calavera-de-connemara-la-villarroel-teatre-barcelona-12.jpg\",\"thumb_url\":\"media\/ftgalslide\/v3\/31451\/01_086_00045991\/la-calavera-de-connemara-la-villarroel-teatre-barcelona-12_thumb.jpg\",\"title\":\"la calavera de connemara\",\"description\":\"la calavera de connemara la villarroel teatre barcelona\",\"copyright\":\"\",\"order\":207},{\"localizer\":\"V3SLIDE\",\"url\":\"media\/ftgalslide\/v3\/31451\/01_086_00045992\/la-calavera-de-connemara-la-villarroel-teatre-barcelona-13.jpg\",\"thumb_url\":\"media\/ftgalslide\/v3\/31451\/01_086_00045992\/la-calavera-de-connemara-la-villarroel-teatre-barcelona-13_thumb.jpg\",\"title\":\"la calavera de connemara\",\"description\":\"la calavera de connemara la villarroel teatre barcelona\",\"copyright\":\"\",\"order\":208},{\"localizer\":\"V3SLIDE\",\"url\":\"media\/ftgalslide\/v3\/31451\/01_086_00045993\/la-calavera-de-connemara-pol-lopez.jpg\",\"thumb_url\":\"media\/ftgalslide\/v3\/31451\/01_086_00045993\/la-calavera-de-connemara-pol-lopez_thumb.jpg\",\"title\":\"la calavera de connemara \",\"description\":\"la calavera de connemara pol lopez\",\"copyright\":\"\",\"order\":209},{\"localizer\":\"V3SLIDE\",\"url\":\"media\/ftgalslide\/v3\/31451\/01_086_00045994\/la-calavera-de-connemara-la-villarroel-teatre-barcelona-15.jpg\",\"thumb_url\":\"media\/ftgalslide\/v3\/31451\/01_086_00045994\/la-calavera-de-connemara-la-villarroel-teatre-barcelona-15_thumb.jpg\",\"title\":\"la calavera de connemara\",\"description\":\"la calavera de connemara la villarroel teatre barcelona\",\"copyright\":\"\",\"order\":210},{\"localizer\":\"V3SLIDE\",\"url\":\"media\/ftgalslide\/v3\/31451\/01_086_00045995\/la-calavera-de-connemara-la-villarroel-pol-lopez.jpg\",\"thumb_url\":\"media\/ftgalslide\/v3\/31451\/01_086_00045995\/la-calavera-de-connemara-la-villarroel-pol-lopez_thumb.jpg\",\"title\":\"la calavera de connemara\",\"description\":\"la calavera de connemara la villarroel pol lopez\",\"copyright\":\"\",\"order\":211},{\"localizer\":\"V3SLIDE\",\"url\":\"media\/ftgalslide\/v3\/31451\/01_086_00045996\/la-calavera-de-connemara-la-villarroel-teatre-barcelona-16.jpg\",\"thumb_url\":\"media\/ftgalslide\/v3\/31451\/01_086_00045996\/la-calavera-de-connemara-la-villarroel-teatre-barcelona-16_thumb.jpg\",\"title\":\"la calavera de connemara\",\"description\":\"la calavera de connemara la villarroel teatre barcelona\",\"copyright\":\"\",\"order\":212},{\"localizer\":\"V3SLIDE\",\"url\":\"media\/ftgalslide\/v3\/31451\/01_086_00045997\/la-calavera-de-connemara-la-villarroel-teatre-barcelona-17.jpg\",\"thumb_url\":\"media\/ftgalslide\/v3\/31451\/01_086_00045997\/la-calavera-de-connemara-la-villarroel-teatre-barcelona-17_thumb.jpg\",\"title\":\"la calavera de connemara\",\"description\":\"la calavera de connemara la villarroel teatre barcelona\",\"copyright\":\"\",\"order\":213},{\"localizer\":\"V3SLIDE\",\"url\":\"media\/ftgalslide\/v3\/31451\/01_086_00045998\/la-calavera-de-connemara-la-villarroel-teatre-barcelona-18.jpg\",\"thumb_url\":\"media\/ftgalslide\/v3\/31451\/01_086_00045998\/la-calavera-de-connemara-la-villarroel-teatre-barcelona-18_thumb.jpg\",\"title\":\"la calavera de connemara \",\"description\":\"la calavera de connemara la villarroel teatre barcelona\",\"copyright\":\"\",\"order\":214},{\"localizer\":\"V3SLIDE\",\"url\":\"media\/ftgalslide\/v3\/31451\/01_086_00045999\/la-calavera-de-connemara-la-villarroel-teatre-barcelona-19.jpg\",\"thumb_url\":\"media\/ftgalslide\/v3\/31451\/01_086_00045999\/la-calavera-de-connemara-la-villarroel-teatre-barcelona-19_thumb.jpg\",\"title\":\"la calavera de connemara\",\"description\":\"la calavera de connemara la villarroel teatre barcelona\",\"copyright\":\"\",\"order\":215},{\"localizer\":\"V3SLIDE\",\"url\":\"media\/ftgalslide\/v3\/31451\/01_086_00046000\/la-calavera-de-connemara-la-villarroel-teatre-barcelona-20.jpg\",\"thumb_url\":\"media\/ftgalslide\/v3\/31451\/01_086_00046000\/la-calavera-de-connemara-la-villarroel-teatre-barcelona-20_thumb.jpg\",\"title\":\"la calavera de connemara\",\"description\":\"la calavera de connemara la villarroel teatre barcelona\",\"copyright\":\"\",\"order\":216},{\"localizer\":\"V3PORTADA\",\"url\":\"media\/ver\/port\/v3\/31452\/01_084_00046157\/1-la-calavera-de-connemara-la-villarroel-barcelona-ultimes-funcions.jpg\",\"thumb_url\":\"media\/ver\/port\/v3\/31452\/01_084_00046157\/1-la-calavera-de-connemara-la-villarroel-barcelona-ultimes-funcions_thumb.jpg\",\"title\":\"la calavera de connemara\",\"description\":\"la calavera de connemara la villarroel teatre barcelona\",\"copyright\":\"\",\"order\":218}]","material__texto_intro":"","data_material":null,"data_gallery":"","data_discounts":"[{\"InfoAddicional\":\"<p><strong>Descuentos para grupos y escuelas<br \/><\/strong><\/p>\",\"Url\":\"https:\/\/www.promentrada.com\/es\/product\/{#CODI#}\",\"Codi\":\"VILL55\",\"LogoUrl\":\"media\/fimage\/31389\/01_005_00038530\/logo_prome_nuevo_v_web.jpg\",\"TitolBoto\":\"Descuentos para grupos y escuelas\",\"Type\":\"discount\"},{\"InfoAddicional\":\"<p><strong>Descuentos para particulares<br \/><\/strong><\/p>\",\"Url\":\"vip.promentrada.com\/es\/product\/{#CODI#}\",\"Codi\":\"VILL55\",\"LogoUrl\":\"media\/fimage\/31389\/01_005_00038559\/logo_prome_vip_v_web.jpg\",\"TitolBoto\":\"Descuentos para particulares\",\"Type\":\"discount\"}]","contract_is_open":false,"in_tour":false},"yoast_head":"<!-- This site is optimized with the Yoast SEO plugin v27.5 - https:\/\/yoast.com\/product\/yoast-seo-wordpress\/ -->\n<title>La calavera de Connemara - La Villarroel<\/title>\n<meta name=\"robots\" content=\"index, follow, max-snippet:-1, max-image-preview:large, max-video-preview:-1\" \/>\n<link rel=\"canonical\" href=\"https:\/\/www.lavillarroel.cat\/es\/ex\/la-calavera-de-connemara-2\/\" \/>\n<script type=\"application\/ld+json\" class=\"yoast-schema-graph\">{\"@context\":\"https:\\\/\\\/schema.org\",\"@graph\":[{\"@type\":\"WebPage\",\"@id\":\"https:\\\/\\\/www.lavillarroel.cat\\\/es\\\/ex\\\/la-calavera-de-connemara-2\\\/\",\"url\":\"https:\\\/\\\/www.lavillarroel.cat\\\/es\\\/ex\\\/la-calavera-de-connemara-2\\\/\",\"name\":\"La calavera de Connemara - La Villarroel\",\"isPartOf\":{\"@id\":\"https:\\\/\\\/www.lavillarroel.cat\\\/es\\\/#website\"},\"datePublished\":\"2018-04-18T06:15:12+00:00\",\"breadcrumb\":{\"@id\":\"https:\\\/\\\/www.lavillarroel.cat\\\/es\\\/ex\\\/la-calavera-de-connemara-2\\\/#breadcrumb\"},\"inLanguage\":\"es\",\"potentialAction\":[{\"@type\":\"ReadAction\",\"target\":[\"https:\\\/\\\/www.lavillarroel.cat\\\/es\\\/ex\\\/la-calavera-de-connemara-2\\\/\"]}]},{\"@type\":\"BreadcrumbList\",\"@id\":\"https:\\\/\\\/www.lavillarroel.cat\\\/es\\\/ex\\\/la-calavera-de-connemara-2\\\/#breadcrumb\",\"itemListElement\":[{\"@type\":\"ListItem\",\"position\":1,\"name\":\"Inici\",\"item\":\"https:\\\/\\\/www.lavillarroel.cat\\\/es\\\/\"},{\"@type\":\"ListItem\",\"position\":2,\"name\":\"Espectacles\",\"item\":\"https:\\\/\\\/www.lavillarroel.cat\\\/es\\\/ex\\\/\"},{\"@type\":\"ListItem\",\"position\":3,\"name\":\"La calavera de Connemara\"}]},{\"@type\":\"WebSite\",\"@id\":\"https:\\\/\\\/www.lavillarroel.cat\\\/es\\\/#website\",\"url\":\"https:\\\/\\\/www.lavillarroel.cat\\\/es\\\/\",\"name\":\"La Villarroel\",\"description\":\"\",\"publisher\":{\"@id\":\"https:\\\/\\\/www.lavillarroel.cat\\\/es\\\/#organization\"},\"potentialAction\":[{\"@type\":\"SearchAction\",\"target\":{\"@type\":\"EntryPoint\",\"urlTemplate\":\"https:\\\/\\\/www.lavillarroel.cat\\\/es\\\/?s={search_term_string}\"},\"query-input\":{\"@type\":\"PropertyValueSpecification\",\"valueRequired\":true,\"valueName\":\"search_term_string\"}}],\"inLanguage\":\"es\"},{\"@type\":\"Organization\",\"@id\":\"https:\\\/\\\/www.lavillarroel.cat\\\/es\\\/#organization\",\"name\":\"La Villarroel\",\"url\":\"https:\\\/\\\/www.lavillarroel.cat\\\/es\\\/\",\"logo\":{\"@type\":\"ImageObject\",\"inLanguage\":\"es\",\"@id\":\"https:\\\/\\\/www.lavillarroel.cat\\\/es\\\/#\\\/schema\\\/logo\\\/image\\\/\",\"url\":\"https:\\\/\\\/www.lavillarroel.cat\\\/wp-content\\\/uploads\\\/sites\\\/5\\\/2017\\\/09\\\/teatre-villaroel-logo.svg\",\"contentUrl\":\"https:\\\/\\\/www.lavillarroel.cat\\\/wp-content\\\/uploads\\\/sites\\\/5\\\/2017\\\/09\\\/teatre-villaroel-logo.svg\",\"width\":1,\"height\":1,\"caption\":\"La Villarroel\"},\"image\":{\"@id\":\"https:\\\/\\\/www.lavillarroel.cat\\\/es\\\/#\\\/schema\\\/logo\\\/image\\\/\"},\"sameAs\":[\"http:\\\/\\\/www.facebook.com\\\/TeatreVillarroel\",\"https:\\\/\\\/x.com\\\/la_villarroel\",\"http:\\\/\\\/instagram.com\\\/la_villarroel\",\"http:\\\/\\\/www.youtube.com\\\/user\\\/LaVillarroel#p\\\/u\"]}]}<\/script>\n<!-- \/ Yoast SEO plugin. -->","yoast_head_json":{"title":"La calavera de Connemara - La Villarroel","robots":{"index":"index","follow":"follow","max-snippet":"max-snippet:-1","max-image-preview":"max-image-preview:large","max-video-preview":"max-video-preview:-1"},"canonical":"https:\/\/www.lavillarroel.cat\/es\/ex\/la-calavera-de-connemara-2\/","schema":{"@context":"https:\/\/schema.org","@graph":[{"@type":"WebPage","@id":"https:\/\/www.lavillarroel.cat\/es\/ex\/la-calavera-de-connemara-2\/","url":"https:\/\/www.lavillarroel.cat\/es\/ex\/la-calavera-de-connemara-2\/","name":"La calavera de Connemara - La Villarroel","isPartOf":{"@id":"https:\/\/www.lavillarroel.cat\/es\/#website"},"datePublished":"2018-04-18T06:15:12+00:00","breadcrumb":{"@id":"https:\/\/www.lavillarroel.cat\/es\/ex\/la-calavera-de-connemara-2\/#breadcrumb"},"inLanguage":"es","potentialAction":[{"@type":"ReadAction","target":["https:\/\/www.lavillarroel.cat\/es\/ex\/la-calavera-de-connemara-2\/"]}]},{"@type":"BreadcrumbList","@id":"https:\/\/www.lavillarroel.cat\/es\/ex\/la-calavera-de-connemara-2\/#breadcrumb","itemListElement":[{"@type":"ListItem","position":1,"name":"Inici","item":"https:\/\/www.lavillarroel.cat\/es\/"},{"@type":"ListItem","position":2,"name":"Espectacles","item":"https:\/\/www.lavillarroel.cat\/es\/ex\/"},{"@type":"ListItem","position":3,"name":"La calavera de Connemara"}]},{"@type":"WebSite","@id":"https:\/\/www.lavillarroel.cat\/es\/#website","url":"https:\/\/www.lavillarroel.cat\/es\/","name":"La Villarroel","description":"","publisher":{"@id":"https:\/\/www.lavillarroel.cat\/es\/#organization"},"potentialAction":[{"@type":"SearchAction","target":{"@type":"EntryPoint","urlTemplate":"https:\/\/www.lavillarroel.cat\/es\/?s={search_term_string}"},"query-input":{"@type":"PropertyValueSpecification","valueRequired":true,"valueName":"search_term_string"}}],"inLanguage":"es"},{"@type":"Organization","@id":"https:\/\/www.lavillarroel.cat\/es\/#organization","name":"La Villarroel","url":"https:\/\/www.lavillarroel.cat\/es\/","logo":{"@type":"ImageObject","inLanguage":"es","@id":"https:\/\/www.lavillarroel.cat\/es\/#\/schema\/logo\/image\/","url":"https:\/\/www.lavillarroel.cat\/wp-content\/uploads\/sites\/5\/2017\/09\/teatre-villaroel-logo.svg","contentUrl":"https:\/\/www.lavillarroel.cat\/wp-content\/uploads\/sites\/5\/2017\/09\/teatre-villaroel-logo.svg","width":1,"height":1,"caption":"La Villarroel"},"image":{"@id":"https:\/\/www.lavillarroel.cat\/es\/#\/schema\/logo\/image\/"},"sameAs":["http:\/\/www.facebook.com\/TeatreVillarroel","https:\/\/x.com\/la_villarroel","http:\/\/instagram.com\/la_villarroel","http:\/\/www.youtube.com\/user\/LaVillarroel#p\/u"]}]}},"translations":[{"id":2663,"locale":"ca"},{"id":2868,"locale":"es"}],"_links":{"self":[{"href":"https:\/\/www.lavillarroel.cat\/es\/wp-json\/wp\/v2\/ex\/2868","targetHints":{"allow":["GET"]}}],"collection":[{"href":"https:\/\/www.lavillarroel.cat\/es\/wp-json\/wp\/v2\/ex"}],"about":[{"href":"https:\/\/www.lavillarroel.cat\/es\/wp-json\/wp\/v2\/types\/ex"}],"author":[{"embeddable":true,"href":"https:\/\/www.lavillarroel.cat\/es\/wp-json\/wp\/v2\/users\/2"}],"replies":[{"embeddable":true,"href":"https:\/\/www.lavillarroel.cat\/es\/wp-json\/wp\/v2\/comments?post=2868"}],"acf:term":[{"embeddable":true,"taxonomy":"season","href":"https:\/\/www.lavillarroel.cat\/es\/wp-json\/wp\/v2\/season\/90"}],"wp:attachment":[{"href":"https:\/\/www.lavillarroel.cat\/es\/wp-json\/wp\/v2\/media?parent=2868"}],"curies":[{"name":"wp","href":"https:\/\/api.w.org\/{rel}","templated":true}]}}