{"id":2872,"date":"2018-08-01T15:32:37","date_gmt":"2018-08-01T13:32:37","guid":{"rendered":"https:\/\/pre.lavillarroel.cat\/ex\/\/othello\/"},"modified":"2018-08-01T15:32:37","modified_gmt":"2018-08-01T13:32:37","slug":"othello","status":"publish","type":"ex","link":"https:\/\/www.lavillarroel.cat\/es\/ex\/othello\/","title":{"rendered":"Othello"},"content":{"rendered":"","protected":false},"excerpt":{"rendered":"","protected":false},"author":2,"featured_media":0,"comment_status":"closed","ping_status":"closed","template":"","class_list":["post-2872","ex","type-ex","status-publish","hentry","season-2018-19"],"acf":{"txt_synopsis":"<p>La ciudad de Venecia otorga plenos poderes a Othello para gobernar, puesto que ha demostrado que nadie est\u00e1 m\u00e1s preparado para este cargo que \u00e9l. La primera decisi\u00f3n que toma es denominar consejero a su amigo Cassio. Todo el mundo est\u00e1 de acuerdo. Todo el mundo menos Iago que con el \u00fanico prop\u00f3sito de despertar los celos de Othello se inventar\u00e1 una historia de amor entre Cassio y Desd\u00e8mona, reciente casada con Othello, para enemistar sus dos rivales.<\/p>","main_buy_link":"https:\/\/www.4tickets.es\/LaVillarroel\/public\/janto\/?Nivel=Evento&idEvento=VILL73&Idioma=ES","main_buy_links":"","group_buy_link":"","show_language":"Espect\u00e1culo en catal\u00e1n","show_duration":"90","show_start_date":"20181030000000","show_end_date":"20181111000000","show_sort_date":"20181030000000","txt_custom_show_dates":"hasta el 11 de noviembre de 2018","show_disciplines":"","show_ultimes_funcions":false,"hide_tarifes_especials":false,"show_properament":false,"txt_additional_info":"","txt_present":"","show_season":[90],"txt_season":"[\"2018\/19\"]","txt_cycle":"","txt_claim":"","txt_cast_excerpt":"","txt_cast":"<p>Autor: <strong>William Shakespeare <\/strong><br \/>Direcci\u00f3n y adaptaci\u00f3n: <strong>Oriol Tarras\u00f3n<\/strong> <\/p>\n<p>Reparto: <strong>\u00d2scar Intente, Arnau Puig&nbsp;<\/strong>y<strong> Aida Oset<\/strong> <\/p>\n<p><br \/>Dise\u00f1o de espacio y vestuario: <strong>Joana Mart\u00ed<br \/><\/strong>Dise\u00f1o de iluminaci\u00f3n: <strong>I\u00f1aki Garz<\/strong><br \/>Fotograf\u00eda y v\u00eddeo: <strong>Joan Gast\u00f3<\/strong>&nbsp;&nbsp;&nbsp;&nbsp;&nbsp; <br \/>Caracterizaci\u00f3n: <strong>Txus Gonz\u00e1lez<\/strong><\/p>\n<p>Construcci\u00f3n mobiliario: <strong>Oscar Fernandez<\/strong> <br \/>Confecci\u00f3n vestuario: <strong>I.T<\/strong><\/p>\n<p>Jefe t\u00e9cnico del teatro: <strong>Jaume Feixas<\/strong><\/p>\n<p>Producci\u00f3n ejecutiva: <strong>Annabel Castan <\/strong>y<strong> Ra\u00fcl Perales<\/strong><br \/>Distribuci\u00f3n: <strong>Xavier Gonz\u00e1lez \u2013 Escenapart<\/strong> <br \/>Producci\u00f3n: <strong>Les Antonietes<\/strong><br \/>&nbsp;<br \/>Fotograf\u00eda espect\u00e1culo: <strong>David Tarras\u00f3n<\/strong><br \/>Dise\u00f1o gr\u00e1fico: <strong>Assad Kassab<\/strong><br \/>Prensa: <strong>Anna Casasayas<\/strong> y<strong> Clara M. Clavell<\/strong><br \/>Marketing y comunicaci\u00f3n: <strong>Publispe<\/strong>c<br \/><br \/>Agradecimientos: <br \/><strong>Queralt Riera, Eduard Arderiu, Anna Parnau, Carles Borr\u00e0s, Raimon Molins, Joan Rodon, Anna Ribera, Adriana Parra, Jordi Garcia <\/strong>y <strong>Toni Mira<\/strong>. <br \/>&nbsp;<br \/>Con la colaboraci\u00f3n de:<br \/><strong>La Seca Espai Brossa, Atrium Viladecans, La Nau Ivanow, La Caldera Les Corts, Escola Superior d\u2019Art Dram\u00e0tic E\u00f2lia, Medusa Cultura. <br \/><\/strong>&nbsp;<br \/>Con el apoyo de:<br \/><strong>Departament de Cultura de la Generalitat de Catalunya.<\/strong> <\/p>\n<p><br \/>Primera funci\u00f3n en La Villarroel el 30 de octubre de 2018<\/p>","txt_reviews":"Jos\u00e9 Carlos Sorribes|On Barcelona|\"Oriol Tarras\u00f3n deja otra gran muestra de su capacidad para ir a la esencia de los cl\u00e1sicos.\"\nAndreu Sotorra|Recomana|\"La palabra de Shakespeare brota de una manera excelente.\"\nDavid Elfa|Teatre Barcelona|\"Brillante adaptaci\u00f3n Shakespeariana.\"","hashtag":"Othello","have_promo":"","slogan":"","id_exhibicio":1575,"id_versio":1317,"id_local":4,"txt_seo_desc":"'Othello' de Les Antonietes, un montaje que gira alrededor de los celos, la manipulaci\u00f3n y la violencia de g\u00e9nero en La Villarroel de Barcelona.","data_images":"[{\"localizer\":\"V3SLIDE\",\"url\":\"media\/ftgalslide\/v3\/31452\/01_086_00046261\/othello-la-villarroel-teatre-barcelona-1.JPG\",\"thumb_url\":\"media\/ftgalslide\/v3\/31452\/01_086_00046261\/othello-la-villarroel-teatre-barcelona-1_thumb.jpg\",\"title\":\"Othello\",\"description\":\"othello la villarroel teatre barcelona\",\"copyright\":\"https:\/\/www.youtube.com\/watch?v=F5TaBr4mhBo&feature=youtu.be\",\"order\":1},{\"localizer\":\"V3CARTELL\",\"url\":\"media\/ver\/cartell\/v3\/31450\/01_085_00045678\/cartellothellolavillarroelteatrebarcelona.jpg\",\"thumb_url\":\"media\/ver\/cartell\/v3\/31450\/01_085_00045678\/cartellothellolavillarroelteatrebarcelona_thumb.jpg\",\"title\":\"othello\",\"description\":\"othello la villarroel teatre barcelona\",\"copyright\":\"\",\"order\":2},{\"localizer\":\"V3PORTADAWIDE\",\"url\":\"media\/ver\/port\/v3wide\/31450\/01_088_00045679\/0othellolavillarroelteatrebarcelona.jpg\",\"thumb_url\":\"media\/ver\/port\/v3wide\/31450\/01_088_00045679\/0othellolavillarroelteatrebarcelona_thumb.jpg\",\"title\":\"othello\",\"description\":\"othello la villarroel teatre barcelona\",\"copyright\":\"\",\"order\":3},{\"localizer\":\"V3SLIDE\",\"url\":\"media\/ftgalslide\/v3\/31450\/01_086_00045680\/othellolavillarroelteatrebarcelona1.jpg\",\"thumb_url\":\"media\/ftgalslide\/v3\/31450\/01_086_00045680\/othellolavillarroelteatrebarcelona1_thumb.jpg\",\"title\":\"othello\",\"description\":\"othello la villarroel teatre barcelona\",\"copyright\":\"\",\"order\":4},{\"localizer\":\"V3SLIDE\",\"url\":\"media\/ftgalslide\/v3\/31450\/01_086_00045681\/othellolavillarroelteatrebarcelona3.jpg\",\"thumb_url\":\"media\/ftgalslide\/v3\/31450\/01_086_00045681\/othellolavillarroelteatrebarcelona3_thumb.jpg\",\"title\":\"othello\",\"description\":\"othello la villarroel teatre barcelona\",\"copyright\":\"\",\"order\":5},{\"localizer\":\"V3SLIDE\",\"url\":\"media\/ftgalslide\/v3\/31450\/01_086_00045682\/othellolavillarroelteatrebarcelona5.jpg\",\"thumb_url\":\"media\/ftgalslide\/v3\/31450\/01_086_00045682\/othellolavillarroelteatrebarcelona5_thumb.jpg\",\"title\":\"othello\",\"description\":\"othello la villarroel teatre barcelona\",\"copyright\":\"\",\"order\":6},{\"localizer\":\"V2CARTELL\",\"url\":\"media\/ver\/cartell\/31452\/01_079_00046268\/cartell-othello-la-villarroel-teatre-barcelona.jpg\",\"thumb_url\":\"media\/ver\/cartell\/31452\/01_079_00046268\/cartell-othello-la-villarroel-teatre-barcelona_thumb.jpg\",\"title\":\"Othello\",\"description\":\"othello la villarroel\",\"copyright\":\"\",\"order\":9},{\"localizer\":\"V3PORTADA\",\"url\":\"media\/ver\/port\/v3\/31453\/01_084_00046494\/1-othello-la-villarroel-teatre-barcelona-ultimes-funcions.jpg\",\"thumb_url\":\"media\/ver\/port\/v3\/31453\/01_084_00046494\/1-othello-la-villarroel-teatre-barcelona-ultimes-funcions_thumb.jpg\",\"title\":\"Othello\",\"description\":\"othello la villarroel teatre barcelona\",\"copyright\":\"\",\"order\":11}]","material__texto_intro":"","data_material":null,"data_gallery":"","data_discounts":"[{\"InfoAddicional\":\"<p><strong>Descuentos para grupos y escuelas<br \/><\/strong><\/p>\",\"Url\":\"https:\/\/www.promentrada.com\/es\/catalog\/\",\"Codi\":\"VILL73\",\"LogoUrl\":\"media\/fimage\/31389\/01_005_00038530\/logo_prome_nuevo_v_web.jpg\",\"TitolBoto\":\"Descuentos para grupos y escuelas\",\"Type\":\"discount\"},{\"InfoAddicional\":\"<p><strong>Descuentos para particulares<br \/><\/strong><\/p>\",\"Url\":\"http:\/\/vip.promentrada.com\",\"Codi\":\"VILL73\",\"LogoUrl\":\"media\/fimage\/31389\/01_005_00038559\/logo_prome_vip_v_web.jpg\",\"TitolBoto\":\"Descuentos para particulares\",\"Type\":\"discount\"}]","contract_is_open":false,"in_tour":false},"yoast_head":"<!-- This site is optimized with the Yoast SEO plugin v27.5 - https:\/\/yoast.com\/product\/yoast-seo-wordpress\/ -->\n<title>Othello - La Villarroel<\/title>\n<meta name=\"robots\" content=\"index, follow, max-snippet:-1, max-image-preview:large, max-video-preview:-1\" \/>\n<link rel=\"canonical\" href=\"https:\/\/www.lavillarroel.cat\/es\/ex\/othello\/\" \/>\n<script type=\"application\/ld+json\" class=\"yoast-schema-graph\">{\"@context\":\"https:\\\/\\\/schema.org\",\"@graph\":[{\"@type\":\"WebPage\",\"@id\":\"https:\\\/\\\/www.lavillarroel.cat\\\/es\\\/ex\\\/othello\\\/\",\"url\":\"https:\\\/\\\/www.lavillarroel.cat\\\/es\\\/ex\\\/othello\\\/\",\"name\":\"Othello - La Villarroel\",\"isPartOf\":{\"@id\":\"https:\\\/\\\/www.lavillarroel.cat\\\/es\\\/#website\"},\"datePublished\":\"2018-08-01T13:32:37+00:00\",\"breadcrumb\":{\"@id\":\"https:\\\/\\\/www.lavillarroel.cat\\\/es\\\/ex\\\/othello\\\/#breadcrumb\"},\"inLanguage\":\"es\",\"potentialAction\":[{\"@type\":\"ReadAction\",\"target\":[\"https:\\\/\\\/www.lavillarroel.cat\\\/es\\\/ex\\\/othello\\\/\"]}]},{\"@type\":\"BreadcrumbList\",\"@id\":\"https:\\\/\\\/www.lavillarroel.cat\\\/es\\\/ex\\\/othello\\\/#breadcrumb\",\"itemListElement\":[{\"@type\":\"ListItem\",\"position\":1,\"name\":\"Inici\",\"item\":\"https:\\\/\\\/www.lavillarroel.cat\\\/es\\\/\"},{\"@type\":\"ListItem\",\"position\":2,\"name\":\"Espectacles\",\"item\":\"https:\\\/\\\/www.lavillarroel.cat\\\/es\\\/ex\\\/\"},{\"@type\":\"ListItem\",\"position\":3,\"name\":\"Othello\"}]},{\"@type\":\"WebSite\",\"@id\":\"https:\\\/\\\/www.lavillarroel.cat\\\/es\\\/#website\",\"url\":\"https:\\\/\\\/www.lavillarroel.cat\\\/es\\\/\",\"name\":\"La Villarroel\",\"description\":\"\",\"publisher\":{\"@id\":\"https:\\\/\\\/www.lavillarroel.cat\\\/es\\\/#organization\"},\"potentialAction\":[{\"@type\":\"SearchAction\",\"target\":{\"@type\":\"EntryPoint\",\"urlTemplate\":\"https:\\\/\\\/www.lavillarroel.cat\\\/es\\\/?s={search_term_string}\"},\"query-input\":{\"@type\":\"PropertyValueSpecification\",\"valueRequired\":true,\"valueName\":\"search_term_string\"}}],\"inLanguage\":\"es\"},{\"@type\":\"Organization\",\"@id\":\"https:\\\/\\\/www.lavillarroel.cat\\\/es\\\/#organization\",\"name\":\"La Villarroel\",\"url\":\"https:\\\/\\\/www.lavillarroel.cat\\\/es\\\/\",\"logo\":{\"@type\":\"ImageObject\",\"inLanguage\":\"es\",\"@id\":\"https:\\\/\\\/www.lavillarroel.cat\\\/es\\\/#\\\/schema\\\/logo\\\/image\\\/\",\"url\":\"https:\\\/\\\/www.lavillarroel.cat\\\/wp-content\\\/uploads\\\/sites\\\/5\\\/2017\\\/09\\\/teatre-villaroel-logo.svg\",\"contentUrl\":\"https:\\\/\\\/www.lavillarroel.cat\\\/wp-content\\\/uploads\\\/sites\\\/5\\\/2017\\\/09\\\/teatre-villaroel-logo.svg\",\"width\":1,\"height\":1,\"caption\":\"La Villarroel\"},\"image\":{\"@id\":\"https:\\\/\\\/www.lavillarroel.cat\\\/es\\\/#\\\/schema\\\/logo\\\/image\\\/\"},\"sameAs\":[\"http:\\\/\\\/www.facebook.com\\\/TeatreVillarroel\",\"https:\\\/\\\/x.com\\\/la_villarroel\",\"http:\\\/\\\/instagram.com\\\/la_villarroel\",\"http:\\\/\\\/www.youtube.com\\\/user\\\/LaVillarroel#p\\\/u\"]}]}<\/script>\n<!-- \/ Yoast SEO plugin. -->","yoast_head_json":{"title":"Othello - La Villarroel","robots":{"index":"index","follow":"follow","max-snippet":"max-snippet:-1","max-image-preview":"max-image-preview:large","max-video-preview":"max-video-preview:-1"},"canonical":"https:\/\/www.lavillarroel.cat\/es\/ex\/othello\/","schema":{"@context":"https:\/\/schema.org","@graph":[{"@type":"WebPage","@id":"https:\/\/www.lavillarroel.cat\/es\/ex\/othello\/","url":"https:\/\/www.lavillarroel.cat\/es\/ex\/othello\/","name":"Othello - La Villarroel","isPartOf":{"@id":"https:\/\/www.lavillarroel.cat\/es\/#website"},"datePublished":"2018-08-01T13:32:37+00:00","breadcrumb":{"@id":"https:\/\/www.lavillarroel.cat\/es\/ex\/othello\/#breadcrumb"},"inLanguage":"es","potentialAction":[{"@type":"ReadAction","target":["https:\/\/www.lavillarroel.cat\/es\/ex\/othello\/"]}]},{"@type":"BreadcrumbList","@id":"https:\/\/www.lavillarroel.cat\/es\/ex\/othello\/#breadcrumb","itemListElement":[{"@type":"ListItem","position":1,"name":"Inici","item":"https:\/\/www.lavillarroel.cat\/es\/"},{"@type":"ListItem","position":2,"name":"Espectacles","item":"https:\/\/www.lavillarroel.cat\/es\/ex\/"},{"@type":"ListItem","position":3,"name":"Othello"}]},{"@type":"WebSite","@id":"https:\/\/www.lavillarroel.cat\/es\/#website","url":"https:\/\/www.lavillarroel.cat\/es\/","name":"La Villarroel","description":"","publisher":{"@id":"https:\/\/www.lavillarroel.cat\/es\/#organization"},"potentialAction":[{"@type":"SearchAction","target":{"@type":"EntryPoint","urlTemplate":"https:\/\/www.lavillarroel.cat\/es\/?s={search_term_string}"},"query-input":{"@type":"PropertyValueSpecification","valueRequired":true,"valueName":"search_term_string"}}],"inLanguage":"es"},{"@type":"Organization","@id":"https:\/\/www.lavillarroel.cat\/es\/#organization","name":"La Villarroel","url":"https:\/\/www.lavillarroel.cat\/es\/","logo":{"@type":"ImageObject","inLanguage":"es","@id":"https:\/\/www.lavillarroel.cat\/es\/#\/schema\/logo\/image\/","url":"https:\/\/www.lavillarroel.cat\/wp-content\/uploads\/sites\/5\/2017\/09\/teatre-villaroel-logo.svg","contentUrl":"https:\/\/www.lavillarroel.cat\/wp-content\/uploads\/sites\/5\/2017\/09\/teatre-villaroel-logo.svg","width":1,"height":1,"caption":"La Villarroel"},"image":{"@id":"https:\/\/www.lavillarroel.cat\/es\/#\/schema\/logo\/image\/"},"sameAs":["http:\/\/www.facebook.com\/TeatreVillarroel","https:\/\/x.com\/la_villarroel","http:\/\/instagram.com\/la_villarroel","http:\/\/www.youtube.com\/user\/LaVillarroel#p\/u"]}]}},"translations":[{"id":2667,"locale":"ca"},{"id":2872,"locale":"es"}],"_links":{"self":[{"href":"https:\/\/www.lavillarroel.cat\/es\/wp-json\/wp\/v2\/ex\/2872","targetHints":{"allow":["GET"]}}],"collection":[{"href":"https:\/\/www.lavillarroel.cat\/es\/wp-json\/wp\/v2\/ex"}],"about":[{"href":"https:\/\/www.lavillarroel.cat\/es\/wp-json\/wp\/v2\/types\/ex"}],"author":[{"embeddable":true,"href":"https:\/\/www.lavillarroel.cat\/es\/wp-json\/wp\/v2\/users\/2"}],"replies":[{"embeddable":true,"href":"https:\/\/www.lavillarroel.cat\/es\/wp-json\/wp\/v2\/comments?post=2872"}],"acf:term":[{"embeddable":true,"taxonomy":"season","href":"https:\/\/www.lavillarroel.cat\/es\/wp-json\/wp\/v2\/season\/90"}],"wp:attachment":[{"href":"https:\/\/www.lavillarroel.cat\/es\/wp-json\/wp\/v2\/media?parent=2872"}],"curies":[{"name":"wp","href":"https:\/\/api.w.org\/{rel}","templated":true}]}}