{"id":2881,"date":"2019-04-11T10:15:02","date_gmt":"2019-04-11T08:15:02","guid":{"rendered":"https:\/\/pre.lavillarroel.cat\/ex\/\/un-dia-qualsevol\/"},"modified":"2019-04-11T10:15:02","modified_gmt":"2019-04-11T08:15:02","slug":"un-dia-qualsevol","status":"publish","type":"ex","link":"https:\/\/www.lavillarroel.cat\/es\/ex\/un-dia-qualsevol\/","title":{"rendered":"Un dia qualsevol"},"content":{"rendered":"","protected":false},"excerpt":{"rendered":"","protected":false},"author":2,"featured_media":0,"comment_status":"closed","ping_status":"closed","template":"","class_list":["post-2881","ex","type-ex","status-publish","hentry","season-2018-19"],"acf":{"txt_synopsis":"<p>Tiene setenta y siete a\u00f1os y se llama Marta. O, como m\u00ednimo, as\u00ed la han llamado hasta ahora. Pero ella siempre se ha querido llamar Solange. Aprovechando que su marido se acaba de morir y ha tenido que trasladarse a la residencia Bon Rep\u00f2s, ha decidido cambiarse el nombre. <br \/>Solange es mucho m\u00e1s elegante. <br \/>En la residencia, conocer\u00e1 a Ernest y Mateu. Dos abuelos que desgraciadamente se han acostumbrado a aburrirse y discutir pasillo arriba, pasillo abajo. <br \/>La influencia de la Solange y sus ganas de vivir en la apat\u00eda de los dos amigos acabar\u00e1 provocando un mont\u00f3n de situaciones absurdas y divertidas que complicar\u00e1n y de qu\u00e9 manera, la vida de la Rosa, la directora de la residencia. <br \/>C\u00f3mo dice uno de los personajes: \u201c<em>la vida es demasiado corta para vivir solo cien a\u00f1os<\/em>\u201d.<\/p>","main_buy_link":"","main_buy_links":"","group_buy_link":"","show_language":"Espect\u00e1culo en catal\u00e1n","show_duration":"80","show_start_date":"20190710000000","show_end_date":"20190728000000","show_sort_date":"20190710000000","txt_custom_show_dates":"del 10 al 28 de julio de 2019","show_disciplines":"","show_ultimes_funcions":false,"hide_tarifes_especials":false,"show_properament":false,"txt_additional_info":"","txt_present":"","show_season":[90],"txt_season":"[\"2018\/19\"]","txt_cycle":"","txt_claim":"","txt_cast_excerpt":"","txt_cast":"<p>Autor y director : <strong>Oriol Tarras\u00f3n <br \/><\/strong>Direcci\u00f3n esc\u00e9nica: <strong>Mart\u00ed Torras Mayneris<\/strong><\/p>\n<p>Con: <strong>Annabel Castan, Imma Colomer, Pep Ferrer, Quimet Pla<\/strong><\/p>\n<p>Escenograf\u00eda y vestuario: <strong>Joana Mart\u00ed<\/strong><br \/>Iluminaci\u00f3n: <strong>I\u00f1aki Garz<br \/><\/strong>Sonido y concepci\u00f3n sonora: <strong>Jordi Agut <\/strong>y<strong> Jaume Verg\u00e9<br \/><\/strong>Caracteritzaci\u00f3n: <strong>Txus Gonz\u00e1lez<br \/><\/strong>Movimiento: <strong>Sebastian Garcia Ferro<br \/><\/strong>Ayudante de direcci\u00f3n: <strong>Omar Ba\u00f1on<\/strong><\/p>\n<p>V\u00eddeo:<strong> Joan Gast\u00f3<\/strong><br \/>Dise\u00f1o gr\u00e1fico: <strong>Assad Kassab<\/strong><br \/>Fotograf\u00eda: <strong>David Tarras\u00f3n<br \/><\/strong>Redes Sociales:<strong> Estel Ibars<br \/><\/strong>Gesti\u00f3n Cultural:<strong> Eduard Arderiu<\/strong><br \/>Productor asociado: <strong>Quim Folguera<\/strong> <br \/>Producci\u00f3n ejecutiva: <strong>Rau\u0308l Perales<\/strong><\/p>\n<p>Jefe t\u00e9cnico del teatro: <strong>Jaume Feixas<\/strong><\/p>\n<p>Prensa: <strong>Cosmica<br \/><\/strong>M\u00e1rqueting y Comunicaci\u00f3: <strong>Publispec<\/strong><br \/><br \/>Producci\u00f3n:&nbsp;<strong>Les Antonietes&nbsp;<\/strong>y<strong> Grec 2019 Festival de Barcelona<\/strong> y <strong>OHM productions<br \/><\/strong><br \/>Con la colaboraci\u00f3n de <strong>La Villarroel, La Caldera Les Corts, Escola Superior d\u2019Art Dram\u00e0tic E\u00f2lia, Institut del Teatre de Barcelona, Medusa Cultura<\/strong>.<br \/>Con el apoyo del <strong>Departament de Cultura de la Generalitat de Catalunya<\/strong>.<\/p>","txt_reviews":"Toni Polo|El Pa\u00eds|\"El texto es \u00e1gil, divertido e ir\u00f3nico.\"\nSanti Fondevila|Ara|\"Un sorprenent t\u00edtol.\"","hashtag":"undiaqualsevol","have_promo":"","slogan":"","id_exhibicio":1655,"id_versio":1362,"id_local":4,"txt_seo_desc":"Un dia qualsevol de Les Antonietes Teatre y dirigida por Oriol Tarrason a La Villarroel de Barcelona dentro el marco del Grec 2019 Festival de Barcelona.","data_images":"[{\"localizer\":\"V3SLIDE\",\"url\":\"media\/ftgalslide\/v3\/314B2\/01_086_00048476\/un-dia-qualsevol-teatre-la-villarroel-barcelona.jpg\",\"thumb_url\":\"media\/ftgalslide\/v3\/314B2\/01_086_00048476\/un-dia-qualsevol-teatre-la-villarroel-barcelona_thumb.jpg\",\"title\":\"Un dia qualsevol - La Villarroel\",\"description\":\"un dia qualsevol teatre la villarroel barcelona\",\"copyright\":\"https:\/\/youtu.be\/n_DEBbRonH4\",\"order\":1},{\"localizer\":\"V3SLIDE\",\"url\":\"media\/ftgalslide\/v3\/314B1\/01_086_00048067\/imagen_limpia_1600_x_900_pix.jpg\",\"thumb_url\":\"media\/ftgalslide\/v3\/314B1\/01_086_00048067\/imagen_limpia_1600_x_900_pix_thumb.jpg\",\"title\":\"Un dia qualsevol - La Villarroel\",\"description\":\"un dia qualsevol teatre la villarroel barcelona\",\"copyright\":\"\",\"order\":2},{\"localizer\":\"V3SLIDE\",\"url\":\"media\/ftgalslide\/v3\/314B1\/01_086_00047904\/un-dia-qualsevol-teatre-la-villarroel-barcelona-3.jpg\",\"thumb_url\":\"media\/ftgalslide\/v3\/314B1\/01_086_00047904\/un-dia-qualsevol-teatre-la-villarroel-barcelona-3_thumb.jpg\",\"title\":\"Un dia qualsevol - La Villarroel\",\"description\":\"un dia qualsevol teatre la villarroel barcelona\",\"copyright\":\"\",\"order\":6},{\"localizer\":\"V3SLIDE\",\"url\":\"media\/ftgalslide\/v3\/314B1\/01_086_00047905\/un-dia-qualsevol-teatre-la-villarroel-barcelona.jpg\",\"thumb_url\":\"media\/ftgalslide\/v3\/314B1\/01_086_00047905\/un-dia-qualsevol-teatre-la-villarroel-barcelona_thumb.jpg\",\"title\":\"Un dia qualsevol - La Villarroel\",\"description\":\"un dia qualsevol teatre la villarroel barcelona\",\"copyright\":\"\",\"order\":7},{\"localizer\":\"V3SLIDE\",\"url\":\"media\/ftgalslide\/v3\/314B1\/01_086_00047906\/un-dia-qualsevol-teatre-la-villarroel-barcelona-2.jpg\",\"thumb_url\":\"media\/ftgalslide\/v3\/314B1\/01_086_00047906\/un-dia-qualsevol-teatre-la-villarroel-barcelona-2_thumb.jpg\",\"title\":\"Un dia qualsevol - La Villarroel\",\"description\":\"un dia qualsevol teatre la villarroel barcelona\",\"copyright\":\"\",\"order\":8},{\"localizer\":\"V3SLIDE\",\"url\":\"media\/ftgalslide\/v3\/314B1\/01_086_00047907\/un-dia-qualsevol-teatre-la-villarroel-barcelona-4.jpg\",\"thumb_url\":\"media\/ftgalslide\/v3\/314B1\/01_086_00047907\/un-dia-qualsevol-teatre-la-villarroel-barcelona-4_thumb.jpg\",\"title\":\"Un dia qualsevol - La Villarroel\",\"description\":\"un dia qualsevol teatre la villarroel barcelona\",\"copyright\":\"\",\"order\":9},{\"localizer\":\"V3SLIDE\",\"url\":\"media\/ftgalslide\/v3\/314B1\/01_086_00047908\/un-dia-qualsevol-teatre-la-villarroel-barcelona-5.jpg\",\"thumb_url\":\"media\/ftgalslide\/v3\/314B1\/01_086_00047908\/un-dia-qualsevol-teatre-la-villarroel-barcelona-5_thumb.jpg\",\"title\":\"Un dia qualsevol - La Villarroel\",\"description\":\"un dia qualsevol teatre la villarroel barcelona\",\"copyright\":\"\",\"order\":10},{\"localizer\":\"V3PORTADAWIDE\",\"url\":\"media\/ver\/port\/v3wide\/314B3\/01_088_00048667\/0-un-dia-qualsevol-la-villarroel-teatre-barcelona.jpg\",\"thumb_url\":\"media\/ver\/port\/v3wide\/314B3\/01_088_00048667\/0-un-dia-qualsevol-la-villarroel-teatre-barcelona_thumb.jpg\",\"title\":\"Un dia qualsevol - La Villarroel\",\"description\":\"un dia qualsevol teatre la villarroel barcelona\",\"copyright\":\"\",\"order\":18},{\"localizer\":\"V2CARTELL\",\"url\":\"media\/ver\/cartell\/314B3\/01_079_00048695\/cartellweb-un-dia-qualsevol-la-villarroel-teatre-barcelona.jpg\",\"thumb_url\":\"media\/ver\/cartell\/314B3\/01_079_00048695\/cartellweb-un-dia-qualsevol-la-villarroel-teatre-barcelona_thumb.jpg\",\"title\":\"Un dia qualsevol\",\"description\":\"Un dia qualsevol\",\"copyright\":\"\",\"order\":19},{\"localizer\":\"V3SLIDE\",\"url\":\"media\/ftgalslide\/v3\/314B3\/01_086_00048705\/un-dia-qualsevol-la-villarroel-5.jpg\",\"thumb_url\":\"media\/ftgalslide\/v3\/314B3\/01_086_00048705\/un-dia-qualsevol-la-villarroel-5_thumb.jpg\",\"title\":\"Un dia qualsevol - La Villarroel\",\"description\":\"un dia qualsevol teatre la villarroel barcelona\",\"copyright\":\"\",\"order\":20},{\"localizer\":\"V3SLIDE\",\"url\":\"media\/ftgalslide\/v3\/314B3\/01_086_00048706\/un-dia-qualsevol-la-villarroel-1.jpg\",\"thumb_url\":\"media\/ftgalslide\/v3\/314B3\/01_086_00048706\/un-dia-qualsevol-la-villarroel-1_thumb.jpg\",\"title\":\"Un dia qualsevol - La Villarroel\",\"description\":\"un dia qualsevol teatre la villarroel barcelona\",\"copyright\":\"\",\"order\":21},{\"localizer\":\"V3SLIDE\",\"url\":\"media\/ftgalslide\/v3\/314B3\/01_086_00048707\/un-dia-qualsevol-la-villarroel-4.jpg\",\"thumb_url\":\"media\/ftgalslide\/v3\/314B3\/01_086_00048707\/un-dia-qualsevol-la-villarroel-4_thumb.jpg\",\"title\":\"Un dia qualsevol - La Villarroel\",\"description\":\"un dia qualsevol teatre la villarroel barcelona\",\"copyright\":\"\",\"order\":22},{\"localizer\":\"V3SLIDE\",\"url\":\"media\/ftgalslide\/v3\/314B3\/01_086_00048708\/un-dia-qualsevol-la-villarroel-2.jpg\",\"thumb_url\":\"media\/ftgalslide\/v3\/314B3\/01_086_00048708\/un-dia-qualsevol-la-villarroel-2_thumb.jpg\",\"title\":\"Un dia qualsevol - La Villarroel\",\"description\":\"un dia qualsevol teatre la villarroel barcelona\",\"copyright\":\"\",\"order\":23},{\"localizer\":\"V3CARTELL\",\"url\":\"media\/ver\/cartell\/v3\/314B4\/01_085_00048963\/cartellweb-un-dia-qualsevol-la-villarroel-teatre-barcelona.jpg\",\"thumb_url\":\"media\/ver\/cartell\/v3\/314B4\/01_085_00048963\/cartellweb-un-dia-qualsevol-la-villarroel-teatre-barcelona_thumb.jpg\",\"title\":\"Un dia qualsevol - La Villarroel\",\"description\":\"un dia qualsevol teatre la villarroel barcelona\",\"copyright\":\"\",\"order\":28},{\"localizer\":\"V3PORTADA\",\"url\":\"media\/ver\/port\/v3\/31515\/01_084_00050509\/1-un-dia-qualsevol-la-villarroel-teatre-barcelona-18.jpg\",\"thumb_url\":\"media\/ver\/port\/v3\/31515\/01_084_00050509\/1-un-dia-qualsevol-la-villarroel-teatre-barcelona-18_thumb.jpg\",\"title\":\"Un dia qualsevol - La Villarroel\",\"description\":\"un dia qualsevol al teatre la villarroel de barcelona\",\"copyright\":\"\",\"order\":32}]","material__texto_intro":"","data_material":null,"data_gallery":"","data_discounts":"[{\"InfoAddicional\":\"<p><strong>Descuentos para grupos y escuelas<br \/><\/strong><\/p>\",\"Url\":\"https:\/\/www.promentrada.com\/es\/product\/{#CODI#}\",\"Codi\":\"VILL80\",\"LogoUrl\":\"media\/fimage\/31389\/01_005_00038530\/logo_prome_nuevo_v_web.jpg\",\"TitolBoto\":\"Descuentos para grupos y escuelas\",\"Type\":\"discount\"},{\"InfoAddicional\":\"<p><strong>Descuentos para particulares<br \/><\/strong><\/p>\",\"Url\":\"vip.promentrada.com\/es\/product\/{#CODI#}\",\"Codi\":\"VILL80\",\"LogoUrl\":\"media\/fimage\/31389\/01_005_00038559\/logo_prome_vip_v_web.jpg\",\"TitolBoto\":\"Descuentos para particulares\",\"Type\":\"discount\"}]","contract_is_open":false,"in_tour":false},"yoast_head":"<!-- This site is optimized with the Yoast SEO plugin v27.5 - https:\/\/yoast.com\/product\/yoast-seo-wordpress\/ -->\n<title>Un dia qualsevol - La Villarroel<\/title>\n<meta name=\"robots\" content=\"index, follow, max-snippet:-1, max-image-preview:large, max-video-preview:-1\" \/>\n<link rel=\"canonical\" href=\"https:\/\/www.lavillarroel.cat\/es\/ex\/un-dia-qualsevol\/\" \/>\n<script type=\"application\/ld+json\" class=\"yoast-schema-graph\">{\"@context\":\"https:\\\/\\\/schema.org\",\"@graph\":[{\"@type\":\"WebPage\",\"@id\":\"https:\\\/\\\/www.lavillarroel.cat\\\/es\\\/ex\\\/un-dia-qualsevol\\\/\",\"url\":\"https:\\\/\\\/www.lavillarroel.cat\\\/es\\\/ex\\\/un-dia-qualsevol\\\/\",\"name\":\"Un dia qualsevol - La Villarroel\",\"isPartOf\":{\"@id\":\"https:\\\/\\\/www.lavillarroel.cat\\\/es\\\/#website\"},\"datePublished\":\"2019-04-11T08:15:02+00:00\",\"breadcrumb\":{\"@id\":\"https:\\\/\\\/www.lavillarroel.cat\\\/es\\\/ex\\\/un-dia-qualsevol\\\/#breadcrumb\"},\"inLanguage\":\"es\",\"potentialAction\":[{\"@type\":\"ReadAction\",\"target\":[\"https:\\\/\\\/www.lavillarroel.cat\\\/es\\\/ex\\\/un-dia-qualsevol\\\/\"]}]},{\"@type\":\"BreadcrumbList\",\"@id\":\"https:\\\/\\\/www.lavillarroel.cat\\\/es\\\/ex\\\/un-dia-qualsevol\\\/#breadcrumb\",\"itemListElement\":[{\"@type\":\"ListItem\",\"position\":1,\"name\":\"Inici\",\"item\":\"https:\\\/\\\/www.lavillarroel.cat\\\/es\\\/\"},{\"@type\":\"ListItem\",\"position\":2,\"name\":\"Espectacles\",\"item\":\"https:\\\/\\\/www.lavillarroel.cat\\\/es\\\/ex\\\/\"},{\"@type\":\"ListItem\",\"position\":3,\"name\":\"Un dia qualsevol\"}]},{\"@type\":\"WebSite\",\"@id\":\"https:\\\/\\\/www.lavillarroel.cat\\\/es\\\/#website\",\"url\":\"https:\\\/\\\/www.lavillarroel.cat\\\/es\\\/\",\"name\":\"La Villarroel\",\"description\":\"\",\"publisher\":{\"@id\":\"https:\\\/\\\/www.lavillarroel.cat\\\/es\\\/#organization\"},\"potentialAction\":[{\"@type\":\"SearchAction\",\"target\":{\"@type\":\"EntryPoint\",\"urlTemplate\":\"https:\\\/\\\/www.lavillarroel.cat\\\/es\\\/?s={search_term_string}\"},\"query-input\":{\"@type\":\"PropertyValueSpecification\",\"valueRequired\":true,\"valueName\":\"search_term_string\"}}],\"inLanguage\":\"es\"},{\"@type\":\"Organization\",\"@id\":\"https:\\\/\\\/www.lavillarroel.cat\\\/es\\\/#organization\",\"name\":\"La Villarroel\",\"url\":\"https:\\\/\\\/www.lavillarroel.cat\\\/es\\\/\",\"logo\":{\"@type\":\"ImageObject\",\"inLanguage\":\"es\",\"@id\":\"https:\\\/\\\/www.lavillarroel.cat\\\/es\\\/#\\\/schema\\\/logo\\\/image\\\/\",\"url\":\"https:\\\/\\\/www.lavillarroel.cat\\\/wp-content\\\/uploads\\\/sites\\\/5\\\/2017\\\/09\\\/teatre-villaroel-logo.svg\",\"contentUrl\":\"https:\\\/\\\/www.lavillarroel.cat\\\/wp-content\\\/uploads\\\/sites\\\/5\\\/2017\\\/09\\\/teatre-villaroel-logo.svg\",\"width\":1,\"height\":1,\"caption\":\"La Villarroel\"},\"image\":{\"@id\":\"https:\\\/\\\/www.lavillarroel.cat\\\/es\\\/#\\\/schema\\\/logo\\\/image\\\/\"},\"sameAs\":[\"http:\\\/\\\/www.facebook.com\\\/TeatreVillarroel\",\"https:\\\/\\\/x.com\\\/la_villarroel\",\"http:\\\/\\\/instagram.com\\\/la_villarroel\",\"http:\\\/\\\/www.youtube.com\\\/user\\\/LaVillarroel#p\\\/u\"]}]}<\/script>\n<!-- \/ Yoast SEO plugin. -->","yoast_head_json":{"title":"Un dia qualsevol - La Villarroel","robots":{"index":"index","follow":"follow","max-snippet":"max-snippet:-1","max-image-preview":"max-image-preview:large","max-video-preview":"max-video-preview:-1"},"canonical":"https:\/\/www.lavillarroel.cat\/es\/ex\/un-dia-qualsevol\/","schema":{"@context":"https:\/\/schema.org","@graph":[{"@type":"WebPage","@id":"https:\/\/www.lavillarroel.cat\/es\/ex\/un-dia-qualsevol\/","url":"https:\/\/www.lavillarroel.cat\/es\/ex\/un-dia-qualsevol\/","name":"Un dia qualsevol - La Villarroel","isPartOf":{"@id":"https:\/\/www.lavillarroel.cat\/es\/#website"},"datePublished":"2019-04-11T08:15:02+00:00","breadcrumb":{"@id":"https:\/\/www.lavillarroel.cat\/es\/ex\/un-dia-qualsevol\/#breadcrumb"},"inLanguage":"es","potentialAction":[{"@type":"ReadAction","target":["https:\/\/www.lavillarroel.cat\/es\/ex\/un-dia-qualsevol\/"]}]},{"@type":"BreadcrumbList","@id":"https:\/\/www.lavillarroel.cat\/es\/ex\/un-dia-qualsevol\/#breadcrumb","itemListElement":[{"@type":"ListItem","position":1,"name":"Inici","item":"https:\/\/www.lavillarroel.cat\/es\/"},{"@type":"ListItem","position":2,"name":"Espectacles","item":"https:\/\/www.lavillarroel.cat\/es\/ex\/"},{"@type":"ListItem","position":3,"name":"Un dia qualsevol"}]},{"@type":"WebSite","@id":"https:\/\/www.lavillarroel.cat\/es\/#website","url":"https:\/\/www.lavillarroel.cat\/es\/","name":"La Villarroel","description":"","publisher":{"@id":"https:\/\/www.lavillarroel.cat\/es\/#organization"},"potentialAction":[{"@type":"SearchAction","target":{"@type":"EntryPoint","urlTemplate":"https:\/\/www.lavillarroel.cat\/es\/?s={search_term_string}"},"query-input":{"@type":"PropertyValueSpecification","valueRequired":true,"valueName":"search_term_string"}}],"inLanguage":"es"},{"@type":"Organization","@id":"https:\/\/www.lavillarroel.cat\/es\/#organization","name":"La Villarroel","url":"https:\/\/www.lavillarroel.cat\/es\/","logo":{"@type":"ImageObject","inLanguage":"es","@id":"https:\/\/www.lavillarroel.cat\/es\/#\/schema\/logo\/image\/","url":"https:\/\/www.lavillarroel.cat\/wp-content\/uploads\/sites\/5\/2017\/09\/teatre-villaroel-logo.svg","contentUrl":"https:\/\/www.lavillarroel.cat\/wp-content\/uploads\/sites\/5\/2017\/09\/teatre-villaroel-logo.svg","width":1,"height":1,"caption":"La Villarroel"},"image":{"@id":"https:\/\/www.lavillarroel.cat\/es\/#\/schema\/logo\/image\/"},"sameAs":["http:\/\/www.facebook.com\/TeatreVillarroel","https:\/\/x.com\/la_villarroel","http:\/\/instagram.com\/la_villarroel","http:\/\/www.youtube.com\/user\/LaVillarroel#p\/u"]}]}},"translations":[{"id":2676,"locale":"ca"},{"id":2881,"locale":"es"}],"_links":{"self":[{"href":"https:\/\/www.lavillarroel.cat\/es\/wp-json\/wp\/v2\/ex\/2881","targetHints":{"allow":["GET"]}}],"collection":[{"href":"https:\/\/www.lavillarroel.cat\/es\/wp-json\/wp\/v2\/ex"}],"about":[{"href":"https:\/\/www.lavillarroel.cat\/es\/wp-json\/wp\/v2\/types\/ex"}],"author":[{"embeddable":true,"href":"https:\/\/www.lavillarroel.cat\/es\/wp-json\/wp\/v2\/users\/2"}],"replies":[{"embeddable":true,"href":"https:\/\/www.lavillarroel.cat\/es\/wp-json\/wp\/v2\/comments?post=2881"}],"acf:term":[{"embeddable":true,"taxonomy":"season","href":"https:\/\/www.lavillarroel.cat\/es\/wp-json\/wp\/v2\/season\/90"}],"wp:attachment":[{"href":"https:\/\/www.lavillarroel.cat\/es\/wp-json\/wp\/v2\/media?parent=2881"}],"curies":[{"name":"wp","href":"https:\/\/api.w.org\/{rel}","templated":true}]}}