{"id":2883,"date":"2019-09-04T07:21:54","date_gmt":"2019-09-04T05:21:54","guid":{"rendered":"https:\/\/pre.lavillarroel.cat\/ex\/\/aquella-nit-una-obra-de-teatre-amb-cancons\/"},"modified":"2019-09-04T07:21:54","modified_gmt":"2019-09-04T05:21:54","slug":"aquella-nit-una-obra-de-teatre-amb-cancons","status":"publish","type":"ex","link":"https:\/\/www.lavillarroel.cat\/es\/ex\/aquella-nit-una-obra-de-teatre-amb-cancons\/","title":{"rendered":"AQUELLA NIT (Una obra de teatre amb can\u00e7ons)"},"content":{"rendered":"","protected":false},"excerpt":{"rendered":"","protected":false},"author":2,"featured_media":0,"comment_status":"closed","ping_status":"closed","template":"","class_list":["post-2883","ex","type-ex","status-publish","hentry","season-2019-20"],"acf":{"txt_synopsis":"<p>Helena es una abogada de divorcios, que se entiende desde hace a\u00f1os con un hombre casado. Bob malvive haciendo trabajos ilegales, y ha dejado atr\u00e1s, ya hace tiempo, sus planes para ser escritor. <\/p>\n<p>Despu\u00e9s de conocerse en un bar, los dos vivir\u00e1n un fin de semana de transformaci\u00f3n, que cambiar\u00e1 sus vidas por siempre jam\u00e1s. Unas vidas que, como muchos de nosotros, tienen como trasfondo constante la ciudad, un bosque donde nos podemos perder, pero tambi\u00e9n nos podemos encontrar, como tambi\u00e9n pasa a \"Sue\u00f1o de una noche de verano\". <\/p>\n<p>Aqu\u00ed, tal y como pasa en la comedia de Shakespeare, Bob y Helena, descubrir\u00e1n que lo que creen que quieren y lo que realmente quieren, son cosas completamente diferentes.<\/p>\n<p><\/p>","main_buy_link":"https:\/\/grupfocus.4tickets.es\/LaVillarroel\/public\/janto\/?Nivel=Evento&idEvento=VILL84&Idioma=ES","main_buy_links":"","group_buy_link":"","show_language":"Espect\u00e1culo en catal\u00e1n","show_duration":"90","show_start_date":"20200104000000","show_end_date":"20200307000000","show_sort_date":"20200104000000","txt_custom_show_dates":"hasta el 7 de marzo de 2020","show_disciplines":"","show_ultimes_funcions":false,"hide_tarifes_especials":false,"show_properament":false,"txt_additional_info":"<p><i class=\"fa fa-info fa-2x fa-fw\"><\/i>&nbsp;13 de febrero:&nbsp;charla postfunci\u00f3n&nbsp;con la compa\u00f1\u00eda de <strong><em>Aquella Nit<\/em><\/strong>. Esta actividad se enmarca en el itinerario \u201cPetita mem\u00f2ria, gran hist\u00f2ria\u201d de <strong>Travessia Recomana<\/strong>. <a href=\"https:\/\/grupfocus.4tickets.es\/LaVillarroel\/public\/janto\/?Nivel=Evento&idEvento=VILL84\"><strong>Compra tu entrada<\/strong><\/a>.<\/p>","txt_present":"","show_season":[91],"txt_season":"[\"2019\/20\"]","txt_cycle":"","txt_claim":"","txt_cast_excerpt":"","txt_cast":"<p>Dramaturgo:<strong> David Greig<br \/><\/strong>Compositor y letrista:<strong> Gordon McIntyre<br \/><\/strong>Direcci\u00f3n: <strong>David Selvas<br \/><\/strong>Traducci\u00f3n:<strong> Cristina Genebat<\/strong><\/p>\n<p>Int\u00e9rpretes: <strong>Ivan Massagu\u00e9<\/strong> y<strong> Marta Bayarri<br \/><\/strong>M\u00fasicos: <strong>Aurora Bauz\u00e0 <\/strong>y<strong> Pere Jou (TelemannRec.)<\/strong><\/p>\n<p>Escenograf\u00eda:<strong> Blanca A\u00f1\u00f3n<br \/><\/strong>Vestuario: <strong>Maria Armengol<br \/><\/strong>Iluminaci\u00f3n: <strong>Mingo Albir<br \/><\/strong>Dise\u00f1o de sonido:<strong> Roger \u00c0balos<br \/><\/strong>Caracterizaci\u00f3n:<strong> Paula Ayuso<br \/><\/strong>Dise\u00f1o de v\u00eddeo: <strong>Mar Orfila<\/strong><\/p>\n<p>Direcci\u00f3n musical y arreglos musicales:<strong> TelemannRec<br \/><\/strong>Movimiento:<strong> Pere Faura<br \/><\/strong>Voces en off: <strong>Oriol Cervera, Nil G\u00f3mez Mas <\/strong>y<strong> Montse Lluss\u00e0.<br \/><\/strong>Colaboraci\u00f3n: <strong>Anabel Himbernon<\/strong><\/p>\n<p>Jefe t\u00e9cnico del teatro: <strong>Jaume Feixas<br \/><\/strong>Jefe t\u00e9cnico: <strong>Arnau Planchart<br \/><\/strong>Regidor\u00eda: <strong>Irene Fern\u00e1ndez Zurano<\/strong><br \/>Operador de sonido: <strong>Oscar Villar<\/strong><br \/>Construcci\u00f3 de l\u2019escenografia: <strong>Xarli Hern\u00e1ndez&nbsp;<\/strong>y<strong> Oscar Hern\u00e1ndez \u201cOu\u201d<\/strong><br \/>Confecci\u00f3n de vestuario: <strong>Irene Fern\u00e1ndez Zurano \"Nen\u00e9\"<\/strong><\/p>\n<p>Prensa: <strong>C\u00f2smica (Anna Aurich y S\u00edlvia Serra)<br \/><\/strong>Soporte a la comunicaci\u00f3n:<strong> Rub\u00e9n Garcia y Sem Pons<br \/><\/strong>Prensa Focus:<strong> Lidia Gimenez <\/strong>y <strong>Albert L\u00f3pez<br \/><\/strong>M\u00e1rqueting y comunicaci\u00f3n:<strong> Publispec <br \/><\/strong>Fotograf\u00eda: <strong>Lander Larra\u00f1aga<br \/><\/strong>V\u00eddeo:<strong> Mar Orfila <br \/><\/strong>Dise\u00f1o Gr\u00e1fico:<strong> Joan Aguad\u00e9<\/strong><\/p>\n<p>Una producci\u00f3n de<strong> La Brutal<\/strong> y<strong> Minoria Absoluta<\/strong><\/p>\n<p><strong><\/strong><\/p>","txt_reviews":"Ord\u00f3\u00f1ez|Babelia El Pa\u00eds|\"David Selvas mantiene el brillo, la espuma y el ritmo de la obra.\"\nFondevila|Diari Ara|\"David Selvas hace una magn\u00edfica puesta en escena que combina admirablemente el tono narrativo con los di\u00e1logos y los fragmentos musicales.\"","hashtag":"AquellaNit","have_promo":"","slogan":"","id_exhibicio":1700,"id_versio":1386,"id_local":4,"txt_seo_desc":"Aquella Nit (una obra de teatre amb can\u00e7ons), con Ivan Massagu\u00e9 y Marta Bayarri al Teatre La Villarroel de Barcelona.","data_images":"[{\"localizer\":\"V3SLIDE\",\"url\":\"media\/ftgalslide\/v3\/314B8\/01_086_00050079\/aquella-nit-una-obra-de-teatre-amb-cancons-teatre-la-villarroel-barcelona-1.JPG\",\"thumb_url\":\"media\/ftgalslide\/v3\/314B8\/01_086_00050079\/aquella-nit-una-obra-de-teatre-amb-cancons-teatre-la-villarroel-barcelona-1_thumb.jpg\",\"title\":\"Aquella nit (Una obra de teatre amb can\u00e7ons) - La Villarroel\",\"description\":\"aquella nit una obra de teatre amb can\u00e7ons teatre la villarroel barcelona\",\"copyright\":\"https:\/\/youtu.be\/jjkJwJl1Crg\",\"order\":1},{\"localizer\":\"V3SLIDE\",\"url\":\"media\/ftgalslide\/v3\/314B5\/01_086_00049061\/aquella-nit-v2.jpg\",\"thumb_url\":\"media\/ftgalslide\/v3\/314B5\/01_086_00049061\/aquella-nit-v2_thumb.jpg\",\"title\":\"Aquella Nit (una obra de teatre amb can\u00e7ons) - La Villarroel\",\"description\":\"aquella nit una obra de teatre amb can\u00e7ons la villarroel\",\"copyright\":\"\",\"order\":6},{\"localizer\":\"V3CARTELL\",\"url\":\"media\/ver\/cartell\/v3\/314B5\/01_085_00049143\/cartell-web-aquella-nit-una-obra-de-teatre-amb-cancons-la-villarroel-barcelona.jpg\",\"thumb_url\":\"media\/ver\/cartell\/v3\/314B5\/01_085_00049143\/cartell-web-aquella-nit-una-obra-de-teatre-amb-cancons-la-villarroel-barcelona_thumb.jpg\",\"title\":\"Aquella nit (Una obra de teatre amb can\u00e7ons) - La Villarroel\",\"description\":\"aquella nit una obra de teatre amb can\u00e7ons teatre la villarroel barcelona\",\"copyright\":\"\",\"order\":7},{\"localizer\":\"V2CARTELL\",\"url\":\"media\/ver\/cartell\/31511\/01_079_00050100\/cartell-web-aquella-nit-una-obra-de-teatre-amb-cancons-la-villarroel-barcelona.jpg\",\"thumb_url\":\"media\/ver\/cartell\/31511\/01_079_00050100\/cartell-web-aquella-nit-una-obra-de-teatre-amb-cancons-la-villarroel-barcelona_thumb.jpg\",\"title\":\"Aquella nit (Una obra de teatre amb can\u00e7ons) - La Villarroel\",\"description\":\"aquella nit una obra de teatre amb can\u00e7ons teatre la villarroel barcelona\",\"copyright\":\"\",\"order\":18},{\"localizer\":\"V3PORTADAWIDE\",\"url\":\"media\/ver\/port\/v3wide\/31512\/01_088_00050377\/0-aquella-nit-una-obra-de-teatre-amb-cancons-la-villarroel-barcelona-ultimes-funcions.jpg\",\"thumb_url\":\"media\/ver\/port\/v3wide\/31512\/01_088_00050377\/0-aquella-nit-una-obra-de-teatre-amb-cancons-la-villarroel-barcelona-ultimes-funcions_thumb.jpg\",\"title\":\"Aquella Nit - La Villarroel\",\"description\":\"aquella nit una obra de teatre amb can\u00e7ons al teatre la villarroel de barcelona\",\"copyright\":\"\",\"order\":19},{\"localizer\":\"V3PORTADA\",\"url\":\"media\/ver\/port\/v3\/31512\/01_084_00050378\/1-aquella-nit-una-obra-de-teatre-amb-cancons-la-villarroel-barcelona-ultimes-funcions.jpg\",\"thumb_url\":\"media\/ver\/port\/v3\/31512\/01_084_00050378\/1-aquella-nit-una-obra-de-teatre-amb-cancons-la-villarroel-barcelona-ultimes-funcions_thumb.jpg\",\"title\":\"Aquella Nit - La Villarroel\",\"description\":\"aquella nit una obra de teatre amb can\u00e7ons al teatre la villarroel de barcelona\",\"copyright\":\"\",\"order\":20}]","material__texto_intro":"","data_material":null,"data_gallery":"","data_discounts":"[{\"InfoAddicional\":\"<p><strong>Descuentos para particulares<br \/><\/strong><\/p>\",\"Url\":\"vip.promentrada.com\/es\/product\/{#CODI#}\",\"Codi\":\"https:\/\/vip.promentrada.com\/ca\/product\/3389\",\"LogoUrl\":\"media\/fimage\/31389\/01_005_00038559\/logo_prome_vip_v_web.jpg\",\"TitolBoto\":\"Descuentos para particulares\",\"Type\":\"discount\"},{\"InfoAddicional\":\"<p><strong>Descuentos para grupos y escuelas<br \/><\/strong><\/p>\",\"Url\":\"https:\/\/www.promentrada.com\/es\/product\/{#CODI#}\",\"Codi\":\"https:\/\/www.promentrada.com\/ca\/product\/3389\",\"LogoUrl\":\"media\/fimage\/31389\/01_005_00038530\/logo_prome_nuevo_v_web.jpg\",\"TitolBoto\":\"Descuentos para grupos y escuelas\",\"Type\":\"discount\"},{\"InfoAddicional\":\"<p><strong>PACK AMIGOS<\/strong><\/p><p>25% de descuento por la compra de 4 entradas en las funciones seleccionadas&nbsp;con el&nbsp;descuento.<\/p>\",\"Url\":\"https:\/\/grupfocus.4tickets.es\/LaVillarroel\/public\/janto\/?Nivel=Evento&idEvento=VILL89\",\"Codi\":\"0\",\"LogoUrl\":\"\",\"TitolBoto\":\"COMPRAR\",\"Type\":\"discount\"}]","contract_is_open":false,"in_tour":false},"yoast_head":"<!-- This site is optimized with the Yoast SEO plugin v27.5 - https:\/\/yoast.com\/product\/yoast-seo-wordpress\/ -->\n<title>AQUELLA NIT (Una obra de teatre amb can\u00e7ons) - La Villarroel<\/title>\n<meta name=\"robots\" content=\"index, follow, max-snippet:-1, max-image-preview:large, max-video-preview:-1\" \/>\n<link rel=\"canonical\" href=\"https:\/\/www.lavillarroel.cat\/es\/ex\/aquella-nit-una-obra-de-teatre-amb-cancons\/\" \/>\n<script type=\"application\/ld+json\" class=\"yoast-schema-graph\">{\"@context\":\"https:\\\/\\\/schema.org\",\"@graph\":[{\"@type\":\"WebPage\",\"@id\":\"https:\\\/\\\/www.lavillarroel.cat\\\/es\\\/ex\\\/aquella-nit-una-obra-de-teatre-amb-cancons\\\/\",\"url\":\"https:\\\/\\\/www.lavillarroel.cat\\\/es\\\/ex\\\/aquella-nit-una-obra-de-teatre-amb-cancons\\\/\",\"name\":\"AQUELLA NIT (Una obra de teatre amb can\u00e7ons) - La Villarroel\",\"isPartOf\":{\"@id\":\"https:\\\/\\\/www.lavillarroel.cat\\\/es\\\/#website\"},\"datePublished\":\"2019-09-04T05:21:54+00:00\",\"breadcrumb\":{\"@id\":\"https:\\\/\\\/www.lavillarroel.cat\\\/es\\\/ex\\\/aquella-nit-una-obra-de-teatre-amb-cancons\\\/#breadcrumb\"},\"inLanguage\":\"es\",\"potentialAction\":[{\"@type\":\"ReadAction\",\"target\":[\"https:\\\/\\\/www.lavillarroel.cat\\\/es\\\/ex\\\/aquella-nit-una-obra-de-teatre-amb-cancons\\\/\"]}]},{\"@type\":\"BreadcrumbList\",\"@id\":\"https:\\\/\\\/www.lavillarroel.cat\\\/es\\\/ex\\\/aquella-nit-una-obra-de-teatre-amb-cancons\\\/#breadcrumb\",\"itemListElement\":[{\"@type\":\"ListItem\",\"position\":1,\"name\":\"Inici\",\"item\":\"https:\\\/\\\/www.lavillarroel.cat\\\/es\\\/\"},{\"@type\":\"ListItem\",\"position\":2,\"name\":\"Espectacles\",\"item\":\"https:\\\/\\\/www.lavillarroel.cat\\\/es\\\/ex\\\/\"},{\"@type\":\"ListItem\",\"position\":3,\"name\":\"AQUELLA NIT (Una obra de teatre amb can\u00e7ons)\"}]},{\"@type\":\"WebSite\",\"@id\":\"https:\\\/\\\/www.lavillarroel.cat\\\/es\\\/#website\",\"url\":\"https:\\\/\\\/www.lavillarroel.cat\\\/es\\\/\",\"name\":\"La Villarroel\",\"description\":\"\",\"publisher\":{\"@id\":\"https:\\\/\\\/www.lavillarroel.cat\\\/es\\\/#organization\"},\"potentialAction\":[{\"@type\":\"SearchAction\",\"target\":{\"@type\":\"EntryPoint\",\"urlTemplate\":\"https:\\\/\\\/www.lavillarroel.cat\\\/es\\\/?s={search_term_string}\"},\"query-input\":{\"@type\":\"PropertyValueSpecification\",\"valueRequired\":true,\"valueName\":\"search_term_string\"}}],\"inLanguage\":\"es\"},{\"@type\":\"Organization\",\"@id\":\"https:\\\/\\\/www.lavillarroel.cat\\\/es\\\/#organization\",\"name\":\"La Villarroel\",\"url\":\"https:\\\/\\\/www.lavillarroel.cat\\\/es\\\/\",\"logo\":{\"@type\":\"ImageObject\",\"inLanguage\":\"es\",\"@id\":\"https:\\\/\\\/www.lavillarroel.cat\\\/es\\\/#\\\/schema\\\/logo\\\/image\\\/\",\"url\":\"https:\\\/\\\/www.lavillarroel.cat\\\/wp-content\\\/uploads\\\/sites\\\/5\\\/2017\\\/09\\\/teatre-villaroel-logo.svg\",\"contentUrl\":\"https:\\\/\\\/www.lavillarroel.cat\\\/wp-content\\\/uploads\\\/sites\\\/5\\\/2017\\\/09\\\/teatre-villaroel-logo.svg\",\"width\":1,\"height\":1,\"caption\":\"La Villarroel\"},\"image\":{\"@id\":\"https:\\\/\\\/www.lavillarroel.cat\\\/es\\\/#\\\/schema\\\/logo\\\/image\\\/\"},\"sameAs\":[\"http:\\\/\\\/www.facebook.com\\\/TeatreVillarroel\",\"https:\\\/\\\/x.com\\\/la_villarroel\",\"http:\\\/\\\/instagram.com\\\/la_villarroel\",\"http:\\\/\\\/www.youtube.com\\\/user\\\/LaVillarroel#p\\\/u\"]}]}<\/script>\n<!-- \/ Yoast SEO plugin. -->","yoast_head_json":{"title":"AQUELLA NIT (Una obra de teatre amb can\u00e7ons) - La Villarroel","robots":{"index":"index","follow":"follow","max-snippet":"max-snippet:-1","max-image-preview":"max-image-preview:large","max-video-preview":"max-video-preview:-1"},"canonical":"https:\/\/www.lavillarroel.cat\/es\/ex\/aquella-nit-una-obra-de-teatre-amb-cancons\/","schema":{"@context":"https:\/\/schema.org","@graph":[{"@type":"WebPage","@id":"https:\/\/www.lavillarroel.cat\/es\/ex\/aquella-nit-una-obra-de-teatre-amb-cancons\/","url":"https:\/\/www.lavillarroel.cat\/es\/ex\/aquella-nit-una-obra-de-teatre-amb-cancons\/","name":"AQUELLA NIT (Una obra de teatre amb can\u00e7ons) - La Villarroel","isPartOf":{"@id":"https:\/\/www.lavillarroel.cat\/es\/#website"},"datePublished":"2019-09-04T05:21:54+00:00","breadcrumb":{"@id":"https:\/\/www.lavillarroel.cat\/es\/ex\/aquella-nit-una-obra-de-teatre-amb-cancons\/#breadcrumb"},"inLanguage":"es","potentialAction":[{"@type":"ReadAction","target":["https:\/\/www.lavillarroel.cat\/es\/ex\/aquella-nit-una-obra-de-teatre-amb-cancons\/"]}]},{"@type":"BreadcrumbList","@id":"https:\/\/www.lavillarroel.cat\/es\/ex\/aquella-nit-una-obra-de-teatre-amb-cancons\/#breadcrumb","itemListElement":[{"@type":"ListItem","position":1,"name":"Inici","item":"https:\/\/www.lavillarroel.cat\/es\/"},{"@type":"ListItem","position":2,"name":"Espectacles","item":"https:\/\/www.lavillarroel.cat\/es\/ex\/"},{"@type":"ListItem","position":3,"name":"AQUELLA NIT (Una obra de teatre amb can\u00e7ons)"}]},{"@type":"WebSite","@id":"https:\/\/www.lavillarroel.cat\/es\/#website","url":"https:\/\/www.lavillarroel.cat\/es\/","name":"La Villarroel","description":"","publisher":{"@id":"https:\/\/www.lavillarroel.cat\/es\/#organization"},"potentialAction":[{"@type":"SearchAction","target":{"@type":"EntryPoint","urlTemplate":"https:\/\/www.lavillarroel.cat\/es\/?s={search_term_string}"},"query-input":{"@type":"PropertyValueSpecification","valueRequired":true,"valueName":"search_term_string"}}],"inLanguage":"es"},{"@type":"Organization","@id":"https:\/\/www.lavillarroel.cat\/es\/#organization","name":"La Villarroel","url":"https:\/\/www.lavillarroel.cat\/es\/","logo":{"@type":"ImageObject","inLanguage":"es","@id":"https:\/\/www.lavillarroel.cat\/es\/#\/schema\/logo\/image\/","url":"https:\/\/www.lavillarroel.cat\/wp-content\/uploads\/sites\/5\/2017\/09\/teatre-villaroel-logo.svg","contentUrl":"https:\/\/www.lavillarroel.cat\/wp-content\/uploads\/sites\/5\/2017\/09\/teatre-villaroel-logo.svg","width":1,"height":1,"caption":"La Villarroel"},"image":{"@id":"https:\/\/www.lavillarroel.cat\/es\/#\/schema\/logo\/image\/"},"sameAs":["http:\/\/www.facebook.com\/TeatreVillarroel","https:\/\/x.com\/la_villarroel","http:\/\/instagram.com\/la_villarroel","http:\/\/www.youtube.com\/user\/LaVillarroel#p\/u"]}]}},"translations":[{"id":2678,"locale":"ca"},{"id":2883,"locale":"es"}],"_links":{"self":[{"href":"https:\/\/www.lavillarroel.cat\/es\/wp-json\/wp\/v2\/ex\/2883","targetHints":{"allow":["GET"]}}],"collection":[{"href":"https:\/\/www.lavillarroel.cat\/es\/wp-json\/wp\/v2\/ex"}],"about":[{"href":"https:\/\/www.lavillarroel.cat\/es\/wp-json\/wp\/v2\/types\/ex"}],"author":[{"embeddable":true,"href":"https:\/\/www.lavillarroel.cat\/es\/wp-json\/wp\/v2\/users\/2"}],"replies":[{"embeddable":true,"href":"https:\/\/www.lavillarroel.cat\/es\/wp-json\/wp\/v2\/comments?post=2883"}],"acf:term":[{"embeddable":true,"taxonomy":"season","href":"https:\/\/www.lavillarroel.cat\/es\/wp-json\/wp\/v2\/season\/91"}],"wp:attachment":[{"href":"https:\/\/www.lavillarroel.cat\/es\/wp-json\/wp\/v2\/media?parent=2883"}],"curies":[{"name":"wp","href":"https:\/\/api.w.org\/{rel}","templated":true}]}}