{"id":3357,"date":"2023-06-19T12:29:55","date_gmt":"2023-06-19T10:29:55","guid":{"rendered":"https:\/\/www.lavillarroel.cat\/ex\/guardianes-del-corazon-de-la-tierra-2\/"},"modified":"2025-01-07T13:06:57","modified_gmt":"2025-01-07T12:06:57","slug":"guardianes-del-corazon-de-la-tierra","status":"publish","type":"ex","link":"https:\/\/www.lavillarroel.cat\/es\/ex\/guardianes-del-corazon-de-la-tierra\/","title":{"rendered":"Guardianes del coraz\u00f3n de la tierra"},"content":{"rendered":"","protected":false},"excerpt":{"rendered":"","protected":false},"author":2,"featured_media":0,"comment_status":"closed","ping_status":"closed","template":"","class_list":["post-3357","ex","type-ex","status-publish","hentry","season-2022-23"],"acf":{"txt_synopsis":"<p>La geograf\u00eda es pol\u00edtica. Txana Bane, de la comunidad huni kuin (\u2018la gente de la tierra\u2019, en su lengua), naci\u00f3 en el coraz\u00f3n de la selva amaz\u00f3nica, y es nieto e hijo de militantes destacados en la lucha por los derechos ind\u00edgenas. Bane es un txana, alguien que cura a trav\u00e9s de la m\u00fasica y las canciones sagradas. Su vida discurre entre Alemania, de donde es originaria su compa\u00f1era, y la comunidad que han fundado juntos en el territorio de Huni Kuin, a las orillas del r\u00edo Tarauac\u00e1, en el estado de Acre. Bane es un puente viviente entre culturas que lucha en el campo del activismo ecol\u00f3gico y divulga la cultura milenaria de los huni kuin: una visi\u00f3n que parte de un v\u00ednculo muy poderoso con la naturaleza y, en concreto, con la selva amaz\u00f3nica. <\/p>\r\n<p>La Conquesta Del Pol Sud vuelve a fusionar investigaci\u00f3n period\u00edstica y esc\u00e9nica en un espect\u00e1culo apasionante. Gabriela Olivera, acr\u00f3bata y bailarina de origen peruano residente en Catalu\u00f1a, participa tambi\u00e9n en este testimonio sobre las relaciones entre el capitalismo, el colonialismo y la crisis ecol\u00f3gica global. <\/p>\r\n<p>\u00bfD\u00f3nde podemos encontrar visiones del ser humano m\u00e1s all\u00e1 del mercado y el consumo? \u00bfTenemos alternativas de pensamiento respecto del capitalismo actual?<\/p>","main_buy_link":"","main_buy_links":"","group_buy_link":"","show_language":"Espect\u00e1culo en castellano y portugu\u00e9s","show_duration":"80","show_start_date":"20230706000000","show_end_date":"20230709000000","show_sort_date":"20230706000000","txt_custom_show_dates":"del 6 al 9 de julio de 2023 ","show_disciplines":"11","show_ultimes_funcions":false,"hide_tarifes_especials":false,"show_properament":false,"txt_additional_info":"","txt_present":"","show_season":[94],"txt_season":"[\"2022\/23\"]","txt_cycle":"Temporada 22-23","txt_claim":"<p>Un viaje apasionante al coraz\u00f3n del Amazonas para descubrir visiones de la vida y del mundo alejadas de la sociedad del consumo. Una fusi\u00f3n entre investigaci\u00f3n period\u00edstica y esc\u00e9nica.<\/p>\r\n<p>&nbsp;<\/p>","txt_cast_excerpt":"","txt_cast":"<p><br \/>Creaci\u00f3n:<strong> Carles Fern\u00e1ndez Giua, Eugenio Szwarcer, Txana Bane Huni Kuin y Gabriela Olivera<br \/><\/strong>Direcci\u00f3n:<strong> Carles Fern\u00e1ndez Giua <\/strong><\/p>\r\n<p>Interpretaci\u00f3n: <strong>Txana Bane Huni Kuin, Gabriela Olivera, Carles F. Giua y Eugenio Szwarcer<\/strong><\/p>\r\n<p>Espacio y audiovisuales<strong>: Eugenio Szwarcer <br \/><\/strong>maquinaria y desarrollo t\u00e9cnico: <strong>Luis Mart\u00ed <br \/><\/strong>Espacio sonoro: <strong>Damien Bazin <br \/><\/strong>M\u00fasica:<strong> Txana Bane Huni Kuin <br \/><\/strong>Iluminaci\u00f3n:<strong> Natalia Ramos <br \/><\/strong>Movimiento: <strong>Roser L\u00f3pez Espinosa<\/strong><\/p>\r\n<p>Producci\u00f3n ejecutiva: <strong>Irene Vicente <br \/><\/strong>Asistencia a la producci\u00f3n: <strong>Rut Girona<br \/><\/strong>T\u00e9cnico de sonido:<strong> Roger Gim\u00e9nez <br \/><\/strong>Alumna en pr\u00e1cticas MUET: <strong>Sara Navio<br \/><\/strong>Jefe t\u00e9cnico del teatro: <strong>Iker Gabald\u00f3n <\/strong><\/p>\r\n<p>Contrataci\u00f3n internacional y relaciones p\u00fablicas:<strong> Lidia Gim\u00e9nez <br \/><\/strong>Fotograf\u00edas de escena: <strong>Berta Vicente<br \/><\/strong>V\u00eddeo making of:<strong>&nbsp; Omen<br \/><\/strong>M\u00e1rquetin y comunicaci\u00f3n:<strong> La Villarroel <br \/><\/strong>Dise\u00f1o gr\u00e1fico:<strong> Santi&Kco<\/strong><\/p>\r\n<p>Colaboradores:<strong> Ajuntament de Terrassa y Nau lvanow<\/strong><\/p>\r\n<p>Con el apoyo de<strong> ICEC - Institut Catal\u00e0 de les Empreses Culturals <\/strong><\/p>\r\n<p>Traducci\u00f3n y subtitulaci\u00f3n realizada con el apoyo del<strong> Institut Ramon Llull <\/strong><\/p>\r\n<p>Distribuci\u00f3n:<strong> Sergi Calleja (<\/strong><a href=\"mailto:scalleja@focus.cat\"><strong>scalleja@focus.cat<\/strong><\/a><strong>)<\/strong><\/p>\r\n<p>Agradecimientos: <strong>Al pueblo Huni Kuin, Kathy Makuani, Living Bridge, Gonzalo Mora, Josep Maria Fericgla, Jeremy Narby, Mar\u00eda Victoria Reyes y a los activistas del bosque de Hambach.<\/strong><\/p>\r\n<p>Es una coproducci\u00f3n de<strong> La Conquesta del Pol Sud, La Villarroel, Teatro Espa\u00f1ol, Grec 2023 Festival de Barcelona y KVS Brussels<\/strong><\/p>","txt_reviews":"","hashtag":"GuardianesDelCoraz\u00f3nDeLaTierra","have_promo":"","slogan":"","id_exhibicio":2010,"id_versio":1602,"id_local":4,"txt_seo_desc":"Guardianes del coraz\u00f3n de la tierra al Festival Grec de Barcelona","data_images":"[{\"localizer\":\"V3PORTADAWIDE\",\"url\":\"media\/ver\/port\/v3wide\/31641\/01_088_00056109\/Portada-0-guardianes-de-la-tierra-la-villarroel.jpg\",\"thumb_url\":\"media\/ver\/port\/v3wide\/31641\/01_088_00056109\/Portada-0-guardianes-de-la-tierra-la-villarroel_thumb.jpg\",\"title\":\"Guardianes del coraz\u00f3n de la tierra - La Villarroel\",\"description\":\"guardianes del corazon de la tierra a la villarroel de barcelona\",\"copyright\":\"\",\"order\":9},{\"localizer\":\"V3PORTADA\",\"url\":\"media\/ver\/port\/v3\/31641\/01_084_00056110\/Portada-1-guardianes-de-la-tierra-la-villarroel.jpg\",\"thumb_url\":\"media\/ver\/port\/v3\/31641\/01_084_00056110\/Portada-1-guardianes-de-la-tierra-la-villarroel_thumb.jpg\",\"title\":\"Guardianes del coraz\u00f3n de la tierra - La Villarroel\",\"description\":\"guardianes del corazon de la tierra a la villarroel de barcelona\",\"copyright\":\"\",\"order\":10},{\"localizer\":\"V3CARTELL\",\"url\":\"media\/ver\/cartell\/v3\/31641\/01_085_00056111\/Cartell-web-guardianes-de-la-tierra-la-villarroel.jpg\",\"thumb_url\":\"media\/ver\/cartell\/v3\/31641\/01_085_00056111\/Cartell-web-guardianes-de-la-tierra-la-villarroel_thumb.jpg\",\"title\":\"Guardianes del coraz\u00f3n de la tierra - La Villarroel\",\"description\":\"guardianes del coraz\u00f3n de la tierra a la villarroel de barcelona\",\"copyright\":\"\",\"order\":11},{\"localizer\":\"V4PORTADAWIDE\",\"url\":\"media\/ver\/port\/wide\/v4\/31641\/01_091_00056112\/Portada-0-guardianes-de-la-tierra-la-villarroel.jpg\",\"thumb_url\":\"\",\"title\":\"Guardianes del coraz\u00f3n de la tierra - La Villarroel\",\"description\":\"guardianes del coraz\u00f3n de la tierra a la villarroel de barcelona\",\"copyright\":\"\",\"order\":12},{\"localizer\":\"V4PORTADAWIDEMOBILE\",\"url\":\"media\/ver\/port\/wide\/mobile\/v4\/31641\/01_092_00056113\/Portada-mobile-guardianes-de-la-tierra-la-villarroel.jpg\",\"thumb_url\":\"\",\"title\":\"Guardianes del coraz\u00f3n de la tierra - La Villarroel\",\"description\":\"guardianes del coraz\u00f3n de la tierra a la villrroel de barcelona\",\"copyright\":\"\",\"order\":13},{\"localizer\":\"V4PORTADA\",\"url\":\"media\/ver\/port\/v4\/31641\/01_090_00056114\/Portada-1-guardianes-de-la-tierra-la-villarroel.jpg\",\"thumb_url\":\"\",\"title\":\"Guardianes del coraz\u00f3n de la tierra - La Villarroel\",\"description\":\"guardianes del coraz\u00f3n de la tierra a la villrroel de barcelona\",\"copyright\":\"\",\"order\":14},{\"localizer\":\"V4CARTELL\",\"url\":\"media\/ver\/cartell\/v4\/31641\/01_089_00056115\/Cartell-web-guardianes-de-la-tierra-la-villarroel.jpg\",\"thumb_url\":\"\",\"title\":\"Guardianes del coraz\u00f3n de la tierra - La Villarroel\",\"description\":\"guardianes del coraz\u00f3n de la tierra a la villarroel de barcelona\",\"copyright\":\"\",\"order\":15},{\"localizer\":\"V3SLIDE\",\"url\":\"media\/ftgalslide\/v3\/316AB\/01_086_00058518\/_DSC6576.JPG\",\"thumb_url\":\"media\/ftgalslide\/v3\/316AB\/01_086_00058518\/_DSC6576_thumb.jpg\",\"title\":\"Guardianes del coraz\u00f3n de la tierra - Mediterr\u00e0nea\",\"description\":\"Guardianes del coraz\u00f3n de la tierra - Mediterr\u00e0nea\",\"copyright\":\"\",\"order\":18},{\"localizer\":\"V3SLIDE\",\"url\":\"media\/ftgalslide\/v3\/31643\/01_086_00056362\/JPG_LaConquesta-40.jpg\",\"thumb_url\":\"media\/ftgalslide\/v3\/31643\/01_086_00056362\/JPG_LaConquesta-40_thumb.jpg\",\"title\":\"Gurdianes del coraz\u00f3n de la tierra - Foto 2\",\"description\":\"guardianes del corazon de la tierra foto 2\",\"copyright\":\"\",\"order\":19},{\"localizer\":\"V3SLIDE\",\"url\":\"media\/ftgalslide\/v3\/31643\/01_086_00056363\/JPG_LaConquesta-2.jpg\",\"thumb_url\":\"media\/ftgalslide\/v3\/31643\/01_086_00056363\/JPG_LaConquesta-2_thumb.jpg\",\"title\":\"Gurdianes del coraz\u00f3n de la tierra - Foto 3\",\"description\":\"Gurdianes del coraz\u00f3n de la tierra foto 3\",\"copyright\":\"\",\"order\":20},{\"localizer\":\"V3SLIDE\",\"url\":\"media\/ftgalslide\/v3\/31643\/01_086_00056361\/2.jpg\",\"thumb_url\":\"media\/ftgalslide\/v3\/31643\/01_086_00056361\/2_thumb.jpg\",\"title\":\"Gurdianes del coraz\u00f3n de la tierra - Foto 1\",\"description\":\"guardianes del corazon de la tierra foto 1\",\"copyright\":\"\",\"order\":21}]","material__texto_intro":"","data_material":null,"data_gallery":"","data_discounts":"[]","contract_is_open":true,"in_tour":false},"yoast_head":"<!-- This site is optimized with the Yoast SEO plugin v27.5 - https:\/\/yoast.com\/product\/yoast-seo-wordpress\/ -->\n<title>Guardianes del coraz\u00f3n de la tierra - La Villarroel<\/title>\n<meta name=\"robots\" content=\"index, follow, max-snippet:-1, max-image-preview:large, max-video-preview:-1\" \/>\n<link rel=\"canonical\" href=\"https:\/\/www.lavillarroel.cat\/es\/ex\/guardianes-del-corazon-de-la-tierra\/\" \/>\n<script type=\"application\/ld+json\" class=\"yoast-schema-graph\">{\"@context\":\"https:\\\/\\\/schema.org\",\"@graph\":[{\"@type\":\"WebPage\",\"@id\":\"https:\\\/\\\/www.lavillarroel.cat\\\/es\\\/ex\\\/guardianes-del-corazon-de-la-tierra\\\/\",\"url\":\"https:\\\/\\\/www.lavillarroel.cat\\\/es\\\/ex\\\/guardianes-del-corazon-de-la-tierra\\\/\",\"name\":\"Guardianes del coraz\u00f3n de la tierra - La Villarroel\",\"isPartOf\":{\"@id\":\"https:\\\/\\\/www.lavillarroel.cat\\\/es\\\/#website\"},\"datePublished\":\"2023-06-19T10:29:55+00:00\",\"dateModified\":\"2025-01-07T12:06:57+00:00\",\"breadcrumb\":{\"@id\":\"https:\\\/\\\/www.lavillarroel.cat\\\/es\\\/ex\\\/guardianes-del-corazon-de-la-tierra\\\/#breadcrumb\"},\"inLanguage\":\"es\",\"potentialAction\":[{\"@type\":\"ReadAction\",\"target\":[\"https:\\\/\\\/www.lavillarroel.cat\\\/es\\\/ex\\\/guardianes-del-corazon-de-la-tierra\\\/\"]}]},{\"@type\":\"BreadcrumbList\",\"@id\":\"https:\\\/\\\/www.lavillarroel.cat\\\/es\\\/ex\\\/guardianes-del-corazon-de-la-tierra\\\/#breadcrumb\",\"itemListElement\":[{\"@type\":\"ListItem\",\"position\":1,\"name\":\"Inici\",\"item\":\"https:\\\/\\\/www.lavillarroel.cat\\\/es\\\/\"},{\"@type\":\"ListItem\",\"position\":2,\"name\":\"Espectacles\",\"item\":\"https:\\\/\\\/www.lavillarroel.cat\\\/es\\\/ex\\\/\"},{\"@type\":\"ListItem\",\"position\":3,\"name\":\"Guardianes del coraz\u00f3n de la tierra\"}]},{\"@type\":\"WebSite\",\"@id\":\"https:\\\/\\\/www.lavillarroel.cat\\\/es\\\/#website\",\"url\":\"https:\\\/\\\/www.lavillarroel.cat\\\/es\\\/\",\"name\":\"La Villarroel\",\"description\":\"\",\"publisher\":{\"@id\":\"https:\\\/\\\/www.lavillarroel.cat\\\/es\\\/#organization\"},\"potentialAction\":[{\"@type\":\"SearchAction\",\"target\":{\"@type\":\"EntryPoint\",\"urlTemplate\":\"https:\\\/\\\/www.lavillarroel.cat\\\/es\\\/?s={search_term_string}\"},\"query-input\":{\"@type\":\"PropertyValueSpecification\",\"valueRequired\":true,\"valueName\":\"search_term_string\"}}],\"inLanguage\":\"es\"},{\"@type\":\"Organization\",\"@id\":\"https:\\\/\\\/www.lavillarroel.cat\\\/es\\\/#organization\",\"name\":\"La Villarroel\",\"url\":\"https:\\\/\\\/www.lavillarroel.cat\\\/es\\\/\",\"logo\":{\"@type\":\"ImageObject\",\"inLanguage\":\"es\",\"@id\":\"https:\\\/\\\/www.lavillarroel.cat\\\/es\\\/#\\\/schema\\\/logo\\\/image\\\/\",\"url\":\"https:\\\/\\\/www.lavillarroel.cat\\\/wp-content\\\/uploads\\\/sites\\\/5\\\/2017\\\/09\\\/teatre-villaroel-logo.svg\",\"contentUrl\":\"https:\\\/\\\/www.lavillarroel.cat\\\/wp-content\\\/uploads\\\/sites\\\/5\\\/2017\\\/09\\\/teatre-villaroel-logo.svg\",\"width\":1,\"height\":1,\"caption\":\"La Villarroel\"},\"image\":{\"@id\":\"https:\\\/\\\/www.lavillarroel.cat\\\/es\\\/#\\\/schema\\\/logo\\\/image\\\/\"},\"sameAs\":[\"http:\\\/\\\/www.facebook.com\\\/TeatreVillarroel\",\"https:\\\/\\\/x.com\\\/la_villarroel\",\"http:\\\/\\\/instagram.com\\\/la_villarroel\",\"http:\\\/\\\/www.youtube.com\\\/user\\\/LaVillarroel#p\\\/u\"]}]}<\/script>\n<!-- \/ Yoast SEO plugin. -->","yoast_head_json":{"title":"Guardianes del coraz\u00f3n de la tierra - La Villarroel","robots":{"index":"index","follow":"follow","max-snippet":"max-snippet:-1","max-image-preview":"max-image-preview:large","max-video-preview":"max-video-preview:-1"},"canonical":"https:\/\/www.lavillarroel.cat\/es\/ex\/guardianes-del-corazon-de-la-tierra\/","schema":{"@context":"https:\/\/schema.org","@graph":[{"@type":"WebPage","@id":"https:\/\/www.lavillarroel.cat\/es\/ex\/guardianes-del-corazon-de-la-tierra\/","url":"https:\/\/www.lavillarroel.cat\/es\/ex\/guardianes-del-corazon-de-la-tierra\/","name":"Guardianes del coraz\u00f3n de la tierra - La Villarroel","isPartOf":{"@id":"https:\/\/www.lavillarroel.cat\/es\/#website"},"datePublished":"2023-06-19T10:29:55+00:00","dateModified":"2025-01-07T12:06:57+00:00","breadcrumb":{"@id":"https:\/\/www.lavillarroel.cat\/es\/ex\/guardianes-del-corazon-de-la-tierra\/#breadcrumb"},"inLanguage":"es","potentialAction":[{"@type":"ReadAction","target":["https:\/\/www.lavillarroel.cat\/es\/ex\/guardianes-del-corazon-de-la-tierra\/"]}]},{"@type":"BreadcrumbList","@id":"https:\/\/www.lavillarroel.cat\/es\/ex\/guardianes-del-corazon-de-la-tierra\/#breadcrumb","itemListElement":[{"@type":"ListItem","position":1,"name":"Inici","item":"https:\/\/www.lavillarroel.cat\/es\/"},{"@type":"ListItem","position":2,"name":"Espectacles","item":"https:\/\/www.lavillarroel.cat\/es\/ex\/"},{"@type":"ListItem","position":3,"name":"Guardianes del coraz\u00f3n de la tierra"}]},{"@type":"WebSite","@id":"https:\/\/www.lavillarroel.cat\/es\/#website","url":"https:\/\/www.lavillarroel.cat\/es\/","name":"La Villarroel","description":"","publisher":{"@id":"https:\/\/www.lavillarroel.cat\/es\/#organization"},"potentialAction":[{"@type":"SearchAction","target":{"@type":"EntryPoint","urlTemplate":"https:\/\/www.lavillarroel.cat\/es\/?s={search_term_string}"},"query-input":{"@type":"PropertyValueSpecification","valueRequired":true,"valueName":"search_term_string"}}],"inLanguage":"es"},{"@type":"Organization","@id":"https:\/\/www.lavillarroel.cat\/es\/#organization","name":"La Villarroel","url":"https:\/\/www.lavillarroel.cat\/es\/","logo":{"@type":"ImageObject","inLanguage":"es","@id":"https:\/\/www.lavillarroel.cat\/es\/#\/schema\/logo\/image\/","url":"https:\/\/www.lavillarroel.cat\/wp-content\/uploads\/sites\/5\/2017\/09\/teatre-villaroel-logo.svg","contentUrl":"https:\/\/www.lavillarroel.cat\/wp-content\/uploads\/sites\/5\/2017\/09\/teatre-villaroel-logo.svg","width":1,"height":1,"caption":"La Villarroel"},"image":{"@id":"https:\/\/www.lavillarroel.cat\/es\/#\/schema\/logo\/image\/"},"sameAs":["http:\/\/www.facebook.com\/TeatreVillarroel","https:\/\/x.com\/la_villarroel","http:\/\/instagram.com\/la_villarroel","http:\/\/www.youtube.com\/user\/LaVillarroel#p\/u"]}]}},"translations":[{"id":3356,"locale":"ca"},{"id":3357,"locale":"es"}],"_links":{"self":[{"href":"https:\/\/www.lavillarroel.cat\/es\/wp-json\/wp\/v2\/ex\/3357","targetHints":{"allow":["GET"]}}],"collection":[{"href":"https:\/\/www.lavillarroel.cat\/es\/wp-json\/wp\/v2\/ex"}],"about":[{"href":"https:\/\/www.lavillarroel.cat\/es\/wp-json\/wp\/v2\/types\/ex"}],"author":[{"embeddable":true,"href":"https:\/\/www.lavillarroel.cat\/es\/wp-json\/wp\/v2\/users\/2"}],"replies":[{"embeddable":true,"href":"https:\/\/www.lavillarroel.cat\/es\/wp-json\/wp\/v2\/comments?post=3357"}],"acf:term":[{"embeddable":true,"taxonomy":"season","href":"https:\/\/www.lavillarroel.cat\/es\/wp-json\/wp\/v2\/season\/94"}],"wp:attachment":[{"href":"https:\/\/www.lavillarroel.cat\/es\/wp-json\/wp\/v2\/media?parent=3357"}],"curies":[{"name":"wp","href":"https:\/\/api.w.org\/{rel}","templated":true}]}}