{"id":3534,"date":"2023-11-21T12:51:56","date_gmt":"2023-11-21T11:51:56","guid":{"rendered":"https:\/\/www.lavillarroel.cat\/ex\/dirrrty-boys\/"},"modified":"2025-01-20T09:16:20","modified_gmt":"2025-01-20T08:16:20","slug":"dirrrty-boys-2023-2024","status":"publish","type":"ex","link":"https:\/\/www.lavillarroel.cat\/es\/ex\/dirrrty-boys-2023-2024\/","title":{"rendered":"Dirrrty Boys"},"content":{"rendered":"","protected":false},"excerpt":{"rendered":"","protected":false},"author":2,"featured_media":0,"comment_status":"closed","ping_status":"closed","template":"","class_list":["post-3534","ex","type-ex","status-publish","hentry","season-2023-24"],"acf":{"txt_synopsis":"<p><strong>\u00a1El multipremiado true crime teatral vuelve a Barcelona por tercera temporada! <\/strong><\/p>\r\n<p>Un true crime teatral que habla de las segundas oportunidades.<\/p>\r\n<p>A\u00f1o 1993, en Liverpool, dos ni\u00f1os de diez a\u00f1os secuestraron y mataron brutalmente a uno de dos. Convertido en uno de los casos m\u00e1s medi\u00e1ticos de la \u00e9poca, donde los asesinos fueron juzgados como adultos, se ha ido alargando en el tiempo, generando noticias, muchas de ellas con poca credibilidad, pero tambi\u00e9n una novela, una pel\u00edcula, una serie de televisi\u00f3n, una canci\u00f3n pop y much\u00edsimos documentales truculentos. <\/p>\r\n<p>Ahora la compa\u00f1\u00eda Las Bestias reanuda el caso y hace un trabajo de investigaci\u00f3n profundo sobre las consecuencias de los actos, imaginando c\u00f3mo ser\u00e1 la vida de los asesinos hasta el presente, pendientes de las noticias para, si es necesario, a\u00f1adir una nueva escena cuando la actualidad lo requiere. <\/p>\r\n<p><\/p>\r\n<p>XXIX Premios Butaca 2023: <br \/>-Mejor montaje de peque\u00f1o formato <br \/>-Mejor texto: Gerard Guix <br \/>-Mejor actor revelaci\u00f3n: Mart\u00ed Cordero <br \/>-Mejor dise\u00f1o de luces: Paula Costas <br \/>-Nominaci\u00f3n a la mejor direcci\u00f3n: \u00c0gata Casanovas <br \/>-Nominaci\u00f3n al mejor actor revelaci\u00f3n: Sergi Espina <\/p>\r\n<p>VI Premios Teatre Barcelona 2023: <br \/>-Premio especial Teatre Barcelona&nbsp; <br \/>-Nominaci\u00f3n al mejor espect\u00e1culo de proximidad <br \/>-Nominaci\u00f3n al premio revelaci\u00f3n: Mart\u00ed Cordero y Sergi Espina ex aequo <\/p>\r\n<p>Premios de la Cr\u00edtica 2023: <br \/>-Nominaci\u00f3n al premio revelaci\u00f3n: Mart\u00ed Cordero y Sergi Espina ex aequo <br \/><\/p>","main_buy_link":"","main_buy_links":"","group_buy_link":"","show_language":"Espect\u00e1culo en catal\u00e1n ","show_duration":"90","show_start_date":"20240427000000","show_end_date":"20240526000000","show_sort_date":"20240427000000","txt_custom_show_dates":"del 27 de abril al 26 de mayo de 2024 ","show_disciplines":"11","show_ultimes_funcions":true,"hide_tarifes_especials":true,"show_properament":false,"txt_additional_info":"<ul>\r\n<li>Recomendado a partir de 12 a\u00f1os \r\n<\/li><li><strong>Este espect\u00e1culo usa luz estrobosc\u00f3pica<\/strong>\r\n<\/li><li>Lunes 24 de febrero se har\u00e1 un coloquio puesto funci\u00f3n con la compa\u00f1\u00eda. Lo moderar\u00e1 Marc Balcells, crimin\u00f3logo y profesor de la UOC<\/li><\/ul>\r\n<p>&nbsp;<\/p>","txt_present":"","show_season":[96],"txt_season":"[\"2023\/24\"]","txt_cycle":"Off La Villarroel","txt_claim":"Esta es la historia de Jon y Robert, dos ni\u00f1os de diez a\u00f1os que, un d\u00eda de febrero de 1993.","txt_cast_excerpt":"","txt_cast":"<p>Dramaturgia: <strong>Gerard Guix<\/strong><br \/>Direcci\u00f3n: <strong>\u00c0gata Casanovas<\/strong><\/p>\r\n<p>Int\u00e9rpretes: <strong>Llu\u00eds Catal\u00e0 y Sergi Espina<\/strong><\/p>\r\n<p>Escenograf\u00eda: <strong>Anna Tantull<\/strong><br \/>Iluminaci\u00f3n: <strong>Paula Costas<\/strong><br \/>Espacio sonoro: <strong>Gerard Guix<br \/><\/strong>Movimiento: <strong>Davo Mar\u00edn<\/strong><\/p>\r\n<p>Producci\u00f3n: <strong>Las Bestias<\/strong><br \/>Producci\u00f3n delegada: <strong>EM+P \/ Daria Nicolau<\/strong><br \/>Auxiliar de producci\u00f3n: <strong>Xavier Biel<\/strong><\/p>\r\n<p>Jefa t\u00e9cnica del teatro: <strong>Marta P\u00e9rez<\/strong><br \/>M\u00e1rquetin y comunicaci\u00f3n: <strong>La Villarroel<\/strong><\/p>\r\n<p>Prensa de la compa\u00f1\u00eda: <strong>Fernando Solla<\/strong><br \/>Construcci\u00f3n de la escenograf\u00eda: <strong>Juanjo Balsera<\/strong><br \/>Fotograf\u00eda: <strong>Paula Costas y J\u00falia S\u00e0bat<br \/><\/strong>Fotograf\u00eda del cartel: <strong>Alba Gibert<\/strong><br \/>Dise\u00f1o gr\u00e1fico: <strong>\u00c0gata Casanovas<\/strong><\/p>\r\n<p>Distribuci\u00f3n: <strong>Tot Produccions \/ Cristina Ferrer<\/strong><br \/>Jefa t\u00e9cnica: <strong>Paula Costas<\/strong><br \/>T\u00e9cnicos de gira: <strong>Clara Mart\u00edn y David Pacheco<\/strong><br \/>Producci\u00f3n de gira: <strong>\u00c0gata Casanovas<\/strong><br \/>Auxiliar de producci\u00f3n de gira: <strong>Sergi Espina<\/strong><\/p>\r\n<p><strong><\/strong><\/p>\r\n<p>Residencia art\u00edstica en la <strong>Sala Melmac <br \/><\/strong>Sala de ensayo en <strong>Aules \u00b7 Arts Esc\u00e8niques<\/strong> <\/p>\r\n<p>Agradecimientos: <strong>Antic Bors\u00ed, Carlight, Xavi Costas, Bego\u00f1a I\u00f1urria, Daria Nicolau, Raimon Ferrer i Pilar Albaladejo, Montse Rodr\u00edguez Clusella, Stasik Biel y Daniel Angl\u00e8s <\/strong><\/p>\r\n<p>Es una producci\u00f3n de <strong>Las Bestias<\/strong> <\/p>","txt_reviews":"Santi Fondevila|Diari ARA|\"Los actores muestran unas capacidades interpretativas, adem\u00e1s de una excelente direcci\u00f3n digna de elogio que los puede abrir muchos puertas.\"\r\nOriol Osan|N\u00favol|\"Guix firma una dramaturgia quir\u00fargica: precisa y detallada.\"\r\nAndreu Rami|Teatre Barcelona|\"La emoci\u00f3n y la energ\u00eda desbordante (incluso agobiante) de los dos actores va a favor del juego de rechazos y empat\u00edas a la que la direcci\u00f3n de Agata Casanovas saca el m\u00e1ximo rendimiento.\"","hashtag":"DirrrtyBoys","have_promo":"","slogan":"","id_exhibicio":2089,"id_versio":1658,"id_local":4,"txt_seo_desc":"Dirrrty Boys, un espect\u00e1culo de Las Bestias en La Viillarroel de Barcelona","data_images":"[{\"localizer\":\"V4PORTADAWIDE\",\"url\":\"media\/ver\/port\/wide\/v4\/316AB\/01_091_00058526\/Portada-0-dirrrty-boys-off-villarroel.jpg\",\"thumb_url\":\"\",\"title\":\"Dirrrty Boys - La Villarroel\",\"description\":\"dirrrty boys a la villarroel\",\"copyright\":\"\",\"order\":18},{\"localizer\":\"V4PORTADAWIDEMOBILE\",\"url\":\"media\/ver\/port\/wide\/mobile\/v4\/316AB\/01_092_00058527\/Portada-mobile-dirrrty-boys-off-villarroel.jpg\",\"thumb_url\":\"\",\"title\":\"Dirrrty Boys - La Villarroel\",\"description\":\"dirrrty boys a la villarroel\",\"copyright\":\"\",\"order\":19},{\"localizer\":\"V4CARTELL\",\"url\":\"media\/ver\/cartell\/v4\/316AB\/01_089_00058528\/Cartell-web-dirrrty-boys-off-villarroel.jpg\",\"thumb_url\":\"\",\"title\":\"Dirrrty Boys - La Villarroel\",\"description\":\"dirrrty boys a la villarroel\",\"copyright\":\"\",\"order\":20},{\"localizer\":\"V4PORTADA\",\"url\":\"media\/ver\/port\/v4\/316AB\/01_090_00058529\/Portada-1-dirrrty-boys-off-villarroel.jpg\",\"thumb_url\":\"\",\"title\":\"Dirrrty Boys - La Villarroel\",\"description\":\"dirrrty boys a la villarroel\",\"copyright\":\"\",\"order\":21},{\"localizer\":\"V3SLIDE\",\"url\":\"media\/ftgalslide\/v3\/316AB\/01_086_00058530\/Dirrrty-Boys-_-Teatre-Akademia-_-00025.jpg\",\"thumb_url\":\"media\/ftgalslide\/v3\/316AB\/01_086_00058530\/Dirrrty-Boys-_-Teatre-Akademia-_-00025_thumb.jpg\",\"title\":\"Dirrrty Boys - La Villarroel\",\"description\":\"dirrrty boys en el teatre la villarroel de barcelona\",\"copyright\":\"https:\/\/youtu.be\/w1uK-64D49I\",\"order\":22},{\"localizer\":\"V3SLIDE\",\"url\":\"media\/ftgalslide\/v3\/316AB\/01_086_00058531\/Dirrrty_Boys_La_Villarroel_LAC_1205.jpg\",\"thumb_url\":\"media\/ftgalslide\/v3\/316AB\/01_086_00058531\/Dirrrty_Boys_La_Villarroel_LAC_1205_thumb.jpg\",\"title\":\"Dirrrty Boys - La Villarroel\",\"description\":\"dirrrty boys en el teatre la villarroel de barcelona\",\"copyright\":\"\",\"order\":23},{\"localizer\":\"V3SLIDE\",\"url\":\"media\/ftgalslide\/v3\/316AB\/01_086_00058532\/image00002_c_JuliaSabat.jpg\",\"thumb_url\":\"media\/ftgalslide\/v3\/316AB\/01_086_00058532\/image00002_c_JuliaSabat_thumb.jpg\",\"title\":\"Dirrrty Boys - La Villarroel\",\"description\":\"dirrrty boys en el teatre la villarroel de barcelona\",\"copyright\":\"\",\"order\":24},{\"localizer\":\"V3SLIDE\",\"url\":\"media\/ftgalslide\/v3\/316AB\/01_086_00058533\/Dirrrty_Boys_La_Villarroel_LAC_1115.jpg\",\"thumb_url\":\"media\/ftgalslide\/v3\/316AB\/01_086_00058533\/Dirrrty_Boys_La_Villarroel_LAC_1115_thumb.jpg\",\"title\":\"Dirrrty Boys - La Villarroel\",\"description\":\"dirrrty boys en el teatre la villarroel de barcelona\",\"copyright\":\"\",\"order\":25}]","material__texto_intro":"","data_material":null,"data_gallery":"","data_discounts":"[]","contract_is_open":false,"in_tour":false},"yoast_head":"<!-- This site is optimized with the Yoast SEO plugin v27.5 - https:\/\/yoast.com\/product\/yoast-seo-wordpress\/ -->\n<title>Dirrrty Boys - La Villarroel<\/title>\n<meta name=\"robots\" content=\"index, follow, max-snippet:-1, max-image-preview:large, max-video-preview:-1\" \/>\n<link rel=\"canonical\" href=\"https:\/\/www.lavillarroel.cat\/es\/ex\/dirrrty-boys-2023-2024\/\" \/>\n<script type=\"application\/ld+json\" class=\"yoast-schema-graph\">{\"@context\":\"https:\\\/\\\/schema.org\",\"@graph\":[{\"@type\":\"WebPage\",\"@id\":\"https:\\\/\\\/www.lavillarroel.cat\\\/es\\\/ex\\\/dirrrty-boys-2023-2024\\\/\",\"url\":\"https:\\\/\\\/www.lavillarroel.cat\\\/es\\\/ex\\\/dirrrty-boys-2023-2024\\\/\",\"name\":\"Dirrrty Boys - La Villarroel\",\"isPartOf\":{\"@id\":\"https:\\\/\\\/www.lavillarroel.cat\\\/es\\\/#website\"},\"datePublished\":\"2023-11-21T11:51:56+00:00\",\"dateModified\":\"2025-01-20T08:16:20+00:00\",\"breadcrumb\":{\"@id\":\"https:\\\/\\\/www.lavillarroel.cat\\\/es\\\/ex\\\/dirrrty-boys-2023-2024\\\/#breadcrumb\"},\"inLanguage\":\"es\",\"potentialAction\":[{\"@type\":\"ReadAction\",\"target\":[\"https:\\\/\\\/www.lavillarroel.cat\\\/es\\\/ex\\\/dirrrty-boys-2023-2024\\\/\"]}]},{\"@type\":\"BreadcrumbList\",\"@id\":\"https:\\\/\\\/www.lavillarroel.cat\\\/es\\\/ex\\\/dirrrty-boys-2023-2024\\\/#breadcrumb\",\"itemListElement\":[{\"@type\":\"ListItem\",\"position\":1,\"name\":\"Inici\",\"item\":\"https:\\\/\\\/www.lavillarroel.cat\\\/es\\\/\"},{\"@type\":\"ListItem\",\"position\":2,\"name\":\"Espectacles\",\"item\":\"https:\\\/\\\/www.lavillarroel.cat\\\/es\\\/ex\\\/\"},{\"@type\":\"ListItem\",\"position\":3,\"name\":\"Dirrrty Boys\"}]},{\"@type\":\"WebSite\",\"@id\":\"https:\\\/\\\/www.lavillarroel.cat\\\/es\\\/#website\",\"url\":\"https:\\\/\\\/www.lavillarroel.cat\\\/es\\\/\",\"name\":\"La Villarroel\",\"description\":\"\",\"publisher\":{\"@id\":\"https:\\\/\\\/www.lavillarroel.cat\\\/es\\\/#organization\"},\"potentialAction\":[{\"@type\":\"SearchAction\",\"target\":{\"@type\":\"EntryPoint\",\"urlTemplate\":\"https:\\\/\\\/www.lavillarroel.cat\\\/es\\\/?s={search_term_string}\"},\"query-input\":{\"@type\":\"PropertyValueSpecification\",\"valueRequired\":true,\"valueName\":\"search_term_string\"}}],\"inLanguage\":\"es\"},{\"@type\":\"Organization\",\"@id\":\"https:\\\/\\\/www.lavillarroel.cat\\\/es\\\/#organization\",\"name\":\"La Villarroel\",\"url\":\"https:\\\/\\\/www.lavillarroel.cat\\\/es\\\/\",\"logo\":{\"@type\":\"ImageObject\",\"inLanguage\":\"es\",\"@id\":\"https:\\\/\\\/www.lavillarroel.cat\\\/es\\\/#\\\/schema\\\/logo\\\/image\\\/\",\"url\":\"https:\\\/\\\/www.lavillarroel.cat\\\/wp-content\\\/uploads\\\/sites\\\/5\\\/2017\\\/09\\\/teatre-villaroel-logo.svg\",\"contentUrl\":\"https:\\\/\\\/www.lavillarroel.cat\\\/wp-content\\\/uploads\\\/sites\\\/5\\\/2017\\\/09\\\/teatre-villaroel-logo.svg\",\"width\":1,\"height\":1,\"caption\":\"La Villarroel\"},\"image\":{\"@id\":\"https:\\\/\\\/www.lavillarroel.cat\\\/es\\\/#\\\/schema\\\/logo\\\/image\\\/\"},\"sameAs\":[\"http:\\\/\\\/www.facebook.com\\\/TeatreVillarroel\",\"https:\\\/\\\/x.com\\\/la_villarroel\",\"http:\\\/\\\/instagram.com\\\/la_villarroel\",\"http:\\\/\\\/www.youtube.com\\\/user\\\/LaVillarroel#p\\\/u\"]}]}<\/script>\n<!-- \/ Yoast SEO plugin. -->","yoast_head_json":{"title":"Dirrrty Boys - La Villarroel","robots":{"index":"index","follow":"follow","max-snippet":"max-snippet:-1","max-image-preview":"max-image-preview:large","max-video-preview":"max-video-preview:-1"},"canonical":"https:\/\/www.lavillarroel.cat\/es\/ex\/dirrrty-boys-2023-2024\/","schema":{"@context":"https:\/\/schema.org","@graph":[{"@type":"WebPage","@id":"https:\/\/www.lavillarroel.cat\/es\/ex\/dirrrty-boys-2023-2024\/","url":"https:\/\/www.lavillarroel.cat\/es\/ex\/dirrrty-boys-2023-2024\/","name":"Dirrrty Boys - La Villarroel","isPartOf":{"@id":"https:\/\/www.lavillarroel.cat\/es\/#website"},"datePublished":"2023-11-21T11:51:56+00:00","dateModified":"2025-01-20T08:16:20+00:00","breadcrumb":{"@id":"https:\/\/www.lavillarroel.cat\/es\/ex\/dirrrty-boys-2023-2024\/#breadcrumb"},"inLanguage":"es","potentialAction":[{"@type":"ReadAction","target":["https:\/\/www.lavillarroel.cat\/es\/ex\/dirrrty-boys-2023-2024\/"]}]},{"@type":"BreadcrumbList","@id":"https:\/\/www.lavillarroel.cat\/es\/ex\/dirrrty-boys-2023-2024\/#breadcrumb","itemListElement":[{"@type":"ListItem","position":1,"name":"Inici","item":"https:\/\/www.lavillarroel.cat\/es\/"},{"@type":"ListItem","position":2,"name":"Espectacles","item":"https:\/\/www.lavillarroel.cat\/es\/ex\/"},{"@type":"ListItem","position":3,"name":"Dirrrty Boys"}]},{"@type":"WebSite","@id":"https:\/\/www.lavillarroel.cat\/es\/#website","url":"https:\/\/www.lavillarroel.cat\/es\/","name":"La Villarroel","description":"","publisher":{"@id":"https:\/\/www.lavillarroel.cat\/es\/#organization"},"potentialAction":[{"@type":"SearchAction","target":{"@type":"EntryPoint","urlTemplate":"https:\/\/www.lavillarroel.cat\/es\/?s={search_term_string}"},"query-input":{"@type":"PropertyValueSpecification","valueRequired":true,"valueName":"search_term_string"}}],"inLanguage":"es"},{"@type":"Organization","@id":"https:\/\/www.lavillarroel.cat\/es\/#organization","name":"La Villarroel","url":"https:\/\/www.lavillarroel.cat\/es\/","logo":{"@type":"ImageObject","inLanguage":"es","@id":"https:\/\/www.lavillarroel.cat\/es\/#\/schema\/logo\/image\/","url":"https:\/\/www.lavillarroel.cat\/wp-content\/uploads\/sites\/5\/2017\/09\/teatre-villaroel-logo.svg","contentUrl":"https:\/\/www.lavillarroel.cat\/wp-content\/uploads\/sites\/5\/2017\/09\/teatre-villaroel-logo.svg","width":1,"height":1,"caption":"La Villarroel"},"image":{"@id":"https:\/\/www.lavillarroel.cat\/es\/#\/schema\/logo\/image\/"},"sameAs":["http:\/\/www.facebook.com\/TeatreVillarroel","https:\/\/x.com\/la_villarroel","http:\/\/instagram.com\/la_villarroel","http:\/\/www.youtube.com\/user\/LaVillarroel#p\/u"]}]}},"translations":[{"id":3533,"locale":"ca"},{"id":3534,"locale":"es"}],"_links":{"self":[{"href":"https:\/\/www.lavillarroel.cat\/es\/wp-json\/wp\/v2\/ex\/3534","targetHints":{"allow":["GET"]}}],"collection":[{"href":"https:\/\/www.lavillarroel.cat\/es\/wp-json\/wp\/v2\/ex"}],"about":[{"href":"https:\/\/www.lavillarroel.cat\/es\/wp-json\/wp\/v2\/types\/ex"}],"author":[{"embeddable":true,"href":"https:\/\/www.lavillarroel.cat\/es\/wp-json\/wp\/v2\/users\/2"}],"replies":[{"embeddable":true,"href":"https:\/\/www.lavillarroel.cat\/es\/wp-json\/wp\/v2\/comments?post=3534"}],"acf:term":[{"embeddable":true,"taxonomy":"season","href":"https:\/\/www.lavillarroel.cat\/es\/wp-json\/wp\/v2\/season\/96"}],"wp:attachment":[{"href":"https:\/\/www.lavillarroel.cat\/es\/wp-json\/wp\/v2\/media?parent=3534"}],"curies":[{"name":"wp","href":"https:\/\/api.w.org\/{rel}","templated":true}]}}