{"id":3798,"date":"2024-07-31T09:35:21","date_gmt":"2024-07-31T07:35:21","guid":{"rendered":"https:\/\/www.lavillarroel.cat\/ex\/les-mans-2\/"},"modified":"2024-09-12T09:38:47","modified_gmt":"2024-09-12T07:38:47","slug":"les-mans-2","status":"publish","type":"ex","link":"https:\/\/www.lavillarroel.cat\/es\/ex\/les-mans-2\/","title":{"rendered":"Les mans"},"content":{"rendered":"","protected":false},"excerpt":{"rendered":"","protected":false},"author":2,"featured_media":0,"comment_status":"closed","ping_status":"closed","template":"","class_list":["post-3798","ex","type-ex","status-publish","hentry","season-2024-25-es"],"acf":{"txt_synopsis":"<p><strong>Esta es una historia de amor imperfecta que expone una dif\u00edcil pregunta: \u00bfpondr\u00edas en juego tu vida sentimental para salvar tu proyecto so\u00f1ado?<\/strong> <\/p>\r\n<p>Paula e Isaac viven apartados en una casa en medio del bosque y de las monta\u00f1as. Ella est\u00e1 a punto de rodar su primera pel\u00edcula, que ser\u00e1 protagonizada por \u00e9l, despu\u00e9s de haberse retirado temporalmente del oficio por problemas de salud mental. <\/p>\r\n<p>La producci\u00f3n ya empieza a dar sus primeros pasos y la pareja lo vive con una mezcla de entusiasmo y v\u00e9rtigo.&nbsp; <\/p>\r\n<p>Pero en los primeros d\u00edas de ensayos previos a la filmaci\u00f3n, se hace evidente lo que Paula, secretamente, intu\u00eda: Isaac no puede participar en la pel\u00edcula; es un peligro para \u00e9l y para el propio rodaje. Su papel, basado en su persona y su experiencia, lo tendr\u00e1 que hacer otro actor. <\/p>","main_buy_link":"https:\/\/proticketing.com\/lavillarroel\/es_ES\/entradas\/evento\/35432","main_buy_links":"[\"https:\/\/proticketing.com\/lavillarroel\/es_ES\/entradas\/evento\/35432\"]","group_buy_link":"","show_language":"Espect\u00e1culo en catal\u00e1n ","show_duration":"90","show_start_date":"20240903000000","show_end_date":"20240922000000","show_sort_date":"20240903000000","txt_custom_show_dates":"hasta el 22 de septiembre de 2024 ","show_disciplines":"11","show_ultimes_funcions":true,"hide_tarifes_especials":false,"show_properament":false,"txt_additional_info":"<ul>\r\n<li><i class=\"fa fa-info fa-2x fa-fw\"><\/i>Recomendado a partir de 16 anys \r\n<ul style=\"LIST-STYLE-TYPE: disc; BOX-SIZING: border-box; FONT-SIZE: 16px; FONT-FAMILY: Raleway; WHITE-SPACE: normal; WORD-SPACING: 0px; LIST-STYLE-POSITION: outside; TEXT-TRANSFORM: none; FONT-WEIGHT: 400; COLOR: rgb(0,0,0); PADDING-BOTTOM: 0px; FONT-STYLE: normal; PADDING-TOP: 0px; PADDING-LEFT: 0px; ORPHANS: 2; WIDOWS: 2; MARGIN: 0px 0px 1px; LETTER-SPACING: normal; LINE-HEIGHT: 1.6; PADDING-RIGHT: 0px; BACKGROUND-COLOR: rgb(255,255,255); TEXT-INDENT: 0px; font-variant-ligatures: normal; font-variant-caps: normal; -webkit-text-stroke-width: 0px; text-decoration-thickness: initial; text-decoration-style: initial; text-decoration-color: initial\">\r\n<li style=\"PADDING-BOTTOM: 0px; PADDING-TOP: 0px; PADDING-LEFT: 0px; MARGIN: 0px; PADDING-RIGHT: 0px\">*Funci\u00f3n accesible: 20 de&nbsp;septiembre a las 20:00h. La funci\u00f3n contar\u00e1 con:<br \/>\u00b7 Audiodescripci\u00f3n<br \/>\u00b7 Subtitulado<br \/>\u00b7 Sonido amplificado<\/li><\/ul><\/li><\/ul>\r\n<p>*<span style=\"FONT-SIZE: 16px; FONT-FAMILY: Raleway; WHITE-SPACE: normal; WORD-SPACING: 0px; TEXT-TRANSFORM: none; FLOAT: none; FONT-WEIGHT: 400; COLOR: rgb(0,0,0); FONT-STYLE: normal; ORPHANS: 2; WIDOWS: 2; DISPLAY: inline !important; LETTER-SPACING: normal; BACKGROUND-COLOR: rgb(255,255,255); TEXT-INDENT: 0px; font-variant-ligatures: normal; font-variant-caps: normal; -webkit-text-stroke-width: 0px; text-decoration-thickness: initial; text-decoration-style: initial; text-decoration-color: initial\">Visi\u00f3n \u00f3ptima del subtitulado, a partir de la 6 fila de platea hacia atr\u00e1s, zona central y derecha.<\/span><br \/><\/p>","txt_present":"","show_season":[100],"txt_season":"[\"2024\/25\"]","txt_cycle":"","txt_claim":"Esta es una historia de amor imperfecta que expone una dif\u00edcil pregunta: \u00bfpondr\u00edas en juego tu vida sentimental para salvar tu proyecto so\u00f1ado? ","txt_cast_excerpt":"","txt_cast":"<p>Autor\u00eda: <strong>Ll\u00e0tzer Garcia <br \/><\/strong>Direcci\u00f3n:&nbsp; <strong>S\u00edlvia Munt<\/strong> <\/p>\r\n<p>Int\u00e9rpretes&nbsp; <br \/><strong>Raquel Ferri<\/strong> - Paula <br \/><strong>Ernest Villegas<\/strong> - Isaac <\/p>\r\n<p>Vestuario: <strong>Carlota Ricart <br \/><\/strong>Iluminaci\u00f3n:&nbsp; <strong>Ignasi Camprodon&nbsp;<br \/><\/strong>M\u00fasica original y audioescena:&nbsp; <strong>Orestes Gas <\/strong><\/p>\r\n<p>Direcci\u00f3n de producci\u00f3n:&nbsp; <strong>Bit\u00f2<\/strong> <br \/>Producci\u00f3n ejecutiva: <strong>Andrea Cuevas <br \/><\/strong>Coordinaci\u00f3n t\u00e9cnica: <strong>AP7 Projectes T\u00e8cnics S.L. <\/strong><\/p>\r\n<p>Ayudant\u00eda de direcci\u00f3n: <strong>Tilda Espluga&nbsp; <br \/><\/strong>Regidur\u00eda: <strong>Bibiana Guzm\u00e1n <br \/><\/strong>T\u00e9cnico de luces: <strong>Enric Alarc\u00f3n <br \/><\/strong>T\u00e9cnico de sonido: <strong>Roger \u00c1balos<\/strong> <br \/>Maquinaria: <strong>Koko (Llu\u00eds Nadal) <br \/><\/strong>Jefa t\u00e9cnica del teatro: <strong>Marta P\u00e9rez<\/strong> <\/p>\r\n<p>Construcci\u00f3n de la escenograf\u00eda: <strong>Taller d'Escenografia Castells <br \/><\/strong>Confecci\u00f3n del vestuario: <strong>Taller Goretti Puente<\/strong> <\/p>\r\n<p>M\u00e1rquetin y comunicaci\u00f3n: <strong>La Villarroel <\/strong><\/p>\r\n<p>Agradecimientos: <strong>Ariadna Dot y V\u00edctor Peralta<\/strong> <\/p>\r\n<p>Distribuci\u00f3n: <strong>Elena Blanco <\/strong><\/p>\r\n<p>Es una coproducci\u00f3n de <strong>Bit\u00f2 y Grec 2024 Festival de Barcelona <br \/><\/strong><\/p>","txt_reviews":"Santi Fondevila|Diari ARA|\u201cUn magn\u00edfico drama realista que sobresale en los di\u00e1logos con dos fant\u00e1sticos int\u00e9rpretes bajo la atenta y cuidada direcci\u00f3n de S\u00edlvia Munt\u201d\r\nJuan Carlos Olivares|La Vanguardia|\"Un estudio torrencial sobre las complejas interioridades de las relaciones de pareja, con una interpretaci\u00f3n espectacularmente intensa\"\r\nDiana Limones|En Platea|\u201cUna bomba emocional. Ernest Villegas y Raquel Ferri son dos colosos en el escenario\u201d","hashtag":"LesMans","have_promo":"","slogan":"","id_exhibicio":2171,"id_versio":1694,"id_local":4,"txt_seo_desc":"Les mans espectacle del festival grec","data_images":"[{\"localizer\":\"V3SLIDE\",\"url\":\"media\/ftgalslide\/v3\/316A7\/01_086_00058071\/341A0425.jpg\",\"thumb_url\":\"media\/ftgalslide\/v3\/316A7\/01_086_00058071\/341A0425_thumb.jpg\",\"title\":\"Les Mans a La Villarroel de Barcelona\",\"description\":\"les mans a la villarroel de barcelona\",\"copyright\":\"https:\/\/youtu.be\/IdTnMqpEB6U\",\"order\":7},{\"localizer\":\"V3SLIDE\",\"url\":\"media\/ftgalslide\/v3\/316A7\/01_086_00058072\/341A0102.jpg\",\"thumb_url\":\"media\/ftgalslide\/v3\/316A7\/01_086_00058072\/341A0102_thumb.jpg\",\"title\":\"Les Mans a La Villarroel de Barcelona\",\"description\":\"les mans a la villarroel de barcelona\",\"copyright\":\"\",\"order\":8},{\"localizer\":\"V3SLIDE\",\"url\":\"media\/ftgalslide\/v3\/316A7\/01_086_00058073\/341A0192.jpg\",\"thumb_url\":\"media\/ftgalslide\/v3\/316A7\/01_086_00058073\/341A0192_thumb.jpg\",\"title\":\"Les Mans a La Villarroel de Barcelona\",\"description\":\"les mans a la villarroel de barcelona\",\"copyright\":\"\",\"order\":9},{\"localizer\":\"V4PORTADA\",\"url\":\"media\/ver\/port\/v4\/316A7\/01_090_00058165\/Portada-1-les-mans-villarroel.jpg\",\"thumb_url\":\"\",\"title\":\"Les Mans - La Villarroel \",\"description\":\"les mans a la villarroel de barcelona\",\"copyright\":\"\",\"order\":10},{\"localizer\":\"V4CARTELL\",\"url\":\"media\/ver\/cartell\/v4\/316A8\/01_089_00058171\/Cartell-web-les-mans-villarroel.jpg\",\"thumb_url\":\"\",\"title\":\"Les mans - La villarroel\",\"description\":\"les mans a la villarroe\",\"copyright\":\"\",\"order\":11},{\"localizer\":\"V4PORTADAWIDE\",\"url\":\"media\/ver\/port\/wide\/v4\/316A9\/01_091_00058373\/Portada-0-Les-Mans_V3_UF.jpg\",\"thumb_url\":\"\",\"title\":\"Les mans - \u00faltimes funcions\",\"description\":\"les mans ultimes funcions\",\"copyright\":\"\",\"order\":18}]","material__texto_intro":"","data_material":null,"data_gallery":"","data_discounts":"[]","contract_is_open":false,"in_tour":false},"yoast_head":"<!-- This site is optimized with the Yoast SEO plugin v27.5 - https:\/\/yoast.com\/product\/yoast-seo-wordpress\/ -->\n<title>Les mans - La Villarroel<\/title>\n<meta name=\"robots\" content=\"index, follow, max-snippet:-1, max-image-preview:large, max-video-preview:-1\" \/>\n<link rel=\"canonical\" href=\"https:\/\/www.lavillarroel.cat\/es\/ex\/les-mans-2\/\" \/>\n<script type=\"application\/ld+json\" class=\"yoast-schema-graph\">{\"@context\":\"https:\\\/\\\/schema.org\",\"@graph\":[{\"@type\":\"WebPage\",\"@id\":\"https:\\\/\\\/www.lavillarroel.cat\\\/es\\\/ex\\\/les-mans-2\\\/\",\"url\":\"https:\\\/\\\/www.lavillarroel.cat\\\/es\\\/ex\\\/les-mans-2\\\/\",\"name\":\"Les mans - La Villarroel\",\"isPartOf\":{\"@id\":\"https:\\\/\\\/www.lavillarroel.cat\\\/es\\\/#website\"},\"datePublished\":\"2024-07-31T07:35:21+00:00\",\"dateModified\":\"2024-09-12T07:38:47+00:00\",\"breadcrumb\":{\"@id\":\"https:\\\/\\\/www.lavillarroel.cat\\\/es\\\/ex\\\/les-mans-2\\\/#breadcrumb\"},\"inLanguage\":\"es\",\"potentialAction\":[{\"@type\":\"ReadAction\",\"target\":[\"https:\\\/\\\/www.lavillarroel.cat\\\/es\\\/ex\\\/les-mans-2\\\/\"]}]},{\"@type\":\"BreadcrumbList\",\"@id\":\"https:\\\/\\\/www.lavillarroel.cat\\\/es\\\/ex\\\/les-mans-2\\\/#breadcrumb\",\"itemListElement\":[{\"@type\":\"ListItem\",\"position\":1,\"name\":\"Inici\",\"item\":\"https:\\\/\\\/www.lavillarroel.cat\\\/es\\\/\"},{\"@type\":\"ListItem\",\"position\":2,\"name\":\"Espectacles\",\"item\":\"https:\\\/\\\/www.lavillarroel.cat\\\/es\\\/ex\\\/\"},{\"@type\":\"ListItem\",\"position\":3,\"name\":\"Les mans\"}]},{\"@type\":\"WebSite\",\"@id\":\"https:\\\/\\\/www.lavillarroel.cat\\\/es\\\/#website\",\"url\":\"https:\\\/\\\/www.lavillarroel.cat\\\/es\\\/\",\"name\":\"La Villarroel\",\"description\":\"\",\"publisher\":{\"@id\":\"https:\\\/\\\/www.lavillarroel.cat\\\/es\\\/#organization\"},\"potentialAction\":[{\"@type\":\"SearchAction\",\"target\":{\"@type\":\"EntryPoint\",\"urlTemplate\":\"https:\\\/\\\/www.lavillarroel.cat\\\/es\\\/?s={search_term_string}\"},\"query-input\":{\"@type\":\"PropertyValueSpecification\",\"valueRequired\":true,\"valueName\":\"search_term_string\"}}],\"inLanguage\":\"es\"},{\"@type\":\"Organization\",\"@id\":\"https:\\\/\\\/www.lavillarroel.cat\\\/es\\\/#organization\",\"name\":\"La Villarroel\",\"url\":\"https:\\\/\\\/www.lavillarroel.cat\\\/es\\\/\",\"logo\":{\"@type\":\"ImageObject\",\"inLanguage\":\"es\",\"@id\":\"https:\\\/\\\/www.lavillarroel.cat\\\/es\\\/#\\\/schema\\\/logo\\\/image\\\/\",\"url\":\"https:\\\/\\\/www.lavillarroel.cat\\\/wp-content\\\/uploads\\\/sites\\\/5\\\/2017\\\/09\\\/teatre-villaroel-logo.svg\",\"contentUrl\":\"https:\\\/\\\/www.lavillarroel.cat\\\/wp-content\\\/uploads\\\/sites\\\/5\\\/2017\\\/09\\\/teatre-villaroel-logo.svg\",\"width\":1,\"height\":1,\"caption\":\"La Villarroel\"},\"image\":{\"@id\":\"https:\\\/\\\/www.lavillarroel.cat\\\/es\\\/#\\\/schema\\\/logo\\\/image\\\/\"},\"sameAs\":[\"http:\\\/\\\/www.facebook.com\\\/TeatreVillarroel\",\"https:\\\/\\\/x.com\\\/la_villarroel\",\"http:\\\/\\\/instagram.com\\\/la_villarroel\",\"http:\\\/\\\/www.youtube.com\\\/user\\\/LaVillarroel#p\\\/u\"]}]}<\/script>\n<!-- \/ Yoast SEO plugin. -->","yoast_head_json":{"title":"Les mans - La Villarroel","robots":{"index":"index","follow":"follow","max-snippet":"max-snippet:-1","max-image-preview":"max-image-preview:large","max-video-preview":"max-video-preview:-1"},"canonical":"https:\/\/www.lavillarroel.cat\/es\/ex\/les-mans-2\/","schema":{"@context":"https:\/\/schema.org","@graph":[{"@type":"WebPage","@id":"https:\/\/www.lavillarroel.cat\/es\/ex\/les-mans-2\/","url":"https:\/\/www.lavillarroel.cat\/es\/ex\/les-mans-2\/","name":"Les mans - La Villarroel","isPartOf":{"@id":"https:\/\/www.lavillarroel.cat\/es\/#website"},"datePublished":"2024-07-31T07:35:21+00:00","dateModified":"2024-09-12T07:38:47+00:00","breadcrumb":{"@id":"https:\/\/www.lavillarroel.cat\/es\/ex\/les-mans-2\/#breadcrumb"},"inLanguage":"es","potentialAction":[{"@type":"ReadAction","target":["https:\/\/www.lavillarroel.cat\/es\/ex\/les-mans-2\/"]}]},{"@type":"BreadcrumbList","@id":"https:\/\/www.lavillarroel.cat\/es\/ex\/les-mans-2\/#breadcrumb","itemListElement":[{"@type":"ListItem","position":1,"name":"Inici","item":"https:\/\/www.lavillarroel.cat\/es\/"},{"@type":"ListItem","position":2,"name":"Espectacles","item":"https:\/\/www.lavillarroel.cat\/es\/ex\/"},{"@type":"ListItem","position":3,"name":"Les mans"}]},{"@type":"WebSite","@id":"https:\/\/www.lavillarroel.cat\/es\/#website","url":"https:\/\/www.lavillarroel.cat\/es\/","name":"La Villarroel","description":"","publisher":{"@id":"https:\/\/www.lavillarroel.cat\/es\/#organization"},"potentialAction":[{"@type":"SearchAction","target":{"@type":"EntryPoint","urlTemplate":"https:\/\/www.lavillarroel.cat\/es\/?s={search_term_string}"},"query-input":{"@type":"PropertyValueSpecification","valueRequired":true,"valueName":"search_term_string"}}],"inLanguage":"es"},{"@type":"Organization","@id":"https:\/\/www.lavillarroel.cat\/es\/#organization","name":"La Villarroel","url":"https:\/\/www.lavillarroel.cat\/es\/","logo":{"@type":"ImageObject","inLanguage":"es","@id":"https:\/\/www.lavillarroel.cat\/es\/#\/schema\/logo\/image\/","url":"https:\/\/www.lavillarroel.cat\/wp-content\/uploads\/sites\/5\/2017\/09\/teatre-villaroel-logo.svg","contentUrl":"https:\/\/www.lavillarroel.cat\/wp-content\/uploads\/sites\/5\/2017\/09\/teatre-villaroel-logo.svg","width":1,"height":1,"caption":"La Villarroel"},"image":{"@id":"https:\/\/www.lavillarroel.cat\/es\/#\/schema\/logo\/image\/"},"sameAs":["http:\/\/www.facebook.com\/TeatreVillarroel","https:\/\/x.com\/la_villarroel","http:\/\/instagram.com\/la_villarroel","http:\/\/www.youtube.com\/user\/LaVillarroel#p\/u"]}]}},"translations":[{"id":3797,"locale":"ca"},{"id":3798,"locale":"es"}],"_links":{"self":[{"href":"https:\/\/www.lavillarroel.cat\/es\/wp-json\/wp\/v2\/ex\/3798","targetHints":{"allow":["GET"]}}],"collection":[{"href":"https:\/\/www.lavillarroel.cat\/es\/wp-json\/wp\/v2\/ex"}],"about":[{"href":"https:\/\/www.lavillarroel.cat\/es\/wp-json\/wp\/v2\/types\/ex"}],"author":[{"embeddable":true,"href":"https:\/\/www.lavillarroel.cat\/es\/wp-json\/wp\/v2\/users\/2"}],"replies":[{"embeddable":true,"href":"https:\/\/www.lavillarroel.cat\/es\/wp-json\/wp\/v2\/comments?post=3798"}],"acf:term":[{"embeddable":true,"taxonomy":"season","href":"https:\/\/www.lavillarroel.cat\/es\/wp-json\/wp\/v2\/season\/100"}],"wp:attachment":[{"href":"https:\/\/www.lavillarroel.cat\/es\/wp-json\/wp\/v2\/media?parent=3798"}],"curies":[{"name":"wp","href":"https:\/\/api.w.org\/{rel}","templated":true}]}}