{"id":3872,"date":"2024-10-10T10:03:13","date_gmt":"2024-10-10T08:03:13","guid":{"rendered":"https:\/\/www.lavillarroel.cat\/ex\/la-punta-de-liceberg-rbls\/"},"modified":"2024-10-25T13:49:14","modified_gmt":"2024-10-25T11:49:14","slug":"la-punta-de-liceberg-rbls","status":"publish","type":"ex","link":"https:\/\/www.lavillarroel.cat\/es\/ex\/la-punta-de-liceberg-rbls\/","title":{"rendered":"La punta de l&#8217;iceberg &#8211; RBLS"},"content":{"rendered":"","protected":false},"excerpt":{"rendered":"","protected":false},"author":2,"featured_media":0,"comment_status":"closed","ping_status":"closed","template":"","class_list":["post-3872","ex","type-ex","status-publish","hentry","season-2024-25-es"],"acf":{"txt_synopsis":"<p><strong>El placer como revoluci\u00f3n<\/strong><br \/>&nbsp;<br \/><em>La punta de l\u2019iceberg<\/em> es un espect\u00e1culo inmersivo y sensorial a trav\u00e9s del despertar del deseo y la importancia del placer, en el que el p\u00fablico vivir\u00e1 de primera mano historias y situaciones basadas en experiencias reales que le permitir\u00e1n preguntarse sobre su propia vida er\u00f3tica. A partir de testimonios an\u00f3nimos de cientos de mujeres y de personas que se han socializado como tal hemos construido un espect\u00e1culo para celebrar la sexualidad, romper tab\u00faes y estereotipos, hacer una fiesta y hacer visibles, y mucho, las ganas de seguir disfrutando y compartiendo. Queremos hablar desde el placer, desde uno de los aspectos que m\u00e1s fuertes y poderosas nos hace. Queremos hablar de nuestra piel, nuestra lengua, nuestros m\u00fasculos y nuestra carne. El placer, el deseo, como motor por todo, como motor de cambio, de vida. El placer como revoluci\u00f3n. <\/p>\r\n<p>&nbsp;<\/p>","main_buy_link":"https:\/\/proticketing.com\/lavillarroel\/es_ES\/entradas\/evento\/40215","main_buy_links":"[\"https:\/\/proticketing.com\/lavillarroel\/es_ES\/entradas\/evento\/40215\"]","group_buy_link":"","show_language":"Espect\u00e1culo en catal\u00e1n y castellano  ","show_duration":"75","show_start_date":"20241112000000","show_end_date":"20241112000000","show_sort_date":"20241112000000","txt_custom_show_dates":"el 12 de noviembre de 2024 ","show_disciplines":"11","show_ultimes_funcions":false,"hide_tarifes_especials":false,"show_properament":false,"txt_additional_info":"<ul>\r\n<li>Recomendado a partir de 14 a\u00f1os <\/li><\/ul>","txt_present":"","show_season":[100],"txt_season":"[\"2024\/25\"]","txt_cycle":"RBLS Festival Teatre Jove","txt_claim":"La punta de l\u2019iceberg es un espect\u00e1culo inmersivo y sensorial a trav\u00e9s del despertar del deseo y la importancia del placer, en el que el p\u00fablico vivir\u00e1 de primera mano historias y situaciones basadas en experiencias reales que le permitir\u00e1n preguntarse sobre su propia vida er\u00f3tica.","txt_cast_excerpt":"","txt_cast":"<p>Autor\u00eda: <strong>Isis Mart\u00edn<\/strong> <br \/>Direcci\u00f3n: <strong>Isis Mart\u00edn y Aleix Faur\u00f3 <\/strong><\/p>\r\n<p>Int\u00e9rpretes: <strong>Patr\u00edcia Bargall\u00f3 y Paula Jornet&nbsp; <\/strong><\/p>\r\n<p>Escenograf\u00eda: <strong>Paula Font y Paula Gonz\u00e1lez&nbsp; <br \/><\/strong>Vestuario: <strong>Paula Font, Paula Gonz\u00e1lez e Isma Rey&nbsp; <br \/><\/strong>Iluminaci\u00f3n:<strong> Jou Serra <br \/><\/strong>Espacio sonoro: <strong>Paula Jornet&nbsp; <br \/><\/strong>V\u00eddeo creaci\u00f3n: <strong>Mariana Echeverri&nbsp; <\/strong><\/p>\r\n<p>Direcci\u00f3n de producci\u00f3n: <strong>J\u00falia Ribera&nbsp; <br \/><\/strong>Producci\u00f3n ejecutiva: <strong>J\u00falia Ribera<\/strong>&nbsp; <br \/>Gesti\u00f3n econ\u00f3mica: <strong>Maria Sang\u00fcesa (IACTA) <\/strong><\/p>\r\n<p>Ayudant\u00eda de direcci\u00f3n: <strong>Aura Foguet <br \/><\/strong>Jefe t\u00e9cnico del teatro: <strong>Marta P\u00e9rez<\/strong> <\/p>\r\n<p>Construcci\u00f3n de la escenograf\u00eda: <strong>Laura Garcia<\/strong>&nbsp; <br \/>Confecci\u00f3n del vestuario: <strong>Isma Rey&nbsp; <\/strong><\/p>\r\n<p>M\u00e1rquetin y comunicaci\u00f3n: <strong>La Villarroel <\/strong><\/p>\r\n<p>Agradecimientos: <strong>Lola Clavo, Madeleine Stack, Fer Boyd, J\u00falia Barrag\u00e1n, Guillem Laborda y a todas las personas que han respondido el cuestionario: gracias por compartir momentos de vuestras vidas er\u00f3ticas y por vuestros testimonios, hab\u00e9is nutrido y sois el latido de este espect\u00e1culo y os estamos profundamente agradecidas.<\/strong> <\/p>\r\n<p>&nbsp;A les actrius que us han posat veu: <strong>Carmela Poch, Ana Chinchilla, N\u00faria Bonet, Laura Aubert, J\u00falia Calzada, Maria Pau Pigem, Anna Casas, Esmeralda Colette, Roser Vilajosana, Maria Ribera, Vane Segura, Alba Pujol, Aida Llop, Marta Bessa, Gemma Charines, Manar Taljo, Maria Garrido, Patr\u00edcia Mendoza, Enriqueta Coll Alzina y B\u00e0rbara Roig. <\/strong><\/p>\r\n<p>Con el apoyo de: <strong>Generalitat de Catalunya \u2013 ICEC Institut Catal\u00e0 de les Empreses Culturals <\/strong><\/p>\r\n<p>Distribuci\u00f3n: <strong>La Virgueria <\/strong><\/p>\r\n<p>Es una producci\u00f3n de <strong>La Virgueria <\/strong><\/p>","txt_reviews":"","hashtag":"LaPuntaDeLIceberg ","have_promo":"","slogan":"","id_exhibicio":2213,"id_versio":1753,"id_local":4,"txt_seo_desc":"","data_images":"[{\"localizer\":\"V4PORTADAWIDE\",\"url\":\"media\/ver\/port\/wide\/v4\/316AA\/01_091_00058406\/Portada-0-punta-iceberg-rbls-villarroel.jpg\",\"thumb_url\":\"\",\"title\":\"La punta de l\u00bficeberg - RBLS\",\"description\":\"la punta de l\u00bficeberg rbls \",\"copyright\":\"\",\"order\":1},{\"localizer\":\"V4PORTADA\",\"url\":\"media\/ver\/port\/v4\/316AA\/01_090_00058407\/Portada-1-punta-iceberg-rbls-villarroel.jpg\",\"thumb_url\":\"\",\"title\":\"La punta de l\u00bficeberg - RBLS\",\"description\":\"la punta de l\u00bficeberg rbls \",\"copyright\":\"\",\"order\":2},{\"localizer\":\"V4PORTADAWIDEMOBILE\",\"url\":\"media\/ver\/port\/wide\/mobile\/v4\/316AA\/01_092_00058408\/Portada-mobile-punta-iceberg-rbls-villarroel.jpg\",\"thumb_url\":\"\",\"title\":\"La punta de l\u00bficeberg - RBLS\",\"description\":\"la punta de l\u00bficeberg rbls \",\"copyright\":\"\",\"order\":3},{\"localizer\":\"V4CARTELL\",\"url\":\"media\/ver\/cartell\/v4\/316AA\/01_089_00058409\/Cartell-web-punta-iceberg-rbls-villarroel.jpg\",\"thumb_url\":\"\",\"title\":\"La punta de l\u00bficeberg - RBLS\",\"description\":\"la punta de l\u00bficeberg rbls \",\"copyright\":\"\",\"order\":4},{\"localizer\":\"V3SLIDE\",\"url\":\"media\/ftgalslide\/v3\/316AA\/01_086_00058460\/IMG_1084.jpg\",\"thumb_url\":\"media\/ftgalslide\/v3\/316AA\/01_086_00058460\/IMG_1084_thumb.jpg\",\"title\":\"La punta de l'iceberg - La Villarroel\",\"description\":\"la punta de l'iceberg a la villarroel\",\"copyright\":\"https:\/\/www.youtube.com\/watch?v=O3Bn--XLLic\",\"order\":5},{\"localizer\":\"V3SLIDE\",\"url\":\"media\/ftgalslide\/v3\/316AA\/01_086_00058461\/IMG_0449.jpg\",\"thumb_url\":\"media\/ftgalslide\/v3\/316AA\/01_086_00058461\/IMG_0449_thumb.jpg\",\"title\":\"La punta de l'iceberg - La Villarroel\",\"description\":\"la punta de l'iceberg  a la villarroel\",\"copyright\":\"\",\"order\":6},{\"localizer\":\"V3SLIDE\",\"url\":\"media\/ftgalslide\/v3\/316AA\/01_086_00058462\/IMG_0208.jpg\",\"thumb_url\":\"media\/ftgalslide\/v3\/316AA\/01_086_00058462\/IMG_0208_thumb.jpg\",\"title\":\"La punta de l'iceberg - La Villarroel\",\"description\":\"la punta de l'iceberg a la villarroel\",\"copyright\":\"\",\"order\":7},{\"localizer\":\"V3SLIDE\",\"url\":\"media\/ftgalslide\/v3\/316AA\/01_086_00058463\/IMG_0874.jpg\",\"thumb_url\":\"media\/ftgalslide\/v3\/316AA\/01_086_00058463\/IMG_0874_thumb.jpg\",\"title\":\"La punta de l'iceberg - La Villarroel\",\"description\":\"la punta de l'iceberg a la villarroel\",\"copyright\":\"\",\"order\":8}]","material__texto_intro":"","data_material":null,"data_gallery":"","data_discounts":"[]","contract_is_open":false,"in_tour":false},"yoast_head":"<!-- This site is optimized with the Yoast SEO plugin v27.5 - https:\/\/yoast.com\/product\/yoast-seo-wordpress\/ -->\n<title>La punta de l&#039;iceberg - RBLS - La Villarroel<\/title>\n<meta name=\"robots\" content=\"index, follow, max-snippet:-1, max-image-preview:large, max-video-preview:-1\" \/>\n<link rel=\"canonical\" href=\"https:\/\/www.lavillarroel.cat\/es\/ex\/la-punta-de-liceberg-rbls\/\" \/>\n<script type=\"application\/ld+json\" class=\"yoast-schema-graph\">{\"@context\":\"https:\\\/\\\/schema.org\",\"@graph\":[{\"@type\":\"WebPage\",\"@id\":\"https:\\\/\\\/www.lavillarroel.cat\\\/es\\\/ex\\\/la-punta-de-liceberg-rbls\\\/\",\"url\":\"https:\\\/\\\/www.lavillarroel.cat\\\/es\\\/ex\\\/la-punta-de-liceberg-rbls\\\/\",\"name\":\"La punta de l'iceberg - RBLS - La Villarroel\",\"isPartOf\":{\"@id\":\"https:\\\/\\\/www.lavillarroel.cat\\\/es\\\/#website\"},\"datePublished\":\"2024-10-10T08:03:13+00:00\",\"dateModified\":\"2024-10-25T11:49:14+00:00\",\"breadcrumb\":{\"@id\":\"https:\\\/\\\/www.lavillarroel.cat\\\/es\\\/ex\\\/la-punta-de-liceberg-rbls\\\/#breadcrumb\"},\"inLanguage\":\"es\",\"potentialAction\":[{\"@type\":\"ReadAction\",\"target\":[\"https:\\\/\\\/www.lavillarroel.cat\\\/es\\\/ex\\\/la-punta-de-liceberg-rbls\\\/\"]}]},{\"@type\":\"BreadcrumbList\",\"@id\":\"https:\\\/\\\/www.lavillarroel.cat\\\/es\\\/ex\\\/la-punta-de-liceberg-rbls\\\/#breadcrumb\",\"itemListElement\":[{\"@type\":\"ListItem\",\"position\":1,\"name\":\"Inici\",\"item\":\"https:\\\/\\\/www.lavillarroel.cat\\\/es\\\/\"},{\"@type\":\"ListItem\",\"position\":2,\"name\":\"Espectacles\",\"item\":\"https:\\\/\\\/www.lavillarroel.cat\\\/es\\\/ex\\\/\"},{\"@type\":\"ListItem\",\"position\":3,\"name\":\"La punta de l&#8217;iceberg &#8211; RBLS\"}]},{\"@type\":\"WebSite\",\"@id\":\"https:\\\/\\\/www.lavillarroel.cat\\\/es\\\/#website\",\"url\":\"https:\\\/\\\/www.lavillarroel.cat\\\/es\\\/\",\"name\":\"La Villarroel\",\"description\":\"\",\"publisher\":{\"@id\":\"https:\\\/\\\/www.lavillarroel.cat\\\/es\\\/#organization\"},\"potentialAction\":[{\"@type\":\"SearchAction\",\"target\":{\"@type\":\"EntryPoint\",\"urlTemplate\":\"https:\\\/\\\/www.lavillarroel.cat\\\/es\\\/?s={search_term_string}\"},\"query-input\":{\"@type\":\"PropertyValueSpecification\",\"valueRequired\":true,\"valueName\":\"search_term_string\"}}],\"inLanguage\":\"es\"},{\"@type\":\"Organization\",\"@id\":\"https:\\\/\\\/www.lavillarroel.cat\\\/es\\\/#organization\",\"name\":\"La Villarroel\",\"url\":\"https:\\\/\\\/www.lavillarroel.cat\\\/es\\\/\",\"logo\":{\"@type\":\"ImageObject\",\"inLanguage\":\"es\",\"@id\":\"https:\\\/\\\/www.lavillarroel.cat\\\/es\\\/#\\\/schema\\\/logo\\\/image\\\/\",\"url\":\"https:\\\/\\\/www.lavillarroel.cat\\\/wp-content\\\/uploads\\\/sites\\\/5\\\/2017\\\/09\\\/teatre-villaroel-logo.svg\",\"contentUrl\":\"https:\\\/\\\/www.lavillarroel.cat\\\/wp-content\\\/uploads\\\/sites\\\/5\\\/2017\\\/09\\\/teatre-villaroel-logo.svg\",\"width\":1,\"height\":1,\"caption\":\"La Villarroel\"},\"image\":{\"@id\":\"https:\\\/\\\/www.lavillarroel.cat\\\/es\\\/#\\\/schema\\\/logo\\\/image\\\/\"},\"sameAs\":[\"http:\\\/\\\/www.facebook.com\\\/TeatreVillarroel\",\"https:\\\/\\\/x.com\\\/la_villarroel\",\"http:\\\/\\\/instagram.com\\\/la_villarroel\",\"http:\\\/\\\/www.youtube.com\\\/user\\\/LaVillarroel#p\\\/u\"]}]}<\/script>\n<!-- \/ Yoast SEO plugin. -->","yoast_head_json":{"title":"La punta de l'iceberg - RBLS - La Villarroel","robots":{"index":"index","follow":"follow","max-snippet":"max-snippet:-1","max-image-preview":"max-image-preview:large","max-video-preview":"max-video-preview:-1"},"canonical":"https:\/\/www.lavillarroel.cat\/es\/ex\/la-punta-de-liceberg-rbls\/","schema":{"@context":"https:\/\/schema.org","@graph":[{"@type":"WebPage","@id":"https:\/\/www.lavillarroel.cat\/es\/ex\/la-punta-de-liceberg-rbls\/","url":"https:\/\/www.lavillarroel.cat\/es\/ex\/la-punta-de-liceberg-rbls\/","name":"La punta de l'iceberg - RBLS - La Villarroel","isPartOf":{"@id":"https:\/\/www.lavillarroel.cat\/es\/#website"},"datePublished":"2024-10-10T08:03:13+00:00","dateModified":"2024-10-25T11:49:14+00:00","breadcrumb":{"@id":"https:\/\/www.lavillarroel.cat\/es\/ex\/la-punta-de-liceberg-rbls\/#breadcrumb"},"inLanguage":"es","potentialAction":[{"@type":"ReadAction","target":["https:\/\/www.lavillarroel.cat\/es\/ex\/la-punta-de-liceberg-rbls\/"]}]},{"@type":"BreadcrumbList","@id":"https:\/\/www.lavillarroel.cat\/es\/ex\/la-punta-de-liceberg-rbls\/#breadcrumb","itemListElement":[{"@type":"ListItem","position":1,"name":"Inici","item":"https:\/\/www.lavillarroel.cat\/es\/"},{"@type":"ListItem","position":2,"name":"Espectacles","item":"https:\/\/www.lavillarroel.cat\/es\/ex\/"},{"@type":"ListItem","position":3,"name":"La punta de l&#8217;iceberg &#8211; RBLS"}]},{"@type":"WebSite","@id":"https:\/\/www.lavillarroel.cat\/es\/#website","url":"https:\/\/www.lavillarroel.cat\/es\/","name":"La Villarroel","description":"","publisher":{"@id":"https:\/\/www.lavillarroel.cat\/es\/#organization"},"potentialAction":[{"@type":"SearchAction","target":{"@type":"EntryPoint","urlTemplate":"https:\/\/www.lavillarroel.cat\/es\/?s={search_term_string}"},"query-input":{"@type":"PropertyValueSpecification","valueRequired":true,"valueName":"search_term_string"}}],"inLanguage":"es"},{"@type":"Organization","@id":"https:\/\/www.lavillarroel.cat\/es\/#organization","name":"La Villarroel","url":"https:\/\/www.lavillarroel.cat\/es\/","logo":{"@type":"ImageObject","inLanguage":"es","@id":"https:\/\/www.lavillarroel.cat\/es\/#\/schema\/logo\/image\/","url":"https:\/\/www.lavillarroel.cat\/wp-content\/uploads\/sites\/5\/2017\/09\/teatre-villaroel-logo.svg","contentUrl":"https:\/\/www.lavillarroel.cat\/wp-content\/uploads\/sites\/5\/2017\/09\/teatre-villaroel-logo.svg","width":1,"height":1,"caption":"La Villarroel"},"image":{"@id":"https:\/\/www.lavillarroel.cat\/es\/#\/schema\/logo\/image\/"},"sameAs":["http:\/\/www.facebook.com\/TeatreVillarroel","https:\/\/x.com\/la_villarroel","http:\/\/instagram.com\/la_villarroel","http:\/\/www.youtube.com\/user\/LaVillarroel#p\/u"]}]}},"translations":[{"id":3871,"locale":"ca"},{"id":3872,"locale":"es"}],"_links":{"self":[{"href":"https:\/\/www.lavillarroel.cat\/es\/wp-json\/wp\/v2\/ex\/3872","targetHints":{"allow":["GET"]}}],"collection":[{"href":"https:\/\/www.lavillarroel.cat\/es\/wp-json\/wp\/v2\/ex"}],"about":[{"href":"https:\/\/www.lavillarroel.cat\/es\/wp-json\/wp\/v2\/types\/ex"}],"author":[{"embeddable":true,"href":"https:\/\/www.lavillarroel.cat\/es\/wp-json\/wp\/v2\/users\/2"}],"replies":[{"embeddable":true,"href":"https:\/\/www.lavillarroel.cat\/es\/wp-json\/wp\/v2\/comments?post=3872"}],"acf:term":[{"embeddable":true,"taxonomy":"season","href":"https:\/\/www.lavillarroel.cat\/es\/wp-json\/wp\/v2\/season\/100"}],"wp:attachment":[{"href":"https:\/\/www.lavillarroel.cat\/es\/wp-json\/wp\/v2\/media?parent=3872"}],"curies":[{"name":"wp","href":"https:\/\/api.w.org\/{rel}","templated":true}]}}