{"id":4008,"date":"2025-02-25T13:16:33","date_gmt":"2025-02-25T12:16:33","guid":{"rendered":"https:\/\/www.lavillarroel.cat\/?post_type=ex&#038;p=4008"},"modified":"2025-04-23T10:40:18","modified_gmt":"2025-04-23T08:40:18","slug":"perdon-sutottos","status":"publish","type":"ex","link":"https:\/\/www.lavillarroel.cat\/es\/ex\/perdon-sutottos\/","title":{"rendered":"Perd\u00f3n (Sutottos)"},"content":{"rendered":"","protected":false},"excerpt":{"rendered":"","protected":false},"author":2,"featured_media":0,"comment_status":"closed","ping_status":"closed","template":"","class_list":["post-4008","ex","type-ex","status-publish","hentry","season-2024-25-es"],"acf":{"txt_synopsis":"<p><strong>Un reencuentro lleno de egos, rencores y mucha risa.<\/strong><\/p>\r\n<p><em>Perd\u00f3n <\/em>es una comedia de la compa\u00f1\u00eda argentina Sutottos. El reencuentro de dos amigos de la infancia se transforma en una disputa permanente entre sus egos, reclamos del pasado y frustraciones del presente. La oportunidad para que afloren traumas pensamientos y emociones acumuladas durante a\u00f1os. Competencias, amores y odios en una hora de humor desaforado y absurdo. Volver a verse remueve todo el pasado y saca a la luz las manipulaciones y miserias m\u00e1s profundas de su v\u00ednculo. Lo que fue y ya no es, lo que vuelve para ser distinto.<br \/>&nbsp;<br \/>Este espect\u00e1culo fue ganador del premio de la Bienal de Arte Joven 2019 de Buenos Aires, nominado como mejor espect\u00e1culo de humor en los premios A.C.E 2022 y nominado como mejor comedia en los Premios Estrella de Mar 2022.<br \/><\/p>","main_buy_link":"https:\/\/tickets.oneboxtds.com\/lavillarroel\/events\/42961?hl=es-ES","main_buy_links":"[\"https:\/\/tickets.oneboxtds.com\/lavillarroel\/events\/42961?hl=es-ES\"]","group_buy_link":"","show_language":"Espect\u00e1culo en castellano","show_duration":"60","show_start_date":"20250505000000","show_end_date":"20250511000000","show_sort_date":"20250505000000","txt_custom_show_dates":"del 5 al 11 de mayo de 2025 ","show_disciplines":"7","show_ultimes_funcions":false,"hide_tarifes_especials":false,"show_properament":false,"txt_additional_info":"Recomendado a partir de 14 a\u00f1os","txt_present":"","show_season":[100],"txt_season":"[\"2024\/25\"]","txt_cycle":"Off La Villarroel","txt_claim":"Un reencuentro lleno de egos, rencores y mucha risa.","txt_cast_excerpt":"","txt_cast":"<p>Autor\u00eda: <strong>Andr\u00e9s Caminos y Gadiel Sztryk<br \/><\/strong>Dramaturgia y direcci\u00f3n: <strong>Andr\u00e9s Caminos y Gadiel Sztryk<\/strong><br \/>&nbsp;<br \/>Int\u00e9rpretes <br \/><strong>Andr\u00e9s Caminos<\/strong> - Javier<br \/><strong>Gadiel Sztryk<\/strong> - Fabio<br \/>&nbsp;<br \/>Escenograf\u00eda: <strong>Fernando Dopazo<br \/><\/strong>Vestuario: <strong>Anal\u00eda Cristina Morales<\/strong><br \/>Iluminaci\u00f3n: <strong>Fernando Dopazo<\/strong><\/p>\r\n<p>Producci\u00f3n ejecutiva: <strong>Mireia Gr\u00e0cia Bell-lloch<\/strong><br \/>Ayudant\u00eda de direcci\u00f3n: <strong>Marianela Faccioli y Manuela Bottale<\/strong><br \/>Jefa t\u00e9cnica del teatro: <strong>Marta P\u00e9rez<\/strong><\/p>\r\n<p>M\u00e1rquetin i comunicaci\u00f3n: <strong>La Villarroel<\/strong><br \/>Reportaje fotogr\u00e1fico: <strong>Pablo Linietsky<\/strong><br \/>&nbsp;&nbsp;<br \/>Con el apoyo del <strong>Fondo Argentino de Desarrollo Cultural y Creativo - Ministerio de Cultura de la Naci\u00f3n Argentina, Bienal de arte joven de Buenos Aires y Pro Teatro de la Ciudad de Buenos Aires.<br \/><\/strong>&nbsp;<br \/>Distribuci\u00f3n: <strong>Carmen \u00c1vila y Montse Lozano (Las Paisanas)<\/strong><br \/>&nbsp;<br \/>Es una coproducci\u00f3n de <strong>Sutottos y la Bienal de Arte Joven de Buenos Aires<\/strong><\/p>","txt_reviews":"Guille Orcellet|Espect\u00e1culos de ac\u00e1|\u201cFrescos, din\u00e1micos, divertidos, risue\u00f1os, grotescos y expresivos. El p\u00fablico r\u00ede sin parar y la platea estalla en aplausos al final de las escenas.\u201d\r\nSandra Commisso|Clar\u00edn|\u201cUna gran simbiosis entre el humor y la reflexi\u00f3n que aflora de manera impensada\u201d\r\nRedacci\u00f3n|Pensador Teatral|\u201cUna dupla que ya se ha convertido en marca registrada del teatro independiente argentino nos invita a recordar aquellos momentos felices de nuestra infancia\u201d","hashtag":"Perd\u00f3n","have_promo":"","slogan":"","id_exhibicio":2247,"id_versio":1393,"id_local":4,"txt_seo_desc":"Perd\u00f3n, d'Andr\u00e9s Caminos i Gadiel Sztryk, en La Villarroel de Barcelona","data_images":"[{\"localizer\":\"V3CARTELL\",\"url\":\"media\/ver\/cartell\/v3\/314B5\/01_085_00049163\/cartell-web-perdon-off-la-villarroel-teatre-barcelona.jpg\",\"thumb_url\":\"media\/ver\/cartell\/v3\/314B5\/01_085_00049163\/cartell-web-perdon-off-la-villarroel-teatre-barcelona_thumb.jpg\",\"title\":\"Perd\u00f3n - La Villarroel\",\"description\":\"perdon off la villarroel barcelona\",\"copyright\":\"\",\"order\":2},{\"localizer\":\"V2CARTELLDISTRI\",\"url\":\"media\/cartell\/distrib\/314B5\/01_082_00049164\/cartell-web-perdon-off-la-villarroel-teatre-barcelona.jpg\",\"thumb_url\":\"media\/cartell\/distrib\/314B5\/01_082_00049164\/cartell-web-perdon-off-la-villarroel-teatre-barcelona_thumb.jpg\",\"title\":\"Perd\u00f3n - La Villarroel \",\"description\":\"perdon off la villarroel barcelona\",\"copyright\":\"\",\"order\":3},{\"localizer\":\"V3CARTELLDISTRI\",\"url\":\"media\/ver\/cartell\/v3\/314B5\/01_085_00049165\/cartell-web-perdon-off-la-villarroel-teatre-barcelona.jpg\",\"thumb_url\":\"media\/ver\/cartell\/v3\/314B5\/01_085_00049165\/cartell-web-perdon-off-la-villarroel-teatre-barcelona_thumb.jpg\",\"title\":\"Perd\u00f3n - La Villarroel\",\"description\":\"perdon off la villarroel barcelona\",\"copyright\":\"\",\"order\":4},{\"localizer\":\"V2SLIDE\",\"url\":\"media\/ftgalslide\/314B5\/01_076_00049168\/SUTOTTOS_PERDON.jpg\",\"thumb_url\":\"media\/ftgalslide\/314B5\/01_076_00049168\/SUTOTTOS_PERDON_thumb.jpg\",\"title\":\"Perd\u00f3n - La Villarroel\",\"description\":\"perdon off la villarroel barcelona\",\"copyright\":\"\",\"order\":7},{\"localizer\":\"V3PORTADA\",\"url\":\"media\/ver\/port\/v3\/31512\/01_084_00050334\/1-perdon-off-la-villarroel-teatre-barcelona-1.jpg\",\"thumb_url\":\"media\/ver\/port\/v3\/31512\/01_084_00050334\/1-perdon-off-la-villarroel-teatre-barcelona-1_thumb.jpg\",\"title\":\"Perd\u00f3n - La Villarroel\",\"description\":\"Perdon, de sutottos, al offlavillarroel del teatre la villarroel de barcelona\",\"copyright\":\"\",\"order\":9},{\"localizer\":\"V4PORTADAWIDE\",\"url\":\"media\/ver\/port\/wide\/v4\/31706\/01_091_00058707\/Portada-0_2880x1260_perdon.jpg\",\"thumb_url\":\"\",\"title\":\"Perd\u00f3n - La Villarroel\",\"description\":\"perdon en el teatre la villarroel\",\"copyright\":\"\",\"order\":10},{\"localizer\":\"V4PORTADAWIDEMOBILE\",\"url\":\"media\/ver\/port\/wide\/mobile\/v4\/31706\/01_092_00058708\/portada_mobile_828x1800_perdon.jpg\",\"thumb_url\":\"\",\"title\":\"Perd\u00f3n - La Villarroel\",\"description\":\"perdon en el teatre la villarroel\",\"copyright\":\"\",\"order\":11},{\"localizer\":\"V4PORTADA\",\"url\":\"media\/ver\/port\/v4\/31706\/01_090_00058709\/Portada-1_760x760_perdon.jpg\",\"thumb_url\":\"\",\"title\":\"Perd\u00f3n - La Villarroel\",\"description\":\"perdon en el teatre la villarroel\",\"copyright\":\"\",\"order\":12},{\"localizer\":\"V4CARTELL\",\"url\":\"media\/ver\/cartell\/v4\/31706\/01_089_00058710\/Cartell-web_720x1100_perdon.jpg\",\"thumb_url\":\"\",\"title\":\"Perdon - La Villarroel\",\"description\":\"perdon en el teatre la villarroel\",\"copyright\":\"\",\"order\":13},{\"localizer\":\"V3SLIDE\",\"url\":\"media\/ftgalslide\/v3\/31708\/01_086_00058848\/FOTO_SECUNDARIA_3.jpg\",\"thumb_url\":\"media\/ftgalslide\/v3\/31708\/01_086_00058848\/FOTO_SECUNDARIA_3_thumb.jpg\",\"title\":\"Perd\u00f3n - La Villarroel\",\"description\":\"perdon la villlarroel\",\"copyright\":\"https:\/\/www.youtube.com\/watch?v=4OCN7S68Tt8\",\"order\":14},{\"localizer\":\"V3SLIDE\",\"url\":\"media\/ftgalslide\/v3\/31708\/01_086_00058849\/FOTO_SECUNDARIA_-_copia.jpg\",\"thumb_url\":\"media\/ftgalslide\/v3\/31708\/01_086_00058849\/FOTO_SECUNDARIA_-_copia_thumb.jpg\",\"title\":\"Perd\u00f3n - La Villarroel\",\"description\":\"perdon la villlarroel\",\"copyright\":\"\",\"order\":15},{\"localizer\":\"V3SLIDE\",\"url\":\"media\/ftgalslide\/v3\/31708\/01_086_00058850\/FOTO_SECUNDARIA_6.JPG\",\"thumb_url\":\"media\/ftgalslide\/v3\/31708\/01_086_00058850\/FOTO_SECUNDARIA_6_thumb.jpg\",\"title\":\"Perd\u00f3n - La Villarroel\",\"description\":\"perdon la villarroel\",\"copyright\":\"\",\"order\":16}]","material__texto_intro":"","data_material":null,"data_gallery":"","data_discounts":"[]","contract_is_open":false,"in_tour":false},"yoast_head":"<!-- This site is optimized with the Yoast SEO plugin v27.5 - https:\/\/yoast.com\/product\/yoast-seo-wordpress\/ -->\n<title>Perd\u00f3n (Sutottos) - La Villarroel<\/title>\n<meta name=\"robots\" content=\"index, follow, max-snippet:-1, max-image-preview:large, max-video-preview:-1\" \/>\n<link rel=\"canonical\" href=\"https:\/\/www.lavillarroel.cat\/es\/ex\/perdon-sutottos\/\" \/>\n<script type=\"application\/ld+json\" class=\"yoast-schema-graph\">{\"@context\":\"https:\\\/\\\/schema.org\",\"@graph\":[{\"@type\":\"WebPage\",\"@id\":\"https:\\\/\\\/www.lavillarroel.cat\\\/es\\\/ex\\\/perdon-sutottos\\\/\",\"url\":\"https:\\\/\\\/www.lavillarroel.cat\\\/es\\\/ex\\\/perdon-sutottos\\\/\",\"name\":\"Perd\u00f3n (Sutottos) - La Villarroel\",\"isPartOf\":{\"@id\":\"https:\\\/\\\/www.lavillarroel.cat\\\/es\\\/#website\"},\"datePublished\":\"2025-02-25T12:16:33+00:00\",\"dateModified\":\"2025-04-23T08:40:18+00:00\",\"breadcrumb\":{\"@id\":\"https:\\\/\\\/www.lavillarroel.cat\\\/es\\\/ex\\\/perdon-sutottos\\\/#breadcrumb\"},\"inLanguage\":\"es\",\"potentialAction\":[{\"@type\":\"ReadAction\",\"target\":[\"https:\\\/\\\/www.lavillarroel.cat\\\/es\\\/ex\\\/perdon-sutottos\\\/\"]}]},{\"@type\":\"BreadcrumbList\",\"@id\":\"https:\\\/\\\/www.lavillarroel.cat\\\/es\\\/ex\\\/perdon-sutottos\\\/#breadcrumb\",\"itemListElement\":[{\"@type\":\"ListItem\",\"position\":1,\"name\":\"Inici\",\"item\":\"https:\\\/\\\/www.lavillarroel.cat\\\/es\\\/\"},{\"@type\":\"ListItem\",\"position\":2,\"name\":\"Espectacles\",\"item\":\"https:\\\/\\\/www.lavillarroel.cat\\\/es\\\/ex\\\/\"},{\"@type\":\"ListItem\",\"position\":3,\"name\":\"Perd\u00f3n (Sutottos)\"}]},{\"@type\":\"WebSite\",\"@id\":\"https:\\\/\\\/www.lavillarroel.cat\\\/es\\\/#website\",\"url\":\"https:\\\/\\\/www.lavillarroel.cat\\\/es\\\/\",\"name\":\"La Villarroel\",\"description\":\"\",\"publisher\":{\"@id\":\"https:\\\/\\\/www.lavillarroel.cat\\\/es\\\/#organization\"},\"potentialAction\":[{\"@type\":\"SearchAction\",\"target\":{\"@type\":\"EntryPoint\",\"urlTemplate\":\"https:\\\/\\\/www.lavillarroel.cat\\\/es\\\/?s={search_term_string}\"},\"query-input\":{\"@type\":\"PropertyValueSpecification\",\"valueRequired\":true,\"valueName\":\"search_term_string\"}}],\"inLanguage\":\"es\"},{\"@type\":\"Organization\",\"@id\":\"https:\\\/\\\/www.lavillarroel.cat\\\/es\\\/#organization\",\"name\":\"La Villarroel\",\"url\":\"https:\\\/\\\/www.lavillarroel.cat\\\/es\\\/\",\"logo\":{\"@type\":\"ImageObject\",\"inLanguage\":\"es\",\"@id\":\"https:\\\/\\\/www.lavillarroel.cat\\\/es\\\/#\\\/schema\\\/logo\\\/image\\\/\",\"url\":\"https:\\\/\\\/www.lavillarroel.cat\\\/wp-content\\\/uploads\\\/sites\\\/5\\\/2017\\\/09\\\/teatre-villaroel-logo.svg\",\"contentUrl\":\"https:\\\/\\\/www.lavillarroel.cat\\\/wp-content\\\/uploads\\\/sites\\\/5\\\/2017\\\/09\\\/teatre-villaroel-logo.svg\",\"width\":1,\"height\":1,\"caption\":\"La Villarroel\"},\"image\":{\"@id\":\"https:\\\/\\\/www.lavillarroel.cat\\\/es\\\/#\\\/schema\\\/logo\\\/image\\\/\"},\"sameAs\":[\"http:\\\/\\\/www.facebook.com\\\/TeatreVillarroel\",\"https:\\\/\\\/x.com\\\/la_villarroel\",\"http:\\\/\\\/instagram.com\\\/la_villarroel\",\"http:\\\/\\\/www.youtube.com\\\/user\\\/LaVillarroel#p\\\/u\"]}]}<\/script>\n<!-- \/ Yoast SEO plugin. -->","yoast_head_json":{"title":"Perd\u00f3n (Sutottos) - La Villarroel","robots":{"index":"index","follow":"follow","max-snippet":"max-snippet:-1","max-image-preview":"max-image-preview:large","max-video-preview":"max-video-preview:-1"},"canonical":"https:\/\/www.lavillarroel.cat\/es\/ex\/perdon-sutottos\/","schema":{"@context":"https:\/\/schema.org","@graph":[{"@type":"WebPage","@id":"https:\/\/www.lavillarroel.cat\/es\/ex\/perdon-sutottos\/","url":"https:\/\/www.lavillarroel.cat\/es\/ex\/perdon-sutottos\/","name":"Perd\u00f3n (Sutottos) - La Villarroel","isPartOf":{"@id":"https:\/\/www.lavillarroel.cat\/es\/#website"},"datePublished":"2025-02-25T12:16:33+00:00","dateModified":"2025-04-23T08:40:18+00:00","breadcrumb":{"@id":"https:\/\/www.lavillarroel.cat\/es\/ex\/perdon-sutottos\/#breadcrumb"},"inLanguage":"es","potentialAction":[{"@type":"ReadAction","target":["https:\/\/www.lavillarroel.cat\/es\/ex\/perdon-sutottos\/"]}]},{"@type":"BreadcrumbList","@id":"https:\/\/www.lavillarroel.cat\/es\/ex\/perdon-sutottos\/#breadcrumb","itemListElement":[{"@type":"ListItem","position":1,"name":"Inici","item":"https:\/\/www.lavillarroel.cat\/es\/"},{"@type":"ListItem","position":2,"name":"Espectacles","item":"https:\/\/www.lavillarroel.cat\/es\/ex\/"},{"@type":"ListItem","position":3,"name":"Perd\u00f3n (Sutottos)"}]},{"@type":"WebSite","@id":"https:\/\/www.lavillarroel.cat\/es\/#website","url":"https:\/\/www.lavillarroel.cat\/es\/","name":"La Villarroel","description":"","publisher":{"@id":"https:\/\/www.lavillarroel.cat\/es\/#organization"},"potentialAction":[{"@type":"SearchAction","target":{"@type":"EntryPoint","urlTemplate":"https:\/\/www.lavillarroel.cat\/es\/?s={search_term_string}"},"query-input":{"@type":"PropertyValueSpecification","valueRequired":true,"valueName":"search_term_string"}}],"inLanguage":"es"},{"@type":"Organization","@id":"https:\/\/www.lavillarroel.cat\/es\/#organization","name":"La Villarroel","url":"https:\/\/www.lavillarroel.cat\/es\/","logo":{"@type":"ImageObject","inLanguage":"es","@id":"https:\/\/www.lavillarroel.cat\/es\/#\/schema\/logo\/image\/","url":"https:\/\/www.lavillarroel.cat\/wp-content\/uploads\/sites\/5\/2017\/09\/teatre-villaroel-logo.svg","contentUrl":"https:\/\/www.lavillarroel.cat\/wp-content\/uploads\/sites\/5\/2017\/09\/teatre-villaroel-logo.svg","width":1,"height":1,"caption":"La Villarroel"},"image":{"@id":"https:\/\/www.lavillarroel.cat\/es\/#\/schema\/logo\/image\/"},"sameAs":["http:\/\/www.facebook.com\/TeatreVillarroel","https:\/\/x.com\/la_villarroel","http:\/\/instagram.com\/la_villarroel","http:\/\/www.youtube.com\/user\/LaVillarroel#p\/u"]}]}},"translations":[{"id":4007,"locale":"ca"},{"id":4008,"locale":"es"}],"_links":{"self":[{"href":"https:\/\/www.lavillarroel.cat\/es\/wp-json\/wp\/v2\/ex\/4008","targetHints":{"allow":["GET"]}}],"collection":[{"href":"https:\/\/www.lavillarroel.cat\/es\/wp-json\/wp\/v2\/ex"}],"about":[{"href":"https:\/\/www.lavillarroel.cat\/es\/wp-json\/wp\/v2\/types\/ex"}],"author":[{"embeddable":true,"href":"https:\/\/www.lavillarroel.cat\/es\/wp-json\/wp\/v2\/users\/2"}],"replies":[{"embeddable":true,"href":"https:\/\/www.lavillarroel.cat\/es\/wp-json\/wp\/v2\/comments?post=4008"}],"acf:term":[{"embeddable":true,"taxonomy":"season","href":"https:\/\/www.lavillarroel.cat\/es\/wp-json\/wp\/v2\/season\/100"}],"wp:attachment":[{"href":"https:\/\/www.lavillarroel.cat\/es\/wp-json\/wp\/v2\/media?parent=4008"}],"curies":[{"name":"wp","href":"https:\/\/api.w.org\/{rel}","templated":true}]}}