{"id":4098,"date":"2025-07-23T14:34:56","date_gmt":"2025-07-23T12:34:56","guid":{"rendered":"https:\/\/www.lavillarroel.cat\/ex\/hombre-por-necesidad\/"},"modified":"2025-09-29T16:03:08","modified_gmt":"2025-09-29T14:03:08","slug":"hombre-por-necesidad","status":"publish","type":"ex","link":"https:\/\/www.lavillarroel.cat\/es\/ex\/hombre-por-necesidad\/","title":{"rendered":"Hombre por necesidad"},"content":{"rendered":"","protected":false},"excerpt":{"rendered":"","protected":false},"author":2,"featured_media":0,"comment_status":"closed","ping_status":"closed","template":"","class_list":["post-4098","ex","type-ex","status-publish","hentry","season-2025-26"],"acf":{"txt_synopsis":"<p><strong>Una mujer acorralada por la guerra.<br \/>Una decisi\u00f3n que determinar\u00e1 su identidad.<\/strong><\/p>\r\n<p>Todas las crisis se ceban con los m\u00e1s vulnerables, los pobres, los trabajadores y entre ellos hoy ya lo hemos vivido todos y todas las crisis tienen como imagen el rostro de una mujer. Ella Gericke es una de ellas. Enviuda despu\u00e9s de un a\u00f1o de matrimonio y sin trabajo ni sustento, se ve obligada a adoptar la identidad de su marido, Max Gericke y reemplazarlo en la f\u00e1brica como operador de toro mec\u00e1nico. <\/p>\r\n<p>As\u00ed, disfrazada de hombre, vivir\u00e1 el ascenso al poder de Hitler y los desastres de la guerra. <br \/>El final del conflicto b\u00e9lico alivia ciertas dificultades, pero no la libera del paro ni del hambre. Ella\/Max Gericke recuerda algunos momentos de su duro viaje que vivi\u00f3 con energ\u00eda y esp\u00edritu de superaci\u00f3n, como una superviviente extraordinaria, como las mujeres suelen hacer. <br \/>Esta historia real de Ella Gericke no solo inspiro a Brecht, quien la inmortaliz\u00f3 en una de sus novelas, sino que fue la fuente de inspiraci\u00f3n de Manfred Karge, siendo el encargado de rescatarla para el teatro a trav\u00e9s de este mon\u00f3logo fragmentado titulado Jacke wie Hose. <br \/><\/p>","main_buy_link":"https:\/\/tickets.oneboxtds.com\/lavillarroel\/events\/47160?hl=es-ES","main_buy_links":"[\"https:\/\/tickets.oneboxtds.com\/lavillarroel\/events\/47160?hl=es-ES\"]","group_buy_link":"https:\/\/www.promentrada.com\/es\/programacion\/c\/1755-hombre-por-necesidad-grupos.html","show_language":"Espect\u00e1culo en castellano","show_duration":"70","show_start_date":"20250929000000","show_end_date":"20251012000000","show_sort_date":"20250929000000","txt_custom_show_dates":"del 29 de septiembre al 12 de octubre de 2025 ","show_disciplines":"11","show_ultimes_funcions":false,"hide_tarifes_especials":false,"show_properament":false,"txt_additional_info":"Recomendado a partir de 12 a\u00f1os.","txt_present":"","show_season":[102],"txt_season":"[\"2025\/26\"]","txt_cycle":"Off La Villarroel","txt_claim":"Una mujer acorralada por la guerra.","txt_cast_excerpt":"","txt_cast":"<p>T\u00edtulo original: <strong>Jacke wie Hose<br \/><\/strong>Autor\u00eda: <strong>Manfred Karge<br \/><\/strong>Traducci\u00f3n:<strong> Teresa Rosell<\/strong><br \/>Direcci\u00f3n y dramaturgia: <strong>Eva Redondo<\/strong><\/p>\r\n<p>Int\u00e9rpretes:<br \/><strong>Gabriela Flores<\/strong> - Ella<\/p>\r\n<p>Escenograf\u00eda: <strong>Alejandra G. Requeijo<br \/><\/strong>Vestuario: <strong>Elda Noriega<\/strong><br \/>Iluminaci\u00f3n: <strong>David Picazo<\/strong><br \/>Espacio sonoro: <strong>Jordi Collet<\/strong><br \/>Movimiento: <strong>Ferran Carvajal<\/strong><br \/>Caracterizaci\u00f3n: <strong>Elda Noriega<\/strong><br \/>Fotos y v\u00eddeos: <strong>Susana Mart\u00edn<\/strong><\/p><strong><\/strong>\r\n<p>Direcci\u00f3n de producci\u00f3n: <strong>Kike G\u00f3mez<\/strong><br \/>Producci\u00f3n ejecutiva: <strong>FEI (Factoria Esc\u00e8nica Internacional)<br \/><\/strong>Direcci\u00f3n t\u00e9cnica: <strong>Leticia L. Karamaza<\/strong><\/p><strong><\/strong>\r\n<p>Ayudant\u00eda de direcci\u00f3n: <strong>Cotu Afonso<\/strong><br \/>T\u00e9cnico de luces y sonido: <strong>Leticia L. Karamaza<br \/><\/strong><br \/>Confecci\u00f3n del vestuario: <strong>Elda Noriega<\/strong><br \/><br \/>Marketing y comunicaci\u00f3n: <strong>La Villarroel<\/strong><br \/>Reportaje fotogr\u00e1fico: <strong>Susana Mart\u00edn<br \/><\/strong><br \/>Colaboradores: <strong>INAEM y Avance Producciones Teatrales SL<br \/><\/strong><br \/>Agradecimientos: <strong>Teresa Rosell,C.C. Pilar Mir\u00f3 de Vallecas y Teatro del Barrio. <br \/><br \/><\/strong>Con el apoyo de: <strong>Goethe Institut<br \/><\/strong><br \/>Distribuci\u00f3n: <strong>Kike G\u00f3mez (<\/strong><a href=\"mailto:kikegomez.produ@gmail.com\"><strong>kikegomez.produ@gmail.com<\/strong><\/a><strong>)<br \/><br \/><\/strong>Es una producci\u00f3n de <strong>FEI (Factoria Esc\u00e8nica Internacional)<\/strong><br \/><\/p>","txt_reviews":"Javier Vallejo|El Pa\u00eds|\u201cUn espect\u00e1culo conmovedor\u201d\r\nDiego Da Costa|Cinema Gavia|\u201cUn reto interpretativo de alto nivel\u201d\r\nJaime de los Santos|El Confidencial|\u201cMucho m\u00e1s que un texto teatral\u201d","hashtag":"HombrePorNecesidad","have_promo":"","slogan":"","id_exhibicio":2286,"id_versio":1802,"id_local":4,"txt_seo_desc":"","data_images":"[{\"localizer\":\"V4PORTADAWIDE\",\"url\":\"media\/ver\/port\/wide\/v4\/3170B\/01_091_00059028\/1-Portada_0_2880x1260.jpg\",\"thumb_url\":\"\",\"title\":\"Hombre por necesidad - La Villarroel\",\"description\":\"hombre por necesidad a la villarroel\",\"copyright\":\"\",\"order\":1},{\"localizer\":\"V4PORTADAWIDEMOBILE\",\"url\":\"media\/ver\/port\/wide\/mobile\/v4\/3170B\/01_092_00059029\/3-Portada_Mobile_828x1800.jpg\",\"thumb_url\":\"\",\"title\":\"Hombre por necesidad - La Villarroel\",\"description\":\"hombre por necesidad a la villarroel\",\"copyright\":\"\",\"order\":2},{\"localizer\":\"V4CARTELL\",\"url\":\"media\/ver\/cartell\/v4\/3170B\/01_089_00059030\/4-Cartell_web_720x1100.jpg\",\"thumb_url\":\"\",\"title\":\"Hombre por necesidad - La Villarroel\",\"description\":\"hombre por necesidad a la villarroel\",\"copyright\":\"\",\"order\":3},{\"localizer\":\"V4PORTADA\",\"url\":\"media\/ver\/port\/v4\/3170B\/01_090_00059031\/2-Portada_1_760x760.jpg\",\"thumb_url\":\"\",\"title\":\"Hombre por necesidad - La Villarroel\",\"description\":\"hombre por necesidad a la villarroel\",\"copyright\":\"\",\"order\":4},{\"localizer\":\"V3SLIDE\",\"url\":\"media\/ftgalslide\/v3\/3170B\/01_086_00059049\/Disseny_sense_titol_(6).jpg\",\"thumb_url\":\"media\/ftgalslide\/v3\/3170B\/01_086_00059049\/Disseny_sense_titol_(6)_thumb.jpg\",\"title\":\"Hombre por necesidad - La Villarroel\",\"description\":\"hombre por necesidad a la villarroel\",\"copyright\":\"https:\/\/youtu.be\/W2TSCnrBwZU\",\"order\":5},{\"localizer\":\"V3SLIDE\",\"url\":\"media\/ftgalslide\/v3\/3170B\/01_086_00059050\/Disseny_sense_titol_(7).jpg\",\"thumb_url\":\"media\/ftgalslide\/v3\/3170B\/01_086_00059050\/Disseny_sense_titol_(7)_thumb.jpg\",\"title\":\"Hombre por necesidad - La Villarroel\",\"description\":\"hombre por necesidad a la villarroel\",\"copyright\":\"\",\"order\":6},{\"localizer\":\"V3SLIDE\",\"url\":\"media\/ftgalslide\/v3\/3170B\/01_086_00059051\/Disseny_sense_titol_(8).jpg\",\"thumb_url\":\"media\/ftgalslide\/v3\/3170B\/01_086_00059051\/Disseny_sense_titol_(8)_thumb.jpg\",\"title\":\"Hombre por necesidad - La Villarroel\",\"description\":\"hombre por necesidad a la villarroel\",\"copyright\":\"\",\"order\":7}]","material__texto_intro":"","data_material":null,"data_gallery":"","data_discounts":"[]","contract_is_open":false,"in_tour":false},"yoast_head":"<!-- This site is optimized with the Yoast SEO plugin v27.4 - https:\/\/yoast.com\/product\/yoast-seo-wordpress\/ -->\n<title>Hombre por necesidad - La Villarroel<\/title>\n<meta name=\"robots\" content=\"index, follow, max-snippet:-1, max-image-preview:large, max-video-preview:-1\" \/>\n<link rel=\"canonical\" href=\"https:\/\/www.lavillarroel.cat\/es\/ex\/hombre-por-necesidad\/\" \/>\n<script type=\"application\/ld+json\" class=\"yoast-schema-graph\">{\"@context\":\"https:\\\/\\\/schema.org\",\"@graph\":[{\"@type\":\"WebPage\",\"@id\":\"https:\\\/\\\/www.lavillarroel.cat\\\/es\\\/ex\\\/hombre-por-necesidad\\\/\",\"url\":\"https:\\\/\\\/www.lavillarroel.cat\\\/es\\\/ex\\\/hombre-por-necesidad\\\/\",\"name\":\"Hombre por necesidad - La Villarroel\",\"isPartOf\":{\"@id\":\"https:\\\/\\\/www.lavillarroel.cat\\\/es\\\/#website\"},\"datePublished\":\"2025-07-23T12:34:56+00:00\",\"dateModified\":\"2025-09-29T14:03:08+00:00\",\"breadcrumb\":{\"@id\":\"https:\\\/\\\/www.lavillarroel.cat\\\/es\\\/ex\\\/hombre-por-necesidad\\\/#breadcrumb\"},\"inLanguage\":\"es\",\"potentialAction\":[{\"@type\":\"ReadAction\",\"target\":[\"https:\\\/\\\/www.lavillarroel.cat\\\/es\\\/ex\\\/hombre-por-necesidad\\\/\"]}]},{\"@type\":\"BreadcrumbList\",\"@id\":\"https:\\\/\\\/www.lavillarroel.cat\\\/es\\\/ex\\\/hombre-por-necesidad\\\/#breadcrumb\",\"itemListElement\":[{\"@type\":\"ListItem\",\"position\":1,\"name\":\"Inici\",\"item\":\"https:\\\/\\\/www.lavillarroel.cat\\\/es\\\/\"},{\"@type\":\"ListItem\",\"position\":2,\"name\":\"Espectacles\",\"item\":\"https:\\\/\\\/www.lavillarroel.cat\\\/es\\\/ex\\\/\"},{\"@type\":\"ListItem\",\"position\":3,\"name\":\"Hombre por necesidad\"}]},{\"@type\":\"WebSite\",\"@id\":\"https:\\\/\\\/www.lavillarroel.cat\\\/es\\\/#website\",\"url\":\"https:\\\/\\\/www.lavillarroel.cat\\\/es\\\/\",\"name\":\"La Villarroel\",\"description\":\"\",\"publisher\":{\"@id\":\"https:\\\/\\\/www.lavillarroel.cat\\\/es\\\/#organization\"},\"potentialAction\":[{\"@type\":\"SearchAction\",\"target\":{\"@type\":\"EntryPoint\",\"urlTemplate\":\"https:\\\/\\\/www.lavillarroel.cat\\\/es\\\/?s={search_term_string}\"},\"query-input\":{\"@type\":\"PropertyValueSpecification\",\"valueRequired\":true,\"valueName\":\"search_term_string\"}}],\"inLanguage\":\"es\"},{\"@type\":\"Organization\",\"@id\":\"https:\\\/\\\/www.lavillarroel.cat\\\/es\\\/#organization\",\"name\":\"La Villarroel\",\"url\":\"https:\\\/\\\/www.lavillarroel.cat\\\/es\\\/\",\"logo\":{\"@type\":\"ImageObject\",\"inLanguage\":\"es\",\"@id\":\"https:\\\/\\\/www.lavillarroel.cat\\\/es\\\/#\\\/schema\\\/logo\\\/image\\\/\",\"url\":\"https:\\\/\\\/www.lavillarroel.cat\\\/wp-content\\\/uploads\\\/sites\\\/5\\\/2017\\\/09\\\/teatre-villaroel-logo.svg\",\"contentUrl\":\"https:\\\/\\\/www.lavillarroel.cat\\\/wp-content\\\/uploads\\\/sites\\\/5\\\/2017\\\/09\\\/teatre-villaroel-logo.svg\",\"width\":1,\"height\":1,\"caption\":\"La Villarroel\"},\"image\":{\"@id\":\"https:\\\/\\\/www.lavillarroel.cat\\\/es\\\/#\\\/schema\\\/logo\\\/image\\\/\"},\"sameAs\":[\"http:\\\/\\\/www.facebook.com\\\/TeatreVillarroel\",\"https:\\\/\\\/x.com\\\/la_villarroel\",\"http:\\\/\\\/instagram.com\\\/la_villarroel\",\"http:\\\/\\\/www.youtube.com\\\/user\\\/LaVillarroel#p\\\/u\"]}]}<\/script>\n<!-- \/ Yoast SEO plugin. -->","yoast_head_json":{"title":"Hombre por necesidad - La Villarroel","robots":{"index":"index","follow":"follow","max-snippet":"max-snippet:-1","max-image-preview":"max-image-preview:large","max-video-preview":"max-video-preview:-1"},"canonical":"https:\/\/www.lavillarroel.cat\/es\/ex\/hombre-por-necesidad\/","schema":{"@context":"https:\/\/schema.org","@graph":[{"@type":"WebPage","@id":"https:\/\/www.lavillarroel.cat\/es\/ex\/hombre-por-necesidad\/","url":"https:\/\/www.lavillarroel.cat\/es\/ex\/hombre-por-necesidad\/","name":"Hombre por necesidad - La Villarroel","isPartOf":{"@id":"https:\/\/www.lavillarroel.cat\/es\/#website"},"datePublished":"2025-07-23T12:34:56+00:00","dateModified":"2025-09-29T14:03:08+00:00","breadcrumb":{"@id":"https:\/\/www.lavillarroel.cat\/es\/ex\/hombre-por-necesidad\/#breadcrumb"},"inLanguage":"es","potentialAction":[{"@type":"ReadAction","target":["https:\/\/www.lavillarroel.cat\/es\/ex\/hombre-por-necesidad\/"]}]},{"@type":"BreadcrumbList","@id":"https:\/\/www.lavillarroel.cat\/es\/ex\/hombre-por-necesidad\/#breadcrumb","itemListElement":[{"@type":"ListItem","position":1,"name":"Inici","item":"https:\/\/www.lavillarroel.cat\/es\/"},{"@type":"ListItem","position":2,"name":"Espectacles","item":"https:\/\/www.lavillarroel.cat\/es\/ex\/"},{"@type":"ListItem","position":3,"name":"Hombre por necesidad"}]},{"@type":"WebSite","@id":"https:\/\/www.lavillarroel.cat\/es\/#website","url":"https:\/\/www.lavillarroel.cat\/es\/","name":"La Villarroel","description":"","publisher":{"@id":"https:\/\/www.lavillarroel.cat\/es\/#organization"},"potentialAction":[{"@type":"SearchAction","target":{"@type":"EntryPoint","urlTemplate":"https:\/\/www.lavillarroel.cat\/es\/?s={search_term_string}"},"query-input":{"@type":"PropertyValueSpecification","valueRequired":true,"valueName":"search_term_string"}}],"inLanguage":"es"},{"@type":"Organization","@id":"https:\/\/www.lavillarroel.cat\/es\/#organization","name":"La Villarroel","url":"https:\/\/www.lavillarroel.cat\/es\/","logo":{"@type":"ImageObject","inLanguage":"es","@id":"https:\/\/www.lavillarroel.cat\/es\/#\/schema\/logo\/image\/","url":"https:\/\/www.lavillarroel.cat\/wp-content\/uploads\/sites\/5\/2017\/09\/teatre-villaroel-logo.svg","contentUrl":"https:\/\/www.lavillarroel.cat\/wp-content\/uploads\/sites\/5\/2017\/09\/teatre-villaroel-logo.svg","width":1,"height":1,"caption":"La Villarroel"},"image":{"@id":"https:\/\/www.lavillarroel.cat\/es\/#\/schema\/logo\/image\/"},"sameAs":["http:\/\/www.facebook.com\/TeatreVillarroel","https:\/\/x.com\/la_villarroel","http:\/\/instagram.com\/la_villarroel","http:\/\/www.youtube.com\/user\/LaVillarroel#p\/u"]}]}},"translations":[{"id":4097,"locale":"ca"},{"id":4098,"locale":"es"}],"_links":{"self":[{"href":"https:\/\/www.lavillarroel.cat\/es\/wp-json\/wp\/v2\/ex\/4098","targetHints":{"allow":["GET"]}}],"collection":[{"href":"https:\/\/www.lavillarroel.cat\/es\/wp-json\/wp\/v2\/ex"}],"about":[{"href":"https:\/\/www.lavillarroel.cat\/es\/wp-json\/wp\/v2\/types\/ex"}],"author":[{"embeddable":true,"href":"https:\/\/www.lavillarroel.cat\/es\/wp-json\/wp\/v2\/users\/2"}],"replies":[{"embeddable":true,"href":"https:\/\/www.lavillarroel.cat\/es\/wp-json\/wp\/v2\/comments?post=4098"}],"acf:term":[{"embeddable":true,"taxonomy":"season","href":"https:\/\/www.lavillarroel.cat\/es\/wp-json\/wp\/v2\/season\/102"}],"wp:attachment":[{"href":"https:\/\/www.lavillarroel.cat\/es\/wp-json\/wp\/v2\/media?parent=4098"}],"curies":[{"name":"wp","href":"https:\/\/api.w.org\/{rel}","templated":true}]}}