{"id":4171,"date":"2025-09-04T16:40:26","date_gmt":"2025-09-04T14:40:26","guid":{"rendered":"https:\/\/www.lavillarroel.cat\/ex\/goteborg\/"},"modified":"2026-01-26T16:06:57","modified_gmt":"2026-01-26T15:06:57","slug":"goteborg","status":"publish","type":"ex","link":"https:\/\/www.lavillarroel.cat\/es\/ex\/goteborg\/","title":{"rendered":"G\u00f6teborg"},"content":{"rendered":"","protected":false},"excerpt":{"rendered":"","protected":false},"author":2,"featured_media":0,"comment_status":"closed","ping_status":"closed","template":"","class_list":["post-4171","ex","type-ex","status-publish","hentry","season-2025-26"],"acf":{"txt_synopsis":"<p><strong>\u00bfQu\u00e9 habr\u00eda pasado si hubiera pasado? Una pregunta. Una noche. Una \u00faltima oportunidad.<\/strong><\/p>\r\n<p>Despu\u00e9s de treinta y dos a\u00f1os de silencio, Paula se presenta en casa de Sergi con una propuesta urgente: reconstruir la \u00faltima noche del viaje en Gotemburgo donde su conexi\u00f3n se rompi\u00f3 por siempre jam\u00e1s. Armados solo con un viejo diario y recuerdos fragmentados, tienen una sola noche para resolver el misterio del que realmente pas\u00f3. <\/p>\r\n<p>A contrarreloj, y con la presencia de sus \"yo\" de dieciocho a\u00f1os, el reencuentro se convierte en un interrogatorio cruzado sobre el amor, la memoria y las segundas oportunidades. Pero, que busca realmente Paula: \u00bfcerrar un caso pendiente o reabrir una puerta que nunca se tendr\u00eda que haber cerrado? <\/p>\r\n<p>Este proyecto ha recibido una beca para la creaci\u00f3n literaria para autores consolidados de la Instituci\u00f3 de les Lletres Catalanes. <\/p>\r\n<p>&nbsp;<\/p>","main_buy_link":"https:\/\/tickets.oneboxtds.com\/lavillarroel\/events\/47917?hl=es-ES","main_buy_links":"[\"https:\/\/tickets.oneboxtds.com\/lavillarroel\/events\/47917?hl=es-ES\"]","group_buy_link":"https:\/\/www.promentrada.com\/es\/programacion\/c\/1811-goteborg-grupos.html","show_language":"Espect\u00e1culo en catal\u00e1n","show_duration":"90","show_start_date":"20251220000000","show_end_date":"20260201000000","show_sort_date":"20251220000000","txt_custom_show_dates":"hasta el 1 de febrero de 2026 ","show_disciplines":"11","show_ultimes_funcions":false,"hide_tarifes_especials":false,"show_properament":false,"txt_additional_info":"<p>Recomendado a partir de 12 a\u00f1os.<\/p>\r\n<p>&nbsp;<\/p>","txt_present":"","show_season":[102],"txt_season":"[\"2025\/26\"]","txt_cycle":"","txt_claim":"\u00bfQu\u00e9 habr\u00eda pasado si hubiera pasado? Una pregunta. Una noche. Una \u00faltima oportunidad. ","txt_cast_excerpt":"","txt_cast":"<p>Autor\u00eda y direcci\u00f3n: <strong>Jordi Casanovas <\/strong><\/p>\r\n<p>Int\u00e9rpretes <br \/><strong>Maria Molins <br \/>Roger Coma <br \/>Berta Rabascall <br \/>Jan Mediavilla <\/strong><\/p>\r\n<p>Escenograf\u00eda: <strong>Paula Bosch <br \/><\/strong>Vestuario: <strong>Bernat Grau <br \/><\/strong>Iluminaci\u00f3n: <strong>Sylvia Kuchinow<br \/><\/strong>Dise\u00f1o de sonido:<strong> Jordi Salvad\u00f3<br \/><\/strong>Spot y v\u00eddeo promocional: <strong>Llu\u00eds Arb\u00f3s (Dolma Studio)<\/strong><\/p>\r\n<p>Direcci\u00f3n de producci\u00f3n: <strong>Carles Manrique <br \/><\/strong>Direcci\u00f3n t\u00e9cnica:<strong> \u00c0ngel Puertas <\/strong><\/p>\r\n<p>Ayudant\u00eda de direcci\u00f3n:<strong> Blanca Caminal<\/strong> <br \/>Ayudant\u00eda de producci\u00f3n: <strong>Fran Torrella <br \/><\/strong>Regidur\u00eda: <strong>Montse Alacuart <br \/><\/strong>Peluquer\u00eda y maquillaje: <strong>Maru Errando <br \/><\/strong>Jefa t\u00e9cnica del teatro: <strong>Marta P\u00e9rez<\/strong> <\/p>\r\n<p>Spot y v\u00eddeo promocional: <strong>Llu\u00eds Arb\u00f3s (Dolma Studio)&nbsp; <br \/><\/strong>Marketing y comunicaci\u00f3n: <strong>La Tremenda<\/strong> <br \/>Marketing y comunicaci\u00f3n del teatro: <strong>La Villarroel<\/strong> <br \/>Reportaje fotogr\u00e1fico:<strong> David Ruano<\/strong> <br \/>Dise\u00f1o gr\u00e1fico: <strong>Maria Picass\u00f3<\/strong>&nbsp;<\/p>\r\n<p>Colaboradores: <strong>Teatre municipal de Canet <\/strong><\/p>\r\n<p>Con el apoyo de: <strong>ICEC \u2013 Departament de Cultura de la Generalitat de Catalunya <\/strong><\/p>\r\n<p>Distribuci\u00f3n: <strong>MAGNETICA MANAGEMENT<\/strong> <\/p>\r\n<p>Es una producci\u00f3n de <strong>VELVET EVENTS S.L. <\/strong><\/p>","txt_reviews":"Oriol Puig Taul\u00e9|El Pa\u00eds|\"Como un 'Regreso al futuro' en versi\u00f3n teatral, o la posibilidad de cambiar nuestro pasado que muchos hemos deseado. \u00bfNos atrever\u00edamos?\" \r\nOriol Osan|N\u00favol|\"Una pieza sobre la redenci\u00f3n y las segundas oportunidades\"\r\nJordi Bordes|El Punt Avui|\"Bonito y sugerente viaje al recuerdo y al olvido\" ","hashtag":"Goteborg","have_promo":"","slogan":"","id_exhibicio":2320,"id_versio":1813,"id_local":4,"txt_seo_desc":"G\u00f6teborg a La Villarroel de Barcelona","data_images":"[{\"localizer\":\"V4CARTELL\",\"url\":\"media\/ver\/cartell\/v4\/3170E\/01_089_00059362\/CARTELL_WEB_goteborg.jpg\",\"thumb_url\":\"\",\"title\":\"G\u00f6tebrog - La Villarroel\",\"description\":\"goteborg a la villarroel\",\"copyright\":\"\",\"order\":13},{\"localizer\":\"V3SLIDE\",\"url\":\"media\/ftgalslide\/v3\/31710\/01_086_00059509\/14_GOTEBORG_Villarroel_Escena_(c)_David_Ruano.jpg\",\"thumb_url\":\"media\/ftgalslide\/v3\/31710\/01_086_00059509\/14_GOTEBORG_Villarroel_Escena_(c)_David_Ruano_thumb.jpg\",\"title\":\"G\u00f6teborg - La Villarroel - Barcelona\",\"description\":\"goteborg a la villarroel de barcelona\",\"copyright\":\"https:\/\/youtu.be\/GPxEOjQ9jeE\",\"order\":21},{\"localizer\":\"V3SLIDE\",\"url\":\"media\/ftgalslide\/v3\/31710\/01_086_00059511\/20_GOTEBORG_Villarroel_Escena_(c)_David_Ruano.jpg\",\"thumb_url\":\"media\/ftgalslide\/v3\/31710\/01_086_00059511\/20_GOTEBORG_Villarroel_Escena_(c)_David_Ruano_thumb.jpg\",\"title\":\"G\u00f6teborg - La Villarroel - Barcelona\",\"description\":\"goteborg a la villarroel de barcelona\",\"copyright\":\"\",\"order\":23},{\"localizer\":\"V3SLIDE\",\"url\":\"media\/ftgalslide\/v3\/31710\/01_086_00059512\/19_GOTEBORG_Villarroel_Escena_(c)_David_Ruano.jpg\",\"thumb_url\":\"media\/ftgalslide\/v3\/31710\/01_086_00059512\/19_GOTEBORG_Villarroel_Escena_(c)_David_Ruano_thumb.jpg\",\"title\":\"G\u00f6teborg - La Villarroel - Barcelona\",\"description\":\"G\u00f6teborg - La Villarroel - Barcelona\",\"copyright\":\"\",\"order\":24},{\"localizer\":\"V4PORTADAWIDEMOBILE\",\"url\":\"media\/ver\/port\/wide\/mobile\/v4\/31769\/01_092_00059555\/VILLARROEL-Portada_Mobile_828x1800_(1).jpg\",\"thumb_url\":\"\",\"title\":\"G\u00f6teborg - La Villarroel\",\"description\":\"goteborg a la villarroel\",\"copyright\":\"\",\"order\":28},{\"localizer\":\"V4PORTADA\",\"url\":\"media\/ver\/port\/v4\/31769\/01_090_00059556\/VILLARROEL-Portada_1.jpg\",\"thumb_url\":\"\",\"title\":\"G\u00f6teborg - La Villarroel\",\"description\":\"goteborg a la villarroel\",\"copyright\":\"\",\"order\":29},{\"localizer\":\"V4PORTADAWIDE\",\"url\":\"media\/ver\/port\/wide\/v4\/31769\/01_091_00059567\/VILLARROEL-Portada_0_2880x1260_1_(1).jpg\",\"thumb_url\":\"\",\"title\":\"G\u00f6teborg - La Villarroel\",\"description\":\"goteborg a la villarroel\",\"copyright\":\"\",\"order\":30}]","material__texto_intro":"","data_material":null,"data_gallery":"","data_discounts":"[]","contract_is_open":false,"in_tour":false},"yoast_head":"<!-- This site is optimized with the Yoast SEO plugin v27.4 - https:\/\/yoast.com\/product\/yoast-seo-wordpress\/ -->\n<title>G\u00f6teborg - La Villarroel<\/title>\n<meta name=\"robots\" content=\"index, follow, max-snippet:-1, max-image-preview:large, max-video-preview:-1\" \/>\n<link rel=\"canonical\" href=\"https:\/\/www.lavillarroel.cat\/es\/ex\/goteborg\/\" \/>\n<script type=\"application\/ld+json\" class=\"yoast-schema-graph\">{\"@context\":\"https:\\\/\\\/schema.org\",\"@graph\":[{\"@type\":\"WebPage\",\"@id\":\"https:\\\/\\\/www.lavillarroel.cat\\\/es\\\/ex\\\/goteborg\\\/\",\"url\":\"https:\\\/\\\/www.lavillarroel.cat\\\/es\\\/ex\\\/goteborg\\\/\",\"name\":\"G\u00f6teborg - La Villarroel\",\"isPartOf\":{\"@id\":\"https:\\\/\\\/www.lavillarroel.cat\\\/es\\\/#website\"},\"datePublished\":\"2025-09-04T14:40:26+00:00\",\"dateModified\":\"2026-01-26T15:06:57+00:00\",\"breadcrumb\":{\"@id\":\"https:\\\/\\\/www.lavillarroel.cat\\\/es\\\/ex\\\/goteborg\\\/#breadcrumb\"},\"inLanguage\":\"es\",\"potentialAction\":[{\"@type\":\"ReadAction\",\"target\":[\"https:\\\/\\\/www.lavillarroel.cat\\\/es\\\/ex\\\/goteborg\\\/\"]}]},{\"@type\":\"BreadcrumbList\",\"@id\":\"https:\\\/\\\/www.lavillarroel.cat\\\/es\\\/ex\\\/goteborg\\\/#breadcrumb\",\"itemListElement\":[{\"@type\":\"ListItem\",\"position\":1,\"name\":\"Inici\",\"item\":\"https:\\\/\\\/www.lavillarroel.cat\\\/es\\\/\"},{\"@type\":\"ListItem\",\"position\":2,\"name\":\"Espectacles\",\"item\":\"https:\\\/\\\/www.lavillarroel.cat\\\/es\\\/ex\\\/\"},{\"@type\":\"ListItem\",\"position\":3,\"name\":\"G\u00f6teborg\"}]},{\"@type\":\"WebSite\",\"@id\":\"https:\\\/\\\/www.lavillarroel.cat\\\/es\\\/#website\",\"url\":\"https:\\\/\\\/www.lavillarroel.cat\\\/es\\\/\",\"name\":\"La Villarroel\",\"description\":\"\",\"publisher\":{\"@id\":\"https:\\\/\\\/www.lavillarroel.cat\\\/es\\\/#organization\"},\"potentialAction\":[{\"@type\":\"SearchAction\",\"target\":{\"@type\":\"EntryPoint\",\"urlTemplate\":\"https:\\\/\\\/www.lavillarroel.cat\\\/es\\\/?s={search_term_string}\"},\"query-input\":{\"@type\":\"PropertyValueSpecification\",\"valueRequired\":true,\"valueName\":\"search_term_string\"}}],\"inLanguage\":\"es\"},{\"@type\":\"Organization\",\"@id\":\"https:\\\/\\\/www.lavillarroel.cat\\\/es\\\/#organization\",\"name\":\"La Villarroel\",\"url\":\"https:\\\/\\\/www.lavillarroel.cat\\\/es\\\/\",\"logo\":{\"@type\":\"ImageObject\",\"inLanguage\":\"es\",\"@id\":\"https:\\\/\\\/www.lavillarroel.cat\\\/es\\\/#\\\/schema\\\/logo\\\/image\\\/\",\"url\":\"https:\\\/\\\/www.lavillarroel.cat\\\/wp-content\\\/uploads\\\/sites\\\/5\\\/2017\\\/09\\\/teatre-villaroel-logo.svg\",\"contentUrl\":\"https:\\\/\\\/www.lavillarroel.cat\\\/wp-content\\\/uploads\\\/sites\\\/5\\\/2017\\\/09\\\/teatre-villaroel-logo.svg\",\"width\":1,\"height\":1,\"caption\":\"La Villarroel\"},\"image\":{\"@id\":\"https:\\\/\\\/www.lavillarroel.cat\\\/es\\\/#\\\/schema\\\/logo\\\/image\\\/\"},\"sameAs\":[\"http:\\\/\\\/www.facebook.com\\\/TeatreVillarroel\",\"https:\\\/\\\/x.com\\\/la_villarroel\",\"http:\\\/\\\/instagram.com\\\/la_villarroel\",\"http:\\\/\\\/www.youtube.com\\\/user\\\/LaVillarroel#p\\\/u\"]}]}<\/script>\n<!-- \/ Yoast SEO plugin. -->","yoast_head_json":{"title":"G\u00f6teborg - La Villarroel","robots":{"index":"index","follow":"follow","max-snippet":"max-snippet:-1","max-image-preview":"max-image-preview:large","max-video-preview":"max-video-preview:-1"},"canonical":"https:\/\/www.lavillarroel.cat\/es\/ex\/goteborg\/","schema":{"@context":"https:\/\/schema.org","@graph":[{"@type":"WebPage","@id":"https:\/\/www.lavillarroel.cat\/es\/ex\/goteborg\/","url":"https:\/\/www.lavillarroel.cat\/es\/ex\/goteborg\/","name":"G\u00f6teborg - La Villarroel","isPartOf":{"@id":"https:\/\/www.lavillarroel.cat\/es\/#website"},"datePublished":"2025-09-04T14:40:26+00:00","dateModified":"2026-01-26T15:06:57+00:00","breadcrumb":{"@id":"https:\/\/www.lavillarroel.cat\/es\/ex\/goteborg\/#breadcrumb"},"inLanguage":"es","potentialAction":[{"@type":"ReadAction","target":["https:\/\/www.lavillarroel.cat\/es\/ex\/goteborg\/"]}]},{"@type":"BreadcrumbList","@id":"https:\/\/www.lavillarroel.cat\/es\/ex\/goteborg\/#breadcrumb","itemListElement":[{"@type":"ListItem","position":1,"name":"Inici","item":"https:\/\/www.lavillarroel.cat\/es\/"},{"@type":"ListItem","position":2,"name":"Espectacles","item":"https:\/\/www.lavillarroel.cat\/es\/ex\/"},{"@type":"ListItem","position":3,"name":"G\u00f6teborg"}]},{"@type":"WebSite","@id":"https:\/\/www.lavillarroel.cat\/es\/#website","url":"https:\/\/www.lavillarroel.cat\/es\/","name":"La Villarroel","description":"","publisher":{"@id":"https:\/\/www.lavillarroel.cat\/es\/#organization"},"potentialAction":[{"@type":"SearchAction","target":{"@type":"EntryPoint","urlTemplate":"https:\/\/www.lavillarroel.cat\/es\/?s={search_term_string}"},"query-input":{"@type":"PropertyValueSpecification","valueRequired":true,"valueName":"search_term_string"}}],"inLanguage":"es"},{"@type":"Organization","@id":"https:\/\/www.lavillarroel.cat\/es\/#organization","name":"La Villarroel","url":"https:\/\/www.lavillarroel.cat\/es\/","logo":{"@type":"ImageObject","inLanguage":"es","@id":"https:\/\/www.lavillarroel.cat\/es\/#\/schema\/logo\/image\/","url":"https:\/\/www.lavillarroel.cat\/wp-content\/uploads\/sites\/5\/2017\/09\/teatre-villaroel-logo.svg","contentUrl":"https:\/\/www.lavillarroel.cat\/wp-content\/uploads\/sites\/5\/2017\/09\/teatre-villaroel-logo.svg","width":1,"height":1,"caption":"La Villarroel"},"image":{"@id":"https:\/\/www.lavillarroel.cat\/es\/#\/schema\/logo\/image\/"},"sameAs":["http:\/\/www.facebook.com\/TeatreVillarroel","https:\/\/x.com\/la_villarroel","http:\/\/instagram.com\/la_villarroel","http:\/\/www.youtube.com\/user\/LaVillarroel#p\/u"]}]}},"translations":[{"id":4170,"locale":"ca"},{"id":4171,"locale":"es"}],"_links":{"self":[{"href":"https:\/\/www.lavillarroel.cat\/es\/wp-json\/wp\/v2\/ex\/4171","targetHints":{"allow":["GET"]}}],"collection":[{"href":"https:\/\/www.lavillarroel.cat\/es\/wp-json\/wp\/v2\/ex"}],"about":[{"href":"https:\/\/www.lavillarroel.cat\/es\/wp-json\/wp\/v2\/types\/ex"}],"author":[{"embeddable":true,"href":"https:\/\/www.lavillarroel.cat\/es\/wp-json\/wp\/v2\/users\/2"}],"replies":[{"embeddable":true,"href":"https:\/\/www.lavillarroel.cat\/es\/wp-json\/wp\/v2\/comments?post=4171"}],"acf:term":[{"embeddable":true,"taxonomy":"season","href":"https:\/\/www.lavillarroel.cat\/es\/wp-json\/wp\/v2\/season\/102"}],"wp:attachment":[{"href":"https:\/\/www.lavillarroel.cat\/es\/wp-json\/wp\/v2\/media?parent=4171"}],"curies":[{"name":"wp","href":"https:\/\/api.w.org\/{rel}","templated":true}]}}