{"id":4177,"date":"2025-09-04T16:44:02","date_gmt":"2025-09-04T14:44:02","guid":{"rendered":"https:\/\/www.lavillarroel.cat\/ex\/mal-de-coracon\/"},"modified":"2026-04-01T13:51:44","modified_gmt":"2026-04-01T11:51:44","slug":"mal-de-coracon","status":"publish","type":"ex","link":"https:\/\/www.lavillarroel.cat\/es\/ex\/mal-de-coracon\/","title":{"rendered":"MAL DE CORA\u00c7ON"},"content":{"rendered":"","protected":false},"excerpt":{"rendered":"","protected":false},"author":2,"featured_media":0,"comment_status":"closed","ping_status":"closed","template":"","class_list":["post-4177","ex","type-ex","status-publish","hentry","season-2025-26"],"acf":{"txt_synopsis":"<p><strong>Misterio, humor y m\u00edstica<\/strong><\/p>\r\n<p><em>Mal de cora\u00e7on<\/em> es una de las maneras con las que Santa Teresa nombra su enfermedad. No se sabe con certeza qu\u00e9 padec\u00eda exactamente, pero lo que s\u00ed es evidente es que su relaci\u00f3n con el dolor era fuerte e intensa. <\/p>\r\n<p>En nuestra obra, tres personajes ag\u00f3nicos y medio alcoholizados, que sufren alg\u00fan dolor en el alma, se encuentran en un bar. Un espacio que, como el convento, re\u00fane a gente que de alguna manera necesita huir de la cotidianidad. Almas sedientas, fieles al lugar que habitan, que pueden tener visiones, si no m\u00edsticas, al menos distorsionadas. <\/p>\r\n<p>Una camarera, que en realidad es actriz, prepara un casting para un musical sobre Santa Teresa; un enamorado resentido y medio paranoico que cree que su pareja lo ha dejado por Dios, y un profesor de filosof\u00eda moribundo y fracasado que desea ser redimido. Antih\u00e9roes sin rumbo que no encuentran su lugar en el mundo. Afuera, un diluvio ha detenido la ciudad.<\/p>","main_buy_link":"https:\/\/tickets.oneboxtds.com\/lavillarroel\/events\/47998?hl=es-ES","main_buy_links":"[\"https:\/\/tickets.oneboxtds.com\/lavillarroel\/events\/47998?hl=es-ES\"]","group_buy_link":"https:\/\/www.promentrada.com\/es\/programacion\/c\/1833-mal-de-coracon-grupos.html","show_language":"Espect\u00e1culo en catal\u00e1n y castellano","show_duration":"90","show_start_date":"20260521000000","show_end_date":"20260621000000","show_sort_date":"20260521000000","txt_custom_show_dates":"","show_disciplines":"11","show_ultimes_funcions":false,"hide_tarifes_especials":false,"show_properament":false,"txt_additional_info":"Recomendado a partir de 16 a\u00f1os","txt_present":"","show_season":[102],"txt_season":"[\"2025\/26\"]","txt_cycle":"","txt_claim":"Misterio, humor y m\u00edstica","txt_cast_excerpt":"","txt_cast":"<p>Autor\u00eda: <strong>Victoria Szpunberg <br><\/strong>Direcci\u00f3n: <strong>Andrea Jim\u00e9nez<\/strong><\/p><p><br>Int\u00e9rpretes <br><strong>J\u00falia Barcel\u00f3<\/strong> \u00bf Maria <br><strong>Pol L\u00f3pez<\/strong> \u00bf Profesor <br><strong>Pau Vinyals<\/strong> \u00bf Enamorado<\/p><p><br>Escenograf\u00eda: <strong>Judit Colomer Mascar\u00f3<\/strong> <br>Vestuario: <strong>Adriana Parra<\/strong> <br>Iluminaci\u00f3n: <strong>Conchita Pons <br><\/strong>Espacio sonoro: <strong>Lucas Ariel Vallejo <br><\/strong>Movimiento: <strong>Amaya Galeote<\/strong><\/p><p><br>Direcci\u00f3n de producci\u00f3n:<strong> J\u00falia Molins <br><\/strong>Producci\u00f3n ejecutiva:<strong> Maria G. Rovell\u00f3 <br><\/strong>Direcci\u00f3n t\u00e9cnica:<strong> Oriol Ib\u00e1\u00f1ez <\/strong><\/p><p><br>Ayudant\u00eda de direcci\u00f3n: <strong>Rita Molina Vallicrosa <br><\/strong>Ayudant\u00eda de escenograf\u00eda: <strong>Idoia Costa <br><\/strong>Jefe t\u00e9cnico del teatro: <strong>Andr\u00e9s Piza<\/strong><\/p><p><br>Alumnos en pr\u00e1cticas:<strong> John Correa<\/strong><\/p><p><br>Marketing y comunicaci\u00f3n: <strong>J\u00falia Barcel\u00f3<\/strong> <br>Marketing y comunicaci\u00f3n del teatro: <strong>La Villarroel <br><\/strong>Reportaje fotogr\u00e1fico: <strong>Caterina Barjau <\/strong><\/p><p><br>Agradecimientos: <strong>Maria Lurdes de las Carmelitas Descalzas del carrer Immaculada, Maria Manonelles, Mariona Giner, Ingrid Guardiola, Sabina Witt, Margarita Witt, Marc Rosich y Mar G\u00f3mez Glenz<\/strong><\/p><p><br>Distribuci\u00f3n: <strong>J\u00falia Sim\u00f3 \u00bf Cassandra Projectes art\u00edstics <\/strong><\/p><p><br>Es una producci\u00f3n de <strong>Companyia Solit\u00e0ria y Teatre Nacional de Catalunya <br><\/strong><\/p>","txt_reviews":"Norman Mars\u00e0|En Platea| \u201cUnas sobresalientes interpretaciones\u201d \r\nAna Prieto Nadal|N\u00favol| \u201cEl tr\u00edo actoral, absolutamente formidable, lleva el juego esc\u00e9nico hasta sus \u00faltimas consecuencias.\u201d \r\nManuel P\u00e9rez i Mu\u00f1oz|El Peri\u00f3dico|\u201cLa energ\u00eda e imaginaci\u00f3n desatadas de la direcci\u00f3n de Andrea Jim\u00e9nez y la entrega de los tres int\u00e9rpretes desbordan los l\u00edmites del escenario.\u201d","hashtag":"Maldecora\u00e7on","have_promo":"","slogan":"","id_exhibicio":2327,"id_versio":1816,"id_local":4,"txt_seo_desc":"Mal de cora\u00e7on a La Villarroel del Barcelona","data_images":"[{\"localizer\":\"V3SLIDE\",\"url\":\"media\/ftgalslide\/v3\/2026\/03\/60ef72e1-674d-4726-be58-d5a9a06cc038.jpg\",\"thumb_url\":\"media\/ftgalslide\/v3\/2026\/03\/60ef72e1-674d-4726-be58-d5a9a06cc038.jpg\",\"title\":\"Mal de cora\u00e7on a La Villarroel de Barcelona\",\"description\":\"<p>Mal&nbsp;de&nbsp;cora\u00e7on&nbsp;a&nbsp;La&nbsp;Villarroel&nbsp;de&nbsp;Barcelona<\/p>\",\"copyright\":\"\",\"order\":1},{\"localizer\":\"V3SLIDE\",\"url\":\"media\/ftgalslide\/v3\/2026\/03\/cef53ba2-def2-4880-a181-cbc96692311f.jpg\",\"thumb_url\":\"media\/ftgalslide\/v3\/2026\/03\/cef53ba2-def2-4880-a181-cbc96692311f.jpg\",\"title\":\"Mal de cora\u00e7on a La Villarroel de Barcelona\",\"description\":\"<p>Mal&nbsp;de&nbsp;cora\u00e7on&nbsp;a&nbsp;La&nbsp;Villarroel&nbsp;de&nbsp;Barcelona<\/p>\",\"copyright\":\"\",\"order\":2},{\"localizer\":\"V3SLIDE\",\"url\":\"media\/ftgalslide\/v3\/2026\/03\/527a51f3-4a3c-4c78-aecc-0acd2e462917.jpg\",\"thumb_url\":\"media\/ftgalslide\/v3\/2026\/03\/527a51f3-4a3c-4c78-aecc-0acd2e462917.jpg\",\"title\":\"Mal de cora\u00e7on a La Villarroel de Barcelona\",\"description\":\"<p>Mal&nbsp;de&nbsp;cora\u00e7on&nbsp;a&nbsp;La&nbsp;Villarroel&nbsp;de&nbsp;Barcelona<\/p>\",\"copyright\":\"\",\"order\":3},{\"localizer\":\"V4CARTELL\",\"url\":\"media\/ver\/cartell\/v4\/3170D\/01_089_00059184\/CARTELL_WEB_maldecoraso.jpg\",\"thumb_url\":\"media\/ver\/cartell\/v4\/3170D\/01_089_00059184\/CARTELL_WEB_maldecoraso.jpg\",\"title\":\"Mal de cora\u00e7on -  La Villarroel - Barcelona\",\"description\":\"mal de corazon a la villarroel de barcelona\",\"copyright\":\"\",\"order\":3},{\"localizer\":\"V4PORTADA\",\"url\":\"media\/ver\/port\/v4\/2026\/03\/e426e1b8-8d60-4b8a-8c34-fdf0ee9f8041.jpg\",\"thumb_url\":\"media\/ver\/port\/v4\/2026\/03\/e426e1b8-8d60-4b8a-8c34-fdf0ee9f8041.jpg\",\"title\":\"Mal de cora\u00e7on -  La Villarroel - Barcelona\",\"description\":\"mal de corazon a la villarroel de barcelona\",\"copyright\":\"\",\"order\":2},{\"localizer\":\"V4PORTADAMOBILE\",\"url\":\"media\/ver\/portmob\/v4\/3170D\/01_093_00059185\/PORTADA_MOBILE_maldecoraso.jpg\",\"thumb_url\":\"media\/ver\/portmob\/v4\/3170D\/01_093_00059185\/PORTADA_MOBILE_maldecoraso.jpg\",\"title\":\"Mal de cora\u00e7on -  La Villarroel - Barcelona\",\"description\":\"mal de corazon a la villarroel de barcelona\",\"copyright\":\"\",\"order\":4},{\"localizer\":\"V4PORTADAWIDE\",\"url\":\"media\/ver\/port\/wide\/v4\/2026\/03\/76bb6b6b-90cb-496c-aa57-ac82f39bd8d6.jpg\",\"thumb_url\":\"media\/ver\/port\/wide\/v4\/2026\/03\/76bb6b6b-90cb-496c-aa57-ac82f39bd8d6.jpg\",\"title\":\"Mal de cora\u00e7on -  La Villarroel - Barcelona\",\"description\":\"mal de corazon a la villarroel de barcelona\",\"copyright\":\"\",\"order\":1},{\"localizer\":\"V4PORTADAWIDEMOBILE\",\"url\":\"media\/ver\/port\/wide\/mobile\/v4\/2026\/03\/c606bf61-1491-4970-b5d6-60f1339a4fee.jpg\",\"thumb_url\":\"media\/ver\/port\/wide\/mobile\/v4\/2026\/03\/c606bf61-1491-4970-b5d6-60f1339a4fee.jpg\",\"title\":\"Mal de cora\u00e7on  - La Villarroel\",\"description\":\"<p>mal&nbsp;de&nbsp;cora\u00e7on&nbsp;a&nbsp;la&nbsp;villarroel<\/p>\",\"copyright\":\"\",\"order\":0}]","material__texto_intro":"","data_material":null,"data_gallery":"","data_discounts":"[]","contract_is_open":false,"in_tour":false},"yoast_head":"<!-- This site is optimized with the Yoast SEO plugin v27.4 - https:\/\/yoast.com\/product\/yoast-seo-wordpress\/ -->\n<title>MAL DE CORA\u00c7ON - La Villarroel<\/title>\n<meta name=\"robots\" content=\"index, follow, max-snippet:-1, max-image-preview:large, max-video-preview:-1\" \/>\n<link rel=\"canonical\" href=\"https:\/\/www.lavillarroel.cat\/es\/ex\/mal-de-coracon\/\" \/>\n<script type=\"application\/ld+json\" class=\"yoast-schema-graph\">{\"@context\":\"https:\\\/\\\/schema.org\",\"@graph\":[{\"@type\":\"WebPage\",\"@id\":\"https:\\\/\\\/www.lavillarroel.cat\\\/es\\\/ex\\\/mal-de-coracon\\\/\",\"url\":\"https:\\\/\\\/www.lavillarroel.cat\\\/es\\\/ex\\\/mal-de-coracon\\\/\",\"name\":\"MAL DE CORA\u00c7ON - La Villarroel\",\"isPartOf\":{\"@id\":\"https:\\\/\\\/www.lavillarroel.cat\\\/es\\\/#website\"},\"datePublished\":\"2025-09-04T14:44:02+00:00\",\"dateModified\":\"2026-04-01T11:51:44+00:00\",\"breadcrumb\":{\"@id\":\"https:\\\/\\\/www.lavillarroel.cat\\\/es\\\/ex\\\/mal-de-coracon\\\/#breadcrumb\"},\"inLanguage\":\"es\",\"potentialAction\":[{\"@type\":\"ReadAction\",\"target\":[\"https:\\\/\\\/www.lavillarroel.cat\\\/es\\\/ex\\\/mal-de-coracon\\\/\"]}]},{\"@type\":\"BreadcrumbList\",\"@id\":\"https:\\\/\\\/www.lavillarroel.cat\\\/es\\\/ex\\\/mal-de-coracon\\\/#breadcrumb\",\"itemListElement\":[{\"@type\":\"ListItem\",\"position\":1,\"name\":\"Inici\",\"item\":\"https:\\\/\\\/www.lavillarroel.cat\\\/es\\\/\"},{\"@type\":\"ListItem\",\"position\":2,\"name\":\"Espectacles\",\"item\":\"https:\\\/\\\/www.lavillarroel.cat\\\/es\\\/ex\\\/\"},{\"@type\":\"ListItem\",\"position\":3,\"name\":\"MAL DE CORA\u00c7ON\"}]},{\"@type\":\"WebSite\",\"@id\":\"https:\\\/\\\/www.lavillarroel.cat\\\/es\\\/#website\",\"url\":\"https:\\\/\\\/www.lavillarroel.cat\\\/es\\\/\",\"name\":\"La Villarroel\",\"description\":\"\",\"publisher\":{\"@id\":\"https:\\\/\\\/www.lavillarroel.cat\\\/es\\\/#organization\"},\"potentialAction\":[{\"@type\":\"SearchAction\",\"target\":{\"@type\":\"EntryPoint\",\"urlTemplate\":\"https:\\\/\\\/www.lavillarroel.cat\\\/es\\\/?s={search_term_string}\"},\"query-input\":{\"@type\":\"PropertyValueSpecification\",\"valueRequired\":true,\"valueName\":\"search_term_string\"}}],\"inLanguage\":\"es\"},{\"@type\":\"Organization\",\"@id\":\"https:\\\/\\\/www.lavillarroel.cat\\\/es\\\/#organization\",\"name\":\"La Villarroel\",\"url\":\"https:\\\/\\\/www.lavillarroel.cat\\\/es\\\/\",\"logo\":{\"@type\":\"ImageObject\",\"inLanguage\":\"es\",\"@id\":\"https:\\\/\\\/www.lavillarroel.cat\\\/es\\\/#\\\/schema\\\/logo\\\/image\\\/\",\"url\":\"https:\\\/\\\/www.lavillarroel.cat\\\/wp-content\\\/uploads\\\/sites\\\/5\\\/2017\\\/09\\\/teatre-villaroel-logo.svg\",\"contentUrl\":\"https:\\\/\\\/www.lavillarroel.cat\\\/wp-content\\\/uploads\\\/sites\\\/5\\\/2017\\\/09\\\/teatre-villaroel-logo.svg\",\"width\":1,\"height\":1,\"caption\":\"La Villarroel\"},\"image\":{\"@id\":\"https:\\\/\\\/www.lavillarroel.cat\\\/es\\\/#\\\/schema\\\/logo\\\/image\\\/\"},\"sameAs\":[\"http:\\\/\\\/www.facebook.com\\\/TeatreVillarroel\",\"https:\\\/\\\/x.com\\\/la_villarroel\",\"http:\\\/\\\/instagram.com\\\/la_villarroel\",\"http:\\\/\\\/www.youtube.com\\\/user\\\/LaVillarroel#p\\\/u\"]}]}<\/script>\n<!-- \/ Yoast SEO plugin. -->","yoast_head_json":{"title":"MAL DE CORA\u00c7ON - La Villarroel","robots":{"index":"index","follow":"follow","max-snippet":"max-snippet:-1","max-image-preview":"max-image-preview:large","max-video-preview":"max-video-preview:-1"},"canonical":"https:\/\/www.lavillarroel.cat\/es\/ex\/mal-de-coracon\/","schema":{"@context":"https:\/\/schema.org","@graph":[{"@type":"WebPage","@id":"https:\/\/www.lavillarroel.cat\/es\/ex\/mal-de-coracon\/","url":"https:\/\/www.lavillarroel.cat\/es\/ex\/mal-de-coracon\/","name":"MAL DE CORA\u00c7ON - La Villarroel","isPartOf":{"@id":"https:\/\/www.lavillarroel.cat\/es\/#website"},"datePublished":"2025-09-04T14:44:02+00:00","dateModified":"2026-04-01T11:51:44+00:00","breadcrumb":{"@id":"https:\/\/www.lavillarroel.cat\/es\/ex\/mal-de-coracon\/#breadcrumb"},"inLanguage":"es","potentialAction":[{"@type":"ReadAction","target":["https:\/\/www.lavillarroel.cat\/es\/ex\/mal-de-coracon\/"]}]},{"@type":"BreadcrumbList","@id":"https:\/\/www.lavillarroel.cat\/es\/ex\/mal-de-coracon\/#breadcrumb","itemListElement":[{"@type":"ListItem","position":1,"name":"Inici","item":"https:\/\/www.lavillarroel.cat\/es\/"},{"@type":"ListItem","position":2,"name":"Espectacles","item":"https:\/\/www.lavillarroel.cat\/es\/ex\/"},{"@type":"ListItem","position":3,"name":"MAL DE CORA\u00c7ON"}]},{"@type":"WebSite","@id":"https:\/\/www.lavillarroel.cat\/es\/#website","url":"https:\/\/www.lavillarroel.cat\/es\/","name":"La Villarroel","description":"","publisher":{"@id":"https:\/\/www.lavillarroel.cat\/es\/#organization"},"potentialAction":[{"@type":"SearchAction","target":{"@type":"EntryPoint","urlTemplate":"https:\/\/www.lavillarroel.cat\/es\/?s={search_term_string}"},"query-input":{"@type":"PropertyValueSpecification","valueRequired":true,"valueName":"search_term_string"}}],"inLanguage":"es"},{"@type":"Organization","@id":"https:\/\/www.lavillarroel.cat\/es\/#organization","name":"La Villarroel","url":"https:\/\/www.lavillarroel.cat\/es\/","logo":{"@type":"ImageObject","inLanguage":"es","@id":"https:\/\/www.lavillarroel.cat\/es\/#\/schema\/logo\/image\/","url":"https:\/\/www.lavillarroel.cat\/wp-content\/uploads\/sites\/5\/2017\/09\/teatre-villaroel-logo.svg","contentUrl":"https:\/\/www.lavillarroel.cat\/wp-content\/uploads\/sites\/5\/2017\/09\/teatre-villaroel-logo.svg","width":1,"height":1,"caption":"La Villarroel"},"image":{"@id":"https:\/\/www.lavillarroel.cat\/es\/#\/schema\/logo\/image\/"},"sameAs":["http:\/\/www.facebook.com\/TeatreVillarroel","https:\/\/x.com\/la_villarroel","http:\/\/instagram.com\/la_villarroel","http:\/\/www.youtube.com\/user\/LaVillarroel#p\/u"]}]}},"translations":[{"id":4176,"locale":"ca"},{"id":4177,"locale":"es"}],"_links":{"self":[{"href":"https:\/\/www.lavillarroel.cat\/es\/wp-json\/wp\/v2\/ex\/4177","targetHints":{"allow":["GET"]}}],"collection":[{"href":"https:\/\/www.lavillarroel.cat\/es\/wp-json\/wp\/v2\/ex"}],"about":[{"href":"https:\/\/www.lavillarroel.cat\/es\/wp-json\/wp\/v2\/types\/ex"}],"author":[{"embeddable":true,"href":"https:\/\/www.lavillarroel.cat\/es\/wp-json\/wp\/v2\/users\/2"}],"replies":[{"embeddable":true,"href":"https:\/\/www.lavillarroel.cat\/es\/wp-json\/wp\/v2\/comments?post=4177"}],"acf:term":[{"embeddable":true,"taxonomy":"season","href":"https:\/\/www.lavillarroel.cat\/es\/wp-json\/wp\/v2\/season\/102"}],"wp:attachment":[{"href":"https:\/\/www.lavillarroel.cat\/es\/wp-json\/wp\/v2\/media?parent=4177"}],"curies":[{"name":"wp","href":"https:\/\/api.w.org\/{rel}","templated":true}]}}