{"id":4197,"date":"2025-09-08T17:42:02","date_gmt":"2025-09-08T15:42:02","guid":{"rendered":"https:\/\/www.lavillarroel.cat\/ex\/dama-dictadura\/"},"modified":"2025-10-14T11:12:26","modified_gmt":"2025-10-14T09:12:26","slug":"dama-dictadura","status":"publish","type":"ex","link":"https:\/\/www.lavillarroel.cat\/es\/ex\/dama-dictadura\/","title":{"rendered":"Dama dictadura"},"content":{"rendered":"","protected":false},"excerpt":{"rendered":"","protected":false},"author":2,"featured_media":0,"comment_status":"closed","ping_status":"closed","template":"","class_list":["post-4197","ex","type-ex","status-publish","hentry","season-2025-26"],"acf":{"txt_synopsis":"<p><strong>Un retrato de Carmen Polo a partir de la est\u00e9tica de la m\u00edtica revista \u00a1HOLA!.<\/strong> <br \/><br \/>Carmen Polo, la esposa de Francisco Franco. La excusa perfecta para hablar sobre la herencia que nos ha dejado la moral franquista en este pa\u00eds, y sobre todo para hablar de las cacer\u00edas; las cacer\u00edas de Carmen por sus collares, la cacer\u00eda de Franco hacia Carmen, las cacer\u00edas que organizan las clases altas y las cacer\u00edas de la ultraderecha contra personas vulnerables. Todo un recorrido y un punto de vista muy subjetivo de lo que podr\u00eda ser o podr\u00eda haber sido.<\/p>\r\n<p>Cine live, postales, fotograf\u00edas, material de archivo, m\u00fasica, performance... Dama dictadura es un juego esc\u00e9nico que salta de la realidad a la ficci\u00f3n, de la historia oficial al delirio, para mostrar la herencia fascista que nos dej\u00f3 la dictadura franquista. 50 a\u00f1os despu\u00e9s de la muerte del dictador, su mujer sale de caza. \u00a1D\u00e9jate sorprender!<br \/><\/p>","main_buy_link":"https:\/\/tickets.oneboxtds.com\/lavillarroel\/events\/48143?hl=es-ES","main_buy_links":"[\"https:\/\/tickets.oneboxtds.com\/lavillarroel\/events\/48143?hl=es-ES\"]","group_buy_link":"","show_language":"Espect\u00e1culo en catal\u00e1n","show_duration":"75","show_start_date":"20251104000000","show_end_date":"20251104000000","show_sort_date":"20251104000000","txt_custom_show_dates":"el 4 de noviembre de 2025 ","show_disciplines":"11","show_ultimes_funcions":false,"hide_tarifes_especials":false,"show_properament":false,"txt_additional_info":"Recomendado a partir de 14 a\u00f1os.","txt_present":"","show_season":[102],"txt_season":"[\"2025\/26\"]","txt_cycle":"RBLS","txt_claim":"Un retrato de Carmen Polo a partir de la est\u00e9tica de la m\u00edtica revista \u00a1HOLA!. ","txt_cast_excerpt":"","txt_cast":"<p>Creaci\u00f3n: <strong>Hermanas Picohueso<\/strong><br \/>Direcci\u00f3n y dramaturgia: <strong>Lluki Portas<br \/><\/strong><br \/>Int\u00e9rpretes:<br \/><strong>Josep Orfila<\/strong> \u2013 Carmen Polo<br \/><strong>Lluki Portas<\/strong> \u2013 Franco<br \/><br \/>Escenograf\u00eda y vestuario: <strong>Josep Orfila<br \/><\/strong>Iluminaci\u00f3n: <strong>Gal\u00b7la Peire Camps<\/strong><br \/>Espacio sonoro: <strong>Mon Joan Tiquat<\/strong><br \/>Videocreaci\u00f3n: <strong>Marc Homar<\/strong><br \/>Caracterizaci\u00f3n: <strong>Josep Orfila<br \/><\/strong><br \/>Direcci\u00f3n de producci\u00f3n: <strong>Gal\u00b7la Peire<\/strong><br \/>Producci\u00f3n ejecutiva: <strong>Aina Juanet<\/strong><br \/>Direcci\u00f3n y coordinaci\u00f3n t\u00e9cnica: <strong>Marc Homar<\/strong><br \/><br \/>Asesor\u00eda de dramaturgia: <strong>Catalina Florit y Andr\u00e9s Lima<\/strong><br \/>T\u00e9cnico de luces y sonido: <strong>Marc Homar<\/strong><br \/>Jefa t\u00e9cnica del teatro: <strong>Marta P\u00e9rez<\/strong><br \/><br \/>Confecci\u00f3n del vestuario: <strong>Ant\u00f2nia Camia<\/strong><br \/><br \/>Alumna en pr\u00e1cticas: <strong>Marina Salas Burguer<\/strong><br \/><br \/>Marketing y comunicaci\u00f3n: <strong>Cintia de Luis y Gypsy Nel\u00b7lo<br \/><\/strong>Marketing y comunicaci\u00f3n del teatro:<strong> La Villarroel<br \/><\/strong>Reportaje fotogr\u00e1fico: <strong>Joan Porcel<\/strong><br \/>Dise\u00f1o gr\u00e1fico: <strong>Diego Ingold<\/strong><\/p>\r\n<p>Colaboradores: <strong>La Nau Ivanow, Teatre Principal d\u2019Inca, Teatre Sa Societat de Calvi\u00e0, Teatre d\u2019Art\u00e0 y Espai el TUB<\/strong><\/p>\r\n<p>Agradecimientos: <strong>Neus Tur, Neus Sunyer, Eudalt Daltabuit, Miquel Ramos, Jaume Nieto, Margalida Miguel-G\u00f3mara, Currusca Collado, Lu\u00eds Bar\u00f3, Kake Portas, Adela Torras Morel, Tiago Rama, Cristina Barald\u00e9s, \u00c0ngels Queralt, Luc\u00eda S\u00e1nchez, Cristina Bugallo, F\u00e0tima Riera, Toni Gomila, Carme Amengual, Catalina Caldentey, Miquel \u00c0ngel Ray\u00f3 y Rafel Fiol<br \/><\/strong><br \/>Con el apoyo del <strong>Consell de Mallorca y el Departament de Cultura de la Generalitat de Catalunya<\/strong><br \/><br \/>Distribuci\u00f3n: <strong>Cintia de Luis y Gypsy Nel\u00b7lo<br \/><\/strong><br \/>Es una coproducci\u00f3n de <strong>Hermanas Picohueso con el Teatre Principal de Palma<br \/><\/strong><\/p>","txt_reviews":"Judit Mart\u00ednez Gili|Crit Cultural|\u201cEl espect\u00e1culo est\u00e1 lleno de propuestas muy ingeniosas y dispositivos divertid\u00edsimos que requieren una complejidad t\u00e9cnica admirable.\u201d\r\nGuillermo Mart\u00ednez|P\u00fablico|\u201cUn justo y medido relato que no ensombrece la t\u00f3nica humor\u00edstica que se eleva a lo largo de la obra.\u201d\r\nMart\u00ed Figueras|N\u00favol|\u201cExplica nuestro pasado con humor negro, sin dejar de intercalar la verdad hist\u00f3rica y la denuncia directa.\u201d","hashtag":"DamaDictadura","have_promo":"","slogan":"","id_exhibicio":2337,"id_versio":1826,"id_local":4,"txt_seo_desc":"","data_images":"[{\"localizer\":\"V4PORTADAWIDE\",\"url\":\"media\/ver\/port\/wide\/v4\/3170D\/01_091_00059244\/PORTADA_0_DamaDictadu.jpg\",\"thumb_url\":\"\",\"title\":\"Dama dictadura - La Villarroel\",\"description\":\"dama dictadura a la villarroel\",\"copyright\":\"\",\"order\":1},{\"localizer\":\"V4PORTADA\",\"url\":\"media\/ver\/port\/v4\/3170D\/01_090_00059245\/PORTADA_1_DamaDictadu.jpg\",\"thumb_url\":\"\",\"title\":\"Dama dictadura - La Villarroel\",\"description\":\"dama dictadura a la villarroel\",\"copyright\":\"\",\"order\":2},{\"localizer\":\"V4PORTADAWIDEMOBILE\",\"url\":\"media\/ver\/port\/wide\/mobile\/v4\/3170D\/01_092_00059246\/PORTADA_MOBILE_DamaDictadu.jpg\",\"thumb_url\":\"\",\"title\":\"Dama dictadura - La Villarroel\",\"description\":\"dama dictadura a la villarroel\",\"copyright\":\"\",\"order\":3},{\"localizer\":\"V4CARTELL\",\"url\":\"media\/ver\/cartell\/v4\/3170D\/01_089_00059247\/CARTELL_WEB_DamaDictadu.jpg\",\"thumb_url\":\"\",\"title\":\"Dama dictadura - La Villarroel\",\"description\":\"dama dictadura a la villarroel\",\"copyright\":\"\",\"order\":4},{\"localizer\":\"V3SLIDE\",\"url\":\"media\/ftgalslide\/v3\/3170D\/01_086_00059248\/Disseny_sense_titol_(38).jpg\",\"thumb_url\":\"media\/ftgalslide\/v3\/3170D\/01_086_00059248\/Disseny_sense_titol_(38)_thumb.jpg\",\"title\":\"Dama dictadura - La Villarroel\",\"description\":\"dama dictadura a la villarroel\",\"copyright\":\"\",\"order\":5},{\"localizer\":\"V3SLIDE\",\"url\":\"media\/ftgalslide\/v3\/3170D\/01_086_00059249\/Disseny_sense_titol_(40).jpg\",\"thumb_url\":\"media\/ftgalslide\/v3\/3170D\/01_086_00059249\/Disseny_sense_titol_(40)_thumb.jpg\",\"title\":\"Dama dictadura - La Villarroel\",\"description\":\"dama dictadura a la villarroel\",\"copyright\":\"\",\"order\":6},{\"localizer\":\"V3SLIDE\",\"url\":\"media\/ftgalslide\/v3\/3170D\/01_086_00059250\/Disseny_sense_titol_(39).jpg\",\"thumb_url\":\"media\/ftgalslide\/v3\/3170D\/01_086_00059250\/Disseny_sense_titol_(39)_thumb.jpg\",\"title\":\"Dama dictadura - La Villarroel\",\"description\":\"dama dictadura a la villarroel\",\"copyright\":\"\",\"order\":7}]","material__texto_intro":"","data_material":null,"data_gallery":"","data_discounts":"[]","contract_is_open":false,"in_tour":false},"yoast_head":"<!-- This site is optimized with the Yoast SEO plugin v27.5 - https:\/\/yoast.com\/product\/yoast-seo-wordpress\/ -->\n<title>Dama dictadura - La Villarroel<\/title>\n<meta name=\"robots\" content=\"index, follow, max-snippet:-1, max-image-preview:large, max-video-preview:-1\" \/>\n<link rel=\"canonical\" href=\"https:\/\/www.lavillarroel.cat\/es\/ex\/dama-dictadura\/\" \/>\n<script type=\"application\/ld+json\" class=\"yoast-schema-graph\">{\"@context\":\"https:\\\/\\\/schema.org\",\"@graph\":[{\"@type\":\"WebPage\",\"@id\":\"https:\\\/\\\/www.lavillarroel.cat\\\/es\\\/ex\\\/dama-dictadura\\\/\",\"url\":\"https:\\\/\\\/www.lavillarroel.cat\\\/es\\\/ex\\\/dama-dictadura\\\/\",\"name\":\"Dama dictadura - La Villarroel\",\"isPartOf\":{\"@id\":\"https:\\\/\\\/www.lavillarroel.cat\\\/es\\\/#website\"},\"datePublished\":\"2025-09-08T15:42:02+00:00\",\"dateModified\":\"2025-10-14T09:12:26+00:00\",\"breadcrumb\":{\"@id\":\"https:\\\/\\\/www.lavillarroel.cat\\\/es\\\/ex\\\/dama-dictadura\\\/#breadcrumb\"},\"inLanguage\":\"es\",\"potentialAction\":[{\"@type\":\"ReadAction\",\"target\":[\"https:\\\/\\\/www.lavillarroel.cat\\\/es\\\/ex\\\/dama-dictadura\\\/\"]}]},{\"@type\":\"BreadcrumbList\",\"@id\":\"https:\\\/\\\/www.lavillarroel.cat\\\/es\\\/ex\\\/dama-dictadura\\\/#breadcrumb\",\"itemListElement\":[{\"@type\":\"ListItem\",\"position\":1,\"name\":\"Inici\",\"item\":\"https:\\\/\\\/www.lavillarroel.cat\\\/es\\\/\"},{\"@type\":\"ListItem\",\"position\":2,\"name\":\"Espectacles\",\"item\":\"https:\\\/\\\/www.lavillarroel.cat\\\/es\\\/ex\\\/\"},{\"@type\":\"ListItem\",\"position\":3,\"name\":\"Dama dictadura\"}]},{\"@type\":\"WebSite\",\"@id\":\"https:\\\/\\\/www.lavillarroel.cat\\\/es\\\/#website\",\"url\":\"https:\\\/\\\/www.lavillarroel.cat\\\/es\\\/\",\"name\":\"La Villarroel\",\"description\":\"\",\"publisher\":{\"@id\":\"https:\\\/\\\/www.lavillarroel.cat\\\/es\\\/#organization\"},\"potentialAction\":[{\"@type\":\"SearchAction\",\"target\":{\"@type\":\"EntryPoint\",\"urlTemplate\":\"https:\\\/\\\/www.lavillarroel.cat\\\/es\\\/?s={search_term_string}\"},\"query-input\":{\"@type\":\"PropertyValueSpecification\",\"valueRequired\":true,\"valueName\":\"search_term_string\"}}],\"inLanguage\":\"es\"},{\"@type\":\"Organization\",\"@id\":\"https:\\\/\\\/www.lavillarroel.cat\\\/es\\\/#organization\",\"name\":\"La Villarroel\",\"url\":\"https:\\\/\\\/www.lavillarroel.cat\\\/es\\\/\",\"logo\":{\"@type\":\"ImageObject\",\"inLanguage\":\"es\",\"@id\":\"https:\\\/\\\/www.lavillarroel.cat\\\/es\\\/#\\\/schema\\\/logo\\\/image\\\/\",\"url\":\"https:\\\/\\\/www.lavillarroel.cat\\\/wp-content\\\/uploads\\\/sites\\\/5\\\/2017\\\/09\\\/teatre-villaroel-logo.svg\",\"contentUrl\":\"https:\\\/\\\/www.lavillarroel.cat\\\/wp-content\\\/uploads\\\/sites\\\/5\\\/2017\\\/09\\\/teatre-villaroel-logo.svg\",\"width\":1,\"height\":1,\"caption\":\"La Villarroel\"},\"image\":{\"@id\":\"https:\\\/\\\/www.lavillarroel.cat\\\/es\\\/#\\\/schema\\\/logo\\\/image\\\/\"},\"sameAs\":[\"http:\\\/\\\/www.facebook.com\\\/TeatreVillarroel\",\"https:\\\/\\\/x.com\\\/la_villarroel\",\"http:\\\/\\\/instagram.com\\\/la_villarroel\",\"http:\\\/\\\/www.youtube.com\\\/user\\\/LaVillarroel#p\\\/u\"]}]}<\/script>\n<!-- \/ Yoast SEO plugin. -->","yoast_head_json":{"title":"Dama dictadura - La Villarroel","robots":{"index":"index","follow":"follow","max-snippet":"max-snippet:-1","max-image-preview":"max-image-preview:large","max-video-preview":"max-video-preview:-1"},"canonical":"https:\/\/www.lavillarroel.cat\/es\/ex\/dama-dictadura\/","schema":{"@context":"https:\/\/schema.org","@graph":[{"@type":"WebPage","@id":"https:\/\/www.lavillarroel.cat\/es\/ex\/dama-dictadura\/","url":"https:\/\/www.lavillarroel.cat\/es\/ex\/dama-dictadura\/","name":"Dama dictadura - La Villarroel","isPartOf":{"@id":"https:\/\/www.lavillarroel.cat\/es\/#website"},"datePublished":"2025-09-08T15:42:02+00:00","dateModified":"2025-10-14T09:12:26+00:00","breadcrumb":{"@id":"https:\/\/www.lavillarroel.cat\/es\/ex\/dama-dictadura\/#breadcrumb"},"inLanguage":"es","potentialAction":[{"@type":"ReadAction","target":["https:\/\/www.lavillarroel.cat\/es\/ex\/dama-dictadura\/"]}]},{"@type":"BreadcrumbList","@id":"https:\/\/www.lavillarroel.cat\/es\/ex\/dama-dictadura\/#breadcrumb","itemListElement":[{"@type":"ListItem","position":1,"name":"Inici","item":"https:\/\/www.lavillarroel.cat\/es\/"},{"@type":"ListItem","position":2,"name":"Espectacles","item":"https:\/\/www.lavillarroel.cat\/es\/ex\/"},{"@type":"ListItem","position":3,"name":"Dama dictadura"}]},{"@type":"WebSite","@id":"https:\/\/www.lavillarroel.cat\/es\/#website","url":"https:\/\/www.lavillarroel.cat\/es\/","name":"La Villarroel","description":"","publisher":{"@id":"https:\/\/www.lavillarroel.cat\/es\/#organization"},"potentialAction":[{"@type":"SearchAction","target":{"@type":"EntryPoint","urlTemplate":"https:\/\/www.lavillarroel.cat\/es\/?s={search_term_string}"},"query-input":{"@type":"PropertyValueSpecification","valueRequired":true,"valueName":"search_term_string"}}],"inLanguage":"es"},{"@type":"Organization","@id":"https:\/\/www.lavillarroel.cat\/es\/#organization","name":"La Villarroel","url":"https:\/\/www.lavillarroel.cat\/es\/","logo":{"@type":"ImageObject","inLanguage":"es","@id":"https:\/\/www.lavillarroel.cat\/es\/#\/schema\/logo\/image\/","url":"https:\/\/www.lavillarroel.cat\/wp-content\/uploads\/sites\/5\/2017\/09\/teatre-villaroel-logo.svg","contentUrl":"https:\/\/www.lavillarroel.cat\/wp-content\/uploads\/sites\/5\/2017\/09\/teatre-villaroel-logo.svg","width":1,"height":1,"caption":"La Villarroel"},"image":{"@id":"https:\/\/www.lavillarroel.cat\/es\/#\/schema\/logo\/image\/"},"sameAs":["http:\/\/www.facebook.com\/TeatreVillarroel","https:\/\/x.com\/la_villarroel","http:\/\/instagram.com\/la_villarroel","http:\/\/www.youtube.com\/user\/LaVillarroel#p\/u"]}]}},"translations":[{"id":4196,"locale":"ca"},{"id":4197,"locale":"es"}],"_links":{"self":[{"href":"https:\/\/www.lavillarroel.cat\/es\/wp-json\/wp\/v2\/ex\/4197","targetHints":{"allow":["GET"]}}],"collection":[{"href":"https:\/\/www.lavillarroel.cat\/es\/wp-json\/wp\/v2\/ex"}],"about":[{"href":"https:\/\/www.lavillarroel.cat\/es\/wp-json\/wp\/v2\/types\/ex"}],"author":[{"embeddable":true,"href":"https:\/\/www.lavillarroel.cat\/es\/wp-json\/wp\/v2\/users\/2"}],"replies":[{"embeddable":true,"href":"https:\/\/www.lavillarroel.cat\/es\/wp-json\/wp\/v2\/comments?post=4197"}],"acf:term":[{"embeddable":true,"taxonomy":"season","href":"https:\/\/www.lavillarroel.cat\/es\/wp-json\/wp\/v2\/season\/102"}],"wp:attachment":[{"href":"https:\/\/www.lavillarroel.cat\/es\/wp-json\/wp\/v2\/media?parent=4197"}],"curies":[{"name":"wp","href":"https:\/\/api.w.org\/{rel}","templated":true}]}}