{"id":4441,"date":"2026-09-03T16:11:51","date_gmt":"2026-09-03T14:11:51","guid":{"rendered":"https:\/\/www.lavillarroel.cat\/ex\/dices-tomate\/"},"modified":"2026-09-03T17:28:50","modified_gmt":"2026-09-03T15:28:50","slug":"you-say-tomato","status":"publish","type":"ex","link":"https:\/\/www.lavillarroel.cat\/es\/ex\/you-say-tomato\/","title":{"rendered":"You say tomato"},"content":{"rendered":"","protected":false},"excerpt":{"rendered":"","protected":false},"author":2,"featured_media":0,"comment_status":"closed","ping_status":"closed","template":"","class_list":["post-4441","ex","type-ex","status-publish","hentry"],"acf":{"txt_synopsis":"<p><strong>Una comedia sobre los sue\u00f1os no cumplidos y la banda sonora de nuestras vidas<\/strong> <\/p><p>Ros\u00f3 y Santi, una pareja que lleva 15 a\u00f1os compartiendo vida y proyecto musical, llegan a los 37 a\u00f1os cuestion\u00e1ndose el sentido de todo lo que han sacrificado por un sue\u00f1o que nunca se ha hecho realidad. Despu\u00e9s de a\u00f1os de renuncias y esfuerzos, se plantean dejarlo con un \u00faltimo concierto. Pero... \u00bfdejar la m\u00fasica o dejar la relaci\u00f3n? <br><\/p>","main_buy_link":"https:\/\/tickets.oneboxtds.com\/lavillarroel\/events\/58919?hl=ca-ES  ","main_buy_links":"[\"https:\/\/tickets.oneboxtds.com\/lavillarroel\/events\/58919?hl=ca-ES  \"]","group_buy_link":"https:\/\/www.promentrada.com\/es\/programacion\/c\/2159-you-say-tomato-grupos.html","show_language":"Espect\u00e1culo en catal\u00e1n","show_duration":"70","show_start_date":"20270220000000","show_end_date":"20270313000000","show_sort_date":"20270220000000","txt_custom_show_dates":"","show_disciplines":"7","show_ultimes_funcions":false,"hide_tarifes_especials":false,"show_properament":false,"txt_additional_info":"<p>Recomendado para <strong>todos los p\u00fablicos<\/strong> <\/p>","txt_present":"","show_season":false,"txt_season":"[\"2026\/27\"]","txt_cycle":"","txt_claim":"<p>Y si ahora, \u00bflo dej\u00e1ramos estar? Hemos cruzado el pa\u00eds en coche innumerables veces, hemos actuado en locales ruinosos, hemos mantenido largas y pesadas conversaciones con empresarios indeseables y nos hemos dejado la piel en cada concierto; hemos renunciado a amigos, a aficiones y a ratos de ocio, hemos regalado nuestras vacaciones, nuestras horas de sue\u00f1o, hemos dejado de viajar; lo hemos dado literalmente todo por conseguir nuestro sue\u00f1o. Pero hoy tenemos 40 a\u00f1os y poco a poco empezamos a darnos cuenta de que la vida que hab\u00edamos so\u00f1ado no tiene nada que ver con esta. Entonces, \u00bfpor qu\u00e9 no lo dejamos aqu\u00ed? Simplemente. \u00bfPor qu\u00e9 no nos despedimos con un \u00faltimo gran concierto y lo dejamos aqu\u00ed?<br \/><br \/><\/p>","txt_cast_excerpt":"","txt_cast":"<p>Autor\u00eda: <strong>Joan Yago<\/strong> <\/p><p> <\/p><p>Direcci\u00f3n y dramaturgia:<strong> Joan Maria Segura<\/strong> <br>Coreograf\u00eda: <strong>Joan Maria Segura Bernadas<\/strong> <br>Direcci\u00f3n musical y arreglos: <strong>Xavier Mestres<\/strong> <br>Dise\u00f1o de espacio y vestuario: <strong>Albert Pascual<\/strong> <br>Dise\u00f1o de iluminaci\u00f3n:<strong> Marc Salicr\u00fa<\/strong> <\/p><p> <\/p><p>Int\u00e9rpretes: <strong>Anna Moliner y Joan Negri\u00e9<\/strong> <\/p><p> <\/p><p>Producci\u00f3n ejecutiva:<strong> Joan Negri\u00e9<\/strong> <br>Productor: <strong>Eloi Isern<\/strong> <br>Producci\u00f3n en gira: <strong>Manel Torres<\/strong> <br>Gerencia: <strong>Manel Torres<\/strong> <\/p><p> <\/p><p>Ayudant\u00eda de vestuario: <strong>Paloma Arza<\/strong> <br>Asesoramiento de caracterizaci\u00f3n: <strong>\u00c0ngels Salinas<\/strong> <br>Responsable t\u00e9cnico: <strong>Ramon Beneito<\/strong> <br>Jefe t\u00e9cnico del teatro: <strong>Andr\u00e9s Piza<\/strong><\/p><p> <\/p><p>Prensa: <strong>Laia Mar\u00edn<\/strong> <br>Marketing y comunicaci\u00f3n del teatro: <strong>La Villarroel<\/strong> <br>Dise\u00f1o gr\u00e1fico y fotograf\u00edas:<strong> Jordi Egea y Albert Ru\u00e9<\/strong> <\/p><p> <\/p><p> <\/p><p> <\/p><p>Agradecimientos: <strong>N\u00faria Cartany\u00e0, Raimon Borrell, Mediaframe TV, Estudios de grabaci\u00f3n La Rulot y Carme Negri\u00e9<\/strong> <\/p><p> <\/p><p>Distribuci\u00f3n: <strong>Mar Puig<\/strong> <\/p><p> <\/p><p>Es una producci\u00f3n de<strong> Sala Trono con la colaboraci\u00f3n de Sala Muntaner<\/strong> <\/p>","txt_reviews":"","hashtag":"YouSayTomato","have_promo":"","slogan":"","id_exhibicio":2416,"id_versio":1537,"id_local":4,"txt_seo_desc":"Anna Molin\u00e9 y Joan Negri\u00e9 presentan en el Teatre Condal de Barcelona el espect\u00e1culo You Say Tomato, una obra de Joan Yago dirigida por Joan Maria Segura.","data_images":"[{\"localizer\":\"V3SLIDE\",\"url\":\"media\/ftgalslide\/v3\/315DF\/01_086_00054309\/IMG_0961.JPG\",\"thumb_url\":\"media\/ftgalslide\/v3\/315DF\/01_086_00054309\/IMG_0961_thumb.jpg\",\"title\":\"You Say Tomato - Teatre Condal\",\"description\":\"you say tomato al teatre condal de barcelona\",\"copyright\":\"\",\"order\":5},{\"localizer\":\"V3SLIDE\",\"url\":\"media\/ftgalslide\/v3\/3163D\/01_086_00055589\/DSC_1916_2.jpg\",\"thumb_url\":\"media\/ftgalslide\/v3\/3163D\/01_086_00055589\/DSC_1916_2_thumb.jpg\",\"title\":\"You say tomato - Teatre Condal\",\"description\":\"you say tomato al teatre condal de barcelona\",\"copyright\":\"\",\"order\":8},{\"localizer\":\"V4CARTELL\",\"url\":\"media\/ver\/cartell\/v4\/2026\/08\/338249ed-d1ae-43cd-9e96-b9c7f5c04840.jpg\",\"thumb_url\":\"media\/ver\/cartell\/v4\/2026\/08\/4559c8dc-27a1-45db-9eba-0be8bb3a0a82.jpg\",\"title\":\"You say tomato - La Villarroel\",\"description\":\"<p>you&nbsp;say&nbsp;tomato&nbsp;a&nbsp;la&nbsp;villarroel<\/p>\",\"copyright\":\"\",\"order\":0},{\"localizer\":\"V4PORTADA\",\"url\":\"media\/ver\/port\/v4\/2026\/08\/81531f82-a1cf-4cc4-a47a-a22aab76e1bb.jpg\",\"thumb_url\":\"media\/ver\/port\/v4\/2026\/08\/2a561137-5967-4d09-9c79-68ad4dfc24f7.jpg\",\"title\":\"You say tomato - La Villarroel\",\"description\":\"<p>you&nbsp;say&nbsp;tomato&nbsp;a&nbsp;la&nbsp;villarroel<\/p>\",\"copyright\":\"\",\"order\":0},{\"localizer\":\"V4PORTADAWIDE\",\"url\":\"media\/ver\/port\/wide\/v4\/2026\/08\/e9c2b5f2-18cb-4148-a63d-a3eec2b7af75.jpg\",\"thumb_url\":\"media\/ver\/port\/wide\/v4\/2026\/08\/3eb237bc-608d-431b-b911-2e25326b51df.jpg\",\"title\":\"You say tomato - La Villarroel\",\"description\":\"<p>you&nbsp;say&nbsp;tomato&nbsp;en&nbsp;la&nbsp;villarroel<\/p>\",\"copyright\":\"\",\"order\":0},{\"localizer\":\"V4PORTADAWIDEMOBILE\",\"url\":\"media\/ver\/port\/wide\/mobile\/v4\/2026\/08\/b270874c-f6c3-4540-b9e3-d0154045ca72.jpg\",\"thumb_url\":\"media\/ver\/port\/wide\/mobile\/v4\/2026\/08\/b0adced0-355e-4474-bfdf-a0c1b35da7bb.jpg\",\"title\":\"You say tomato - La Villarroel\",\"description\":\"<p>you&nbsp;say&nbsp;tomato&nbsp;a&nbsp;la&nbsp;villarroel<\/p>\",\"copyright\":\"\",\"order\":0}]","material__texto_intro":"","data_material":null,"data_gallery":"","data_discounts":"[]","contract_is_open":false,"in_tour":false},"yoast_head":"<!-- This site is optimized with the Yoast SEO plugin v28.4 - https:\/\/yoast.com\/product\/yoast-seo-wordpress\/ -->\n<title>You say tomato - La Villarroel<\/title>\n<meta name=\"robots\" content=\"index, follow, max-snippet:-1, max-image-preview:large, max-video-preview:-1\" \/>\n<link rel=\"canonical\" href=\"https:\/\/www.lavillarroel.cat\/es\/ex\/you-say-tomato\/\" \/>\n<script type=\"application\/ld+json\" class=\"yoast-schema-graph\">{\"@context\":\"https:\\\/\\\/schema.org\",\"@graph\":[{\"@type\":\"WebPage\",\"@id\":\"https:\\\/\\\/www.lavillarroel.cat\\\/es\\\/ex\\\/you-say-tomato\\\/\",\"url\":\"https:\\\/\\\/www.lavillarroel.cat\\\/es\\\/ex\\\/you-say-tomato\\\/\",\"name\":\"You say tomato - La Villarroel\",\"isPartOf\":{\"@id\":\"https:\\\/\\\/www.lavillarroel.cat\\\/es\\\/#website\"},\"datePublished\":\"2026-09-03T14:11:51+00:00\",\"dateModified\":\"2026-09-03T15:28:50+00:00\",\"breadcrumb\":{\"@id\":\"https:\\\/\\\/www.lavillarroel.cat\\\/es\\\/ex\\\/you-say-tomato\\\/#breadcrumb\"},\"inLanguage\":\"es\",\"potentialAction\":[{\"@type\":\"ReadAction\",\"target\":[\"https:\\\/\\\/www.lavillarroel.cat\\\/es\\\/ex\\\/you-say-tomato\\\/\"]}]},{\"@type\":\"BreadcrumbList\",\"@id\":\"https:\\\/\\\/www.lavillarroel.cat\\\/es\\\/ex\\\/you-say-tomato\\\/#breadcrumb\",\"itemListElement\":[{\"@type\":\"ListItem\",\"position\":1,\"name\":\"Inici\",\"item\":\"https:\\\/\\\/www.lavillarroel.cat\\\/es\\\/\"},{\"@type\":\"ListItem\",\"position\":2,\"name\":\"Espectacles\",\"item\":\"https:\\\/\\\/www.lavillarroel.cat\\\/es\\\/ex\\\/\"},{\"@type\":\"ListItem\",\"position\":3,\"name\":\"You say tomato\"}]},{\"@type\":\"WebSite\",\"@id\":\"https:\\\/\\\/www.lavillarroel.cat\\\/es\\\/#website\",\"url\":\"https:\\\/\\\/www.lavillarroel.cat\\\/es\\\/\",\"name\":\"La Villarroel\",\"description\":\"\",\"publisher\":{\"@id\":\"https:\\\/\\\/www.lavillarroel.cat\\\/es\\\/#organization\"},\"potentialAction\":[{\"@type\":\"SearchAction\",\"target\":{\"@type\":\"EntryPoint\",\"urlTemplate\":\"https:\\\/\\\/www.lavillarroel.cat\\\/es\\\/?s={search_term_string}\"},\"query-input\":{\"@type\":\"PropertyValueSpecification\",\"valueRequired\":true,\"valueName\":\"search_term_string\"}}],\"inLanguage\":\"es\"},{\"@type\":\"Organization\",\"@id\":\"https:\\\/\\\/www.lavillarroel.cat\\\/es\\\/#organization\",\"name\":\"La Villarroel\",\"url\":\"https:\\\/\\\/www.lavillarroel.cat\\\/es\\\/\",\"logo\":{\"@type\":\"ImageObject\",\"inLanguage\":\"es\",\"@id\":\"https:\\\/\\\/www.lavillarroel.cat\\\/es\\\/#\\\/schema\\\/logo\\\/image\\\/\",\"url\":\"https:\\\/\\\/www.lavillarroel.cat\\\/wp-content\\\/uploads\\\/sites\\\/5\\\/2017\\\/09\\\/teatre-villaroel-logo.svg\",\"contentUrl\":\"https:\\\/\\\/www.lavillarroel.cat\\\/wp-content\\\/uploads\\\/sites\\\/5\\\/2017\\\/09\\\/teatre-villaroel-logo.svg\",\"width\":1,\"height\":1,\"caption\":\"La Villarroel\"},\"image\":{\"@id\":\"https:\\\/\\\/www.lavillarroel.cat\\\/es\\\/#\\\/schema\\\/logo\\\/image\\\/\"},\"sameAs\":[\"http:\\\/\\\/www.facebook.com\\\/TeatreVillarroel\",\"https:\\\/\\\/x.com\\\/la_villarroel\",\"http:\\\/\\\/instagram.com\\\/la_villarroel\",\"http:\\\/\\\/www.youtube.com\\\/user\\\/LaVillarroel#p\\\/u\"]}]}<\/script>\n<!-- \/ Yoast SEO plugin. -->","yoast_head_json":{"title":"You say tomato - La Villarroel","robots":{"index":"index","follow":"follow","max-snippet":"max-snippet:-1","max-image-preview":"max-image-preview:large","max-video-preview":"max-video-preview:-1"},"canonical":"https:\/\/www.lavillarroel.cat\/es\/ex\/you-say-tomato\/","schema":{"@context":"https:\/\/schema.org","@graph":[{"@type":"WebPage","@id":"https:\/\/www.lavillarroel.cat\/es\/ex\/you-say-tomato\/","url":"https:\/\/www.lavillarroel.cat\/es\/ex\/you-say-tomato\/","name":"You say tomato - La Villarroel","isPartOf":{"@id":"https:\/\/www.lavillarroel.cat\/es\/#website"},"datePublished":"2026-09-03T14:11:51+00:00","dateModified":"2026-09-03T15:28:50+00:00","breadcrumb":{"@id":"https:\/\/www.lavillarroel.cat\/es\/ex\/you-say-tomato\/#breadcrumb"},"inLanguage":"es","potentialAction":[{"@type":"ReadAction","target":["https:\/\/www.lavillarroel.cat\/es\/ex\/you-say-tomato\/"]}]},{"@type":"BreadcrumbList","@id":"https:\/\/www.lavillarroel.cat\/es\/ex\/you-say-tomato\/#breadcrumb","itemListElement":[{"@type":"ListItem","position":1,"name":"Inici","item":"https:\/\/www.lavillarroel.cat\/es\/"},{"@type":"ListItem","position":2,"name":"Espectacles","item":"https:\/\/www.lavillarroel.cat\/es\/ex\/"},{"@type":"ListItem","position":3,"name":"You say tomato"}]},{"@type":"WebSite","@id":"https:\/\/www.lavillarroel.cat\/es\/#website","url":"https:\/\/www.lavillarroel.cat\/es\/","name":"La Villarroel","description":"","publisher":{"@id":"https:\/\/www.lavillarroel.cat\/es\/#organization"},"potentialAction":[{"@type":"SearchAction","target":{"@type":"EntryPoint","urlTemplate":"https:\/\/www.lavillarroel.cat\/es\/?s={search_term_string}"},"query-input":{"@type":"PropertyValueSpecification","valueRequired":true,"valueName":"search_term_string"}}],"inLanguage":"es"},{"@type":"Organization","@id":"https:\/\/www.lavillarroel.cat\/es\/#organization","name":"La Villarroel","url":"https:\/\/www.lavillarroel.cat\/es\/","logo":{"@type":"ImageObject","inLanguage":"es","@id":"https:\/\/www.lavillarroel.cat\/es\/#\/schema\/logo\/image\/","url":"https:\/\/www.lavillarroel.cat\/wp-content\/uploads\/sites\/5\/2017\/09\/teatre-villaroel-logo.svg","contentUrl":"https:\/\/www.lavillarroel.cat\/wp-content\/uploads\/sites\/5\/2017\/09\/teatre-villaroel-logo.svg","width":1,"height":1,"caption":"La Villarroel"},"image":{"@id":"https:\/\/www.lavillarroel.cat\/es\/#\/schema\/logo\/image\/"},"sameAs":["http:\/\/www.facebook.com\/TeatreVillarroel","https:\/\/x.com\/la_villarroel","http:\/\/instagram.com\/la_villarroel","http:\/\/www.youtube.com\/user\/LaVillarroel#p\/u"]}]}},"translations":[{"id":4440,"locale":"ca"},{"id":4441,"locale":"es"}],"_links":{"self":[{"href":"https:\/\/www.lavillarroel.cat\/es\/wp-json\/wp\/v2\/ex\/4441","targetHints":{"allow":["GET"]}}],"collection":[{"href":"https:\/\/www.lavillarroel.cat\/es\/wp-json\/wp\/v2\/ex"}],"about":[{"href":"https:\/\/www.lavillarroel.cat\/es\/wp-json\/wp\/v2\/types\/ex"}],"author":[{"embeddable":true,"href":"https:\/\/www.lavillarroel.cat\/es\/wp-json\/wp\/v2\/users\/2"}],"replies":[{"embeddable":true,"href":"https:\/\/www.lavillarroel.cat\/es\/wp-json\/wp\/v2\/comments?post=4441"}],"wp:attachment":[{"href":"https:\/\/www.lavillarroel.cat\/es\/wp-json\/wp\/v2\/media?parent=4441"}],"curies":[{"name":"wp","href":"https:\/\/api.w.org\/{rel}","templated":true}]}}