{"id":4447,"date":"2026-09-03T16:20:18","date_gmt":"2026-09-03T14:20:18","guid":{"rendered":"https:\/\/www.lavillarroel.cat\/ex\/diseccion-de-la-bondad-en-tres-actos\/"},"modified":"2026-09-03T16:20:18","modified_gmt":"2026-09-03T14:20:18","slug":"diseccion-de-la-bondad-en-tres-actos","status":"publish","type":"ex","link":"https:\/\/www.lavillarroel.cat\/es\/ex\/diseccion-de-la-bondad-en-tres-actos\/","title":{"rendered":"Disecci\u00f3n de la bondad en tres actos"},"content":{"rendered":"","protected":false},"excerpt":{"rendered":"","protected":false},"author":2,"featured_media":0,"comment_status":"closed","ping_status":"closed","template":"","class_list":["post-4447","ex","type-ex","status-publish","hentry"],"acf":{"txt_synopsis":"<p><strong>Un espect\u00e1culo que mezcla teatro e ilusionismo para presentar tres miradas sobre el fraude.<\/strong> <\/p><p> <\/p><p class=\"ql-align-justify\" align=\"justify\">Una persona sale a escena. Mediante el ilusionismo y tres relatos particulares, nos conduce hacia una experiencia enga\u00f1osa sobre la naturaleza de la verdad. <\/p><p class=\"ql-align-justify\" align=\"justify\">En esta obra hay un mago y su ayudante que utilizan todos los m\u00e9todos rid\u00edculamente imaginables para seguir cobrando la pensi\u00f3n de una madre fallecida. Un agricultor que adapta su memoria para conseguir el cobro de una indemnizaci\u00f3n millonaria. Un estafador encantador con mil identidades que expolia a su entorno m\u00e1s cercano. <\/p><p class=\"ql-align-justify\" align=\"justify\">Es una farsa en tres actos, construida ante el p\u00fablico y con su complicidad.<\/p><p><\/p>","main_buy_link":"https:\/\/tickets.oneboxtds.com\/lavillarroel\/events\/58955?hl=es-ES","main_buy_links":"[\"https:\/\/tickets.oneboxtds.com\/lavillarroel\/events\/58955?hl=es-ES\"]","group_buy_link":"https:\/\/www.promentrada.com\/es\/programacion\/c\/2161-diseccion-de-la-bondad-en-tres-actos-grupos.html","show_language":"Espect\u00e1culo en castellano","show_duration":"80","show_start_date":"20270318000000","show_end_date":"20270328000000","show_sort_date":"20270318000000","txt_custom_show_dates":"","show_disciplines":"11","show_ultimes_funcions":false,"hide_tarifes_especials":false,"show_properament":false,"txt_additional_info":"<p>Recomendado a partir de <strong>14 a\u00f1os<\/strong> <\/p>","txt_present":"","show_season":false,"txt_season":"[\"2026\/27\"]","txt_cycle":"","txt_claim":"","txt_cast_excerpt":"","txt_cast":"<p>Creaci\u00f3n, direcci\u00f3n e interpretaci\u00f3n: <strong>Diego Lorca y Pako Merino<\/strong> <br>Dramaturgia: <strong>Diego Lorca<\/strong> <\/p><p>Escenograf\u00eda: <strong>Luis Crespo<\/strong> <br>Vestuario: <strong>Sergi Cerdan<\/strong> <br>Iluminaci\u00f3n: <strong>Jordi Thom\u00e0s<\/strong> <br>Espacio sonoro: <strong>Sergi Cerdan<\/strong> <br>M\u00fasica: <strong>Arnau Obiols<\/strong> <\/p><p>Experto en ilusionismo: <strong>H.H.<\/strong> <br>T\u00e9cnica: <strong>Txell Cabanas<\/strong> <br>Jefe t\u00e9cnico del teatro: <strong>Andr\u00e9s Piza<\/strong> <\/p><p>Marketing y comunicaci\u00f3n: <strong>La Villarroel<\/strong> <\/p><p> <\/p><p> <\/p><p> <\/p><p>Es una producci\u00f3n de <strong>Titzina Teatre<\/strong> <\/p>","txt_reviews":"","hashtag":"Disecci\u00f3nDeLaBondad","have_promo":"","slogan":"","id_exhibicio":2424,"id_versio":1889,"id_local":4,"txt_seo_desc":"Disecci\u00f3n de la bondad en tres actos a La Villarroel de Barcelona","data_images":"[{\"localizer\":\"V4CARTELL\",\"url\":\"media\/ver\/cartell\/v4\/2026\/09\/cb5aa3cd-6713-483e-a1ab-f495ece902dd.jpg\",\"thumb_url\":\"media\/ver\/cartell\/v4\/2026\/09\/3bf2ede4-51e5-430d-b0ec-6e2262905881.jpg\",\"title\":\"Disecci\u00f3n de la bondad en tres actos a La Villarroel de Barcelona\",\"description\":\"<p>Disecci\u00f3n&nbsp;de&nbsp;la&nbsp;bondad&nbsp;en&nbsp;tres&nbsp;actos&nbsp;a&nbsp;La&nbsp;Villarroel&nbsp;de&nbsp;Barcelona<\/p>\",\"copyright\":\"\",\"order\":0},{\"localizer\":\"V4PORTADA\",\"url\":\"media\/ver\/port\/v4\/2026\/09\/e815425f-9e30-4339-a815-f1ccd89268a2.jpg\",\"thumb_url\":\"media\/ver\/port\/v4\/2026\/09\/eabbf188-2172-4364-9dc8-cbff73fd407c.jpg\",\"title\":\"Disecci\u00f3n de la bondad en tres actos a La Villarroel de Barcelona\",\"description\":\"<p>Disecci\u00f3n&nbsp;de&nbsp;la&nbsp;bondad&nbsp;en&nbsp;tres&nbsp;actos&nbsp;a&nbsp;La&nbsp;Villarroel&nbsp;de&nbsp;Barcelona<\/p>\",\"copyright\":\"\",\"order\":0},{\"localizer\":\"V4PORTADAWIDE\",\"url\":\"media\/ver\/port\/wide\/v4\/2026\/09\/1905a1c4-7c8a-4e1d-ba4a-b70a124ac14f.jpg\",\"thumb_url\":\"media\/ver\/port\/wide\/v4\/2026\/09\/2330462c-d87e-4b2e-a20e-24ca52816d3c.jpg\",\"title\":\"Disecci\u00f3n de la bondad en tres actos a La Villarroel de Barcelona\",\"description\":\"<p>Disecci\u00f3n&nbsp;de&nbsp;la&nbsp;bondad&nbsp;en&nbsp;tres&nbsp;actos&nbsp;a&nbsp;La&nbsp;Villarroel&nbsp;de&nbsp;Barcelona<\/p>\",\"copyright\":\"\",\"order\":0},{\"localizer\":\"V4PORTADAWIDEMOBILE\",\"url\":\"media\/ver\/port\/wide\/mobile\/v4\/2026\/09\/fe99380a-b899-402b-83a0-7e4ccfc881c9.jpg\",\"thumb_url\":\"media\/ver\/port\/wide\/mobile\/v4\/2026\/09\/2389e576-c927-4abd-a082-06897c701ec3.jpg\",\"title\":\"Disecci\u00f3n de la bondad en tres actos a La Villarroel de Barcelona\",\"description\":\"<p>Disecci\u00f3n&nbsp;de&nbsp;la&nbsp;bondad&nbsp;en&nbsp;tres&nbsp;actos&nbsp;a&nbsp;La&nbsp;Villarroel&nbsp;de&nbsp;Barcelona<\/p>\",\"copyright\":\"\",\"order\":0}]","material__texto_intro":"","data_material":null,"data_gallery":"","data_discounts":"[]","contract_is_open":false,"in_tour":false},"yoast_head":"<!-- This site is optimized with the Yoast SEO plugin v28.4 - https:\/\/yoast.com\/product\/yoast-seo-wordpress\/ -->\n<title>Disecci\u00f3n de la bondad en tres actos - La Villarroel<\/title>\n<meta name=\"robots\" content=\"index, follow, max-snippet:-1, max-image-preview:large, max-video-preview:-1\" \/>\n<link rel=\"canonical\" href=\"https:\/\/www.lavillarroel.cat\/es\/ex\/diseccion-de-la-bondad-en-tres-actos\/\" \/>\n<script type=\"application\/ld+json\" class=\"yoast-schema-graph\">{\"@context\":\"https:\\\/\\\/schema.org\",\"@graph\":[{\"@type\":\"WebPage\",\"@id\":\"https:\\\/\\\/www.lavillarroel.cat\\\/es\\\/ex\\\/diseccion-de-la-bondad-en-tres-actos\\\/\",\"url\":\"https:\\\/\\\/www.lavillarroel.cat\\\/es\\\/ex\\\/diseccion-de-la-bondad-en-tres-actos\\\/\",\"name\":\"Disecci\u00f3n de la bondad en tres actos - La Villarroel\",\"isPartOf\":{\"@id\":\"https:\\\/\\\/www.lavillarroel.cat\\\/es\\\/#website\"},\"datePublished\":\"2026-09-03T14:20:18+00:00\",\"breadcrumb\":{\"@id\":\"https:\\\/\\\/www.lavillarroel.cat\\\/es\\\/ex\\\/diseccion-de-la-bondad-en-tres-actos\\\/#breadcrumb\"},\"inLanguage\":\"es\",\"potentialAction\":[{\"@type\":\"ReadAction\",\"target\":[\"https:\\\/\\\/www.lavillarroel.cat\\\/es\\\/ex\\\/diseccion-de-la-bondad-en-tres-actos\\\/\"]}]},{\"@type\":\"BreadcrumbList\",\"@id\":\"https:\\\/\\\/www.lavillarroel.cat\\\/es\\\/ex\\\/diseccion-de-la-bondad-en-tres-actos\\\/#breadcrumb\",\"itemListElement\":[{\"@type\":\"ListItem\",\"position\":1,\"name\":\"Inici\",\"item\":\"https:\\\/\\\/www.lavillarroel.cat\\\/es\\\/\"},{\"@type\":\"ListItem\",\"position\":2,\"name\":\"Espectacles\",\"item\":\"https:\\\/\\\/www.lavillarroel.cat\\\/es\\\/ex\\\/\"},{\"@type\":\"ListItem\",\"position\":3,\"name\":\"Disecci\u00f3n de la bondad en tres actos\"}]},{\"@type\":\"WebSite\",\"@id\":\"https:\\\/\\\/www.lavillarroel.cat\\\/es\\\/#website\",\"url\":\"https:\\\/\\\/www.lavillarroel.cat\\\/es\\\/\",\"name\":\"La Villarroel\",\"description\":\"\",\"publisher\":{\"@id\":\"https:\\\/\\\/www.lavillarroel.cat\\\/es\\\/#organization\"},\"potentialAction\":[{\"@type\":\"SearchAction\",\"target\":{\"@type\":\"EntryPoint\",\"urlTemplate\":\"https:\\\/\\\/www.lavillarroel.cat\\\/es\\\/?s={search_term_string}\"},\"query-input\":{\"@type\":\"PropertyValueSpecification\",\"valueRequired\":true,\"valueName\":\"search_term_string\"}}],\"inLanguage\":\"es\"},{\"@type\":\"Organization\",\"@id\":\"https:\\\/\\\/www.lavillarroel.cat\\\/es\\\/#organization\",\"name\":\"La Villarroel\",\"url\":\"https:\\\/\\\/www.lavillarroel.cat\\\/es\\\/\",\"logo\":{\"@type\":\"ImageObject\",\"inLanguage\":\"es\",\"@id\":\"https:\\\/\\\/www.lavillarroel.cat\\\/es\\\/#\\\/schema\\\/logo\\\/image\\\/\",\"url\":\"https:\\\/\\\/www.lavillarroel.cat\\\/wp-content\\\/uploads\\\/sites\\\/5\\\/2017\\\/09\\\/teatre-villaroel-logo.svg\",\"contentUrl\":\"https:\\\/\\\/www.lavillarroel.cat\\\/wp-content\\\/uploads\\\/sites\\\/5\\\/2017\\\/09\\\/teatre-villaroel-logo.svg\",\"width\":1,\"height\":1,\"caption\":\"La Villarroel\"},\"image\":{\"@id\":\"https:\\\/\\\/www.lavillarroel.cat\\\/es\\\/#\\\/schema\\\/logo\\\/image\\\/\"},\"sameAs\":[\"http:\\\/\\\/www.facebook.com\\\/TeatreVillarroel\",\"https:\\\/\\\/x.com\\\/la_villarroel\",\"http:\\\/\\\/instagram.com\\\/la_villarroel\",\"http:\\\/\\\/www.youtube.com\\\/user\\\/LaVillarroel#p\\\/u\"]}]}<\/script>\n<!-- \/ Yoast SEO plugin. -->","yoast_head_json":{"title":"Disecci\u00f3n de la bondad en tres actos - La Villarroel","robots":{"index":"index","follow":"follow","max-snippet":"max-snippet:-1","max-image-preview":"max-image-preview:large","max-video-preview":"max-video-preview:-1"},"canonical":"https:\/\/www.lavillarroel.cat\/es\/ex\/diseccion-de-la-bondad-en-tres-actos\/","schema":{"@context":"https:\/\/schema.org","@graph":[{"@type":"WebPage","@id":"https:\/\/www.lavillarroel.cat\/es\/ex\/diseccion-de-la-bondad-en-tres-actos\/","url":"https:\/\/www.lavillarroel.cat\/es\/ex\/diseccion-de-la-bondad-en-tres-actos\/","name":"Disecci\u00f3n de la bondad en tres actos - La Villarroel","isPartOf":{"@id":"https:\/\/www.lavillarroel.cat\/es\/#website"},"datePublished":"2026-09-03T14:20:18+00:00","breadcrumb":{"@id":"https:\/\/www.lavillarroel.cat\/es\/ex\/diseccion-de-la-bondad-en-tres-actos\/#breadcrumb"},"inLanguage":"es","potentialAction":[{"@type":"ReadAction","target":["https:\/\/www.lavillarroel.cat\/es\/ex\/diseccion-de-la-bondad-en-tres-actos\/"]}]},{"@type":"BreadcrumbList","@id":"https:\/\/www.lavillarroel.cat\/es\/ex\/diseccion-de-la-bondad-en-tres-actos\/#breadcrumb","itemListElement":[{"@type":"ListItem","position":1,"name":"Inici","item":"https:\/\/www.lavillarroel.cat\/es\/"},{"@type":"ListItem","position":2,"name":"Espectacles","item":"https:\/\/www.lavillarroel.cat\/es\/ex\/"},{"@type":"ListItem","position":3,"name":"Disecci\u00f3n de la bondad en tres actos"}]},{"@type":"WebSite","@id":"https:\/\/www.lavillarroel.cat\/es\/#website","url":"https:\/\/www.lavillarroel.cat\/es\/","name":"La Villarroel","description":"","publisher":{"@id":"https:\/\/www.lavillarroel.cat\/es\/#organization"},"potentialAction":[{"@type":"SearchAction","target":{"@type":"EntryPoint","urlTemplate":"https:\/\/www.lavillarroel.cat\/es\/?s={search_term_string}"},"query-input":{"@type":"PropertyValueSpecification","valueRequired":true,"valueName":"search_term_string"}}],"inLanguage":"es"},{"@type":"Organization","@id":"https:\/\/www.lavillarroel.cat\/es\/#organization","name":"La Villarroel","url":"https:\/\/www.lavillarroel.cat\/es\/","logo":{"@type":"ImageObject","inLanguage":"es","@id":"https:\/\/www.lavillarroel.cat\/es\/#\/schema\/logo\/image\/","url":"https:\/\/www.lavillarroel.cat\/wp-content\/uploads\/sites\/5\/2017\/09\/teatre-villaroel-logo.svg","contentUrl":"https:\/\/www.lavillarroel.cat\/wp-content\/uploads\/sites\/5\/2017\/09\/teatre-villaroel-logo.svg","width":1,"height":1,"caption":"La Villarroel"},"image":{"@id":"https:\/\/www.lavillarroel.cat\/es\/#\/schema\/logo\/image\/"},"sameAs":["http:\/\/www.facebook.com\/TeatreVillarroel","https:\/\/x.com\/la_villarroel","http:\/\/instagram.com\/la_villarroel","http:\/\/www.youtube.com\/user\/LaVillarroel#p\/u"]}]}},"translations":[{"id":4446,"locale":"ca"},{"id":4447,"locale":"es"}],"_links":{"self":[{"href":"https:\/\/www.lavillarroel.cat\/es\/wp-json\/wp\/v2\/ex\/4447","targetHints":{"allow":["GET"]}}],"collection":[{"href":"https:\/\/www.lavillarroel.cat\/es\/wp-json\/wp\/v2\/ex"}],"about":[{"href":"https:\/\/www.lavillarroel.cat\/es\/wp-json\/wp\/v2\/types\/ex"}],"author":[{"embeddable":true,"href":"https:\/\/www.lavillarroel.cat\/es\/wp-json\/wp\/v2\/users\/2"}],"replies":[{"embeddable":true,"href":"https:\/\/www.lavillarroel.cat\/es\/wp-json\/wp\/v2\/comments?post=4447"}],"wp:attachment":[{"href":"https:\/\/www.lavillarroel.cat\/es\/wp-json\/wp\/v2\/media?parent=4447"}],"curies":[{"name":"wp","href":"https:\/\/api.w.org\/{rel}","templated":true}]}}